 {"id":121,"date":"2017-12-20T11:02:16","date_gmt":"2017-12-20T10:02:16","guid":{"rendered":"https:\/\/blogs.univ-tlse2.fr\/15grandesfigures-scedu\/?page_id=121"},"modified":"2018-02-05T08:34:53","modified_gmt":"2018-02-05T07:34:53","slug":"presentation","status":"publish","type":"page","link":"https:\/\/blogs.univ-tlse2.fr\/15grandesfigures-scedu\/presentation\/","title":{"rendered":"Pr\u00e9sentation"},"content":{"rendered":"<h1>Exposition : Les 15 grandes figures en sciences de l\u2019\u00e9ducation<\/h1>\n<p>Cette exposition a \u00e9t\u00e9 organis\u00e9e par les doctorants EFTS qui ont\u00a0sollicit\u00e9 des artistes pour une mise en image des 15 grandes figures, avec le soutien de la <a href=\"http:\/\/www.univ-tlse2.fr\/accueil\/vie-des-campus\/vie-etudiante\/initiatives-etudiantes\/fond-de-solidarite-et-de-developpement-des-initiatives-etudiantes-fsdie-innovation-pedagogique-culturelle-et-artistique-inpec-art--256166.kjsp?RH=PAIE\">FSDIE de l&rsquo;Universit\u00e9 Toulouse Jean Jaur\u00e8s<\/a> et de l&rsquo;<a href=\"http:\/\/efts.univ-tlse2.fr\/\">UMR EFTS<\/a>. Elle a \u00e9t\u00e9 inaugur\u00e9e lors du colloque <a class=\"customize-unpreviewable\" href=\"https:\/\/50-ans-se.sciencesconf.org\/\">M\u00eal\u00e9es et d\u00e9m\u00eal\u00e9s, 50 ans de recherches en sciences de l\u2019\u00e9ducation<\/a>.<\/p>\n<table border=\"1\" cellspacing=\"0\" cellpadding=\"0\">\n<tbody>\n<tr>\n<td style=\"text-align: center;vertical-align: middle\" colspan=\"4\"><img loading=\"lazy\" decoding=\"async\" class=\"alignnone wp-image-204\" src=\"https:\/\/blogs.univ-tlse2.fr\/15grandesfigures-scedu\/files\/2017\/12\/UT2J-300x72.png\" alt=\"\" width=\"196\" height=\"47\" srcset=\"https:\/\/blogs.univ-tlse2.fr\/15grandesfigures-scedu\/files\/2017\/12\/UT2J-300x72.png 300w, https:\/\/blogs.univ-tlse2.fr\/15grandesfigures-scedu\/files\/2017\/12\/UT2J-768x183.png 768w, https:\/\/blogs.univ-tlse2.fr\/15grandesfigures-scedu\/files\/2017\/12\/UT2J-1024x244.png 1024w, https:\/\/blogs.univ-tlse2.fr\/15grandesfigures-scedu\/files\/2017\/12\/UT2J.png 1040w\" sizes=\"auto, (max-width: 196px) 100vw, 196px\" \/><\/td>\n<td style=\"text-align: center;vertical-align: middle\" colspan=\"4\"><a href=\"http:\/\/efts.univ-tlse2.fr\/\"><img loading=\"lazy\" decoding=\"async\" class=\"alignnone wp-image-134\" src=\"https:\/\/blogs.univ-tlse2.fr\/15grandesfigures-scedu\/files\/2017\/12\/EFTS-seul-DEF-300x136.jpg\" alt=\"\" width=\"181\" height=\"82\" srcset=\"https:\/\/blogs.univ-tlse2.fr\/15grandesfigures-scedu\/files\/2017\/12\/EFTS-seul-DEF-300x136.jpg 300w, https:\/\/blogs.univ-tlse2.fr\/15grandesfigures-scedu\/files\/2017\/12\/EFTS-seul-DEF-768x348.jpg 768w, https:\/\/blogs.univ-tlse2.fr\/15grandesfigures-scedu\/files\/2017\/12\/EFTS-seul-DEF-1024x464.jpg 1024w, https:\/\/blogs.univ-tlse2.fr\/15grandesfigures-scedu\/files\/2017\/12\/EFTS-seul-DEF.jpg 1772w\" sizes=\"auto, (max-width: 181px) 100vw, 181px\" \/><\/a><\/td>\n<td style=\"text-align: center;vertical-align: middle\" colspan=\"4\"><a href=\"https:\/\/50-ans-se.sciencesconf.org\/\"><img loading=\"lazy\" decoding=\"async\" class=\"alignnone wp-image-135\" src=\"https:\/\/blogs.univ-tlse2.fr\/15grandesfigures-scedu\/files\/2017\/12\/me\u0302le\u0301es-milieu.jpg\" alt=\"\" width=\"101\" height=\"96\" \/><\/a><\/td>\n<\/tr>\n<\/tbody>\n<\/table>\n<p>Les 15 grandes figures en sciences de l\u2019\u00e9ducation s\u00e9lectionn\u00e9es par le coach Marguerite Altet sont : Jean-Marie Barbier, Georges-Louis Baron, Elisabeth Bautier, Claudine Blanchard-Laville, Bernard Charlot, Michel Develay, Marie Duru-Bellat, Jean Houssaye, Claude Lelievre, Jean-Louis Martinand, Philippe Meirieu, Nicole Mosconi, Henri Peyronie, Patrick Rayou et Yves Reuter. Un tableau additionnel, rend hommage \u00e0 l\u2019un des fondateurs des sciences de l\u2019\u00e9ducation, Gaston Mialaret. Chaque poster est accompagn\u00e9 d\u2019un<a href=\"https:\/\/blogs.univ-tlse2.fr\/15grandesfigures-scedu\/les-artistes\/\"> portrait artistique<\/a> de la grande figure.<\/p>\n<p><strong>Chaque grande figure a r\u00e9pondu aux questions suivantes :<\/strong><\/p>\n<ul>\n<li>Quelle est la controverse la plus importante, selon vous,\u00a0dans l\u2019histoire des sciences de l\u2019\u00e9ducation ?<\/li>\n<li>Comment imaginez-vous les sciences de l\u2019\u00e9ducation dans 20 ans\u00a0?<\/li>\n<\/ul>\n<p>Vous pouvez d\u00e9couvrir l&rsquo;exposition en l&rsquo;<a href=\"https:\/\/blogs.univ-tlse2.fr\/15grandesfigures-scedu\/accueillir-lexposition\/\">accueillant<\/a> dans vos locaux, ou en allant la <a href=\"https:\/\/blogs.univ-tlse2.fr\/15grandesfigures-scedu\/modalite-de-reservation-de-lexposition\/\">visiter<\/a> lors d&rsquo;un de ses voyages.<\/p>\n<p>L&rsquo;UMR EFTS en partenariat avec le CIRNEF a \u00e9dit\u00e9 des livrets, destin\u00e9s prioritairement aux \u00e9tudiantes et \u00e9tudiants en sciences de l&rsquo;\u00e9ducation, qui a pour objectif de les accompagner dans leur socialisation au sein de notre discipline universitaire, de son histoire, de ses acteurs, de ses manifestations et publications scientifiques. <a href=\"https:\/\/blogs.univ-tlse2.fr\/15grandesfigures-scedu\/contact\/\">Pour plus d&rsquo;informations sur ces livrets<\/a>.<\/p>\n","protected":false},"excerpt":{"rendered":"<p>Exposition : Les 15 grandes figures en sciences de l\u2019\u00e9ducation Cette exposition a \u00e9t\u00e9 organis\u00e9e par les doctorants EFTS qui ont\u00a0sollicit\u00e9 des artistes pour une mise en image des 15 grandes figures, avec le soutien de la FSDIE de l&rsquo;Universit\u00e9 &hellip; <a href=\"https:\/\/blogs.univ-tlse2.fr\/15grandesfigures-scedu\/presentation\/\">Continuer la lecture <span class=\"meta-nav\">&rarr;<\/span><\/a><\/p>\n","protected":false},"author":271,"featured_media":0,"parent":0,"menu_order":0,"comment_status":"closed","ping_status":"closed","template":"","meta":{"footnotes":""},"class_list":["post-121","page","type-page","status-publish","hentry"],"_links":{"self":[{"href":"https:\/\/blogs.univ-tlse2.fr\/15grandesfigures-scedu\/wp-json\/wp\/v2\/pages\/121","targetHints":{"allow":["GET"]}}],"collection":[{"href":"https:\/\/blogs.univ-tlse2.fr\/15grandesfigures-scedu\/wp-json\/wp\/v2\/pages"}],"about":[{"href":"https:\/\/blogs.univ-tlse2.fr\/15grandesfigures-scedu\/wp-json\/wp\/v2\/types\/page"}],"author":[{"embeddable":true,"href":"https:\/\/blogs.univ-tlse2.fr\/15grandesfigures-scedu\/wp-json\/wp\/v2\/users\/271"}],"replies":[{"embeddable":true,"href":"https:\/\/blogs.univ-tlse2.fr\/15grandesfigures-scedu\/wp-json\/wp\/v2\/comments?post=121"}],"version-history":[{"count":19,"href":"https:\/\/blogs.univ-tlse2.fr\/15grandesfigures-scedu\/wp-json\/wp\/v2\/pages\/121\/revisions"}],"predecessor-version":[{"id":435,"href":"https:\/\/blogs.univ-tlse2.fr\/15grandesfigures-scedu\/wp-json\/wp\/v2\/pages\/121\/revisions\/435"}],"wp:attachment":[{"href":"https:\/\/blogs.univ-tlse2.fr\/15grandesfigures-scedu\/wp-json\/wp\/v2\/media?parent=121"}],"curies":[{"name":"wp","href":"https:\/\/api.w.org\/{rel}","templated":true}]}}