 {"id":144,"date":"2017-12-20T12:06:48","date_gmt":"2017-12-20T11:06:48","guid":{"rendered":"https:\/\/blogs.univ-tlse2.fr\/15grandesfigures-scedu\/?page_id=144"},"modified":"2017-12-22T08:48:02","modified_gmt":"2017-12-22T07:48:02","slug":"remerciements","status":"publish","type":"page","link":"https:\/\/blogs.univ-tlse2.fr\/15grandesfigures-scedu\/remerciements\/","title":{"rendered":"Remerciements"},"content":{"rendered":"<p>Nous tenons \u00e0 remercier toutes les personnes qui ont contribu\u00e9 \u00e0 cette exposition et tout particuli\u00e8rement les doctorants de l&rsquo;UMR EFTS ; la <a href=\"http:\/\/www.univ-tlse2.fr\/accueil\/vie-des-campus\/vie-etudiante\/initiatives-etudiantes\/fond-de-solidarite-et-de-developpement-des-initiatives-etudiantes-fsdie-innovation-pedagogique-culturelle-et-artistique-inpec-art--256166.kjsp?RH=PAIE\">FSDIE de l\u2019Universit\u00e9 Toulouse Jean Jaur\u00e8s<\/a> pour le soutien financier qu&rsquo;elle a accord\u00e9 aux doctorants de l&rsquo;UMR EFTS, pour mener \u00e0 bien leur projet artistique.<\/p>\n<p><strong>Coordination<\/strong><br \/>\nChristiana Charalampopoulou, post-doctorante<br \/>\nJean-Fran\u00e7ois Marcel, directeur de l&rsquo;UMR EFTS<br \/>\nBrigitte Mimart, doctorante<\/p>\n<p><strong>Coach<\/strong><br \/>\nMarguerite Altet<\/p>\n<p><strong>Interpr\u00e9tation artistique<\/strong><br \/>\nJohanna Arroyas<br \/>\nChristiana Charalampopoulou<br \/>\nBeno\u00eet Colas<br \/>\nBrigitte Mimart<br \/>\nPatricia Mothes<br \/>\nPhilippe Sahuc<br \/>\nOrianna Soul<br \/>\nAnastasia-Zo\u00e9 Souliotou<br \/>\nMarion Le Torrivellec<br \/>\nMartine Voisin<\/p>\n<p><strong>Les institutions, laboratoire, associations, collectivit\u00e9s territoriales qui ont contribu\u00e9 au colloque <a class=\"customize-unpreviewable\" href=\"https:\/\/50-ans-se.sciencesconf.org\/\">M\u00eal\u00e9es et d\u00e9m\u00eal\u00e9s, 50 ans de recherches en sciences de l\u2019\u00e9ducation<\/a>.<\/strong><\/p>\n<p><strong>Laboratoire organisateur :<\/strong><\/p>\n<p class=\"ChampText\" style=\"text-align: justify\"><span style=\"font-size: small;font-family: verdana,geneva\"><a href=\"http:\/\/efts.univ-tlse2.fr\/\"><img loading=\"lazy\" decoding=\"async\" title=\"EFTS\" src=\"https:\/\/50-ans-se.sciencesconf.org\/data\/pages\/logo_efts_hq_2.jpg\" alt=\"EFTS\" width=\"168\" height=\"75\" \/><\/a><br \/>\n<\/span><\/p>\n<p><span style=\"font-family: verdana,geneva;font-size: small\">Laboratoires associ\u00e9s : <\/span><\/p>\n<p><span style=\"font-family: verdana,geneva;font-size: small\"><a href=\"https:\/\/lirdef.edu.umontpellier.fr\/\"><img loading=\"lazy\" decoding=\"async\" title=\"LIRDEF\" src=\"https:\/\/50-ans-se.sciencesconf.org\/data\/pages\/Logo.LIRDEF_2.png\" alt=\"LIRDEF\" width=\"153\" height=\"66\" \/><\/a>\u00a0\u00a0\u00a0\u00a0\u00a0\u00a0\u00a0 <a href=\"http:\/\/cirnef.normandie-univ.fr\/\"><img loading=\"lazy\" decoding=\"async\" title=\"CIRNEF\" src=\"https:\/\/50-ans-se.sciencesconf.org\/data\/pages\/logo_CIRNEF_1.jpg\" alt=\"CIRNEF\" width=\"222\" height=\"73\" \/><\/a>\u00a0\u00a0\u00a0\u00a0\u00a0\u00a0\u00a0\u00a0\u00a0\u00a0 <a href=\"http:\/\/lla-creatis.univ-tlse2.fr\/\"><img loading=\"lazy\" decoding=\"async\" title=\"LLA CREATIS\" src=\"https:\/\/50-ans-se.sciencesconf.org\/data\/pages\/logo_lla_creatis_1.jpg\" alt=\"LLA CREATIS\" width=\"68\" height=\"72\" \/><\/a><br \/>\n<\/span><\/p>\n<p><span style=\"font-family: verdana,geneva;font-size: small\">\u00a0<\/span><span style=\"font-family: verdana,geneva;font-size: small\">Institutions associ\u00e9es :<br \/>\n<\/span><\/p>\n<p><span style=\"font-family: verdana,geneva;font-size: small\"><a href=\"http:\/\/www.univ-tlse2.fr\/\"><img loading=\"lazy\" decoding=\"async\" title=\"Universit\u00e9 Toulouse Jean Jaur\u00e8s\" src=\"https:\/\/50-ans-se.sciencesconf.org\/data\/pages\/ut2J_logo.jpg\" alt=\"Universit\u00e9 Toulouse Jean Jaur\u00e8s\" width=\"263\" height=\"111\" \/><\/a>\u00a0\u00a0\u00a0\u00a0\u00a0\u00a0\u00a0\u00a0\u00a0\u00a0\u00a0\u00a0\u00a0\u00a0 <a href=\"http:\/\/www.enfa.fr\/\"><img loading=\"lazy\" decoding=\"async\" title=\"ENSFEA\" src=\"https:\/\/50-ans-se.sciencesconf.org\/data\/pages\/LOGO_varianteC.jpg\" alt=\"ENSFEA\" width=\"223\" height=\"76\" \/><\/a><br \/>\n<\/span><\/p>\n<p><span style=\"font-family: verdana,geneva;font-size: small\">Bailleurs financiers : \u00a0 <\/span><\/p>\n<p><a href=\"http:\/\/www.laregion.fr\/\"><img loading=\"lazy\" decoding=\"async\" title=\"Region\" src=\"https:\/\/50-ans-se.sciencesconf.org\/data\/pages\/logo_region.jpg\" alt=\"Region\" width=\"118\" height=\"118\" \/><\/a>\u00a0\u00a0\u00a0\u00a0\u00a0\u00a0\u00a0\u00a0\u00a0\u00a0 <a href=\"http:\/\/espe.univ-toulouse.fr\/\"><img loading=\"lazy\" decoding=\"async\" title=\"ESPE\" src=\"https:\/\/50-ans-se.sciencesconf.org\/data\/pages\/LOGO_ESPE_Toulouse_1.jpg\" alt=\"ESPE\" width=\"252\" height=\"75\" \/> <\/a>\u00a0 \u00a0 \u00a0 \u00a0 \u00a0\u00a0 <a href=\"https:\/\/www.haute-garonne.fr\/\"><img loading=\"lazy\" decoding=\"async\" title=\"hg.png\" src=\"https:\/\/50-ans-se.sciencesconf.org\/data\/pages\/cd31.png\" alt=\"hg.png\" width=\"88\" height=\"117\" \/><\/a><\/p>\n<p><span style=\"font-family: verdana,geneva;font-size: small\">Associations partenaires : <\/span><\/p>\n<p><a href=\"http:\/\/www.aecse.net\/\"><img loading=\"lazy\" decoding=\"async\" title=\"AECSE\" src=\"https:\/\/50-ans-se.sciencesconf.org\/data\/pages\/logo_aecse_1.png\" alt=\"AECSE\" width=\"125\" height=\"111\" \/><\/a><\/p>\n<p><a href=\"http:\/\/www.afirse.com\/\"><img loading=\"lazy\" decoding=\"async\" title=\"AFIRSE\" src=\"https:\/\/50-ans-se.sciencesconf.org\/data\/pages\/logo_afirse_4.png\" alt=\"AFIRSE\" width=\"568\" height=\"46\" \/><\/a><\/p>\n<p><span style=\"font-family: verdana,geneva;font-size: small\">Label : <\/span><\/p>\n<p><span style=\"font-family: verdana,geneva;font-size: small\"><a href=\"http:\/\/www.esof.eu\"><img loading=\"lazy\" decoding=\"async\" title=\"ESOF 2018\" src=\"https:\/\/50-ans-se.sciencesconf.org\/data\/pages\/Logotype_ESOF_Label_WEB_1.jpg\" alt=\"ESOF 2018\" width=\"277\" height=\"118\" \/><\/a><\/span><\/p>\n","protected":false},"excerpt":{"rendered":"<p>Nous tenons \u00e0 remercier toutes les personnes qui ont contribu\u00e9 \u00e0 cette exposition et tout particuli\u00e8rement les doctorants de l&rsquo;UMR EFTS ; la FSDIE de l\u2019Universit\u00e9 Toulouse Jean Jaur\u00e8s pour le soutien financier qu&rsquo;elle a accord\u00e9 aux doctorants de l&rsquo;UMR &hellip; <a href=\"https:\/\/blogs.univ-tlse2.fr\/15grandesfigures-scedu\/remerciements\/\">Continuer la lecture <span class=\"meta-nav\">&rarr;<\/span><\/a><\/p>\n","protected":false},"author":271,"featured_media":0,"parent":0,"menu_order":0,"comment_status":"closed","ping_status":"closed","template":"","meta":{"footnotes":""},"class_list":["post-144","page","type-page","status-publish","hentry"],"_links":{"self":[{"href":"https:\/\/blogs.univ-tlse2.fr\/15grandesfigures-scedu\/wp-json\/wp\/v2\/pages\/144","targetHints":{"allow":["GET"]}}],"collection":[{"href":"https:\/\/blogs.univ-tlse2.fr\/15grandesfigures-scedu\/wp-json\/wp\/v2\/pages"}],"about":[{"href":"https:\/\/blogs.univ-tlse2.fr\/15grandesfigures-scedu\/wp-json\/wp\/v2\/types\/page"}],"author":[{"embeddable":true,"href":"https:\/\/blogs.univ-tlse2.fr\/15grandesfigures-scedu\/wp-json\/wp\/v2\/users\/271"}],"replies":[{"embeddable":true,"href":"https:\/\/blogs.univ-tlse2.fr\/15grandesfigures-scedu\/wp-json\/wp\/v2\/comments?post=144"}],"version-history":[{"count":4,"href":"https:\/\/blogs.univ-tlse2.fr\/15grandesfigures-scedu\/wp-json\/wp\/v2\/pages\/144\/revisions"}],"predecessor-version":[{"id":302,"href":"https:\/\/blogs.univ-tlse2.fr\/15grandesfigures-scedu\/wp-json\/wp\/v2\/pages\/144\/revisions\/302"}],"wp:attachment":[{"href":"https:\/\/blogs.univ-tlse2.fr\/15grandesfigures-scedu\/wp-json\/wp\/v2\/media?parent=144"}],"curies":[{"name":"wp","href":"https:\/\/api.w.org\/{rel}","templated":true}]}}