 {"id":281,"date":"2017-12-21T15:47:37","date_gmt":"2017-12-21T14:47:37","guid":{"rendered":"https:\/\/blogs.univ-tlse2.fr\/15grandesfigures-scedu\/?page_id=281"},"modified":"2018-01-10T13:14:29","modified_gmt":"2018-01-10T12:14:29","slug":"bautier-2","status":"publish","type":"page","link":"https:\/\/blogs.univ-tlse2.fr\/15grandesfigures-scedu\/bautier-2\/","title":{"rendered":"Elisabeth Bautier"},"content":{"rendered":"<table border=\"1\" cellspacing=\"0\" cellpadding=\"0\">\n<tbody>\n<tr>\n<td style=\"width: 33%;text-align: center;vertical-align: middle\"><img loading=\"lazy\" decoding=\"async\" class=\"wp-image-70 alignleft\" src=\"https:\/\/blogs.univ-tlse2.fr\/15grandesfigures-scedu\/files\/2017\/12\/bautiermaillot-1.gif\" alt=\"\" width=\"32\" height=\"41\" \/><\/td>\n<td style=\"width: 67%;text-align: center;vertical-align: middle\">\n<h3><span id=\"Demi_de_m\u00eal\u00e9e_(9)\" class=\"mw-headline\">Pilier droit<br \/>\n<\/span><\/h3>\n<\/td>\n<\/tr>\n<tr>\n<td style=\"width: 67%;text-align: center;vertical-align: middle\">\n<h2 style=\"text-align: left\">Elisabeth Bautier<\/h2>\n<p style=\"text-align: left\">Professeur \u00e9m\u00e9rite en Sciences de l\u2019\u00e9ducation<br \/>\nUniversit\u00e9 Paris 8 Vincennes-Saint-Denis<\/p>\n<\/td>\n<td style=\"width: 33%;text-align: center;vertical-align: middle\">\n<h3><span id=\"Demi_de_m\u00eal\u00e9e_(9)\" class=\"mw-headline\"><img loading=\"lazy\" decoding=\"async\" class=\"alignnone size-full wp-image-102\" src=\"https:\/\/blogs.univ-tlse2.fr\/15grandesfigures-scedu\/files\/2017\/12\/bautier.gif\" alt=\"\" width=\"102\" height=\"132\" \/><\/span><\/h3>\n<\/td>\n<\/tr>\n<\/tbody>\n<\/table>\n<p>&nbsp;<\/p>\n<p><strong>Marguerite Altet a pos\u00e9 \u00e0 Elisabeth Bautier les questions suivantes :<\/strong><\/p>\n<ul>\n<li>Quelle est la controverse la plus importante, selon vous, dans l\u2019histoire des sciences de l\u2019\u00e9ducation ?<\/li>\n<li>Comment imaginez-vous les sciences de l\u2019\u00e9ducation dans 20 ans ?<\/li>\n<\/ul>\n<p><strong>Pour en savoir plus, <\/strong><a href=\"https:\/\/blogs.univ-tlse2.fr\/15grandesfigures-scedu\/modalite-de-reservation-de-lexposition\/\"><strong>suivez l&rsquo;exposition<\/strong><\/a><\/p>\n","protected":false},"excerpt":{"rendered":"<p>Pilier droit Elisabeth Bautier Professeur \u00e9m\u00e9rite en Sciences de l\u2019\u00e9ducation Universit\u00e9 Paris 8 Vincennes-Saint-Denis &nbsp; Marguerite Altet a pos\u00e9 \u00e0 Elisabeth Bautier les questions suivantes : Quelle est la controverse la plus importante, selon vous, dans l\u2019histoire des sciences de &hellip; <a href=\"https:\/\/blogs.univ-tlse2.fr\/15grandesfigures-scedu\/bautier-2\/\">Continuer la lecture <span class=\"meta-nav\">&rarr;<\/span><\/a><\/p>\n","protected":false},"author":271,"featured_media":0,"parent":0,"menu_order":0,"comment_status":"closed","ping_status":"closed","template":"","meta":{"footnotes":""},"class_list":["post-281","page","type-page","status-publish","hentry"],"_links":{"self":[{"href":"https:\/\/blogs.univ-tlse2.fr\/15grandesfigures-scedu\/wp-json\/wp\/v2\/pages\/281","targetHints":{"allow":["GET"]}}],"collection":[{"href":"https:\/\/blogs.univ-tlse2.fr\/15grandesfigures-scedu\/wp-json\/wp\/v2\/pages"}],"about":[{"href":"https:\/\/blogs.univ-tlse2.fr\/15grandesfigures-scedu\/wp-json\/wp\/v2\/types\/page"}],"author":[{"embeddable":true,"href":"https:\/\/blogs.univ-tlse2.fr\/15grandesfigures-scedu\/wp-json\/wp\/v2\/users\/271"}],"replies":[{"embeddable":true,"href":"https:\/\/blogs.univ-tlse2.fr\/15grandesfigures-scedu\/wp-json\/wp\/v2\/comments?post=281"}],"version-history":[{"count":6,"href":"https:\/\/blogs.univ-tlse2.fr\/15grandesfigures-scedu\/wp-json\/wp\/v2\/pages\/281\/revisions"}],"predecessor-version":[{"id":398,"href":"https:\/\/blogs.univ-tlse2.fr\/15grandesfigures-scedu\/wp-json\/wp\/v2\/pages\/281\/revisions\/398"}],"wp:attachment":[{"href":"https:\/\/blogs.univ-tlse2.fr\/15grandesfigures-scedu\/wp-json\/wp\/v2\/media?parent=281"}],"curies":[{"name":"wp","href":"https:\/\/api.w.org\/{rel}","templated":true}]}}