 {"id":30,"date":"2024-03-27T13:44:14","date_gmt":"2024-03-27T12:44:14","guid":{"rendered":"https:\/\/blogs.univ-tlse2.fr\/archeoscience\/?page_id=30"},"modified":"2024-04-30T09:10:39","modified_gmt":"2024-04-30T07:10:39","slug":"p3_remontages","status":"publish","type":"page","link":"https:\/\/blogs.univ-tlse2.fr\/archeoscience\/p3_remontages\/","title":{"rendered":"Plateau P3 &#8211; \u00c9tude\/remontage peinture murale \/ autres mobiliers arch\u00e9ologiques"},"content":{"rendered":"\n<p><strong>Responsables :<\/strong> <a href=\"https:\/\/traces.univ-tlse2.fr\/accueil\/equipes-et-ateliers\/rhadamante-recherches-en-histoire-et-archeologie-des-ages-des-metaux-et-de-lantiquite-en-europe\/alexandra-dardenay\" target=\"_blank\" rel=\"noreferrer noopener\">Alexandra DARDENAY<\/a> et <a href=\"https:\/\/traces.univ-tlse2.fr\/accueil\/equipes-et-ateliers\/smp3c-societes-et-milieux-des-populations-de-chasseurs-cueilleurs-collecteurs\/camille-bourdier\" target=\"_blank\" rel=\"noreferrer noopener\">Camille BOURDIER<\/a><\/p>\n\n\n\n<p><strong>Pr\u00e9sentation :<\/strong><br>Ce plateau \u2014 transdisciplinaire et diachronique \u2014 est ouvert aux programmes de recherches arch\u00e9ologiques n\u00e9cessitant des locaux pour r\u00e9aliser des travaux d\u2019\u00e9tude et de remontage de mobilier arch\u00e9ologique. L\u2019\u00e9quipement des deux salles qui composent ce plateau a \u00e9t\u00e9 con\u00e7u pour \u00e9tudier plus particuli\u00e8rement le d\u00e9cor pari\u00e9tal et les traces de polychromie sur du mobilier arch\u00e9ologique.<\/p>\n\n\n\n<p><em>Nota bene : <a href=\"https:\/\/blogs.univ-tlse2.fr\/archeoscience\/files\/2024\/04\/Charte_P3.pdf\" target=\"_blank\" rel=\"noreferrer noopener\">charte d&rsquo;utilisation du plateau P3.\u00a0\u00c9tude et remontage mobilier<\/a><\/em>.<\/p>\n\n\n\n<p><strong>Pourquoi un espace d\u00e9di\u00e9 et quelle utilisation en arch\u00e9ologie ?<\/strong><br>L&rsquo;\u00e9tude du d\u00e9cor architectural \u2013 peinture murale, stuc, et mosa\u00efque \u2014&nbsp; issus de chantiers arch\u00e9ologiques (\u00e9poque antique et m\u00e9di\u00e9vale) n\u00e9cessite un espace de remontage adapt\u00e9. Lors de leur d\u00e9couverte, les peintures souvent lacunaires s\u2019apparentent fr\u00e9quemment \u00e0 des gravats <em>a priori<\/em> encombrants. Leur assemblage, associ\u00e9 \u00e0 une observation attentive, permet de restituer le d\u00e9cor et le volume architectural de la pi\u00e8ce. En effet, chaque fragment conserve non seulement des indices du d\u00e9cor, mais aussi, sur le revers et les tranches, l\u2019empreinte en n\u00e9gatif de l\u2019architecture. En m\u00eame temps que la restitution du d\u00e9cor peint, apparaissent au revers des plaques remont\u00e9es, les traces des murs avec leurs mat\u00e9riaux de construction, leur hauteur, les ouvertures telles que portes et fen\u00eatres, la forme des plafonds ; autant d\u2019\u00e9l\u00e9ments essentiels \u00e0 la mise en volume d\u2019un espace dont peu de vestiges sont conserv\u00e9s sur le terrain. Les d\u00e9cors et architectures restitu\u00e9s font ensuite l\u2019objet de restitutions infographiques et 3D.<\/p>\n\n\n\n<p><strong>Quelle \u00e9volution ?<\/strong><br>Ce plateau technique est \u00e9galement employ\u00e9 pour l\u2019\u00e9tude des vestiges graphiques pr\u00e9historiques sur parois et sur objets. Il offre toutes les ressources techniques indispensables aux op\u00e9rations de traitements d\u2019images pr\u00e9alables aux relev\u00e9s (traitements colorim\u00e9triques sous Color-Checker, Photoshop et ImageJ), aux impressions grand format haute qualit\u00e9 couleur des clich\u00e9s sur lesquels sont ensuite r\u00e9alis\u00e9s les relev\u00e9s, ainsi qu\u2019aux op\u00e9rations de traitements infographiques des relev\u00e9s pour publication (Illustrator, Photoshop). Par ailleurs, l\u2019\u00e9quipement (tables hautes, loupes) de la salle en fait un espace d\u2019\u00e9tude pour les s\u00e9ries d\u2019art mobilier \u00e9tudi\u00e9es au laboratoire (enregistrement, observation, relev\u00e9).<\/p>\n\n\n\n<p><strong>Partenariats :<\/strong><br>Le plateau P3 est destin\u00e9 \u00e0 devenir une p\u00f4le d\u2019\u00e9tude diachronique (de la Pr\u00e9histoire \u00e0 la fin du Moyen \u00c2ge) pour croiser outils, pratiques et m\u00e9thodes concernant le mobilier arch\u00e9ologique polychrome.<\/p>\n\n\n\n<figure class=\"wp-block-image\"><img decoding=\"async\" src=\"https:\/\/traces.univ-tlse2.fr\/medias\/photo\/ill-plateau-etudes-remontage_1543403979127-jpg?ID_FICHE=215291\" alt=\"\" \/><\/figure>\n\n\n\n<p><em>Salle \u00e9tude et remontage de peintures murales antiques \u00a9Philippe Miroux.<\/em><\/p>\n\n\n\n<p><strong><br><br>Publications en lien avec le plateau :<\/strong><\/p>\n\n\n\n<p>Dardenay A., Capus P., <em>L&rsquo;Empire de la couleur.<\/em> Catalogue de l&rsquo;exposition au Mus\u00e9e Saint Raymond de Toulouse, novembre 2014-avril 2015, Toulouse, 2014. Ouvrages de la collection Pictor. Collection de l&rsquo;AFPMA (Association Fran\u00e7aise de Peinture Murale Antique), aux \u00e9ditions Ausonius (Bordeaux). <a href=\"http:\/\/ausoniuseditions.u-bordeaux-montaigne.fr\/collections?coll=Pictor\">http:\/\/ausoniuseditions.u-bordeaux-montaigne.fr\/collections?coll=Pictor<\/a><\/p>\n\n\n\n<p>Dardenay, A., \u201cRoman wall-painting in southern Gaul (Gallia Narbonensis and Gallia Aquitania)\u201d <em>Journal of Roman Archaeology<\/em>, 31, 2018, 53-89.<br>Dardenay A., \u00ab Decoration in Context. Decorative Programs in light of the Archaeology of Buildings from the insula V of Herculaneum\u00a0\u00bb, Moormann E., Mols S. (dir.), <em>Context and Meaning, Babesch<\/em>, Amsterdam, 2018.<br>Dardenay A., \u00ab Les d\u00e9cors peints dans les scholae en Gaule : quelques \u00e9l\u00e9ments de r\u00e9flexion \u00bb, in S. Agusta-Boularot, E. Rosso (dir.), <em>Signa et Tituli 2 Corpora et Scholae : Lieux, pratiques et comm\u00e9moration de la vie associative en Gaule m\u00e9ridionale et dans les r\u00e9gions voisines<\/em>, 2014,&nbsp; p.115-134.<br>Dardenay A., \u00ab\u00a0Un rare t\u00e9moignage iconographique : les foulons de la Gourjade \u00e0 Castres\u00a0\u00bb, dans Boube E., Bouet A. Coll\u00e9oni F. (dir.), <em>De Rome \u00e0 Lugdunum des Conv\u00e8nes. Hommages \u00e0 Robert Sablayrolles<\/em>. Suppl. Aquitania, 31, Coll. M\u00e9moires, Edition Ausonius, Bordeaux, 2014, p. 383-394.<br>Gardes Ph., Coiquaud A., Dardenay A., Denysiak A., Lemaire A., \u00ab\u00a0Les maisons romaines pr\u00e9coces de l&rsquo;oppidum de Roquelaure-La Sioutat (Gers)\u00a0\u00bb, <em>Gallia<\/em>, 70.2, 2013<br>Blog : <a href=\"https:\/\/vesuvia.hypotheses.org\/\">https:\/\/vesuvia.hypotheses.org\/<\/a><br>Sur You Tube : <a href=\"https:\/\/www.youtube.com\/watch?v=VXoR7g0VR0w\">https:\/\/www.youtube.com\/watch?v=VXoR7g0VR0w<\/a><\/p>\n\n\n\n<p><strong><br>Programmes nationaux :<\/strong><br>Programmes de fouilles :<br>&#8211;&nbsp;&nbsp;&nbsp; Auch, rue Augusta (fouille Institut National de Recherche en Arch\u00e9ologie Pr\u00e9ventive &#8211; INRAP)<br>&#8211;&nbsp;&nbsp;&nbsp; Castelnau-le-Lez (fouille HADES arch\u00e9ologie &#8211; PME)<br>&#8211;&nbsp;&nbsp;&nbsp; Narbonne, rue Edmond Valentin (fouille HADES arch\u00e9ologie &#8211; PME)<br>&#8211;&nbsp;&nbsp;&nbsp; R\u00e9gismont-le-Haut (fouilles programm\u00e9es Universit\u00e9 Toulouse 2 Jean Jaur\u00e8s &#8211; UMR 5608 TRACES)<\/p>\n\n\n\n<p><strong>Programmes Internationaux<\/strong><br>Programme ANR VESUVIA :<br><a href=\"http:\/\/www.agence-nationale-recherche.fr\/Projet-ANR-13-JSH3-0005\">http:\/\/www.agence-nationale-recherche.fr\/Projet-ANR-13-JSH3-0005<\/a><br>Programme Institut Universitaire de France &#8211; Minist\u00e8re de l&rsquo;Europe et des Affaires Etrang\u00e8res \u00ab MATOBART \u00bb.<\/p>\n","protected":false},"excerpt":{"rendered":"<p>Responsables : Alexandra DARDENAY et Camille BOURDIER Pr\u00e9sentation :Ce plateau \u2014 transdisciplinaire et diachronique \u2014 est ouvert aux programmes de recherches arch\u00e9ologiques n\u00e9cessitant des locaux pour r\u00e9aliser des travaux d\u2019\u00e9tude et de remontage de mobilier arch\u00e9ologique. L\u2019\u00e9quipement des deux salles &hellip; <a href=\"https:\/\/blogs.univ-tlse2.fr\/archeoscience\/p3_remontages\/\">Continuer la lecture <span class=\"meta-nav\">&rarr;<\/span><\/a><\/p>\n","protected":false},"author":1421,"featured_media":0,"parent":0,"menu_order":0,"comment_status":"closed","ping_status":"closed","template":"","meta":{"footnotes":""},"class_list":["post-30","page","type-page","status-publish","hentry"],"_links":{"self":[{"href":"https:\/\/blogs.univ-tlse2.fr\/archeoscience\/wp-json\/wp\/v2\/pages\/30","targetHints":{"allow":["GET"]}}],"collection":[{"href":"https:\/\/blogs.univ-tlse2.fr\/archeoscience\/wp-json\/wp\/v2\/pages"}],"about":[{"href":"https:\/\/blogs.univ-tlse2.fr\/archeoscience\/wp-json\/wp\/v2\/types\/page"}],"author":[{"embeddable":true,"href":"https:\/\/blogs.univ-tlse2.fr\/archeoscience\/wp-json\/wp\/v2\/users\/1421"}],"replies":[{"embeddable":true,"href":"https:\/\/blogs.univ-tlse2.fr\/archeoscience\/wp-json\/wp\/v2\/comments?post=30"}],"version-history":[{"count":6,"href":"https:\/\/blogs.univ-tlse2.fr\/archeoscience\/wp-json\/wp\/v2\/pages\/30\/revisions"}],"predecessor-version":[{"id":359,"href":"https:\/\/blogs.univ-tlse2.fr\/archeoscience\/wp-json\/wp\/v2\/pages\/30\/revisions\/359"}],"wp:attachment":[{"href":"https:\/\/blogs.univ-tlse2.fr\/archeoscience\/wp-json\/wp\/v2\/media?parent=30"}],"curies":[{"name":"wp","href":"https:\/\/api.w.org\/{rel}","templated":true}]}}