 {"id":41,"date":"2024-03-27T13:49:03","date_gmt":"2024-03-27T12:49:03","guid":{"rendered":"https:\/\/blogs.univ-tlse2.fr\/archeoscience\/?page_id=41"},"modified":"2024-04-30T09:07:50","modified_gmt":"2024-04-30T07:07:50","slug":"a1-traceo","status":"publish","type":"page","link":"https:\/\/blogs.univ-tlse2.fr\/archeoscience\/a1-traceo\/","title":{"rendered":"A1 &#8211; La trac\u00e9oth\u00e8que"},"content":{"rendered":"<div class=\"wp-block-image\">\n<figure class=\"alignright size-large is-resized\"><img loading=\"lazy\" decoding=\"async\" width=\"1024\" height=\"418\" src=\"https:\/\/blogs.univ-tlse2.fr\/archeoscience\/files\/2024\/04\/traceotheque-1024x418.jpg\" alt=\"\" class=\"wp-image-202\" style=\"width:278px;height:auto\" srcset=\"https:\/\/blogs.univ-tlse2.fr\/archeoscience\/files\/2024\/04\/traceotheque-1024x418.jpg 1024w, https:\/\/blogs.univ-tlse2.fr\/archeoscience\/files\/2024\/04\/traceotheque-300x123.jpg 300w, https:\/\/blogs.univ-tlse2.fr\/archeoscience\/files\/2024\/04\/traceotheque-768x314.jpg 768w, https:\/\/blogs.univ-tlse2.fr\/archeoscience\/files\/2024\/04\/traceotheque.jpg 1386w\" sizes=\"auto, (max-width: 1024px) 100vw, 1024px\" \/><\/figure>\n<\/div>\n\n\n<p><strong>Responsable :<\/strong> <a href=\"https:\/\/traces.univ-tlse2.fr\/accueil\/equipes-et-ateliers\/prbm-prehistoire-recente-du-bassin-mediterraneen\/sylvie-philibert#\/\" target=\"_blank\" rel=\"noreferrer noopener\">Sylvie PHILIBERT<\/a><\/p>\n\n\n\n<p><strong>Pr\u00e9sentation&nbsp;:<\/strong><br>la trac\u00e9oth\u00e8que rassemble plusieurs r\u00e9f\u00e9rentiels exp\u00e9rimentaux de traces d\u2019usures, reproduisant des traces de fabrication et d\u2019utilisation des productions lithiques pr\u00e9historiques. Ces r\u00e9f\u00e9rentiels, des stigmates d\u2019impact sur les armatures de fl\u00e8ches aux usures li\u00e9es \u00e0 la moisson des c\u00e9r\u00e9ales, se rapportent principalement aux soci\u00e9t\u00e9s humaines holoc\u00e8nes, de l\u2019extr\u00eame fin du Pal\u00e9olithique au N\u00e9olithique. Parall\u00e8lement, la trac\u00e9oth\u00e8que dispose d\u2019instruments d\u2019analyse, st\u00e9r\u00e9omicroscopes, microscopes optiques et num\u00e9riques, permettant d\u2019observer ces traces, souvent microscopiques, \u00e0 diff\u00e9rentes \u00e9chelles de grossissement (5x \u00e0 500x).<\/p>\n\n\n\n<p><em>Nota bene : <a href=\"https:\/\/blogs.univ-tlse2.fr\/archeoscience\/files\/2024\/04\/Charte_A1.pdf\" target=\"_blank\" rel=\"noreferrer noopener\">charte d&rsquo;utilisation de la th\u00e8que A1.\u00a0Trac\u00e9oth\u00e8que \u2013 Trac\u00e9ologie<\/a><\/em>.<\/p>\n\n\n\n<p><strong>Pourquoi un espace d\u00e9di\u00e9 et quelle utilisation en arch\u00e9ologie&nbsp;?<\/strong><br>Ces collections de r\u00e9f\u00e9rence permettent, par comparaison, d\u2019interpr\u00e9ter les traces d\u2019usures observ\u00e9es sur les objets arch\u00e9ologiques. Les mati\u00e8res travaill\u00e9es et les gestes des artisans peuvent \u00eatre restitu\u00e9s.<br>La trac\u00e9ologie propose ainsi d\u2019\u00e9tablir des spectres fonctionnels quantifi\u00e9s, de caract\u00e9riser les traditions techniques et de d\u00e9tecter les registres d\u2019activit\u00e9s. Elle permet notamment d\u2019identifier les activit\u00e9s de transformation et d&rsquo;acquisition \u00e0 des fins techniques ou de subsistance, de restituer ainsi les modes d&rsquo;exploitation du milieu et reconna\u00eetre les strat\u00e9gies d&rsquo;adaptation des hommes aux diff\u00e9rentes modifications environnementales. Combin\u00e9e aux donn\u00e9es contextuelles, elle constitue un des principaux apports \u00e0 la reconstitution des syst\u00e8mes techniques, qui eux-m\u00eames jouent un r\u00f4le heuristique majeur pour la reconstitution des organisations sociales et \u00e9conomiques.<\/p>\n\n\n\n<figure class=\"wp-block-image\"><img decoding=\"async\" src=\"https:\/\/traces.univ-tlse2.fr\/medias\/photo\/ill-traceologie-plateforme_1530527094880-jpg?ID_FICHE=197779\" alt=\"\" \/><\/figure>\n\n\n\n<p><em>St\u00e9r\u00e9omicroscopes photoniques \u00a9 S. Philibert<\/em><\/p>\n\n\n\n<p><strong>Quelle \u00e9volution&nbsp;?<\/strong><br>Parall\u00e8lement \u00e0 l\u2019enrichissement permanent des collections qui int\u00e9grent \u00e9galement des r\u00e9f\u00e9rentiels sur des mat\u00e9riaux autres que lithiques (os, dents, coquillages, etc.) et qui seront, \u00e0 terme, constitu\u00e9s en base de donn\u00e9es consultables, de nouvelles approches m\u00e9thodologiques et interpr\u00e9tatives peuvent \u00eatre explor\u00e9es, comme la mod\u00e9lisation tridimensionnelle des traces d\u2019usure, et l\u2019analyse physico-chimique des r\u00e9sidus, en relation avec plusieurs plateaux de la plateforme Arch\u00e9oScience, notamment le plateau <a href=\"https:\/\/blogs.univ-tlse2.fr\/archeoscience\/p4-car_mat\/\" data-type=\"page\" data-id=\"37\">P4&nbsp;&#8211; Caract\u00e9risation des mat\u00e9riaux<\/a>.<\/p>\n\n\n\n<p><strong>Partenariats et contacts :<\/strong><br>UMR&nbsp;7264 CEPAM, UMR&nbsp;7041 ArScAn, UMR&nbsp;5602 GEODE, Cemef-MINES ParisTech, Mus\u00e9e arch\u00e9ologique de Zadar (Croatie), IPHES (Tarragone, Espagne).<\/p>\n\n\n\n<p><strong>Publication en lien avec le plateau :<\/strong><br>* Dachy T., Gueret C., Campmas E., Simonnet R., Bon F., Perrin T., 2018. Saint-Trivier\/Chabet el Houidga (Mascara, Alg\u00e9rie) : nouvel \u00e9clairage sur un faci\u00e8s m\u00e9connu du d\u00e9but de l\u2019Holoc\u00e8ne : le Columnatien. <em>Bulletin de la Soci\u00e9t\u00e9 pr\u00e9historique fran\u00e7aise<\/em>, Paris, tome 115, 2, p. 215 &#8211; 251.<br>* Danu M., Messager E., Carozza J.-M., Carozza L., Philibert S., Anderson P., Bouby L Burens A., Micu C., 2018. Phytolith evidence of cereal processing in the Danube Delta during the Chalcolithic period, <em>Quaternary International<\/em>. <a href=\"https:\/\/doi.org\/10.1016\/j.quaint.2018.03.033\">https:\/\/doi.org\/10.1016\/j.quaint.2018.03.033<\/a><a href=\"https:\/\/hal-univ-tlse2.archives-ouvertes.fr\/hal-01992854\/file\/QI%202018%20Danu%20et%20al.%20Phytoliths%20evidence.pdf\" target=\"_blank\" rel=\"noreferrer noopener\"><\/a><br>* Philibert S., 2016. \u00ab\u00a0Ist vs. IInd Mesolithic in southern France. Functional approach of techno\u2212economic behaviour through Castelnovian of Montclus rock shelter \u2212Gard) : first results\u00a0\u00bb. In Fontana F., Visentin D., Wierer U. (dir.), Meso Life, A Mesolithic perspective on Alpine and neighbouring territories, International Conference, Selva di Cadore, Italy, June 11th\u221214th 2014, <em>Quaternary International<\/em>, 423, 242-251. <a href=\"http:\/\/dx.doi.org\/10.1016\/j.quaint.2016.02.010\">http:\/\/dx.doi.org\/10.1016\/j.quaint.2016.02.010<\/a><a href=\"https:\/\/api.panist.fr\/document\/EED5B03967B7312EC5D3A08D23A4913746044F6A\/fulltext\/pdf?sid=clickandread\" target=\"_blank\" rel=\"noreferrer noopener\"><\/a><br>* Vaquer J., Philibert S., Torchy L., du Fayet de la Tour A., 2018. Les outils \u00e0 moissonner de la grotte de Foissac (Aveyron) dans le cadre du N\u00e9olithique final dans le Sud-Ouest de la France. <em>Bulletin de la Soci\u00e9t\u00e9 pr\u00e9historique fran\u00e7aise<\/em>, Paris, tome 115, 1, p.99 &#8211; 124.<br>* Visentin D., 2018. <em>The Early Mesolithic in Northern Italy and Southern France. An investigation into Sauveterrian lithic technical systems<\/em>. Archeopress, Oxford, 330 p.<br>* Berthier C., 2017 \u2013 Dommages taphonomiques versus traces de boucherie : peut-on identifier des caract\u00e8res discriminants ? Valdeyron (dir.) <em>Le gisement du Cuzoul de Gramat (Lot), Fouille programm\u00e9e triannuelle<\/em>, Campagne 2017, Axe 4 de la programmation du CNRA, p.68-85<\/p>\n\n\n\n<p><strong>Programmes nationaux et internationaux :<\/strong><br>PCR PAVO (J.-M. P\u00e9tillon, UMR 5608 CNRS Traces), ANR ARCHEODANUBE (L. Carozza, UMR 5602 CNRS GEODE, H. Bruckner et D. Kelterbaum, Universit\u00e9 de Cologne), IRN DECAPAN (T. Perrin, UMR 5608 CNRS Traces), projet IDEX MeNeMOIA (T. Perrin, UMR 5608 CNRS Traces).<\/p>\n\n\n\n<figure class=\"wp-block-image\"><img decoding=\"async\" src=\"https:\/\/traces.univ-tlse2.fr\/medias\/photo\/ill-traceotheque-2_1543490209073-jpg?ID_FICHE=197779\" alt=\"\" \/><\/figure>\n\n\n\n<p><em>Usures macro- et microscopiques d\u00e9velopp\u00e9es sur le front d\u2019un grattoir exp\u00e9rimental utilis\u00e9 pour gratter une peau de mouton ocr\u00e9e. \u00c0 gauche&nbsp;: usure importante du bord actif de l\u2019outil<br>qui s\u2019est \u00e9mouss\u00e9 et porte des r\u00e9sidus de colorant&nbsp;; au centre&nbsp;: vue 3D du bord actif (20x)&nbsp;; \u00e0 droite&nbsp;: d\u00e9tail du bord actif du grattoir observ\u00e9 au microscope (200x) montrant le micropoli caract\u00e9ristique du travail des peaux et des stries, d\u00e9velopp\u00e9es dans le sens du mouvement de l\u2019outil, produites par les particules abrasives de l\u2019ocre. \u00a9&nbsp;S.&nbsp;Philibert<\/em><\/p>\n","protected":false},"excerpt":{"rendered":"<p>Responsable : Sylvie PHILIBERT Pr\u00e9sentation&nbsp;:la trac\u00e9oth\u00e8que rassemble plusieurs r\u00e9f\u00e9rentiels exp\u00e9rimentaux de traces d\u2019usures, reproduisant des traces de fabrication et d\u2019utilisation des productions lithiques pr\u00e9historiques. Ces r\u00e9f\u00e9rentiels, des stigmates d\u2019impact sur les armatures de fl\u00e8ches aux usures li\u00e9es \u00e0 la moisson &hellip; <a href=\"https:\/\/blogs.univ-tlse2.fr\/archeoscience\/a1-traceo\/\">Continuer la lecture <span class=\"meta-nav\">&rarr;<\/span><\/a><\/p>\n","protected":false},"author":1421,"featured_media":0,"parent":0,"menu_order":0,"comment_status":"closed","ping_status":"closed","template":"","meta":{"footnotes":""},"class_list":["post-41","page","type-page","status-publish","hentry"],"_links":{"self":[{"href":"https:\/\/blogs.univ-tlse2.fr\/archeoscience\/wp-json\/wp\/v2\/pages\/41","targetHints":{"allow":["GET"]}}],"collection":[{"href":"https:\/\/blogs.univ-tlse2.fr\/archeoscience\/wp-json\/wp\/v2\/pages"}],"about":[{"href":"https:\/\/blogs.univ-tlse2.fr\/archeoscience\/wp-json\/wp\/v2\/types\/page"}],"author":[{"embeddable":true,"href":"https:\/\/blogs.univ-tlse2.fr\/archeoscience\/wp-json\/wp\/v2\/users\/1421"}],"replies":[{"embeddable":true,"href":"https:\/\/blogs.univ-tlse2.fr\/archeoscience\/wp-json\/wp\/v2\/comments?post=41"}],"version-history":[{"count":9,"href":"https:\/\/blogs.univ-tlse2.fr\/archeoscience\/wp-json\/wp\/v2\/pages\/41\/revisions"}],"predecessor-version":[{"id":351,"href":"https:\/\/blogs.univ-tlse2.fr\/archeoscience\/wp-json\/wp\/v2\/pages\/41\/revisions\/351"}],"wp:attachment":[{"href":"https:\/\/blogs.univ-tlse2.fr\/archeoscience\/wp-json\/wp\/v2\/media?parent=41"}],"curies":[{"name":"wp","href":"https:\/\/api.w.org\/{rel}","templated":true}]}}