 {"id":1520,"date":"2013-01-21T11:56:49","date_gmt":"2013-01-21T10:56:49","guid":{"rendered":"https:\/\/blogs.univ-tlse2.fr\/cerises\/?page_id=1520"},"modified":"2022-10-24T14:03:16","modified_gmt":"2022-10-24T12:03:16","slug":"articles-jacques-prades","status":"publish","type":"page","link":"https:\/\/blogs.univ-tlse2.fr\/cerises\/cerises\/lequipe\/jacques-prades\/articles-jacques-prades\/","title":{"rendered":"Articles de Jacques Prades"},"content":{"rendered":"<p>67-2022. \u00ab\u00a0<strong>Bernard Charbonneau, et apr\u00e8s ?<\/strong>\u00a0\u00bb in R\u00e9sister au totalitarisme industriel Editions RN<\/p>\n<p>66-2022. \u00ab\u00a0<strong>L&rsquo;\u00e9conomie sociale est-elle une th\u00e9orie des limites ?<\/strong> \u00a0\u00bb Colloque de l&rsquo;Association d&rsquo;\u00e9conomie sociale, Revue Internationale d&rsquo;\u00e9conomie sociale RECMA, octobre 2021<\/p>\n<p>65-2020. \u00ab\u00a0<strong>Ruse de riches<\/strong> \u00a0\u00bb de J-F Draperi, note de lecture, Revue internationale d&rsquo;\u00e9conomie sociale RECMA n d\u00e9cembre 2020<\/p>\n<p>64-2020, \u00ab\u00a0<strong>D\u00e9faire le capitalisme, refaire la d\u00e9mocratie<\/strong>\u00a0\u00bb de E.Dacheux et D. Goujon, note de lecture, \u00a0<em>Revue Internationale de l&rsquo;\u00e9conomie sociale<\/em> RECMA n\u00b0 356<\/p>\n<p>63-2019, \u00ab\u00a0<strong>Dynamique associative en Kabylie<\/strong>\u00a0\u00bb s\u00e9minaire Belkacem Krim (AvecM. Zorelli) <em>\u00a0Revue Internationale de l&rsquo;\u00e9conomie sociale<\/em> RECMA<\/p>\n<p>62-2017, <strong>\u00ab\u00a0Partager ou contr\u00f4ler le pouvoir\u00a0\u00bb<\/strong> Revue <em>Sans transition Occitanie, Avril 2017<\/em><\/p>\n<p>61-2017, <strong>\u00ab\u00a0La coop\u00e9rative et la loi\u00a0\u00bb<\/strong> <em>Revue Alter Echos<\/em> 1er trimestre 2017 n\u00b0 45<\/p>\n<p>60-2015, \u00a0\u00bb D<strong>u concept d&rsquo;innovation sociale<\/strong>\u00a0\u00bb <em>Revue Internationale de l&rsquo;\u00e9conomie sociale<\/em> RECMA, n\u00b0 338<\/p>\n<p>59-2014, \u00ab\u00a0<strong>La ville demain, une fausse question ?\u00a0\u00bb<\/strong> <em>Friture-Mag Le m\u00e9dia des possibles<\/em>, \u00ab\u00a0Demain, ma ville\u00a0\u00bb n\u00b0 21<\/p>\n<p>58-2014, \u00a0\u00bb <strong>La carpe et le lapin,\u00a0La loi sur l\u2019ESS\u00a0: une r\u00e9gression historique du mouvement coop\u00e9ratif<\/strong>\u00a0\u00bb (non publi\u00e9, disponible sur le site ici \u00e0 la rubrique \u00ab\u00a0Publications-document de travail\u00a0\u00bb ).<\/p>\n<p>57-2014, <strong>\u00ab\u00a0Les probl\u00e9matiques du territoire et la nouvelle \u00e9conomie sociale\u00a0\u00bb<\/strong><em>L&rsquo;an 02 Revue d&rsquo;\u00e9cologie politique,<\/em> N\u00b0 5<\/p>\n<p>56-2013, \u00ab\u00a0<strong>Nous avons besoin d&rsquo;une critique de gauche de l&rsquo;Etat\u00a0\u00bb<\/strong> Entretien in L&rsquo;an 02 <em>Revue d&rsquo;\u00e9cologie politique, N\u00b0 4, Et\u00e9<\/em><\/p>\n<p>55-2013, <strong>\u00ab\u00a0F. De Ravignan, une int\u00e9grit\u00e9 morale\u00a0\u00bb<\/strong>, puis, <strong>\u00ab\u00a0Une d\u00e9mocratie coop\u00e9rative\u00a0\u00bb<\/strong>et <strong>\u00ab\u00a0Retour en Kabylie\u00a0\u00bb<\/strong> dans L&rsquo;Afrique en mouvement, <em>Revue Horizons Maghr\u00e9bins<\/em>, 29 \u00e8me ann\u00e9e, n\u00b0 68<\/p>\n<p>54-2013, \u00ab\u00a0<b>La remise en cause des structures d\u2019Insertion par l\u2019Activit\u00e9 Economique (IAE),\u00a0<\/b><b>Pour une th\u00e9orie coop\u00e9rative\u00a0\u00bb <\/b><em>Revue Partage<\/em><\/p>\n<p>53-2012, <em>Journal Canadien de Sciences r\u00e9gionales<\/em> <strong>\u00ab Entreprises sociales et territoires, <\/strong>deux cas empiriques europ\u00e9ens \u00bb<\/p>\n<p>52-2012, <strong>\u00ab Coop\u00e9rativisme de Mondragon et f\u00e9d\u00e9ralisme de P-J. Proudhon \u00bb<\/strong>, Une question de territoire in De l\u2019utopie \u00e0 l\u2019entreprise (sous la direction d\u2019Alain M\u00e9lo) <em>Presses Universitaires de Franche-Comt\u00e9<\/em><\/p>\n<p>51-2010, (avec A. Alcouffe et M.Chevallier) <strong>\u00ab <\/strong><strong>De Walras \u00e0 Vanek, Coop\u00e9ration et politique \u00bb, <\/strong><em>\u00a0Revue d\u2019Economie Politique <\/em><\/p>\n<p>50-2009, (<em>sous la direction de Nicolas Amadio), \u00ab<\/em><strong>Quand la raison \u00e9conomique d\u00e9rape&#8230;le pragmatisme coop\u00e9ratif. Organisation et strat\u00e9gie de La \u00ab Mondragon valley \u00bb <\/strong><em>in <\/em>Les entreprises sociales en Europe ABI Editions<\/p>\n<p>49-2009, <em>(sous la direction de Nicolas Amadio<\/em><strong><em>),<\/em>\u00abLes structures d\u2019insertion par l\u2019activit\u00e9 \u00e9conomique dans la tourmente financi\u00e8re \u00bb <\/strong>in Les entreprises sociales en Europe <em>ABI Editions <\/em><\/p>\n<p>48-2009, (avec A. Alcouffe), <strong>\u00ab Propri\u00e9t\u00e9 des actifs et <\/strong>droits \u00e9conomiques et des drpolitiques, les droits sociaux?, sous la direction de Jean-Paul Domin, Michel Maric, Sophie Delabruy\u00e8re et Cyril H\u00e9doin<\/p>\n<p>47-2008, (avec A. Alcouffe), \u00ab <strong>Propri\u00e9t\u00e9 des actifs et retraites : le cas des retraites coop\u00e9ratives de Lagun Aro (Mondragon)<\/strong> \u00bb, in Au-del\u00e0 des droits \u00e9conomiques et des droits politiques, les droits sociaux?, sous la direction de Jean-Paul Domin, Michel Maric, Sophie Delabruy\u00e8re et Cyril H\u00e9doin<\/p>\n<p>46-2008, (avec Fernando Gomez-Acedo), Revue D\u00e9sirer le monde autrement \u00ab\u00a0<strong>Mondragon, un complexe coop\u00e9ratif et des coop\u00e9ratives sans complexes<\/strong>\u00ab\u00a0, n\u00b0 1, 2008<\/p>\n<p>45-2008, (avec A. Alcouffe) \u00ab <strong>Droits de propri\u00e9t\u00e9s et r\u00e9partition : l\u2019\u00e9pargne salariale<\/strong> \u00bb in Approches institutionnalistes de la r\u00e9partition, sous la direction de Ph. Batifoulier, L\u2019Harmattan<\/p>\n<p>44-2008, (avec M. Chevallier), \u00ab <strong>Les services \u00e0 la personne, un enjeu pour l\u2019\u00e9conomie sociale<\/strong> \u00bb soumis \u00e0 publication RECMA-Revue Internationale de l\u2019Economie Sociale, 19 p<\/p>\n<p>43-2008, \u00ab <strong>Les coop\u00e9ratives fran\u00e7aises de consommation \u00e0 l\u2019\u00e9preuve du temps<\/strong> \u00bb in La modernit\u00e9 d\u2019Henri Desroche, sous la direction de C. Ravelet, Revue Anamnese L\u2019Harmattan<\/p>\n<p>42-2007, \u00ab <strong>Mutualisme et territoire<\/strong> \u00bb in Perspectives mutualistes, la modernit\u00e9 du mod\u00e8le coop\u00e9ratif, sous la direction de J. Philippe, P. Faivre et G. Sixou, L\u2019Harmattan<\/p>\n<p>41-2007, (avec A. Alcouffe) \u00ab <strong>Droits de propri\u00e9t\u00e9s, coop\u00e9ration et \u00e9galit\u00e9<\/strong> \u00bb in Approches institutionnalistes des in\u00e9galit\u00e9s en \u00e9conomie sociale, sous la direction de Ph. Batifoulier, L\u2019Harmattan<\/p>\n<p>40-2007, \u00ab <strong>Des entreprises sociales dans un contexte boulevers\u00e9<\/strong> \u00bb Revue Economie et Humanisme n\u00b0 381, De l\u2019emploi pour tous, quelles innovations, quelles solidarit\u00e9s ?<\/p>\n<p>39-2006, \u00ab <strong>Compter sur ses propres forces<\/strong> \u00bb, Editions de L\u2019Aube, collection Les Mondes en cours,160 p<\/p>\n<p>38-2006, \u00ab <strong>Mondragon : A Holding company of Co-opratives faced with globalisation<\/strong> \u00bb by Fernando Gomez-Acedo, President, supervisory board, Fagor-Brandt SA and Jacques Prades Toulouse II-Le Mirail University in Le Journal de L\u2019Ecole de Paris n\u00b0 59<\/p>\n<p>37-2006, \u00ab <strong>L\u2019exp\u00e9rience de Mondragon<\/strong> \u00bb in L\u2019\u00e9conomie sociale de A \u00e0 Z, janvier 2006 n\u00b022 Hors s\u00e9rie Pratique Alternatives Economiques<\/p>\n<p>36-2006, (avec B. Costa) \u00ab <strong>L\u2019\u00e9conomie solidaire<\/strong> \u00bb, collection \u00ab Les essentiels \u00bb, Editions Milan, d\u00e9cembre 2005.<\/p>\n<p>35-2005, \u00ab <strong>L\u2019\u00e9nigme de Mondragon, comprendre le sens de l\u2019exp\u00e9rience<\/strong> \u00bb\u2028RECMA-revue internationale de l\u2019\u00e9conomie sociale, n\u00b0296<\/p>\n<p>34-2005, \u00ab <strong>De la mesure de la richesse \u00e9conomique : concepts, mesure, pratiques sociales<\/strong> \u00bb Revue Canadienne du CIRIEC, Economie et Solidarit\u00e9s volume 35, n\u00b0 2 (16 pages).<\/p>\n<p>33-2004, (avec P. Cad\u00e8ne) \u00ab <strong>Economie sociale, technologie et territoire<\/strong> \u00bb \u2028in Revue Terminal-technologie de l\u2019information, culture et soci\u00e9t\u00e9, n\u00b0 91<\/p>\n<p>32-2004, \u00ab <strong>Communauty Developement Corporations et logiciels libres<\/strong> \u00bb \u2028in Revue Terminal-technologies de l\u2019information, culture et soci\u00e9t\u00e9 n\u00b0 91<\/p>\n<p>31-2004, \u00ab <strong>Economie solidaire, nouvelles technologies et territoire : un cadre conceptuel<\/strong> \u00bb direction et mise en perspective,\u2028in revue Terminal-technologies de l\u2019information, culture et soci\u00e9t\u00e9 n\u00b0 30<\/p>\n<p>30-2003, \u00ab <strong>L\u2019allocation personnalis\u00e9e d\u2019autonomie : dispositif du mod\u00e8le de services de proximit\u00e9, versus march\u00e9<\/strong> \u00bb \u2028in Revue Empan, recherches et synth\u00e8ses, \u00e9ditions ERES \u00ab Vieillir entre proches et professionnels \u00bb, num\u00e9ro 52003, \u00ab <strong>L\u2019\u00e9conomie solidaire en coupe transversale : le cas de Midi-Pyr\u00e9n\u00e9es<\/strong> \u00bb\u2028 RERU Revue d\u2019Economie Rurale et Urbaine n\u00b02 (19 pages)<\/p>\n<p>29-2002, \u00ab <strong>De la veille technologique \u00e0 la veille sociale : le dispositif CERISE<\/strong> \u00bb \u2028in J-M Servet et I. Guerin, Exclusion et liens financiers, pr\u00e9face d\u2019E Guigou, rapport 2002, Economica<\/p>\n<p>28-2002, \u00ab <strong>Economic globalisation and information technologies : Speed and synchrony of globalisation<\/strong> \u00bb\u2028 European Network\u2028In Revue Communication &amp; Information Perpectives, London, n\u00b0 5<\/p>\n<p>27-2002, \u00ab <strong>La tirantez de la nueva economia social : balance y perspectivas<\/strong> \u00bb \u2028Revue \u00abInvestigacion Socioeconomica\u00bb n\u00b0 7, Barcelone<\/p>\n<p>26-2001, \u00ab <strong>L\u2019homo economicus et la d\u00e9raison scientifique <\/strong>\u00bb\u2028, \u00e9ditions L\u2019Harmattan collection \u00abNouvelles anthropologies\u00bb, 210 p<\/p>\n<p>25-2001, \u00ab <strong>Quel est l\u2019avenir de l\u2019\u00e9conomie solidaire ? une analyse \u00e9conomique<\/strong> \u00bb\u2028 Revue RECMA -Revue Internationale d\u2019\u00e9conomie sociale-. (14 pages)<\/p>\n<p>24-2000, \u00ab <strong>La nouvelle \u00e9conomie sociale devant ses pi\u00e8ges<\/strong> \u00bb \u2028in \u00ab Efficacit\u00e9 et \u00e9quit\u00e9 \u00bb Editions L\u2019Harmattan, publi\u00e9 par le LIRHE, sous la dir. A. Alcouffe, B.Fourcade, J-M. Plassard et G.Tahar.<\/p>\n<p>23-2000, \u00ab <strong>La fiction de la puissance : Espace, fiction et vituel<\/strong> \u00bb\u2028 Revue Z\u00e9non-espace, technoscience et imaginaire- n\u00b0 7<\/p>\n<p>22-1999, \u00ab <strong>Informatisation de la soci\u00e9t\u00e9, globalisation des \u00e9conomies et atonie sociale<\/strong> \u00bb\u2028 Revue Sciences de la Soci\u00e9t\u00e9 PUM septembre 1999 n\u00b0 45 (21 pages)<\/p>\n<p>21-1999, \u00ab <strong>La guerre \u00e9conomique : de la soci\u00e9t\u00e9 de la Gr\u00e8ce ancienne \u00e0 l\u2019espace utile<\/strong> \u00bb \u2028in revue Z\u00e9non- espace, technoscience et imaginaire. N\u00b05, 1999.<\/p>\n<p>20-1999, \u00ab <strong>Economie sociale et exclusion : une comparaison europ\u00e9enne<\/strong> \u00bb \u2028in Revue Economie et Humanisme, introduction, pr\u00e9sentation et organisation du num\u00e9ro consacr\u00e9 \u00e0 l\u2019\u00e9conomie sociale et solidaire en Europe. N\u00b0 347<\/p>\n<p>19-1998, \u00ab <strong>Dynamique \u00e9conomique et syst\u00e8mes techniques<\/strong> \u00bb 2\u00e8me partie\u2028 Revue Sciences de la Soci\u00e9t\u00e9 PUM avril 1998 n\u00b0 44. (15 pages)<\/p>\n<p>18-1998, \u00ab <strong>Pour une perspective d&rsquo;anthropologie \u00e9conomique<\/strong> \u00bb 1\u00e8re partie \u2028Revue Sciences de la Soci\u00e9t\u00e9 PUM janvier 1998 n\u00b0 43 (17 pages)<\/p>\n<p>17-1998, \u00ab <strong>Denunciar a grande imposture<\/strong> \u00bb In Isabel Marques Edi\u00e7oes, Lisboa (traduction en portugais de Manuel P\u00e9rez)<\/p>\n<p>16-1997, \u00ab <strong>Bernard Charbonneau<\/strong> \u00bb\u2028 (sous la direction de). Editions ERES collection \u00ab\u00a0socio-\u00e9conomie\u00a0\u00bb, Toulouse,1997 (300 pages) \u2028Avec la participation de : Edouard Goldsmith, Alain Lipietz, Bernard Maris, Santiago Vilanova, Serge Latouche, Andr\u00e9 Vitalis, Christian Roy, J.Louis Loubet del Bayle et Marc Dubrulle.<\/p>\n<p>15-1997, \u00ab\u00a0<strong>Economie de l&rsquo;espace et imaginaire occidental<\/strong>\u00a0\u00bb (15 pages) \u2028in Revue Z\u00e9non -espace-technoscience-imaginaire. n\u00b0 1<\/p>\n<p>14-1995, \u00ab <strong>La cr\u00e9ation-destructrice : l&rsquo;\u00e9conomique, la technique et le social<\/strong> \u00bb \u2028par J. Prades, \u00c9ditions L&rsquo;Harmattan, Paris, (204 pages).<\/p>\n<p>13-1995, \u00ab\u00a0<strong>Mondialisation de l&rsquo;\u00e9conomie et technologie de l&rsquo;information<\/strong>\u00a0\u00bb \u2028in Revue \u00ab\u00a0Terminal-technologie de l&rsquo;information, culture et soci\u00e9t\u00e9\u00a0\u00bb nouvelle s\u00e9rie n\u00b0 64 L&rsquo;Harmattan<\/p>\n<p>12-1995, \u00ab<strong>Pour un enseignement de socio-\u00e9conomie<\/strong> \u00bb (6 pages) \u2028in Revue du Mauss-La D\u00e9couverte n\u00b06 2\u00e8me semestre<\/p>\n<p>11-1994, \u00ab\u00a0<strong>Pour un approfondissement du concept de \u00ab\u00a0technoscience<\/strong>\u00a0\u00bb (16 pages) \u2028in Revue \u00ab\u00a0Terminal-technologie de l&rsquo;information, culture et soci\u00e9t\u00e9\u00a0\u00bb nouvelle s\u00e9rie revue n\u00b0 62 L&rsquo;Harmattan<\/p>\n<p>10-1993, \u00ab\u00a0<strong>Sur les traces du ph\u00e9nom\u00e8ne technique<\/strong>\u00a0\u00bb (17 pages) \u2028in Revue \u00ab\u00a0Terminal-technologie de l&rsquo;information, culture et soci\u00e9t\u00e9\u00a0\u00bb nouvelle s\u00e9rie revue n\u00b0 61 L&rsquo;Harmattan<\/p>\n<p>9-1993, \u00ab\u00a0<strong>Le ch\u00f4mage selon le CNPF Objections<\/strong>\u00a0\u00bb \u2028in Revue \u00ab\u00a0\u00c9conomie et Humanisme\u00a0\u00bb f\u00e9vrier (9 pages)<\/p>\n<p>8-1992, \u00ab <strong>La technoscience, les fractures des discours<\/strong> \u00bb,\u2028 (sous la direction de)\u2028 Editions L&rsquo;Harmattan, Paris, (285 pages). Avec la participation de : Philippe Breton, Patrick Cohendet et Patrick Llerena, Dominique Foray, Gilbert Hottois, Bruno Latour, Pierre L\u00e9vy, Jacques Perrin, Daniel Sibony, Frank Tinland<\/p>\n<p>7-1991, \u00ab\u00a0<strong>De la technique \u00e0 l&#8217;emploi : de nouveaux regards<\/strong>\u00ab\u00a0\u2028 Revue Sciences Humaines n\u00b0 8<\/p>\n<p>6-1990, \u00ab <strong>De la nature intrins\u00e8que des technologies<\/strong> \u00bb\u2028 Revue \u00c9conomie et Soci\u00e9t\u00e9 de l&rsquo;ISMEA n\u00b015 PUG s\u00e9rie G 2 (15 pages)<\/p>\n<p>5-1990, (avec P-B Joly) \u00ab\u00a0<strong>La techn\u00e8 des temps modernes<\/strong>\u00ab\u00a0\u2028 Cahiers de l&rsquo;Universit\u00e9 de Toulouse 1 n\u00b0 177. 1990 (47 pages)<\/p>\n<p>4-1989, (avec C. Poncet) \u00ab <strong>De nouvelles formes de concentration industrielle<\/strong> \u00bb\u2028 Revue d\u2019\u00c9conomie Industrielle n\u00b0 50 1989 (15 pages)<\/p>\n<p>3-1989, (avec C. Poncet) \u00ab <strong>Nouvelles technologies et pouvoir \u00e9conomique<\/strong> \u00bb\u2028 Revue d\u2019\u00c9conomie Industrielle n\u00b0 47 (16 pages)<\/p>\n<p>2-1988, \u00ab <strong>De la mesure du pouvoir \u00e9conomique : de Hilferding \u00e0 Galbraith<\/strong> \u00bb \u2028Revue Alternatives \u00c9conomiques n\u00b0 58 1988<\/p>\n<p>1-1988, \u00ab <strong>L&rsquo;immersion de l&rsquo;informatique<\/strong> \u00bb \u2028in Revue \u00c9conomie et Humanisme, n\u00b0 290 (16 pages).<\/p>\n","protected":false},"excerpt":{"rendered":"<p>67-2022. \u00ab\u00a0Bernard Charbonneau, et apr\u00e8s ?\u00a0\u00bb in R\u00e9sister au totalitarisme industriel Editions RN 66-2022. \u00ab\u00a0L&rsquo;\u00e9conomie sociale est-elle une th\u00e9orie des limites ? \u00a0\u00bb Colloque de l&rsquo;Association d&rsquo;\u00e9conomie sociale, Revue Internationale d&rsquo;\u00e9conomie sociale RECMA, octobre 2021 65-2020. \u00ab\u00a0Ruse de riches \u00a0\u00bb de J-F Draperi, note de lecture, Revue internationale d&rsquo;\u00e9conomie sociale RECMA n d\u00e9cembre 2020 64-2020, [&hellip;]<\/p>\n","protected":false},"author":157,"featured_media":0,"parent":320,"menu_order":2,"comment_status":"closed","ping_status":"open","template":"","meta":{"footnotes":""},"class_list":["post-1520","page","type-page","status-publish","hentry"],"_links":{"self":[{"href":"https:\/\/blogs.univ-tlse2.fr\/cerises\/wp-json\/wp\/v2\/pages\/1520","targetHints":{"allow":["GET"]}}],"collection":[{"href":"https:\/\/blogs.univ-tlse2.fr\/cerises\/wp-json\/wp\/v2\/pages"}],"about":[{"href":"https:\/\/blogs.univ-tlse2.fr\/cerises\/wp-json\/wp\/v2\/types\/page"}],"author":[{"embeddable":true,"href":"https:\/\/blogs.univ-tlse2.fr\/cerises\/wp-json\/wp\/v2\/users\/157"}],"replies":[{"embeddable":true,"href":"https:\/\/blogs.univ-tlse2.fr\/cerises\/wp-json\/wp\/v2\/comments?post=1520"}],"version-history":[{"count":49,"href":"https:\/\/blogs.univ-tlse2.fr\/cerises\/wp-json\/wp\/v2\/pages\/1520\/revisions"}],"predecessor-version":[{"id":3907,"href":"https:\/\/blogs.univ-tlse2.fr\/cerises\/wp-json\/wp\/v2\/pages\/1520\/revisions\/3907"}],"up":[{"embeddable":true,"href":"https:\/\/blogs.univ-tlse2.fr\/cerises\/wp-json\/wp\/v2\/pages\/320"}],"wp:attachment":[{"href":"https:\/\/blogs.univ-tlse2.fr\/cerises\/wp-json\/wp\/v2\/media?parent=1520"}],"curies":[{"name":"wp","href":"https:\/\/api.w.org\/{rel}","templated":true}]}}