 {"id":1553,"date":"2013-01-21T12:24:08","date_gmt":"2013-01-21T11:24:08","guid":{"rendered":"https:\/\/blogs.univ-tlse2.fr\/cerises\/?page_id=1553"},"modified":"2014-02-06T10:31:40","modified_gmt":"2014-02-06T09:31:40","slug":"rapports-detudes-2007-2008","status":"publish","type":"page","link":"https:\/\/blogs.univ-tlse2.fr\/cerises\/publications\/rapports-detudes\/rapports-detudes-et-de-recherche\/rapports-detudes-2007-2008\/","title":{"rendered":"Rapports d&rsquo;\u00e9tudes 2007-2008"},"content":{"rendered":"<h3><a href=\"https:\/\/blogs.univ-tlse2.fr\/cerises\/files\/rapports-detudes-2007-2008\/commerce-equitable-en-france.pdf\">Le commerce \u00e9quitable en France<\/a><\/h3>\n<p>Direction G\u00e9n\u00e9rale de la Coop\u00e9ration Internationale et du D\u00e9veloppement &#8211; GRET<br \/>\nArl\u00e8ne Alpha, Martine Fran\u00e7ois et Damien Lagandr\u00e9 (GRET)<\/p>\n<p>Le commerce \u00e9quitable est un concept relativement nouveau en France. Il est en forte croissance. En 2000, moins de 10 % de la population d\u00e9clarait conna\u00eetre le commerce \u00e9quitable, en 2007, ils sont 82 %. Pour mesurer et soutenir cette dynamique, le minist\u00e8re des Affaires \u00e9trang\u00e8res et europ\u00e9ennes et la Plate-Forme pour le Commerce \u00c9quitable ont men\u00e9 une \u00e9tude sur les flux du commerce \u00e9quitable en 2004 (Altervia, 2006). Un nouvel \u00e9tat des lieux en 2007 met en \u00e9vidence les dynamiques et les tendances de fond du secteur. Il permet une meilleure compr\u00e9hension de la structuration de la fili\u00e8re et des perceptions des consommateurs.<\/p>\n<h3><a href=\"https:\/\/blogs.univ-tlse2.fr\/cerises\/files\/rapports-detudes-2007-2008\/A_DI_CES97-2007_DI_fr-rev.pdf\">L&rsquo;\u00e9conomie sociale en europe<\/a><\/h3>\n<p>Rapport pour le comit\u00e9 \u00e9conomique et social europ\u00e9en<br \/>\nRafael Chaves Avila, Jose Luis Monzon (Ciriec)<\/p>\n<p>Etat des lieux de la situation de l&rsquo;\u00e9conomie sociale dans l&rsquo;Union europ\u00e9enne et ses vingt-cinq \u00c9tats membres. La r\u00e9alisation d&rsquo;un tel exercice suppose d&rsquo;avoir cern\u00e9 au pr\u00e9alable le noyau identitaire commun \u00e0 toutes les entreprises et organisations qui rel\u00e8vent de ce secteur, le tout ob\u00e9issant \u00e0 un objectif on ne peut plus concret, qui est de lui permettre de gagner en visibilit\u00e9 et d&rsquo;\u00eatre reconnue. Quelles sont ces entit\u00e9s? quel est leur nombre? o\u00f9 sont-elles situ\u00e9es? comment ont-elles \u00e9volu\u00e9? quelle importance rev\u00eatent-elles? comment la soci\u00e9t\u00e9 et les pouvoirs publics les per\u00e7oivent-ils? quels probl\u00e8mes r\u00e9solvent-elles? comment contribuent-elles \u00e0 cr\u00e9er de la richesse, \u00e0 la r\u00e9partir \u00e9quitablement et \u00e0 assurer coh\u00e9sion et bien-\u00eatre social?<\/p>\n<h3><a href=\"https:\/\/blogs.univ-tlse2.fr\/cerises\/files\/rapports-detudes-2007-2008\/TrajectoiresAssociatives.pdf\">Trajectoires associatives, enqu\u00eate sur les facteurs de fragilit\u00e9 des associations<\/a><\/h3>\n<p>Cabinet Deloitte, Laboratoire Matisse<br \/>\nViviane Tchernonog (Matisse, Paris Sorbonne), Jean-Pierre Vercamer (Cabinet Deloitte)<\/p>\n<p>L&rsquo;int\u00e9r\u00eat permanent que pr\u00e9sente le th\u00e8me des facteurs de fragilit\u00e9 des associations est renforc\u00e9 par le contexte actuel marqu\u00e9, selon certaines associations, par un d\u00e9sengagement de l&rsquo;Etat, une fiscalisation croissante des activit\u00e9s des associations, l&rsquo;adoption de mesures l\u00e9gislatives importantes susceptibles de modifier le champ du partenariat public et l&rsquo;action associative elle-m\u00eame, le resserrement des contraintes administratives, la judiciarisation de la soci\u00e9t\u00e9 et le reproche parfois adress\u00e9 de banalisation des associations dans leurs modes de gestion ou de recherche de ressources.<\/p>\n<h3><a href=\"https:\/\/blogs.univ-tlse2.fr\/cerises\/files\/rapports-detudes-2007-2008\/Opalenquetemploi08.pdf\">Vers une meilleure connaissance des associations culturelles employeurs<\/a><\/h3>\n<p>(<a href=\"https:\/\/blogs.univ-tlse2.fr\/cerises\/files\/rapports-detudes-2007-2008\/OpaleAsso_employ08.pdf\">r\u00e9sum\u00e9 des principaux r\u00e9sultats<\/a>)<br \/>\nAssociation OPALE, <a href=\"http:\/\/www.culture-proximite.org\/article.php3?id_article=236\" target=\"_blank\">http:\/\/www.culture-proximite.org<\/a>, 2008 Ga\u00ebl Bouron, Bruno Colin<\/p>\n<p>Eclairage sur les associations du secteur de l&rsquo;art et de la culture en France: comment se d\u00e9compose le paysage? Quel est son poids \u00e9conomique pour quelle structuration de l&#8217;emploi?<\/p>\n<h3><a href=\"https:\/\/blogs.univ-tlse2.fr\/cerises\/files\/rapports-detudes-2007-2008\/fao.pdf\">Agriculture biologique<\/a><\/h3>\n<p>Conf\u00e9rence internationale sur l&rsquo;agriculture biologique et la s\u00e9curit\u00e9 alimentaire. Rome 3-5 mai 2007<br \/>\nFAO<\/p>\n<p>Une conversion plan\u00e9taire \u00e0 l\u2019agriculture biologique, sans d\u00e9frichement de zones sauvages \u00e0 des fins agricoles et sans utilisation d\u2019engrais azot\u00e9s, d\u00e9boucherait sur une offre de produits agricoles de l\u2019ordre de 2640 \u00e0 4380 kilocalories par personne et par jour. Dans les pays en d\u00e9veloppement, l\u2019intensification durable de la production agricole par le biais de pratiques biologiques permettrait d\u2019accro\u00eetre la production de 56 pour cent. En moyenne, le rendement des cultures biologiques est comparable \u00e0 celui des cultures conventionnelles. En Argentine, gr\u00e2ce au programme ProHuerta, qui vient en aide \u00e0 3,5 millions de personnes, les populations pauvres, et en particulier celles qui vivent en milieu urbain, sont d\u00e9sormais autosuffisantes \u00e0 70 pour cent en l\u00e9gumes frais.<\/p>\n<h3><a href=\"http:\/\/www.cepes.es\/detalle.cfm?padre=271&amp;idSeccion=331&amp;idsec=sec_00&amp;idarticulo=825\" target=\"_blank\">L&rsquo;\u00e9conomie sociale au Maghreb<\/a><\/h3>\n<p>Rapport 2008 dans le cadre du projet projet \u00ab\u00a0Renforcement des entreprises et entit\u00e9s de l&rsquo;\u00e9conomie sociale au Maghreb\u00bb Conf\u00e9d\u00e9ration Espagnole d&rsquo;Entreprises de l&rsquo;\u00c9conomie Sociale (CEPES)<\/p>\n<p>Ce projet a consist\u00e9 \u00e0 :<br \/>\na. Acqu\u00e9rir une connaissance sur la situation de l&rsquo;\u00e9conomie sociale au Maroc et Tunisie ainsi qu&rsquo;identifier les priorit\u00e9s \u00e0 prendre en compte \u00e0 l&rsquo;heure de renforcer le d\u00e9veloppement de l&rsquo;\u00e9conomie sociale dans les deux pays pour cr\u00e9er de l&#8217;emploi et coh\u00e9sion sociale.<br \/>\nb. Renforcer la coordination des diff\u00e9rents acteurs et composants de l&rsquo;\u00e9conomie sociale au Maroc et en Tunisie.<\/p>\n<p>Nombreux rapports interm\u00e9diaires et d&rsquo;ateliers th\u00e9matiques sont \u00e0 disposition : <a href=\"http:\/\/www.cepes.es\/detalle.cfm?padre=271&amp;idSeccion=331&amp;idsec=sec_00&amp;idarticulo=825\" target=\"_blank\">L&rsquo;\u00e9conomie sociale au Maghreb<\/a>.<\/p>\n","protected":false},"excerpt":{"rendered":"<p>Le commerce \u00e9quitable en France Direction G\u00e9n\u00e9rale de la Coop\u00e9ration Internationale et du D\u00e9veloppement &#8211; GRET Arl\u00e8ne Alpha, Martine Fran\u00e7ois et Damien Lagandr\u00e9 (GRET) Le commerce \u00e9quitable est un concept relativement nouveau en France. Il est en forte croissance. En 2000, moins de 10 % de la population d\u00e9clarait conna\u00eetre le commerce \u00e9quitable, en 2007, [&hellip;]<\/p>\n","protected":false},"author":157,"featured_media":0,"parent":65,"menu_order":28,"comment_status":"closed","ping_status":"open","template":"","meta":{"footnotes":""},"class_list":["post-1553","page","type-page","status-publish","hentry"],"_links":{"self":[{"href":"https:\/\/blogs.univ-tlse2.fr\/cerises\/wp-json\/wp\/v2\/pages\/1553","targetHints":{"allow":["GET"]}}],"collection":[{"href":"https:\/\/blogs.univ-tlse2.fr\/cerises\/wp-json\/wp\/v2\/pages"}],"about":[{"href":"https:\/\/blogs.univ-tlse2.fr\/cerises\/wp-json\/wp\/v2\/types\/page"}],"author":[{"embeddable":true,"href":"https:\/\/blogs.univ-tlse2.fr\/cerises\/wp-json\/wp\/v2\/users\/157"}],"replies":[{"embeddable":true,"href":"https:\/\/blogs.univ-tlse2.fr\/cerises\/wp-json\/wp\/v2\/comments?post=1553"}],"version-history":[{"count":10,"href":"https:\/\/blogs.univ-tlse2.fr\/cerises\/wp-json\/wp\/v2\/pages\/1553\/revisions"}],"predecessor-version":[{"id":2911,"href":"https:\/\/blogs.univ-tlse2.fr\/cerises\/wp-json\/wp\/v2\/pages\/1553\/revisions\/2911"}],"up":[{"embeddable":true,"href":"https:\/\/blogs.univ-tlse2.fr\/cerises\/wp-json\/wp\/v2\/pages\/65"}],"wp:attachment":[{"href":"https:\/\/blogs.univ-tlse2.fr\/cerises\/wp-json\/wp\/v2\/media?parent=1553"}],"curies":[{"name":"wp","href":"https:\/\/api.w.org\/{rel}","templated":true}]}}