 {"id":3069,"date":"2013-02-11T16:02:43","date_gmt":"2013-02-11T15:02:43","guid":{"rendered":"https:\/\/blogs.univ-tlse2.fr\/cerises\/?page_id=3069"},"modified":"2014-02-06T10:32:18","modified_gmt":"2014-02-06T09:32:18","slug":"julien-milanesi","status":"publish","type":"page","link":"https:\/\/blogs.univ-tlse2.fr\/cerises\/cerises\/lequipe\/julien-milanesi\/","title":{"rendered":"Julien Milanesi"},"content":{"rendered":"<div>\n<h4>Maitre de conf\u00e9rences \u00e0 l&rsquo;IUT GEA Rangueil<\/h4>\n<h4>Universit\u00e9 Paul Sabatier, Toulouse 3<br \/>\nChercheur au LERASS<\/h4>\n<h4>\u00a0<a href=\"https:\/\/blogs.univ-tlse2.fr\/cerises\/files\/julien-milanesi\/photo-identit\u00e9.jpg\"><img loading=\"lazy\" decoding=\"async\" class=\" wp-image-3070 alignright\" alt=\"photo identit\u00e9\" src=\"https:\/\/blogs.univ-tlse2.fr\/cerises\/files\/julien-milanesi\/photo-identit\u00e9.jpg\" width=\"159\" height=\"186\" srcset=\"https:\/\/blogs.univ-tlse2.fr\/cerises\/files\/julien-milanesi\/photo-identit\u00e9.jpg 1533w, https:\/\/blogs.univ-tlse2.fr\/cerises\/files\/julien-milanesi\/photo-identit\u00e9-128x150.jpg 128w, https:\/\/blogs.univ-tlse2.fr\/cerises\/files\/julien-milanesi\/photo-identit\u00e9-257x300.jpg 257w, https:\/\/blogs.univ-tlse2.fr\/cerises\/files\/julien-milanesi\/photo-identit\u00e9-429x500.jpg 429w, https:\/\/blogs.univ-tlse2.fr\/cerises\/files\/julien-milanesi\/photo-identit\u00e9-624x726.jpg 624w\" sizes=\"auto, (max-width: 159px) 100vw, 159px\" \/><\/a><\/h4>\n<h4><\/h4>\n<div>\n<p><b>THEMES DE RECHERCHE<\/b><\/p>\n<\/div>\n<div>\n<ul>\n<li><span class=\"Apple-style-span\" style=\"line-height: 24px\">Economie de l\u2019environnement\u00a0<\/span><\/li>\n<li><span class=\"Apple-style-span\" style=\"line-height: 24px\">Economie du d\u00e9veloppement\u00a0<\/span><\/li>\n<li><span class=\"Apple-style-span\" style=\"line-height: 24px\">Economie agricole<\/span><\/li>\n<\/ul>\n<\/div>\n<p>&nbsp;<\/p>\n<h4><\/h4>\n<p><b>\u00a0<\/b><\/p>\n<\/div>\n<div>\n<div>\n<h2>TITRES UNIVERSITAIRES ET FORMATION<\/h2>\n<\/div>\n<ul>\n<li><b>Doctorat es Sciences \u00e9conomiques, 2007<\/b>, <b>\u201cLa m\u00e9thode d\u2019\u00e9valuation contingente en question. Critique, requalification et mesure de la demande en assainissement \u00e0 Moshi (Tanzanie)\u201d<\/b>, sous la direction de Bernard Contamin (Universit\u00e9 de Pau et des Pays de l\u2019Adour)<\/li>\n<\/ul>\n<div>\n<p><b>Laboratoires d\u2019accueil\u00a0: <\/b>Centre de Recherche et d\u2019Etude sur les Pays de l\u2019Afrique Orientale (CREPAO), Centre d\u2019analyse et de traitement des donn\u00e9es \u00e9conomiques (CATT). Universit\u00e9 de Pau et des Pays de l\u2019Adour.<\/p>\n<p><b>Jury\u00a0:<\/b> Chicot Ebou\u00e9 (Rapporteur, Professeur de Sciences Economiques, Universit\u00e9 Nancy II) ; Fran\u00e7ois-R\u00e9gis Mahieu (Rapporteur, Professeur \u00e9m\u00e9rite de Sciences Economiques, Universit\u00e9 de Versailles \u2013 Saint-Quentin en Yvelines)\u00a0; Jean-Marie Mouchel (Professeur \u00e0 l\u2019Universit\u00e9 Pierre et Marie Curie (Paris VI). UMR Sisyphe (7619))\u00a0; Jean-Michel Uhaldeborde (Professeur de Sciences Economiques, Universit\u00e9 de Pau et des Pays de l\u2019Adour).<\/p>\n<p><b>Mention\u00a0:<\/b> tr\u00e8s honorable avec f\u00e9licitations du jury.<\/p>\n<\/div>\n<ul>\n<li>Stage de <b>formation aux m\u00e9thodes et logiciels de cartographie<\/b> au laboratoire DYMSET (CNRS, Bordeaux). F\u00e9vrier 2003\n<ul>\n<li>Stage de <b>perfectionnement sur les m\u00e9thodes de traitement statistique<\/b> <b>des donn\u00e9es d\u2019enqu\u00eate <\/b>(analyse des donn\u00e9es, r\u00e9gression PLS, r\u00e9gression logistique) \u00e0 l\u2019Ecole Nationale des Ponts et Chauss\u00e9es (Marne la vall\u00e9e) (15\/06\/2002- 15\/09\/2002)<\/li>\n<li><b>DEA Economie du d\u00e9veloppement &#8211; Economie internationale<\/b>, Universit\u00e9 Paris 1 Panth\u00e9on-Sorbonne, (1999-2000), Mention Bien<i><\/i><\/li>\n<li><b>DEUG, Licence et Ma\u00eetrise de Sciences Economiques <\/b>\u00e0 l&rsquo;Universit\u00e9 de Pau et des Pays de l&rsquo;Adour (1995-1999).<\/li>\n<\/ul>\n<\/li>\n<\/ul>\n<div>\n<p><b>ACTIVIT\u00c9S ET CONTRATS DE RECHERCHE<\/b><\/p>\n<\/div>\n<ul>\n<li>Post-doctorat \u00e0 l\u2019Universit\u00e9 de Pau et des Pays de l\u2019Adour (CATT)<b> <\/b>sur le th\u00e8me de<b> la<\/b> <b>mesure et de la prise en charge des externalit\u00e9s li\u00e9es \u00e0 la mise en culture de ma\u00efs g\u00e9n\u00e9tiquement modifi\u00e9.<\/b><\/li>\n<\/ul>\n<\/div>\n<div>\n<ul>\n<li>Contrat de recherche sur la<b> \u00ab\u00a0disponibilit\u00e9 pr\u00e9sente et future des semences de soja conventionnelles dans les pays \u00e0 fort taux d\u2019adoption d\u2019OGM\u00a0\u00bb\u00a0.<\/b><i><\/i><\/li>\n<\/ul>\n<\/div>\n<div>\n<ul>\n<li><b>Mission de recherche \u00e0 Moshi (Tanzanie)<\/b>, du 27 janvier au 13 mars 2009, sur l\u2019\u00e9volution de la situation de l\u2019assainissement dans la ville, cinq ans apr\u00e8s la remise des r\u00e9sultats du programme de recherche \u00ab\u00a0Gestion durable des d\u00e9chets et de l\u2019assainissement urbain\u00a0\u00bb financ\u00e9 par le Minist\u00e8re des Affaires Etrang\u00e8res.<\/li>\n<li>Contrat de recherche sur\u00a0<b>\u00ab\u00a0L\u2019analyse des co\u00fbts induits sur les fili\u00e8res agricoles par les mises en culture d\u2019organismes g\u00e9n\u00e9tiquement modifi\u00e9s (OGM)\u00a0\u00bb<\/b>. <i><\/i><\/li>\n<\/ul>\n<\/div>\n<div>\n<ul>\n<li>Contrat de recherche sur <b>\u00ab\u00a0Implications of REACH for developing countries \u2013 and possible ways and means to preserve their interests\u00a0\u00bb,<\/b> <i><\/i><\/li>\n<\/ul>\n<\/div>\n<div>\n<ul>\n<li>Contrat de recherche sur \u00ab\u00a0<b>Le futur de l\u2019aide publique au d\u00e9veloppement<\/b>\u00a0\u00bb<i><\/i><\/li>\n<\/ul>\n<\/div>\n<div>\n<ul>\n<li>Contrat de recherche sur<b> \u00ab\u00a0L\u2019am\u00e9lioration de l\u2019assainissement des eaux us\u00e9es \u00e0 Moshi\u00a0 <\/b>\u00a0<b>(Tanzanie)\u00a0\u00bb<\/b> dans le cadre de l\u2019axe \u201cAnalyse de la demande des m\u00e9nages\u201d du programme \u201cGestion durable des d\u00e9chets et de l\u2019assainissement urbain\u201d.<\/li>\n<\/ul>\n<\/div>\n<ul>\n<li><b>Mission de recherche<\/b> \u00e0 Moshi (Tanzanie) dans le cadre du DEA Economie du d\u00e9veloppement-Economie Internationale, Paris 1 (Juin-Juillet 2000), en partenariat avec l\u2019Institut Fran\u00e7ais de Recherche en Afrique \u00e0 Nairobi (Kenya).<i><\/i><\/li>\n<\/ul>\n<div>\n<h2>PUBLICATIONS<\/h2>\n<\/div>\n<p><b><span style=\"text-decoration: underline\">Th\u00e8se et m\u00e9moire:<\/span><\/b><\/p>\n<ul>\n<li><b>\u201cLa m\u00e9thode d\u2019\u00e9valuation contingente en question. Critique, requalification et mesure de la demande en assainissement \u00e0 Moshi (Tanzanie)\u201d<\/b>, 2007, Th\u00e8se de sciences \u00e9conomiques, Universit\u00e9 de Pau et des Pays de l&rsquo;Adour, sous la direction de Bernard Contamin. <a href=\"http:\/\/tel.archives-ouvertes.fr\/tel-00172028\/en\/\">http:\/\/tel.archives-ouvertes.fr\/tel-00172028\/en\/<\/a><\/li>\n<li><b>Etude sur l\u2019assainissement autonome \u00e0 Moshi (Tanzanie)\u00a0: analyse des comportements et de la demande des m\u00e9nages \u2013 R\u00e9flexions m\u00e9thodologiques sur \u00ab\u00a0l\u2019approche par la demande\u00a0\u00bb et voies d\u2019approfondissement, <\/b>2000, DEA de sciences \u00e9conomiques, Universit\u00e9 Paris I Panth\u00e9on-Sorbonne, sous la direction de Jean-Pierre Laffargue et Alain Morel \u00e0 l\u2019Huissier.<\/li>\n<\/ul>\n<p>&nbsp;<\/p>\n<p>Articles publi\u00e9s ou en cours de soumission dans des revues \u00e0 comit\u00e9 de lecture:<\/p>\n<ul>\n<li><b>Une histoire de la m\u00e9thode d\u2019\u00e9valuation contingente<\/b>, <i>Gen\u00e8ses,<\/i> 84, septembre 2011, pp. 6-24. (AERES: Sociologie-D\u00e9mographie, Science Politique, G\u00e9ographie-Am\u00e9nagement-Urbanisme, Anthropologie-Ethnologie)<\/li>\n<li><b>Ethique et \u00e9valuation mon\u00e9taire de l\u2019environnement.\u00a0 La nature est elle soluble dans l\u2019utilit\u00e9\u00a0?<\/b>, <i>VertigO<\/i>, volume 10, num\u00e9ro 2, septembre 2010. (AERES: G\u00e9ographie-Am\u00e9nagement-Urbanisme). <a href=\"http:\/\/vertigo.revues.org\/10050\">http:\/\/vertigo.revues.org\/10050<\/a><\/li>\n<li><b>Les nouvelles logiques de l\u2019Aide Publique au D\u00e9veloppement<\/b>. <b>Entre rationalisation, pragmatisme et logiques institutionnelles<\/b>, en collaboration avec Bernard Contamin et Jean-Marc Montaud, <i>L&rsquo;Actualit\u00e9 \u00e9conomique<\/i>, Vol 84, n\u00b02, juin 2008 (AERES: Economie-Gestion).<b><i><\/i><\/b><\/li>\n<li><b>\u00a0(r\u00e9)Interpr\u00e9ter les r\u00e9ponses aux enqu\u00eates d\u2019\u00e9valuation contingente<\/b>, en r\u00e9vision.<b><i><\/i><\/b><\/li>\n<li><b>Quel avenir pour les fili\u00e8res animales sans-OGM\u00a0?<\/b>, en r\u00e9vision.<b><\/b><\/li>\n<li><b>Measuring demand for sanitation in developing countries. A new theoretical and methodological framework for contingent valuation surveys, <\/b>soumis.<b><i><\/i><\/b><\/li>\n<\/ul>\n<p><b><span style=\"text-decoration: underline\">Contribution \u00e0 des ouvrages collectifs<\/span><\/b><b><i><\/i><\/b><\/p>\n<ul>\n<li><b>Current and future availability of non-genetically modified soybean seeds in the U.S., Brazil and Argentina, <\/b>2012, In GM and non-GM supply chains: coexistence and traceability, Y. Bertheau, ed. (Oxford, UK, Wiley-Blackwell), p. In press.<\/li>\n<li><b>The Improvement of the sanitation services in Moshi (Tanzania)\u00a0<\/b>, \u00e0 para\u00eetre dans Val\u00e9rie Messer (dir.) \u00ab\u00a0La gestion de l&rsquo;eau en Afrique de l&rsquo;Est\u00a0\u00bb, Institut Fran\u00e7ais de Recherche en Afrique (Nairobi), en collaboration avec Bernard Contamin.<b><i><\/i><\/b><\/li>\n<\/ul>\n<p><b><span style=\"text-decoration: underline\">En cours d\u2019\u00e9criture\u00a0:<\/span><\/b><\/p>\n<ul>\n<li><b>Quel avenir pour les enqu\u00eates d&rsquo;\u00e9valuation mon\u00e9taire de l&rsquo;environnement?<\/b><\/li>\n<li><b>R\u00e9glementation des OGM, une approche par la qualit\u00e9. <\/b><\/li>\n<\/ul>\n<p><b><span style=\"text-decoration: underline\">Autres articles:<\/span><\/b><\/p>\n<ul>\n<li><b>La nature mise \u00e0 prix, <\/b>\u00a0<i>L\u2019Economie politique<\/i>, n\u00b0 38, Avril 2008, pp.107-112<b><\/b><\/li>\n<li><b>L&rsquo;obsession du chiffre, <\/b><i>ECOREV<\/i>, n\u00b031, Hiver 2008-2009, Dossier \u00ab\u00a0Des chiffres et des \u00eatres\u00a0\u00bb.<b><\/b><\/li>\n<\/ul>\n<p>Rapports de recherche\u00a0:<i><\/i><\/p>\n<ul>\n<li><b>Current and future availability of non-genetically modified soybean seeds in the U.S., Brazil and Argentina<\/b>, Co-extra Program\u00a0: GM and non-GM supply chains: their CO-EXistence and TRAceability (European Union), Task T3.7, 103p, Oct. 2009, with Marion Desquilbet (INRA), Evelin Lucht (Unibrasil) and Roseli Rocha de Santos (Unibrasil).<\/li>\n<\/ul>\n<p><a href=\"http:\/\/catt.univ-pau.fr\/live\/digitalAssets\/91\/91687_D3.11.3_Final_version.pdf\">http:\/\/catt.univ-pau.fr\/live\/digitalAssets\/91\/91687_D3.11.3_Final_version.pdf<\/a><\/p>\n<ul>\n<li><b>Analyse des co\u00fbts induits sur les fili\u00e8res agricoles par les mises en culture d\u2019organismes g\u00e9n\u00e9tiquement modifi\u00e9s (OGM) \u2013 Etude sur le ma\u00efs, le soja et le poulet Label Rouge<\/b>, Rapport de recherche du CREG command\u00e9 par l\u2019association Greenpeace France, 123p, ao\u00fbt 2008.<\/li>\n<\/ul>\n<p><a href=\"http:\/\/iae-creg.univ-pau.fr\/live\/recherche\/projets-recherche-contrats\/Greenpeace+OGM\">http:\/\/iae-creg.univ-pau.fr\/live\/recherche\/projets-recherche-contrats\/Greenpeace+OGM<\/a><\/p>\n<ul>\n<li><b>Implications of REACH for developing countries &#8211; possible ways and means to preserve their interests <\/b>,\u00a0 Report by the International Chemical Secretariat Commissioned by the European Parliament, 55p, March 2006,<b>\u00a0<\/b>with Ackerman Franck,<b> <\/b>Andersson Anne-Sofie,\u00a0 Bond Patrick, Contamin Bernard, Euripidou Euripides, Massey Rachel, Parient\u00e9 William, Roach Brian, Rosander Per, Stanton Elizabeth and Widenoja Raya.<\/li>\n<\/ul>\n<p><a href=\"http:\/\/catt.univ-pau.fr\/live\/digitalAssets\/91\/91688_Final_report_2005_09.pdf\">http:\/\/catt.univ-pau.fr\/live\/digitalAssets\/91\/91688_Final_report_2005_09.pdf<\/a><\/p>\n<ul>\n<li><b>L\u2019Evolution de l\u2019Aide Publique au D\u00e9veloppement mondiale, <\/b>Rapport command\u00e9 par l&rsquo;Agence Fran\u00e7aise de D\u00e9veloppement, 115 p, juillet 2005, avec Bernard Contamin et Jean-Marc Montaud.<b><i><\/i><\/b><\/li>\n<li>\u00a0<b>The improvement of the sanitation services in Moshi (Tanzania), Analysis of households demand \u2013 Field Report<\/b>, Rapport destin\u00e9 aux autorit\u00e9s locales du secteur de l\u2019assainissement de Moshi, remis lors du s\u00e9minaire de restitution des r\u00e9sultats les 5 et 6 nov. 2003, 79 p., octobre 2003.<b><i><\/i><\/b><\/li>\n<\/ul>\n<p><a href=\"http:\/\/catt.univ-pau.fr\/live\/digitalAssets\/91\/91689_Moshi_part2.pdf\">http:\/\/catt.univ-pau.fr\/live\/digitalAssets\/91\/91689_Moshi_part2.pdf<\/a><\/p>\n<ul>\n<li><b>Analyse de la demande des m\u00e9nages en syst\u00e8me am\u00e9lior\u00e9 d\u2019assainissement \u00e0 Moshi, Tanzanie<\/b>,\u00a0 Rapport final de l\u2019axe A.5b du programme de recherche \u201cGestion durable des d\u00e9chets et de l\u2019assainissement urbain\u201d, 159 p. + annexes, novembre 2002, avec Alain Morel \u00e0 l\u2019Huissier et Bernard Contamin.<i><\/i><\/li>\n<\/ul>\n<p><a href=\"http:\/\/www.pseau.org\/epa\/gdda\/Actions\/action_a_05a.htm\">http:\/\/www.pseau.org\/epa\/gdda\/Actions\/action_a_05a.htm<\/a><\/p>\n<ul>\n<li><b>Gestion domestique des eaux us\u00e9es et des excr\u00e9ta: \u00e9tude des pratiques et comportements, des fonctions de demande, de leur mesure en situation contingente et de leur op\u00e9rationnalisation<\/b>, Rapport final de l\u2019axe A.5a du programme de recherche \u201cGestion durable des d\u00e9chets et de l\u2019assainissement urbain\u201d, 197 p., janvier 2003, avec Alain Morel \u00e0 l\u2019Huissier.<i><\/i><\/li>\n<\/ul>\n<p><a href=\"http:\/\/www.pseau.org\/epa\/gdda\/Actions\/action_a_05b.htm\">http:\/\/www.pseau.org\/epa\/gdda\/Actions\/action_a_05b.htm<\/a><\/p>\n<div>\n<p><b>COLLOQUES ET S\u00c9MINAIRES DE RECHERCHE<\/b><\/p>\n<\/div>\n<ul>\n<li><b>International Society for Ecological Economics 2012 Conference, <\/b>\u00ab\u00a0<b><i>Measuring demand for sanitation in developing countries. A new theoretical and methodological framework for contingent valuation surveys.\u00a0\u00bb, <\/i><\/b>Rio de Janeiro (Br\u00e9sil),<b><i> <\/i><\/b>16-19 juin 2012.<b><\/b><\/li>\n<li><b>S\u00e9minaire de l&rsquo;\u00e9quipe PEPS-CERTOP, <\/b>Universit\u00e9 Toulouse II Le Mirail,<b> <\/b>\u00ab\u00a0<b><i>Quel avenir pour les enqu\u00eates d&rsquo;\u00e9valuation mon\u00e9taire de la nature? \u00bb, <\/i><\/b>Toulouse, 27 avril 2012.<b><\/b><\/li>\n<li><b>S\u00e9minaire de Politiques agricoles de la Soci\u00e9t\u00e9 Fran\u00e7aise d&rsquo;Economie Rurale,<i> \u00ab La nature mise \u00e0 prix. Peut-on d\u00e9couvrir la valeur \u00e9conomique de la nature \u00e0 l&rsquo;aide d&rsquo;une enqu\u00eate? \u00bb<\/i><\/b>, Paris, 8 avril 2011.<\/li>\n<li><b>1<sup>er<\/sup> congr\u00e8s de l&rsquo;Association Fran\u00e7aise d&rsquo;Economie Politique, <i>\u00ab\u00a0Quel avenir pour les enqu\u00eates d&rsquo;\u00e9valuation mon\u00e9taire de l&rsquo;environnement? \u00bb, <\/i><\/b>Lille, 9 et 10 d\u00e9cembre 2010.<\/li>\n<li><b>12th Conference of the Association for Heterodox Economics<\/b>, \u00ab\u00a0<b><i>Measuring demand for sanitation in developing countries. A new theoretical and methodological framework for contingent valuation surveys.\u00a0\u00bb, <\/i><\/b>\u00a0Bordeaux, 7-10 juillet 2010. <a href=\"http:\/\/hal.archives-ouvertes.fr\/hal-00633288\">http:\/\/hal.archives-ouvertes.fr\/hal-00633288<\/a><\/li>\n<li><b>S\u00e9minaire de recherche du CREG<\/b> (Centre de Recherche en Gestion), Universit\u00e9 de Pau et des Pays de l\u2019Adour, <b><i>\u00ab\u00a0Disponibilit\u00e9 pr\u00e9sente et future des semences de soja non-GM aux Etats-Unis, au Br\u00e9sil et en Argentine\u00bb<\/i><\/b>, Pau, 1<sup>er<\/sup> avril 2010<\/li>\n<li><b>S\u00e9minaire de recherche du CATT<\/b>, Universit\u00e9 de Pau et des Pays de l\u2019Adour, <b>\u00ab\u00a0<i>La mesure contingente de la demande en assainissement \u00e0 Moshi (Tanzanie)\u00a0<\/i><\/b>\u00bb, Pau, 7 janvier 2010.<\/li>\n<li><b>3<sup>\u00e8me<\/sup> journ\u00e9es de recherche en sciences-sociales INRA, SFER, CIRAD<\/b>, \u00ab\u00a0<b><i>Quel avenir pour les fili\u00e8res animales \u00ab\u00a0sans OGM\u00a0\u00bb\u00a0en France?<\/i><\/b><i> <b>Illustration par le poulet Label Rouge<\/b><\/i><b> <\/b>\u00bb<b>, <\/b>Montpellier, 09, 10 &amp; 11 d\u00e9cembre 2009. <b><\/b><\/li>\n<\/ul>\n<p><a href=\"http:\/\/hal.archives-ouvertes.fr\/index.php?halsid=ct5ic1dg2qejr7ifodrvcu02m3&amp;view_this_doc=hal-00521222&amp;version=1\">http:\/\/hal.archives-ouvertes.fr\/index.php?halsid=ct5ic1dg2qejr7ifodrvcu02m3&amp;view_this_doc=hal-00521222&amp;version=1<\/a> <b><\/b><\/p>\n<ul>\n<li><b>Doctoriales GDR CNRS \u00ab \u00c9conomie &amp; sociologie \u00bb<\/b>, l&rsquo;Universit\u00e9 de Lille I, Clers\u00e9, \u00ab\u00a0<b><i>(r\u00e9)Interpr\u00e9ter les r\u00e9ponses aux enqu\u00eates d\u2019\u00e9valuation contingente<\/i><\/b>\u00a0\u00bb, Lille, 20 novembre 2009.<\/li>\n<\/ul>\n<p><a href=\"http:\/\/hal.archives-ouvertes.fr\/index.php?halsid=ct5ic1dg2qejr7ifodrvcu02m3&amp;view_this_doc=hal-00473616&amp;version=1\">http:\/\/hal.archives-ouvertes.fr\/index.php?halsid=ct5ic1dg2qejr7ifodrvcu02m3&amp;view_this_doc=hal-00473616&amp;version=1<\/a><\/p>\n<ul>\n<li><b>S\u00e9minaire de recherche du CATT<\/b>, Universit\u00e9 de Pau et des Pays de l\u2019Adour, <b>\u00ab\u00a0<i>Une r\u00e9interpr\u00e9tation des r\u00e9ponses aux enqu\u00eates d&rsquo;\u00e9valuation contingente. Du malentendu \u00e0 l&rsquo;analyse du compromis\u00a0<\/i><\/b>\u00bb, Pau, 28 octobre 2009.<\/li>\n<li><b>S\u00e9minaire de recherche du GREThA<\/b>, Universit\u00e9 Montesquieu Bordeaux IV, <b><i>\u00ab\u00a0Une r\u00e9interpr\u00e9tation des r\u00e9ponses aux enqu\u00eates d&rsquo;\u00e9valuation contingente. Du malentendu \u00e0 l&rsquo;analyse du compromis\u00a0\u00bb, <\/i><\/b>Bordeaux,<b><i> <\/i><\/b>7 juillet 2009.<\/li>\n<li><b>Colloque international Co-Extra<\/b> (programme de recherche de l\u2019Union Europ\u00e9enne sur la coexistence et la tra\u00e7abilit\u00e9 des fili\u00e8res avec ou sans OGM), Paris, du 2 au 5 juin 2009.<\/li>\n<\/ul>\n<p>Pr\u00e9sentation d\u2019un poster\u00a0: <i>\u00ab\u00a0Analysis of the extra-costs generated on French \u201cLabel Rouge\u201d chicken supply chain by non-GM feed policy.\u00a0\u00bb<\/i><\/p>\n<ul>\n<li><b>S\u00e9minaire de recherche du CATT<\/b>, Universit\u00e9 de Pau et des Pays de l\u2019Adour, <b>\u00ab\u00a0Quel avenir pour les fili\u00e8res animales sans-OGM\u00a0?<\/b>\u00a0\u00bb, Pau, 6 mai 2009.<\/li>\n<li><b>S\u00e9minaire de recherche du CREG<\/b> (Centre de Recherche en Gestion), Universit\u00e9 de Pau et des Pays de l\u2019Adour, <b><i>\u00ab\u00a0Analyse des co\u00fbts induits sur les fili\u00e8res agricoles par les mises en culture d\u2019organismes g\u00e9n\u00e9tiquement modifi\u00e9s\u00a0\u00bb<\/i><\/b>, Pau, 30 octobre 2008.<\/li>\n<li><b>S\u00e9minaire de recherche du C3ED<\/b> (Centre d\u2019Economie et d\u2019Ethique pour l\u2019Environnement et le D\u00e9veloppement), Universit\u00e9 de Versailles \u2013 Saint-Quentin-en-Yvelines, <b><i>\u00ab\u00a0L\u2019\u00e9valuation de l\u2019environnement dans les pays en d\u00e9veloppement\u00a0\u00bb<\/i><\/b>, St Quentin en Yvelines, 21 f\u00e9vrier 2008.<\/li>\n<li><b>2<sup>\u00e8mes<\/sup> Journ\u00e9es du D\u00e9veloppement du GRES<\/b> (Groupement de recherches \u00e9conomiques et sociales, IFReDE (Universit\u00e9 Montesquieu-BordeauxIV), LEREPS (Universit\u00e9 des Sciences sociales Toulouse 1), Quel financement pour le d\u00e9veloppement. Contribution, avec Jean-Marc Montaud et Bernard Contamin, sur le th\u00e8me <b><i>\u00ab\u00a0Vers une aide plurielle au d\u00e9veloppement ? Entre rationalisation, pragmatisme et logiques institutionnelles\u00a0\u00bb<\/i><\/b>. Bordeaux, 23-24 Novembre 2006.<\/li>\n<li><b>Colloque international GECOREV<\/b> (Gestion concert\u00e9e des ressources naturelles et de l\u2019environnement \u2013 Du local au mondial\u00a0: pour un dialogue entre chercheurs, soci\u00e9t\u00e9 civile et d\u00e9cideurs), Universit\u00e9 de Saint-Quentin-en-Yvelines, C3ED, IRD, GRET, <b><i>\u00ab\u00a0L\u2019am\u00e9lioration des services d\u2019assainissement de la ville de Moshi (Tanzanie)\u00a0\u00bb,<\/i><\/b> Saint-Quentin-en-Yvelines, 26 juin 2006.<\/li>\n<\/ul>\n<p><a href=\"http:\/\/hal.archives-ouvertes.fr\/hal-00494014_v1\/\">http:\/\/hal.archives-ouvertes.fr\/hal-00494014_v1\/<\/a><\/p>\n<ul>\n<li><b>S\u00e9minaire de recherche du CREG <\/b>(Centre de REcherche en Gestion), Pr\u00e9sentation\u00a0: <b><i>\u00ab\u00a0Une application de l&rsquo;\u00e9valuation contingente\u00a0\u00bb<\/i><\/b>, Bayonne, 10 mars 2005.<\/li>\n<li><b>Journ\u00e9e de restitution des enseignements du programme \u00ab\u00a0Gestion durable des d\u00e9chets et de l&rsquo;assainissement urbain\u00a0\u00bb, <\/b>organis\u00e9 par le<b> <\/b>Minist\u00e8re des Affaires Etrang\u00e8res, le Programme Solidarit\u00e9 Eau et le Partenariat pour le D\u00e9veloppement Municipal, Pr\u00e9sentation, avec Bernard Contamin, des r\u00e9sultats de l&rsquo;\u00e9tude sur <b><i>\u00ab\u00a0L&rsquo;am\u00e9lioration des services d&rsquo;assainissement \u00e0 Moshi (Tanzanie)\u00a0\u00bb<\/i><\/b>, Paris, 6 Avril 2004.<\/li>\n<li><b>S\u00e9minaire \u00ab\u00a0Travaux fran\u00e7ais de recherche en sciences humaines en Afrique Orientale\u00a0\u00bb, <\/b>organis\u00e9 par l\u2019Institut Fran\u00e7ais de Recherche en Afrique (Nairobi), Pr\u00e9sentation, avec Bernard Contamin, du programme de recherche <b><i>\u00ab\u00a0L&rsquo;am\u00e9lioration des services d&rsquo;assainissement \u00e0 Moshi (Tanzanie)\u00a0\u00bb<\/i><\/b> et de ses principaux r\u00e9sultats, Bordeaux, 25 et 26 mars 2004.<\/li>\n<li><b>Colloque international \u00ab\u00a0Dynamiques urbaines et sortie de crises au lendemain des guerres: Acteurs, m\u00e9moires, recompositions urbaines et reconstruction Europe\/Afrique\u00a0\u00bb<\/b>, CREPAO (Centre de Recherche et d&rsquo;Etude sur les Pays de l&rsquo;Afrique Orientale) et l&rsquo;ITEM (Identit\u00e9 et Territoires des Elites M\u00e9ridionales), Pr\u00e9sentation sur le th\u00e8me de <b><i>\u00ab\u00a0La gestion d\u00e9centralis\u00e9e de l&rsquo;assainissement: le cas de Moshi (Tanzanie)\u00a0\u00bb<\/i><\/b>, avec Bernard Contamin, Pau, 11 et 12 D\u00e9cembre 2003.<\/li>\n<\/ul>\n<p><i>\u00a0<\/i><\/p>\n<div>\n<p>ENSEIGNEMENTS<\/p>\n<\/div>\n<ul>\n<li><b>Intervention, Universit\u00e9 de Lyon &#8211; Ecole Nationale des Travaux Publics de l&rsquo;Etat, <\/b>16 f\u00e9vrier 2012, <i>La nature a-t-elle un prix?<b><\/b><\/i><\/li>\n<li><b>Cours en Licence Economie et Sociologie<\/b>, Universit\u00e9 de Toulouse II &#8211; Le Mirail, 2011-2012 (12h). <i>Nouveaux enjeux environnementaux.<\/i><\/li>\n<li><b>Cours en Master 1 Innovation par l&rsquo;\u00e9conomie sociale et les TIC<\/b>, Universit\u00e9 de Toulouse II &#8211; Le Mirail, 2011-2012 (12h). <i>Les circuits courts agricoles.<\/i><\/li>\n<li><b>Interventions, Certificat International d\u2019Ecologie Humaine<\/b>, Universit\u00e9 de Pau et des Pays de l\u2019Adour, octobre 2011. Th\u00e8mes des cours (6h)\u00a0: <i>Comment \u00e9valuer les politiques publiques d\u2019environnement\u00a0?<\/i> et <i>Quatre ans de crise(s)<\/i>.<\/li>\n<li><b>Cours \u00e0 l&rsquo;Institut de Formation des Travailleurs Sociaux de Pau<\/b>, formation \u00ab\u00a0Moniteurs d&rsquo;atelier\u00a0\u00bb, 2010-2011, <i>Des subprimes \u00e0 la crise sociale, les diff\u00e9rentes dimensions de la crise<\/i> (15h).<\/li>\n<li><b>Interventions, Certificat International d\u2019Ecologie Humaine<\/b>, Universit\u00e9 de Pau et des Pays de l\u2019Adour, octobre 2010 et avril 2011. Th\u00e8mes des cours (6h)\u00a0: <i>Comment \u00e9valuer les politiques publiques d\u2019environnement\u00a0?<\/i> et <i>Retour sur la crise<\/i>.<\/li>\n<li><b>Intervention, Certificat International d\u2019Ecologie Humaine<\/b>, Universit\u00e9 de Pau et des Pays de l\u2019Adour, 17 septembre 2009. Th\u00e8me du cours\u00a0: <i>Comment \u00e9valuer les politiques publiques d\u2019environnement<\/i>\u00a0?<\/li>\n<li><b>Intervention, Certificat International d\u2019Ecologie Humaine<\/b>, Universit\u00e9 de Pau et des Pays de l\u2019Adour, 8 octobre 2008. Th\u00e8me du cours\u00a0: <i>Comment \u00e9valuer les politiques publiques d\u2019environnement\u00a0?<\/i><\/li>\n<li><b>Intervention, Master Science et G\u00e9nie de l&rsquo;Environnement<\/b>\u00a0, Universit\u00e9 Paris 7 Denis Diderot &#8211; Universit\u00e9 Paris 12 Cr\u00e9teil \u2013 Ecole Nationale des Ponts et Chauss\u00e9es, 27 novembre 2007. Th\u00e8me du cours\u00a0: <i>Les enjeux \u00e9conomiques de l\u2019eau et de l\u2019assainissement \u00e0 Moshi (Tanzanie)<\/i>.<\/li>\n<li><b>Intervention, IFAID Aquitaine<\/b>, programme de formation Coordonnateur de Programme de D\u00e9veloppement, 26 mars 2007. Th\u00e8me du cours\u00a0: <i>Le prix de la vie. Quelle place pour le march\u00e9 dans l\u2019aide et le d\u00e9veloppement\u00a0?<\/i><\/li>\n<li><b>Intervention, Master Science et G\u00e9nie de l&rsquo;Environnement<\/b>\u00a0, Universit\u00e9 Paris 7 Denis Diderot &#8211; Universit\u00e9 Paris 12 Cr\u00e9teil \u2013 Ecole Nationale des Ponts et Chauss\u00e9es, 3 Novembre 2006, Th\u00e8me du cours\u00a0: <i>Les enjeux \u00e9conomiques de l\u2019eau et de l\u2019assainissement \u00e0 Moshi (Tanzanie).<\/i><\/li>\n<li><b>Intervention, Ecole Nationale du G\u00e9nie Rural des Eaux et des For\u00eats<\/b> (ENGREF), 15 novembre 2005. Th\u00e8me du cours: <i>L&rsquo;am\u00e9lioration des services d&rsquo;assainissement \u00e0 Moshi, Tanzanie.<\/i><\/li>\n<li><b>Attach\u00e9 Temporaire d\u2019Enseignement et de Recherche<\/b> \u00e0 l\u2019UPPA \u2013 Institut Universitaire Technologique \u00ab\u00a0Gestion des Entreprises et des Administrations\u00a0\u00bb. Cours et travaux dirig\u00e9s de <i>micro\u00e9conomie<\/i>, travaux dirig\u00e9s d&rsquo;<i>\u00e9conomie mon\u00e9taire <\/i>et cours de <i>multim\u00e9dia<\/i> en premi\u00e8re ann\u00e9e. (2004-2005)<\/li>\n<li><b>Attach\u00e9 Temporaire d\u2019Enseignement et de Recherche<\/b> \u00e0 l\u2019UPPA \u2013 UFR de Bayonne, Anglet, Biarritz. Travaux Dirig\u00e9s de<i> macro\u00e9conomie et micro\u00e9conomie<\/i> en premi\u00e8re ann\u00e9e de DEUG de Sciences Economiques et d\u2019<i>informatique<\/i> en deuxi\u00e8me ann\u00e9e de DEUG de Sciences Economiques. Encadrement de Travaux d\u2019Etudes et de Recherche d\u2019\u00e9tudiants en deuxi\u00e8me ann\u00e9e. (2003-2004)<\/li>\n<li><b>Charg\u00e9 de Travaux Dirig\u00e9s <\/b>(vacations) \u00e0 l\u2019UPPA &#8211; UFR de Bayonne, Anglet, Biarritz. TD de <i>macro\u00e9conomie <\/i>en premi\u00e8re ann\u00e9e de DEUG de Sciences Economiques et d\u2019<i>informatique<\/i> en deuxi\u00e8me ann\u00e9e de DEUG de Sciences Economiques.\u00a0 (2003)<\/li>\n<li><b>Intervention sur le th\u00e8me de l\u2019<i>\u00e9conomie de l\u2019environnement <\/i><\/b>dans le DESS \u00ab\u00a0Management franco-latino-am\u00e9ricain\u00a0\u00bb de l\u2019Institut d\u2019Administration des Entreprises de Bayonne, UPPA. (Novembre 2002)<\/li>\n<\/ul>\n<p><i>\u00a0<\/i><\/p>\n<div>\n<p>VALORISATION \/ CONFERENCES<\/p>\n<\/div>\n<ul>\n<li><b><i>Analyse des co\u00fbts induits sur les fili\u00e8res agricoles par les mises en culture d\u2019organismes g\u00e9n\u00e9tiquement modifi\u00e9s.<\/i><\/b> Jornadas Scientificas Internationales Sobre Transgenicos, organis\u00e9 par <b>Greenpeace Espagne<\/b> et autres associations. Madrid, 10 et 11 novembre 2011.<\/li>\n<li><b><i>Atelier \u00ab\u00a0Sciences et chiffres\u00a0\u00bb<\/i><\/b>. <b>Rencontres annuelles CNRS Jeunes-Sciences et Citoyens<\/b>. Poitiers, 4, 5 et 6 novembre 2011.<\/li>\n<li><b><i>La valeur de la nature<\/i><\/b><b>.<\/b> Global Wave Conference, Conference internationale sur la valeur et la protection des vagues. Organis\u00e9 par <b>Surfrider Foundation Europe <\/b>et autres associations. Biarritz et San Sebastian &#8211; Donostia (Espagne), 24 et 25 octobre 2011.<\/li>\n<li><b><i>La nature a t&rsquo;elle un prix?.<\/i><\/b> Conf\u00e9rence-d\u00e9bat dans le cadre des journ\u00e9es de travail du Club des Villes et Territoires Durables et Solidaires \u00ab Environnement et finances locales. Pour une gestion budg\u00e9taire \u00e9co responsable globale \u00bb, organis\u00e9 par <b>Rh\u00f4nalp\u00e9nergie-Environnement<\/b>. Lyon, 7 avril 2011.<\/li>\n<li><b><i>Analysis of the extra-costs generated on French \u201cLabel Rouge\u201d chicken supply chain by non-GM feed policy<\/i><\/b>. Pr\u00e9sentation d\u2019un poster. Conference \u201cGMOs in European Agriculture and Food Production\u201d organis\u00e9e par <b>Minist\u00e8re de l\u2019agriculture hollandais<\/b>. La Haye, 25-26 November 2009.<\/li>\n<li><b><i>La nature a-t-elle un prix\u00a0?<\/i><\/b> Conf\u00e9rence-d\u00e9bat. organis\u00e9e par <b>Chiche! Toulouse et Amis de la Terre Midi-Pyr\u00e9n\u00e9es<\/b>. Toulouse, 15 juin 2009.<\/li>\n<li><b><i>Quel \u00e9tiquetage pour les produits issus d\u2019animaux nourris sans OGM\u00a0?<\/i><\/b> Conf\u00e9rence d\u00e9bat. Etats G\u00e9n\u00e9raux\u00a0\u00ab\u00a0OGM, biodiversit\u00e9, r\u00e9sistances et alternatives\u00a0\u00bb organis\u00e9s par des <b>associations et syndicats agricoles<\/b>. Tournefeuille (31), 19 avril 2009.<\/li>\n<li><b><i>L\u2019\u00e9valuation socio-\u00e9conomique du ma\u00efs OGM en France<\/i><\/b>. Pr\u00e9sentation. S\u00e9minaire sur l&rsquo;\u00e9valuation socio-\u00e9conomique des OGM, <b>Parlement F\u00e9d\u00e9ral Belge<\/b>, Bruxelles, 24 mars 2009.<\/li>\n<li><b><i>Analyse des co\u00fbts induits sur les fili\u00e8res agricoles par les mises en culture d\u2019organismes g\u00e9n\u00e9tiquement modifi\u00e9s<\/i><\/b><b>.<\/b> Pr\u00e9sentation. Commission environnement de la <b>Communaut\u00e9 d\u2019Agglom\u00e9ration de Pau<\/b>. Pau, 9 d\u00e9cembre 2008.<\/li>\n<li><b><i>La nature mise \u00e0 prix<\/i><\/b><b>.<\/b> Conf\u00e9rence-d\u00e9bat. Cycle de cours \u00ab\u00a0tout public\u00a0\u00bb de l\u2019<b>Universit\u00e9 Populaire de l\u2019Environnement d\u2019Aquitaine<\/b>. Bordeaux, 17 novembre 2008.<\/li>\n<li><b><i>La nature mise \u00e0 prix<\/i><\/b><b>.<\/b> Conf\u00e9rence-d\u00e9bat. \u00ab\u00a0F\u00eate de la corniche\u00a0\u00bb organis\u00e9e par le <b>Conseil g\u00e9n\u00e9ral des Pyr\u00e9n\u00e9es Atlantiques<\/b>. Hendaye (64), 21 septembre 2007.<\/li>\n<li><b><i>La nature a-t-elle un prix\u00a0?<\/i><\/b> Conf\u00e9rence-d\u00e9bat. \u00ab\u00a0Semaine de l\u2019environnement\u00a0\u00bb organis\u00e9e par l\u2019<b>association ASPE<\/b>. Pau, 16 mars 2007.<\/li>\n<li><b><i>Les m\u00e9thodes d&rsquo;\u00e9valuation mon\u00e9taire de l&rsquo;environnement<\/i><\/b><b>.<\/b> S\u00e9minaire interne. <b>Greenpeace France<\/b>. Paris, 16 mars 2006.<\/li>\n<li><b><i>L&rsquo;analyse co\u00fbt b\u00e9n\u00e9fices et les tentatives de mod\u00e9lisation de la d\u00e9cision publique.<\/i><\/b> S\u00e9minaire interne.<b> C<\/b>ollectifs \u00ab\u00a0Travail-sant\u00e9\u00a0\u00bb et \u00ab\u00a0Recherches\u00a0\u00bb de la <b>Conf\u00e9d\u00e9ration G\u00e9n\u00e9rale du Travail<\/b>. Montreuil, 9 F\u00e9vrier 2006.<\/li>\n<li><b><i>Agriculture et commerce international.<\/i><\/b><b> <\/b>Conf\u00e9rence-d\u00e9bat<b>.<\/b> Soir\u00e9e d\u00e9bat \u00ab\u00a0La souverainet\u00e9 alimentaire : les m\u00e9canismes \u00e9conomiques internationaux et l\u2019alimentation, pour une \u00e9conomie solidaire et un d\u00e9veloppement durable\u00a0\u00bb, organis\u00e9e par le <b>CCFD<\/b>. Boucau (64), le 10 Mars 2005.<\/li>\n<\/ul>\n<p>&nbsp;<\/p>\n<div>\n<h2>AUTRES ACTIVIT\u00c9S PROFESSIONNELLES OU BENEVOLES<\/h2>\n<\/div>\n<ul>\n<li><b>Co-auteur et conseiller scientifique<\/b> d\u2019un film documentaire \u00ab\u00a0Infrastructures de transport et d\u00e9finition de l\u2019int\u00e9r\u00eat g\u00e9n\u00e9ral\u00a0\u00bb. R\u00e9alisation\u00a0: Sophie M\u00e9trich. (2010-2011)<\/li>\n<li><b>Co-auteur et conseiller scientifique<\/b> d\u2019un film documentaire sur la Tanzanie \u00ab\u00a0My name is Kiba\u00a0\u00bb. R\u00e9alisation\u00a0: Sophie M\u00e9trich. (2009-2010)<\/li>\n<li><b>Contrat de consultant<\/b> pour la soci\u00e9t\u00e9 \u00ab\u00a0La Belle Ouvrage\u00a0\u00bb. Analyse des donn\u00e9es d\u2019une enqu\u00eate sur les bureaux de production de spectacle vivant en Ile de France. (Octobre 2007)<\/li>\n<li><b>Chef de mission<\/b> <b>pour l\u2019ONG<\/b> \u00ab\u00a0Telecoms sans frontieres\u00a0\u00bb\u00a0: mission de soutien aux minorit\u00e9s ethniques enclav\u00e9es conduite en partenariat avec l\u2019UNHCR,\u00a0 Kosovo, Pristina. (31\/08\/99 au 08\/10\/99)<\/li>\n<li><b>Logisticien pour l\u2019ONG<\/b> \u00ab\u00a0Telecoms sans frontieres\u00a0\u00bb, mission d\u2019aide au retour des r\u00e9fugi\u00e9s sous financement du Minist\u00e8re des affaires \u00e9trang\u00e8res fran\u00e7ais, Kosovo, Mitrovica. (08\/07\/999 au 15\/08\/99)<\/li>\n<li>\n<h2>LANGUES :<\/h2>\n<\/li>\n<li><b><i>Fran\u00e7ais\u00a0<\/i><\/b><i>: langue maternelle<\/i><\/li>\n<li><b><i>Anglais<\/i><\/b><i> : courant<\/i><\/li>\n<li><b><i>Espagnol<\/i><\/b><i>: lu, parl\u00e9, \u00e9crit<\/i><\/li>\n<li><b><i>Swahili<\/i><\/b><i>: parl\u00e9<\/i><\/li>\n<\/ul>\n<div><\/div>\n<p align=\"left\">\n","protected":false},"excerpt":{"rendered":"<p>Maitre de conf\u00e9rences \u00e0 l&rsquo;IUT GEA Rangueil Universit\u00e9 Paul Sabatier, Toulouse 3 Chercheur au LERASS \u00a0 THEMES DE RECHERCHE Economie de l\u2019environnement\u00a0 Economie du d\u00e9veloppement\u00a0 Economie agricole &nbsp; \u00a0 TITRES UNIVERSITAIRES ET FORMATION Doctorat es Sciences \u00e9conomiques, 2007, \u201cLa m\u00e9thode d\u2019\u00e9valuation contingente en question. Critique, requalification et mesure de la demande en assainissement \u00e0 Moshi [&hellip;]<\/p>\n","protected":false},"author":166,"featured_media":0,"parent":316,"menu_order":0,"comment_status":"closed","ping_status":"open","template":"","meta":{"footnotes":""},"class_list":["post-3069","page","type-page","status-publish","hentry"],"_links":{"self":[{"href":"https:\/\/blogs.univ-tlse2.fr\/cerises\/wp-json\/wp\/v2\/pages\/3069","targetHints":{"allow":["GET"]}}],"collection":[{"href":"https:\/\/blogs.univ-tlse2.fr\/cerises\/wp-json\/wp\/v2\/pages"}],"about":[{"href":"https:\/\/blogs.univ-tlse2.fr\/cerises\/wp-json\/wp\/v2\/types\/page"}],"author":[{"embeddable":true,"href":"https:\/\/blogs.univ-tlse2.fr\/cerises\/wp-json\/wp\/v2\/users\/166"}],"replies":[{"embeddable":true,"href":"https:\/\/blogs.univ-tlse2.fr\/cerises\/wp-json\/wp\/v2\/comments?post=3069"}],"version-history":[{"count":10,"href":"https:\/\/blogs.univ-tlse2.fr\/cerises\/wp-json\/wp\/v2\/pages\/3069\/revisions"}],"predecessor-version":[{"id":3105,"href":"https:\/\/blogs.univ-tlse2.fr\/cerises\/wp-json\/wp\/v2\/pages\/3069\/revisions\/3105"}],"up":[{"embeddable":true,"href":"https:\/\/blogs.univ-tlse2.fr\/cerises\/wp-json\/wp\/v2\/pages\/316"}],"wp:attachment":[{"href":"https:\/\/blogs.univ-tlse2.fr\/cerises\/wp-json\/wp\/v2\/media?parent=3069"}],"curies":[{"name":"wp","href":"https:\/\/api.w.org\/{rel}","templated":true}]}}