 {"id":334,"date":"2013-01-11T11:56:27","date_gmt":"2013-01-11T10:56:27","guid":{"rendered":"https:\/\/blogs.univ-tlse2.fr\/cerises\/?page_id=334"},"modified":"2014-02-06T10:32:35","modified_gmt":"2014-02-06T09:32:35","slug":"marius-chevallier","status":"publish","type":"page","link":"https:\/\/blogs.univ-tlse2.fr\/cerises\/cerises\/lequipe\/marius-chevallier\/","title":{"rendered":"Marius Chevallier"},"content":{"rendered":"<h2><a href=\"https:\/\/blogs.univ-tlse2.fr\/cerises\/files\/marius-chevallier\/images.jpeg\"><img loading=\"lazy\" decoding=\"async\" class=\"alignright size-full wp-image-2803\" alt=\"images\" src=\"https:\/\/blogs.univ-tlse2.fr\/cerises\/files\/marius-chevallier\/images.jpeg\" width=\"192\" height=\"198\" srcset=\"https:\/\/blogs.univ-tlse2.fr\/cerises\/files\/marius-chevallier\/images.jpeg 192w, https:\/\/blogs.univ-tlse2.fr\/cerises\/files\/marius-chevallier\/images-145x150.jpeg 145w\" sizes=\"auto, (max-width: 192px) 100vw, 192px\" \/><\/a>Charg\u00e9 d&rsquo;\u00e9tudes et de d\u00e9veloppement (de 2005 \u00e0 2011)<\/h2>\n<p>N\u00e9 le 10\/10\/1980<\/p>\n<p>Originaire de la r\u00e9gion bordelaise (Langon)<br \/>\nDipl\u00f4m\u00e9 de Sciences Po Paris, de l&rsquo;ENSAE (\u00e9cole nationale de la statistique et de l&rsquo;administration \u00e9conomique) et du Master Recherche Economie Sociale de Toulouse 2 Le Mirail.<br \/>\nDocteur en \u00e9conomie sociale, sous la direction de Gabriel Colletis et Jacques Prades.<\/p>\n<h2>Exp\u00e9riences dans le champ de l&rsquo;\u00e9conomie sociale et solidaire :<\/h2>\n<p><strong>De 2011\u00e0 2012 : <\/strong>responsable p\u00e9dagogique du master NES<\/p>\n<p><strong>De mai 2005 \u00e0 2011<\/strong> :<br \/>\ncharg\u00e9 d&rsquo;\u00e9tudes et de d\u00e9veloppement \u00e0 Cerises.<\/p>\n<p><strong>Mars \u00e0 mai 2005<\/strong> :<br \/>\ncharg\u00e9 d&rsquo;\u00e9tudes \u00e0 l&rsquo;AVISE (Agence de Valorisation des Initiatives<br \/>\nSocio-Economiques): propositions de d&rsquo;\u00e9claircissements sur la notion \u00ab\u00a0initiatives socio-\u00e9conomiques\u00a0\u00bb, aupr\u00e8s de Karim Zerguit, Anne-Sophie Attia et Patrick G\u00e8ze<\/p>\n<p><strong> Septembre 2005 \u00e0 f\u00e9vrier 2005<\/strong> :<br \/>\nstage de fin d&rsquo;\u00e9tudes \u00e0 France Active, dans la communication de l&rsquo;\u00e9valuation des r\u00e9sultats de France Active et le d\u00e9veloppement de l&rsquo;\u00e9pargne salariale solidaire, aupr\u00e8s de Edmond Maire, Muriel Gu\u00e9noux et Jean- Michel L\u00e9cuyer.<\/p>\n<p><strong>2002-2005<\/strong> : Sciences Po Paris<br \/>\nProjet collectif de fin d&rsquo;\u00e9tudes aupr\u00e8s de l&rsquo;AVISE: propositions d&rsquo;\u00e9claircissements sur la notion d&rsquo;initiatives \u00e9conomiques<\/p>\n<p><strong>Septembre 2003-f\u00e9vrier 2004 <\/strong>: Internationaler Bund Stuttgart<br \/>\nParticipation \u00e0 des projets europ\u00e9ens dans l&rsquo;insertion par la formation professionnelle et l&#8217;emploi salari\u00e9<\/p>\n<p><strong>2002-2003<\/strong> ENSAE (\u00e9cole nationale de statistique et d&rsquo;administration \u00e9conomique), Paris.<br \/>\nRapports de recherche:<br \/>\n&#8211; mod\u00e9lisation de l&rsquo;importance des r\u00e9seaux sociaux dans la recherche d&#8217;emplois, avec Bertil Hatt, sous la direction de Laurence Rioux, CERC<br \/>\n&#8211; avantages comparatifs des mutuelles \u00e0 but non lucratif et des soci\u00e9t\u00e9s d&rsquo;assurances commerciales, sous la direction de Pierre-Yves Geoffard, DELTA<br \/>\n&#8211; comparaison des structures actuelles de microfinance avec les structures Raiffeisen de la fin du 19\u00e8me si\u00e8cle<\/p>\n<h2>Les membres de l&rsquo;\u00e9quipe :<\/h2>\n\n<!-- Page-list plugin v.5.9 wordpress.org\/plugins\/page-list\/ -->\n<ul class=\"page-list \">\n<li class=\"page_item page-item-3077\"><a href=\"https:\/\/blogs.univ-tlse2.fr\/cerises\/cerises\/lequipe\/catherine-dehureau\/\">Catherine Dehureau<\/a><\/li>\n<li class=\"page_item page-item-3069\"><a href=\"https:\/\/blogs.univ-tlse2.fr\/cerises\/cerises\/lequipe\/julien-milanesi\/\">Julien Milanesi<\/a><\/li>\n<li class=\"page_item page-item-318\"><a href=\"https:\/\/blogs.univ-tlse2.fr\/cerises\/cerises\/lequipe\/jean-pierre-azais\/\">Jean-Pierre Azais<\/a><\/li>\n<li class=\"page_item page-item-320 page_item_has_children\"><a href=\"https:\/\/blogs.univ-tlse2.fr\/cerises\/cerises\/lequipe\/jacques-prades\/\">Jacques Prades<\/a><\/li>\n<li class=\"page_item page-item-330\"><a href=\"https:\/\/blogs.univ-tlse2.fr\/cerises\/cerises\/lequipe\/isabelle-mattei\/\">Isabelle Matt\u00e9i<\/a><\/li>\n<li class=\"page_item page-item-332\"><a href=\"https:\/\/blogs.univ-tlse2.fr\/cerises\/cerises\/lequipe\/carolle-rio\/\">Carolle Rio<\/a><\/li>\n<li class=\"page_item page-item-334\"><a href=\"https:\/\/blogs.univ-tlse2.fr\/cerises\/cerises\/lequipe\/marius-chevallier\/\">Marius Chevallier<\/a><\/li>\n<li class=\"page_item page-item-336\"><a href=\"https:\/\/blogs.univ-tlse2.fr\/cerises\/cerises\/lequipe\/stephane-henin\/\">St\u00e9phane H\u00e9nin<\/a><\/li>\n<li class=\"page_item page-item-2041\"><a href=\"https:\/\/blogs.univ-tlse2.fr\/cerises\/cerises\/lequipe\/kouakou\/\">Omer Kouakou<\/a><\/li>\n\n<\/ul>\n","protected":false},"excerpt":{"rendered":"<p>Charg\u00e9 d&rsquo;\u00e9tudes et de d\u00e9veloppement (de 2005 \u00e0 2011) N\u00e9 le 10\/10\/1980 Originaire de la r\u00e9gion bordelaise (Langon) Dipl\u00f4m\u00e9 de Sciences Po Paris, de l&rsquo;ENSAE (\u00e9cole nationale de la statistique et de l&rsquo;administration \u00e9conomique) et du Master Recherche Economie Sociale de Toulouse 2 Le Mirail. Docteur en \u00e9conomie sociale, sous la direction de Gabriel Colletis [&hellip;]<\/p>\n","protected":false},"author":157,"featured_media":0,"parent":316,"menu_order":5,"comment_status":"closed","ping_status":"open","template":"","meta":{"footnotes":""},"class_list":["post-334","page","type-page","status-publish","hentry"],"_links":{"self":[{"href":"https:\/\/blogs.univ-tlse2.fr\/cerises\/wp-json\/wp\/v2\/pages\/334","targetHints":{"allow":["GET"]}}],"collection":[{"href":"https:\/\/blogs.univ-tlse2.fr\/cerises\/wp-json\/wp\/v2\/pages"}],"about":[{"href":"https:\/\/blogs.univ-tlse2.fr\/cerises\/wp-json\/wp\/v2\/types\/page"}],"author":[{"embeddable":true,"href":"https:\/\/blogs.univ-tlse2.fr\/cerises\/wp-json\/wp\/v2\/users\/157"}],"replies":[{"embeddable":true,"href":"https:\/\/blogs.univ-tlse2.fr\/cerises\/wp-json\/wp\/v2\/comments?post=334"}],"version-history":[{"count":11,"href":"https:\/\/blogs.univ-tlse2.fr\/cerises\/wp-json\/wp\/v2\/pages\/334\/revisions"}],"predecessor-version":[{"id":3506,"href":"https:\/\/blogs.univ-tlse2.fr\/cerises\/wp-json\/wp\/v2\/pages\/334\/revisions\/3506"}],"up":[{"embeddable":true,"href":"https:\/\/blogs.univ-tlse2.fr\/cerises\/wp-json\/wp\/v2\/pages\/316"}],"wp:attachment":[{"href":"https:\/\/blogs.univ-tlse2.fr\/cerises\/wp-json\/wp\/v2\/media?parent=334"}],"curies":[{"name":"wp","href":"https:\/\/api.w.org\/{rel}","templated":true}]}}