 {"id":342,"date":"2013-01-11T11:58:02","date_gmt":"2013-01-11T10:58:02","guid":{"rendered":"https:\/\/blogs.univ-tlse2.fr\/cerises\/?page_id=342"},"modified":"2014-02-06T10:32:35","modified_gmt":"2014-02-06T09:32:35","slug":"groupe-de-praticiens-chercheurs","status":"publish","type":"page","link":"https:\/\/blogs.univ-tlse2.fr\/cerises\/cerises\/groupe-de-praticiens-chercheurs\/","title":{"rendered":"Groupe praticiens-chercheurs"},"content":{"rendered":"<p><span>Ce groupe a \u00e9t\u00e9 lanc\u00e9 en octobre 2009.<!--more--><\/span><\/p>\n<div>\n<p>Claude Vienney, Henri Desroche, Chantal Chomel, Charles Gide, Jacques Moreau ont tous un parcours qui a m\u00eal\u00e9 intimement pens\u00e9e et action. Dans les ann\u00e9es 1990, les efforts de liens entre universit\u00e9s et entreprises ont d\u00e9bouch\u00e9 sur la cr\u00e9ation de formations en \u00e9conomie sociale et solidaire, de plus en plus nombreuses \u00e0 partir de 2005. Dans le cadre de ces formations, de nouveaux liens praticiens-enseignants se sont d\u00e9velopp\u00e9s \u00e0 l&rsquo;image du master la nouvelle \u00e9conomie sociale de l&rsquo;Universit\u00e9 Toulouse Le Mirail\u00a0: <a title=\"Conf\u00e9rences d\u2019acteurs\" href=\"https:\/\/blogs.univ-tlse2.fr\/cerises\/formation\/master-et-doctorat-deconomie-sociale\/conferences-dacteurs\/\">conf\u00e9rences<\/a> du mardi matin, forte pr\u00e9sence des dipl\u00f4m\u00e9s du master dans les entreprises d&rsquo;\u00e9conomie sociale et solidaire, cr\u00e9ation d&rsquo;une <a title=\"CERISOL\" href=\"https:\/\/blogs.univ-tlse2.fr\/cerises\/experimentations\/cerisol\/\">Cigales<\/a> pour aider \u00e0 la cr\u00e9ation d&rsquo;activit\u00e9s, etc. N\u00e9anmoins, l&rsquo;imbrication entre action et recherche ne semble pas aussi forte qu&rsquo;\u00e0 l&rsquo;\u00e9poque des pionniers de l&rsquo;\u00e9conomie sociale.<\/p>\n<p>L&rsquo;initiative a alors \u00e9t\u00e9 lanc\u00e9e par Cerises de r\u00e9unir des partenaires proches pour mettre en place un groupe local dont <strong>le but est d&rsquo;identifier des probl\u00e9matiques communes aux praticiens et chercheurs afin d&rsquo;intensifier la coop\u00e9ration<\/strong>.<\/p>\n<p>Comptes-rendus des pr\u00e9c\u00e9dentes r\u00e9unions :<\/p>\n<ul>\n<li><a href=\"https:\/\/blogs.univ-tlse2.fr\/cerises\/files\/groupe-de-praticiens-chercheurs\/Resume_de_la_1ere_reunion_praticiens_chercheurs.pdf\">R\u00e9sum\u00e9 1\u00e8re r\u00e9union praticiens-chercheurs<\/a><\/li>\n<li><a href=\"https:\/\/blogs.univ-tlse2.fr\/cerises\/files\/groupe-de-praticiens-chercheurs\/Resume_de_la_2_me_reunion_praticiens_final.pdf\">R\u00e9sum\u00e9 2\u00e8me r\u00e9union praticiens-chercheurs<\/a><\/li>\n<li><a href=\"https:\/\/blogs.univ-tlse2.fr\/cerises\/files\/groupe-de-praticiens-chercheurs\/Resume_3eme_reunion_praticiens_chercheurs.pdf\">R\u00e9sum\u00e9 3\u00e8me r\u00e9union praticiens-chercheurs<\/a><\/li>\n<\/ul>\n<h2>Consultez aussi :<\/h2>\n\n<!-- Page-list plugin v.5.9 wordpress.org\/plugins\/page-list\/ -->\n<ul class=\"page-list \">\n<li class=\"page_item page-item-314\"><a href=\"https:\/\/blogs.univ-tlse2.fr\/cerises\/cerises\/contacts\/\">Coordonn\u00e9es<\/a><\/li>\n<li class=\"page_item page-item-316 page_item_has_children\"><a href=\"https:\/\/blogs.univ-tlse2.fr\/cerises\/cerises\/lequipe\/\">L&rsquo;\u00e9quipe<\/a><\/li>\n<li class=\"page_item page-item-338\"><a href=\"https:\/\/blogs.univ-tlse2.fr\/cerises\/cerises\/origines-et-evolutions-de-cerises\/\">Origines et \u00e9volutions de Cerises<\/a><\/li>\n<li class=\"page_item page-item-340\"><a href=\"https:\/\/blogs.univ-tlse2.fr\/cerises\/cerises\/charte-scientifique\/\">Charte scientifique<\/a><\/li>\n\n<\/ul>\n<\/div>\n","protected":false},"excerpt":{"rendered":"<p>Ce groupe a \u00e9t\u00e9 lanc\u00e9 en octobre 2009.<\/p>\n","protected":false},"author":157,"featured_media":0,"parent":19,"menu_order":5,"comment_status":"closed","ping_status":"open","template":"","meta":{"footnotes":""},"class_list":["post-342","page","type-page","status-publish","hentry"],"_links":{"self":[{"href":"https:\/\/blogs.univ-tlse2.fr\/cerises\/wp-json\/wp\/v2\/pages\/342","targetHints":{"allow":["GET"]}}],"collection":[{"href":"https:\/\/blogs.univ-tlse2.fr\/cerises\/wp-json\/wp\/v2\/pages"}],"about":[{"href":"https:\/\/blogs.univ-tlse2.fr\/cerises\/wp-json\/wp\/v2\/types\/page"}],"author":[{"embeddable":true,"href":"https:\/\/blogs.univ-tlse2.fr\/cerises\/wp-json\/wp\/v2\/users\/157"}],"replies":[{"embeddable":true,"href":"https:\/\/blogs.univ-tlse2.fr\/cerises\/wp-json\/wp\/v2\/comments?post=342"}],"version-history":[{"count":6,"href":"https:\/\/blogs.univ-tlse2.fr\/cerises\/wp-json\/wp\/v2\/pages\/342\/revisions"}],"predecessor-version":[{"id":3061,"href":"https:\/\/blogs.univ-tlse2.fr\/cerises\/wp-json\/wp\/v2\/pages\/342\/revisions\/3061"}],"up":[{"embeddable":true,"href":"https:\/\/blogs.univ-tlse2.fr\/cerises\/wp-json\/wp\/v2\/pages\/19"}],"wp:attachment":[{"href":"https:\/\/blogs.univ-tlse2.fr\/cerises\/wp-json\/wp\/v2\/media?parent=342"}],"curies":[{"name":"wp","href":"https:\/\/api.w.org\/{rel}","templated":true}]}}