 {"id":1773,"date":"2017-11-23T16:13:15","date_gmt":"2017-11-23T15:13:15","guid":{"rendered":"https:\/\/blogs.univ-tlse2.fr\/concertation-universitedetoulouse-idex\/?page_id=1773"},"modified":"2017-11-23T20:16:17","modified_gmt":"2017-11-23T19:16:17","slug":"le-dossier","status":"publish","type":"page","link":"https:\/\/blogs.univ-tlse2.fr\/concertation-universitedetoulouse-idex\/le-dossier\/","title":{"rendered":"Le dossier IDEX"},"content":{"rendered":"<p>La version* d\u00e9finitive du projet IDEX \u00ab Universit\u00e9 de Toulouse \u00bb (UNITI) 2018 vient de para\u00eetre. Vous pouvez la consulter <a href=\"https:\/\/blogs.univ-tlse2.fr\/concertation-universitedetoulouse-idex\/files\/2017\/11\/UNITI-2018-Version-de\u0301finitive.pdf\" target=\"_blank\" rel=\"noopener\">ici<\/a><\/p>\n<p>* Attention certains titres et paragraphes sont en anglais.<\/p>\n<hr \/>\n<h4>Communiqu\u00e9 du Pr\u00e9sident<\/h4>\n<p>Conform\u00e9ment aux engagements que nous avons pris en janvier 2017, la communaut\u00e9 universitaire de Jean Jaur\u00e8s sera consult\u00e9e sur son avenir avant que le Conseil d\u2019Administration ne se prononce sur le dossier de l\u2019IDEX, lequel comporte une partie projective consacr\u00e9e \u00e0 la future Universit\u00e9 de Toulouse (UT).<\/p>\n<p>Comme j\u2019ai eu l\u2019occasion de l\u2019expliquer dans diff\u00e9rentes instances au cours des mois \u00e9coul\u00e9s, le sens de cette consultation ne sera pas celui que nous avions envisag\u00e9 en janvier, car la configuration de l\u2019UT reste en attente d\u2019une adaptation de la loi que le Minist\u00e8re n\u2019a pas encore pr\u00e9cis\u00e9e. Notre CA votera donc en d\u00e9cembre sur un dossier IDEX achev\u00e9\u00a0; par contre, pour ent\u00e9riner le choix du mod\u00e8le juridique de l\u2019UT, il faudra attendre que de nouveaux textes r\u00e8glementaires sortent. A ce moment-l\u00e0, notre CA sera de nouveau consult\u00e9 avant la cr\u00e9ation effective de l\u2019UT.<\/p>\n<p>D\u2019ici l\u00e0, nous restons absolument libres de poursuivre le processus ou d\u2019en sortir, et nous pourrons juger de notre avenir dans les mois qui viennent en fonction des r\u00e9sultats du jury qui examinera notre dossier IDEX en f\u00e9vrier, et des textes d\u00e9finissant le cadre des \u00e9tablissements exp\u00e9rimentaux dans lequel pourrait s\u2019inscrire l\u2019UT.<\/p>\n<p>Le calendrier nous contraint donc de statuer en d\u00e9cembre sur un dossier dont une partie n\u2019est pas stabilis\u00e9e, celle sans doute qui importe le plus \u00e0 la plupart d\u2019entre nous\u00a0: quelle sera la forme juridique de l\u2019UT et quel sera le statut des \u00e9tablissements int\u00e9gr\u00e9s\u00a0? Par cons\u00e9quence, quelles pr\u00e9rogatives seront attribu\u00e9es aux diff\u00e9rents niveaux de l\u2019UT, et quelles subsidiarit\u00e9s et d\u00e9l\u00e9gations seront mises en place\u00a0? La projection contenue dans le dossier IDEX r\u00e9sulte d\u2019un long travail de concertation men\u00e9 en commun sur le site. Elle devra le moment venu s\u2019adapter au cadre l\u00e9gal et des modifications seront sans doute apport\u00e9es \u00e0 nos propositions.<\/p>\n<p>En raison de cette complexit\u00e9, nous vous proposons une consultation comportant 2 questions\u00a0: vous pourrez apporter votre adh\u00e9sion pleine et enti\u00e8re \u00e0 notre d\u00e9marche, ou la refuser\u00a0; vous pourrez aussi signifier votre approbation au sch\u00e9ma g\u00e9n\u00e9ral de l\u2019UT, mais en signifiant que compte tenu du contexte g\u00e9n\u00e9ral nous devons proc\u00e9der par \u00e9tapes, et commencer par une p\u00e9riode transitoire dans laquelle l\u2019UT2J garderait ses pr\u00e9rogatives. Si vous jugez que telle est la condition sine qua non de cr\u00e9ation de l\u2019UT, nous d\u00e9fendrons cette option, et notre CA appr\u00e9ciera au bout du processus si la forme finale de l\u2019UT lui para\u00eet satisfaisante.<\/p>\n<p>La consultation qui est propos\u00e9e \u00e0 l\u2019ensemble de la communaut\u00e9 universitaire (\u00e9tudiants comme personnels) n\u2019est pas un referendum, mais un outil destin\u00e9 \u00e0 aider les conseillers dans leur d\u00e9lib\u00e9ration et leurs votes. Chacun d\u2019eux en fera l\u2019usage qu\u2019il juge opportun. Quant \u00e0 nous, nous tiendrons bien entendu compte des r\u00e9sultats de cette consultation, comme nous l\u2019avons d\u00e9j\u00e0 dit. En outre, nous indiquons d\u2019ores et d\u00e9j\u00e0 qu\u2019\u00e0 nos yeux ces r\u00e9sultats ne pourront \u00eatre significatifs qu\u2019\u00e0 certaines conditions\u00a0: la campagne et les votes devront s\u2019\u00eatre d\u00e9roul\u00e9s sans perturbation, et le niveau de la participation devra \u00eatre suffisant. Nous appelons donc \u00e0 une large mobilisation quels que soient les avis formul\u00e9s.<\/p>\n<p>Les modalit\u00e9s du vote sont au demeurant absolument conformes \u00e0 celles appliqu\u00e9es lors de nos derni\u00e8res \u00e9lections g\u00e9n\u00e9rales.<\/p>\n<p>Libre \u00e0 chacun d\u00e9sormais de s\u2019exprimer d\u2019ici la consultation. Mon \u00e9quipe et moi-m\u00eame ne manquerons pas de le faire, mais dans d\u2019autres cadres.<\/p>\n<p>Daniel Lacroix<\/p>\n<p>Pr\u00e9sident d\u2019UT2J<\/p>\n","protected":false},"excerpt":{"rendered":"<p>La version* d\u00e9finitive du projet IDEX \u00ab Universit\u00e9 de Toulouse \u00bb (UNITI) 2018 vient de para\u00eetre. Vous pouvez la consulter ici * Attention certains titres et paragraphes sont en anglais. Communiqu\u00e9 du Pr\u00e9sident Conform\u00e9ment aux engagements que nous avons pris en janvier 2017, la communaut\u00e9 universitaire de Jean Jaur\u00e8s sera consult\u00e9e sur son avenir avant<\/p>\n","protected":false},"author":126,"featured_media":0,"parent":0,"menu_order":0,"comment_status":"closed","ping_status":"closed","template":"","meta":{"footnotes":""},"class_list":["post-1773","page","type-page","status-publish","hentry"],"_links":{"self":[{"href":"https:\/\/blogs.univ-tlse2.fr\/concertation-universitedetoulouse-idex\/wp-json\/wp\/v2\/pages\/1773","targetHints":{"allow":["GET"]}}],"collection":[{"href":"https:\/\/blogs.univ-tlse2.fr\/concertation-universitedetoulouse-idex\/wp-json\/wp\/v2\/pages"}],"about":[{"href":"https:\/\/blogs.univ-tlse2.fr\/concertation-universitedetoulouse-idex\/wp-json\/wp\/v2\/types\/page"}],"author":[{"embeddable":true,"href":"https:\/\/blogs.univ-tlse2.fr\/concertation-universitedetoulouse-idex\/wp-json\/wp\/v2\/users\/126"}],"replies":[{"embeddable":true,"href":"https:\/\/blogs.univ-tlse2.fr\/concertation-universitedetoulouse-idex\/wp-json\/wp\/v2\/comments?post=1773"}],"version-history":[{"count":8,"href":"https:\/\/blogs.univ-tlse2.fr\/concertation-universitedetoulouse-idex\/wp-json\/wp\/v2\/pages\/1773\/revisions"}],"predecessor-version":[{"id":1794,"href":"https:\/\/blogs.univ-tlse2.fr\/concertation-universitedetoulouse-idex\/wp-json\/wp\/v2\/pages\/1773\/revisions\/1794"}],"wp:attachment":[{"href":"https:\/\/blogs.univ-tlse2.fr\/concertation-universitedetoulouse-idex\/wp-json\/wp\/v2\/media?parent=1773"}],"curies":[{"name":"wp","href":"https:\/\/api.w.org\/{rel}","templated":true}]}}