 {"id":1782,"date":"2017-11-23T16:39:14","date_gmt":"2017-11-23T15:39:14","guid":{"rendered":"https:\/\/blogs.univ-tlse2.fr\/concertation-universitedetoulouse-idex\/?page_id=1782"},"modified":"2017-11-23T16:39:14","modified_gmt":"2017-11-23T15:39:14","slug":"demarche-et-feuille-de-route","status":"publish","type":"page","link":"https:\/\/blogs.univ-tlse2.fr\/concertation-universitedetoulouse-idex\/demarche-et-feuille-de-route\/","title":{"rendered":"D\u00e9marche et feuille de route"},"content":{"rendered":"<p>Depuis le vote par les CA des \u00e9tablissements du site toulousain, de la feuille de route <em>\u00ab\u00a0Universit\u00e9 de Toulouse : vers une universit\u00e9 int\u00e9gr\u00e9e de rang mondial\u00a0\u00bb<\/em>, la d\u00e9marche de travail initi\u00e9e au niveau du site a d\u00e9marr\u00e9.<\/p>\n<p>Elle a rapidement conduit le Conseil des membres de l\u2019Universit\u00e9 F\u00e9d\u00e9rale de Toulouse, le 5 mai dernier, \u00e0 clarifier et simplifier le projet de l\u2019Universit\u00e9 de Toulouse \u2013 UT.<\/p>\n<p>Cette nouvelle orientation est aussi plus conforme \u00e0 nos ambitions et aux enjeux de l\u2019UT2J.<\/p>\n<p>La structuration \u00e0 4 de l\u2019UT est donc une priorit\u00e9, et il nous appartient dans ce cadre de d\u00e9finir :<\/p>\n<ul>\n<li>Notre mod\u00e8le d\u2019organisaxtion<\/li>\n<li>Notre gouvernance<\/li>\n<li>Le projet scientifique et p\u00e9dagogique<\/li>\n<li>Les modalit\u00e9s sp\u00e9cifiques de gestion de l\u2019IDEX.<\/li>\n<\/ul>\n<p>Bien entendu, cela se fera avec les 6 organismes de recherche nationaux concern\u00e9s (CNRS, INRA, INSERM, IRD, ONERA et CNES), et en concertation avec l\u2019ensemble des partenaires du site sur les sujets partag\u00e9s.<\/p>\n<p><strong>En terme de calendrier<\/strong>, les 4 \u00e9tablissements du noyau dur et les organismes de recherche ont exprim\u00e9 le souhait de maintenir un rythme rapide afin d\u2019\u00eatre en mesure de red\u00e9poser un dossier fin 2017, en vue d\u2019un passage devant le jury international en mars 2018.<\/p>\n<p>Il est donc pr\u00e9vu de mettre en place sans tarder la signature unique et d\u2019ici d\u00e9cembre 2017 une gestion unique des doctorats, par transfert \u00e0 l\u2019UFT d\u2019abord, puis \u00e0 l\u2019UT d\u00e8s sa cr\u00e9ation.<\/p>\n<p>Le mod\u00e8le cible d\u2019Universit\u00e9 retenu pour l\u2019UT devra donc \u00eatre d\u00e9termin\u00e9 \u00e0 cette date, mais sa mise en \u0153uvre r\u00e9elle ne s\u2019envisage qu\u2019au 1<sup>er<\/sup> janvier 2019, et de mani\u00e8re progressive et \u00e9tal\u00e9e dans le temps.<\/p>\n<p><strong><a href=\"https:\/\/blogs.univ-tlse2.fr\/concertation-universitedetoulouse-idex\/files\/2017\/05\/Calendrier.jpg\" target=\"_blank\" rel=\"noopener noreferrer\"><img loading=\"lazy\" decoding=\"async\" class=\"alignnone wp-image-1553\" src=\"https:\/\/blogs.univ-tlse2.fr\/concertation-universitedetoulouse-idex\/files\/2017\/05\/Calendrier.jpg\" alt=\"\" width=\"803\" height=\"603\" \/><\/a><\/strong><\/p>\n<p><strong>C\u2019est dans ce nouveau cadre que peut donc r\u00e9ellement d\u00e9marrer le travail<\/strong>, en interne, \u00e0 4 et au niveau du site.<\/p>\n<p>La d\u00e9marche adopt\u00e9e s\u2019appuie sur des groupes de travail inter-\u00e9tablissements constitu\u00e9s au niveau de l\u2019ensemble du site, de mani\u00e8re privil\u00e9gi\u00e9e avec nos partenaires fondateurs de la future UT et en interne \u00e0 l\u2019UT2J.<\/p>\n<p>L\u2019articulation et la concertation entre les groupes de travail, internes et de site, et la concertation entre les diff\u00e9rents groupes th\u00e9matiques sont un \u00e9l\u00e9ment essentiel de la r\u00e9ussite de cette d\u00e9marche.<\/p>\n<p>Cette d\u00e9marche, nous la voulons concert\u00e9e, transparente et efficace.<\/p>\n<p>Vous trouverez ici les informations y aff\u00e9rant.<\/p>\n<p>Pour ce qui est des groupes de travail internes, (composition valid\u00e9e en CA du 9 mai), leur r\u00e9flexion doit :<\/p>\n<p>\u2013 permettre l\u2019expression des interrogations g\u00e9n\u00e9r\u00e9es par les transformations \u00e0 venir,<\/p>\n<p>\u2013 \u00e9tablir un \u00e9tat des lieux aussi pr\u00e9cis que possible conduisant \u00e0 l\u2019identification des points que l\u2019UT2J veut d\u00e9fendre et porter au niveau de l\u2019Universit\u00e9 de Toulouse,<\/p>\n<p>\u2013 \u00eatre l\u2019occasion d\u2019identifier les opportunit\u00e9s cr\u00e9\u00e9es par cette nouvelle situation afin de les saisir et de faire \u00e9merger les avantages offerts par la cr\u00e9ation d\u2019une universit\u00e9 int\u00e9gr\u00e9e.<\/p>\n<p><a href=\"https:\/\/blogs.univ-tlse2.fr\/concertation-universitedetoulouse-idex\/files\/2017\/05\/Organisation-ge\u0301ne\u0301rique-des-groupes-de-travail-interne.jpg\" target=\"_blank\" rel=\"noopener noreferrer\"><img loading=\"lazy\" decoding=\"async\" class=\"alignnone wp-image-1570\" src=\"https:\/\/blogs.univ-tlse2.fr\/concertation-universitedetoulouse-idex\/files\/2017\/05\/Organisation-ge\u0301ne\u0301rique-des-groupes-de-travail-interne.jpg\" alt=\"\" width=\"800\" height=\"450\" \/><\/a><\/p>\n<p>&nbsp;<\/p>\n","protected":false},"excerpt":{"rendered":"<p>Depuis le vote par les CA des \u00e9tablissements du site toulousain, de la feuille de route \u00ab\u00a0Universit\u00e9 de Toulouse : vers une universit\u00e9 int\u00e9gr\u00e9e de rang mondial\u00a0\u00bb, la d\u00e9marche de travail initi\u00e9e au niveau du site a d\u00e9marr\u00e9. Elle a rapidement conduit le Conseil des membres de l\u2019Universit\u00e9 F\u00e9d\u00e9rale de Toulouse, le 5 mai dernier,<\/p>\n","protected":false},"author":126,"featured_media":0,"parent":0,"menu_order":0,"comment_status":"closed","ping_status":"closed","template":"","meta":{"footnotes":""},"class_list":["post-1782","page","type-page","status-publish","hentry"],"_links":{"self":[{"href":"https:\/\/blogs.univ-tlse2.fr\/concertation-universitedetoulouse-idex\/wp-json\/wp\/v2\/pages\/1782","targetHints":{"allow":["GET"]}}],"collection":[{"href":"https:\/\/blogs.univ-tlse2.fr\/concertation-universitedetoulouse-idex\/wp-json\/wp\/v2\/pages"}],"about":[{"href":"https:\/\/blogs.univ-tlse2.fr\/concertation-universitedetoulouse-idex\/wp-json\/wp\/v2\/types\/page"}],"author":[{"embeddable":true,"href":"https:\/\/blogs.univ-tlse2.fr\/concertation-universitedetoulouse-idex\/wp-json\/wp\/v2\/users\/126"}],"replies":[{"embeddable":true,"href":"https:\/\/blogs.univ-tlse2.fr\/concertation-universitedetoulouse-idex\/wp-json\/wp\/v2\/comments?post=1782"}],"version-history":[{"count":1,"href":"https:\/\/blogs.univ-tlse2.fr\/concertation-universitedetoulouse-idex\/wp-json\/wp\/v2\/pages\/1782\/revisions"}],"predecessor-version":[{"id":1783,"href":"https:\/\/blogs.univ-tlse2.fr\/concertation-universitedetoulouse-idex\/wp-json\/wp\/v2\/pages\/1782\/revisions\/1783"}],"wp:attachment":[{"href":"https:\/\/blogs.univ-tlse2.fr\/concertation-universitedetoulouse-idex\/wp-json\/wp\/v2\/media?parent=1782"}],"curies":[{"name":"wp","href":"https:\/\/api.w.org\/{rel}","templated":true}]}}