 {"id":744,"date":"2017-03-23T16:04:16","date_gmt":"2017-03-23T15:04:16","guid":{"rendered":"https:\/\/blogs.univ-tlse2.fr\/concertation-universitedetoulouse-idex\/?page_id=744"},"modified":"2017-05-28T08:37:13","modified_gmt":"2017-05-28T06:37:13","slug":"groupes-de-travail-ut2j-2","status":"publish","type":"page","link":"https:\/\/blogs.univ-tlse2.fr\/concertation-universitedetoulouse-idex\/groupes-de-travail-ut2j-2\/","title":{"rendered":"Groupes de travail internes (UT2J)"},"content":{"rendered":"<blockquote><p><strong>La r\u00e9flexion de nos groupes de travail doit :<\/strong><br \/>\n\u2013 Permettre l\u2019expression des interrogations que g\u00e9n\u00e8rent les transformations \u00e0 venir,<br \/>\n\u2013 Conduire \u00e0 l\u2019identification des points forts que l\u2019UT2J veut d\u00e9fendre et porter au niveau de l\u2019Universit\u00e9 de Toulouse,<br \/>\n\u2013 \u00catre l\u2019occasion de saisir de nouvelles opportunit\u00e9s et de faire \u00e9merger les avantages offerts par ce rapprochement.<\/p><\/blockquote>\n","protected":false},"excerpt":{"rendered":"<p>La r\u00e9flexion de nos groupes de travail doit : \u2013 Permettre l\u2019expression des interrogations que g\u00e9n\u00e8rent les transformations \u00e0 venir, \u2013 Conduire \u00e0 l\u2019identification des points forts que l\u2019UT2J veut d\u00e9fendre et porter au niveau de l\u2019Universit\u00e9 de Toulouse, \u2013 \u00catre l\u2019occasion de saisir de nouvelles opportunit\u00e9s et de faire \u00e9merger les avantages offerts par<\/p>\n","protected":false},"author":126,"featured_media":0,"parent":0,"menu_order":0,"comment_status":"closed","ping_status":"closed","template":"page.php","meta":{"footnotes":""},"class_list":["post-744","page","type-page","status-publish","hentry"],"_links":{"self":[{"href":"https:\/\/blogs.univ-tlse2.fr\/concertation-universitedetoulouse-idex\/wp-json\/wp\/v2\/pages\/744","targetHints":{"allow":["GET"]}}],"collection":[{"href":"https:\/\/blogs.univ-tlse2.fr\/concertation-universitedetoulouse-idex\/wp-json\/wp\/v2\/pages"}],"about":[{"href":"https:\/\/blogs.univ-tlse2.fr\/concertation-universitedetoulouse-idex\/wp-json\/wp\/v2\/types\/page"}],"author":[{"embeddable":true,"href":"https:\/\/blogs.univ-tlse2.fr\/concertation-universitedetoulouse-idex\/wp-json\/wp\/v2\/users\/126"}],"replies":[{"embeddable":true,"href":"https:\/\/blogs.univ-tlse2.fr\/concertation-universitedetoulouse-idex\/wp-json\/wp\/v2\/comments?post=744"}],"version-history":[{"count":7,"href":"https:\/\/blogs.univ-tlse2.fr\/concertation-universitedetoulouse-idex\/wp-json\/wp\/v2\/pages\/744\/revisions"}],"predecessor-version":[{"id":1221,"href":"https:\/\/blogs.univ-tlse2.fr\/concertation-universitedetoulouse-idex\/wp-json\/wp\/v2\/pages\/744\/revisions\/1221"}],"wp:attachment":[{"href":"https:\/\/blogs.univ-tlse2.fr\/concertation-universitedetoulouse-idex\/wp-json\/wp\/v2\/media?parent=744"}],"curies":[{"name":"wp","href":"https:\/\/api.w.org\/{rel}","templated":true}]}}