 {"id":805,"date":"2017-03-23T19:32:18","date_gmt":"2017-03-23T18:32:18","guid":{"rendered":"https:\/\/blogs.univ-tlse2.fr\/concertation-universitedetoulouse-idex\/?page_id=805"},"modified":"2017-06-02T11:22:16","modified_gmt":"2017-06-02T09:22:16","slug":"gti-6-systeme-dinformation-et-numerique","status":"publish","type":"page","link":"https:\/\/blogs.univ-tlse2.fr\/concertation-universitedetoulouse-idex\/gti-6-systeme-dinformation-et-numerique\/","title":{"rendered":"GTI SI et num\u00e9rique"},"content":{"rendered":"<p><b>Groupe de travail<\/b>\u00a0= Commission COSI<\/p>\n<p>Un repr\u00e9sentant du groupe participera en tant que de besoin aux groupes de travail internes.<\/p>\n<p><strong>Groupe op\u00e9rationnel\u00a0:<br \/>\n<\/strong><\/p>\n<ul>\n<li>Repr\u00e9sentants dans groupes internes +<\/li>\n<li>DTICE<\/li>\n<li>Repr\u00e9sentants des UFR et \u00e9coles internes<\/li>\n<\/ul>\n<p>Le groupe ne s\u2019est pas encore r\u00e9uni, car les membres s\u2019investissent pleinement pour le moment dans l\u2019ensemble des GT externes auxquels ils participent, avec la double ambition de d\u00e9terminer les projets communs au niveau du site et de concevoir de mani\u00e8re la plus large possible le future syst\u00e8me d\u2019information de l\u2019Universit\u00e9 de Toulouse.<\/p>\n<hr \/>\n<p><b>Objectif et enjeux UT2J\u00a0: <\/b><\/p>\n<p>&#8211; Coh\u00e9sion entre les projets issus des diff\u00e9rents groupes en vue de discussion en interU<\/p>\n<p>&#8211; \u00ab\u00a0Les \u00e9volutions du syst\u00e8me d\u2019information pour prendre en compte la nouvelle configuration relative \u00e0 la feuille de route IDEX, en particulier avec l\u2019UPS et au sein du noyau dur.\u00a0\u00bb.<\/p>\n<hr \/>\n<p><b>Th\u00e8mes et sujets \u00e0 aborder\u00a0:<\/b><\/p>\n<p>&#8211; Convergence des SI<\/p>\n<p>&#8211; Mise en place de r\u00e9f\u00e9rentiels communs<\/p>\n<p>&#8211; Outils de pilotage unifi\u00e9s<\/p>\n<p>-Mise en place de syst\u00e8me d\u2019\u00e9changes de donn\u00e9es automatis\u00e9s<\/p>\n<hr \/>\n<p><b>Planning :<\/b><\/p>\n<p>La prochaine COSI, qui aura lieu le 5 juillet, sera saisie de l\u2019avancement du dossier.<\/p>\n","protected":false},"excerpt":{"rendered":"<p>Groupe de travail\u00a0= Commission COSI Un repr\u00e9sentant du groupe participera en tant que de besoin aux groupes de travail internes. Groupe op\u00e9rationnel\u00a0: Repr\u00e9sentants dans groupes internes + DTICE Repr\u00e9sentants des UFR et \u00e9coles internes Le groupe ne s\u2019est pas encore r\u00e9uni, car les membres s\u2019investissent pleinement pour le moment dans l\u2019ensemble des GT externes auxquels<\/p>\n","protected":false},"author":126,"featured_media":1137,"parent":0,"menu_order":0,"comment_status":"closed","ping_status":"closed","template":"page.php","meta":{"footnotes":""},"class_list":["post-805","page","type-page","status-publish","has-post-thumbnail","hentry"],"_links":{"self":[{"href":"https:\/\/blogs.univ-tlse2.fr\/concertation-universitedetoulouse-idex\/wp-json\/wp\/v2\/pages\/805","targetHints":{"allow":["GET"]}}],"collection":[{"href":"https:\/\/blogs.univ-tlse2.fr\/concertation-universitedetoulouse-idex\/wp-json\/wp\/v2\/pages"}],"about":[{"href":"https:\/\/blogs.univ-tlse2.fr\/concertation-universitedetoulouse-idex\/wp-json\/wp\/v2\/types\/page"}],"author":[{"embeddable":true,"href":"https:\/\/blogs.univ-tlse2.fr\/concertation-universitedetoulouse-idex\/wp-json\/wp\/v2\/users\/126"}],"replies":[{"embeddable":true,"href":"https:\/\/blogs.univ-tlse2.fr\/concertation-universitedetoulouse-idex\/wp-json\/wp\/v2\/comments?post=805"}],"version-history":[{"count":8,"href":"https:\/\/blogs.univ-tlse2.fr\/concertation-universitedetoulouse-idex\/wp-json\/wp\/v2\/pages\/805\/revisions"}],"predecessor-version":[{"id":1628,"href":"https:\/\/blogs.univ-tlse2.fr\/concertation-universitedetoulouse-idex\/wp-json\/wp\/v2\/pages\/805\/revisions\/1628"}],"wp:featuredmedia":[{"embeddable":true,"href":"https:\/\/blogs.univ-tlse2.fr\/concertation-universitedetoulouse-idex\/wp-json\/wp\/v2\/media\/1137"}],"wp:attachment":[{"href":"https:\/\/blogs.univ-tlse2.fr\/concertation-universitedetoulouse-idex\/wp-json\/wp\/v2\/media?parent=805"}],"curies":[{"name":"wp","href":"https:\/\/api.w.org\/{rel}","templated":true}]}}