 {"id":807,"date":"2017-03-23T19:32:39","date_gmt":"2017-03-23T18:32:39","guid":{"rendered":"https:\/\/blogs.univ-tlse2.fr\/concertation-universitedetoulouse-idex\/?page_id=807"},"modified":"2017-10-19T16:13:26","modified_gmt":"2017-10-19T14:13:26","slug":"gti-7-gouvernance","status":"publish","type":"page","link":"https:\/\/blogs.univ-tlse2.fr\/concertation-universitedetoulouse-idex\/gti-7-gouvernance\/","title":{"rendered":"GTI Gouvernance et politique de site"},"content":{"rendered":"<p><strong>Composition<\/strong><\/p>\n<p>Pr\u00e9sident et le DGS (pilotes),<\/p>\n<p>\u00c9lus du Conseil d\u2019administration,<\/p>\n<p>VP statutaires CR et CFVU,<\/p>\n<p>VP d\u00e9l\u00e9gu\u00e9 aux moyens et \u00e0 la prospective,<\/p>\n<p>1 ou plusieurs repr\u00e9sentant des UFR,<\/p>\n<p>1 repr\u00e9sentant IUT,<\/p>\n<p>1 repr\u00e9sentant ESPE,<\/p>\n<p>Les services juridiques et affaires g\u00e9n\u00e9rales,<\/p>\n<p>(\u2026)<\/p>\n<hr \/>\n<p><b>Planning des GT\u00a0:<\/b><\/p>\n<p>\u2013 Mardi 19 septembre 2017 \/14h : Contexte et m\u00e9thode de travail <em>Lire le <a href=\"https:\/\/blogs.univ-tlse2.fr\/concertation-universitedetoulouse-idex\/?page_id=1706&amp;preview=true\" target=\"_blank\" rel=\"noopener noreferrer\">CR<\/a><\/em><\/p>\n<p>\u2013 Mardi 17 octobre 2017 \/9h : Les relations avec le SITE (int\u00e9gration de la politique de site). <em>Voir le <a href=\"https:\/\/blogs.univ-tlse2.fr\/concertation-universitedetoulouse-idex\/files\/2017\/10\/Pre\u0301sentation-GT-gouvernance-17-10-2017-VF.pdf\" target=\"_blank\" rel=\"noopener\">diaporama<\/a><\/em> pr\u00e9sent\u00e9 lors de la r\u00e9union, par Philippe Raimbault,\u00a0pr\u00e9sident de l\u2019Universit\u00e9 f\u00e9d\u00e9rale de Toulouse Midi-Pyr\u00e9n\u00e9es.<\/p>\n","protected":false},"excerpt":{"rendered":"<p>Composition Pr\u00e9sident et le DGS (pilotes), \u00c9lus du Conseil d\u2019administration, VP statutaires CR et CFVU, VP d\u00e9l\u00e9gu\u00e9 aux moyens et \u00e0 la prospective, 1 ou plusieurs repr\u00e9sentant des UFR, 1 repr\u00e9sentant IUT, 1 repr\u00e9sentant ESPE, Les services juridiques et affaires g\u00e9n\u00e9rales, (\u2026) Planning des GT\u00a0: \u2013 Mardi 19 septembre 2017 \/14h : Contexte et m\u00e9thode<\/p>\n","protected":false},"author":126,"featured_media":1172,"parent":0,"menu_order":0,"comment_status":"closed","ping_status":"closed","template":"page.php","meta":{"footnotes":""},"class_list":["post-807","page","type-page","status-publish","has-post-thumbnail","hentry"],"_links":{"self":[{"href":"https:\/\/blogs.univ-tlse2.fr\/concertation-universitedetoulouse-idex\/wp-json\/wp\/v2\/pages\/807","targetHints":{"allow":["GET"]}}],"collection":[{"href":"https:\/\/blogs.univ-tlse2.fr\/concertation-universitedetoulouse-idex\/wp-json\/wp\/v2\/pages"}],"about":[{"href":"https:\/\/blogs.univ-tlse2.fr\/concertation-universitedetoulouse-idex\/wp-json\/wp\/v2\/types\/page"}],"author":[{"embeddable":true,"href":"https:\/\/blogs.univ-tlse2.fr\/concertation-universitedetoulouse-idex\/wp-json\/wp\/v2\/users\/126"}],"replies":[{"embeddable":true,"href":"https:\/\/blogs.univ-tlse2.fr\/concertation-universitedetoulouse-idex\/wp-json\/wp\/v2\/comments?post=807"}],"version-history":[{"count":8,"href":"https:\/\/blogs.univ-tlse2.fr\/concertation-universitedetoulouse-idex\/wp-json\/wp\/v2\/pages\/807\/revisions"}],"predecessor-version":[{"id":1721,"href":"https:\/\/blogs.univ-tlse2.fr\/concertation-universitedetoulouse-idex\/wp-json\/wp\/v2\/pages\/807\/revisions\/1721"}],"wp:featuredmedia":[{"embeddable":true,"href":"https:\/\/blogs.univ-tlse2.fr\/concertation-universitedetoulouse-idex\/wp-json\/wp\/v2\/media\/1172"}],"wp:attachment":[{"href":"https:\/\/blogs.univ-tlse2.fr\/concertation-universitedetoulouse-idex\/wp-json\/wp\/v2\/media?parent=807"}],"curies":[{"name":"wp","href":"https:\/\/api.w.org\/{rel}","templated":true}]}}