 {"id":20,"date":"2015-10-28T11:25:44","date_gmt":"2015-10-28T10:25:44","guid":{"rendered":"https:\/\/blogs.univ-tlse2.fr\/dynamiquesrurales\/?page_id=20"},"modified":"2015-12-14T16:04:18","modified_gmt":"2015-12-14T15:04:18","slug":"appel-a-communication","status":"publish","type":"page","link":"https:\/\/blogs.univ-tlse2.fr\/dynamiquesrurales\/appel-a-communication\/","title":{"rendered":"Appel \u00e0 communication"},"content":{"rendered":"<p style=\"text-align: justify\"><a href=\"http:\/\/dynamiques-rurales.univ-tlse2.fr\/\" target=\"_blank\"><img loading=\"lazy\" decoding=\"async\" class=\"size-full wp-image-107 alignleft\" src=\"https:\/\/blogs.univ-tlse2.fr\/dynamiquesrurales\/files\/2015\/10\/logo-DR.jpg\" alt=\"logo DR\" width=\"136\" height=\"84\" \/><\/a><\/p>\n<p style=\"text-align: justify\"><a href=\"https:\/\/blogs.univ-tlse2.fr\/dynamiquesrurales\/files\/2015\/12\/JR2016ToulouseAACv72-English1.pdf\"><img loading=\"lazy\" decoding=\"async\" class=\"wp-image-141 alignright\" src=\"https:\/\/blogs.univ-tlse2.fr\/dynamiquesrurales\/files\/2015\/10\/danglais.jpg\" alt=\"danglais\" width=\"32\" height=\"32\" srcset=\"https:\/\/blogs.univ-tlse2.fr\/dynamiquesrurales\/files\/2015\/10\/danglais.jpg 225w, https:\/\/blogs.univ-tlse2.fr\/dynamiquesrurales\/files\/2015\/10\/danglais-150x150.jpg 150w\" sizes=\"auto, (max-width: 32px) 100vw, 32px\" \/><\/a>\u00a0 <a href=\"https:\/\/blogs.univ-tlse2.fr\/dynamiquesrurales\/files\/2015\/12\/JR2016ToulouseAACv7-Deutsch.pdf\"><img loading=\"lazy\" decoding=\"async\" class=\"wp-image-143 alignright\" src=\"https:\/\/blogs.univ-tlse2.fr\/dynamiquesrurales\/files\/2015\/10\/dallemand.png\" alt=\"dallemand\" width=\"33\" height=\"20\" \/><\/a><a href=\"https:\/\/blogs.univ-tlse2.fr\/dynamiquesrurales\/files\/2015\/12\/JR2016ToulouseAACv7-Espa\u00f1ol.pdf\"><img loading=\"lazy\" decoding=\"async\" class=\"alignright wp-image-142\" src=\"https:\/\/blogs.univ-tlse2.fr\/dynamiquesrurales\/files\/2015\/10\/despagnol.jpg\" alt=\"despagnol\" width=\"31\" height=\"31\" srcset=\"https:\/\/blogs.univ-tlse2.fr\/dynamiquesrurales\/files\/2015\/10\/despagnol.jpg 225w, https:\/\/blogs.univ-tlse2.fr\/dynamiquesrurales\/files\/2015\/10\/despagnol-150x150.jpg 150w\" sizes=\"auto, (max-width: 31px) 100vw, 31px\" \/><\/a>A l\u2019occasion des 25 ans du laboratoire \u2018Dynamiques Rurales\u2019, un colloque international pluridisciplinaire se tiendra \u00e0 Toulouse du 23 au 27 mai 2016. Ce colloque sera coupl\u00e9 aux Journ\u00e9es Rurales 2016 de la Commission fran\u00e7aise de G\u00e9ographie rurale (Comit\u00e9 National Fran\u00e7ais de G\u00e9ographie). Cette double manifestation appelle des contributions de l\u2019ensemble des sciences humaines et sociales travaillant sur les ruralit\u00e9s (g\u00e9ographie, sociologie, \u00e9conomie, anthropologie, gestion, droit, \u00e9tudes audiovisuelles\u2026), \u00e0 l\u2019image du dialogue entre disciplines propre \u00e0 \u2018Dynamiques Rurales\u2019. Elle invite \u00e0 d\u00e9velopper une collaboration tant avec les partenaires historiques de \u2018Dynamiques Rurales\u2019, notamment en Am\u00e9rique latine et en Afrique, qu\u2019avec les homologues de la Commission fran\u00e7aise de G\u00e9ographie rurale dans diff\u00e9rents pays europ\u00e9ens (Allemagne, Belgique, Espagne, Italie, Portugal, Royaume Uni\u2026) dans le cadre du R\u00e9seau europ\u00e9en de g\u00e9ographie rurale.<\/p>\n<p style=\"text-align: justify\">La parution de \u00ab La renaissance rurale \u00bb (B. Kayser, 1990) et la naissance du laboratoire \u2018Dynamiques Rurales\u2019 (1991) sont quasiment concomitantes. Un quart de si\u00e8cle plus tard, quel sort faisons-nous \u00e0 \u00ab La renaissance rurale\u00a0\u00bb ? L\u2019objectif n\u2019est pas tant de reprendre la pol\u00e9mique entre les tenants de la crise rurale et de sa disparition programm\u00e9e, oppos\u00e9s aux tenants d\u2019une renaissance rurale aux accents parfois localistes et militants. Il s\u2019agit plut\u00f4t de revenir sur le fond, sur le projet qui a guid\u00e9 l\u2019ouvrage : une tentative de synth\u00e8se des r\u00e9flexions des ann\u00e9es 1970 et 1980 en vue de refonder l\u2019objet \u00ab rural \u00bb, de donner les grands axes d\u2019un mod\u00e8le de compr\u00e9hension d\u2019un rapport soci\u00e9t\u00e9 \u2013 espace. Qu\u2019en est-il aujourd\u2019hui de ce projet ?<\/p>\n<p style=\"text-align: justify\">Dans l\u2019objectif de construire un bilan et des perspectives, nous proposons de centrer le colloque sur des points de controverse qui ont anim\u00e9 les \u00e9tudes rurales durant ces derni\u00e8res d\u00e9cennies, autour de 3 axes th\u00e9matiques\u00a0:<\/p>\n<p style=\"text-align: justify\"><strong>Usages <\/strong><\/p>\n<p style=\"text-align: justify\"><a href=\"https:\/\/blogs.univ-tlse2.fr\/dynamiquesrurales\/files\/2015\/10\/march\u00e9-bio-Mexique2012\u00a9M-Pouzenc.jpg\"><img loading=\"lazy\" decoding=\"async\" class=\" wp-image-71 alignleft\" src=\"https:\/\/blogs.univ-tlse2.fr\/dynamiquesrurales\/files\/2015\/10\/march\u00e9-bio-Mexique2012\u00a9M-Pouzenc-225x300.jpg\" alt=\"march\u00e9 bio Mexique2012\u00a9M Pouzenc\" width=\"189\" height=\"252\" srcset=\"https:\/\/blogs.univ-tlse2.fr\/dynamiquesrurales\/files\/2015\/10\/march\u00e9-bio-Mexique2012\u00a9M-Pouzenc-225x300.jpg 225w, https:\/\/blogs.univ-tlse2.fr\/dynamiquesrurales\/files\/2015\/10\/march\u00e9-bio-Mexique2012\u00a9M-Pouzenc-768x1024.jpg 768w, https:\/\/blogs.univ-tlse2.fr\/dynamiquesrurales\/files\/2015\/10\/march\u00e9-bio-Mexique2012\u00a9M-Pouzenc-624x832.jpg 624w\" sizes=\"auto, (max-width: 189px) 100vw, 189px\" \/><\/a>S\u2019appuyant sur de nombreux travaux, B. Kayser constatait un retournement de tendance d\u00e9mographique \u00e0 partir des ann\u00e9es 1970\u00a0: les campagnes d\u2019Europe et d\u2019Am\u00e9rique du Nord commen\u00e7aient \u00e0 se repeupler. L\u2019auteur n\u2019y voyait pas seulement un ph\u00e9nom\u00e8ne de p\u00e9riurbanisation, dont l\u2019ampleur n\u2019a cess\u00e9 de cro\u00eetre depuis lors, mais plus largement une \u00ab\u00a0renaissance rurale\u00a0\u00bb. La soci\u00e9t\u00e9 villageoise, la localit\u00e9, entendue comme une organisation sp\u00e9cifique de ph\u00e9nom\u00e8nes globaux, apparaissait en pleine recomposition, que ce soit au niveau de ses secteurs d\u2019activit\u00e9, de ses groupes sociaux ou de ses pratiques culturelles.<\/p>\n<p style=\"text-align: justify\">Depuis lors, du \u00ab\u00a0repeuplement des campagnes \u00bb \u00e0 l\u2019\u00e9conomie r\u00e9sidentielle, de \u00ab la recomposition de la soci\u00e9t\u00e9 villageoise \u00bb \u00e0 la transition mobilitaire, de \u00ab la culture au village \u00bb au marketing territorial, les mutations constat\u00e9es sont consid\u00e9rables et appellent un profond renouvellement des cat\u00e9gories permettant d\u2019en rendre compte. En sommes-nous aujourd\u2019hui, dans le cadre du \u00ab\u00a0village plan\u00e9taire\u00a0\u00bb, \u00e0 une uniformisation des usages et des usagers des espaces agricoles et des espaces de moindre densit\u00e9\u00a0? Les pratiques spatiales des acteurs du quotidien, conjugu\u00e9es \u00e0 la force des repr\u00e9sentations sociales, contribuent \u00e0 modifier et marquer les territoires (M.\u00a0De Certeau, 1990, G.\u00a0Di M\u00e9o, 1996, N.\u00a0Mathieu, 1998, J.\u00a0Viard, 1996). En particulier, les cat\u00e9gories spatiales de l\u2019urbain et du rural et leurs usages se transforment, de fa\u00e7on diffuse, parce qu\u2019ils sont mis en actes, et ces transformations interrogent sur\u00a0:<\/p>\n<ul style=\"text-align: justify\">\n<li>ce qui a chang\u00e9 dans les relations villes-campagnes\u00a0: ces relations ne sont-elles pas d\u00e9clin\u00e9es d\u00e9sormais sur le mode de l\u2019hybridation, au-del\u00e0 d\u2019une relation d\u2019interd\u00e9pendance\u00a0? N\u2019assiste-t-on pas \u00e0 une circulation parfois in\u00e9dite de normes depuis les villes vers les campagnes, mais aussi des campagnes vers les villes ?<\/li>\n<li>la validit\u00e9 de la grille de lecture urbain versus rural\u00a0: les positions sociales ne sont-elles pas plus op\u00e9rantes pour expliquer les diff\u00e9rents modes d\u2019habiter\u00a0et les recompositions de pratiques spatiales entre habitants des territoires dit urbains, p\u00e9riurbains ou ruraux?<\/li>\n<li>l\u2019implacable uniformisation des pratiques socio-spatiales qui s\u2019affranchiraient des diff\u00e9rences territoriales\u00a0: si rapprochement il y a, n\u2019observe-t-on pas n\u00e9anmoins des nuances entre urbain et rural\u00a0? Elles peuvent porter sur les formes de mobilit\u00e9, de rapport \u00e0 la nature, du rapport au travail, des modes d\u2019approvisionnement, du rapport au num\u00e9rique.<\/li>\n<\/ul>\n<p style=\"text-align: justify\"><strong>Ressources <a href=\"https:\/\/blogs.univ-tlse2.fr\/dynamiquesrurales\/files\/2015\/10\/basilic-Italie2013\u00a9MPouzenc.jpg\"><img loading=\"lazy\" decoding=\"async\" class=\" wp-image-70 alignright\" src=\"https:\/\/blogs.univ-tlse2.fr\/dynamiquesrurales\/files\/2015\/10\/basilic-Italie2013\u00a9MPouzenc-225x300.jpg\" alt=\"basilic Italie2013\u00a9MPouzenc\" width=\"163\" height=\"218\" srcset=\"https:\/\/blogs.univ-tlse2.fr\/dynamiquesrurales\/files\/2015\/10\/basilic-Italie2013\u00a9MPouzenc-225x300.jpg 225w, https:\/\/blogs.univ-tlse2.fr\/dynamiquesrurales\/files\/2015\/10\/basilic-Italie2013\u00a9MPouzenc-768x1024.jpg 768w, https:\/\/blogs.univ-tlse2.fr\/dynamiquesrurales\/files\/2015\/10\/basilic-Italie2013\u00a9MPouzenc-624x832.jpg 624w\" sizes=\"auto, (max-width: 163px) 100vw, 163px\" \/><\/a><\/strong><\/p>\n<p style=\"text-align: justify\">\u00ab La renaissance rurale \u00bb dressait un bilan contrast\u00e9 de la grande transformation de l\u2019agriculture, celle qui devait provoquer la fin des paysans et voir l\u2019av\u00e8nement des chefs d\u2019entreprise agricole. Le constat de la diversit\u00e9 des dynamiques \u00e0 l\u2019\u0153uvre, dans les pays du Nord, rejoignait les analyses, dans les pays du Sud, sur \u00ab\u00a0le retour des paysans (M.\u00a0Haubert, 1991) et la transformation des cultures vivri\u00e8res en cultures commerciales, face \u00e0 une demande urbaine en forte croissance (J-L Chal\u00e9ard, 1996). Aujourd\u2019hui, en sommes-nous \u00e0 l\u2019\u00e9ternel retour des paysans ou \u00e0 la coexistence in\u00e9vitablement p\u00e9renne de diff\u00e9rents mod\u00e8les d\u2019agriculture ? Alors que le XX<sup>\u00e8me<\/sup> si\u00e8cle a donn\u00e9 lieu, sur fond d\u2019exode rural et de modernisation agricole, \u00e0 des \u00e9tudes en termes de sauvegarde du paysannat, les approches sur la cohabitation et l\u2019hybridation entre des modes diff\u00e9rents de production agricole se multiplient \u00e0 pr\u00e9sent. Trois cat\u00e9gories d\u2019analyse se d\u00e9tachent\u00a0: l\u2019id\u00e9al-type de l\u2019agriculture familiale, encadr\u00e9 par le type des agricultures paysannes et par celui des agricultures d\u2019entreprise. Les observations de terrain et la mise en perspective n\u2019incitent-elles pas \u00e0 distinguer de mani\u00e8re plus fine la diversit\u00e9 existante au sein de chacune de ces cat\u00e9gories\u00a0? N\u2019ont-elles pas propension, au-del\u00e0 les conflits d\u2019appropriation des ressources, \u00e0 d\u00e9velopper des formes d\u2019hybridation et de compl\u00e9mentarit\u00e9 \u00e0 la fois dans l\u2019espace, sur les march\u00e9s et dans leur rapport au consommateur final\u00a0?<\/p>\n<p style=\"text-align: justify\">Ce questionnement rejoint celui sur l\u2019organisation des fili\u00e8res et des espaces productifs. Dans de nombreux cas, les espaces productifs sont mis au d\u00e9fi des fili\u00e8res longues\u00a0: comment les logiques \u00e9conomiques et financi\u00e8res, qui orientent des mod\u00e8les agricoles \u00e0 la recherche d\u2019\u00e9conomies d\u2019\u00e9chelle, d\u2019optimisation productive et d\u2019insertion dans les cha\u00eenes de valeur globalis\u00e9es, ont-elles des effets structurants pour les territoires ruraux et des impacts sur le lien rural-urbain, du fait de la multi-territorialit\u00e9 des acteurs\u00a0? Bien d\u2019autres cas (et parfois les m\u00eames) interrogent sur le repositionnement des productions agroalimentaires affichant un lien au territoire\u00a0: les indications g\u00e9ographiques et la valorisation du terroir continuent de se d\u00e9velopper, mais ne sont-elles pas concurrenc\u00e9es par d\u2019autres formes de territorialisation\u00a0? Celles-ci r\u00e9pondent \u00e0 de nouvelles attentes, concernant les modes de production (le bio, le bien-\u00eatre animal\u2026), la citoyennet\u00e9 (l\u2019\u00e9quitable, la relocalisation de l\u2019\u00e9conomie par les circuits courts\u2026), l\u2019appropriation politique (marques territoriales, march\u00e9 \u2026) ou de nouvelles pratiques (oenotourisme, itin\u00e9raires de go\u00fbt\u2026). Quelles sont les dynamiques mondialis\u00e9es de circulations, hybridations et m\u00e9tissages qui aboutissent \u00e0 de nouvelles combinaisons de ressources territorialement ancr\u00e9es, voire \u00e0 une red\u00e9finition de ce qui fait ressource en espace rural\u00a0? Les analyses peuvent \u00eatre sensiblement diff\u00e9rentes selon le type de production \u00e9tudi\u00e9. Une attention particuli\u00e8re sera accord\u00e9e aux propositions concernant la vigne et le vin, avec le projet d\u2019y consacrer un atelier dans le cadre du colloque, \u2018Dynamiques Rurales\u2019 \u00e9tant membre du groupement de recherche In Vino Varietas.<\/p>\n<p style=\"text-align: justify\">Plus largement, si les ressources localement situ\u00e9es en milieu rural (fonci\u00e8res, hydriques, mini\u00e8res, \u00e9nerg\u00e9tiques, etc.) ont toujours \u00e9t\u00e9 convoit\u00e9es et ont \u00e9t\u00e9 des objets de recherche privil\u00e9gi\u00e9s, leur valorisation actuelle suscite de grandes interrogations. Elle provoque en effet une connexion tr\u00e8s rapide au monde d\u2019espaces ruraux jusqu\u2019alors marginalis\u00e9s. Elle interpelle \u00e9galement de par l\u2019envergure des projets extractifs ou productifs, et les nouveaux liens rural-urbain qu\u2019ils suscitent, les investissements en milieu rural \u00e9tant command\u00e9s depuis les centres urbains. Ces activit\u00e9s sont souvent le fait d\u2019acteurs globalis\u00e9s que les autorit\u00e9s nationales appuient et pr\u00e9sentent comme garantes de d\u00e9veloppement des espaces ruraux concern\u00e9s et que les populations locales ont tendance \u00e0 rejeter, d\u00e9non\u00e7ant les cons\u00e9quences n\u00e9fastes et le creusement des in\u00e9galit\u00e9s socio-spatiales. Il s\u2019agira d\u2019analyser les jeux d\u2019acteurs (priv\u00e9s, publics, collectifs), les jeux d\u2019espace (produit\/productif, command\u00e9\/commandeur, consomm\u00e9\/consommant, etc.) et les jeux d\u2019\u00e9chelle (local, r\u00e9gional, national, global) qui participent \u00e0 la d\u00e9finition du devenir d\u2019espaces ruraux (et de leurs villes) dont les ressources sont \u00e0 la fois sources de conflits et de profits, selon les relations de pouvoir, de coexistence et\/ou de coaction en vigueur.<\/p>\n<p style=\"text-align: justify\"><strong>Gouvernances <\/strong><\/p>\n<p style=\"text-align: justify\"><a href=\"https:\/\/blogs.univ-tlse2.fr\/dynamiquesrurales\/files\/2015\/10\/Uruguay-complexe-agro-industriel-2011-\u00a9-MGuibert.jpg\"><img loading=\"lazy\" decoding=\"async\" class=\" wp-image-110 alignleft\" src=\"https:\/\/blogs.univ-tlse2.fr\/dynamiquesrurales\/files\/2015\/10\/Uruguay-complexe-agro-industriel-2011-\u00a9-MGuibert-300x224.jpg\" alt=\"Uruguay complexe agro-industriel 2011 \u00a9 MGuibert\" width=\"240\" height=\"179\" srcset=\"https:\/\/blogs.univ-tlse2.fr\/dynamiquesrurales\/files\/2015\/10\/Uruguay-complexe-agro-industriel-2011-\u00a9-MGuibert-300x224.jpg 300w, https:\/\/blogs.univ-tlse2.fr\/dynamiquesrurales\/files\/2015\/10\/Uruguay-complexe-agro-industriel-2011-\u00a9-MGuibert-1024x765.jpg 1024w\" sizes=\"auto, (max-width: 240px) 100vw, 240px\" \/><\/a>\u00ab La renaissance rurale \u00bb privil\u00e9giait deux \u00e9chelles d\u2019analyse\u00a0: d\u2019une part, un panorama des politiques d\u2019am\u00e9nagement rural dans quelques pays donnait \u00e0 voir la pr\u00e9dominance du cadre \u00e9tatique. D\u2019autre part, l\u2019engouement de multiples acteurs pour le d\u00e9veloppement endog\u00e8ne, autocentr\u00e9 et ascendant, amenait l\u2019auteur \u00e0 poser \u00ab\u00a0<em>le passage, en une dizaine d\u2019ann\u00e9es, de l\u2019hypoth\u00e8se g\u00e9n\u00e9rale (le plus souvent implicite) d\u2019un pouvoir local anachronique, soumis aux forces ext\u00e9rieures, fictif pour tout dire, \u00e0 celle d\u2019un pouvoir disposant de r\u00e9elles capacit\u00e9s d\u2019initiatives et de d\u00e9cision et tendant donc \u00e0 reprendre vigueur<\/em>\u00a0\u00bb. En sommes-nous aujourd\u2019hui aux lendemains d\u00e9senchant\u00e9s du d\u00e9veloppement local\u00a0? De\u00a0\u00ab\u00a0la localit\u00e9 red\u00e9couverte\u00a0\u00bb d\u00e9crite hier \u00e0 \u00ab\u00a0l\u2019interterritorialit\u00e9\u00a0\u00bb recherch\u00e9e aujourd\u2019hui, les d\u00e9bats se poursuivent sur les modalit\u00e9s d\u2019invention, de production et de ma\u00eetrise de la ruralit\u00e9 dans les politiques publiques, du local au global\u00a0:<\/p>\n<ul style=\"text-align: justify\">\n<li>Quelle est la pertinence des territoires h\u00e9rit\u00e9s\u00a0? Dans leur recherche constante d\u2019un optimum territorial, les am\u00e9nageurs pr\u00f4nent-ils un effacement de territoires h\u00e9rit\u00e9s\u2026 qui n\u00e9anmoins se reproduiraient sans cesse et avec de remarquables permanences\u00a0? Dans les pays du Nord, avec par exemple la d\u00e9centralisation des politiques europ\u00e9ennes, comme dans les pays du Sud, avec la d\u00e9centralisation \u00e0 l\u2019\u0153uvre dans de nombreux pays ou, dans le cadre de la mondialisation, une gestion des terres qui demeure fonci\u00e8rement l\u2019affaire de l\u2019Etat, la r\u00e9flexion sur l\u2019\u00e9galit\u00e9 des territoires (Ph.\u00a0Est\u00e8be, 2015, M.\u00a0Vanier, 2008) se renouvelle et appelle de nouvelles approches du politique (D.\u00a0Constant-Martin, 2010).<\/li>\n<\/ul>\n<ul style=\"text-align: justify\">\n<li>Au-del\u00e0 d\u2019une uniformisation suppos\u00e9e des politiques publiques, les travaux de terrain ne montrent-ils pas la reproduction de pratiques diff\u00e9renci\u00e9es entre urbain et rural\u00a0? Quels en sont les ressorts\u00a0? Le traitement public de la ruralit\u00e9 se r\u00e9sume-t-il \u00e0 un enjeu de lutte des places (M.\u00a0Lussault, 2009)\u00a0? Les termes de cette lutte sont-ils r\u00e9ellement renouvel\u00e9s \u00e0 chaque chambardement territorial, par exemple \u00e0 l\u2019occasion de l\u2019actuelle r\u00e9forme territoriale en France\u00a0?<\/li>\n<\/ul>\n<ul style=\"text-align: justify\">\n<li>Ni propri\u00e9t\u00e9s individuelles, ni biens publics, consid\u00e9r\u00e9s un temps comme vou\u00e9s \u00e0 dispara\u00eetre, les biens communs sont-ils la voie d\u2019avenir pour la gestion des espaces de faible densit\u00e9 et\/ou les \u00e9cosyst\u00e8mes fragiles\u00a0? Quel est leur r\u00f4le dans la d\u00e9finition des fonctions globales de la ruralit\u00e9\u00a0? Plus largement, qui sont les acteurs et quelles sont les formes de gestion collective aujourd\u2019hui en cours de r\u00e9invention lorsque l\u2019action publique fait d\u00e9faut\u00a0? Quelles sont les r\u00e9appropriations du politique \u00e0 l\u2019\u00e9chelle locale\u00a0?<\/li>\n<\/ul>\n<ul style=\"text-align: justify\">\n<li>Dans un contexte de renforcement des interactions entre villes et campagnes (accroissement des mobilit\u00e9s r\u00e9sidentielles, multiplication des \u00e9changes mat\u00e9riels et immat\u00e9riels, renforcement des politiques interterritoriales) qui interroge la pertinence de la cat\u00e9gorisation urbain\/rural, les nouvelles formes de dialogue entre territoires urbains et territoires ruraux constituent un nouveau champ d\u2019investigation. Aussi, au-del\u00e0\u0300 des dispositifs publics qui promeuvent aujourd\u2019hui la coop\u00e9ration urbain\/rural et des approches th\u00e9matiques qu\u2019ils peuvent conduire a\u0300 privil\u00e9gier, l\u2019objectif est de comprendre comment se construit une hybridation urbain\/rural a\u0300 travers une action locale concr\u00e8te, institutionnelle mais aussi plus informelle (R.\u00a0Pasquier et al. 2007), saisie a\u0300 travers ses objectifs, ses d\u00e9clinaisons op\u00e9rationnelles et les modalit\u00e9s d\u2019intervention des acteurs locaux (V.\u00a0Dubois 2009).<\/li>\n<\/ul>\n<p style=\"text-align: justify\">Qu\u2019il s\u2019agisse des usages, des ressources ou des gouvernances, une attention particuli\u00e8re sera accord\u00e9e dans chaque axe \u00e0 des th\u00e9matiques transversales\u00a0: la r\u00e9flexion \u00e9pist\u00e9mologique, les enjeux de formation et le d\u00e9veloppement de nouvelles comp\u00e9tences, l\u2019\u00e9volution des rapports soci\u00e9t\u00e9 \u2013 nature, la prise en compte des rapports de genre pour lire l\u2019\u00e9volution des ruralit\u00e9s.<\/p>\n<p style=\"text-align: center\"><span style=\"color: #000000\"><strong>La date limite de r\u00e9ception des propositions de communication ou de poster<br \/>\nest fix\u00e9e au<\/strong><\/span><\/p>\n<p style=\"text-align: center\"><span style=\"color: #ff0000\"><strong><u>10 janvier 2016<\/u><\/strong><\/span><\/p>\n<p style=\"text-align: center\"><strong>Adresse d\u2019envoi des propositions de communication\u00a0: &lt;<\/strong><a href=\"&#x6d;a&#x69;l&#x74;&#111;:&#x72;u&#x72;a&#x6c;&#46;c&#x6f;n&#x66;&#101;r&#x65;n&#x63;e&#x40;&#117;n&#x69;v&#x2d;&#116;&#x6c;&#x73;e&#x32;&#46;&#x66;&#114;\"><strong>&#114;&#x75;r&#x61;l&#x2e;c&#111;&#x6e;f&#x65;r&#x65;n&#99;&#x65;&#64;&#x75;n&#x69;v&#45;&#x74;l&#x73;e&#x32;&#46;&#102;&#x72;<\/strong><\/a>&gt;<\/p>\n","protected":false},"excerpt":{"rendered":"<p>\u00a0 A l\u2019occasion des 25 ans du laboratoire \u2018Dynamiques Rurales\u2019, un colloque international pluridisciplinaire se tiendra \u00e0 Toulouse du 23 au 27 mai 2016. Ce colloque sera coupl\u00e9 aux Journ\u00e9es Rurales 2016 de la Commission fran\u00e7aise de G\u00e9ographie rurale (Comit\u00e9 National Fran\u00e7ais de G\u00e9ographie). Cette double manifestation appelle des contributions de l\u2019ensemble des sciences humaines [&hellip;]<\/p>\n","protected":false},"author":289,"featured_media":0,"parent":0,"menu_order":0,"comment_status":"closed","ping_status":"closed","template":"","meta":{"footnotes":""},"class_list":["post-20","page","type-page","status-publish","hentry"],"_links":{"self":[{"href":"https:\/\/blogs.univ-tlse2.fr\/dynamiquesrurales\/wp-json\/wp\/v2\/pages\/20","targetHints":{"allow":["GET"]}}],"collection":[{"href":"https:\/\/blogs.univ-tlse2.fr\/dynamiquesrurales\/wp-json\/wp\/v2\/pages"}],"about":[{"href":"https:\/\/blogs.univ-tlse2.fr\/dynamiquesrurales\/wp-json\/wp\/v2\/types\/page"}],"author":[{"embeddable":true,"href":"https:\/\/blogs.univ-tlse2.fr\/dynamiquesrurales\/wp-json\/wp\/v2\/users\/289"}],"replies":[{"embeddable":true,"href":"https:\/\/blogs.univ-tlse2.fr\/dynamiquesrurales\/wp-json\/wp\/v2\/comments?post=20"}],"version-history":[{"count":15,"href":"https:\/\/blogs.univ-tlse2.fr\/dynamiquesrurales\/wp-json\/wp\/v2\/pages\/20\/revisions"}],"predecessor-version":[{"id":163,"href":"https:\/\/blogs.univ-tlse2.fr\/dynamiquesrurales\/wp-json\/wp\/v2\/pages\/20\/revisions\/163"}],"wp:attachment":[{"href":"https:\/\/blogs.univ-tlse2.fr\/dynamiquesrurales\/wp-json\/wp\/v2\/media?parent=20"}],"curies":[{"name":"wp","href":"https:\/\/api.w.org\/{rel}","templated":true}]}}