 {"id":25,"date":"2015-10-28T11:30:28","date_gmt":"2015-10-28T10:30:28","guid":{"rendered":"https:\/\/blogs.univ-tlse2.fr\/dynamiquesrurales\/?page_id=25"},"modified":"2016-05-22T11:29:57","modified_gmt":"2016-05-22T09:29:57","slug":"programme","status":"publish","type":"page","link":"https:\/\/blogs.univ-tlse2.fr\/dynamiquesrurales\/programme\/","title":{"rendered":"Programme"},"content":{"rendered":"<p>La parution de \u00ab La renaissance rurale \u00bb (B. Kayser, 1990) et la naissance du laboratoire \u2018Dynamiques Rurales\u2019 (1991) sont quasiment concomitantes. Un quart de si\u00e8cle plus tard, quel sort faisons-nous \u00e0 \u00ab La renaissance rurale \u00bb ? L\u2019objectif n\u2019est pas tant de reprendre la pol\u00e9mique entre les tenants de la crise rurale et de sa disparition programm\u00e9e, oppos\u00e9s aux tenants d\u2019une renaissance rurale aux accents parfois localistes et militants. Il s\u2019agit plut\u00f4t de revenir sur le fond, sur le projet qui a guid\u00e9 l\u2019ouvrage : une tentative de synth\u00e8se des r\u00e9flexions des ann\u00e9es 1970 et 1980 en vue de refonder l\u2019objet \u00ab rural \u00bb, de donner les grands axes d\u2019un mod\u00e8le de compr\u00e9hension d\u2019un rapport soci\u00e9t\u00e9 \u2013 espace. Qu\u2019en est-il aujourd\u2019hui de ce projet ? Pouvons-nous tenter une synth\u00e8se des r\u00e9flexions des ann\u00e9es 1990 \u00e0 nos jours et, sur cette base, \u00e9tablir des perspectives pour les ann\u00e9es \u00e0 venir\u00a0?<\/p>\n<p>Les Journ\u00e9es Rurales 2016 seront l\u2019occasion de c\u00e9l\u00e9brer les 25 ans du laboratoire \u2018Dynamiques Rurales\u2019. Aussi le programme envisag\u00e9 permettra de retrouver, de mani\u00e8re transversale, diff\u00e9rents points forts de ce laboratoire\u00a0: l\u2019interdisciplinarit\u00e9, des travaux au Nord et au Sud, l\u2019importance accord\u00e9e \u00e0 la formation, dont la formation doctorale. La r\u00e9flexion sur les m\u00e9thodes et notamment l\u2019\u00e9criture filmique, autre point fort de \u2018Dynamiques Rurales\u2019, fera l\u2019objet d\u2019un temps sp\u00e9cifique.<\/p>\n<p><span style=\"color: #3366ff\"><strong>Lundi 23 mai 2016 &#8211; 9h &#8211; accueil par les organisateurs du colloque (amphi F417)<\/strong><\/span><\/p>\n<p>&nbsp;<\/p>\n<p><span style=\"color: #3366ff\"><strong>Lundi 23 mai 2016 &#8211; 9h30 \u00e0 12h45 &#8211; ateliers parall\u00e8les<br \/>\n<\/strong><\/span><\/p>\n<ol>\n<li><strong> Des ruralit\u00e9s en mutation\u00a0: approches historiques et\/ou comparatives (mod\u00e9rateurs\u00a0: Javier Esparcia, Agn\u00e8s Terrieux) (amphi F417)<\/strong><\/li>\n<\/ol>\n<p>Mendizabal Enric, Ana Vera, P\u00e8lachs Albert, Badia Anna, <em>Les ruralit\u00e9s dans les Pyr\u00e9n\u00e9es catalanes. Analyse de l&rsquo;\u00e9volution de 1950 \u00e0 nos jours <\/em><\/p>\n<p>Langlois Eric, Ricard Daniel, <em>Massif central, poursuite du d\u00e9clin versus renaissance rurale<\/em><\/p>\n<p>Akerkar Akli, <em>Evolution de la ruralit\u00e9 en Kabylie\u00a0: dynamiques socio-d\u00e9mographiques et mutations spatio-\u00e9conomiques<\/em><\/p>\n<p>Gendron Ana, <em>Le territoire dans la dynamique des mutations d&rsquo;une communaut\u00e9 andine\u00a0: Le cas du peuple Kayambi<\/em><\/p>\n<p>Ollivier Camille, Darly S\u00e9gol\u00e8ne, Torre Andr\u00e9, <em>Ruptures et continuit\u00e9s des dynamiques d&rsquo;urbanisation de l&rsquo;espace europ\u00e9en entre 1990 et 2012<\/em><\/p>\n<p>Chauveau H\u00e9l\u00e8ne, <em>Les recompositions spatiales des espaces ruraux du Sud du Br\u00e9sil \u00e0 travers les pratiques culturelles des jeunes <\/em><\/p>\n<p>Fran\u00e7oise Ardillier-Carras,<em> Entre vuln\u00e9rabilit\u00e9 et reconstruction des territoires ruraux dans le monde post-sovi\u00e9tique: une lecture des concepts de d\u00e9veloppement appliqu\u00e9e \u00e0 l\u2019Arm\u00e9nie<\/em><\/p>\n<ol start=\"2\">\n<li><strong> Enjeux fonciers (mod\u00e9rateurs\u00a0: Didas Kimaro, Bernard Charlery) (salle E412) <\/strong><\/li>\n<\/ol>\n<p>Kone Moussa, <em>Les jeunes ruraux et la gestion fonci\u00e8re dans le d\u00e9partement de Soubr\u00e9<\/em><\/p>\n<p>Baysse-Lain\u00e9 Adrien, <em>Quelle mobilisation des terres publiques et collectives pour d\u00e9velopper l&rsquo;agriculture nourrici\u00e8re de proximit\u00e9\u00a0? <\/em><\/p>\n<p>Blache Adriana, Deno\u00ebl Mathilde, <em>Construction d&rsquo;un mod\u00e8le d&rsquo;analyse pour l&rsquo;\u00e9tude de la captation des ressources dans les espaces ruraux tanzaniens et argentins<\/em><\/p>\n<p>Couturier Pierre, Sarah Vanuxem, <em>La propri\u00e9t\u00e9 sectionale\u00a0: un mod\u00e8le de \u00ab\u00a0communs\u00a0\u00bb pour le retour des \u00ab\u00a0paysans\u00a0\u00bb\u00a0?<\/em><\/p>\n<p>Eychenne Corinne, Gambino M\u00e9lanie, Lazaro Lucie, <em>L&rsquo;AFP ou la lutte des places au village, le cas de la commune de Soulan en Ari\u00e8ge<\/em><\/p>\n<p>Pauchard Laura, Philippe Madeline, Maxime Marie, <em>L&rsquo;\u00e9change parcellaire comme r\u00e9v\u00e9lateur des rapports sociaux de domination en agriculture<\/em><\/p>\n<p>Preux Thibaut, Delahaye Daniel, Marie Maxime, <em>Recomposition fonci\u00e8re des exploitations agricoles et transformations des espaces ruraux. Approche comparative en Basse-Normandie<\/em><\/p>\n<p>Caillault S\u00e9bastien, Marie Maxime, <em>Le terroir villageois\u00a0: un cadre d&rsquo;analyse pertinent des dynamiques rurales\u00a0? Recompositions des pouvoirs locaux autour de la gestion de terres de l&rsquo;ouest du Burkina Faso<\/em><\/p>\n<p>Diouf Ibrahima Faye, <em>R\u00e9forme fonci\u00e8re et dynamique de d\u00e9veloppement des collectivit\u00e9s rurales<\/em><\/p>\n<ol start=\"3\">\n<li><strong> D\u00e9marches participatives et d\u00e9veloppement territorial (mod\u00e9rateurs\u00a0: Arnaud Buchs, Mariette Sibertin-Blanc) (salle E411)<\/strong><\/li>\n<\/ol>\n<p>Lardon Sylvie, <em>L&rsquo;hybridation des territoires ruraux et p\u00e9ri-urbains au prisme du \u00ab\u00a0smart development\u00a0\u00bb. D\u00e9marches participatives et gouvernance territoriale<\/em><\/p>\n<p>Nogueira Rocha Betty, Mina Dias Marcelo, <em>Limites et Potentiel de la Coll\u00e9giale Territoriale comme exemple de la gouvernance<\/em><\/p>\n<p>Ruiz Julie, Mundler Patrick, <em>R\u00e9habilitation des agro\u00e9cosyst\u00e8mes et enjeux de d\u00e9veloppement rural\u00a0: un n\u00e9cessaire renouvellement des approches participatives<\/em><\/p>\n<p>Gille Fabien, <em>Pour une approche renouvel\u00e9e de la d\u00e9marche participative dans l&rsquo;am\u00e9nagement wallon, l&rsquo;exemple de l&rsquo;Op\u00e9ration de D\u00e9veloppement Rural d&rsquo;Attert<\/em><\/p>\n<p>Lazaro Lucie, Pibou Elsa, <em>Le \u00ab\u00a0collectif\u00a0\u00bb en question : recomposition des ar\u00e8nes de gestion de l&rsquo;espace rural et dilution des voix des agriculteurs<\/em><\/p>\n<ol start=\"4\">\n<li><strong> Trajectoires r\u00e9sidentielles et urbain rural (mod\u00e9rateurs\u00a0: Isabelle Duvernoy, Fabrice Escaffre) (salle F422)<\/strong><\/li>\n<\/ol>\n<p>Sili Marcelo, <em>La vuelta al campo. \u00bfUna oportunidad p\u00e9rdida para el desarrollo rural en Argentina?<\/em><\/p>\n<p>Simard Myriam, <em>Nouvelles populations rurales au Qu\u00e9bec\u00a0: r\u00f4le des \u00e9tapes de vie et des mobilit\u00e9s plurielles dans la reconfiguration des liens entre villes et campagnes<\/em><\/p>\n<p>Aragau Claire, Berger Martine, Poulot Monique, Roug\u00e9 Lionel, <em>Vers une relecture des espaces p\u00e9riurbains\u00a0: exemples dans l&rsquo;ouest francilien<\/em><\/p>\n<p>Huyghe Marie, <em>Modes d&rsquo;habiter ruraux\u00a0: comprendre les logiques \u00e0 l&rsquo;\u0153uvre \u00e0 l&rsquo;\u00e9chelle individuelle<\/em><\/p>\n<p>Tallon H\u00e9l\u00e8ne, <em>Rester \u00e0 la campagne ou s&rsquo;y installer : un choix de vie au prix de la pr\u00e9carit\u00e9\u00a0?<\/em><\/p>\n<p>Bart Fran\u00e7ois, <em>Espaces dens\u00e9ment peupl\u00e9s, entre renaissance rurale et croissance urbaine<br \/>\nQuelques exemples africains<\/em><\/p>\n<p>Mainet H\u00e9l\u00e8ne, Edouard J-Charles, <em>Territorialisation des pratiques socio-spatiales des m\u00e9nages urbains\u00a0: de nouvelles relations urbain-rural\u00a0? L&rsquo;exemple de Douala et Bafoussam (Cameroun)<\/em><\/p>\n<ol start=\"5\">\n<li><strong> Ressources agricoles locales et enjeux globaux 1\/2 (mod\u00e9ratrices\u00a0: Martine Guibert, Val\u00e9rie Olivier) (salle F423)<\/strong><\/li>\n<\/ol>\n<p>Baptista Pedro, Ollendorf Franziska, <em>Le nouveau pro-activisme priv\u00e9 dans la cha\u00eene de valeur du cacao. Quelle contribution pour un d\u00e9veloppement rural durable au Ghana et au Venezuela\u00a0?<\/em><\/p>\n<p>Duffaut-Prevost Marie-Laure, <em>Le rural productif dans la mondialisation\u00a0: Un regard \u00e0 travers les entreprises de la fili\u00e8re des plantes \u00e0 parfum, aromatiques et m\u00e9dicinales<\/em><\/p>\n<p>Vega Vera Nadia Viridiana, <em>La Denominaci\u00f3n de Origen Mezcal en Oaxaca: Una evaluaci\u00f3n desde las Cadenas Globales de Valor<\/em><\/p>\n<p>Velazquez Salazar Marisol, <em>Denominaci\u00f3n de origen de Caf\u00e9 Pluma en M\u00e9xico<\/em><\/p>\n<p>Girard Margaux, <em>Le boom du \u00ab\u00a0bio\u00a0\u00bb \u00e0 Cusco, entre tradition et mondialisation\u00a0: vers l&rsquo;apparition d&rsquo;un nouveau type de producteur andin\u00a0?<\/em><\/p>\n<p>Nicolini Lilian, Milanes Julien, <em>Accessibilit\u00e9 \u00e0 l&rsquo;alimentation de qualit\u00e9, une approche par la formation des prix<\/em><\/p>\n<p>&nbsp;<\/p>\n<p><strong><span style=\"color: #3366ff\">Lundi 23 mai 2016 \u2013 14h15 \u00e0 16h15 &#8211; ateliers parall\u00e8les<\/span> <\/strong><\/p>\n<ol start=\"6\">\n<li><strong> Pratiques spatiales et hybridation des territoires (mod\u00e9ratrices\u00a0: Claire Delfosse, M\u00e9lanie Gambino) (salle E411)<\/strong><\/li>\n<\/ol>\n<p>Le Caro Yvon, <em>L&rsquo;espace agricole \u00e0 l&rsquo;\u00e9preuve de la fonction r\u00e9sidentielle. Analyse par groupes de discussions dans trois espaces ruraux de l&rsquo;Ouest<\/em><\/p>\n<p>Essers Julien, Robert-B\u0153uf Camille, <em>Le jardin comme espace d&rsquo;hybridation entre urbain et rural\u00a0?<\/em><\/p>\n<p>Yemmafouo Aristide, <em>Mobilit\u00e9s agricoles pendulaires des citadins. De la survie \u00e0 l\u2019int\u00e9gration et au d\u00e9veloppement urbain \u00e0 Bafoussam, Ouest-Cameroun<\/em><\/p>\n<p>Bories Olivier, <em>Les agricultures urbaines : v\u00e9ritable projet d&rsquo;am\u00e9nagement agricole et\/ou mise en sc\u00e8ne paysag\u00e8re orchestr\u00e9e de la campagne en ville ?<\/em><\/p>\n<p>Pascal Rey, <em>Quelles perspectives pour les zones rurales dans le cadre du d\u00e9veloppement des projets miniers en Afrique de l&rsquo;Ouest<\/em><\/p>\n<p>Margetic Christine, <em>Peut-on parler de \u00ab\u00a0renaissance\u00a0\u00bb pour les industries rurales en France\u00a0?<\/em><\/p>\n<p>&nbsp;<\/p>\n<ol start=\"7\">\n<li><strong> Agriculture, ruralit\u00e9 et durabilit\u00e9 : vers de nouveaux mod\u00e8les de d\u00e9veloppement 1\/2 (mod\u00e9rateurs\u00a0: Serge Schmitz, Mohamed Gafsi) (salle E412)<\/strong><\/li>\n<\/ol>\n<p>Terrieux Agn\u00e8s, <em>Exploitations agricoles, territoires et durabilit\u00e9<\/em><\/p>\n<p>Garcia Marina, Haro Carmen, Cruz Jos\u00e9 Luis, Benito Alejandro, <em>Agriculture renaissance: uncovering its environmental, economic, cultural and social values<\/em><\/p>\n<p>Sall Moussa, Gafsi Mohamed, Bonnassieux Alain, <em>Les strat\u00e9gies de gestion des risques des exploitations pour faire face au contexte de vuln\u00e9rabilit\u00e9<\/em><\/p>\n<p>Badji Seydou, <em>Une mise en relation difficile entre d\u00e9veloppement rural et d\u00e9veloppement durable\u00a0: les \u00ab\u00a0bananiculteurs\u00a0\u00bb du S\u00e9n\u00e9gal oriental face \u00e0 la promotion de la \u00ab\u00a0banane bio\u00a0\u00bb et de la gestion durable de la zone tampon du parc Niokolo Koba<\/em><\/p>\n<ol start=\"8\">\n<li><strong> Agriculture familiale (mod\u00e9rateurs\u00a0: Famo\u00ef Beavogui, H\u00e9l\u00e8ne Gu\u00e9tat-Bernard) (salle F422)<\/strong><\/li>\n<\/ol>\n<p>Lorda Maria Amalia, Grani\u00e9 Anne-Marie, Fontorbes Jean-Pascal, <em>La agricultura familiar en el espacio pampeano: \u00bfestrategia de sobrevivencia o una forma de resistencia? <\/em><em>Estudio de caso en Pig\u00fc\u00e9, Argentina<\/em><\/p>\n<p>Guillermou Yves, <em>Comp\u00e9tition pour les ressources, recul des pratiques communautaires, mont\u00e9e des in\u00e9galit\u00e9s\u00a0: le devenir incertain de l&rsquo;agriculture familiale &#8211; Ouest Cameroun<\/em><\/p>\n<p>Jutteau Paul, <em>Agriculture familiale et agriculture de firme face au d\u00e9veloppement des \u00e9nergies renouvelables en Allemagne<\/em><\/p>\n<p>Nyore Nyore, Gafsi Mohamed, Madi Ali, <em>Strat\u00e9gies d\u2019adaptation des exploitations familiales agricoles dans les agrosyst\u00e8mes du Nord Cameroun face aux changements globaux<\/em><\/p>\n<p>Tallet Bernard, Ouedraogo T\u00e9wend\u00e9 Laurent, <em>La restructuration de l&rsquo;agriculture familiale et le d\u00e9veloppement des nouvelles in\u00e9galit\u00e9s socio-\u00e9conomiques dans le sud du Burkina Faso<\/em><\/p>\n<ol start=\"9\">\n<li><strong> Vin et ressources \u00e9conomiques (mod\u00e9ratrices\u00a0: Danielle Cornot, Val\u00e9rie Olivier) (amphi F417)<\/strong><\/li>\n<\/ol>\n<p>Firmino Ana, <em>Organic Viticulture in Portugal: 15 years later<\/em><\/p>\n<p>Ponce Herrero Gabino, <em>Crisis y recuperaci\u00f3n de los vi\u00f1edos del Sureste peninsular: los casos de Alicante y Murcia<\/em><\/p>\n<p>Legouy Fran\u00e7ois, <em>Les exportations fran\u00e7aises de vins\u00a0: continuit\u00e9, renaissance ou paradoxe\u00a0?<\/em><\/p>\n<p>Lesourd Michel, <em>Le \u00ab\u00a0vin de lave\u00a0\u00bb de l&rsquo;\u00eele de Fogo (Cap-Vert) : entre curiosit\u00e9 tropicale et marketing international <\/em><\/p>\n<p>Dallot S\u00e9bastien, <em>L&rsquo;impact \u00e9conomique du Kulturlandschaft dans la renaissance des vignobles historiques de pente allemands des vall\u00e9es de la Moselle et du Rhin<\/em><\/p>\n<ol start=\"10\">\n<li><strong> Ressources agricoles locales et enjeux globaux 2\/2 (mod\u00e9rateurs\u00a0: Martine Guibert, Julien Frayssignes) (salle F423)<\/strong><\/li>\n<\/ol>\n<p>Tourrand J.F, Neumeister D, Daoud I, Grosskopf H.M, Burlamaqui A.B, Long R.J, Faye A., Strankmann P., Srairi M.T, Basuno E, Hamadeh S, Wedderbum l, <em>Regards crois\u00e9s sur l&rsquo;attractivit\u00e9 du m\u00e9tier d&rsquo;\u00e9leveur<\/em><\/p>\n<p>Bazile Didier, Chia Eduardo, <em>Activer une ressource territoriale pour une renaissance rurale : le cas du quinoa dans la r\u00e9gion centrale du Chili<\/em><\/p>\n<p>Gar\u00e7on Lucile, Delfosse Claire, Lamine Claire, <em>Entre indications g\u00e9ographiques et circuits courts de proximit\u00e9, des syst\u00e8mes agri-alimentaires et des territoires en construction<\/em><\/p>\n<p>Gonz\u00e1lez Caba\u00f1as Alma Amalia, Barrios Caba\u00f1as Fabiola, <em>Ambar de Chiapas: una D.O. con \u00ab\u00a0voluntad pol\u00edtica\u00a0\u00bb<\/em><\/p>\n<p>Perez Akaki Pablo, <em>El marco institucional de las Denominaciones de Origen en M\u00e9xico<\/em><\/p>\n<p>&nbsp;<\/p>\n<p><span style=\"color: #3366ff\"><strong>Lundi 23 mai 2016 \u2013 16h30 \u00e0 18h \u2013 Le temps des doctorants (partie 1)<\/strong> <strong>(amphi F417)<\/strong><\/span><\/p>\n<p>&nbsp;<\/p>\n<p><span style=\"color: #3366ff\"><strong>Mardi 24 mai 2016 \u2013 8h30 &#8211; accueil par la Pr\u00e9sidence de l\u2019Universit\u00e9, la R\u00e9gion, la Commission de G\u00e9ographie Rurale du CNFG et le LISST (amphi F417)<\/strong><\/span><\/p>\n<p>&nbsp;<\/p>\n<p><span style=\"color: #3366ff\"><strong>Mardi 24 mai 2016 \u2013 9h \u00e0 10h30 \u2013 conf\u00e9rences pl\u00e9ni\u00e8res 1 \u2013 r\u00e9flexions \u00e9pist\u00e9mologiques sur les ruralit\u00e9s (mod\u00e9rateurs\u00a0: Christine Margetic, Micha\u00ebl Pouzenc) (amphi F417)<\/strong><\/span><\/p>\n<p>Barthe Laurence, Eychenne Corinne, Gambino M\u00e9lanie, Jebeili C\u00e9cile, <em>Quelles d\u00e9finitions du rural en France aujourd&rsquo;hui\u00a0?<\/em><\/p>\n<p>Mundler Patrick, Ouellet Fernande, <em>Qui est agriculteur\u00a0? Repr\u00e9sentations des institutions qu\u00e9b\u00e9coises et enjeux pour le d\u00e9veloppement rural<\/em><\/p>\n<p>Lafert\u00e9 Gilles, <em>Des \u00e9tudes rurales \u00e0 l&rsquo;analyse des espaces sociaux localis\u00e9s<\/em><\/p>\n<p>&nbsp;<\/p>\n<p><span style=\"color: #3366ff\"><strong>Mardi 24 mai 2016 \u2013 10h45 \u00e0 12h45 &#8211; ateliers parall\u00e8les<span style=\"text-decoration: line-through\"><br \/>\n<\/span><\/strong><\/span><\/p>\n<ol start=\"11\">\n<li><strong> Genre et agriculture (mod\u00e9ratrices\u00a0: H\u00e9l\u00e8ne Gu\u00e9tat-Bernard, Agn\u00e8s Terrieux) (salle F422)<\/strong><\/li>\n<\/ol>\n<p>Cavalcanti Josefa Salete Barbosa, <em>Latin American agriculture and gender division of labor<\/em><\/p>\n<p>Adaye Akoua Assunta, Koffi\u00e9-Bikpo C\u00e9line Yolande, <em>Femmes planteurs de cacao et mode d&rsquo;acc\u00e8s \u00e0 la terre : les nouvelles dynamiques de rapport de genre dans les soci\u00e9t\u00e9s matri et patri lin\u00e9aires du Sud-est et du Sud-ouest de la C\u00f4te d&rsquo;Ivoire<\/em><\/p>\n<p>Affessi Adon Simon, <em>Genre et d\u00e9veloppement : difficult\u00e9s des femmes rurales dans la production et la commercialisation de l&rsquo;atti\u00e9k\u00e9 en C\u00f4te d&rsquo;Ivoire<\/em><\/p>\n<p>Bolou S\u00e9n\u00e9pl\u00e9 Marie-Jos\u00e9e, <em>La production des cultures de rente et l&rsquo;approbation f\u00e9minine de la terre \u00e0 Yakass\u00e9-Attobrou en C\u00f4te d&rsquo;Ivoire<\/em><\/p>\n<p>Mlan Konan, <em>Manihot esculenta et pouvoir des femmes \u00e0 Becedi-Brignan\u00a0: l&rsquo;\u00e9talon de la rente du manioc comme atout pour la sauvegarde du couvert forestier (C\u00f4te d&rsquo;Ivoire)<\/em><\/p>\n<ol start=\"12\">\n<li><strong> Agriculture, ruralit\u00e9 et durabilit\u00e9\u00a0: vers de nouveaux mod\u00e8les de d\u00e9veloppement 2\/2 (mod\u00e9rateurs\u00a0: Ulrike Grabski-Kieron, Mohamed Gafsi) (salle E412)<\/strong><\/li>\n<\/ol>\n<p>Arnaud Buchs, <em>Agriculture forc\u00e9e et mode d\u2019usage de l\u2019eau \u00e0 Almer\u00eda (Andalousie)\u00a0: miracle \u00e9conomique ou d\u00e9sastre \u00e9cologique\u00a0?<\/em><\/p>\n<p>Heidi Elisabeth Megerle, <em>Klimawandel und Energiewende als Treiber des ruralen Landschaftswandels \u2013 Fallbeispiel\u00a0: L\u00e4ndliche R\u00e4ume in Baden-W\u00fcrttemberg (S\u00fcdwest-Deutschland)<\/em><\/p>\n<p>Veas Camilo, Chia Eduardo, <em>Implicancias del cambio clim\u00e1tico en la ruralidad actual: el caso de la Regi\u00f3n del Libertador Bernardo O&rsquo;Higgins<\/em><\/p>\n<p>Authier F\u00e9lix, <em>R\u00e9seau d&rsquo;acteurs local et \u00e9nergies renouvelables dans les espaces ruraux\u00a0: analyse du r\u00f4le du capital social dans la cr\u00e9ation d&rsquo;un parc \u00e9olien dans la For\u00eat Noire en Allemagne<\/em><\/p>\n<p>Juan Camilo Afanador Le\u00f3n, Rodriguez Nohra L\u00e9on, <em>Iguaque-Merchan and Rabanal paramo Complexes: Invoking Ecosystem Services to Redefine Rurality in the Colombian High-Lands<\/em><\/p>\n<ol start=\"13\">\n<li><strong> Politiques de d\u00e9veloppement rural et alimentation (mod\u00e9rateurs\u00a0: Josefa Salete Barbosa Cavalcanti, Patrick Mundler) (salle E411)<\/strong><\/li>\n<\/ol>\n<p>Marques Moruzzi Paulo Eduardo, Reti\u00e8re Morgan, <em>Renaissance rurale dans l&rsquo;\u00c9tat de Sao Paulo, au Br\u00e9sil\u00a0: \u00e9tudes de cas repr\u00e9sentatifs des transformations r\u00e9centes<\/em><\/p>\n<p>De Pellegrini Elias, <em>Institutional purchases from family farmers in Brazil: contributions to rural development and improvement of the school feeding<\/em><\/p>\n<p>Bavec Simon, Raynaud Emmanuel, Bouroullec M\u00e9lise Dantas Machado, <em>Les arrangements institutionnels des initiatives collectives de mise en march\u00e9 des produits locaux\u00a0: une analyse empirique des drives fermiers et des plates-formes territorialis\u00e9es <\/em><\/p>\n<p>Frayssignes Julien, <em>Formes de gouvernances alimentaires et \u00e9nerg\u00e9tiques\u00a0: pistes de recherche pour le d\u00e9veloppement des territoires ruraux<\/em><\/p>\n<p>Corsi Stefano, Duvernoy Isabelle, Lardon Sylvie, Soulard Christophe, Filippini Rosalia, Darly S\u00e9gol\u00e8ne, Traversac Jean-Baptiste, Wallet Fr\u00e9d\u00e9ric, Melot Romain. <em>Toward Smart Agriculture: conceptual description and practical applications in Italian and French Case Studies<\/em><\/p>\n<ol start=\"14\">\n<li><strong> Statistiques, cartographie et enqu\u00eate sociales, regards sur la ruralit\u00e9 (mod\u00e9rateurs\u00a0: Serge Schmitz, Fabienne Cavaill\u00e9) (salle F423)<\/strong><\/li>\n<\/ol>\n<p>Bruno Jean, <em>Comprendre les repr\u00e9sentations de la ruralit\u00e9 et des rapports urbains-ruraux\u00a0: l&rsquo;approche de la cartographie conceptuelle<\/em><\/p>\n<p>Bermond Micha\u00ebl, <em>Quelle g\u00e9ographie du renouvellement des exploitants agricoles dans la France contemporaine ? Une approche \u00e0 partir des recensements agricoles 2000 et 2010<\/em><\/p>\n<p>Chevalier Pascal, Lacquement Guillaume, <em>Mesure des facteurs endog\u00e8nes des dynamiques contemporaines de la \u00ab\u00a0Renaissance Rurale\u00a0\u00bb en Languedoc-Roussillon<\/em><\/p>\n<p>Pauchard Laura, Baut\u00e8s Nicolas, Brouard-Sala Quentin, Guillemin Pierre, Preux Thibaut, Sagot Louise, <em>Retours dans le Domfrontais. Une enqu\u00eate collective en prise avec un espace social localis\u00e9<\/em><\/p>\n<ol start=\"15\">\n<li><strong> Vin, patrimoine et paysages (mod\u00e9rateurs\u00a0: Louis F\u00e9raud, Eric Rouvellac) (amphi F417)<\/strong><\/li>\n<\/ol>\n<p>Dallot S\u00e9bastien, Boulanger Sylvaine, Legouy Fran\u00e7ois, <em>Les paysages vitivinicoles reconnus au patrimoine mondial de l&rsquo;humanit\u00e9\u00a0: Une m\u00e9daille \u00e0 deux facettes pour les r\u00e9gions viticoles les plus r\u00e9put\u00e9es\u00a0? <\/em><\/p>\n<p>Cazenave-Piarrot Alain, <em>Vignobles aux Pyr\u00e9n\u00e9es\u00a0: L&rsquo;utilisation de la montagne dans l&rsquo;organisation des fili\u00e8res viti-vinicoles autour du massif<\/em><\/p>\n<p>Yordanova Anna-Maria Miroslavova, <em>Articulation et processus de requalification et de valorisation de la ressource paysag\u00e8re face aux enjeux de d\u00e9veloppement du vignoble Beaujolais<\/em><\/p>\n<p>Mondy Bernard, Terrieux Agn\u00e8s, <em>Mondialisation\u00a0: Les caves se rebiffent<\/em><\/p>\n<p>&nbsp;<\/p>\n<p><span style=\"color: #3366ff\"><strong>Mardi 24 mai 2016 \u2013 14h15-15h45 \u2013 conf\u00e9rences pl\u00e9ni\u00e8res 2 \u2013 r\u00e9flexions \u00e9pist\u00e9mologiques sur les ruralit\u00e9s (mod\u00e9ratrices\u00a0: Christine Margetic, Laurence Barthe) (amphi F417)<\/strong><\/span><\/p>\n<p>Charlery de la Masseli\u00e8re B., <em>La ruralit\u00e9 \u00e0 l\u2019\u00e9preuve de la question des jeunes en Afrique intertropicale<\/em><\/p>\n<p>Guibert Martine, Gisclard Marie, Baptista Pedro, Deno\u00ebl Mathilde, Lopez Andr\u00e8s Felipe, Villagomez Yanga, <em>Les notions de rural, de ruralit\u00e9 et de d\u00e9veloppement rural en contextes latino-am\u00e9ricains<\/em><\/p>\n<p>Soulard Christophe, Hasnaoui Amri Nabil, Scheromm Pascale, <em>Peut-on parler d&rsquo;une renaissance de l&rsquo;agriculture par la ville\u00a0?<\/em><\/p>\n<p>&nbsp;<\/p>\n<p><span style=\"color: #3366ff\"><strong>Mardi 24 mai 2016 \u2013 16h \u00e0 17h30 \u2013 Le temps des doctorants (partie 2)<\/strong> <strong>(amphi F417)<\/strong><\/span><\/p>\n<p>&nbsp;<\/p>\n<p><span style=\"color: #3366ff\"><strong>Mardi 24 mai 2016 \u2013 17h30 \u00e0 18h30 &#8211; Assembl\u00e9e G\u00e9n\u00e9rale de la Commission de G\u00e9ographie Rurale (salle E412)<\/strong><\/span><\/p>\n<p>&nbsp;<\/p>\n<p><strong><span style=\"color: #3366ff\">Mercredi 25 mai 2016 \u2013 8h \u00e0 18h30 &#8211; Journ\u00e9e terrain en Pays Midi-Quercy<\/span> <\/strong><\/p>\n<p>&nbsp;<\/p>\n<p>&nbsp;<\/p>\n<p><strong><span style=\"color: #3366ff\">Jeudi 26 mai 2016 \u2013 9h \u00e0 12h15 &#8211; Ateliers Parall\u00e8les<\/span> <\/strong><\/p>\n<ol start=\"16\">\n<li><strong> De la pr\u00e9carit\u00e9 \u00e0 la r\u00e9sistance sociale, strat\u00e9gies d\u2019adaptation (mod\u00e9ratrices\u00a0: Monique Poulot,\u00a0Fabienne Cavaill\u00e9) (salle F422)<\/strong><\/li>\n<\/ol>\n<p>Cognard Fran\u00e7oise, Pistre Pierre, <em>Migrants modestes ou pr\u00e9caires\u00a0: quel poids dans la \u00ab\u00a0renaissance rurale\u00a0\u00bb, pour quels profils sociaux et parcours individuels ?<\/em><\/p>\n<p>Lascaux Anne, <em>D\u00e9clarer, frauder, n\u00e9gocier\u00a0: les mutations des pratiques informelles dans l&rsquo;espace rural comtadin<\/em><\/p>\n<p>Aragau Claire, Darly S., Hochedez C., Le Gall J.\u00a0, Falies C., M, <em>Les liens invisibles entre agriculture de proximit\u00e9 et commerce alimentaire dit \u00ab\u00a0ethnique\u00a0\u00bb<\/em><\/p>\n<p>Valero Diana, Vercher N\u00e9stor, Escribano Jaime, <em>Exclusi\u00f3n social y pobreza en el medio rural espa\u00f1ol: de que estamos hablando<\/em><\/p>\n<p>Guirado Gonzalez Carles, Tulla-Pujol Antoni, Valldeperas-Belmonte Natalia, <em>La Agricultura Social en Cataluna. Innovaci\u00f3n social y desarrollo local como estrategia para la rehabilitaci\u00f3n de espacios agrarios periurbanos y rurales<\/em><\/p>\n<p>Bonnassieux Alain, Gangneron Fabrice, <em>Recompositions organisationnelles et enjeux face \u00e0 l\u2019expansion du commerce du b\u00e9tail au Nord B\u00e9nin<\/em><\/p>\n<p>Guerrero Rodriguez Rodrigo, <em>Nodos de consumo autogestivo. Vinculos microproductor- consumidor<\/em><\/p>\n<p>Olaizola Paula, Roberto Cittadini et Christophe Albaladejo, <em>El campesinado latinoamericano: De la condici\u00f3n socio-hist\u00f3rica a un modo de producci\u00f3n propio<\/em><\/p>\n<ol start=\"17\">\n<li><strong> Dispositifs et impacts sur l&rsquo;am\u00e9nagement (mod\u00e9rateurs\u00a0: Yvon Le Caro, Olivier Bories) (salle E412)<\/strong><\/li>\n<\/ol>\n<p>Jousseaume Val\u00e9rie, <em>Inventer un urbanisme rural contemporain\u00a0: Le dialogue urbain\/rural dans la r\u00e9gion nantaise<\/em><\/p>\n<p>Otmane Tayeb, <em>Agriculture oasienne et mise en valeur agricole r\u00e9cente dans le Sud-ouest alg\u00e9rien\u00a0: compl\u00e9mentarit\u00e9 et cohabitation ou concurrence et substitution progressive\u00a0?<\/em><\/p>\n<p>Grabski-Kieron Ulrike, <em>Reduction of land consumption in periurban areas &#8211; new challenges for land mangagment due to climate change<\/em><\/p>\n<p>Xiao Jing, Bossuette Ga\u00eblle, Ding Luming, Yang Ting Ting, Lescoat Philippe, Laurent Fran\u00e7ois, Long Ruijun, Tourrand JF, <em>Global Change in the Qilian Mountains, Tibetan Plateau, China. <\/em><em>A case Study in Tianzhu et Sunan Counties<\/em><\/p>\n<p>Le Tourneau Fran\u00e7ois-Michel, Negrao Marcelo, Daugeard Marion, <em>Nouvelles ruralit\u00e9s amazoniennes. Duramaz 2, 13 fen\u00eatres d&rsquo;\u00e9tude sur une Amazonie connect\u00e9e<\/em><\/p>\n<p>Mabelle Chedid, Hamadeh Shady, <em>Rangeland Management in Lebanon Facing Syria-Iraq, Climate Change, Globalization and some other challenges<\/em><\/p>\n<p>Perrin Coline, Nougar\u00e8des Brigitte, <em>Gestion du foncier agricole p\u00e9riurbain et enjeux de justice sociale. <\/em><em>Une comparaison entre Rome (Italie) et Montpellier (France)<\/em><\/p>\n<p>Paul van Lindert, <em>Rural-urban dynamics and regional development in sub-Saharan Africa: a look into some key policy areas<\/em><\/p>\n<ol start=\"18\">\n<li><strong> Syst\u00e8me d&rsquo;action locaux et gouvernance (mod\u00e9rateurs\u00a0: Laurence Barthe, Arnaud Buchs) (salle E411)<\/strong><\/li>\n<\/ol>\n<p>Busto Cara Roberto, <em>Compleja gobernanza de espacios rurales en transformaci\u00f3n acelerada. <\/em><em>Norpatagonia-Argentina<\/em><\/p>\n<p>Martins Rodrigo Constance, <em>Distinction et hi\u00e9rarchisation sociales dans la gouvernance des espaces ruraux\u00a0: le cas de l&rsquo;acc\u00e8s \u00e0 l&rsquo;eau au Br\u00e9sil<\/em><\/p>\n<p>Belliggiano Angelo, De Rubertis Stefano, Labianca Marilena, Salento Angelo, Navarro Valverde Francisco Antonio, Cejudo Garcia Eugenio, <em>Governance, participation and the role of partnerships in 2014-2020 programming cycle. A comparison of Italian and Spanish regions lagging behind in developing and in transition: Puglia, Molise, Andalusia and Estremadura <\/em><\/p>\n<p>Chenane Arezki, Nait Amar Ali, <em>Analyse des perceptions et des modalit\u00e9s de reconfiguration territoriales en Alg\u00e9rie &#8211; cas des communes de la wilaya de Tizi-Ouzou<\/em><\/p>\n<p>Grison Jean-Baptiste, <em>Les tr\u00e8s petites communes dans la recomposition des territoires\u00a0: identit\u00e9s, comp\u00e9titivit\u00e9 et dynamiques locales <\/em><\/p>\n<p>Mesclier Evelyne, <em>Valorisation de l&rsquo;espace rural et fragilisation des territoires paysans. L&rsquo;exemple p\u00e9ruvien <\/em><\/p>\n<ol start=\"19\">\n<li><strong> Gestion des ressources et conflits (mod\u00e9rateurs\u00a0: Martin Ku\u00e9t\u00e9, Laurent Rieutort) (salle F423)<\/strong><\/li>\n<\/ol>\n<p>Adriana Blache, Kimaro Didas, <em>How to analyze land grabs through socio-ecological and geographical analysis and tools? &#8211; Evaluation grid to break down \u00ab\u00a0the myth of abundance\u00a0\u00bb of land in Tanzania &#8211; The case of Kilombero and Kilosa districts, Morogoro Region<\/em><\/p>\n<p>Reichert-Schick Anja, Hollweg Julia, <em>Landgrabbing in Ostdeutschland\u00a0? <\/em><em>Die Ressource Boden als Konfliktgegenstand und Spekulationsobjekt<\/em><\/p>\n<p>Ngiye Erasme, <em>Palmier \u00e0 huile et conflits fonciers dans la plaine de l&rsquo;Imbo au Burundi<\/em><\/p>\n<p>Trindade Hiran, Nogueira M\u00f4nica, Gu\u00e9neau St\u00e9phane, <em>Populations traditionnelles et conflits socio-environnementaux dans le Cerrado br\u00e9silien\u00a0: le cas du complexe d\u2019unit\u00e9s de conservation de Terra Ronca, \u00e9tat du Goias <\/em><\/p>\n<p>Yomb Jacques, Tefe Tagne Robert, <em>Les \u00e9lites modernisatrices dans la production agricole en milieu rural camerounais<\/em><\/p>\n<ol start=\"20\">\n<li><strong> Migration des hommes et circulation de ressources (mod\u00e9rateurs\u00a0: Mary Cawley, Bernard Charlery) (amphi F417)<\/strong><\/li>\n<\/ol>\n<p>Olivier Pliez, Fatima Qacha, <em>Des bourgades rurales sur les routes de la mondialisation<\/em><\/p>\n<p>Kouasi Combo Mafou, Oura Kouadio Rapha\u00ebl, <em>Migrations agricoles et reconversion \u00e9conomique des migrants dans les villages de colonisation dans le centre Ouest ivoirien<\/em><\/p>\n<p>Gennaro Avallone, Platania Marco, Torre Salvo, <em>Social conflicts and new socio-ecological relations in migrant labour in agriculture: a comparative analysis of two case studies in Southern Europe <\/em><\/p>\n<p>Lesourd Michel, <em>Dans les Suds, l&rsquo;invention d&rsquo;une ruralit\u00e9 augment\u00e9e. Exemples ouest-africains<\/em><\/p>\n<p>Racaud Sylvain, <em>Sur les anciennes et nouvelles routes commerciales entre villes et campagnes en Afrique<\/em><\/p>\n<p>Vahabi Nader, <em>Carri\u00e8re migratoire de la diaspora iranienne dans les milieux ruraux<\/em><\/p>\n<p>Ines Raimundo, <em>Understanding rural-urban interactions shaped by crescent itinerancy in Mozambique in the context of globalization<\/em><\/p>\n<p>&nbsp;<\/p>\n<p><span style=\"color: #3366ff\"><strong>Jeudi 26 mai 2016 \u201313h45 \u00e0 15h15 &#8211; Table-ronde pl\u00e9ni\u00e8re avec les op\u00e9rateurs de terrain (mod\u00e9rateurs\u00a0: Laurence Barthe, Ronan Guiavarc\u2019h) (amphi F417)<\/strong><\/span><\/p>\n<p>H\u00e9l\u00e8ne Cettolo<em> (consultante), <\/em>Didier Bardy<em> (Librairie des territoires, Pr\u00e9sident du Conseil de d\u00e9veloppement du Pays Portes de Gascogne) <\/em><\/p>\n<p>Paulette Salles<em> (pr\u00e9c\u00e9demment charg\u00e9e de mission \u00e0 la R\u00e9gion sur les politiques territoriales, \u00e9lue d\u00e9partementale, membre de l\u2019UNADEL) <\/em><\/p>\n<p>Julien Viaud<em> (PNR Ari\u00e8ge, \u00e0 confirmer)<\/em><\/p>\n<p>&nbsp;<\/p>\n<p><span style=\"color: #3366ff\"><strong>Jeudi 26 mai 2016 \u201315h30 \u00e0 17h &#8211; Pl\u00e9ni\u00e8re sur l\u2019\u00e9criture filmique (mod\u00e9ratrice\u00a0: Marie-Claude Cass\u00e9) (amphi F417)<\/strong><\/span><\/p>\n<p>Pr\u00e9sentation\u00a0(Jean-Pascal Fontorbes)<\/p>\n<p>Ouverture\u00a0: extrait du film \u00ab <em>La Pauvret\u00e9 au village\u00a0<\/em>\u00bb (G.Chapouilli\u00e9, B.Kayser)<\/p>\n<p>Les enjeux de l\u2019\u00e9criture filmique en SHS (Anne-Marie Grani\u00e9)<\/p>\n<p>Le film recherche en SHS (Jean-Pascal Fontorbes) Extraits de films\u00a0: \u00ab\u00a0<em>Paroles d\u2019habitants, mani\u00e8res d\u2019habite<\/em>r\u00a0\u00bb et \u00ab\u00a0<em>Territoire, terroir, portrait\u00a0: Aubrac<\/em>\u00a0\u00bb<\/p>\n<p>Pr\u00e9sentation de recherches en cours avec film\u00a0: Transformations paysag\u00e8res (Olivier Bories et Jean-Michel Cazenave)<\/p>\n<p>La Cr\u00e9ation recherche (Pierre Arbus)<\/p>\n<p>Questions d&rsquo;ordre th\u00e9orique et m\u00e9thodologique avec le film \u00e0 partir de leur travail de th\u00e8se par 4 doctorant(e)s de DR (Floriane Chouraqui, Maylis Ast\u00e9, Pascal Lombard, Elo\u00efse Pr\u00e9vost)<\/p>\n<p>&nbsp;<\/p>\n<p><span style=\"color: #3366ff\"><strong>Jeudi 26 mai 2016 \u201317h15 \u00e0 18h30 \u2013 Dynamiques Rurales\u00a0: parole aux fondateurs <\/strong>(film documentaire) <\/span><strong><span style=\"color: #3366ff\">(amphi F417)<\/span> <\/strong><\/p>\n<p>&nbsp;<\/p>\n<p><span style=\"color: #3366ff\">D\u00eener de gala<\/span><\/p>\n<p>&nbsp;<\/p>\n<p><strong><span style=\"color: #3366ff\">Vendredi 27 mai 2016 \u2013 8h45 \u00e0 11h &#8211; Ateliers Parall\u00e8les<\/span> <\/strong><\/p>\n<ol start=\"21\">\n<li><strong> Services et activit\u00e9s dans les territoires ruraux europ\u00e9ens (mod\u00e9rateurs\u00a0: Micha\u00ebl Pouzenc, Monique Poulot) (salle F422)<\/strong><\/li>\n<\/ol>\n<p>Brouard-Sala Quentin, <em>La vacance du logement dans les espaces ruraux\u00a0: origines, effets et dimension comparative (Galice, Normandie)<\/em><\/p>\n<p>Navarro Aurore, <em>Choisir la ruralit\u00e9\u00a0: le cas des commer\u00e7ants des march\u00e9s de plein vent<\/em><\/p>\n<p>Cawley Mary, <em>Les politiques, les relations scolaires et la gouvernance locale dans le d\u00e9veloppement rural\u00a0: une perspective de l&rsquo;Irlande<\/em><\/p>\n<p>Wolff Jean-Pierre, <em>Quels services de mobilit\u00e9 dans les territoires de faible densit\u00e9\u00a0?<\/em><\/p>\n<ol start=\"22\">\n<li><strong> Analyser et mesurer la gentrification (mod\u00e9rateurs\u00a0: Yvon Le Caro, M\u00e9lanie Gambino) (salle F423)<\/strong><\/li>\n<\/ol>\n<p>Martin Phillips, <em>Gentrification and the dynamics of rural change: comparative images from the French and UK countrysides<\/em><\/p>\n<p>Depraz Samuel, <em>Pour une mesure critique de la gentrification rurale en France<\/em><\/p>\n<p>Pistre Pierre, Nelson Peter, Smith Daren, Kinton Chloe, Dellier Julien, Richard Fr\u00e9d\u00e9ric, <em>A cross-national classification of rural areas, for a cross national exploration of rural gentrification (France, UK, US)<\/em><\/p>\n<p>Richard Fr\u00e9d\u00e9ric, Tommasi Greta, Cognard Fran\u00e7oise, <em>Les choses sans les mots\u00a0? Circulation du concept de gentrification rurale en France <\/em><\/p>\n<p>Ferbrache Fiona, Negotiating, belonging et reconstructing \u2018local\u2019 spaces\u00a0: Britons (EU citizens) in the french countryside<\/p>\n<ol start=\"23\">\n<li><strong> Agro\u00e9cologie (mod\u00e9rateurs\u00a0: Alma Amalia Gonz\u00e1lez, Patrick Mundler) (salle E412)<\/strong><\/li>\n<\/ol>\n<p>Aubin Ludovic, Cavalcanti Josefa Salete Barbosa, <em>Des origines rituelles de l\u00b4agriculture \u00e0 l\u00b4agro\u00e9cologie (en passant par l\u00b4agrobusiness) : contributions au d\u00e9bat sur le renouveau de la ruralit\u00e9 contemporaine <\/em><\/p>\n<p>Medeiros Rosa, Munhoz Tais, <em>Agriculteurs assentados dans la r\u00e9gion de la Campanha Gaucha de l&rsquo;\u00c9tat du Rio du Grande do Sul (Br\u00e9sil)\u00a0: introduction de l&rsquo;agro-\u00e9cologie et nouvelles territorialit\u00e9s<\/em><\/p>\n<p>Narezi Gabriela, Marques Paulo Eduardo Moruzzi, <em>Agro\u00e9cologie et conservation de la for\u00eat atlantique dans la r\u00e9gion sud de la Bahia<\/em><\/p>\n<p>Chauveau H\u00e9l\u00e8ne, Ademir Cazella, Abdon Schmitt Filho, Oscar Rover, Jairo Antonio Bosa, Natal Joao Magnanti, <em>Perspectives critiques de l&rsquo;Agro\u00e9cologie au Br\u00e9sil<\/em><\/p>\n<p>Gafsi Mohamed, <em>R\u00f4le des exploitations de lyc\u00e9es agricoles dans les processus d&rsquo;innovation pour une transition agro\u00e9cologique<\/em><\/p>\n<p>Nigh Ronald, <em>Management of soil resources by Maya farmers of Highland Chiapas, Mexico: Symbolism, biology and practices<\/em><\/p>\n<ol start=\"24\">\n<li><strong> Fili\u00e8res globalis\u00e9es (mod\u00e9rateurs\u00a0: Marcelo Sili, Julien Frayssignes) (amphi F417)<\/strong><\/li>\n<\/ol>\n<p>B\u00fchler Eve Anne, Oliveira Valter L\u00facio de, Guibert Martine, <em>Espaces et villes des agricultures entrepreneuriales sud-am\u00e9ricaines\u00a0: nouvelles dimensions de la relation rural-urbain<\/em><\/p>\n<p>Rieutort Laurent, <em>La nouvelle donne territoriale de l&rsquo;agriculture\u00a0: entre ancrage et innovations &#8211; Exemples en Auvergne Rh\u00f4ne-Alpes<\/em><\/p>\n<p>Ruiz Julie, <em>Les territoires d&rsquo;intensification agricole, grands oubli\u00e9s des recherches sur les recompositions rurales<\/em><\/p>\n<p>Martinez Diego, <em>Du d\u00e9veloppement local \u00e0 la d\u00e9territorialisation\u00a0: l&rsquo;expression d&rsquo;une politique agricole Top Down dans les Andes \u00e9quatoriennes<\/em><\/p>\n<p>Acloque Delphine, <em>Nouvelles terres, nouveaux acteurs productifs, nouveaux arrangements\u00a0? Le d\u00e9sert \u00e9gyptien, espace laboratoire d&rsquo;une agriculture en recomposition<\/em><\/p>\n<p>Guillemin Pierre, <em>Approche exploratoire de l\u00e9gumiers-actionnaires bretons \u00e0 travers la presse quotidienne r\u00e9gionale et nationale<\/em><\/p>\n<p>Locher Valentina, Wesz Junior Valdemar, Guibert Martine, <em>La producci\u00f3n de soja en Am\u00e9rica del Sur: convergencias y diferencias en la organizaci\u00f3n de las cadenas nacionales<\/em><\/p>\n<ol start=\"25\">\n<li><strong> Tourisme, culture, nature, r\u00e9activation de ressources pour le d\u00e9veloppement rural <span style=\"text-decoration: line-through\">(attention 6 com)<\/span> (mod\u00e9rateurs\u00a0: Ana Firmino, S\u00e9bastien Rayssac) (salle E411)<\/strong><\/li>\n<\/ol>\n<p>Bessi\u00e8res Jacinthe, Annes Alexis, <em>L\u2019agritourisme\u00a0: renforcement ou r\u00e9duction de la distance sociale entre population agricole et non-agricole\u00a0?<\/em><\/p>\n<p>Heidi Elisabeth Megerle, <em>Vom \u00ab\u00a0espace en crise\u00a0\u00bb Zur globalem Wintersportdestination\u2026 und in Zukunft\u00a0? <\/em><\/p>\n<p>Scalbert Y\u00fccel Cl\u00e9mence, <em>R\u00e9inventer les campagnes turques\u00a0: usages conflictuels des espaces ruraux et naturels dans les montagnes pontiques orientales<\/em><\/p>\n<p>Fournier Mauricette, Le Bel Pierre-Mathieu, <em>Ressource litt\u00e9raire et construction participative du territoire dans le d\u00e9partement de l&rsquo;Allier &#8211; Exemple d&rsquo;innovation territoriale dans un environnement rural \u00e9conomique fragile<\/em><\/p>\n<p>Guyot Sylvain, <em>L\u2019art est-il une nouvelle ressource partag\u00e9e au sein de l\u2019espace rural ? Deux \u00e9clairages depuis la France et les Etats-Unis (Montana)<\/em><\/p>\n<p>Georges Pierre-Marie, <em>La ruralit\u00e9 au prisme des pratiques artistiques\u00a0: quand innovation et circulation red\u00e9finissent les usages de la campagne<\/em><\/p>\n<p>&nbsp;<\/p>\n<p><span style=\"color: #3366ff\"><strong>Vendredi 27 mai 2016 \u2013 11h15 \u00e0 12h45 \u2013 Le temps des doctorants (partie 3)<\/strong> <strong>(amphi F417)<\/strong><\/span><\/p>\n<p>&nbsp;<\/p>\n<p><span style=\"color: #3366ff\"><strong>Vendredi 27 mai 2016 \u2013 14h15 \u00e0 16h &#8211; s\u00e9ance de cl\u00f4ture pl\u00e9ni\u00e8re \u2013 table-ronde ouvrant sur les partenariats \u00e0 l\u2019international (mod\u00e9rateurs\u00a0: Micha\u00ebl Pouzenc, Bernard Charlery) (amphi F417)<\/strong><\/span><\/p>\n<p>Philippe Blanc<em> (Point de Contact National SSH pour HORIZON 2020, MSHS Toulouse) <\/em><\/p>\n<p>Sylvain Racaud<em> (Directeur adjoint de l\u2019Institut Fran\u00e7ais de Recherche en Afrique \u2013 Nairobi) <\/em><\/p>\n<p>Gilles Massardier <em>(Politologue au CIRAD<\/em><em>)<\/em><\/p>\n<p>&nbsp;<\/p>\n<p>&nbsp;<\/p>\n<p>&nbsp;<\/p>\n","protected":false},"excerpt":{"rendered":"<p>La parution de \u00ab La renaissance rurale \u00bb (B. Kayser, 1990) et la naissance du laboratoire \u2018Dynamiques Rurales\u2019 (1991) sont quasiment concomitantes. Un quart de si\u00e8cle plus tard, quel sort faisons-nous \u00e0 \u00ab La renaissance rurale \u00bb ? L\u2019objectif n\u2019est pas tant de reprendre la pol\u00e9mique entre les tenants de la crise rurale et de [&hellip;]<\/p>\n","protected":false},"author":289,"featured_media":0,"parent":0,"menu_order":0,"comment_status":"closed","ping_status":"closed","template":"","meta":{"footnotes":""},"class_list":["post-25","page","type-page","status-publish","hentry"],"_links":{"self":[{"href":"https:\/\/blogs.univ-tlse2.fr\/dynamiquesrurales\/wp-json\/wp\/v2\/pages\/25","targetHints":{"allow":["GET"]}}],"collection":[{"href":"https:\/\/blogs.univ-tlse2.fr\/dynamiquesrurales\/wp-json\/wp\/v2\/pages"}],"about":[{"href":"https:\/\/blogs.univ-tlse2.fr\/dynamiquesrurales\/wp-json\/wp\/v2\/types\/page"}],"author":[{"embeddable":true,"href":"https:\/\/blogs.univ-tlse2.fr\/dynamiquesrurales\/wp-json\/wp\/v2\/users\/289"}],"replies":[{"embeddable":true,"href":"https:\/\/blogs.univ-tlse2.fr\/dynamiquesrurales\/wp-json\/wp\/v2\/comments?post=25"}],"version-history":[{"count":8,"href":"https:\/\/blogs.univ-tlse2.fr\/dynamiquesrurales\/wp-json\/wp\/v2\/pages\/25\/revisions"}],"predecessor-version":[{"id":183,"href":"https:\/\/blogs.univ-tlse2.fr\/dynamiquesrurales\/wp-json\/wp\/v2\/pages\/25\/revisions\/183"}],"wp:attachment":[{"href":"https:\/\/blogs.univ-tlse2.fr\/dynamiquesrurales\/wp-json\/wp\/v2\/media?parent=25"}],"curies":[{"name":"wp","href":"https:\/\/api.w.org\/{rel}","templated":true}]}}