 {"id":29,"date":"2015-10-28T11:31:32","date_gmt":"2015-10-28T10:31:32","guid":{"rendered":"https:\/\/blogs.univ-tlse2.fr\/dynamiquesrurales\/?page_id=29"},"modified":"2015-12-14T16:04:00","modified_gmt":"2015-12-14T15:04:00","slug":"soumission","status":"publish","type":"page","link":"https:\/\/blogs.univ-tlse2.fr\/dynamiquesrurales\/soumission\/","title":{"rendered":"Soumission"},"content":{"rendered":"<p>Chaque <strong><u>proposition de communication<\/u><\/strong> doit comporter\u00a0: Noms et pr\u00e9noms des auteurs (le nom de l\u2019auteur qui pr\u00e9sentera la communication sera en caract\u00e8res gras), fonction, affiliation, laboratoire, courriel, num\u00e9ro de t\u00e9l\u00e9phone, adresse, Mots cl\u00e9s, Titre et Texte, ainsi l\u2019axe du colloque dans lequel s\u2019inscrit la proposition. Le corps du r\u00e9sum\u00e9 sera limit\u00e9 \u00e0 3\u00a0000 caract\u00e8res, espaces compris (Police Times New Roman, taille 12, interligne simple). Il pr\u00e9cisera obligatoirement la probl\u00e9matique, la m\u00e9thodologie (y compris le ou les terrains retenus pour les approches empiriques) et les principaux r\u00e9sultats qui seront soumis \u00e0 discussion. Les \u00e9l\u00e9ments de la proposition seront susceptibles d\u2019\u00e9changes entre tous les membres du comit\u00e9 scientifique et ne doivent donc pas avoir un caract\u00e8re confidentiel.<\/p>\n<p>Les auteurs seront pr\u00e9venus de la s\u00e9lection de leur proposition <strong>fin janvier 2016<\/strong>, et devront remettre leur communication \u00e9crite, ou \u00e0 d\u00e9faut un long r\u00e9sum\u00e9, <strong>fin avril 2016<\/strong>, pour la diffusion d\u2019un pr\u00e9-recueil d\u2019actes aux participants au colloque, sous forme de cl\u00e9 USB, afin de faciliter les discussions en s\u00e9ance.<\/p>\n<p>Les communications seront pr\u00e9sent\u00e9es dans une des quatre langues du colloque, des instructions seront donn\u00e9es quant \u00e0 l\u2019opportunit\u00e9 de pr\u00e9senter des diaporamas bilingues fran\u00e7ais \/ anglais.<\/p>\n<p>Apr\u00e8s le colloque, les auteurs auront jusqu\u2019au <strong>20 septembre 2016<\/strong> pour soumettre des textes r\u00e9vis\u00e9s en vue de leur publication, qui sera envisag\u00e9e par le comit\u00e9 scientifique sous forme de dossiers propos\u00e9s \u00e0 des revues reconnues ou d\u2019ouvrages collectifs propos\u00e9s \u00e0 des \u00e9diteurs scientifiques \u00e9prouv\u00e9s, en tenant compte des th\u00e9matiques et du choix de langue de chaque auteur. Aucune garantie de publication n\u2019est apport\u00e9e par le comit\u00e9 scientifique, qui pr\u00e9viendra fin 2016 les auteurs de la proposition qui leur est faite, sous r\u00e9serve d\u2019avis favorable des relecteurs externes des revues et des \u00e9diteurs sollicit\u00e9s.<\/p>\n<p>Pour une <strong><u>proposition de poster<\/u><\/strong>, les informations requises sont les m\u00eames que pour une proposition de communication. Veuillez pr\u00e9ciser en en t\u00eate \u00ab\u00a0Proposition de poster\u00a0\u00bb. Les dimensions de celui-ci ne devront pas d\u00e9passer 120 cm de haut et 90 cm de large.<\/p>\n<p style=\"text-align: center\"><strong>La date limite de r\u00e9ception des propositions de communication ou de poster<br \/>\nest fix\u00e9e au<\/strong><\/p>\n<p style=\"text-align: center\"><span style=\"color: #ff0000\"><u>10 janvier 2016<\/u><\/span><\/p>\n<p>&nbsp;<\/p>\n<p style=\"text-align: center\"><strong>Adresse d\u2019envoi des propositions de communication\u00a0: &lt;<\/strong><a href=\"&#x6d;ai&#x6c;to&#x3a;ru&#x72;al&#x2e;co&#x6e;fe&#x72;&#101;n&#x63;&#101;&#64;&#x75;&#110;i&#x76;&#45;t&#x6c;&#115;e&#x32;&#46;f&#x72;\"><strong>&#x72;&#x75;&#x72;&#x61;&#108;&#46;con&#x66;&#x65;&#x72;&#x65;&#x6e;&#99;&#101;&#64;un&#x69;&#x76;&#x2d;&#x74;&#x6c;&#115;&#101;2&#46;f&#x72;<\/strong><\/a><strong>&gt;<\/strong><\/p>\n","protected":false},"excerpt":{"rendered":"<p>Chaque proposition de communication doit comporter\u00a0: Noms et pr\u00e9noms des auteurs (le nom de l\u2019auteur qui pr\u00e9sentera la communication sera en caract\u00e8res gras), fonction, affiliation, laboratoire, courriel, num\u00e9ro de t\u00e9l\u00e9phone, adresse, Mots cl\u00e9s, Titre et Texte, ainsi l\u2019axe du colloque dans lequel s\u2019inscrit la proposition. Le corps du r\u00e9sum\u00e9 sera limit\u00e9 \u00e0 3\u00a0000 caract\u00e8res, espaces [&hellip;]<\/p>\n","protected":false},"author":289,"featured_media":0,"parent":0,"menu_order":0,"comment_status":"closed","ping_status":"closed","template":"","meta":{"footnotes":""},"class_list":["post-29","page","type-page","status-publish","hentry"],"_links":{"self":[{"href":"https:\/\/blogs.univ-tlse2.fr\/dynamiquesrurales\/wp-json\/wp\/v2\/pages\/29","targetHints":{"allow":["GET"]}}],"collection":[{"href":"https:\/\/blogs.univ-tlse2.fr\/dynamiquesrurales\/wp-json\/wp\/v2\/pages"}],"about":[{"href":"https:\/\/blogs.univ-tlse2.fr\/dynamiquesrurales\/wp-json\/wp\/v2\/types\/page"}],"author":[{"embeddable":true,"href":"https:\/\/blogs.univ-tlse2.fr\/dynamiquesrurales\/wp-json\/wp\/v2\/users\/289"}],"replies":[{"embeddable":true,"href":"https:\/\/blogs.univ-tlse2.fr\/dynamiquesrurales\/wp-json\/wp\/v2\/comments?post=29"}],"version-history":[{"count":6,"href":"https:\/\/blogs.univ-tlse2.fr\/dynamiquesrurales\/wp-json\/wp\/v2\/pages\/29\/revisions"}],"predecessor-version":[{"id":162,"href":"https:\/\/blogs.univ-tlse2.fr\/dynamiquesrurales\/wp-json\/wp\/v2\/pages\/29\/revisions\/162"}],"wp:attachment":[{"href":"https:\/\/blogs.univ-tlse2.fr\/dynamiquesrurales\/wp-json\/wp\/v2\/media?parent=29"}],"curies":[{"name":"wp","href":"https:\/\/api.w.org\/{rel}","templated":true}]}}