 {"id":62,"date":"2025-06-14T16:16:17","date_gmt":"2025-06-14T14:16:17","guid":{"rendered":"https:\/\/blogs.univ-tlse2.fr\/eco\/?page_id=62"},"modified":"2025-10-30T19:31:36","modified_gmt":"2025-10-30T18:31:36","slug":"le-projet","status":"publish","type":"page","link":"https:\/\/blogs.univ-tlse2.fr\/eco\/le-projet\/","title":{"rendered":"Le projet"},"content":{"rendered":"\n<h3 class=\"wp-block-heading\">Le siffl\u00e9 b\u00e9arnais, un langage \u00e0 r\u00e9inventer<\/h3>\n\n\n\n<p class=\"has-medium-font-size\"><p class=\"is-style-default has-medium-font-size\">Des cr\u00eates aux vallons d\u2019Ossau, bien avant l\u2019\u00e8re des t\u00e9l\u00e9phones portables, les bergers pyr\u00e9n\u00e9ens communiquaient autrefois par des sifflements puissants et m\u00e9lodieux, que les promeneurs non avertis pouvaient prendre pour le langage des oiseaux ou le chant des marmottes. Cette pratique ancestrale connue sous le nom de <em>lo shiular d\u2019Aas<\/em> du nom d\u2019un petit village ossalois \u00e9tait une forme siffl\u00e9e de l\u2019occitan b\u00e9arnais con\u00e7ue pour se faire entendre de loin sans avoir \u00e0 crier. Elle permettait aux bergers de se comprendre d\u2019un versant \u00e0 l\u2019autre, au c\u0153ur du calme imposant des montagnes.<br><br>La parole siffl\u00e9e<\/p>\n<p class=\"is-style-default has-medium-font-size\">Comme le chuchotement ou le cri, la parole siffl\u00e9e est une modalit\u00e9 verbale : elle ne remplace pas une langue, mais en est une forme adapt\u00e9e \u00e0 un contexte de communication contraignant. Dans les vall\u00e9es profondes, les for\u00eats denses ou les zones escarp\u00e9es, parler de fa\u00e7on ordinaire serait inaudible. Crier, userait vos cordes focales. Siffler, en revanche, permet de faire porter la voix sans effort particulier sur plusieurs centaines de m\u00e8tres.<br><br>Certaines langues, comme l\u2019occitan b\u00e9arnais, le turc ou encore certaines langues africaines et amazoniennes, ont d\u00e9velopp\u00e9 des versions siffl\u00e9es. Il ne s\u2019agit pas de codes secrets ou de simples signaux, mais bien du langage, qui transpose les \u00e9l\u00e9ments essentiels de la parole dans une forme sonore diff\u00e9rente. Apr\u00e8s un temps d\u2019apprentissage, les auditeurs sont capables de distinguer les voyelles \u2014 indiqu\u00e9es par la hauteur du sifflement \u2014 et les consonnes, encod\u00e9es dans les silences et les bruits, ainsi que dans les modulations qu\u2019elles impriment aux voyelles voisines.<br><br>Ainsi, le siffl\u00e9 est une autre fa\u00e7on de parler, adapt\u00e9e aux besoins d\u2019un mode de vie et \u00e0 un environnement. Il mobilise l\u2019oreille, le souffle, la m\u00e9moire et l\u2019attention d\u2019une mani\u00e8re tr\u00e8s particuli\u00e8re. Il demande de l\u2019\u00e9coute, de la pr\u00e9cision, et cr\u00e9e un rapport particulier \u00e0 l\u2019espace.<br><br>Le projet ECO <em>Revitaliser l\u2019occitan siffl\u00e9 : renouer paysage, habitants, pratiques<\/em> cherche \u00e0 redonner vie \u00e0 cette langue disparue des usages, \u00e0 travers un travail collectif associant habitants, enseignants, chercheurs et associations locales. L\u2019objectif ? Mieux comprendre cette pratique unique, \u00e0 la fois sensorielle, corporelle et profond\u00e9ment li\u00e9e au paysage sonore, pour lui imaginer un nouveau souffle dans le temps pr\u00e9sent.<br><br>Pourquoi s\u2019int\u00e9resser au siffl\u00e9 b\u00e9arnais ?<br><br>Parce qu\u2019au-del\u00e0 d\u2019un simple moyen de communication, il incarne une autre mani\u00e8re d\u2019habiter le monde : une fa\u00e7on d\u2019\u00eatre \u00e0 l\u2019\u00e9coute du paysage, de faire corps avec la nature, de vivre le territoire autrement. \u00c0 l\u2019heure o\u00f9 nos vies s\u2019\u00e9loignent de l\u2019oralit\u00e9 et des \u00e9changes sensibles, ce projet propose de repenser notre lien au langage, au vivant, \u00e0 ce qui nous relie \u00e0 un lieu. Une langue n\u2019est jamais qu\u2019un outil de communication : sa puissance tient aussi dans ce qu\u2019elle permet d&rsquo;<em>exprimer<\/em>, de ressentir, de transmettre, de faire exister.<br><br>Depuis 1999, plus aucun siffleur traditionnel ne pratique cette langue au quotidien. Mais gr\u00e2ce \u00e0 l\u2019association Lo Siular d\u2019Aas dirig\u00e9 par <strong>Th\u00e9odose Peyrusque<\/strong>, une quinzaine de passionn\u00e9s entretiennent encore la flamme. Mieux encore : depuis 2015, gr\u00e2ce \u00e0 l&rsquo;engagement de deux enseignants d&rsquo;occitan au coll\u00e8ge Les Cinq Monts \u00e0 Laruns, <strong>Nina Roth<\/strong> et <strong>Philippe Biu<\/strong>, une cinquantaine de coll\u00e9giens de Laruns apprennent chaque ann\u00e9e cette technique dans leurs cours d\u2019occitan.<br><br>Le projet ECO s\u2019int\u00e9resse particuli\u00e8rement \u00e0 ces jeunes locuteurs en devenir : comment s\u2019approprient-ils cette forme de langage ? Que ressent-on en parlant avec son souffle et en entendant sa voix porter loin ? Dans quels contextes l\u2019utilisent-ils une fois sortis du coll\u00e8ge, au-del\u00e0 des murs de la classe ? En posant ces questions, le projet cherche \u00e0 imaginer comment le siffl\u00e9 peut r\u00e9int\u00e9grer nos usages actuels. Les partenaires du projet en ont dessin\u00e9 les contours : faire du langage siffl\u00e9 un trait d\u2019union entre tradition et modernit\u00e9, en r\u00e9activant les liens qui unissent la langue, le paysage et les pratiques culturelles vivantes.<\/p><\/p>\n\n\n\n<p class=\"is-style-default has-medium-font-size\">Ce projet est soutenu par <strong>TIRIS<\/strong>, dans le cadre de l\u2019appel \u00e0 projets <a href=\"https:\/\/www.univ-toulouse.fr\/tiris-transitions-et-interdisciplinarite\/appels-projets-et-dispositifs-tiris\">\u00ab\u00a0Co-recherches avec la soci\u00e9t\u00e9\u00a0\u00bb<\/a>. Il est port\u00e9 par <a href=\"https:\/\/lnpl.univ-tlse2.fr\/accueil\/membres\/anna-marczyk\">Anna Marczyk-Buklaha<\/a>. <\/p>\n\n\n\n<figure class=\"wp-block-gallery has-nested-images columns-default is-cropped wp-block-gallery-1 is-layout-flex wp-block-gallery-is-layout-flex\">\n<figure class=\"wp-block-image size-large\"><img loading=\"lazy\" decoding=\"async\" width=\"461\" height=\"1024\" data-id=\"142\" src=\"https:\/\/blogs.univ-tlse2.fr\/eco\/files\/2025\/06\/20250516_110014-461x1024.jpg\" alt=\"\" class=\"wp-image-142\" srcset=\"https:\/\/blogs.univ-tlse2.fr\/eco\/files\/2025\/06\/20250516_110014-461x1024.jpg 461w, https:\/\/blogs.univ-tlse2.fr\/eco\/files\/2025\/06\/20250516_110014-135x300.jpg 135w, https:\/\/blogs.univ-tlse2.fr\/eco\/files\/2025\/06\/20250516_110014-768x1707.jpg 768w, https:\/\/blogs.univ-tlse2.fr\/eco\/files\/2025\/06\/20250516_110014-691x1536.jpg 691w, https:\/\/blogs.univ-tlse2.fr\/eco\/files\/2025\/06\/20250516_110014-922x2048.jpg 922w, https:\/\/blogs.univ-tlse2.fr\/eco\/files\/2025\/06\/20250516_110014-scaled.jpg 1152w\" sizes=\"auto, (max-width: 461px) 100vw, 461px\" \/><figcaption class=\"wp-element-caption\">Th\u00e9odose Peyrusque, siffleur et pr\u00e9sident de l&rsquo;Asociation Lo Shiular d&rsquo;Aas<\/figcaption><\/figure>\n\n\n\n<figure class=\"wp-block-image size-large\"><img loading=\"lazy\" decoding=\"async\" width=\"1024\" height=\"461\" data-id=\"159\" src=\"https:\/\/blogs.univ-tlse2.fr\/eco\/files\/2025\/06\/20250516_110007-1024x461.jpg\" alt=\"\" class=\"wp-image-159\" srcset=\"https:\/\/blogs.univ-tlse2.fr\/eco\/files\/2025\/06\/20250516_110007-1024x461.jpg 1024w, https:\/\/blogs.univ-tlse2.fr\/eco\/files\/2025\/06\/20250516_110007-300x135.jpg 300w, https:\/\/blogs.univ-tlse2.fr\/eco\/files\/2025\/06\/20250516_110007-768x346.jpg 768w, https:\/\/blogs.univ-tlse2.fr\/eco\/files\/2025\/06\/20250516_110007-1536x691.jpg 1536w, https:\/\/blogs.univ-tlse2.fr\/eco\/files\/2025\/06\/20250516_110007-2048x922.jpg 2048w\" sizes=\"auto, (max-width: 1024px) 100vw, 1024px\" \/><figcaption class=\"wp-element-caption\">Philippe Biu, enseignant d&rsquo;occitan siffl\u00e9<\/figcaption><\/figure>\n\n\n\n<figure class=\"wp-block-image size-large\"><img loading=\"lazy\" decoding=\"async\" width=\"666\" height=\"1024\" data-id=\"160\" src=\"https:\/\/blogs.univ-tlse2.fr\/eco\/files\/2025\/06\/IMG_0120-666x1024.jpeg\" alt=\"\" class=\"wp-image-160\" srcset=\"https:\/\/blogs.univ-tlse2.fr\/eco\/files\/2025\/06\/IMG_0120-666x1024.jpeg 666w, https:\/\/blogs.univ-tlse2.fr\/eco\/files\/2025\/06\/IMG_0120-195x300.jpeg 195w, https:\/\/blogs.univ-tlse2.fr\/eco\/files\/2025\/06\/IMG_0120-768x1180.jpeg 768w, https:\/\/blogs.univ-tlse2.fr\/eco\/files\/2025\/06\/IMG_0120-1000x1536.jpeg 1000w, https:\/\/blogs.univ-tlse2.fr\/eco\/files\/2025\/06\/IMG_0120-1333x2048.jpeg 1333w, https:\/\/blogs.univ-tlse2.fr\/eco\/files\/2025\/06\/IMG_0120-scaled.jpeg 1666w\" sizes=\"auto, (max-width: 666px) 100vw, 666px\" \/><figcaption class=\"wp-element-caption\">Nina Roth, enseignante d&rsquo;occitan au coll\u00e8ge Les Cinq Monts \u00e0 <br>Laruns<\/figcaption><\/figure>\n<\/figure>\n\n\n\n<h3 class=\"wp-block-heading\">Continuez vers <a href=\"https:\/\/blogs.univ-tlse2.fr\/eco\/partenaires\/\" data-type=\"page\" data-id=\"69\">Partenaires<\/a><\/h3>\n\n\n\n<h3 class=\"wp-block-heading\">Lisez ce contenu <a href=\"https:\/\/revirada.eu\/reader?src_lang=fra&amp;tgt_lang=oci_gascon&amp;url=https:\/\/blogs.univ-tlse2.fr\/eco\/le-projet\/\">en occitan<\/a>&nbsp;<\/h3>\n\n\n\t<div id=\"respond\" class=\"comment-respond wp-block-post-comments-form\">\n\t\t<h3 id=\"reply-title\" class=\"comment-reply-title\">Laisser un commentaire <small><a rel=\"nofollow\" id=\"cancel-comment-reply-link\" href=\"\/eco\/wp-json\/wp\/v2\/pages\/62#respond\" style=\"display:none;\">Annuler la r\u00e9ponse<\/a><\/small><\/h3><form action=\"https:\/\/blogs.univ-tlse2.fr\/eco\/wp-comments-post.php\" method=\"post\" id=\"commentform\" class=\"comment-form\"><p class=\"comment-notes\"><span id=\"email-notes\">Votre adresse e-mail ne sera pas publi\u00e9e.<\/span> <span class=\"required-field-message\">Les champs obligatoires sont indiqu\u00e9s avec <span class=\"required\">*<\/span><\/span><\/p><p class=\"comment-form-comment\"><label for=\"comment\">Commentaire <span class=\"required\">*<\/span><\/label> <textarea id=\"comment\" name=\"comment\" cols=\"45\" rows=\"8\" maxlength=\"65525\" required><\/textarea><\/p><p class=\"comment-form-author\"><label for=\"author\">Nom <span class=\"required\">*<\/span><\/label> <input id=\"author\" name=\"author\" type=\"text\" value=\"\" size=\"30\" maxlength=\"245\" autocomplete=\"name\" required \/><\/p>\n<p class=\"comment-form-email\"><label for=\"email\">E-mail <span class=\"required\">*<\/span><\/label> <input id=\"email\" name=\"email\" type=\"email\" value=\"\" size=\"30\" maxlength=\"100\" aria-describedby=\"email-notes\" autocomplete=\"email\" required \/><\/p>\n<p class=\"comment-form-url\"><label for=\"url\">Site web<\/label> <input id=\"url\" name=\"url\" type=\"url\" value=\"\" size=\"30\" maxlength=\"200\" autocomplete=\"url\" \/><\/p>\n<p class=\"comment-form-cookies-consent\"><input id=\"wp-comment-cookies-consent\" name=\"wp-comment-cookies-consent\" type=\"checkbox\" value=\"yes\" \/> <label for=\"wp-comment-cookies-consent\">Enregistrer mon nom, mon e-mail et mon site dans le navigateur pour mon prochain commentaire.<\/label><\/p>\n<p class=\"form-submit wp-block-button\"><input name=\"submit\" type=\"submit\" id=\"submit\" class=\"wp-block-button__link wp-element-button\" value=\"Laisser un commentaire\" \/> <input type='hidden' name='comment_post_ID' value='62' id='comment_post_ID' \/>\n<input type='hidden' name='comment_parent' id='comment_parent' value='0' \/>\n<\/p><\/form>\t<\/div><!-- #respond -->\n\t\n\n\n<div class=\"wp-block-comments\"><h2 id=\"comments\" class=\"wp-block-comments-title\">2 r\u00e9ponses \u00e0 &#8220;Le projet&#8221;<\/h2>\n\n<ol class=\"wp-block-comment-template\"><li id=\"comment-2\" class=\"comment even thread-even depth-1\">\n\n<div class=\"wp-block-columns is-layout-flex wp-container-core-columns-is-layout-28f84493 wp-block-columns-is-layout-flex\">\n<div class=\"wp-block-column is-layout-flow wp-block-column-is-layout-flow\" style=\"flex-basis:40px\"><div class=\"wp-block-avatar\"><img alt='Avatar de Lafitte' src='https:\/\/secure.gravatar.com\/avatar\/c6711bf3ae29b984e93178097d664e6c6bc4ac16bfb1fab921c6b07963590065?s=40&#038;d=mm&#038;r=g' srcset='https:\/\/secure.gravatar.com\/avatar\/c6711bf3ae29b984e93178097d664e6c6bc4ac16bfb1fab921c6b07963590065?s=80&#038;d=mm&#038;r=g 2x' class='avatar avatar-40 photo wp-block-avatar__image' height='40' width='40'  style=\"border-radius:20px;\"\/><\/div><\/div>\n\n\n\n<div class=\"wp-block-column is-layout-flow wp-block-column-is-layout-flow\"><div class=\"wp-block-comment-author-name has-small-font-size\">Lafitte<\/div>\n\n\n<div class=\"wp-block-group is-layout-flex wp-block-group-is-layout-flex\" style=\"margin-top:0px;margin-bottom:0px\"><div class=\"wp-block-comment-date has-small-font-size\"><time datetime=\"2025-10-30T16:24:57+01:00\"><a href=\"https:\/\/blogs.univ-tlse2.fr\/eco\/le-projet\/#comment-2\">30 octobre 2025<\/a><\/time><\/div>\n\n<\/div>\n\n\n<div class=\"wp-block-comment-content\"><p>Bonjour, je me demandais s&rsquo;il n&rsquo;y avait pas une faute d&rsquo;orthographe dans le site. Sous la barre de menu en haut \u00e0 gauche il est \u00e9crit revitaliser lo sHiular d&rsquo;Aas avec un \u00ab\u00a0h\u00a0\u00bb \u00e0 \u00ab\u00a0shiular\u00a0\u00bb mais l&rsquo;association \u00ab\u00a0lo siular d&rsquo;Aas\u00a0\u00bb orthographie \u00ab\u00a0siular\u00a0\u00bb sans le \u00ab\u00a0h\u00a0\u00bb. <\/p>\n<p>A part cela, le site est tr\u00e8s bien et les photos d&rsquo;illustration sont magnifiques. Bravo pour ce beau projet.<\/p>\n<\/div>\n\n<div class=\"wp-block-comment-reply-link has-small-font-size\"><a rel=\"nofollow\" class=\"comment-reply-link\" href=\"https:\/\/blogs.univ-tlse2.fr\/eco\/le-projet\/?replytocom=2#respond\" data-commentid=\"2\" data-postid=\"62\" data-belowelement=\"comment-2\" data-respondelement=\"respond\" data-replyto=\"R\u00e9pondre \u00e0 Lafitte\" aria-label=\"R\u00e9pondre \u00e0 Lafitte\">R\u00e9pondre<\/a><\/div><\/div>\n<\/div>\n\n<ol><li id=\"comment-5\" class=\"comment byuser comment-author-eco bypostauthor odd alt depth-2\">\n\n<div class=\"wp-block-columns is-layout-flex wp-container-core-columns-is-layout-28f84493 wp-block-columns-is-layout-flex\">\n<div class=\"wp-block-column is-layout-flow wp-block-column-is-layout-flow\" style=\"flex-basis:40px\"><div class=\"wp-block-avatar\"><img alt='Avatar de Anna Marczyk' src='https:\/\/secure.gravatar.com\/avatar\/492ed1142dc2be6614efa44410ed86f09a055a8e6addb5e2801cefde2f24b07b?s=40&#038;d=mm&#038;r=g' srcset='https:\/\/secure.gravatar.com\/avatar\/492ed1142dc2be6614efa44410ed86f09a055a8e6addb5e2801cefde2f24b07b?s=80&#038;d=mm&#038;r=g 2x' class='avatar avatar-40 photo wp-block-avatar__image' height='40' width='40'  style=\"border-radius:20px;\"\/><\/div><\/div>\n\n\n\n<div class=\"wp-block-column is-layout-flow wp-block-column-is-layout-flow\"><div class=\"wp-block-comment-author-name has-small-font-size\">Anna Marczyk<\/div>\n\n\n<div class=\"wp-block-group is-layout-flex wp-block-group-is-layout-flex\" style=\"margin-top:0px;margin-bottom:0px\"><div class=\"wp-block-comment-date has-small-font-size\"><time datetime=\"2025-10-30T19:12:31+01:00\"><a href=\"https:\/\/blogs.univ-tlse2.fr\/eco\/le-projet\/#comment-5\">30 octobre 2025<\/a><\/time><\/div>\n\n<\/div>\n\n\n<div class=\"wp-block-comment-content\"><p>Bonjour, et merci beaucoup pour votre \u0153il attentif !<br \/>\nVous avez tout \u00e0 fait raison : il existe plusieurs fa\u00e7ons d\u2019\u00e9crire le mot \u00ab siffler \u00bb en occitan \u2014 <em>siular<\/em>, <em>shiular<\/em> ou m\u00eame&#8230; <em>chiular<\/em>.<br \/>\nLes graphies  ou  servent \u00e0 marquer le son [\u0283].<br \/>\nAinsi, tout d\u00e9pend de la graphie qu\u2019on choisit : la classique pour <em>siular<\/em>, ou la mistralienne \u2014 celle de Fr\u00e9d\u00e9ric Mistral \u2014 pour <em>shiular<\/em> ou <em>chiular<\/em>. \ud83d\ude42<\/p>\n<\/div>\n\n<div class=\"wp-block-comment-reply-link has-small-font-size\"><a rel=\"nofollow\" class=\"comment-reply-link\" href=\"https:\/\/blogs.univ-tlse2.fr\/eco\/le-projet\/?replytocom=5#respond\" data-commentid=\"5\" data-postid=\"62\" data-belowelement=\"comment-5\" data-respondelement=\"respond\" data-replyto=\"R\u00e9pondre \u00e0 Anna Marczyk\" aria-label=\"R\u00e9pondre \u00e0 Anna Marczyk\">R\u00e9pondre<\/a><\/div><\/div>\n<\/div>\n\n<\/li><\/ol><\/li><\/ol>\n\n\n\n\t<div id=\"respond\" class=\"comment-respond wp-block-post-comments-form\">\n\t\t<h3 id=\"reply-title\" class=\"comment-reply-title\">Laisser un commentaire <small><a rel=\"nofollow\" id=\"cancel-comment-reply-link\" href=\"\/eco\/wp-json\/wp\/v2\/pages\/62#respond\" style=\"display:none;\">Annuler la r\u00e9ponse<\/a><\/small><\/h3><form action=\"https:\/\/blogs.univ-tlse2.fr\/eco\/wp-comments-post.php\" method=\"post\" id=\"commentform\" class=\"comment-form\"><p class=\"comment-notes\"><span id=\"email-notes\">Votre adresse e-mail ne sera pas publi\u00e9e.<\/span> <span class=\"required-field-message\">Les champs obligatoires sont indiqu\u00e9s avec <span class=\"required\">*<\/span><\/span><\/p><p class=\"comment-form-comment\"><label for=\"comment\">Commentaire <span class=\"required\">*<\/span><\/label> <textarea id=\"comment\" name=\"comment\" cols=\"45\" rows=\"8\" maxlength=\"65525\" required><\/textarea><\/p><p class=\"comment-form-author\"><label for=\"author\">Nom <span class=\"required\">*<\/span><\/label> <input id=\"author\" name=\"author\" type=\"text\" value=\"\" size=\"30\" maxlength=\"245\" autocomplete=\"name\" required \/><\/p>\n<p class=\"comment-form-email\"><label for=\"email\">E-mail <span class=\"required\">*<\/span><\/label> <input id=\"email\" name=\"email\" type=\"email\" value=\"\" size=\"30\" maxlength=\"100\" aria-describedby=\"email-notes\" autocomplete=\"email\" required \/><\/p>\n<p class=\"comment-form-url\"><label for=\"url\">Site web<\/label> <input id=\"url\" name=\"url\" type=\"url\" value=\"\" size=\"30\" maxlength=\"200\" autocomplete=\"url\" \/><\/p>\n<p class=\"comment-form-cookies-consent\"><input id=\"wp-comment-cookies-consent\" name=\"wp-comment-cookies-consent\" type=\"checkbox\" value=\"yes\" \/> <label for=\"wp-comment-cookies-consent\">Enregistrer mon nom, mon e-mail et mon site dans le navigateur pour mon prochain commentaire.<\/label><\/p>\n<p class=\"form-submit wp-block-button\"><input name=\"submit\" type=\"submit\" id=\"submit\" class=\"wp-block-button__link wp-element-button\" value=\"Laisser un commentaire\" \/> <input type='hidden' name='comment_post_ID' value='62' id='comment_post_ID' \/>\n<input type='hidden' name='comment_parent' id='comment_parent' value='0' \/>\n<\/p><\/form>\t<\/div><!-- #respond -->\n\t<\/div>\n","protected":false},"excerpt":{"rendered":"<p>Le siffl\u00e9 b\u00e9arnais, un langage \u00e0 r\u00e9inventer Des cr\u00eates aux vallons d\u2019Ossau, bien avant l\u2019\u00e8re des t\u00e9l\u00e9phones portables, les bergers pyr\u00e9n\u00e9ens communiquaient autrefois par des sifflements puissants et m\u00e9lodieux, que [&hellip;]<\/p>\n","protected":false},"author":1532,"featured_media":103,"parent":0,"menu_order":0,"comment_status":"open","ping_status":"closed","template":"","meta":{"_EventAllDay":false,"_EventTimezone":"","_EventStartDate":"","_EventEndDate":"","_EventStartDateUTC":"","_EventEndDateUTC":"","_EventShowMap":false,"_EventShowMapLink":false,"_EventURL":"","_EventCost":"","_EventCostDescription":"","_EventCurrencySymbol":"","_EventCurrencyCode":"","_EventCurrencyPosition":"","_EventDateTimeSeparator":"","_EventTimeRangeSeparator":"","_EventOrganizerID":[],"_EventVenueID":[],"_OrganizerEmail":"","_OrganizerPhone":"","_OrganizerWebsite":"","_VenueAddress":"","_VenueCity":"","_VenueCountry":"","_VenueProvince":"","_VenueState":"","_VenueZip":"","_VenuePhone":"","_VenueURL":"","_VenueStateProvince":"","_VenueLat":"","_VenueLng":"","_VenueShowMap":false,"_VenueShowMapLink":false,"footnotes":""},"class_list":["post-62","page","type-page","status-publish","has-post-thumbnail","hentry"],"_links":{"self":[{"href":"https:\/\/blogs.univ-tlse2.fr\/eco\/wp-json\/wp\/v2\/pages\/62","targetHints":{"allow":["GET"]}}],"collection":[{"href":"https:\/\/blogs.univ-tlse2.fr\/eco\/wp-json\/wp\/v2\/pages"}],"about":[{"href":"https:\/\/blogs.univ-tlse2.fr\/eco\/wp-json\/wp\/v2\/types\/page"}],"author":[{"embeddable":true,"href":"https:\/\/blogs.univ-tlse2.fr\/eco\/wp-json\/wp\/v2\/users\/1532"}],"replies":[{"embeddable":true,"href":"https:\/\/blogs.univ-tlse2.fr\/eco\/wp-json\/wp\/v2\/comments?post=62"}],"version-history":[{"count":35,"href":"https:\/\/blogs.univ-tlse2.fr\/eco\/wp-json\/wp\/v2\/pages\/62\/revisions"}],"predecessor-version":[{"id":409,"href":"https:\/\/blogs.univ-tlse2.fr\/eco\/wp-json\/wp\/v2\/pages\/62\/revisions\/409"}],"wp:featuredmedia":[{"embeddable":true,"href":"https:\/\/blogs.univ-tlse2.fr\/eco\/wp-json\/wp\/v2\/media\/103"}],"wp:attachment":[{"href":"https:\/\/blogs.univ-tlse2.fr\/eco\/wp-json\/wp\/v2\/media?parent=62"}],"curies":[{"name":"wp","href":"https:\/\/api.w.org\/{rel}","templated":true}]}}