 {"id":82,"date":"2025-06-14T17:11:42","date_gmt":"2025-06-14T15:11:42","guid":{"rendered":"https:\/\/blogs.univ-tlse2.fr\/eco\/?page_id=82"},"modified":"2026-04-18T12:26:28","modified_gmt":"2026-04-18T10:26:28","slug":"blog","status":"publish","type":"page","link":"https:\/\/blogs.univ-tlse2.fr\/eco\/blog\/","title":{"rendered":"\u00c9chos du terrain"},"content":{"rendered":"\n<p>Ce carnet rassemble des notes de terrain, de br\u00e8ves r\u00e9flexions, des images, des r\u00e9cits, des vid\u00e9os et des photos recueillis au fil du projet par ses diff\u00e9rents acteurs.<\/p>\n\n\n\n<div data-wp-context=\"{ &quot;autoclose&quot;: false, &quot;accordionItems&quot;: [] }\" data-wp-interactive=\"core\/accordion\" role=\"group\" class=\"wp-block-accordion is-layout-flow wp-block-accordion-is-layout-flow\">\n<div data-wp-class--is-open=\"state.isOpen\" data-wp-context=\"{ &quot;id&quot;: &quot;accordion-item-3&quot;, &quot;openByDefault&quot;: false }\" data-wp-init=\"callbacks.initAccordionItems\" data-wp-on-window--hashchange=\"callbacks.hashChange\" class=\"wp-block-accordion-item is-layout-flow wp-block-accordion-item-is-layout-flow\">\n<h3 class=\"wp-block-accordion-heading\"><button aria-expanded=\"false\" aria-controls=\"accordion-item-3-panel\" data-wp-bind--aria-expanded=\"state.isOpen\" data-wp-on--click=\"actions.toggle\" data-wp-on--keydown=\"actions.handleKeyDown\" id=\"accordion-item-3\" type=\"button\" class=\"wp-block-accordion-heading__toggle\"><span class=\"wp-block-accordion-heading__toggle-title\"><strong>Entrer<\/strong><\/span><span class=\"wp-block-accordion-heading__toggle-icon\" aria-hidden=\"true\">+<\/span><\/button><\/h3>\n\n\n\n<div inert aria-labelledby=\"accordion-item-3\" data-wp-bind--inert=\"!state.isOpen\" id=\"accordion-item-3-panel\" role=\"region\" class=\"wp-block-accordion-panel is-layout-flow wp-block-accordion-panel-is-layout-flow\">\n<p>Autant le dire d\u00e8s le d\u00e9but : ma position est plus qu\u2019ambigu\u00eb.<\/p>\n\n\n\n<p>\u00c9trang\u00e8re dans la langue fran\u00e7aise et \u00e0 peine install\u00e9e dans sa version m\u00e9ridionale, prudente face \u00e0 ses influences, ayant pourtant beaucoup c\u00f4toy\u00e9 les langues romanes, \u00e0 l\u2019aise dans le discours acad\u00e9mique codifi\u00e9 et incertaine dans celui qui domine les espaces bruyants et les <em>sobremesas<\/em> des repas communs.<\/p>\n\n\n\n<p>Comme si cela ne suffisait pas : attach\u00e9e \u00e0 l\u2019horizon des basses terres de ma Mazovie natale, \u00e0 ces paysages sans grandiosit\u00e9 &#8211; pauvres, simples, grands ouverts, inoffensifs.<\/p>\n\n\n\n<p>C\u2019est ainsi que j\u2019entre, \u00e0 l\u2019occasion du projet ECO, dans l\u2019univers de la culture occitane, montagnarde, pastorale.<\/p>\n\n\n\n<p>Je vous raconte deux moments du premier repas \u00e0 l\u2019h\u00f4tel d\u2019Ayg\u00fcelade avec tous les partenaires du projet, moment inaugural que nous analyserons et r\u00e9analyserons par la suite.<\/p>\n\n\n\n<p>D\u2019abord la disposition spontan\u00e9e des places autour de la table : comment nous nous sommes m\u00eal\u00e9s sans la moindre instruction. Je me retrouve ainsi entre Nina et Th\u00e9o de l\u2019association des siffleurs, j\u2019ai en face P\u00e8ire, guide de montagne, et Philippe, qui n\u2019a pas besoin de pr\u00e9sentation, \u00e0 c\u00f4t\u00e9 de P\u00e8ire, Alain, ancien coll\u00e8gue d\u2019Aix-Marseille, \u00e0 sa gauche R\u00e9my du CIRDOC ; puis Yohann, d\u2019Aix lui aussi, en face d\u2019eux Pascal du CERCO et R\u00e9gis, mon coll\u00e8gue du laboratoire, qui a Nina \u00e0 sa droite, moi \u00e0 c\u00f4t\u00e9 de Nina.<\/p>\n\n\n\n<p>Puis le moment des pr\u00e9sentations, o\u00f9 chacun dit ce qu\u2019il fait.<\/p>\n\n\n\n<p>Les pr\u00e9sentations des coll\u00e8gues universitaires se confrontent toutes au m\u00eame d\u00e9fi : rester compr\u00e9hensibles mais soucieuses de ne pas diminuer la port\u00e9e de ce que nous faisons (l\u2019exercice de simplification enl\u00e8ve le superflu, hein). Donc : je travaille pour comprendre comment on produit la parole, j\u2019essaie de voir ce que per\u00e7oivent ceux qui n\u2019entendent pas bien, je m\u2019int\u00e9resse \u00e0 la signification et au sens\u2026<\/p>\n\n\n\n<p>Th\u00e9o&nbsp;: C\u2019est du travail, \u00e7a ? (Ils sont malins&nbsp;!)<\/p>\n\n\n\n<p>Comment je sais que ce premier repas commun nous travaille ?<\/p>\n\n\n\n<p>Parce que, encore dans la voiture sur le chemin de retour \u00e0 Toulouse, mes coll\u00e8gues, tous emball\u00e9s comme des coll\u00e9giens un jour de sortie, le laissent entrevoir.<\/p>\n\n\n\n<p>&#8211; Je vais me remettre \u00e0 l\u2019occitan, je vais voir comment le faire \u00e0 Aix.<br>&#8211; Je dois apprendre \u00e0 siffler avec les doigts, je pense d\u2019ailleurs qu\u2019avant je savais le faire.<br>&#8211; Pour moi il manque encore des objectifs. Mais Anna, l\u00e0 il faut qu\u2019on leur donne quelque chose en retour, on ne peut pas les d\u00e9cevoir.<\/p>\n\n\n\n<p>(Je suis celle qui ne cherche aucune forme de mim\u00e9tisme).<\/p>\n\n\n\n<p class=\"is-style-text-annotation is-style-text-annotation--1\">par AM<\/p>\n\n\n\n<figure class=\"wp-block-gallery has-nested-images columns-default is-cropped wp-block-gallery-2 is-layout-flex wp-block-gallery-is-layout-flex\">\n<figure class=\"wp-block-image size-large\"><img loading=\"lazy\" decoding=\"async\" width=\"461\" height=\"1024\" data-id=\"416\" src=\"https:\/\/blogs.univ-tlse2.fr\/eco\/files\/20250515_113820-461x1024.jpg\" alt=\"\" class=\"wp-image-416\" srcset=\"https:\/\/blogs.univ-tlse2.fr\/eco\/files\/20250515_113820-461x1024.jpg 461w, https:\/\/blogs.univ-tlse2.fr\/eco\/files\/20250515_113820-135x300.jpg 135w, https:\/\/blogs.univ-tlse2.fr\/eco\/files\/20250515_113820-768x1707.jpg 768w, https:\/\/blogs.univ-tlse2.fr\/eco\/files\/20250515_113820-691x1536.jpg 691w, https:\/\/blogs.univ-tlse2.fr\/eco\/files\/20250515_113820-922x2048.jpg 922w, https:\/\/blogs.univ-tlse2.fr\/eco\/files\/20250515_113820-scaled.jpg 1152w\" sizes=\"auto, (max-width: 461px) 100vw, 461px\" \/><figcaption class=\"wp-element-caption\">L\u2019entr\u00e9e de la cour de la mairie d\u2019Aas<\/figcaption><\/figure>\n<\/figure>\n<\/div>\n<\/div>\n\n\n\n<div data-wp-class--is-open=\"state.isOpen\" data-wp-context=\"{ &quot;id&quot;: &quot;accordion-item-5&quot;, &quot;openByDefault&quot;: false }\" data-wp-init=\"callbacks.initAccordionItems\" data-wp-on-window--hashchange=\"callbacks.hashChange\" class=\"wp-block-accordion-item is-layout-flow wp-block-accordion-item-is-layout-flow\">\n<h3 class=\"wp-block-accordion-heading\"><button aria-expanded=\"false\" aria-controls=\"accordion-item-5-panel\" data-wp-bind--aria-expanded=\"state.isOpen\" data-wp-on--click=\"actions.toggle\" data-wp-on--keydown=\"actions.handleKeyDown\" id=\"accordion-item-5\" type=\"button\" class=\"wp-block-accordion-heading__toggle\"><span class=\"wp-block-accordion-heading__toggle-title\"><strong>Revitaliser<\/strong><\/span><span class=\"wp-block-accordion-heading__toggle-icon\" aria-hidden=\"true\">+<\/span><\/button><\/h3>\n\n\n\n<div inert aria-labelledby=\"accordion-item-5\" data-wp-bind--inert=\"!state.isOpen\" id=\"accordion-item-5-panel\" role=\"region\" class=\"wp-block-accordion-panel is-layout-flow wp-block-accordion-panel-is-layout-flow\">\n<p>Lors du deuxi\u00e8me s\u00e9jour du projet \u00e0 Laruns, je suis invit\u00e9e \u00e0 loger chez N., dans une maison situ\u00e9e au centre d\u2019un bourg de montagne. Je suis ainsi invit\u00e9e au c\u0153ur de la vie des autres gens. Et j\u2019en suis touch\u00e9e.<\/p>\n\n\n\n<p>La maison de N. est un ancien presbyt\u00e8re. D\u00e8s l\u2019entr\u00e9e, deux choses prennent le protagonisme de la pi\u00e8ce : la chemin\u00e9e, immense &#8211; on pourrait presque s\u2019y tenir debout &#8211; et l\u2019escalier en bois, dont chaque marche promet une musique (je le confirmerai en montant dans la chambre \u00e0 l\u2019\u00e9tage).<\/p>\n\n\n\n<p>Les rebords des fen\u00eatres sont larges, faits pour deux ou trois personnes assises \u00e0 regarder dehors. Au centre de la pi\u00e8ce principale, une longue table en bois. N. raconte que la pi\u00e8ce devient parfois une salle de danse ou abrite un groupe de chanteuses.<\/p>\n\n\n\n<p>N. m\u2019explique qu\u2019elle a r\u00e9nov\u00e9 la maison avec l\u2019aide d\u2019amies d\u00e9coratrices, elle insiste pour rendre \u00e0 chacune ce qui lui revient dans les choix de d\u00e9coration, qui m\u2019\u00e9merveillent. J\u2019acquiesce, mais je reste convaincue, sans avoir besoin de preuve, que l\u2019esprit de N. traverse les pi\u00e8ces et est le v\u00e9ritable fil conducteur qui relie ensemble les meubles, le choix du linge des lits, les objets artisanaux qui semblent avoir trouv\u00e9 ici une seconde vie.<\/p>\n\n\n\n<p>Il y a deux chats. Celle qui profite de mon ignorance des r\u00e8gles de la maison, Calinette, miaule derri\u00e8re la fen\u00eatre de la salle de bain qui donne sur le jardin pour que je lui laisse entrer. \u00c0 peine entr\u00e9e, m\u2019explique N., elle sollicitera quelqu\u2019un d\u2019autre pour la laisser sortir. J\u2019apprends aussi que la v\u00e9ritable h\u00f4tesse, l\u2019imp\u00e9ratrice de la maison, une chienne nomm\u00e9e Fina, n\u2019est pas l\u00e0.<\/p>\n\n\n\n<p>Le s\u00e9jour dure cinq jours. Les activit\u00e9s du projet s\u2019encha\u00eenent : les balades siffl\u00e9es, du col de l\u2019Aubisque jusqu\u2019\u00e0 Aas, sous le soleil, les rencontres, les r\u00e9union de travail, les discussions tardives, prot\u00e9in\u00e9es. Le manque de sommeil et les repas inhabituellement copieux du soir contribuent eux aussi \u00e0 la sensation \u00e9trange de vivre une parenth\u00e8se, n\u00e9buleuse et fugitive. Une exp\u00e9rience intens\u00e9ment v\u00e9cue, flottante, pas imm\u00e9diatement <em>encapsulable<\/em> en mots.<\/p>\n\n\n\n<p>(Pourquoi d\u2019ailleurs. La difficult\u00e9 de l\u2019\u00e9criture de ce carnet : r\u00e9sister \u00e0 l\u2019instinct de tout \u00e9tiqueter, tout enfermer dans les mots).<\/p>\n\n\n\n<p>Encore longtemps apr\u00e8s mon d\u00e9part, mes pens\u00e9es reviennent \u00e0 une expression qui m\u2019offre une forme de compr\u00e9hension de mon enchantement pour cette ancienne maison du cur\u00e9 r\u00e9nov\u00e9e.<\/p>\n\n\n\n<p>Elle est pleine de recoins.<\/p>\n\n\n\n<p class=\"is-style-text-annotation is-style-text-annotation--4\">par AM<\/p>\n\n\n\n<figure class=\"wp-block-image size-large\"><img loading=\"lazy\" decoding=\"async\" width=\"1024\" height=\"461\" src=\"https:\/\/blogs.univ-tlse2.fr\/eco\/files\/20251003_173523-1024x461.jpg\" alt=\"\" class=\"wp-image-417\" srcset=\"https:\/\/blogs.univ-tlse2.fr\/eco\/files\/20251003_173523-1024x461.jpg 1024w, https:\/\/blogs.univ-tlse2.fr\/eco\/files\/20251003_173523-300x135.jpg 300w, https:\/\/blogs.univ-tlse2.fr\/eco\/files\/20251003_173523-768x346.jpg 768w, https:\/\/blogs.univ-tlse2.fr\/eco\/files\/20251003_173523-1536x691.jpg 1536w, https:\/\/blogs.univ-tlse2.fr\/eco\/files\/20251003_173523-2048x922.jpg 2048w\" sizes=\"auto, (max-width: 1024px) 100vw, 1024px\" \/><figcaption class=\"wp-element-caption\">Calinette \u00e0 son poste d\u2019observation, dissimul\u00e9e derri\u00e8re les p\u00e9tunias<\/figcaption><\/figure>\n\n\n\n<p><\/p>\n<\/div>\n<\/div>\n\n\n\n<div data-wp-class--is-open=\"state.isOpen\" data-wp-context=\"{ &quot;id&quot;: &quot;accordion-item-8&quot;, &quot;openByDefault&quot;: false }\" data-wp-init=\"callbacks.initAccordionItems\" data-wp-on-window--hashchange=\"callbacks.hashChange\" class=\"wp-block-accordion-item is-layout-flow wp-block-accordion-item-is-layout-flow\">\n<h3 class=\"wp-block-accordion-heading\"><button aria-expanded=\"false\" aria-controls=\"accordion-item-8-panel\" data-wp-bind--aria-expanded=\"state.isOpen\" data-wp-on--click=\"actions.toggle\" data-wp-on--keydown=\"actions.handleKeyDown\" id=\"accordion-item-8\" type=\"button\" class=\"wp-block-accordion-heading__toggle\"><span class=\"wp-block-accordion-heading__toggle-title\"><strong>Top down, bottom up<\/strong><\/span><span class=\"wp-block-accordion-heading__toggle-icon\" aria-hidden=\"true\">+<\/span><\/button><\/h3>\n\n\n\n<div inert aria-labelledby=\"accordion-item-8\" data-wp-bind--inert=\"!state.isOpen\" id=\"accordion-item-8-panel\" role=\"region\" class=\"wp-block-accordion-panel is-layout-flow wp-block-accordion-panel-is-layout-flow\">\n<p>C\u2019est ainsi que Pascal synth\u00e9tise l\u2019essence du probl\u00e8me qui appara\u00eet en pleine lumi\u00e8re lors d\u2019une des premi\u00e8res r\u00e9unions du projet.<\/p>\n\n\n\n<p>Le terme est bien connu en sciences cognitives, sa discipline. Il d\u00e9signe les processus ascendants (<em>bottom-up<\/em>) et descendants (<em>top-down<\/em>) impliqu\u00e9s dans le traitement de l\u2019information. Leur primaut\u00e9 fait l\u2019objet d\u2019un d\u00e9bat permanent. Mettons que vous entendez un sifflement dans la montagne. D\u2019abord, un son attire simplement votre oreille, une fr\u00e9quence aigu\u00eb, une s\u00e9rie de tuit tuit tuit \u00e0 intervalles r\u00e9guliers. C\u2019est le bas niveau du signal qui capte l\u2019attention. Puis vous vous dites : ce sont des marmottes (en fait, ce sont des siffleurs.). La perception vient d\u2019en bas (processus ascendant) et elle rejoint l\u2019interpr\u00e9tation qui vient d\u2019en haut (processus descendant).<\/p>\n\n\n\n<p>Nous sommes accueillis au coll\u00e8ge de Laruns comme il se doit &#8211; caf\u00e9 en abondance et cookies maison.<\/p>\n\n\n\n<p>Je note ces deux t\u00e9moignages \u00e0 posteriori.<\/p>\n\n\n\n<p>Philippe : Je m\u2019attendais \u00e0 une r\u00e9union logistique, qu\u2019on parle de l\u2019organisation. Je ne m\u2019attendais pas \u00e0 ce niveau de discussion.<\/p>\n\n\n\n<p>R\u00e9gis : Est-ce notre pr\u00e9sence de chercheurs qui a lib\u00e9r\u00e9 la parole ?<\/p>\n\n\n\n<p>Toujours est-il que, lors de cette r\u00e9union, nous avons touch\u00e9 au c\u0153ur du probl\u00e8me. D\u2019o\u00f9 devrait venir l\u2019initiative de revitalisation ?<\/p>\n\n\n\n<p>De la communaut\u00e9 &#8211; c\u2019est ce que soutient R\u00e9my, ethnologue au CIRDOC. Les institutions n\u2019ont pas, selon lui, la l\u00e9gitimit\u00e9 d\u2019initier ce mouvement. Elles peuvent en revanche soutenir les initiatives locales.<\/p>\n\n\n\n<p>Des institutions &#8211; c\u2019est l\u2019avis de Th\u00e9odose, pr\u00e9sident de l\u2019association Lo Siular d\u2019Aas. Depuis des ann\u00e9es, il se bat pour proposer des initiatives, avec le sentiment r\u00e9current de se heurter \u00e0 l\u2019indiff\u00e9rence des autorit\u00e9s. <\/p>\n\n\n\n<p>(La question qui n\u2019est pas pos\u00e9e \u00e0 ce moment-l\u00e0 : l\u2019action de Philippe et Nina aupr\u00e8s des coll\u00e9giens, o\u00f9 se situe-t-elle ? Malgr\u00e9 tout, les cours de sifflet au coll\u00e8ge ont r\u00e9ussi \u00e0 s\u2019inscrire dans la dur\u00e9e. Depuis dix ans, une poign\u00e9e de coll\u00e9giens-siffleurs quittent les murs du coll\u00e8ge. <\/p>\n\n\n\n<p>Cela <em>existe<\/em>.)<\/p>\n\n\n\n<p class=\"is-style-text-annotation is-style-text-annotation--6\">par AM<\/p>\n\n\n\n<figure class=\"wp-block-image size-large\"><img loading=\"lazy\" decoding=\"async\" width=\"1024\" height=\"461\" src=\"https:\/\/blogs.univ-tlse2.fr\/eco\/files\/20251003_102728-1024x461.jpg\" alt=\"\" class=\"wp-image-418\" srcset=\"https:\/\/blogs.univ-tlse2.fr\/eco\/files\/20251003_102728-1024x461.jpg 1024w, https:\/\/blogs.univ-tlse2.fr\/eco\/files\/20251003_102728-300x135.jpg 300w, https:\/\/blogs.univ-tlse2.fr\/eco\/files\/20251003_102728-768x346.jpg 768w, https:\/\/blogs.univ-tlse2.fr\/eco\/files\/20251003_102728-1536x691.jpg 1536w, https:\/\/blogs.univ-tlse2.fr\/eco\/files\/20251003_102728-2048x922.jpg 2048w\" sizes=\"auto, (max-width: 1024px) 100vw, 1024px\" \/><figcaption class=\"wp-element-caption\">La vue sur la cour au coll\u00e8ge de Laruns.<\/figcaption><\/figure>\n\n\n\n<figure class=\"wp-block-image size-full\"><img loading=\"lazy\" decoding=\"async\" width=\"847\" height=\"484\" src=\"https:\/\/blogs.univ-tlse2.fr\/eco\/files\/Image1.jpg\" alt=\"\" class=\"wp-image-419\" srcset=\"https:\/\/blogs.univ-tlse2.fr\/eco\/files\/Image1.jpg 847w, https:\/\/blogs.univ-tlse2.fr\/eco\/files\/Image1-300x171.jpg 300w, https:\/\/blogs.univ-tlse2.fr\/eco\/files\/Image1-768x439.jpg 768w\" sizes=\"auto, (max-width: 847px) 100vw, 847px\" \/><figcaption class=\"wp-element-caption\">De gauche \u00e0 droite&nbsp;: Johann, Philippe, Alain, dans la salle de r\u00e9union au coll\u00e8ge de Laruns<\/figcaption><\/figure>\n\n\n\n<div data-wp-context=\"{ &quot;autoclose&quot;: false, &quot;accordionItems&quot;: [] }\" data-wp-interactive=\"core\/accordion\" role=\"group\" class=\"wp-block-accordion is-layout-flow wp-block-accordion-is-layout-flow\">\n<div data-wp-class--is-open=\"state.isOpen\" data-wp-context=\"{ &quot;id&quot;: &quot;accordion-item-7&quot;, &quot;openByDefault&quot;: false }\" data-wp-init=\"callbacks.initAccordionItems\" data-wp-on-window--hashchange=\"callbacks.hashChange\" class=\"wp-block-accordion-item is-layout-flow wp-block-accordion-item-is-layout-flow\">\n<h3 class=\"wp-block-accordion-heading\"><button aria-expanded=\"false\" aria-controls=\"accordion-item-7-panel\" data-wp-bind--aria-expanded=\"state.isOpen\" data-wp-on--click=\"actions.toggle\" data-wp-on--keydown=\"actions.handleKeyDown\" id=\"accordion-item-7\" type=\"button\" class=\"wp-block-accordion-heading__toggle\"><span class=\"wp-block-accordion-heading__toggle-title\">Virtuose<\/span><span class=\"wp-block-accordion-heading__toggle-icon\" aria-hidden=\"true\">+<\/span><\/button><\/h3>\n\n\n\n<div inert aria-labelledby=\"accordion-item-7\" data-wp-bind--inert=\"!state.isOpen\" id=\"accordion-item-7-panel\" role=\"region\" class=\"wp-block-accordion-panel is-layout-flow wp-block-accordion-panel-is-layout-flow\">\n<p>\u00ab Je suis s\u00fbr qu\u2019un musicien s\u2019apercevrait tout de suite de la virtuosit\u00e9 de son sifflet. \u00bb &#8211; confesse Ryan, artiste et musicien, qui travaille lui aussi dans la mati\u00e8re de <em>lo shiular<\/em>.<\/p>\n\n\n\n<p>Le siffleur artiste, c\u2019est Philippe Biu, celui qui depuis dix ans offre des cours de siffl\u00e9 au coll\u00e8ge de Laruns, soutenu dans son entreprise par Nina Roth, l\u2019enseignante au coll\u00e8ge. Nous sommes dans une salle de classe au coll\u00e8ge Les Cinq Monts \u00e0 Laruns, en train de faire des enregistrements&nbsp;: une liste de mots, des noms de professions, des lieux et des phrases.<\/p>\n\n\n\n<p>L\u2019observation de Ryan (lui aussi avec un sifflet portant qui remplit l\u2019espace) r\u00e9sonne avec la phon\u00e9ticienne en moi : j\u2019en connais, ces locuteurs id\u00e9aux, que l\u2019on choisit pour les enregistrements d\u2019un corpus et dont la voix finit par devenir une r\u00e9f\u00e9rence, dont on reconna\u00eet jusqu\u2019aux param\u00e8tres acoustiques retrouv\u00e9es dans les descriptions officielles des langues. Antonio R\u00edos pour l\u2019espagnol, originaire de la Rioja, qui apr\u00e8s des ann\u00e9es \u00e0 Barcelone gardait son merveilleux accent castillan, pur, ancr\u00e9 dans sa voix grave.<\/p>\n\n\n\n<p>Ainsi, le sifflet de Philippe \u2013 qu\u2019il a l\u2019occasion de pratiquer le plus parmi ceux qui sifflent \u2013 est beau. Il est clair, r\u00e9sonnant, distinctif et nuanc\u00e9, ample. L\u2019ampleur du sifflet \u2013 son amplitude \u2013 n\u00e9cessite le souffle.<\/p>\n\n\n\n<p>Siffler te fatigue ?<\/p>\n\n\n\n<p>Non.<\/p>\n\n\n\n<p>La facilit\u00e9 apparente, le naturel, l\u2019aisance &#8211; autant de signes de la ma\u00eetrise, de la virtuosit\u00e9.<\/p>\n\n\n\n<p>Je note les questions :<br>C\u2019est quoi un siffleur avanc\u00e9 ?<br>\u00c0 quoi reconna\u00eet-on un beau sifflet ?<\/p>\n<\/div>\n<\/div>\n<\/div>\n<\/div>\n<\/div>\n<\/div>\n\n\n\n<div data-wp-context=\"{ &quot;autoclose&quot;: false, &quot;accordionItems&quot;: [] }\" data-wp-interactive=\"core\/accordion\" role=\"group\" class=\"wp-block-accordion is-layout-flow wp-block-accordion-is-layout-flow\">\n<div data-wp-class--is-open=\"state.isOpen\" data-wp-context=\"{ &quot;id&quot;: &quot;accordion-item-9&quot;, &quot;openByDefault&quot;: false }\" data-wp-init=\"callbacks.initAccordionItems\" data-wp-on-window--hashchange=\"callbacks.hashChange\" class=\"wp-block-accordion-item is-layout-flow wp-block-accordion-item-is-layout-flow\">\n<h3 class=\"wp-block-accordion-heading\"><button aria-expanded=\"false\" aria-controls=\"accordion-item-9-panel\" data-wp-bind--aria-expanded=\"state.isOpen\" data-wp-on--click=\"actions.toggle\" data-wp-on--keydown=\"actions.handleKeyDown\" id=\"accordion-item-9\" type=\"button\" class=\"wp-block-accordion-heading__toggle\"><span class=\"wp-block-accordion-heading__toggle-title\"><strong>Virtuose<\/strong><\/span><span class=\"wp-block-accordion-heading__toggle-icon\" aria-hidden=\"true\">+<\/span><\/button><\/h3>\n\n\n\n<div inert aria-labelledby=\"accordion-item-9\" data-wp-bind--inert=\"!state.isOpen\" id=\"accordion-item-9-panel\" role=\"region\" class=\"wp-block-accordion-panel is-layout-flow wp-block-accordion-panel-is-layout-flow\">\n<p>\u00ab Je suis s\u00fbr qu\u2019un musicien s\u2019apercevrait tout de suite de la virtuosit\u00e9 de son sifflet. \u00bb &#8211; confesse Ryan, artiste et musicien, qui travaille lui aussi dans la mati\u00e8re de <em>lo shiular<\/em>.<\/p>\n\n\n\n<p>Le siffleur artiste, c\u2019est Philippe Biu, celui qui depuis dix ans offre des cours de siffl\u00e9 au coll\u00e8ge de Laruns, soutenu dans son entreprise par Nina Roth, l\u2019enseignante au coll\u00e8ge. Nous sommes dans une salle de classe au coll\u00e8ge Les Cinq Monts \u00e0 Laruns, en train de faire des enregistrements&nbsp;: une liste de mots, des noms de professions, des lieux et des phrases.<\/p>\n\n\n\n<p>L\u2019observation de Ryan (lui aussi avec un sifflet portant qui remplit l\u2019espace) r\u00e9sonne avec la phon\u00e9ticienne en moi : j\u2019en connais, ces locuteurs id\u00e9aux, que l\u2019on choisit pour les enregistrements d\u2019un corpus et dont la voix finit par devenir une r\u00e9f\u00e9rence, dont on reconna\u00eet jusqu\u2019aux param\u00e8tres acoustiques retrouv\u00e9es dans les descriptions officielles des langues. Antonio R\u00edos pour l\u2019espagnol, originaire de la Rioja, qui apr\u00e8s des ann\u00e9es \u00e0 Barcelone gardait son merveilleux accent castillan, pur, ancr\u00e9 dans sa voix grave.<\/p>\n\n\n\n<p>Ainsi, le sifflet de Philippe \u2013 qu\u2019il a l\u2019occasion de pratiquer le plus parmi ceux qui sifflent \u2013 est beau. Il est clair, r\u00e9sonnant, distinctif et nuanc\u00e9, ample. L\u2019ampleur du sifflet \u2013 son amplitude \u2013 n\u00e9cessite le souffle.<\/p>\n\n\n\n<p>Siffler te fatigue ?<\/p>\n\n\n\n<p>Non.<\/p>\n\n\n\n<p>La facilit\u00e9 apparente, le naturel, l\u2019aisance &#8211; autant de signes de la ma\u00eetrise, de la virtuosit\u00e9.<\/p>\n\n\n\n<p>Je note les questions :<br>C\u2019est quoi un siffleur avanc\u00e9 ?<br>\u00c0 quoi reconna\u00eet-on un beau sifflet ?<\/p>\n\n\n\n<figure class=\"wp-block-image size-large\"><img loading=\"lazy\" decoding=\"async\" width=\"1024\" height=\"461\" src=\"https:\/\/blogs.univ-tlse2.fr\/eco\/files\/20251003_103013-1024x461.jpg\" alt=\"\" class=\"wp-image-426\" srcset=\"https:\/\/blogs.univ-tlse2.fr\/eco\/files\/20251003_103013-1024x461.jpg 1024w, https:\/\/blogs.univ-tlse2.fr\/eco\/files\/20251003_103013-300x135.jpg 300w, https:\/\/blogs.univ-tlse2.fr\/eco\/files\/20251003_103013-768x346.jpg 768w, https:\/\/blogs.univ-tlse2.fr\/eco\/files\/20251003_103013-1536x691.jpg 1536w, https:\/\/blogs.univ-tlse2.fr\/eco\/files\/20251003_103013-2048x922.jpg 2048w\" sizes=\"auto, (max-width: 1024px) 100vw, 1024px\" \/><figcaption class=\"wp-element-caption\">Philippe Biu (\u00e0 droite) et Ryan Kernoa (devant le micro)<\/figcaption><\/figure>\n\n\n\n<p><\/p>\n\n\n\n<p><\/p>\n<\/div>\n<\/div>\n<\/div>\n\n\n\n<p>Continuez vers <a href=\"https:\/\/blogs.univ-tlse2.fr\/eco\/ressources\/\" data-type=\"page\" data-id=\"337\">Ressources<\/a><\/p>\n","protected":false},"excerpt":{"rendered":"<p>Ce carnet rassemble des notes de terrain, de br\u00e8ves r\u00e9flexions, des images, des r\u00e9cits, des vid\u00e9os et des photos recueillis au fil du projet par ses diff\u00e9rents acteurs. Continuez vers [&hellip;]<\/p>\n","protected":false},"author":1532,"featured_media":212,"parent":0,"menu_order":0,"comment_status":"closed","ping_status":"closed","template":"","meta":{"_EventAllDay":false,"_EventTimezone":"","_EventStartDate":"","_EventEndDate":"","_EventStartDateUTC":"","_EventEndDateUTC":"","_EventShowMap":false,"_EventShowMapLink":false,"_EventURL":"","_EventCost":"","_EventCostDescription":"","_EventCurrencySymbol":"","_EventCurrencyCode":"","_EventCurrencyPosition":"","_EventDateTimeSeparator":"","_EventTimeRangeSeparator":"","_EventOrganizerID":[],"_EventVenueID":[],"_OrganizerEmail":"","_OrganizerPhone":"","_OrganizerWebsite":"","_VenueAddress":"","_VenueCity":"","_VenueCountry":"","_VenueProvince":"","_VenueState":"","_VenueZip":"","_VenuePhone":"","_VenueURL":"","_VenueStateProvince":"","_VenueLat":"","_VenueLng":"","_VenueShowMap":false,"_VenueShowMapLink":false,"footnotes":""},"class_list":["post-82","page","type-page","status-publish","has-post-thumbnail","hentry"],"_links":{"self":[{"href":"https:\/\/blogs.univ-tlse2.fr\/eco\/wp-json\/wp\/v2\/pages\/82","targetHints":{"allow":["GET"]}}],"collection":[{"href":"https:\/\/blogs.univ-tlse2.fr\/eco\/wp-json\/wp\/v2\/pages"}],"about":[{"href":"https:\/\/blogs.univ-tlse2.fr\/eco\/wp-json\/wp\/v2\/types\/page"}],"author":[{"embeddable":true,"href":"https:\/\/blogs.univ-tlse2.fr\/eco\/wp-json\/wp\/v2\/users\/1532"}],"replies":[{"embeddable":true,"href":"https:\/\/blogs.univ-tlse2.fr\/eco\/wp-json\/wp\/v2\/comments?post=82"}],"version-history":[{"count":37,"href":"https:\/\/blogs.univ-tlse2.fr\/eco\/wp-json\/wp\/v2\/pages\/82\/revisions"}],"predecessor-version":[{"id":427,"href":"https:\/\/blogs.univ-tlse2.fr\/eco\/wp-json\/wp\/v2\/pages\/82\/revisions\/427"}],"wp:featuredmedia":[{"embeddable":true,"href":"https:\/\/blogs.univ-tlse2.fr\/eco\/wp-json\/wp\/v2\/media\/212"}],"wp:attachment":[{"href":"https:\/\/blogs.univ-tlse2.fr\/eco\/wp-json\/wp\/v2\/media?parent=82"}],"curies":[{"name":"wp","href":"https:\/\/api.w.org\/{rel}","templated":true}]}}