 {"id":583,"date":"2022-12-06T23:17:07","date_gmt":"2022-12-06T22:17:07","guid":{"rendered":"https:\/\/blogs.univ-tlse2.fr\/ensemble-pourluniversite\/?page_id=583"},"modified":"2023-01-27T08:43:45","modified_gmt":"2023-01-27T07:43:45","slug":"nos-propositions","status":"publish","type":"page","link":"https:\/\/blogs.univ-tlse2.fr\/ensemble-pourluniversite\/nos-propositions\/","title":{"rendered":"Nos propositions pour le mandat 2023-2027"},"content":{"rendered":"\n<p>Si le mandat 2018-2022 a permis d&rsquo;inscrire notre universit\u00e9 dans une dynamique positive, le mandat 2023-2027 pourra permettre de prolonger et renforcer l&rsquo;action au service de notre \u00e9tablissement, de ses \u00e9tudiant.es et de ses personnels.<\/p>\n\n\n\n<p>Vous trouverez ici les propositions port\u00e9es par les candidat.es des listes <em>Ensemble pour l&rsquo;universit\u00e9<\/em>.  <\/p>\n\n\n\n<ul class=\"wp-block-list\">\n<li><a href=\"https:\/\/blogs.univ-tlse2.fr\/ensemble-pourluniversite\/files\/2023\/01\/EU_La-qualite\u0301-de-vie-au-travail-pour-priorite\u0301.pdf\" target=\"_blank\" rel=\"noreferrer noopener\">La qualit\u00e9 de vie au travail pour priorit\u00e9<\/a><\/li>\n\n\n\n<li><a href=\"https:\/\/blogs.univ-tlse2.fr\/ensemble-pourluniversite\/files\/2023\/01\/EU_Offrir-les-meilleures-conditions-denseignement-et-dapprentissage.pdf\" target=\"_blank\" rel=\"noreferrer noopener\">Offrir les meilleures conditions d&rsquo;enseignement et d&rsquo;apprentissage<\/a><a href=\"https:\/\/blogs.univ-tlse2.fr\/ensemble-pourluniversite\/2023\/01\/11\/offrir-les-meilleures-conditions-denseignement-et-dapprentissage\/\"> <\/a><\/li>\n\n\n\n<li><a rel=\"noreferrer noopener\" href=\"https:\/\/blogs.univ-tlse2.fr\/ensemble-pourluniversite\/files\/2023\/01\/EU_Notre-universite\u0301-fie\u0300re-de-sa-recherche.pdf\" target=\"_blank\">Notre <\/a><a rel=\"noreferrer noopener\" href=\"https:\/\/blogs.univ-tlse2.fr\/ensemble-pourluniversite\/files\/2023\/01\/EU_Notre-universite\u0301-fie\u0300re-de-sa-recherche.pdf\" target=\"_blank\">u<\/a><a rel=\"noreferrer noopener\" href=\"https:\/\/blogs.univ-tlse2.fr\/ensemble-pourluniversite\/files\/2023\/01\/EU_Notre-universite\u0301-fie\u0300re-de-sa-recherche.pdf\" target=\"_blank\">niversit\u00e9, fi\u00e8re de sa recherche<\/a><\/li>\n\n\n\n<li><a href=\"https:\/\/blogs.univ-tlse2.fr\/ensemble-pourluniversite\/files\/2023\/01\/EU_Nos-campus-lieux-de-vie-pour-les-e\u0301tudiant.es-et-les-personnels.pdf\" target=\"_blank\" rel=\"noreferrer noopener\">Nos campus, lieux de vie pour les \u00e9tudiant.es et les personnels<\/a> <\/li>\n\n\n\n<li><a href=\"https:\/\/blogs.univ-tlse2.fr\/ensemble-pourluniversite\/files\/2023\/01\/EU_Une-internationalisation-au-service-de-la-communaute\u0301-universitaire.pdf\" target=\"_blank\" rel=\"noreferrer noopener\">Une internationalisation au service de la communaut\u00e9 universitai<\/a><a href=\"https:\/\/blogs.univ-tlse2.fr\/ensemble-pourluniversite\/2023\/01\/18\/une-internationalisation-au-service-de-la-communaute-universitaire\/\">re<\/a><\/li>\n\n\n\n<li><a href=\"https:\/\/blogs.univ-tlse2.fr\/ensemble-pourluniversite\/files\/2023\/01\/EU_Pour-une-Universite-de-Toulouse-inclusive-et-ambitieuse-pour-nos-disciplines.pdf\" target=\"_blank\" rel=\"noreferrer noopener\">Pour une Universit\u00e9 de Toulouse inclusive et ambitieuse pour nos disciplines<\/a><\/li>\n\n\n\n<li><a href=\"https:\/\/blogs.univ-tlse2.fr\/ensemble-pourluniversite\/files\/2023\/01\/EU_Valoriser-notre-communaute\u0301-de-travail.pdf\" target=\"_blank\" rel=\"noreferrer noopener\">Valoriser notre communaut\u00e9 de travail<\/a><\/li>\n\n\n\n<li><a href=\"https:\/\/blogs.univ-tlse2.fr\/ensemble-pourluniversite\/files\/2023\/01\/EU_Transition-e\u0301cologique-et-sociale_lUT2J-engage\u0301e-et-responsable.pdf\" target=\"_blank\" rel=\"noreferrer noopener\">Transition \u00e9cologique et sociale : l&rsquo;UT2J engag\u00e9e et responsable !<\/a><\/li>\n<\/ul>\n","protected":false},"excerpt":{"rendered":"<p>Si le mandat 2018-2022 a permis d&rsquo;inscrire notre universit\u00e9 dans une dynamique positive, le mandat 2023-2027 pourra permettre de prolonger et renforcer l&rsquo;action au service de notre \u00e9tablissement, de ses \u00e9tudiant.es et de ses personnels. Vous trouverez ici les propositions port\u00e9es par les candidat.es des listes Ensemble pour l&rsquo;universit\u00e9.<\/p>\n","protected":false},"author":301,"featured_media":0,"parent":0,"menu_order":0,"comment_status":"closed","ping_status":"closed","template":"","meta":{"footnotes":""},"class_list":["post-583","page","type-page","status-publish","hentry"],"_links":{"self":[{"href":"https:\/\/blogs.univ-tlse2.fr\/ensemble-pourluniversite\/wp-json\/wp\/v2\/pages\/583","targetHints":{"allow":["GET"]}}],"collection":[{"href":"https:\/\/blogs.univ-tlse2.fr\/ensemble-pourluniversite\/wp-json\/wp\/v2\/pages"}],"about":[{"href":"https:\/\/blogs.univ-tlse2.fr\/ensemble-pourluniversite\/wp-json\/wp\/v2\/types\/page"}],"author":[{"embeddable":true,"href":"https:\/\/blogs.univ-tlse2.fr\/ensemble-pourluniversite\/wp-json\/wp\/v2\/users\/301"}],"replies":[{"embeddable":true,"href":"https:\/\/blogs.univ-tlse2.fr\/ensemble-pourluniversite\/wp-json\/wp\/v2\/comments?post=583"}],"version-history":[{"count":24,"href":"https:\/\/blogs.univ-tlse2.fr\/ensemble-pourluniversite\/wp-json\/wp\/v2\/pages\/583\/revisions"}],"predecessor-version":[{"id":839,"href":"https:\/\/blogs.univ-tlse2.fr\/ensemble-pourluniversite\/wp-json\/wp\/v2\/pages\/583\/revisions\/839"}],"wp:attachment":[{"href":"https:\/\/blogs.univ-tlse2.fr\/ensemble-pourluniversite\/wp-json\/wp\/v2\/media?parent=583"}],"curies":[{"name":"wp","href":"https:\/\/api.w.org\/{rel}","templated":true}]}}