 {"id":779,"date":"2023-01-24T16:32:29","date_gmt":"2023-01-24T15:32:29","guid":{"rendered":"https:\/\/blogs.univ-tlse2.fr\/ensemble-pourluniversite\/?page_id=779"},"modified":"2023-01-24T16:59:40","modified_gmt":"2023-01-24T15:59:40","slug":"commission-recherche","status":"publish","type":"page","link":"https:\/\/blogs.univ-tlse2.fr\/ensemble-pourluniversite\/nos-candidat-e-s\/commission-recherche\/","title":{"rendered":"Commission Recherche"},"content":{"rendered":"\n<figure class=\"wp-block-image size-large\"><img loading=\"lazy\" decoding=\"async\" width=\"1024\" height=\"286\" src=\"https:\/\/blogs.univ-tlse2.fr\/ensemble-pourluniversite\/files\/2023\/01\/EU_CR2-1024x286.png\" alt=\"\" class=\"wp-image-780\" srcset=\"https:\/\/blogs.univ-tlse2.fr\/ensemble-pourluniversite\/files\/2023\/01\/EU_CR2-1024x286.png 1024w, https:\/\/blogs.univ-tlse2.fr\/ensemble-pourluniversite\/files\/2023\/01\/EU_CR2-300x84.png 300w, https:\/\/blogs.univ-tlse2.fr\/ensemble-pourluniversite\/files\/2023\/01\/EU_CR2-768x214.png 768w, https:\/\/blogs.univ-tlse2.fr\/ensemble-pourluniversite\/files\/2023\/01\/EU_CR2-1536x428.png 1536w, https:\/\/blogs.univ-tlse2.fr\/ensemble-pourluniversite\/files\/2023\/01\/EU_CR2.png 1915w\" sizes=\"auto, (max-width: 1024px) 100vw, 1024px\" \/><figcaption class=\"wp-element-caption\"><br><strong>Coll\u00e8ge 1 LSHS<\/strong><br>Nathalie DESSENS\u00a0: UFR LLCE, d\u00e9partement \u00c9tudes du monde anglophone, CAS<br>Franck AMADIEU\u00a0: UFR Psychologie, d\u00e9partement Psychologie cognitive et ergonomie, CLLE<br>Fabienne BERCEGOL\u00a0: UFR LPMAsC, d\u00e9partement Lettres modernes, cin\u00e9ma et occitan, PLH<br>Pierre MORET\u00a0: TRACES<br>Emeline JOUVE\u00a0: UFR LLCE, d\u00e9partement \u00c9tudes du monde anglophone, CAS<br>Nabil HATHOUT\u00a0: CLLE<br>Alexandra DARDENAY\u00a0: UFR HAA, d\u00e9partement Histoire de l\u2019art et arch\u00e9ologie, TRACES<br>Jacques LAJARRIGE\u00a0: UFR LLCE, d\u00e9partement Langues \u00e9trang\u00e8res (allemand), CREG<br>Florence SORDES\u00a0: UFR Psychologie, d\u00e9partement Psychopathologie clinique, psychologie de la sant\u00e9, neurosciences, CERPPS<br>Michel GROSSETTI\u00a0: LISST<br>Claire JUDDE DE LA RIVIERE\u00a0: UFR HAA, d\u00e9partement Histoire, FRAMESPA<br>\u00a0<br><strong>Coll\u00e8ge 1 ST<\/strong><br>Thierry VAL\u00a0: IUT de Blagnac, d\u00e9partement R\u00e9seaux &amp; t\u00e9l\u00e9communications, IRIT<br>\u00a0<br><strong>Coll\u00e8ge 2 LSHS<\/strong><br>Fanny VERKAMPT\u00a0: UFR Psychologie, d\u00e9partement Psychologie sociale du travail et des organisations, CLLE<br>Gwena\u00ebl KAMINSKI\u00a0: UFR Psychologie, d\u00e9partement Psychologie cognitive et ergonomie, CLLE<br>\u00a0<br><strong>Coll\u00e8ge 2 ST<\/strong><br>Cassia TROJHAN\u00a0: UFR SES, d\u00e9partement Math\u00e9matiques &#8211; Informatique, IRIT<br>\u00a0<br><strong>Coll\u00e8ge 3 LSHS<\/strong><br>Brice GENRE\u00a0: UFR LPMAsC, d\u00e9partement Arts plastiques et design, LLA-CREATIS<br>Elsa FIL\u00c2TRE\u00a0: INSPE<br>Lionel ROUGE\u00a0: UFR SES, d\u00e9partement G\u00e9ographie &#8211; Am\u00e9nagement &#8211; Environnement, LISST<br>H\u00e9l\u00e8ne CHARLERY\u00a0: UFR LLCE, d\u00e9partement \u00c9tudes du monde anglophone, CAS<br>Nicolas POIRIER\u00a0: TRACES<br>Noria BOUKHOBZA\u00a0: UFR HAA, d\u00e9partement Anthropologie, LISST<br>Luis OROZCO\u00a0: UFR LLCE, d\u00e9partement Langues \u00e9trang\u00e8res appliqu\u00e9es, LEREPS<br>Agn\u00e8s SURBEZY\u00a0: UFR LLCE, d\u00e9partement \u00c9tudes hispaniques et hispano-am\u00e9ricaines, LLA-CREATIS<br>\u00a0<br><strong>Coll\u00e8ge 3 ST<\/strong><br>Adriana BOTIZAN SOVEJA\u00a0: IUT de Blagnac, d\u00e9partement G\u00e9nie industriel et maintenance<br>\u00a0<br><strong>Coll\u00e8ge 4<\/strong><br>Carine LIVOTI\u00a0: IUT de Blagnac, d\u00e9partement Carri\u00e8res sociales service \u00e0 la personne<br>\u00a0<br><strong>Coll\u00e8ge 5<\/strong><br>Fabienne DENUC\u00a0: Centre de promotion de la recherche scientifique (CPRS)\u00a0\u00a0\u00a0\u00a0\u00a0<br>Prosper GOUDIABY\u00a0: Direction de l&rsquo;\u00e9valuation, des \u00e9tudes et de la prospective (DEEP)<br>Marie-Pierre COUSTURES\u00a0: laboratoire TRACES<br>\u00a0<br><strong>Coll\u00e8ge 6<\/strong><br>Herv\u00e9 CHASSERIAU\u00a0: Service commun de document (SCD)<br>H\u00e9l\u00e8ne H\u00c9RAN\u00a0: Gestion des plannings et des espaces<\/figcaption><\/figure>\n","protected":false},"excerpt":{"rendered":"","protected":false},"author":584,"featured_media":0,"parent":589,"menu_order":-3,"comment_status":"closed","ping_status":"closed","template":"","meta":{"footnotes":""},"class_list":["post-779","page","type-page","status-publish","hentry"],"_links":{"self":[{"href":"https:\/\/blogs.univ-tlse2.fr\/ensemble-pourluniversite\/wp-json\/wp\/v2\/pages\/779","targetHints":{"allow":["GET"]}}],"collection":[{"href":"https:\/\/blogs.univ-tlse2.fr\/ensemble-pourluniversite\/wp-json\/wp\/v2\/pages"}],"about":[{"href":"https:\/\/blogs.univ-tlse2.fr\/ensemble-pourluniversite\/wp-json\/wp\/v2\/types\/page"}],"author":[{"embeddable":true,"href":"https:\/\/blogs.univ-tlse2.fr\/ensemble-pourluniversite\/wp-json\/wp\/v2\/users\/584"}],"replies":[{"embeddable":true,"href":"https:\/\/blogs.univ-tlse2.fr\/ensemble-pourluniversite\/wp-json\/wp\/v2\/comments?post=779"}],"version-history":[{"count":4,"href":"https:\/\/blogs.univ-tlse2.fr\/ensemble-pourluniversite\/wp-json\/wp\/v2\/pages\/779\/revisions"}],"predecessor-version":[{"id":800,"href":"https:\/\/blogs.univ-tlse2.fr\/ensemble-pourluniversite\/wp-json\/wp\/v2\/pages\/779\/revisions\/800"}],"up":[{"embeddable":true,"href":"https:\/\/blogs.univ-tlse2.fr\/ensemble-pourluniversite\/wp-json\/wp\/v2\/pages\/589"}],"wp:attachment":[{"href":"https:\/\/blogs.univ-tlse2.fr\/ensemble-pourluniversite\/wp-json\/wp\/v2\/media?parent=779"}],"curies":[{"name":"wp","href":"https:\/\/api.w.org\/{rel}","templated":true}]}}