 {"id":34,"date":"2020-01-15T18:35:50","date_gmt":"2020-01-15T17:35:50","guid":{"rendered":"https:\/\/blogs.univ-tlse2.fr\/irp-danube\/?page_id=34"},"modified":"2020-01-22T09:11:17","modified_gmt":"2020-01-22T08:11:17","slug":"les-membres","status":"publish","type":"page","link":"https:\/\/blogs.univ-tlse2.fr\/irp-danube\/les-membres\/","title":{"rendered":"Les membres et la gouvernance de l&rsquo;IRP"},"content":{"rendered":"\n<h2 class=\"wp-block-heading\">Responsables du projet \/ Project managers<\/h2>\n\n\n\n<p><strong>Laurent Carozza<\/strong> (CNRS &#8211; UMR 5602 GEODE, Toulouse, France)<\/p>\n\n\n\n<p> <strong>Mihaela Danu<\/strong>  (Universit\u00e9 de Iasi, Roumanie)<\/p>\n\n\n\n<p><\/p>\n\n\n\n<p>    <\/p>\n\n\n\n<h2 class=\"wp-block-heading\"><strong>Le <\/strong><b>Comit\u00e9<\/b> de Pilotage \/ Steering Commitee<\/h2>\n\n\n\n<p><strong>Adrian Balasescu<\/strong> &#8211; Acad\u00e9mie Roumaine, Institut d&rsquo;Arch\u00e9ologie Vasile Parvan  , Bucarest<\/p>\n\n\n\n<p><strong>Albane Burens<\/strong> &#8211; CNRS, UMR 5602 GEODE, Universit\u00e9 Toulouse 2 Jean Jaur\u00e8s  <\/p>\n\n\n\n<p><strong>Jean-Michel Carozza<\/strong> &#8211; Universit\u00e9 de La Rochelle, LIENSs UMR 7266       <\/p>\n\n\n\n<p><strong>Laurent Carozza<\/strong> &#8211; CNRS, UMR 5602 GEODE, Universit\u00e9 Toulouse 2 Jean Jaur\u00e8s  <\/p>\n\n\n\n<p><strong>Mihaela Danu<\/strong>  &#8211; Universit\u00e9 Ioan Cuza de Iasi        <\/p>\n\n\n\n<p><strong>Cristian Micu<\/strong> &#8211; ICEM &nbsp;Institut Gravila Simion, Tulcea<\/p>\n\n\n\n<p><strong> Catalin Lazar<\/strong> &#8211; Universit\u00e9 de Bucarest   <\/p>\n\n\n\n<p>    <\/p>\n\n\n\n<p><\/p>\n\n\n\n<h2 class=\"wp-block-heading\"><strong>Les membres <\/strong> de l&rsquo;IRP \/ IRP&rsquo;s Members <\/h2>\n\n\n\n<p><strong>Sorin Ailincai<\/strong>&nbsp;&#8211; ICEM &nbsp;Institut Gravila Simion                 <em> [&#x73;a&#x69;&#108;i&#x6e;c&#x61;&#105;&#64;&#x67;m&#x61;&#105;l&#x2e;c&#x6f;&#x6d;<\/em>]<\/p>\n\n\n\n<p><strong>Jean-Marc Antoine<\/strong> &#8211; UMR 5602 GEODE, Universit\u00e9 Toulouse 2 Jean Jaur\u00e8s             <em>[j&#x65;a&#110;&#x2d;m&#x61;&#x72;c&#x2e;a&#110;&#x74;o&#105;&#x6e;e&#x40;u&#110;&#x69;v&#45;&#x74;l&#x73;&#x65;2&#x2e;f&#114;<\/em>]<\/p>\n\n\n\n<p><strong>Andrei Asandulesei<\/strong>  &#8211; Universit\u00e9 Ioan Cuza de Iasi          [<em>&#x61;&#110;d&#x72;&#101;i&#x2e;&#x61;s&#x61;&#x6e;&#100;u&#x6c;&#101;s&#x65;&#x69;&#64;&#x79;&#x61;&#104;o&#x6f;&#46;c&#x6f;&#x6d;<\/em>]<\/p>\n\n\n\n<p><strong>Adrian Balasescu<\/strong>&nbsp;&#8211; Acad\u00e9mie Roumaine, Institut d&rsquo;Arch\u00e9ologie Vasile Parvan             [<em>&#97;&#x2e;b&#x61;l&#97;&#x73;e&#x73;c&#117;&#x40;g&#x6d;a&#x69;&#x6c;&#46;&#x63;o&#x6d;<\/em>]<\/p>\n\n\n\n<p><strong>Luminita Bejenaru<\/strong>  &#8211; Universit\u00e9 Ioan Cuza de Iasi         [<em>&#x6c;&#x75;&#x6d;&#x69;&#x62;&#x40;&#117;&#97;ic&#46;ro]<\/em><\/p>\n\n\n\n<p><strong>Radu Bajenaru<\/strong> &#8211; Acad\u00e9mie Roumaine, Institut d&rsquo;Arch\u00e9ologie Vasile Parvan         [<em>r&#x61;d&#x75;&#x2e;b&#x61;j&#101;&#x6e;a&#x72;u&#64;&#x67;m&#x61;i&#108;&#x2e;c&#x6f;&#x6d;<\/em>]<\/p>\n\n\n\n<p><strong>William Bertrand<\/strong> &#8211; UMR 5602 GEODE, Universit\u00e9 Toulouse 2 Jean Jaur\u00e8s           [<em>w&#x69;l&#108;&#x69;a&#109;&#x2e;b&#101;&#x72;t&#114;&#x61;n&#x64;&#x40;e&#x74;&#x75;&#46;&#x75;n&#105;&#x76;-&#116;&#x6c;s&#101;&#x32;&#46;&#102;&#x72;<\/em>]<\/p>\n\n\n\n<p><strong>Mihaela Bleoanca<\/strong>&nbsp;&#8211; ICEM &nbsp;Institut Gravila Simion                     [<em>&#x6d;&#x69;&#x68;&#x61;&#x65;&#x6c;&#x61;&#x2e;&#x62;&#x6c;&#x65;&#111;&#97;&#110;&#99;a&#64;yahoo&#46;c&#x6f;&#x6d;<\/em>]<\/p>\n\n\n\n<p><strong>Albane Burens<\/strong> &#8211; CNRS, UMR 5602 GEODE, Universit\u00e9 Toulouse 2 Jean Jaur\u00e8s         <em> [&#97;&#x6c;b&#x61;n&#x65;&#46;&#x62;u&#114;&#x65;&#110;&#x73;-&#x63;a&#x72;o&#122;&#x7a;&#97;&#x40;u&#x6e;i&#x76;-&#x74;l&#115;&#x65;&#50;&#x2e;f&#x72;<\/em>]<\/p>\n\n\n\n<p><strong>Jean-Michel Carozza<\/strong> &#8211; Universit\u00e9 de La Rochelle, LIENSs UMR 7266           [<em>j&#x65;a&#110;&#x2d;m&#105;&#x63;h&#101;&#x6c;&#46;&#99;&#x61;r&#x6f;&#x7a;z&#x61;&#x40;u&#x6e;i&#118;&#x2d;l&#114;&#x2e;f&#114;<\/em>]<\/p>\n\n\n\n<p><strong>Laurent Carozza<\/strong> &#8211; UMR 5602 GEODE, Universit\u00e9 Toulouse 2 Jean Jaur\u00e8s                    [<em>c&#x61;&#x72;o&#122;&#x7a;a&#46;&#x6c;&#x61;u&#114;&#x65;nt&#x40;&#x77;a&#110;&#x61;do&#x6f;&#x2e;f&#114;<\/em>]<\/p>\n\n\n\n<p><strong>Emmanuel Chapron<\/strong> &#8211; UMR 5602 GEODE, Universit\u00e9 Toulouse 2 Jean Jaur\u00e8s         <em> [&#x65;&#x6d;&#x6d;&#x61;&#x6e;&#x75;&#101;&#108;&#46;chapr&#x6f;&#x6e;&#x40;&#x75;&#x6e;&#x69;&#118;&#45;tlse2&#46;&#x66;&#x72;<\/em>]<\/p>\n\n\n\n<p><strong>Florin  Ciulavu<\/strong>&nbsp;&#8211; ICEM &nbsp;Institut Gravila Simion                    [<em>flo&#114;&#105;&#x6e;&#x63;&#x69;&#x75;&#x6c;avu&#64;&#121;&#x61;&#x68;&#x6f;&#x6f;&#x2e;com<\/em>]<\/p>\n\n\n\n<p><strong>Mihaela Danu<\/strong>  &#8211; Universit\u00e9 Ioan Cuza de Iasi         [<em>danum2007&#64;yah&#111;&#111;&#46;&#99;&#111;&#x6d;<\/em>]<\/p>\n\n\n\n<p><strong>Madalina Dimache<\/strong>&nbsp;&#8211; Universit\u00e9 de Bucarest         [<em>dimachemadalina&#64;yahoo&#46;com<\/em>]<\/p>\n\n\n\n<p><strong>Adeline Darie<\/strong>&nbsp;&#8211; Universit\u00e9 de Bucarest        [a<em>&#x64;&#101;li&#x6e;&#x61;&#46;d&#x61;&#x72;ie&#x40;&#x79;&#97;h&#x6f;&#x6f;&#46;c&#x6f;&#x6d;<\/em>]<\/p>\n\n\n\n<p><strong>Ligia Dima<\/strong>&nbsp;&#8211; ICEM &nbsp;Institut Gravila Simion                 [<em>d&#x69;ma&#x6c;ig&#x69;a&#64;&#x79;a&#104;&#x6f;o&#46;&#x63;o&#109;<\/em>]<\/p>\n\n\n\n<p><strong>Mihail Florea<\/strong> &#8211; Universit\u00e9 de Bucarest&nbsp;          [<em>&#x6d;i&#x68;&#97;&#x69;&#x6d;f&#x73;&#64;&#x79;&#x61;h&#x6f;&#111;&#x2e;&#x63;o&#x6d;<\/em>]          <\/p>\n\n\n\n<p><strong>Didier Galop<\/strong> &#8211; UMR 5602 GEODE, Universit\u00e9 Toulouse 2 Jean Jaur\u00e8s               [<em>&#x64;&#x69;&#100;ier&#x2e;&#x67;&#x61;&#108;op&#x40;&#x75;&#x6e;&#105;v-&#x74;&#x6c;&#x73;&#101;2&#46;&#x66;&#x72;<\/em>]<\/p>\n\n\n\n<p><strong>Ga\u00ebl Guillou<\/strong> &#8211; Universit\u00e9 de La Rochelle, LIENSs UMR 7266         [<em>g&#97;&#x65;l&#46;&#x67;&#x75;i&#108;&#x6c;&#x6f;u&#48;&#x31;&#64;u&#x6e;&#x69;v&#45;&#x6c;&#x72;&#46;&#102;&#x72;<\/em>]<\/p>\n\n\n\n<p><strong>Mihaelas Golea<\/strong>&nbsp;&#8211; Acad\u00e9mie Roumaine, Institut d&rsquo;Arch\u00e9ologie Vasile Parvan          <em>[&#x6d;&#x69;&#104;a&#x65;&#x6c;&#x61;&#115;&#46;&#x67;&#x6f;&#x6c;&#101;a&#x40;&#x79;&#x61;&#104;o&#x6f;&#x2e;&#x63;&#111;m<\/em>]<\/p>\n\n\n\n<p>C<strong>onstantin Ha\u00efta<\/strong>&nbsp;&#8211; Acad\u00e9mie Roumaine, Institut d&rsquo;Arch\u00e9ologie Vasile Parvan             [<em>&#x63;o&#x73;t&#x65;&#108;_&#x68;a&#x69;&#116;a&#x40;y&#x61;&#104;o&#x6f;&#46;&#x63;o&#x6d;<\/em>]<\/p>\n\n\n\n<p><strong>Theodor Ignat<\/strong>&nbsp;&#8211; Universit\u00e9 de Bucarest         [<em>&#x74;&#x68;&#x65;&#x6f;&#100;or_i&#x67;&#x6e;&#x61;&#x74;&#64;yaho&#x6f;&#x2e;&#x63;&#x6f;&#109;<\/em>]<\/p>\n\n\n\n<p><strong>Catalin Lazar<\/strong>&nbsp;&#8211; Universit\u00e9 de Bucarest              [<em>&#x63;&#x61;&#x74;&#x61;&#x6c;&#x69;&#x6e;&#x6c;&#97;&#122;&#97;&#114;2014&#64;gm&#x61;&#x69;&#x6c;&#x2e;&#x63;&#x6f;&#x6d;<\/em>]<\/p>\n\n\n\n<p><strong>Beno\u00eet Lebreton<\/strong> &#8211; Universit\u00e9 de La Rochelle, LIENSs UMR 7266          [<em>&#x62;&#x65;&#110;&#111;it&#x2e;&#x6c;&#x65;&#98;ret&#x6f;&#x6e;&#x40;&#117;ni&#x76;&#x2d;&#x6c;&#114;&#46;fr<\/em>]<\/p>\n\n\n\n<p><strong>Emilie Lerigoleur<\/strong> &#8211; UMR 5602 GEODE, Universit\u00e9 Toulouse 2 Jean Jaur\u00e8s                [<em>&#x65;&#x6d;&#x69;&#x6c;&#x69;&#x65;&#x2e;&#108;&#101;&#114;igoleu&#x72;&#x40;&#x75;&#x6e;&#x69;&#x76;&#x2d;&#x74;&#108;&#115;e2&#46;fr<\/em>]<\/p>\n\n\n\n<p><strong>Sergiu-Adi Loghin<\/strong>  &#8211; Universit\u00e9 Ioan Cuza de Iasi          [<em>loghin_sergiu&#64;yahoo&#46;&#99;&#111;&#109;<\/em>]<\/p>\n\n\n\n<p><strong>Fran\u00e7ois Lev\u00eaque<\/strong> &#8211; Universit\u00e9 de La Rochelle, LIENSs UMR 7266    [<em>f&#x6c;e&#x76;&#x65;q&#x75;e&#64;&#x75;n&#x69;v&#45;&#x6c;r&#x2e;f&#114;<\/em>]<\/p>\n\n\n\n<p><strong>Florica Matau<\/strong>  &#8211; Universit\u00e9 Ioan Cuza de Iasi          [<em>&#x66;&#108;o&#x72;&#105;c&#x61;&#x2e;m&#x61;&#x74;&#97;u&#x40;&#117;a&#x69;&#x63;&#46;&#x72;&#x6f;<\/em>]<\/p>\n\n\n\n<p><strong>Vivien Math\u00e9<\/strong> &#8211; Universit\u00e9 de La Rochelle, LIENSs UMR 7266           [<em>&#x76;iv&#x69;&#101;n&#x2e;&#109;a&#x74;&#104;e&#x40;&#117;n&#x69;&#x76;-&#x6c;&#x72;&#46;&#x66;&#x72;<\/em>]<\/p>\n\n\n\n<p><strong>Cristian Micu<\/strong>&nbsp;&#8211; ICEM &nbsp;Institut Gravila Simion              [<em>&#x63;&#114;i&#x73;&#x74;&#105;a&#x6e;&#x6d;&#105;c&#x75;&#x37;2&#64;&#x67;&#x6d;ai&#x6c;&#46;co&#x6d;<\/em>]<\/p>\n\n\n\n<p><strong>Florian Mihail<\/strong>&nbsp;&#8211; ICEM &nbsp;Institut Gravila Simion                  [<em>&#102;l&#x6f;r&#x69;a&#x6e;h&#x61;m&#x61;n&#x67;i&#x61;&#64;&#x79;a&#x68;&#111;&#x6f;&#46;&#x63;&#111;&#x6d;<\/em>]<\/p>\n\n\n\n<p><strong>Petronela Moisii<\/strong>  &#8211; Universit\u00e9 Ioan Cuza de Iasi          [<em>&#x67;&#x61;&#x62;&#x72;&#x69;&#x65;&#x6c;&#x61;&#x31;&#x32;&#x70;&#x65;&#x40;&#x79;&#x61;&#x68;&#x6f;&#x6f;&#x2e;&#x63;&#x6f;&#x6d;<\/em>]<\/p>\n\n\n\n<p><strong>Nicusor Necula<\/strong>&nbsp; &#8211; Universit\u00e9 Ioan Cuza de Iasi         [<em>n&#101;&#x63;ul&#x61;&#x6e;i&#99;&#x75;&#x73;o&#114;&#x40;gm&#x61;&#x69;l&#46;&#x63;&#x6f;m<\/em>]<\/p>\n\n\n\n<p><strong>C. Nicolae<\/strong>&nbsp;&#8211; Acad\u00e9mie Roumaine, Institut d&rsquo;Arch\u00e9ologie Vasile Parvan         [<em>nikot&#107;&#64;&#x67;&#x6d;&#x61;&#x69;&#x6c;&#x2e;&#x63;om<\/em>]<\/p>\n\n\n\n<p><strong>Mihai Niculita <\/strong>&#8211; Universit\u00e9 Ioan Cuza de Iasi         [<em>&#x6d;&#x6e;&#x5f;&#x67;&#101;&#111;gr&#64;&#x79;&#x61;&#x68;&#x6f;&#x6f;&#46;&#99;om<\/em>]<\/p>\n\n\n\n<p><strong>Vasile Opris<\/strong>&nbsp;&#8211; Universit\u00e9 de Bucarest         [<em>v&#x61;s&#105;&#x6c;e&#111;&#x70;r&#105;&#x73;&#64;&#121;&#x61;h&#x6f;&#x6f;&#46;&#x63;&#x6f;m<\/em>]<\/p>\n\n\n\n<p><strong>Ozana Petraru<\/strong>\u00a0 &#8211; Universit\u00e9 Ioan Cuza de Iasi         [<em>&#x6f;&#x7a;&#x61;&#x6e;&#97;&#46;pet&#x72;&#x61;&#x72;&#x75;&#x40;&#121;&#97;hoo&#x2e;&#x63;&#x6f;&#x6d;<\/em>]<\/p>\n\n\n\n<p><strong>Magali Philippe<\/strong> &#8211; UMR 5602 GEODE, Universit\u00e9 Toulouse 2 Jean Jaur\u00e8s                [<em>&#x6d;&#x61;&#103;a&#x6c;&#x69;&#x2e;&#112;h&#x69;&#x6c;&#x69;&#112;p&#x65;&#x40;&#x75;&#110;i&#x76;&#x2d;&#x74;&#108;s&#x65;&#x32;&#x2e;&#102;r<\/em>]<\/p>\n\n\n\n<p><strong>Gabriel Popescu<\/strong>&nbsp;&#8211; Universit\u00e9 de Bucarest         [<em>g&#x61;&#x62;r&#105;&#x65;&#x6c;&#46;&#112;&#x6f;pe&#x73;&#x63;u&#64;&#x69;cu&#x62;&#x2e;u&#110;&#x69;&#x62;u&#x63;&#x2e;r&#111;<\/em>]<\/p>\n\n\n\n<p><strong>Valentin Radu<\/strong>&nbsp;&#8211; Acad\u00e9mie Roumaine, Institut d&rsquo;Arch\u00e9ologie Vasile Parvan         [<em>&#x76;&#97;l&#x69;&#x70;es&#x74;&#101;&#64;&#x79;&#x61;ho&#x6f;&#46;c&#x6f;&#x6d;<\/em>]<\/p>\n\n\n\n<p><strong>Mehdi Saqualli<\/strong> &#8211; UMR 5602 GEODE, Universit\u00e9 Toulouse 2 Jean Jaur\u00e8s                [<em>&#x6d;e&#x68;&#x64;i&#x2e;&#115;a&#x71;&#97;l&#x6c;i&#x40;&#x75;n&#x69;&#118;-&#x74;&#108;s&#x65;2&#x2e;&#x66;r<\/em>]<\/p>\n\n\n\n<p><strong>Alexandra Stoleriu<\/strong>  &#8211; Universit\u00e9 Ioan Cuza de Iasi         [<em>&#x73;&#x74;&#111;ler&#x69;&#x75;&#x61;&#108;ex&#x61;&#x6e;&#x64;&#114;a&#64;&#x79;&#x61;&#x68;&#111;o&#46;&#x63;&#x6f;&#x6d;<\/em>]<\/p>\n\n\n\n<p><strong>Gabi Vasile<\/strong>&nbsp;&nbsp;&#8211; Acad\u00e9mie Roumaine, Institut d&rsquo;Arch\u00e9ologie Vasile Parvan         [<em>g&#x73;v&#97;&#x73;i&#108;&#x65;&#64;&#x79;&#x61;h&#x6f;o&#46;&#x63;o&#109;<\/em>]<\/p>\n\n\n\n<p><strong>Alfred Vespremeanu-Stroe<\/strong> &#8211; Universit\u00e9 de Bucarest         [<em>&#x66;r&#x65;d&#x69;&#64;&#x67;&#101;o&#x2e;u&#x6e;i&#x62;&#117;&#x63;&#46;r&#x6f;<\/em>]<\/p>\n\n\n\n<p><\/p>\n","protected":false},"excerpt":{"rendered":"<p>Responsables du projet \/ Project managers Laurent Carozza (CNRS &#8211; UMR 5602 GEODE, Toulouse, France) Mihaela Danu (Universit\u00e9 de Iasi, Roumanie) Le Comit\u00e9 de Pilotage \/ Steering Commitee Adrian Balasescu &#8211; Acad\u00e9mie Roumaine, Institut d&rsquo;Arch\u00e9ologie Vasile Parvan , Bucarest Albane Burens &#8211; CNRS, UMR 5602 GEODE, Universit\u00e9 Toulouse 2 Jean Jaur\u00e8s Jean-Michel Carozza &#8211; Universit\u00e9 &hellip; <a href=\"https:\/\/blogs.univ-tlse2.fr\/irp-danube\/les-membres\/\" class=\"more-link\">Continuer la lecture de <span class=\"screen-reader-text\">Les membres et la gouvernance de l&rsquo;IRP<\/span>  <span class=\"meta-nav\">&rarr;<\/span><\/a><\/p>\n","protected":false},"author":782,"featured_media":0,"parent":0,"menu_order":0,"comment_status":"closed","ping_status":"closed","template":"","meta":{"footnotes":""},"class_list":["post-34","page","type-page","status-publish","hentry"],"_links":{"self":[{"href":"https:\/\/blogs.univ-tlse2.fr\/irp-danube\/wp-json\/wp\/v2\/pages\/34","targetHints":{"allow":["GET"]}}],"collection":[{"href":"https:\/\/blogs.univ-tlse2.fr\/irp-danube\/wp-json\/wp\/v2\/pages"}],"about":[{"href":"https:\/\/blogs.univ-tlse2.fr\/irp-danube\/wp-json\/wp\/v2\/types\/page"}],"author":[{"embeddable":true,"href":"https:\/\/blogs.univ-tlse2.fr\/irp-danube\/wp-json\/wp\/v2\/users\/782"}],"replies":[{"embeddable":true,"href":"https:\/\/blogs.univ-tlse2.fr\/irp-danube\/wp-json\/wp\/v2\/comments?post=34"}],"version-history":[{"count":27,"href":"https:\/\/blogs.univ-tlse2.fr\/irp-danube\/wp-json\/wp\/v2\/pages\/34\/revisions"}],"predecessor-version":[{"id":129,"href":"https:\/\/blogs.univ-tlse2.fr\/irp-danube\/wp-json\/wp\/v2\/pages\/34\/revisions\/129"}],"wp:attachment":[{"href":"https:\/\/blogs.univ-tlse2.fr\/irp-danube\/wp-json\/wp\/v2\/media?parent=34"}],"curies":[{"name":"wp","href":"https:\/\/api.w.org\/{rel}","templated":true}]}}