 {"id":106,"date":"2026-04-15T14:26:51","date_gmt":"2026-04-15T12:26:51","guid":{"rendered":"https:\/\/blogs.univ-tlse2.fr\/lvhb\/?page_id=106"},"modified":"2026-04-16T16:24:49","modified_gmt":"2026-04-16T14:24:49","slug":"estonie","status":"publish","type":"page","link":"https:\/\/blogs.univ-tlse2.fr\/lvhb\/estonie\/","title":{"rendered":"Estonie"},"content":{"rendered":"\n<div class=\"wp-block-cover alignfull is-light has-parallax\"><div class=\"wp-block-cover__image-background wp-image-254 size-large has-parallax\" style=\"background-position:50% 50%;background-image:url(https:\/\/blogs.univ-tlse2.fr\/lvhb\/files\/2025\/11\/ESTONIE_6-1024x688.jpg)\"><\/div><span aria-hidden=\"true\" class=\"wp-block-cover__background has-background-dim-0 has-background-dim\" style=\"background-color:#808080\"><\/span><div class=\"wp-block-cover__inner-container is-layout-constrained wp-block-cover-is-layout-constrained\">\n<div class=\"wp-block-buttons is-content-justification-center is-layout-flex wp-container-core-buttons-is-layout-16018d1d wp-block-buttons-is-layout-flex\">\n<div class=\"wp-block-button\"><a class=\"wp-block-button__link wp-element-button\" href=\"https:\/\/blogs.univ-tlse2.fr\/lvhb\/\">Accueil<\/a><\/div>\n\n\n\n<div class=\"wp-block-button\"><a class=\"wp-block-button__link wp-element-button\" href=\"https:\/\/blogs.univ-tlse2.fr\/lvhb\/mer-baltique\/\">Mer Baltique<\/a><\/div>\n\n\n\n<div class=\"wp-block-button\"><a class=\"wp-block-button__link wp-element-button\" href=\"https:\/\/blogs.univ-tlse2.fr\/lvhb\/estonie\/\">Estonie<\/a><\/div>\n\n\n\n<div class=\"wp-block-button\"><a class=\"wp-block-button__link wp-element-button\" href=\"https:\/\/blogs.univ-tlse2.fr\/lvhb\/finlande\/\">Finlande<\/a><\/div>\n\n\n\n<div class=\"wp-block-button\"><a class=\"wp-block-button__link wp-element-button\" href=\"https:\/\/blogs.univ-tlse2.fr\/lvhb\/lettonie\/\">Lettonie<\/a><\/div>\n\n\n\n<div class=\"wp-block-button\"><a class=\"wp-block-button__link wp-element-button\" href=\"https:\/\/blogs.univ-tlse2.fr\/lvhb\/lituanie\/\">Lituanie<\/a><\/div>\n<\/div>\n\n\n\n<div style=\"height:32px\" aria-hidden=\"true\" class=\"wp-block-spacer\"><\/div>\n\n\n\n<div class=\"wp-block-buttons is-content-justification-center is-layout-flex wp-container-core-buttons-is-layout-16018d1d wp-block-buttons-is-layout-flex\">\n<div class=\"wp-block-button\"><a class=\"wp-block-button__link wp-element-button\" href=\"https:\/\/blogs.univ-tlse2.fr\/lvhb\/tallin\/\">Tallin<\/a><\/div>\n\n\n\n<div class=\"wp-block-button\"><a class=\"wp-block-button__link wp-element-button\" href=\"https:\/\/blogs.univ-tlse2.fr\/lvhb\/tartu\/\">Tartu<\/a><\/div>\n<\/div>\n<\/div><\/div>\n\n\n\n<div style=\"height:126px\" aria-hidden=\"true\" class=\"wp-block-spacer\"><\/div>\n\n\n\n<div class=\"wp-block-columns alignwide is-layout-flex wp-container-core-columns-is-layout-9d6595d7 wp-block-columns-is-layout-flex\">\n<div class=\"wp-block-column is-layout-flow wp-block-column-is-layout-flow\">\n<figure class=\"wp-block-image size-large is-style-rounded\"><img loading=\"lazy\" decoding=\"async\" width=\"653\" height=\"1024\" src=\"https:\/\/blogs.univ-tlse2.fr\/lvhb\/files\/2026\/03\/ESTONIE_05-653x1024.jpg\" alt=\"\" class=\"wp-image-473\" srcset=\"https:\/\/blogs.univ-tlse2.fr\/lvhb\/files\/2026\/03\/ESTONIE_05-653x1024.jpg 653w, https:\/\/blogs.univ-tlse2.fr\/lvhb\/files\/2026\/03\/ESTONIE_05-191x300.jpg 191w, https:\/\/blogs.univ-tlse2.fr\/lvhb\/files\/2026\/03\/ESTONIE_05-768x1204.jpg 768w, https:\/\/blogs.univ-tlse2.fr\/lvhb\/files\/2026\/03\/ESTONIE_05-980x1536.jpg 980w, https:\/\/blogs.univ-tlse2.fr\/lvhb\/files\/2026\/03\/ESTONIE_05.jpg 1006w\" sizes=\"auto, (max-width: 653px) 100vw, 653px\" \/><figcaption class=\"wp-element-caption\">Mr Jaan T\u00f6nisson. Ancien premier ministre et ministre des Affaires \u00e9trang\u00e8res (Estonie)<\/figcaption><\/figure>\n\n\n\n<div style=\"height:22px\" aria-hidden=\"true\" class=\"wp-block-spacer\"><\/div>\n<\/div>\n\n\n\n<div class=\"wp-block-column is-layout-flow wp-block-column-is-layout-flow\">\n<div style=\"height:18px\" aria-hidden=\"true\" class=\"wp-block-spacer\"><\/div>\n\n\n\n<figure class=\"wp-block-image size-large is-style-default\"><img loading=\"lazy\" decoding=\"async\" width=\"1024\" height=\"572\" src=\"https:\/\/blogs.univ-tlse2.fr\/lvhb\/files\/2026\/03\/ESTONIE_02-1024x572.jpg\" alt=\"\" class=\"wp-image-471\" srcset=\"https:\/\/blogs.univ-tlse2.fr\/lvhb\/files\/2026\/03\/ESTONIE_02-1024x572.jpg 1024w, https:\/\/blogs.univ-tlse2.fr\/lvhb\/files\/2026\/03\/ESTONIE_02-300x168.jpg 300w, https:\/\/blogs.univ-tlse2.fr\/lvhb\/files\/2026\/03\/ESTONIE_02-768x429.jpg 768w, https:\/\/blogs.univ-tlse2.fr\/lvhb\/files\/2026\/03\/ESTONIE_02-1536x859.jpg 1536w, https:\/\/blogs.univ-tlse2.fr\/lvhb\/files\/2026\/03\/ESTONIE_02-1568x876.jpg 1568w, https:\/\/blogs.univ-tlse2.fr\/lvhb\/files\/2026\/03\/ESTONIE_02.jpg 2027w\" sizes=\"auto, (max-width: 1024px) 100vw, 1024px\" \/><figcaption class=\"wp-element-caption\">Vieux costumes: Estonie-femmes de l&rsquo;\u00eele d&rsquo;\u00d6sel et Estonie-Jeune homme et fianc\u00e9e de [Mohni] <\/figcaption><\/figure>\n\n\n\n<div style=\"height:12px\" aria-hidden=\"true\" class=\"wp-block-spacer\"><\/div>\n\n\n\n<figure class=\"wp-block-image size-large\"><img loading=\"lazy\" decoding=\"async\" width=\"1024\" height=\"593\" src=\"https:\/\/blogs.univ-tlse2.fr\/lvhb\/files\/2026\/03\/ESTONIE_03-1024x593.jpg\" alt=\"\" class=\"wp-image-472\" srcset=\"https:\/\/blogs.univ-tlse2.fr\/lvhb\/files\/2026\/03\/ESTONIE_03-1024x593.jpg 1024w, https:\/\/blogs.univ-tlse2.fr\/lvhb\/files\/2026\/03\/ESTONIE_03-300x174.jpg 300w, https:\/\/blogs.univ-tlse2.fr\/lvhb\/files\/2026\/03\/ESTONIE_03-768x445.jpg 768w, https:\/\/blogs.univ-tlse2.fr\/lvhb\/files\/2026\/03\/ESTONIE_03-1536x890.jpg 1536w, https:\/\/blogs.univ-tlse2.fr\/lvhb\/files\/2026\/03\/ESTONIE_03-1568x909.jpg 1568w, https:\/\/blogs.univ-tlse2.fr\/lvhb\/files\/2026\/03\/ESTONIE_03.jpg 2031w\" sizes=\"auto, (max-width: 1024px) 100vw, 1024px\" \/><figcaption class=\"wp-element-caption\">Vieux costumes: Estonie-Femme et jeune fille de Steuker et Estonie-Fianc\u00e9e de SJ\u00e4rgeris-Jeune fille de Fellin <\/figcaption><\/figure>\n<\/div>\n\n\n\n<div class=\"wp-block-column is-vertically-aligned-top is-layout-flow wp-block-column-is-layout-flow\">\n<p>Comme pour ses nombreux voyages, Henri B\u00e9gou\u00ebn prend \u00e0 c\u0153ur de pr\u00e9senter un portrait complet des contr\u00e9es qu&rsquo;il sillonne. Ses photographies t\u00e9moignent des pratiques culturelles locales avec les costumes traditionnels, de l&rsquo;artisanat, mais aussi de son attachement pour la vie politique et son \u00e9volution dans la r\u00e9gion.<\/p>\n\n\n\n<figure class=\"wp-block-image size-large is-style-rounded\"><img loading=\"lazy\" decoding=\"async\" width=\"1024\" height=\"725\" src=\"https:\/\/blogs.univ-tlse2.fr\/lvhb\/files\/2026\/03\/ESTONIE_01-1024x725.jpg\" alt=\"\" class=\"wp-image-470\" srcset=\"https:\/\/blogs.univ-tlse2.fr\/lvhb\/files\/2026\/03\/ESTONIE_01-1024x725.jpg 1024w, https:\/\/blogs.univ-tlse2.fr\/lvhb\/files\/2026\/03\/ESTONIE_01-300x212.jpg 300w, https:\/\/blogs.univ-tlse2.fr\/lvhb\/files\/2026\/03\/ESTONIE_01-768x544.jpg 768w, https:\/\/blogs.univ-tlse2.fr\/lvhb\/files\/2026\/03\/ESTONIE_01-1536x1087.jpg 1536w, https:\/\/blogs.univ-tlse2.fr\/lvhb\/files\/2026\/03\/ESTONIE_01-1568x1110.jpg 1568w, https:\/\/blogs.univ-tlse2.fr\/lvhb\/files\/2026\/03\/ESTONIE_01.jpg 1725w\" sizes=\"auto, (max-width: 1024px) 100vw, 1024px\" \/><figcaption class=\"wp-element-caption\">Cruches \u00e0 bi\u00e8re en bois<\/figcaption><\/figure>\n<\/div>\n<\/div>\n\n\n\n<div style=\"height:51px\" aria-hidden=\"true\" class=\"wp-block-spacer\"><\/div>\n\n\n\n<div class=\"wp-block-columns alignwide is-layout-flex wp-container-core-columns-is-layout-9d6595d7 wp-block-columns-is-layout-flex\">\n<div class=\"wp-block-column is-vertically-aligned-bottom is-layout-flow wp-block-column-is-layout-flow\">\n<p>En outre, son activit\u00e9 d&rsquo;arch\u00e9ologue l&rsquo;am\u00e8ne \u00e9galement \u00e0 visiter des sites de fouilles comme en Juillet 1932 lorsqu&rsquo;il se rend sur le site de Sandim\u00e4rdi \u00e0 Verevi. <\/p>\n\n\n\n<div style=\"height:71px\" aria-hidden=\"true\" class=\"wp-block-spacer\"><\/div>\n<\/div>\n\n\n\n<div class=\"wp-block-column is-vertically-aligned-center is-layout-flow wp-block-column-is-layout-flow\">\n<figure class=\"wp-block-image alignwide size-large\"><img loading=\"lazy\" decoding=\"async\" width=\"1024\" height=\"638\" src=\"https:\/\/blogs.univ-tlse2.fr\/lvhb\/files\/2026\/03\/ESTONIE_10_1932-1024x638.jpg\" alt=\"\" class=\"wp-image-476\" srcset=\"https:\/\/blogs.univ-tlse2.fr\/lvhb\/files\/2026\/03\/ESTONIE_10_1932-1024x638.jpg 1024w, https:\/\/blogs.univ-tlse2.fr\/lvhb\/files\/2026\/03\/ESTONIE_10_1932-300x187.jpg 300w, https:\/\/blogs.univ-tlse2.fr\/lvhb\/files\/2026\/03\/ESTONIE_10_1932-768x478.jpg 768w, https:\/\/blogs.univ-tlse2.fr\/lvhb\/files\/2026\/03\/ESTONIE_10_1932-1536x956.jpg 1536w, https:\/\/blogs.univ-tlse2.fr\/lvhb\/files\/2026\/03\/ESTONIE_10_1932-2048x1275.jpg 2048w, https:\/\/blogs.univ-tlse2.fr\/lvhb\/files\/2026\/03\/ESTONIE_10_1932-1568x976.jpg 1568w\" sizes=\"auto, (max-width: 1024px) 100vw, 1024px\" \/><figcaption class=\"wp-element-caption\">Sandim\u00e4rdi \u00e0 Verevi, paroisse de Ranna, Estonie (Juillet 1932)<\/figcaption><\/figure>\n\n\n\n<figure class=\"wp-block-image size-large\"><img loading=\"lazy\" decoding=\"async\" width=\"1024\" height=\"648\" src=\"https:\/\/blogs.univ-tlse2.fr\/lvhb\/files\/2026\/03\/ESTONIE_11_1932-1024x648.jpg\" alt=\"\" class=\"wp-image-477\" srcset=\"https:\/\/blogs.univ-tlse2.fr\/lvhb\/files\/2026\/03\/ESTONIE_11_1932-1024x648.jpg 1024w, https:\/\/blogs.univ-tlse2.fr\/lvhb\/files\/2026\/03\/ESTONIE_11_1932-300x190.jpg 300w, https:\/\/blogs.univ-tlse2.fr\/lvhb\/files\/2026\/03\/ESTONIE_11_1932-768x486.jpg 768w, https:\/\/blogs.univ-tlse2.fr\/lvhb\/files\/2026\/03\/ESTONIE_11_1932-1536x972.jpg 1536w, https:\/\/blogs.univ-tlse2.fr\/lvhb\/files\/2026\/03\/ESTONIE_11_1932-2048x1296.jpg 2048w, https:\/\/blogs.univ-tlse2.fr\/lvhb\/files\/2026\/03\/ESTONIE_11_1932-1568x992.jpg 1568w\" sizes=\"auto, (max-width: 1024px) 100vw, 1024px\" \/><figcaption class=\"wp-element-caption\">Fouilles \u00e0 Sandim\u00e4rdi, paroisse de Ranna, Estonie (Juillet 1932)<\/figcaption><\/figure>\n<\/div>\n<\/div>\n\n\n\n<div class=\"wp-block-group is-nowrap is-layout-flex wp-container-core-group-is-layout-ad2f72ca wp-block-group-is-layout-flex\">\n<div style=\"height:41px;width:0px\" aria-hidden=\"true\" class=\"wp-block-spacer wp-container-content-29cb0303\"><\/div>\n\n\n\n<p><\/p>\n<\/div>\n\n\n\n<div class=\"wp-block-cover alignfull has-custom-content-position is-position-bottom-center has-extra-small-font-size\"><img loading=\"lazy\" decoding=\"async\" width=\"1024\" height=\"628\" class=\"wp-block-cover__image-background wp-image-474 size-large\" alt=\"\" src=\"https:\/\/blogs.univ-tlse2.fr\/lvhb\/files\/2026\/03\/ESTONIE_04-1024x628.jpg\" style=\"object-position:48% 50%\" data-object-fit=\"cover\" data-object-position=\"48% 50%\" srcset=\"https:\/\/blogs.univ-tlse2.fr\/lvhb\/files\/2026\/03\/ESTONIE_04-1024x628.jpg 1024w, https:\/\/blogs.univ-tlse2.fr\/lvhb\/files\/2026\/03\/ESTONIE_04-300x184.jpg 300w, https:\/\/blogs.univ-tlse2.fr\/lvhb\/files\/2026\/03\/ESTONIE_04-768x471.jpg 768w, https:\/\/blogs.univ-tlse2.fr\/lvhb\/files\/2026\/03\/ESTONIE_04-1536x942.jpg 1536w, https:\/\/blogs.univ-tlse2.fr\/lvhb\/files\/2026\/03\/ESTONIE_04-1568x962.jpg 1568w, https:\/\/blogs.univ-tlse2.fr\/lvhb\/files\/2026\/03\/ESTONIE_04.jpg 1798w\" sizes=\"auto, (max-width: 1024px) 100vw, 1024px\" \/><span aria-hidden=\"true\" class=\"wp-block-cover__background has-background-dim-0 has-background-dim\" style=\"background-color:#666666\"><\/span><div class=\"wp-block-cover__inner-container is-layout-constrained wp-block-cover-is-layout-constrained\">\n<p class=\"has-text-align-center has-large-font-size\">Vue de Narva (Estonie)<\/p>\n<\/div><\/div>\n\n\n\n<div style=\"height:84px\" aria-hidden=\"true\" class=\"wp-block-spacer\"><\/div>\n\n\n\n<div class=\"wp-block-columns alignwide is-layout-flex wp-container-core-columns-is-layout-9d6595d7 wp-block-columns-is-layout-flex\">\n<div class=\"wp-block-column is-vertically-aligned-bottom is-layout-flow wp-block-column-is-layout-flow\">\n<p>Cela permet au professeur Henri B\u00e9gou\u00ebn d&rsquo;admirer diff\u00e9rents paysages dans toute la r\u00e9gion, et de pr\u00e9senter \u00e0 ses lecteurs un \u00e9tat fid\u00e8le de la g\u00e9ographie des territoires parcourus. <\/p>\n\n\n\n<div style=\"height:14px\" aria-hidden=\"true\" class=\"wp-block-spacer\"><\/div>\n\n\n\n<div style=\"height:0px\" aria-hidden=\"true\" class=\"wp-block-spacer\"><\/div>\n\n\n\n<figure class=\"wp-block-image size-large is-resized is-style-twentytwentyone-image-frame\"><img loading=\"lazy\" decoding=\"async\" width=\"1024\" height=\"520\" src=\"https:\/\/blogs.univ-tlse2.fr\/lvhb\/files\/2026\/03\/ESTONIE_08-1024x520.jpg\" alt=\"\" class=\"wp-image-475\" style=\"width:535px;height:auto\" srcset=\"https:\/\/blogs.univ-tlse2.fr\/lvhb\/files\/2026\/03\/ESTONIE_08-1024x520.jpg 1024w, https:\/\/blogs.univ-tlse2.fr\/lvhb\/files\/2026\/03\/ESTONIE_08-300x152.jpg 300w, https:\/\/blogs.univ-tlse2.fr\/lvhb\/files\/2026\/03\/ESTONIE_08-768x390.jpg 768w, https:\/\/blogs.univ-tlse2.fr\/lvhb\/files\/2026\/03\/ESTONIE_08-1536x780.jpg 1536w, https:\/\/blogs.univ-tlse2.fr\/lvhb\/files\/2026\/03\/ESTONIE_08-2048x1040.jpg 2048w, https:\/\/blogs.univ-tlse2.fr\/lvhb\/files\/2026\/03\/ESTONIE_08-1568x796.jpg 1568w\" sizes=\"auto, (max-width: 1024px) 100vw, 1024px\" \/><figcaption class=\"wp-element-caption\">Paysage \u00e0 Otep\u00e4a (Estonie) <\/figcaption><\/figure>\n<\/div>\n\n\n\n<div class=\"wp-block-column is-layout-flow wp-block-column-is-layout-flow\">\n<figure class=\"wp-block-image size-large is-resized is-style-twentytwentyone-image-frame\"><img loading=\"lazy\" decoding=\"async\" width=\"677\" height=\"1024\" src=\"https:\/\/blogs.univ-tlse2.fr\/lvhb\/files\/2026\/03\/ESTONIE_09-677x1024.jpg\" alt=\"\" class=\"wp-image-478\" style=\"aspect-ratio:0.6611342584621742;width:321px;height:auto\" srcset=\"https:\/\/blogs.univ-tlse2.fr\/lvhb\/files\/2026\/03\/ESTONIE_09-677x1024.jpg 677w, https:\/\/blogs.univ-tlse2.fr\/lvhb\/files\/2026\/03\/ESTONIE_09-198x300.jpg 198w, https:\/\/blogs.univ-tlse2.fr\/lvhb\/files\/2026\/03\/ESTONIE_09-768x1162.jpg 768w, https:\/\/blogs.univ-tlse2.fr\/lvhb\/files\/2026\/03\/ESTONIE_09-1015x1536.jpg 1015w, https:\/\/blogs.univ-tlse2.fr\/lvhb\/files\/2026\/03\/ESTONIE_09-1353x2048.jpg 1353w, https:\/\/blogs.univ-tlse2.fr\/lvhb\/files\/2026\/03\/ESTONIE_09.jpg 1371w\" sizes=\"auto, (max-width: 677px) 100vw, 677px\" \/><figcaption class=\"wp-element-caption\">Burgberg von Otep\u00e4\u00e4 von S\u00fcden (Estonie)<\/figcaption><\/figure>\n<\/div>\n<\/div>\n\n\n\n<div style=\"height:85px\" aria-hidden=\"true\" class=\"wp-block-spacer\"><\/div>\n","protected":false},"excerpt":{"rendered":"<p>Comme pour ses nombreux voyages, Henri B\u00e9gou\u00ebn prend \u00e0 c\u0153ur de pr\u00e9senter un portrait complet des contr\u00e9es qu&rsquo;il sillonne. Ses photographies t\u00e9moignent des pratiques culturelles locales avec les costumes traditionnels, de l&rsquo;artisanat, mais aussi de son attachement pour la vie politique et son \u00e9volution dans la r\u00e9gion. En outre, son activit\u00e9 d&rsquo;arch\u00e9ologue l&rsquo;am\u00e8ne \u00e9galement \u00e0&hellip; <a class=\"more-link\" href=\"https:\/\/blogs.univ-tlse2.fr\/lvhb\/estonie\/\">Poursuivre la lecture <span class=\"screen-reader-text\">Estonie<\/span><\/a><\/p>\n","protected":false},"author":1522,"featured_media":0,"parent":0,"menu_order":1,"comment_status":"closed","ping_status":"closed","template":"","meta":{"footnotes":""},"class_list":["post-106","page","type-page","status-publish","hentry","entry"],"_links":{"self":[{"href":"https:\/\/blogs.univ-tlse2.fr\/lvhb\/wp-json\/wp\/v2\/pages\/106","targetHints":{"allow":["GET"]}}],"collection":[{"href":"https:\/\/blogs.univ-tlse2.fr\/lvhb\/wp-json\/wp\/v2\/pages"}],"about":[{"href":"https:\/\/blogs.univ-tlse2.fr\/lvhb\/wp-json\/wp\/v2\/types\/page"}],"author":[{"embeddable":true,"href":"https:\/\/blogs.univ-tlse2.fr\/lvhb\/wp-json\/wp\/v2\/users\/1522"}],"replies":[{"embeddable":true,"href":"https:\/\/blogs.univ-tlse2.fr\/lvhb\/wp-json\/wp\/v2\/comments?post=106"}],"version-history":[{"count":16,"href":"https:\/\/blogs.univ-tlse2.fr\/lvhb\/wp-json\/wp\/v2\/pages\/106\/revisions"}],"predecessor-version":[{"id":763,"href":"https:\/\/blogs.univ-tlse2.fr\/lvhb\/wp-json\/wp\/v2\/pages\/106\/revisions\/763"}],"wp:attachment":[{"href":"https:\/\/blogs.univ-tlse2.fr\/lvhb\/wp-json\/wp\/v2\/media?parent=106"}],"curies":[{"name":"wp","href":"https:\/\/api.w.org\/{rel}","templated":true}]}}