 {"id":108,"date":"2026-04-15T14:26:51","date_gmt":"2026-04-15T12:26:51","guid":{"rendered":"https:\/\/blogs.univ-tlse2.fr\/lvhb\/?page_id=108"},"modified":"2026-04-16T16:31:10","modified_gmt":"2026-04-16T14:31:10","slug":"finlande","status":"publish","type":"page","link":"https:\/\/blogs.univ-tlse2.fr\/lvhb\/finlande\/","title":{"rendered":"Finlande"},"content":{"rendered":"\n<div class=\"wp-block-cover alignfull has-parallax\"><div class=\"wp-block-cover__image-background wp-image-534 size-large has-parallax\" style=\"background-position:50% 50%;background-image:url(https:\/\/blogs.univ-tlse2.fr\/lvhb\/files\/2026\/04\/FINLANDE_06_1918bis-1-1024x643.jpg)\"><\/div><span aria-hidden=\"true\" class=\"wp-block-cover__background has-background-dim-0 has-background-dim\" style=\"background-color:#7c7b78\"><\/span><div class=\"wp-block-cover__inner-container is-layout-constrained wp-block-cover-is-layout-constrained\">\n<div class=\"wp-block-buttons is-content-justification-center is-layout-flex wp-container-core-buttons-is-layout-16018d1d wp-block-buttons-is-layout-flex\">\n<div class=\"wp-block-button\"><a class=\"wp-block-button__link wp-element-button\" href=\"https:\/\/blogs.univ-tlse2.fr\/lvhb\/\">Accueil<\/a><\/div>\n\n\n\n<div class=\"wp-block-button\"><a class=\"wp-block-button__link wp-element-button\" href=\"https:\/\/blogs.univ-tlse2.fr\/lvhb\/mer-baltique\/\">Mer Baltique<\/a><\/div>\n\n\n\n<div class=\"wp-block-button\"><a class=\"wp-block-button__link wp-element-button\" href=\"https:\/\/blogs.univ-tlse2.fr\/lvhb\/estonie\/\">Estonie<\/a><\/div>\n\n\n\n<div class=\"wp-block-button\"><a class=\"wp-block-button__link wp-element-button\" href=\"https:\/\/blogs.univ-tlse2.fr\/lvhb\/finlande\/\">Finlande<\/a><\/div>\n\n\n\n<div class=\"wp-block-button\"><a class=\"wp-block-button__link wp-element-button\" href=\"https:\/\/blogs.univ-tlse2.fr\/lvhb\/lettonie\/\">Lettonie<\/a><\/div>\n\n\n\n<div class=\"wp-block-button\"><a class=\"wp-block-button__link wp-element-button\" href=\"https:\/\/blogs.univ-tlse2.fr\/lvhb\/lituanie\/\">Lituanie<\/a><\/div>\n<\/div>\n\n\n\n<div style=\"height:30px\" aria-hidden=\"true\" class=\"wp-block-spacer\"><\/div>\n\n\n\n<div class=\"wp-block-buttons is-content-justification-center is-layout-flex wp-container-core-buttons-is-layout-16018d1d wp-block-buttons-is-layout-flex\">\n<div class=\"wp-block-button\"><a class=\"wp-block-button__link wp-element-button\" href=\"https:\/\/blogs.univ-tlse2.fr\/lvhb\/helsinki-helsingfors\/\">Helsinki-Helsingfors<\/a><\/div>\n<\/div>\n<\/div><\/div>\n\n\n\n<div style=\"height:100px\" aria-hidden=\"true\" class=\"wp-block-spacer\"><\/div>\n\n\n\n<div class=\"wp-block-columns alignwide is-layout-flex wp-container-core-columns-is-layout-9d6595d7 wp-block-columns-is-layout-flex\">\n<div class=\"wp-block-column is-layout-flow wp-block-column-is-layout-flow\">\n<div style=\"height:220px\" aria-hidden=\"true\" class=\"wp-block-spacer\"><\/div>\n\n\n\n<figure class=\"wp-block-image size-large is-resized\"><img loading=\"lazy\" decoding=\"async\" width=\"1024\" height=\"880\" src=\"https:\/\/blogs.univ-tlse2.fr\/lvhb\/files\/2026\/04\/FINLANDE_15-1024x880.jpg\" alt=\"\" class=\"wp-image-536\" style=\"width:350px;height:auto\" srcset=\"https:\/\/blogs.univ-tlse2.fr\/lvhb\/files\/2026\/04\/FINLANDE_15-1024x880.jpg 1024w, https:\/\/blogs.univ-tlse2.fr\/lvhb\/files\/2026\/04\/FINLANDE_15-300x258.jpg 300w, https:\/\/blogs.univ-tlse2.fr\/lvhb\/files\/2026\/04\/FINLANDE_15-768x660.jpg 768w, https:\/\/blogs.univ-tlse2.fr\/lvhb\/files\/2026\/04\/FINLANDE_15-1536x1320.jpg 1536w, https:\/\/blogs.univ-tlse2.fr\/lvhb\/files\/2026\/04\/FINLANDE_15-2048x1759.jpg 2048w, https:\/\/blogs.univ-tlse2.fr\/lvhb\/files\/2026\/04\/FINLANDE_15-1568x1347.jpg 1568w\" sizes=\"auto, (max-width: 1024px) 100vw, 1024px\" \/><figcaption class=\"wp-element-caption\">Fronti\u00e8re de l&rsquo;arm\u00e9e sovi\u00e9tique<\/figcaption><\/figure>\n\n\n\n<div style=\"height:56px\" aria-hidden=\"true\" class=\"wp-block-spacer\"><\/div>\n\n\n\n<figure class=\"wp-block-image size-large is-style-default\"><img loading=\"lazy\" decoding=\"async\" width=\"1024\" height=\"643\" src=\"https:\/\/blogs.univ-tlse2.fr\/lvhb\/files\/2026\/04\/FINLANDE_06_1918bis-2-1024x643.jpg\" alt=\"\" class=\"wp-image-539\" srcset=\"https:\/\/blogs.univ-tlse2.fr\/lvhb\/files\/2026\/04\/FINLANDE_06_1918bis-2-1024x643.jpg 1024w, https:\/\/blogs.univ-tlse2.fr\/lvhb\/files\/2026\/04\/FINLANDE_06_1918bis-2-300x189.jpg 300w, https:\/\/blogs.univ-tlse2.fr\/lvhb\/files\/2026\/04\/FINLANDE_06_1918bis-2-768x483.jpg 768w, https:\/\/blogs.univ-tlse2.fr\/lvhb\/files\/2026\/04\/FINLANDE_06_1918bis-2-1536x965.jpg 1536w, https:\/\/blogs.univ-tlse2.fr\/lvhb\/files\/2026\/04\/FINLANDE_06_1918bis-2-2048x1287.jpg 2048w, https:\/\/blogs.univ-tlse2.fr\/lvhb\/files\/2026\/04\/FINLANDE_06_1918bis-2-1568x985.jpg 1568w\" sizes=\"auto, (max-width: 1024px) 100vw, 1024px\" \/><figcaption class=\"wp-element-caption\">D\u00e9fil\u00e9 des troupes finlandaises victorieuses \u00e0 Helsinki (16 mai 1918)<\/figcaption><\/figure>\n\n\n\n<div style=\"height:15px;width:0px\" aria-hidden=\"true\" class=\"wp-block-spacer\"><\/div>\n\n\n\n<p>&nbsp;C&rsquo;est \u00e0 cette occasion que le g\u00e9n\u00e9ral Carl Gustav Emil Mannerheim est nomm\u00e9 commandant des Gardes blanches. Il sera ensuite \u00e9lu pr\u00e9sident en 1944.&nbsp;<br><\/p>\n<\/div>\n\n\n\n<div class=\"wp-block-column is-layout-flow wp-block-column-is-layout-flow\">\n<div style=\"height:74px\" aria-hidden=\"true\" class=\"wp-block-spacer\"><\/div>\n\n\n\n<details class=\"wp-block-details is-layout-flow wp-block-details-is-layout-flow\"><summary>Guerre de Finlande<\/summary>\n<p>En haut, tireurs dans la neige ; en bas, p\u00e8re et fils.<\/p>\n<\/details>\n\n\n\n<figure class=\"wp-block-image size-large is-resized is-style-twentytwentyone-border\"><img loading=\"lazy\" decoding=\"async\" width=\"661\" height=\"1024\" src=\"https:\/\/blogs.univ-tlse2.fr\/lvhb\/files\/2026\/04\/FINLANDE_04bis-661x1024.jpg\" alt=\"\" class=\"wp-image-538\" style=\"aspect-ratio:0.6455083378160301;width:352px;height:auto\" srcset=\"https:\/\/blogs.univ-tlse2.fr\/lvhb\/files\/2026\/04\/FINLANDE_04bis-661x1024.jpg 661w, https:\/\/blogs.univ-tlse2.fr\/lvhb\/files\/2026\/04\/FINLANDE_04bis-194x300.jpg 194w, https:\/\/blogs.univ-tlse2.fr\/lvhb\/files\/2026\/04\/FINLANDE_04bis-768x1190.jpg 768w, https:\/\/blogs.univ-tlse2.fr\/lvhb\/files\/2026\/04\/FINLANDE_04bis-991x1536.jpg 991w, https:\/\/blogs.univ-tlse2.fr\/lvhb\/files\/2026\/04\/FINLANDE_04bis-1322x2048.jpg 1322w, https:\/\/blogs.univ-tlse2.fr\/lvhb\/files\/2026\/04\/FINLANDE_04bis-1568x2430.jpg 1568w, https:\/\/blogs.univ-tlse2.fr\/lvhb\/files\/2026\/04\/FINLANDE_04bis-scaled.jpg 1652w\" sizes=\"auto, (max-width: 661px) 100vw, 661px\" \/><\/figure>\n\n\n\n<div style=\"height:6px\" aria-hidden=\"true\" class=\"wp-block-spacer\"><\/div>\n\n\n\n<figure class=\"wp-block-image size-large is-resized\"><img loading=\"lazy\" decoding=\"async\" width=\"600\" height=\"1024\" src=\"https:\/\/blogs.univ-tlse2.fr\/lvhb\/files\/2026\/04\/FINLANDE_02bis-600x1024.jpg\" alt=\"\" class=\"wp-image-541\" style=\"aspect-ratio:0.5859497087654496;width:212px;height:auto\" srcset=\"https:\/\/blogs.univ-tlse2.fr\/lvhb\/files\/2026\/04\/FINLANDE_02bis-600x1024.jpg 600w, https:\/\/blogs.univ-tlse2.fr\/lvhb\/files\/2026\/04\/FINLANDE_02bis-176x300.jpg 176w, https:\/\/blogs.univ-tlse2.fr\/lvhb\/files\/2026\/04\/FINLANDE_02bis-768x1311.jpg 768w, https:\/\/blogs.univ-tlse2.fr\/lvhb\/files\/2026\/04\/FINLANDE_02bis-900x1536.jpg 900w, https:\/\/blogs.univ-tlse2.fr\/lvhb\/files\/2026\/04\/FINLANDE_02bis-1200x2048.jpg 1200w, https:\/\/blogs.univ-tlse2.fr\/lvhb\/files\/2026\/04\/FINLANDE_02bis-1568x2677.jpg 1568w, https:\/\/blogs.univ-tlse2.fr\/lvhb\/files\/2026\/04\/FINLANDE_02bis-scaled.jpg 1500w\" sizes=\"auto, (max-width: 600px) 100vw, 600px\" \/><figcaption class=\"wp-element-caption\">Mar\u00e9chal Mannerheim, Finlande<\/figcaption><\/figure>\n<\/div>\n\n\n\n<div class=\"wp-block-column is-vertically-aligned-top is-layout-flow wp-block-column-is-layout-flow\">\n<div style=\"height:59px\" aria-hidden=\"true\" class=\"wp-block-spacer\"><\/div>\n\n\n\n<p>Les collections du comte Henri B\u00e9gou\u00ebn comportent des photographies qui documentent la guerre de Finlande en 1918. Cette guerre civile entre les Gardes rouges communistes et les Gardes blanches du gouvernement, na\u00eet de la dissolution de l&#8217;empire russe en 1917, qui permet notamment \u00e0 la Finlande d&rsquo;obtenir son ind\u00e9pendance sur la Russie.<\/p>\n\n\n\n<div style=\"height:63px\" aria-hidden=\"true\" class=\"wp-block-spacer\"><\/div>\n\n\n\n<figure class=\"wp-block-image size-large is-resized is-style-rounded\"><img loading=\"lazy\" decoding=\"async\" width=\"1024\" height=\"776\" src=\"https:\/\/blogs.univ-tlse2.fr\/lvhb\/files\/2026\/04\/FINLANDE_05bis-1024x776.jpg\" alt=\"\" class=\"wp-image-537\" style=\"aspect-ratio:1.3196218967487274;width:569px;height:auto\" srcset=\"https:\/\/blogs.univ-tlse2.fr\/lvhb\/files\/2026\/04\/FINLANDE_05bis-1024x776.jpg 1024w, https:\/\/blogs.univ-tlse2.fr\/lvhb\/files\/2026\/04\/FINLANDE_05bis-300x227.jpg 300w, https:\/\/blogs.univ-tlse2.fr\/lvhb\/files\/2026\/04\/FINLANDE_05bis-768x582.jpg 768w, https:\/\/blogs.univ-tlse2.fr\/lvhb\/files\/2026\/04\/FINLANDE_05bis-1536x1164.jpg 1536w, https:\/\/blogs.univ-tlse2.fr\/lvhb\/files\/2026\/04\/FINLANDE_05bis-2048x1552.jpg 2048w, https:\/\/blogs.univ-tlse2.fr\/lvhb\/files\/2026\/04\/FINLANDE_05bis-1568x1188.jpg 1568w\" sizes=\"auto, (max-width: 1024px) 100vw, 1024px\" \/><figcaption class=\"wp-element-caption\">Prisonniers massacr\u00e9s par les Russes \u00e0 Kiipuri, Finlande (1918)<\/figcaption><\/figure>\n<\/div>\n<\/div>\n\n\n\n<div style=\"height:121px\" aria-hidden=\"true\" class=\"wp-block-spacer\"><\/div>\n\n\n\n<div class=\"wp-block-columns alignwide is-layout-flex wp-container-core-columns-is-layout-9d6595d7 wp-block-columns-is-layout-flex\">\n<div class=\"wp-block-column is-layout-flow wp-block-column-is-layout-flow\" style=\"flex-basis:66.66%\">\n<figure class=\"wp-block-image size-large is-resized\"><img loading=\"lazy\" decoding=\"async\" width=\"743\" height=\"1024\" src=\"https:\/\/blogs.univ-tlse2.fr\/lvhb\/files\/2026\/04\/FINLANDE_07_1939bis-743x1024.jpg\" alt=\"\" class=\"wp-image-542\" style=\"width:476px;height:auto\" srcset=\"https:\/\/blogs.univ-tlse2.fr\/lvhb\/files\/2026\/04\/FINLANDE_07_1939bis-743x1024.jpg 743w, https:\/\/blogs.univ-tlse2.fr\/lvhb\/files\/2026\/04\/FINLANDE_07_1939bis-218x300.jpg 218w, https:\/\/blogs.univ-tlse2.fr\/lvhb\/files\/2026\/04\/FINLANDE_07_1939bis-768x1059.jpg 768w, https:\/\/blogs.univ-tlse2.fr\/lvhb\/files\/2026\/04\/FINLANDE_07_1939bis-1114x1536.jpg 1114w, https:\/\/blogs.univ-tlse2.fr\/lvhb\/files\/2026\/04\/FINLANDE_07_1939bis-1485x2048.jpg 1485w, https:\/\/blogs.univ-tlse2.fr\/lvhb\/files\/2026\/04\/FINLANDE_07_1939bis-1568x2162.jpg 1568w, https:\/\/blogs.univ-tlse2.fr\/lvhb\/files\/2026\/04\/FINLANDE_07_1939bis-scaled.jpg 1857w\" sizes=\"auto, (max-width: 743px) 100vw, 743px\" \/><figcaption class=\"wp-element-caption\">Carte de la Finlande avec les pr\u00e9tentions russes (novembre 1939)<\/figcaption><\/figure>\n<\/div>\n\n\n\n<div class=\"wp-block-column is-layout-flow wp-block-column-is-layout-flow\" style=\"flex-basis:33.33%\">\n<div style=\"height:39px\" aria-hidden=\"true\" class=\"wp-block-spacer\"><\/div>\n\n\n\n<p>Les photographies d&rsquo;Henri B\u00e9gou\u00ebn documentent \u00e9galement la guerre d&rsquo;hiver de 1939 qui oppose la Finlande \u00e0 l&rsquo;URSS \u00e0 l&rsquo;occasion de la seconde guerre mondiale.<\/p>\n\n\n\n<div style=\"height:23px\" aria-hidden=\"true\" class=\"wp-block-spacer\"><\/div>\n\n\n\n<figure class=\"wp-block-image size-large is-resized\"><img loading=\"lazy\" decoding=\"async\" width=\"829\" height=\"1024\" src=\"https:\/\/blogs.univ-tlse2.fr\/lvhb\/files\/2026\/04\/FINLANDE_08_1939bis-829x1024.jpg\" alt=\"\" class=\"wp-image-543\" style=\"aspect-ratio:0.8095885645615256;width:234px;height:auto\" srcset=\"https:\/\/blogs.univ-tlse2.fr\/lvhb\/files\/2026\/04\/FINLANDE_08_1939bis-829x1024.jpg 829w, https:\/\/blogs.univ-tlse2.fr\/lvhb\/files\/2026\/04\/FINLANDE_08_1939bis-243x300.jpg 243w, https:\/\/blogs.univ-tlse2.fr\/lvhb\/files\/2026\/04\/FINLANDE_08_1939bis-768x948.jpg 768w, https:\/\/blogs.univ-tlse2.fr\/lvhb\/files\/2026\/04\/FINLANDE_08_1939bis-1244x1536.jpg 1244w, https:\/\/blogs.univ-tlse2.fr\/lvhb\/files\/2026\/04\/FINLANDE_08_1939bis-1659x2048.jpg 1659w, https:\/\/blogs.univ-tlse2.fr\/lvhb\/files\/2026\/04\/FINLANDE_08_1939bis-1568x1936.jpg 1568w\" sizes=\"auto, (max-width: 829px) 100vw, 829px\" \/><figcaption class=\"wp-element-caption\">M. Eljas Erkko, ministre des affaires \u00e9trang\u00e8res de Finlande  (1939)<\/figcaption><\/figure>\n<\/div>\n<\/div>\n\n\n\n<div style=\"height:170px\" aria-hidden=\"true\" class=\"wp-block-spacer\"><\/div>\n\n\n\n<div class=\"wp-block-columns alignwide is-layout-flex wp-container-core-columns-is-layout-9d6595d7 wp-block-columns-is-layout-flex\">\n<div class=\"wp-block-column is-layout-flow wp-block-column-is-layout-flow\">\n<p>Les p\u00e9riples d&rsquo;Henri B\u00e9gou\u00ebn l&rsquo;ont \u00e9galement amen\u00e9 \u00e0 parcourir les campagnes finlandaises, et \u00e0 s&rsquo;int\u00e9resser aux coutumes de la r\u00e9gion. Il est notamment invit\u00e9 en 1928 \u00e0 pr\u00e9senter une conf\u00e9rence au sujet de ses r\u00e9cents voyages en qualit\u00e9 de membre de l&rsquo;Acad\u00e9mie des Jeux Floraux.<\/p>\n\n\n\n<div style=\"height:18px\" aria-hidden=\"true\" class=\"wp-block-spacer\"><\/div>\n\n\n\n<figure class=\"wp-block-image size-large is-resized is-style-rounded\"><img loading=\"lazy\" decoding=\"async\" width=\"702\" height=\"1024\" src=\"https:\/\/blogs.univ-tlse2.fr\/lvhb\/files\/2026\/04\/FINLANDE_09bis-702x1024.jpg\" alt=\"\" class=\"wp-image-547\" style=\"aspect-ratio:0.6855417347702025;width:232px;height:auto\" srcset=\"https:\/\/blogs.univ-tlse2.fr\/lvhb\/files\/2026\/04\/FINLANDE_09bis-702x1024.jpg 702w, https:\/\/blogs.univ-tlse2.fr\/lvhb\/files\/2026\/04\/FINLANDE_09bis-206x300.jpg 206w, https:\/\/blogs.univ-tlse2.fr\/lvhb\/files\/2026\/04\/FINLANDE_09bis-768x1120.jpg 768w, https:\/\/blogs.univ-tlse2.fr\/lvhb\/files\/2026\/04\/FINLANDE_09bis-1053x1536.jpg 1053w, https:\/\/blogs.univ-tlse2.fr\/lvhb\/files\/2026\/04\/FINLANDE_09bis-1404x2048.jpg 1404w, https:\/\/blogs.univ-tlse2.fr\/lvhb\/files\/2026\/04\/FINLANDE_09bis-1568x2286.jpg 1568w, https:\/\/blogs.univ-tlse2.fr\/lvhb\/files\/2026\/04\/FINLANDE_09bis-scaled.jpg 1756w\" sizes=\"auto, (max-width: 702px) 100vw, 702px\" \/><figcaption class=\"wp-element-caption\">\u00c9glise de Campagne moderne, Finlande<\/figcaption><\/figure>\n<\/div>\n\n\n\n<div class=\"wp-block-column is-layout-flow wp-block-column-is-layout-flow\">\n<figure class=\"wp-block-image size-large\"><img loading=\"lazy\" decoding=\"async\" width=\"1024\" height=\"657\" src=\"https:\/\/blogs.univ-tlse2.fr\/lvhb\/files\/2026\/04\/FINLANDE_11bis-1024x657.jpg\" alt=\"\" class=\"wp-image-544\" srcset=\"https:\/\/blogs.univ-tlse2.fr\/lvhb\/files\/2026\/04\/FINLANDE_11bis-1024x657.jpg 1024w, https:\/\/blogs.univ-tlse2.fr\/lvhb\/files\/2026\/04\/FINLANDE_11bis-300x192.jpg 300w, https:\/\/blogs.univ-tlse2.fr\/lvhb\/files\/2026\/04\/FINLANDE_11bis-768x492.jpg 768w, https:\/\/blogs.univ-tlse2.fr\/lvhb\/files\/2026\/04\/FINLANDE_11bis-1536x985.jpg 1536w, https:\/\/blogs.univ-tlse2.fr\/lvhb\/files\/2026\/04\/FINLANDE_11bis-2048x1313.jpg 2048w, https:\/\/blogs.univ-tlse2.fr\/lvhb\/files\/2026\/04\/FINLANDE_11bis-1568x1005.jpg 1568w\" sizes=\"auto, (max-width: 1024px) 100vw, 1024px\" \/><figcaption class=\"wp-element-caption\">Exploration rurale, Finlande<\/figcaption><\/figure>\n\n\n\n<div style=\"height:85px\" aria-hidden=\"true\" class=\"wp-block-spacer\"><\/div>\n\n\n\n<figure class=\"wp-block-image size-large\"><img loading=\"lazy\" decoding=\"async\" width=\"1024\" height=\"622\" src=\"https:\/\/blogs.univ-tlse2.fr\/lvhb\/files\/2026\/04\/FINLANDE_13bis-1024x622.jpg\" alt=\"\" class=\"wp-image-546\" srcset=\"https:\/\/blogs.univ-tlse2.fr\/lvhb\/files\/2026\/04\/FINLANDE_13bis-1024x622.jpg 1024w, https:\/\/blogs.univ-tlse2.fr\/lvhb\/files\/2026\/04\/FINLANDE_13bis-300x182.jpg 300w, https:\/\/blogs.univ-tlse2.fr\/lvhb\/files\/2026\/04\/FINLANDE_13bis-768x467.jpg 768w, https:\/\/blogs.univ-tlse2.fr\/lvhb\/files\/2026\/04\/FINLANDE_13bis-1536x934.jpg 1536w, https:\/\/blogs.univ-tlse2.fr\/lvhb\/files\/2026\/04\/FINLANDE_13bis-2048x1245.jpg 2048w, https:\/\/blogs.univ-tlse2.fr\/lvhb\/files\/2026\/04\/FINLANDE_13bis-1568x953.jpg 1568w\" sizes=\"auto, (max-width: 1024px) 100vw, 1024px\" \/><figcaption class=\"wp-element-caption\">Les femmes aux grandes man\u0153uvres, Finlande<\/figcaption><\/figure>\n<\/div>\n\n\n\n<div class=\"wp-block-column is-layout-flow wp-block-column-is-layout-flow\">\n<div style=\"height:100px\" aria-hidden=\"true\" class=\"wp-block-spacer\"><\/div>\n\n\n\n<figure class=\"wp-block-image size-large is-resized\"><img loading=\"lazy\" decoding=\"async\" width=\"608\" height=\"1024\" src=\"https:\/\/blogs.univ-tlse2.fr\/lvhb\/files\/2026\/04\/TURKU_01bis-608x1024.jpg\" alt=\"\" class=\"wp-image-545\" style=\"aspect-ratio:0.5937425020394452;width:336px;height:auto\" srcset=\"https:\/\/blogs.univ-tlse2.fr\/lvhb\/files\/2026\/04\/TURKU_01bis-608x1024.jpg 608w, https:\/\/blogs.univ-tlse2.fr\/lvhb\/files\/2026\/04\/TURKU_01bis-178x300.jpg 178w, https:\/\/blogs.univ-tlse2.fr\/lvhb\/files\/2026\/04\/TURKU_01bis-768x1294.jpg 768w, https:\/\/blogs.univ-tlse2.fr\/lvhb\/files\/2026\/04\/TURKU_01bis-911x1536.jpg 911w, https:\/\/blogs.univ-tlse2.fr\/lvhb\/files\/2026\/04\/TURKU_01bis-1215x2048.jpg 1215w, https:\/\/blogs.univ-tlse2.fr\/lvhb\/files\/2026\/04\/TURKU_01bis-1568x2642.jpg 1568w, https:\/\/blogs.univ-tlse2.fr\/lvhb\/files\/2026\/04\/TURKU_01bis-scaled.jpg 1519w\" sizes=\"auto, (max-width: 608px) 100vw, 608px\" \/><\/figure>\n<\/div>\n<\/div>\n\n\n\n<div style=\"height:126px\" aria-hidden=\"true\" class=\"wp-block-spacer\"><\/div>\n\n\n\n<div data-wp-context=\"{ &quot;autoclose&quot;: true, &quot;accordionItems&quot;: [] }\" data-wp-interactive=\"core\/accordion\" role=\"group\" class=\"wp-block-accordion alignwide is-layout-flow wp-block-accordion-is-layout-flow\">\n<div data-wp-class--is-open=\"state.isOpen\" data-wp-context=\"{ &quot;id&quot;: &quot;accordion-item-1&quot;, &quot;openByDefault&quot;: false }\" data-wp-init=\"callbacks.initAccordionItems\" data-wp-on-window--hashchange=\"callbacks.hashChange\" class=\"wp-block-accordion-item is-layout-flow wp-block-accordion-item-is-layout-flow\">\n<h4 class=\"wp-block-accordion-heading\"><button aria-expanded=\"false\" aria-controls=\"accordion-item-1-panel\" data-wp-bind--aria-expanded=\"state.isOpen\" data-wp-on--click=\"actions.toggle\" data-wp-on--keydown=\"actions.handleKeyDown\" id=\"accordion-item-1\" type=\"button\" class=\"wp-block-accordion-heading__toggle\"><span class=\"wp-block-accordion-heading__toggle-icon\" aria-hidden=\"true\">+<\/span><span class=\"wp-block-accordion-heading__toggle-title\">Sources<\/span><\/button><\/h4>\n\n\n\n<div inert aria-labelledby=\"accordion-item-1\" data-wp-bind--inert=\"!state.isOpen\" id=\"accordion-item-1-panel\" role=\"region\" class=\"wp-block-accordion-panel is-layout-flow wp-block-accordion-panel-is-layout-flow\">\n<ul class=\"wp-block-list\">\n<li>Bulletin de la soci\u00e9t\u00e9 de G\u00e9ographie de Toulouse (1<sup>er<\/sup> Juin 1928): <a href=\"https:\/\/rosalis.bibliotheque.toulouse.fr\/ark:\/12148\/bpt6k5824181h\/f3.item\">https:\/\/rosalis.bibliotheque.toulouse.fr\/ark:\/12148\/bpt6k5824181h\/f3.item<\/a><\/li>\n<\/ul>\n<\/div>\n<\/div>\n<\/div>\n","protected":false},"excerpt":{"rendered":"<p>&nbsp;C&rsquo;est \u00e0 cette occasion que le g\u00e9n\u00e9ral Carl Gustav Emil Mannerheim est nomm\u00e9 commandant des Gardes blanches. Il sera ensuite \u00e9lu pr\u00e9sident en 1944.&nbsp; Les collections du comte Henri B\u00e9gou\u00ebn comportent des photographies qui documentent la guerre de Finlande en 1918. Cette guerre civile entre les Gardes rouges communistes et les Gardes blanches du gouvernement,&hellip; <a class=\"more-link\" href=\"https:\/\/blogs.univ-tlse2.fr\/lvhb\/finlande\/\">Poursuivre la lecture <span class=\"screen-reader-text\">Finlande<\/span><\/a><\/p>\n","protected":false},"author":1522,"featured_media":0,"parent":0,"menu_order":1,"comment_status":"closed","ping_status":"closed","template":"","meta":{"footnotes":""},"class_list":["post-108","page","type-page","status-publish","hentry","entry"],"_links":{"self":[{"href":"https:\/\/blogs.univ-tlse2.fr\/lvhb\/wp-json\/wp\/v2\/pages\/108","targetHints":{"allow":["GET"]}}],"collection":[{"href":"https:\/\/blogs.univ-tlse2.fr\/lvhb\/wp-json\/wp\/v2\/pages"}],"about":[{"href":"https:\/\/blogs.univ-tlse2.fr\/lvhb\/wp-json\/wp\/v2\/types\/page"}],"author":[{"embeddable":true,"href":"https:\/\/blogs.univ-tlse2.fr\/lvhb\/wp-json\/wp\/v2\/users\/1522"}],"replies":[{"embeddable":true,"href":"https:\/\/blogs.univ-tlse2.fr\/lvhb\/wp-json\/wp\/v2\/comments?post=108"}],"version-history":[{"count":14,"href":"https:\/\/blogs.univ-tlse2.fr\/lvhb\/wp-json\/wp\/v2\/pages\/108\/revisions"}],"predecessor-version":[{"id":767,"href":"https:\/\/blogs.univ-tlse2.fr\/lvhb\/wp-json\/wp\/v2\/pages\/108\/revisions\/767"}],"wp:attachment":[{"href":"https:\/\/blogs.univ-tlse2.fr\/lvhb\/wp-json\/wp\/v2\/media?parent=108"}],"curies":[{"name":"wp","href":"https:\/\/api.w.org\/{rel}","templated":true}]}}