 {"id":116,"date":"2026-04-15T14:26:51","date_gmt":"2026-04-15T12:26:51","guid":{"rendered":"https:\/\/blogs.univ-tlse2.fr\/lvhb\/?page_id=116"},"modified":"2026-04-16T15:57:04","modified_gmt":"2026-04-16T13:57:04","slug":"serbie","status":"publish","type":"page","link":"https:\/\/blogs.univ-tlse2.fr\/lvhb\/serbie\/","title":{"rendered":"Serbie"},"content":{"rendered":"\n<div class=\"wp-block-cover alignfull has-parallax\"><div class=\"wp-block-cover__image-background wp-image-425 size-large has-parallax\" style=\"background-position:50% 50%;background-image:url(https:\/\/blogs.univ-tlse2.fr\/lvhb\/files\/2026\/03\/BELGRADE_08-1024x634.jpg)\"><\/div><span aria-hidden=\"true\" class=\"wp-block-cover__background has-background-dim-0 has-background-dim\" style=\"background-color:#7d7d7d\"><\/span><div class=\"wp-block-cover__inner-container is-layout-constrained wp-block-cover-is-layout-constrained\">\n<p class=\"has-text-align-center has-large-font-size\"><\/p>\n\n\n\n<div class=\"wp-block-buttons is-layout-flex wp-block-buttons-is-layout-flex\">\n<div class=\"wp-block-button\"><a class=\"wp-block-button__link wp-element-button\" href=\"https:\/\/blogs.univ-tlse2.fr\/lvhb\/\">Accueil<\/a><\/div>\n\n\n\n<div class=\"wp-block-button\"><a class=\"wp-block-button__link wp-element-button\" href=\"https:\/\/blogs.univ-tlse2.fr\/lvhb\/bulgarie\/\">Bulgarie<\/a><\/div>\n\n\n\n<div class=\"wp-block-button\"><a class=\"wp-block-button__link wp-element-button\" href=\"https:\/\/blogs.univ-tlse2.fr\/lvhb\/bosnie-herzegovine\/\">Bosnie-Herz\u00e9govine<\/a><\/div>\n\n\n\n<div class=\"wp-block-button\"><a class=\"wp-block-button__link wp-element-button\" href=\"https:\/\/blogs.univ-tlse2.fr\/lvhb\/croatie\/\">Croatie<\/a><\/div>\n\n\n\n<div class=\"wp-block-button\"><a class=\"wp-block-button__link wp-element-button\" href=\"https:\/\/blogs.univ-tlse2.fr\/lvhb\/serbie\/\">Serbie<\/a><\/div>\n\n\n\n<div class=\"wp-block-button\"><a class=\"wp-block-button__link wp-element-button\" href=\"https:\/\/blogs.univ-tlse2.fr\/lvhb\/slovenie\/\">Slov\u00e9nie<\/a><\/div>\n\n\n\n<div class=\"wp-block-button\"><a class=\"wp-block-button__link wp-element-button\" href=\"https:\/\/blogs.univ-tlse2.fr\/lvhb\/thrace\/\">Thrace<\/a><\/div>\n<\/div>\n<\/div><\/div>\n\n\n\n<div style=\"height:142px\" aria-hidden=\"true\" class=\"wp-block-spacer\"><\/div>\n\n\n\n<div class=\"wp-block-columns alignwide is-layout-flex wp-container-core-columns-is-layout-9d6595d7 wp-block-columns-is-layout-flex\">\n<div class=\"wp-block-column is-layout-flow wp-block-column-is-layout-flow\">\n<figure class=\"wp-block-image size-large is-resized is-style-default\"><img loading=\"lazy\" decoding=\"async\" width=\"637\" height=\"1024\" src=\"https:\/\/blogs.univ-tlse2.fr\/lvhb\/files\/2026\/03\/BELGRADE_06bis-637x1024.jpg\" alt=\"\" class=\"wp-image-429\" style=\"aspect-ratio:0.622073903675744;width:410px;height:auto\" srcset=\"https:\/\/blogs.univ-tlse2.fr\/lvhb\/files\/2026\/03\/BELGRADE_06bis-637x1024.jpg 637w, https:\/\/blogs.univ-tlse2.fr\/lvhb\/files\/2026\/03\/BELGRADE_06bis-187x300.jpg 187w, https:\/\/blogs.univ-tlse2.fr\/lvhb\/files\/2026\/03\/BELGRADE_06bis-768x1234.jpg 768w, https:\/\/blogs.univ-tlse2.fr\/lvhb\/files\/2026\/03\/BELGRADE_06bis-956x1536.jpg 956w, https:\/\/blogs.univ-tlse2.fr\/lvhb\/files\/2026\/03\/BELGRADE_06bis.jpg 1051w\" sizes=\"auto, (max-width: 637px) 100vw, 637px\" \/><\/figure>\n\n\n\n<details class=\"wp-block-details is-layout-flow wp-block-details-is-layout-flow\"><summary>Monument de reconnaissance \u00e0 la France, Belgrade<\/summary>\n<p>\u0152uvre r\u00e9alis\u00e9e en 1930 par le sculpteur Ivan Mestrovic<\/p>\n<\/details>\n<\/div>\n\n\n\n<div class=\"wp-block-column is-layout-flow wp-block-column-is-layout-flow\">\n<div style=\"height:194px\" aria-hidden=\"true\" class=\"wp-block-spacer\"><\/div>\n\n\n\n<p>La premi\u00e8re visite du comte Henri B\u00e9gou\u00ebn \u00e0 Belgrade remonte \u00e0 1884. Plus tard, avec l&rsquo;\u00e9clatement de l&rsquo;Autriche-Hongrie, son travail pour le <em>Journal des d\u00e9bats<\/em> ram\u00e8ne Henri B\u00e9gou\u00ebn dans le nouveau Royaume des Serbes, des Croates et des Slov\u00e8nes, \u00e0 l&rsquo;occasion des \u00e9tats g\u00e9n\u00e9raux organis\u00e9s \u00e0 Belgrade en mars 1919. Il est de retour quelques ann\u00e9es apr\u00e8s, lors d&rsquo;une conf\u00e9rence organis\u00e9e \u00e0 Belgrade en mai 1921 par la Soci\u00e9t\u00e9 des Amis de la France sur la pr\u00e9histoire fran\u00e7aise. <\/p>\n<\/div>\n<\/div>\n\n\n\n<div style=\"height:181px\" aria-hidden=\"true\" class=\"wp-block-spacer\"><\/div>\n\n\n\n<div class=\"wp-block-columns alignwide is-layout-flex wp-container-core-columns-is-layout-9d6595d7 wp-block-columns-is-layout-flex\">\n<div class=\"wp-block-column is-layout-flow wp-block-column-is-layout-flow\">\n<figure class=\"wp-block-image size-large\"><img loading=\"lazy\" decoding=\"async\" width=\"1024\" height=\"651\" src=\"https:\/\/blogs.univ-tlse2.fr\/lvhb\/files\/2026\/03\/BELGRADE_07bis-1024x651.jpg\" alt=\"\" class=\"wp-image-427\" srcset=\"https:\/\/blogs.univ-tlse2.fr\/lvhb\/files\/2026\/03\/BELGRADE_07bis-1024x651.jpg 1024w, https:\/\/blogs.univ-tlse2.fr\/lvhb\/files\/2026\/03\/BELGRADE_07bis-300x191.jpg 300w, https:\/\/blogs.univ-tlse2.fr\/lvhb\/files\/2026\/03\/BELGRADE_07bis-768x488.jpg 768w, https:\/\/blogs.univ-tlse2.fr\/lvhb\/files\/2026\/03\/BELGRADE_07bis-1536x976.jpg 1536w, https:\/\/blogs.univ-tlse2.fr\/lvhb\/files\/2026\/03\/BELGRADE_07bis-1568x997.jpg 1568w, https:\/\/blogs.univ-tlse2.fr\/lvhb\/files\/2026\/03\/BELGRADE_07bis.jpg 1724w\" sizes=\"auto, (max-width: 1024px) 100vw, 1024px\" \/><figcaption class=\"wp-element-caption\">Le nouveau Konak de Belgrade <\/figcaption><\/figure>\n\n\n\n<details class=\"wp-block-details is-layout-flow wp-block-details-is-layout-flow\"><summary>Nouveau palais royal de Belgrade<\/summary>\n<p>Palais achev\u00e9 en 1914 mais endommag\u00e9 pendant la guerre et restaur\u00e9&nbsp; entre 1919 et 1920.<\/p>\n<\/details>\n<\/div>\n\n\n\n<div class=\"wp-block-column is-layout-flow wp-block-column-is-layout-flow\">\n<figure class=\"wp-block-image size-large\"><img loading=\"lazy\" decoding=\"async\" width=\"1024\" height=\"710\" src=\"https:\/\/blogs.univ-tlse2.fr\/lvhb\/files\/2026\/03\/BELGRADE_05bis-1024x710.jpg\" alt=\"\" class=\"wp-image-428\" srcset=\"https:\/\/blogs.univ-tlse2.fr\/lvhb\/files\/2026\/03\/BELGRADE_05bis-1024x710.jpg 1024w, https:\/\/blogs.univ-tlse2.fr\/lvhb\/files\/2026\/03\/BELGRADE_05bis-300x208.jpg 300w, https:\/\/blogs.univ-tlse2.fr\/lvhb\/files\/2026\/03\/BELGRADE_05bis-768x532.jpg 768w, https:\/\/blogs.univ-tlse2.fr\/lvhb\/files\/2026\/03\/BELGRADE_05bis-1536x1065.jpg 1536w, https:\/\/blogs.univ-tlse2.fr\/lvhb\/files\/2026\/03\/BELGRADE_05bis-1568x1087.jpg 1568w, https:\/\/blogs.univ-tlse2.fr\/lvhb\/files\/2026\/03\/BELGRADE_05bis.jpg 2037w\" sizes=\"auto, (max-width: 1024px) 100vw, 1024px\" \/><figcaption class=\"wp-element-caption\">Palais royal de Belgrade<\/figcaption><\/figure>\n<\/div>\n\n\n\n<div class=\"wp-block-column is-layout-flow wp-block-column-is-layout-flow\">\n<figure class=\"wp-block-image size-large\"><img loading=\"lazy\" decoding=\"async\" width=\"1024\" height=\"732\" src=\"https:\/\/blogs.univ-tlse2.fr\/lvhb\/files\/2026\/03\/BELGRADE_01bis-1024x732.jpg\" alt=\"\" class=\"wp-image-426\" srcset=\"https:\/\/blogs.univ-tlse2.fr\/lvhb\/files\/2026\/03\/BELGRADE_01bis-1024x732.jpg 1024w, https:\/\/blogs.univ-tlse2.fr\/lvhb\/files\/2026\/03\/BELGRADE_01bis-300x214.jpg 300w, https:\/\/blogs.univ-tlse2.fr\/lvhb\/files\/2026\/03\/BELGRADE_01bis-768x549.jpg 768w, https:\/\/blogs.univ-tlse2.fr\/lvhb\/files\/2026\/03\/BELGRADE_01bis-1536x1098.jpg 1536w, https:\/\/blogs.univ-tlse2.fr\/lvhb\/files\/2026\/03\/BELGRADE_01bis-1568x1121.jpg 1568w, https:\/\/blogs.univ-tlse2.fr\/lvhb\/files\/2026\/03\/BELGRADE_01bis.jpg 2028w\" sizes=\"auto, (max-width: 1024px) 100vw, 1024px\" \/><figcaption class=\"wp-element-caption\">Universit\u00e9 de Belgrade<\/figcaption><\/figure>\n<\/div>\n<\/div>\n\n\n\n<div style=\"height:180px\" aria-hidden=\"true\" class=\"wp-block-spacer\"><\/div>\n\n\n\n<div class=\"wp-block-columns alignwide is-layout-flex wp-container-core-columns-is-layout-9d6595d7 wp-block-columns-is-layout-flex\">\n<div class=\"wp-block-column is-layout-flow wp-block-column-is-layout-flow\">\n<figure class=\"wp-block-image size-large is-resized is-style-rounded\"><img loading=\"lazy\" decoding=\"async\" width=\"1024\" height=\"720\" src=\"https:\/\/blogs.univ-tlse2.fr\/lvhb\/files\/2026\/03\/BELGRADE_02bis-1024x720.jpg\" alt=\"\" class=\"wp-image-431\" style=\"width:348px;height:auto\" srcset=\"https:\/\/blogs.univ-tlse2.fr\/lvhb\/files\/2026\/03\/BELGRADE_02bis-1024x720.jpg 1024w, https:\/\/blogs.univ-tlse2.fr\/lvhb\/files\/2026\/03\/BELGRADE_02bis-300x211.jpg 300w, https:\/\/blogs.univ-tlse2.fr\/lvhb\/files\/2026\/03\/BELGRADE_02bis-768x540.jpg 768w, https:\/\/blogs.univ-tlse2.fr\/lvhb\/files\/2026\/03\/BELGRADE_02bis-1536x1081.jpg 1536w, https:\/\/blogs.univ-tlse2.fr\/lvhb\/files\/2026\/03\/BELGRADE_02bis-1568x1103.jpg 1568w, https:\/\/blogs.univ-tlse2.fr\/lvhb\/files\/2026\/03\/BELGRADE_02bis.jpg 2041w\" sizes=\"auto, (max-width: 1024px) 100vw, 1024px\" \/><figcaption class=\"wp-element-caption\">Belgrade, vieille rue turque vers le Danube<\/figcaption><\/figure>\n\n\n\n<div style=\"height:100px\" aria-hidden=\"true\" class=\"wp-block-spacer\"><\/div>\n\n\n\n<p>Ce sont ses deux casquettes, de journaliste et de pr\u00e9historien, qui l&rsquo;am\u00e8nent \u00e0 multiplier ses voyages en Europe centrale et orientale, et \u00e0 s&rsquo;int\u00e9resser aux cultures et aux habitants des pays qu&rsquo;il traverse. Il donne ainsi autant \u00e0 voir le patrimoine et l&rsquo;architecture des villes, que les campagnes et le mode de vie paysan.<\/p>\n<\/div>\n\n\n\n<div class=\"wp-block-column is-layout-flow wp-block-column-is-layout-flow\">\n<figure class=\"wp-block-image size-large is-resized is-style-default\"><img loading=\"lazy\" decoding=\"async\" width=\"1024\" height=\"694\" src=\"https:\/\/blogs.univ-tlse2.fr\/lvhb\/files\/2026\/03\/BELGRADE_04bis-1024x694.jpg\" alt=\"\" class=\"wp-image-432\" style=\"aspect-ratio:1.475541299117883;width:300px;height:auto\" srcset=\"https:\/\/blogs.univ-tlse2.fr\/lvhb\/files\/2026\/03\/BELGRADE_04bis-1024x694.jpg 1024w, https:\/\/blogs.univ-tlse2.fr\/lvhb\/files\/2026\/03\/BELGRADE_04bis-300x203.jpg 300w, https:\/\/blogs.univ-tlse2.fr\/lvhb\/files\/2026\/03\/BELGRADE_04bis-768x520.jpg 768w, https:\/\/blogs.univ-tlse2.fr\/lvhb\/files\/2026\/03\/BELGRADE_04bis-1536x1041.jpg 1536w, https:\/\/blogs.univ-tlse2.fr\/lvhb\/files\/2026\/03\/BELGRADE_04bis-1568x1062.jpg 1568w, https:\/\/blogs.univ-tlse2.fr\/lvhb\/files\/2026\/03\/BELGRADE_04bis.jpg 2016w\" sizes=\"auto, (max-width: 1024px) 100vw, 1024px\" \/><figcaption class=\"wp-element-caption\">Troupeau de b\u0153ufs pr\u00e8s de Belgrade<\/figcaption><\/figure>\n\n\n\n<figure class=\"wp-block-image size-large is-style-rounded\"><img loading=\"lazy\" decoding=\"async\" width=\"1024\" height=\"871\" src=\"https:\/\/blogs.univ-tlse2.fr\/lvhb\/files\/2026\/03\/BELGRADE_03bis-1024x871.jpg\" alt=\"\" class=\"wp-image-433\" srcset=\"https:\/\/blogs.univ-tlse2.fr\/lvhb\/files\/2026\/03\/BELGRADE_03bis-1024x871.jpg 1024w, https:\/\/blogs.univ-tlse2.fr\/lvhb\/files\/2026\/03\/BELGRADE_03bis-300x255.jpg 300w, https:\/\/blogs.univ-tlse2.fr\/lvhb\/files\/2026\/03\/BELGRADE_03bis-768x653.jpg 768w, https:\/\/blogs.univ-tlse2.fr\/lvhb\/files\/2026\/03\/BELGRADE_03bis-1536x1307.jpg 1536w, https:\/\/blogs.univ-tlse2.fr\/lvhb\/files\/2026\/03\/BELGRADE_03bis-1568x1334.jpg 1568w, https:\/\/blogs.univ-tlse2.fr\/lvhb\/files\/2026\/03\/BELGRADE_03bis.jpg 1897w\" sizes=\"auto, (max-width: 1024px) 100vw, 1024px\" \/><figcaption class=\"wp-element-caption\">Attelage de b\u0153ufs, Belgrade<\/figcaption><\/figure>\n<\/div>\n<\/div>\n\n\n\n<div style=\"height:31px\" aria-hidden=\"true\" class=\"wp-block-spacer\"><\/div>\n\n\n\n<figure class=\"wp-block-image size-large is-resized is-style-rounded\"><img loading=\"lazy\" decoding=\"async\" width=\"1024\" height=\"673\" src=\"https:\/\/blogs.univ-tlse2.fr\/lvhb\/files\/2026\/03\/SERBIE_02_1925bis-1024x673.jpg\" alt=\"\" class=\"wp-image-438\" style=\"aspect-ratio:1.5215527320913556;width:510px;height:auto\" srcset=\"https:\/\/blogs.univ-tlse2.fr\/lvhb\/files\/2026\/03\/SERBIE_02_1925bis-1024x673.jpg 1024w, https:\/\/blogs.univ-tlse2.fr\/lvhb\/files\/2026\/03\/SERBIE_02_1925bis-300x197.jpg 300w, https:\/\/blogs.univ-tlse2.fr\/lvhb\/files\/2026\/03\/SERBIE_02_1925bis-768x505.jpg 768w, https:\/\/blogs.univ-tlse2.fr\/lvhb\/files\/2026\/03\/SERBIE_02_1925bis-1536x1010.jpg 1536w, https:\/\/blogs.univ-tlse2.fr\/lvhb\/files\/2026\/03\/SERBIE_02_1925bis-2048x1346.jpg 2048w, https:\/\/blogs.univ-tlse2.fr\/lvhb\/files\/2026\/03\/SERBIE_02_1925bis-1568x1031.jpg 1568w\" sizes=\"auto, (max-width: 1024px) 100vw, 1024px\" \/><figcaption class=\"wp-element-caption\">Ochrida (Serbie), Eglise Saint Cl\u00e9ment (1925)<\/figcaption><\/figure>\n\n\n\n<div style=\"height:140px\" aria-hidden=\"true\" class=\"wp-block-spacer\"><\/div>\n\n\n\n<div data-wp-context=\"{ &quot;autoclose&quot;: true, &quot;accordionItems&quot;: [] }\" data-wp-interactive=\"core\/accordion\" role=\"group\" class=\"wp-block-accordion alignwide is-layout-flow wp-block-accordion-is-layout-flow\">\n<div data-wp-class--is-open=\"state.isOpen\" data-wp-context=\"{ &quot;id&quot;: &quot;accordion-item-1&quot;, &quot;openByDefault&quot;: false }\" data-wp-init=\"callbacks.initAccordionItems\" data-wp-on-window--hashchange=\"callbacks.hashChange\" class=\"wp-block-accordion-item is-layout-flow wp-block-accordion-item-is-layout-flow\">\n<h4 class=\"wp-block-accordion-heading\"><button aria-expanded=\"false\" aria-controls=\"accordion-item-1-panel\" data-wp-bind--aria-expanded=\"state.isOpen\" data-wp-on--click=\"actions.toggle\" data-wp-on--keydown=\"actions.handleKeyDown\" id=\"accordion-item-1\" type=\"button\" class=\"wp-block-accordion-heading__toggle\"><span class=\"wp-block-accordion-heading__toggle-icon\" aria-hidden=\"true\">+<\/span><span class=\"wp-block-accordion-heading__toggle-title\">Sources<\/span><\/button><\/h4>\n\n\n\n<div inert aria-labelledby=\"accordion-item-1\" data-wp-bind--inert=\"!state.isOpen\" id=\"accordion-item-1-panel\" role=\"region\" class=\"wp-block-accordion-panel is-layout-flow wp-block-accordion-panel-is-layout-flow\">\n<ul class=\"wp-block-list\">\n<li>Boursiac Louis-G., <em>Titres, distinctions et travaux scientifiques du Professeur Comte H. B\u00e9gou\u00ebn<\/em>, 1938.<\/li>\n\n\n\n<li>Saboti\u010d Ines, \u00ab\u00a0<em>Henri B\u00e9gou\u00ebn, la Croatie et les \u00ab\u00a0Yougoslaves\u00a0\u00bb<\/em>, <a href=\"https:\/\/hrcak.srce.hr\/pilar\"><em>Pilar : \u010dasopis za dru\u0161tvene i humanisti\u010dke studije<\/em><\/a>, <a href=\"https:\/\/hrcak.srce.hr\/broj\/5854\">Vol. VI No. 11(1)<\/a>, 2011.<\/li>\n\n\n\n<li><em>Le Journal des D\u00e9bats<\/em> du 9 septembre 1919: <a href=\"https:\/\/gallica.bnf.fr\/ark:\/12148\/bpt6k489098b\/f1.item.zoom\" target=\"_blank\" rel=\"noreferrer noopener\">https:\/\/gallica.bnf.fr\/ark:\/12148\/bpt6k489098b\/f1.item.zoom<\/a><\/li>\n<\/ul>\n<\/div>\n<\/div>\n<\/div>\n","protected":false},"excerpt":{"rendered":"<p>La premi\u00e8re visite du comte Henri B\u00e9gou\u00ebn \u00e0 Belgrade remonte \u00e0 1884. Plus tard, avec l&rsquo;\u00e9clatement de l&rsquo;Autriche-Hongrie, son travail pour le Journal des d\u00e9bats ram\u00e8ne Henri B\u00e9gou\u00ebn dans le nouveau Royaume des Serbes, des Croates et des Slov\u00e8nes, \u00e0 l&rsquo;occasion des \u00e9tats g\u00e9n\u00e9raux organis\u00e9s \u00e0 Belgrade en mars 1919. Il est de retour quelques&hellip; <a class=\"more-link\" href=\"https:\/\/blogs.univ-tlse2.fr\/lvhb\/serbie\/\">Poursuivre la lecture <span class=\"screen-reader-text\">Serbie<\/span><\/a><\/p>\n","protected":false},"author":1522,"featured_media":0,"parent":0,"menu_order":1,"comment_status":"closed","ping_status":"closed","template":"","meta":{"footnotes":""},"class_list":["post-116","page","type-page","status-publish","hentry","entry"],"_links":{"self":[{"href":"https:\/\/blogs.univ-tlse2.fr\/lvhb\/wp-json\/wp\/v2\/pages\/116","targetHints":{"allow":["GET"]}}],"collection":[{"href":"https:\/\/blogs.univ-tlse2.fr\/lvhb\/wp-json\/wp\/v2\/pages"}],"about":[{"href":"https:\/\/blogs.univ-tlse2.fr\/lvhb\/wp-json\/wp\/v2\/types\/page"}],"author":[{"embeddable":true,"href":"https:\/\/blogs.univ-tlse2.fr\/lvhb\/wp-json\/wp\/v2\/users\/1522"}],"replies":[{"embeddable":true,"href":"https:\/\/blogs.univ-tlse2.fr\/lvhb\/wp-json\/wp\/v2\/comments?post=116"}],"version-history":[{"count":19,"href":"https:\/\/blogs.univ-tlse2.fr\/lvhb\/wp-json\/wp\/v2\/pages\/116\/revisions"}],"predecessor-version":[{"id":745,"href":"https:\/\/blogs.univ-tlse2.fr\/lvhb\/wp-json\/wp\/v2\/pages\/116\/revisions\/745"}],"wp:attachment":[{"href":"https:\/\/blogs.univ-tlse2.fr\/lvhb\/wp-json\/wp\/v2\/media?parent=116"}],"curies":[{"name":"wp","href":"https:\/\/api.w.org\/{rel}","templated":true}]}}