 {"id":467,"date":"2026-04-15T14:27:13","date_gmt":"2026-04-15T12:27:13","guid":{"rendered":"https:\/\/blogs.univ-tlse2.fr\/lvhb\/?page_id=467"},"modified":"2026-04-16T17:47:17","modified_gmt":"2026-04-16T15:47:17","slug":"tartu","status":"publish","type":"page","link":"https:\/\/blogs.univ-tlse2.fr\/lvhb\/tartu\/","title":{"rendered":"Tartu"},"content":{"rendered":"\n<div class=\"wp-block-cover alignfull has-parallax\"><div class=\"wp-block-cover__image-background wp-image-468 size-large has-parallax\" style=\"background-position:50% 50%;background-image:url(https:\/\/blogs.univ-tlse2.fr\/lvhb\/files\/2026\/03\/TARTU_14-1024x767.jpg)\"><\/div><span aria-hidden=\"true\" class=\"wp-block-cover__background has-background-dim-0 has-background-dim\" style=\"background-color:#535751\"><\/span><div class=\"wp-block-cover__inner-container is-layout-constrained wp-block-cover-is-layout-constrained\">\n<div class=\"wp-block-buttons is-content-justification-center is-layout-flex wp-container-core-buttons-is-layout-16018d1d wp-block-buttons-is-layout-flex\">\n<div class=\"wp-block-button\"><a class=\"wp-block-button__link wp-element-button\" href=\"https:\/\/blogs.univ-tlse2.fr\/lvhb\/\">Accueil<\/a><\/div>\n\n\n\n<div class=\"wp-block-button\"><a class=\"wp-block-button__link wp-element-button\" href=\"https:\/\/blogs.univ-tlse2.fr\/lvhb\/mer-baltique\/\">Mer Baltique<\/a><\/div>\n\n\n\n<div class=\"wp-block-button\"><a class=\"wp-block-button__link wp-element-button\" href=\"https:\/\/blogs.univ-tlse2.fr\/lvhb\/estonie\/\">Estonie<\/a><\/div>\n\n\n\n<div class=\"wp-block-button\"><a class=\"wp-block-button__link wp-element-button\" href=\"https:\/\/blogs.univ-tlse2.fr\/lvhb\/finlande\/\">Finlande<\/a><\/div>\n\n\n\n<div class=\"wp-block-button\"><a class=\"wp-block-button__link wp-element-button\" href=\"https:\/\/blogs.univ-tlse2.fr\/lvhb\/lettonie\/\">Lettonie<\/a><\/div>\n\n\n\n<div class=\"wp-block-button\"><a class=\"wp-block-button__link wp-element-button\" href=\"https:\/\/blogs.univ-tlse2.fr\/lvhb\/lituanie\/\">Lituanie<\/a><\/div>\n<\/div>\n\n\n\n<div class=\"wp-block-buttons is-content-justification-center is-layout-flex wp-container-core-buttons-is-layout-16018d1d wp-block-buttons-is-layout-flex\">\n<div class=\"wp-block-button\"><a class=\"wp-block-button__link wp-element-button\" href=\"https:\/\/blogs.univ-tlse2.fr\/lvhb\/tallin\/\">Tallin<\/a><\/div>\n\n\n\n<div class=\"wp-block-button\"><a class=\"wp-block-button__link wp-element-button\" href=\"https:\/\/blogs.univ-tlse2.fr\/lvhb\/tartu\/\">Tartu<\/a><\/div>\n<\/div>\n<\/div><\/div>\n\n\n\n<div style=\"height:100px\" aria-hidden=\"true\" class=\"wp-block-spacer\"><\/div>\n\n\n\n<div class=\"wp-block-columns alignwide are-vertically-aligned-center is-layout-flex wp-container-core-columns-is-layout-9d6595d7 wp-block-columns-is-layout-flex\">\n<div class=\"wp-block-column is-vertically-aligned-center is-layout-flow wp-block-column-is-layout-flow\">\n<div style=\"height:38px\" aria-hidden=\"true\" class=\"wp-block-spacer\"><\/div>\n\n\n\n<p>Du mois de mars au mois de mai 1928, le professeur Henri B\u00e9gou\u00ebn anime des conf\u00e9rences sur l&rsquo;art pr\u00e9historique notamment \u00e0 Tartu et \u00e0 Riga.<\/p>\n\n\n\n<div style=\"height:23px\" aria-hidden=\"true\" class=\"wp-block-spacer\"><\/div>\n\n\n\n<figure class=\"wp-block-image size-large is-style-default\"><img loading=\"lazy\" decoding=\"async\" width=\"1024\" height=\"695\" src=\"https:\/\/blogs.univ-tlse2.fr\/lvhb\/files\/2026\/04\/TARTU_06-1024x695.jpg\" alt=\"\" class=\"wp-image-578\" style=\"aspect-ratio:1.4734095618141356\" srcset=\"https:\/\/blogs.univ-tlse2.fr\/lvhb\/files\/2026\/04\/TARTU_06-1024x695.jpg 1024w, https:\/\/blogs.univ-tlse2.fr\/lvhb\/files\/2026\/04\/TARTU_06-300x204.jpg 300w, https:\/\/blogs.univ-tlse2.fr\/lvhb\/files\/2026\/04\/TARTU_06-768x521.jpg 768w, https:\/\/blogs.univ-tlse2.fr\/lvhb\/files\/2026\/04\/TARTU_06-1536x1042.jpg 1536w, https:\/\/blogs.univ-tlse2.fr\/lvhb\/files\/2026\/04\/TARTU_06-1568x1064.jpg 1568w, https:\/\/blogs.univ-tlse2.fr\/lvhb\/files\/2026\/04\/TARTU_06.jpg 1954w\" sizes=\"auto, (max-width: 1024px) 100vw, 1024px\" \/><figcaption class=\"wp-element-caption\">L&rsquo;Universit\u00e9 (Tartu, Estonie)<\/figcaption><\/figure>\n<\/div>\n\n\n\n<div class=\"wp-block-column is-vertically-aligned-center is-layout-flow wp-block-column-is-layout-flow\">\n<div style=\"height:31px\" aria-hidden=\"true\" class=\"wp-block-spacer\"><\/div>\n\n\n\n<figure class=\"wp-block-image size-large is-resized is-style-default\"><img loading=\"lazy\" decoding=\"async\" width=\"1024\" height=\"675\" src=\"https:\/\/blogs.univ-tlse2.fr\/lvhb\/files\/2026\/04\/TARTU_05-1024x675.jpg\" alt=\"\" class=\"wp-image-580\" style=\"aspect-ratio:1.5170670037926675;width:329px;height:auto\" srcset=\"https:\/\/blogs.univ-tlse2.fr\/lvhb\/files\/2026\/04\/TARTU_05-1024x675.jpg 1024w, https:\/\/blogs.univ-tlse2.fr\/lvhb\/files\/2026\/04\/TARTU_05-300x198.jpg 300w, https:\/\/blogs.univ-tlse2.fr\/lvhb\/files\/2026\/04\/TARTU_05-768x506.jpg 768w, https:\/\/blogs.univ-tlse2.fr\/lvhb\/files\/2026\/04\/TARTU_05-1536x1012.jpg 1536w, https:\/\/blogs.univ-tlse2.fr\/lvhb\/files\/2026\/04\/TARTU_05-1568x1033.jpg 1568w, https:\/\/blogs.univ-tlse2.fr\/lvhb\/files\/2026\/04\/TARTU_05.jpg 1926w\" sizes=\"auto, (max-width: 1024px) 100vw, 1024px\" \/><figcaption class=\"wp-element-caption\">Eglise de l&rsquo;Universit\u00e9 (Tartu, Estonie)<\/figcaption><\/figure>\n\n\n\n<div style=\"height:44px\" aria-hidden=\"true\" class=\"wp-block-spacer\"><\/div>\n\n\n\n<figure class=\"wp-block-image size-large is-resized is-style-default\"><img loading=\"lazy\" decoding=\"async\" width=\"1024\" height=\"708\" src=\"https:\/\/blogs.univ-tlse2.fr\/lvhb\/files\/2026\/04\/TARTU_01-1-1024x708.jpg\" alt=\"\" class=\"wp-image-581\" style=\"width:344px;height:auto\" srcset=\"https:\/\/blogs.univ-tlse2.fr\/lvhb\/files\/2026\/04\/TARTU_01-1-1024x708.jpg 1024w, https:\/\/blogs.univ-tlse2.fr\/lvhb\/files\/2026\/04\/TARTU_01-1-300x207.jpg 300w, https:\/\/blogs.univ-tlse2.fr\/lvhb\/files\/2026\/04\/TARTU_01-1-768x531.jpg 768w, https:\/\/blogs.univ-tlse2.fr\/lvhb\/files\/2026\/04\/TARTU_01-1-1536x1061.jpg 1536w, https:\/\/blogs.univ-tlse2.fr\/lvhb\/files\/2026\/04\/TARTU_01-1-1568x1083.jpg 1568w, https:\/\/blogs.univ-tlse2.fr\/lvhb\/files\/2026\/04\/TARTU_01-1.jpg 1935w\" sizes=\"auto, (max-width: 1024px) 100vw, 1024px\" \/><figcaption class=\"wp-element-caption\">Aula de l&rsquo;Universit\u00e9 (Tartu, Estonie)<\/figcaption><\/figure>\n<\/div>\n<\/div>\n\n\n\n<div style=\"height:27px\" aria-hidden=\"true\" class=\"wp-block-spacer\"><\/div>\n\n\n\n<div class=\"wp-block-columns alignwide is-layout-flex wp-container-core-columns-is-layout-9d6595d7 wp-block-columns-is-layout-flex\">\n<div class=\"wp-block-column is-layout-flow wp-block-column-is-layout-flow\">\n<div style=\"height:265px\" aria-hidden=\"true\" class=\"wp-block-spacer\"><\/div>\n\n\n\n<p>Quelques ann\u00e9es plus tard, il est invit\u00e9 aux c\u00e9l\u00e9brations du Tricentenaire de l&rsquo;universit\u00e9 de Tartu organis\u00e9es le 30 Juin 1932 en tant que d\u00e9l\u00e9gu\u00e9 de l&rsquo;universit\u00e9 de Toulouse.<\/p>\n\n\n\n<div style=\"height:17px\" aria-hidden=\"true\" class=\"wp-block-spacer\"><\/div>\n\n\n\n<div style=\"height:23px\" aria-hidden=\"true\" class=\"wp-block-spacer\"><\/div>\n\n\n\n<figure class=\"wp-block-image size-large is-style-rounded\"><img loading=\"lazy\" decoding=\"async\" width=\"1024\" height=\"653\" src=\"https:\/\/blogs.univ-tlse2.fr\/lvhb\/files\/2026\/04\/TARTU_03_1932-1024x653.jpg\" alt=\"\" class=\"wp-image-584\" srcset=\"https:\/\/blogs.univ-tlse2.fr\/lvhb\/files\/2026\/04\/TARTU_03_1932-1024x653.jpg 1024w, https:\/\/blogs.univ-tlse2.fr\/lvhb\/files\/2026\/04\/TARTU_03_1932-300x191.jpg 300w, https:\/\/blogs.univ-tlse2.fr\/lvhb\/files\/2026\/04\/TARTU_03_1932-768x490.jpg 768w, https:\/\/blogs.univ-tlse2.fr\/lvhb\/files\/2026\/04\/TARTU_03_1932-1536x979.jpg 1536w, https:\/\/blogs.univ-tlse2.fr\/lvhb\/files\/2026\/04\/TARTU_03_1932-1568x1000.jpg 1568w, https:\/\/blogs.univ-tlse2.fr\/lvhb\/files\/2026\/04\/TARTU_03_1932.jpg 1824w\" sizes=\"auto, (max-width: 1024px) 100vw, 1024px\" \/><figcaption class=\"wp-element-caption\">Illumination de l&rsquo;Universit\u00e9 de Tartu (le 30 Juin 1932)<\/figcaption><\/figure>\n\n\n\n<div style=\"height:100px\" aria-hidden=\"true\" class=\"wp-block-spacer\"><\/div>\n<\/div>\n\n\n\n<div class=\"wp-block-column is-layout-flow wp-block-column-is-layout-flow\">\n<div style=\"height:100px\" aria-hidden=\"true\" class=\"wp-block-spacer\"><\/div>\n\n\n\n<figure class=\"wp-block-image size-large\"><img loading=\"lazy\" decoding=\"async\" width=\"1024\" height=\"765\" src=\"https:\/\/blogs.univ-tlse2.fr\/lvhb\/files\/2026\/04\/TARTU_02-1024x765.jpg\" alt=\"\" class=\"wp-image-582\" srcset=\"https:\/\/blogs.univ-tlse2.fr\/lvhb\/files\/2026\/04\/TARTU_02-1024x765.jpg 1024w, https:\/\/blogs.univ-tlse2.fr\/lvhb\/files\/2026\/04\/TARTU_02-300x224.jpg 300w, https:\/\/blogs.univ-tlse2.fr\/lvhb\/files\/2026\/04\/TARTU_02-768x574.jpg 768w, https:\/\/blogs.univ-tlse2.fr\/lvhb\/files\/2026\/04\/TARTU_02-1536x1147.jpg 1536w, https:\/\/blogs.univ-tlse2.fr\/lvhb\/files\/2026\/04\/TARTU_02-1568x1171.jpg 1568w, https:\/\/blogs.univ-tlse2.fr\/lvhb\/files\/2026\/04\/TARTU_02.jpg 1773w\" sizes=\"auto, (max-width: 1024px) 100vw, 1024px\" \/><figcaption class=\"wp-element-caption\">Corporation d&rsquo;\u00e9tudiants (Tartu, Estonie)<\/figcaption><\/figure>\n\n\n\n<div style=\"height:60px\" aria-hidden=\"true\" class=\"wp-block-spacer\"><\/div>\n\n\n\n<figure class=\"wp-block-image size-large\"><img loading=\"lazy\" decoding=\"async\" width=\"1024\" height=\"666\" src=\"https:\/\/blogs.univ-tlse2.fr\/lvhb\/files\/2026\/04\/TARTU_04_1932-1024x666.jpg\" alt=\"\" class=\"wp-image-583\" srcset=\"https:\/\/blogs.univ-tlse2.fr\/lvhb\/files\/2026\/04\/TARTU_04_1932-1024x666.jpg 1024w, https:\/\/blogs.univ-tlse2.fr\/lvhb\/files\/2026\/04\/TARTU_04_1932-300x195.jpg 300w, https:\/\/blogs.univ-tlse2.fr\/lvhb\/files\/2026\/04\/TARTU_04_1932-768x499.jpg 768w, https:\/\/blogs.univ-tlse2.fr\/lvhb\/files\/2026\/04\/TARTU_04_1932-1536x999.jpg 1536w, https:\/\/blogs.univ-tlse2.fr\/lvhb\/files\/2026\/04\/TARTU_04_1932-1568x1020.jpg 1568w, https:\/\/blogs.univ-tlse2.fr\/lvhb\/files\/2026\/04\/TARTU_04_1932.jpg 1967w\" sizes=\"auto, (max-width: 1024px) 100vw, 1024px\" \/><figcaption class=\"wp-element-caption\">F\u00eates du Tricentenaire de l&rsquo;Universit\u00e9 de Tartu (le 30 Juin 1932) <\/figcaption><\/figure>\n<\/div>\n<\/div>\n\n\n\n<div style=\"height:100px\" aria-hidden=\"true\" class=\"wp-block-spacer\"><\/div>\n\n\n\n<figure class=\"wp-block-gallery alignfull has-nested-images columns-default is-cropped wp-block-gallery-1 is-layout-flex wp-block-gallery-is-layout-flex\">\n<figure class=\"wp-block-image size-large\"><img loading=\"lazy\" decoding=\"async\" width=\"1024\" height=\"651\" data-id=\"585\" src=\"https:\/\/blogs.univ-tlse2.fr\/lvhb\/files\/2026\/04\/TARTU_07_1932-1024x651.jpg\" alt=\"\" class=\"wp-image-585\" srcset=\"https:\/\/blogs.univ-tlse2.fr\/lvhb\/files\/2026\/04\/TARTU_07_1932-1024x651.jpg 1024w, https:\/\/blogs.univ-tlse2.fr\/lvhb\/files\/2026\/04\/TARTU_07_1932-300x191.jpg 300w, https:\/\/blogs.univ-tlse2.fr\/lvhb\/files\/2026\/04\/TARTU_07_1932-768x488.jpg 768w, https:\/\/blogs.univ-tlse2.fr\/lvhb\/files\/2026\/04\/TARTU_07_1932-1536x976.jpg 1536w, https:\/\/blogs.univ-tlse2.fr\/lvhb\/files\/2026\/04\/TARTU_07_1932-1568x996.jpg 1568w, https:\/\/blogs.univ-tlse2.fr\/lvhb\/files\/2026\/04\/TARTU_07_1932.jpg 1871w\" sizes=\"auto, (max-width: 1024px) 100vw, 1024px\" \/><figcaption class=\"wp-element-caption\">F\u00eates du Tricentenaire de l&rsquo;Universit\u00e9 Tartu. Prince royal de Su\u00e8de et recteur K\u00f6pp (le 30 Juin 1932)<\/figcaption><\/figure>\n\n\n\n<figure class=\"wp-block-image size-large\"><img loading=\"lazy\" decoding=\"async\" width=\"1024\" height=\"644\" data-id=\"586\" src=\"https:\/\/blogs.univ-tlse2.fr\/lvhb\/files\/2026\/04\/TARTU_08_1932-1024x644.jpg\" alt=\"\" class=\"wp-image-586\" srcset=\"https:\/\/blogs.univ-tlse2.fr\/lvhb\/files\/2026\/04\/TARTU_08_1932-1024x644.jpg 1024w, https:\/\/blogs.univ-tlse2.fr\/lvhb\/files\/2026\/04\/TARTU_08_1932-300x189.jpg 300w, https:\/\/blogs.univ-tlse2.fr\/lvhb\/files\/2026\/04\/TARTU_08_1932-768x483.jpg 768w, https:\/\/blogs.univ-tlse2.fr\/lvhb\/files\/2026\/04\/TARTU_08_1932-1536x965.jpg 1536w, https:\/\/blogs.univ-tlse2.fr\/lvhb\/files\/2026\/04\/TARTU_08_1932-1568x986.jpg 1568w, https:\/\/blogs.univ-tlse2.fr\/lvhb\/files\/2026\/04\/TARTU_08_1932.jpg 1933w\" sizes=\"auto, (max-width: 1024px) 100vw, 1024px\" \/><figcaption class=\"wp-element-caption\">La d\u00e9l\u00e9gation fran\u00e7aise aux f\u00eates du Tricentenaire de Tartu (le 30 Juin 1932)<\/figcaption><\/figure>\n\n\n\n<figure class=\"wp-block-image size-large\"><img loading=\"lazy\" decoding=\"async\" width=\"1024\" height=\"643\" data-id=\"587\" src=\"https:\/\/blogs.univ-tlse2.fr\/lvhb\/files\/2026\/04\/TARTU_09-1024x643.jpg\" alt=\"\" class=\"wp-image-587\" srcset=\"https:\/\/blogs.univ-tlse2.fr\/lvhb\/files\/2026\/04\/TARTU_09-1024x643.jpg 1024w, https:\/\/blogs.univ-tlse2.fr\/lvhb\/files\/2026\/04\/TARTU_09-300x189.jpg 300w, https:\/\/blogs.univ-tlse2.fr\/lvhb\/files\/2026\/04\/TARTU_09-768x483.jpg 768w, https:\/\/blogs.univ-tlse2.fr\/lvhb\/files\/2026\/04\/TARTU_09-1536x965.jpg 1536w, https:\/\/blogs.univ-tlse2.fr\/lvhb\/files\/2026\/04\/TARTU_09-1568x985.jpg 1568w, https:\/\/blogs.univ-tlse2.fr\/lvhb\/files\/2026\/04\/TARTU_09.jpg 1908w\" sizes=\"auto, (max-width: 1024px) 100vw, 1024px\" \/><figcaption class=\"wp-element-caption\">La d\u00e9l\u00e9gation fran\u00e7aise d\u00e9pose une couronne \u00e0 la statue du roi Gustave II Adolphe de Su\u00e8de (Tartu, Estonie, le 1<sup>er<\/sup> ao\u00fbt 1932)<\/figcaption><\/figure>\n<\/figure>\n\n\n\n<div style=\"height:145px\" aria-hidden=\"true\" class=\"wp-block-spacer\"><\/div>\n\n\n\n<div class=\"wp-block-columns alignwide are-vertically-aligned-center is-layout-flex wp-container-core-columns-is-layout-9d6595d7 wp-block-columns-is-layout-flex\">\n<div class=\"wp-block-column is-vertically-aligned-center is-layout-flow wp-block-column-is-layout-flow\">\n<p>Comme pour Tallin, le comte Henri B\u00e9gou\u00ebn ram\u00e8ne de ses voyages des croquis de la ville.<\/p>\n<\/div>\n\n\n\n<div class=\"wp-block-column is-vertically-aligned-center is-layout-flow wp-block-column-is-layout-flow\">\n<figure class=\"wp-block-image size-large is-resized\"><img loading=\"lazy\" decoding=\"async\" width=\"1024\" height=\"665\" src=\"https:\/\/blogs.univ-tlse2.fr\/lvhb\/files\/2026\/04\/TARTU_11-1024x665.jpg\" alt=\"\" class=\"wp-image-589\" style=\"aspect-ratio:1.5398572161085473;width:543px;height:auto\" srcset=\"https:\/\/blogs.univ-tlse2.fr\/lvhb\/files\/2026\/04\/TARTU_11-1024x665.jpg 1024w, https:\/\/blogs.univ-tlse2.fr\/lvhb\/files\/2026\/04\/TARTU_11-300x195.jpg 300w, https:\/\/blogs.univ-tlse2.fr\/lvhb\/files\/2026\/04\/TARTU_11-768x498.jpg 768w, https:\/\/blogs.univ-tlse2.fr\/lvhb\/files\/2026\/04\/TARTU_11-1536x997.jpg 1536w, https:\/\/blogs.univ-tlse2.fr\/lvhb\/files\/2026\/04\/TARTU_11-2048x1329.jpg 2048w, https:\/\/blogs.univ-tlse2.fr\/lvhb\/files\/2026\/04\/TARTU_11-1568x1018.jpg 1568w\" sizes=\"auto, (max-width: 1024px) 100vw, 1024px\" \/><figcaption class=\"wp-element-caption\">Croquis du Pont sur l&rsquo;Embach (Tartu, Estonie) <\/figcaption><\/figure>\n<\/div>\n<\/div>\n\n\n\n<div style=\"height:31px\" aria-hidden=\"true\" class=\"wp-block-spacer\"><\/div>\n\n\n\n<figure class=\"wp-block-gallery alignwide has-nested-images columns-default is-cropped wp-block-gallery-2 is-layout-flex wp-block-gallery-is-layout-flex\">\n<figure class=\"wp-block-image size-large\"><img loading=\"lazy\" decoding=\"async\" width=\"1024\" height=\"659\" data-id=\"588\" src=\"https:\/\/blogs.univ-tlse2.fr\/lvhb\/files\/2026\/04\/TARTU_10-1024x659.jpg\" alt=\"\" class=\"wp-image-588\" srcset=\"https:\/\/blogs.univ-tlse2.fr\/lvhb\/files\/2026\/04\/TARTU_10-1024x659.jpg 1024w, https:\/\/blogs.univ-tlse2.fr\/lvhb\/files\/2026\/04\/TARTU_10-300x193.jpg 300w, https:\/\/blogs.univ-tlse2.fr\/lvhb\/files\/2026\/04\/TARTU_10-768x494.jpg 768w, https:\/\/blogs.univ-tlse2.fr\/lvhb\/files\/2026\/04\/TARTU_10-1536x988.jpg 1536w, https:\/\/blogs.univ-tlse2.fr\/lvhb\/files\/2026\/04\/TARTU_10-2048x1317.jpg 2048w, https:\/\/blogs.univ-tlse2.fr\/lvhb\/files\/2026\/04\/TARTU_10-1568x1009.jpg 1568w\" sizes=\"auto, (max-width: 1024px) 100vw, 1024px\" \/><figcaption class=\"wp-element-caption\">Croquis des Halles (Tartu, Estonie)<\/figcaption><\/figure>\n\n\n\n<figure class=\"wp-block-image size-large\"><img loading=\"lazy\" decoding=\"async\" width=\"1024\" height=\"681\" data-id=\"590\" src=\"https:\/\/blogs.univ-tlse2.fr\/lvhb\/files\/2026\/04\/TARTU_12-1024x681.jpg\" alt=\"\" class=\"wp-image-590\" srcset=\"https:\/\/blogs.univ-tlse2.fr\/lvhb\/files\/2026\/04\/TARTU_12-1024x681.jpg 1024w, https:\/\/blogs.univ-tlse2.fr\/lvhb\/files\/2026\/04\/TARTU_12-300x200.jpg 300w, https:\/\/blogs.univ-tlse2.fr\/lvhb\/files\/2026\/04\/TARTU_12-768x511.jpg 768w, https:\/\/blogs.univ-tlse2.fr\/lvhb\/files\/2026\/04\/TARTU_12-1536x1022.jpg 1536w, https:\/\/blogs.univ-tlse2.fr\/lvhb\/files\/2026\/04\/TARTU_12-2048x1363.jpg 2048w, https:\/\/blogs.univ-tlse2.fr\/lvhb\/files\/2026\/04\/TARTU_12-1568x1043.jpg 1568w\" sizes=\"auto, (max-width: 1024px) 100vw, 1024px\" \/><figcaption class=\"wp-element-caption\">Croquis de la Ville (Tartu, Estonie)<\/figcaption><\/figure>\n<\/figure>\n\n\n\n<div style=\"height:100px\" aria-hidden=\"true\" class=\"wp-block-spacer\"><\/div>\n\n\n\n<div data-wp-context=\"{ &quot;autoclose&quot;: true, &quot;accordionItems&quot;: [] }\" data-wp-interactive=\"core\/accordion\" role=\"group\" class=\"wp-block-accordion alignwide is-layout-flow wp-block-accordion-is-layout-flow\">\n<div data-wp-class--is-open=\"state.isOpen\" data-wp-context=\"{ &quot;id&quot;: &quot;accordion-item-3&quot;, &quot;openByDefault&quot;: false }\" data-wp-init=\"callbacks.initAccordionItems\" data-wp-on-window--hashchange=\"callbacks.hashChange\" class=\"wp-block-accordion-item is-layout-flow wp-block-accordion-item-is-layout-flow\">\n<h4 class=\"wp-block-accordion-heading\"><button aria-expanded=\"false\" aria-controls=\"accordion-item-3-panel\" data-wp-bind--aria-expanded=\"state.isOpen\" data-wp-on--click=\"actions.toggle\" data-wp-on--keydown=\"actions.handleKeyDown\" id=\"accordion-item-3\" type=\"button\" class=\"wp-block-accordion-heading__toggle\"><span class=\"wp-block-accordion-heading__toggle-icon\" aria-hidden=\"true\">+<\/span><span class=\"wp-block-accordion-heading__toggle-title\">Sources<\/span><\/button><\/h4>\n\n\n\n<div inert aria-labelledby=\"accordion-item-3\" data-wp-bind--inert=\"!state.isOpen\" id=\"accordion-item-3-panel\" role=\"region\" class=\"wp-block-accordion-panel is-layout-flow wp-block-accordion-panel-is-layout-flow\">\n<ul class=\"wp-block-list\">\n<li>Boursiac Louis-G., <em>Titres, distinctions et travaux scientifiques du Professeur Comte H. BEGOU\u00cbN<\/em>.<\/li>\n<\/ul>\n<\/div>\n<\/div>\n\n\n\n<div data-wp-class--is-open=\"state.isOpen\" data-wp-context=\"{ &quot;id&quot;: &quot;accordion-item-4&quot;, &quot;openByDefault&quot;: false }\" data-wp-init=\"callbacks.initAccordionItems\" data-wp-on-window--hashchange=\"callbacks.hashChange\" class=\"wp-block-accordion-item is-layout-flow wp-block-accordion-item-is-layout-flow\">\n<h4 class=\"wp-block-accordion-heading\"><button aria-expanded=\"false\" aria-controls=\"accordion-item-4-panel\" data-wp-bind--aria-expanded=\"state.isOpen\" data-wp-on--click=\"actions.toggle\" data-wp-on--keydown=\"actions.handleKeyDown\" id=\"accordion-item-4\" type=\"button\" class=\"wp-block-accordion-heading__toggle\"><span class=\"wp-block-accordion-heading__toggle-icon\" aria-hidden=\"true\">+<\/span><span class=\"wp-block-accordion-heading__toggle-title\">Cr\u00e9dits<\/span><\/button><\/h4>\n\n\n\n<div inert aria-labelledby=\"accordion-item-4\" data-wp-bind--inert=\"!state.isOpen\" id=\"accordion-item-4-panel\" role=\"region\" class=\"wp-block-accordion-panel is-layout-flow wp-block-accordion-panel-is-layout-flow\">\n<p>Mentions l\u00e9gales<\/p>\n\n\n\n<p>Contact<\/p>\n<\/div>\n<\/div>\n<\/div>\n","protected":false},"excerpt":{"rendered":"<p>Du mois de mars au mois de mai 1928, le professeur Henri B\u00e9gou\u00ebn anime des conf\u00e9rences sur l&rsquo;art pr\u00e9historique notamment \u00e0 Tartu et \u00e0 Riga. Quelques ann\u00e9es plus tard, il est invit\u00e9 aux c\u00e9l\u00e9brations du Tricentenaire de l&rsquo;universit\u00e9 de Tartu organis\u00e9es le 30 Juin 1932 en tant que d\u00e9l\u00e9gu\u00e9 de l&rsquo;universit\u00e9 de Toulouse. Comme pour&hellip; <a class=\"more-link\" href=\"https:\/\/blogs.univ-tlse2.fr\/lvhb\/tartu\/\">Poursuivre la lecture <span class=\"screen-reader-text\">Tartu<\/span><\/a><\/p>\n","protected":false},"author":1522,"featured_media":0,"parent":0,"menu_order":2,"comment_status":"closed","ping_status":"closed","template":"","meta":{"footnotes":""},"class_list":["post-467","page","type-page","status-publish","hentry","entry"],"_links":{"self":[{"href":"https:\/\/blogs.univ-tlse2.fr\/lvhb\/wp-json\/wp\/v2\/pages\/467","targetHints":{"allow":["GET"]}}],"collection":[{"href":"https:\/\/blogs.univ-tlse2.fr\/lvhb\/wp-json\/wp\/v2\/pages"}],"about":[{"href":"https:\/\/blogs.univ-tlse2.fr\/lvhb\/wp-json\/wp\/v2\/types\/page"}],"author":[{"embeddable":true,"href":"https:\/\/blogs.univ-tlse2.fr\/lvhb\/wp-json\/wp\/v2\/users\/1522"}],"replies":[{"embeddable":true,"href":"https:\/\/blogs.univ-tlse2.fr\/lvhb\/wp-json\/wp\/v2\/comments?post=467"}],"version-history":[{"count":8,"href":"https:\/\/blogs.univ-tlse2.fr\/lvhb\/wp-json\/wp\/v2\/pages\/467\/revisions"}],"predecessor-version":[{"id":803,"href":"https:\/\/blogs.univ-tlse2.fr\/lvhb\/wp-json\/wp\/v2\/pages\/467\/revisions\/803"}],"wp:attachment":[{"href":"https:\/\/blogs.univ-tlse2.fr\/lvhb\/wp-json\/wp\/v2\/media?parent=467"}],"curies":[{"name":"wp","href":"https:\/\/api.w.org\/{rel}","templated":true}]}}