 {"id":47,"date":"2026-04-15T14:26:51","date_gmt":"2026-04-15T12:26:51","guid":{"rendered":"https:\/\/blogs.univ-tlse2.fr\/lvhb\/?page_id=47"},"modified":"2026-04-16T18:56:02","modified_gmt":"2026-04-16T16:56:02","slug":"accueil","status":"publish","type":"page","link":"https:\/\/blogs.univ-tlse2.fr\/lvhb\/","title":{"rendered":"Accueil"},"content":{"rendered":"\n<div style=\"height:39px\" aria-hidden=\"true\" class=\"wp-block-spacer\"><\/div>\n\n\n\n<div style=\"height:72px\" aria-hidden=\"true\" class=\"wp-block-spacer\"><\/div>\n\n\n\n<div class=\"wp-block-cover alignfull is-light has-parallax\" style=\"min-height:746px;aspect-ratio:unset;\"><div class=\"wp-block-cover__image-background wp-image-139 size-large has-parallax\" style=\"background-position:50% 50%;background-image:url(https:\/\/blogs.univ-tlse2.fr\/lvhb\/files\/2025\/10\/ZAGREB_09-2-1024x686.jpg)\"><\/div><span aria-hidden=\"true\" class=\"wp-block-cover__background has-background-dim\" style=\"background-color:#818181\"><\/span><div class=\"wp-block-cover__inner-container is-layout-constrained wp-block-cover-is-layout-constrained\">\n<div class=\"wp-block-buttons alignwide is-content-justification-center is-layout-flex wp-container-core-buttons-is-layout-16018d1d wp-block-buttons-is-layout-flex\">\n<div class=\"wp-block-button\"><a class=\"wp-block-button__link wp-element-button\" href=\"https:\/\/blogs.univ-tlse2.fr\/lvhb\/\">Accueil<\/a><\/div>\n\n\n\n<div class=\"wp-block-button\"><a class=\"wp-block-button__link wp-element-button\" href=\"https:\/\/blogs.univ-tlse2.fr\/lvhb\/voyages-autour-des-pays-baltes\/\">Voyages autour des pays Baltes<\/a><\/div>\n\n\n\n<div class=\"wp-block-button\"><a class=\"wp-block-button__link wp-element-button\" href=\"https:\/\/blogs.univ-tlse2.fr\/lvhb\/sejours-dans-la-region-des-balkans\/\">S\u00e9jours dans la r\u00e9gion des Balkans<\/a><\/div>\n\n\n\n<div class=\"wp-block-button\"><a class=\"wp-block-button__link wp-element-button\" href=\"https:\/\/blogs.univ-tlse2.fr\/lvhb\/mitteleuropa-periples-en-tchecoslovaquie\/\">Mitteleuropa: P\u00e9riples en Tch\u00e9coslovaquie<\/a><\/div>\n<\/div>\n\n\n\n<p class=\"has-text-align-center has-large-font-size\"><\/p>\n<\/div><\/div>\n\n\n\n<div style=\"height:43px\" aria-hidden=\"true\" class=\"wp-block-spacer\"><\/div>\n\n\n\n<div class=\"wp-block-group alignwide\"><div class=\"wp-block-group__inner-container is-layout-constrained wp-block-group-is-layout-constrained\">\n<div class=\"wp-block-media-text alignwide is-stacked-on-mobile is-style-default\" style=\"grid-template-columns:46% auto\"><figure class=\"wp-block-media-text__media\"><img loading=\"lazy\" decoding=\"async\" width=\"590\" height=\"938\" src=\"https:\/\/blogs.univ-tlse2.fr\/lvhb\/files\/2026\/02\/Capture-decran-2026-02-16-143706-1.png\" alt=\"\" class=\"wp-image-321 size-full\" srcset=\"https:\/\/blogs.univ-tlse2.fr\/lvhb\/files\/2026\/02\/Capture-decran-2026-02-16-143706-1.png 590w, https:\/\/blogs.univ-tlse2.fr\/lvhb\/files\/2026\/02\/Capture-decran-2026-02-16-143706-1-189x300.png 189w\" sizes=\"auto, (max-width: 590px) 100vw, 590px\" \/><\/figure><div class=\"wp-block-media-text__content\">\n<h3 class=\"wp-block-heading alignwide\"><strong>Henri B\u00e9gou\u00ebn, arch\u00e9ologue et journaliste en Europe de l&rsquo;Est<\/strong><\/h3>\n\n\n\n<div class=\"wp-block-group is-nowrap is-layout-flex wp-container-core-group-is-layout-ad2f72ca wp-block-group-is-layout-flex\">\n<p>Le comte Henri Napol\u00e9on B\u00e9gou\u00ebn est n\u00e9 le 20 novembre 1863 \u00e0 Ch\u00e2teauroux, mais il passe son enfance \u00e0 Toulouse, o\u00f9 sa famille emm\u00e9nage d\u00e8s 1868. Plus tard, il part \u00e9tudier \u00e0 Paris au Coll\u00e8ge Stanislas, \u00e0 l&rsquo;Ecole libre des Sciences politiques ainsi qu&rsquo;\u00e0 la Facult\u00e9 de droit. Dans la capitale, il se m\u00eale aux milieux intellectuels, qui l&rsquo;am\u00e8nent \u00e0 rencontrer Hippolyte Taine. Cette rencontre permet au comte B\u00e9gou\u00ebn d&rsquo;entrer en tant que journaliste au <em>Journal des d\u00e9bats politiques et litt\u00e9raires<\/em>, dirig\u00e9 par Georges Patinot.&nbsp;<\/p>\n<\/div>\n\n\n\n<div class=\"wp-block-group is-nowrap is-layout-flex wp-container-core-group-is-layout-ad2f72ca wp-block-group-is-layout-flex\">\n<p>C&rsquo;est ainsi qu&rsquo;Henri B\u00e9gou\u00ebn commence sa carri\u00e8re de journaliste \u00e0 l&rsquo;\u00e9tranger, avec une premi\u00e8re mission dans l&rsquo;Empire allemand en 1887, ayant pour but de rendre compte de la situation politique au moment des \u00e9lections pour le Reichstag. C&rsquo;est au cours de cette m\u00eame ann\u00e9e qu&rsquo;il est envoy\u00e9 en Europe de l&rsquo;Est, pour sillonner l&rsquo;Autriche &#8211; Hongrie.&nbsp;&nbsp;<\/p>\n<\/div>\n\n\n\n<div class=\"wp-block-group is-nowrap is-layout-flex wp-container-core-group-is-layout-ad2f72ca wp-block-group-is-layout-flex\">\n<p>Les articles issus des voyages du comte B\u00e9gou\u00ebn sont publi\u00e9s dans divers journaux, tels que le <em>Journal des D\u00e9bats<\/em>, mais aussi <em>Le T\u00e9l\u00e9gramme<\/em> dont il devient r\u00e9dacteur en chef.&nbsp;<\/p>\n<\/div>\n\n\n\n<div class=\"wp-block-group is-nowrap is-layout-flex wp-container-core-group-is-layout-ad2f72ca wp-block-group-is-layout-flex\">\n<p>Cependant, Henri B\u00e9gou\u00ebn a \u00e9galement d\u00e9velopp\u00e9 une carri\u00e8re de pr\u00e9historien, influenc\u00e9 par Emile Cartailhac, l&rsquo;ami de son p\u00e8re, qui sera son ma\u00eetre en la mati\u00e8re. Cette passion lui permet de faire de c\u00e9l\u00e8bres d\u00e9couvertes telles que les bisons d&rsquo;argile dans la caverne du Tuc d&rsquo;Audoubert, ou de la grotte des Trois fr\u00e8res avec ses fils. Son activit\u00e9 de journaliste \u00e0 l&rsquo;\u00e9tranger se trouve alors m\u00eal\u00e9e \u00e0 son travail de pr\u00e9historien, puisque ses voyages lui permettent de diffuser ses d\u00e9couvertes.&nbsp;<\/p>\n<\/div>\n\n\n\n<p>Apr\u00e8s une vie riche en voyages, il retourne s&rsquo;installer dans sa propri\u00e9t\u00e9 de Montesquieu-Avant\u00e8s, o\u00f9 il meurt le 4 novembre 1956 \u00e0 l&rsquo;\u00e2ge de 93 ans.<\/p>\n<\/div><\/div>\n<\/div><\/div>\n\n\n\n<div style=\"height:72px\" aria-hidden=\"true\" class=\"wp-block-spacer\"><\/div>\n\n\n\n<div data-wp-context=\"{ &quot;autoclose&quot;: true, &quot;accordionItems&quot;: [] }\" data-wp-interactive=\"core\/accordion\" role=\"group\" class=\"wp-block-accordion alignwide is-layout-flow wp-block-accordion-is-layout-flow\">\n<div data-wp-class--is-open=\"state.isOpen\" data-wp-context=\"{ &quot;id&quot;: &quot;accordion-item-1&quot;, &quot;openByDefault&quot;: false }\" data-wp-init=\"callbacks.initAccordionItems\" data-wp-on-window--hashchange=\"callbacks.hashChange\" class=\"wp-block-accordion-item is-layout-flow wp-block-accordion-item-is-layout-flow\">\n<h4 class=\"wp-block-accordion-heading\"><button aria-expanded=\"false\" aria-controls=\"accordion-item-1-panel\" data-wp-bind--aria-expanded=\"state.isOpen\" data-wp-on--click=\"actions.toggle\" data-wp-on--keydown=\"actions.handleKeyDown\" id=\"accordion-item-1\" type=\"button\" class=\"wp-block-accordion-heading__toggle\"><span class=\"wp-block-accordion-heading__toggle-icon\" aria-hidden=\"true\">+<\/span><span class=\"wp-block-accordion-heading__toggle-title\">Sources<\/span><\/button><\/h4>\n\n\n\n<div inert aria-labelledby=\"accordion-item-1\" data-wp-bind--inert=\"!state.isOpen\" id=\"accordion-item-1-panel\" role=\"region\" class=\"wp-block-accordion-panel is-layout-flow wp-block-accordion-panel-is-layout-flow\" style=\"line-height:2\">\n<ul class=\"wp-block-list\">\n<li>Breuil Henri, (1957) \u00ab\u00a0Henri B\u00e9gou\u00ebn (1863-1956)\u00a0\u00bb, <em>Bulletin de la Soci\u00e9t\u00e9 pr\u00e9historique de France<\/em>, tome 54, n\u00b0 1-2, p. 78-81.<\/li>\n<\/ul>\n\n\n\n<ul class=\"wp-block-list\">\n<li>Saint-P\u00e9rier Ren\u00e9 de (1956)&nbsp; \u00ab\u00a0Le Comte B\u00e9gou\u00ebn\u00a0\u00bb, <em>Bulletin de la Soci\u00e9t\u00e9 pr\u00e9historique de France<\/em>, 1956, tome 53, n\u00b0 11-12, p. 759-765.<\/li>\n<\/ul>\n\n\n\n<ul class=\"wp-block-list\">\n<li>\u00ab\u00a0N\u00e9crologie Le Comte Henri B\u00e9gou\u00ebn\u00a0\u00bb, (1957),&nbsp; <em>Bulletin de la Soci\u00e9t\u00e9 de g\u00e9ographie de Toulouse<\/em> , BNF, <a href=\"https:\/\/gallica.bnf.fr\/ark:\/12148\/bpt6k6545965h\/f7.image\">https:\/\/gallica.bnf.fr\/ark:\/12148\/bpt6k6545965h\/f7.image<\/a><\/li>\n<\/ul>\n\n\n\n<p><\/p>\n<\/div>\n<\/div>\n<\/div>\n\n\n\n<div style=\"height:225px\" aria-hidden=\"true\" class=\"wp-block-spacer\"><\/div>\n\n\n\n<div class=\"wp-block-columns alignwide is-layout-flex wp-container-core-columns-is-layout-9d6595d7 wp-block-columns-is-layout-flex\">\n<div class=\"wp-block-column is-layout-flow wp-block-column-is-layout-flow\"><div class=\"wp-block-post-date__modified-date wp-block-post-date\"><time datetime=\"2026-04-16T18:56:02+02:00\">il y a 2 semaines<\/time><\/div><\/div>\n\n\n\n<div class=\"wp-block-column is-layout-flow wp-block-column-is-layout-flow\"><form role=\"search\" method=\"get\" action=\"https:\/\/blogs.univ-tlse2.fr\/lvhb\/\" class=\"wp-block-search__button-outside wp-block-search__text-button wp-block-search\"    ><label class=\"wp-block-search__label screen-reader-text\" for=\"wp-block-search__input-2\" >Rechercher<\/label><div class=\"wp-block-search__inside-wrapper\"  style=\"width: 600px\"><input class=\"wp-block-search__input\" id=\"wp-block-search__input-2\" placeholder=\"\" value=\"\" type=\"search\" name=\"s\" required \/><button aria-label=\"Rechercher\" class=\"wp-block-search__button wp-element-button\" type=\"submit\" >Rechercher<\/button><\/div><\/form><\/div>\n<\/div>\n","protected":false},"excerpt":{"rendered":"<p>Henri B\u00e9gou\u00ebn, arch\u00e9ologue et journaliste en Europe de l&rsquo;Est Le comte Henri Napol\u00e9on B\u00e9gou\u00ebn est n\u00e9 le 20 novembre 1863 \u00e0 Ch\u00e2teauroux, mais il passe son enfance \u00e0 Toulouse, o\u00f9 sa famille emm\u00e9nage d\u00e8s 1868. Plus tard, il part \u00e9tudier \u00e0 Paris au Coll\u00e8ge Stanislas, \u00e0 l&rsquo;Ecole libre des Sciences politiques ainsi qu&rsquo;\u00e0 la Facult\u00e9&hellip; <a class=\"more-link\" href=\"https:\/\/blogs.univ-tlse2.fr\/lvhb\/\">Poursuivre la lecture <span class=\"screen-reader-text\">Accueil<\/span><\/a><\/p>\n","protected":false},"author":1522,"featured_media":0,"parent":0,"menu_order":0,"comment_status":"closed","ping_status":"closed","template":"","meta":{"footnotes":""},"class_list":["post-47","page","type-page","status-publish","hentry","entry"],"_links":{"self":[{"href":"https:\/\/blogs.univ-tlse2.fr\/lvhb\/wp-json\/wp\/v2\/pages\/47","targetHints":{"allow":["GET"]}}],"collection":[{"href":"https:\/\/blogs.univ-tlse2.fr\/lvhb\/wp-json\/wp\/v2\/pages"}],"about":[{"href":"https:\/\/blogs.univ-tlse2.fr\/lvhb\/wp-json\/wp\/v2\/types\/page"}],"author":[{"embeddable":true,"href":"https:\/\/blogs.univ-tlse2.fr\/lvhb\/wp-json\/wp\/v2\/users\/1522"}],"replies":[{"embeddable":true,"href":"https:\/\/blogs.univ-tlse2.fr\/lvhb\/wp-json\/wp\/v2\/comments?post=47"}],"version-history":[{"count":59,"href":"https:\/\/blogs.univ-tlse2.fr\/lvhb\/wp-json\/wp\/v2\/pages\/47\/revisions"}],"predecessor-version":[{"id":809,"href":"https:\/\/blogs.univ-tlse2.fr\/lvhb\/wp-json\/wp\/v2\/pages\/47\/revisions\/809"}],"wp:attachment":[{"href":"https:\/\/blogs.univ-tlse2.fr\/lvhb\/wp-json\/wp\/v2\/media?parent=47"}],"curies":[{"name":"wp","href":"https:\/\/api.w.org\/{rel}","templated":true}]}}