 {"id":479,"date":"2017-06-23T22:03:41","date_gmt":"2017-06-23T20:03:41","guid":{"rendered":"https:\/\/blogs.univ-tlse2.fr\/master-ethiquedusoin\/?page_id=479"},"modified":"2025-09-15T15:49:09","modified_gmt":"2025-09-15T13:49:09","slug":"methodologie-appliquee-medecine-et-biologie-ph40704v","status":"publish","type":"page","link":"https:\/\/blogs.univ-tlse2.fr\/master-ethiquedusoin\/methodologie-appliquee-medecine-et-biologie-ph40704v\/","title":{"rendered":"Initiation \u00e0 la recherche (UT2) UE705"},"content":{"rendered":"<p style=\"text-align: justify\">Cours pr\u00e9sentiel : PIARULLI \/WOLFE<\/p>\n<p>Cours SED : BASTIANI<\/p>\n<p>Volume horaire du cours pr\u00e9sentiel : 24h<\/p>\n<p>=&gt; Au pr\u00e9sentiel, Ce cours sera compos\u00e9 de deux parties. L&rsquo;une consacr\u00e9e \u00e0 l&rsquo;approche des textes orient\u00e9s sur la r\u00e9flexion sur la m\u00e9decine, l&rsquo;autre orient\u00e9e sur la philosophie de la biologie.\u00a0L&rsquo;ensemble du cours consistera dans des \u00e9tudes d&rsquo;articles et textes scientifiques. Pour chaque cours, un-e ou plusieurs \u00e9tudiant-e-s prendront en charge la pr\u00e9sentation d\u00e9taill\u00e9e de chaque texte propos\u00e9 par l&rsquo;enseignant, apr\u00e8s quoi l&rsquo;enseignant guidera un travail collectif de r\u00e9flexion sur le texte et les probl\u00e9matiques qu&rsquo;il aborde (bibliographie d\u00e9taill\u00e9e transmise durant le cours).<\/p>\n<p><a href=\"https:\/\/blogs.univ-tlse2.fr\/master-ethiquedusoin\/files\/2023\/07\/CW-PH40705T-epistemo-de-la-biologie.pdf\">Voir les d\u00e9tails sur la partie Epist\u00e9mologie de la biologie<\/a><\/p>\n<p style=\"text-align: justify\">=&gt; Au SED, le cours portera sur la notion de strat\u00e9gie de survie existentielle.<\/p>\n<p><strong>Modalit\u00e9 d&rsquo;\u00e9valuation des connaissances<\/strong><\/p>\n<p style=\"text-align: justify\"><strong><span style=\"text-decoration: underline\">En pr\u00e9sentiel<\/span><\/strong>, l&rsquo;\u00e9valuation consiste en deux oraux durant les cours (un pour chaque partie du cours) soit individuels soit en groupe. L&rsquo;assiduit\u00e9 et la participation en cours sera prise en compte pour l&rsquo;\u00e9valuation.<\/p>\n<p style=\"text-align: justify\">S&rsquo;ajoute \u00e0 ces deux oraux, l&rsquo;enregistrement d&rsquo;une vid\u00e9o de 5 minutes maximum qui pr\u00e9sente un ouvrage directement li\u00e9 au cours (l&rsquo;ouvrage peut avoir d\u00e9j\u00e0 \u00e9t\u00e9 \u00e9tudi\u00e9 pour l&rsquo;un des deux oraux).<\/p>\n<ul>\n<li>Ce travail peut \u00eatre r\u00e9alis\u00e9 seul ou \u00e0 deux (maximum).<\/li>\n<li style=\"text-align: justify\">Le d\u00e9p\u00f4t doit \u00eatre fait au plus tard \u00e0 17h le vendredi de la troisi\u00e8me semaine du mois de janvier.<\/li>\n<li style=\"text-align: justify\">La Maison de l&rsquo;Image et du Num\u00e9rique (MIN) pourra apporter son aide technique (anticiper les rendez-vous avec les techniciens et la r\u00e9servation des installations).<\/li>\n<li style=\"text-align: justify\">Les vid\u00e9os seront mises \u00e0 la disposition des \u00e9tudiants et alumni du master \u00e9thique.<\/li>\n<\/ul>\n<p style=\"text-align: justify\"><strong><span style=\"text-decoration: underline\">Au SED<\/span><\/strong>, chaque \u00e9tudiant.e devra r\u00e9diger un dossier qui sera pr\u00e9sent\u00e9 \u00e0 l\u2019oral au mois de janvier. Le dossier est une analyse d\u2019un cas de strat\u00e9gie de survie existentielle originale (non trait\u00e9 dans le cours) de maximum 5 pages hors bibliographie. Merci de noter que :<\/p>\n<ul>\n<li style=\"text-align: justify\">Le dossier doit \u00eatre r\u00e9dig\u00e9 en Times 12, interligne 1,5, justifi\u00e9. Une norme de citation bibliographique (APA, CHICAGO, ISO-690\u2026) doit \u00eatre choisie et respect\u00e9e dans l\u2019int\u00e9gralit\u00e9 du dossier.<\/li>\n<li style=\"text-align: justify\">L&rsquo;oral se d\u00e9roulera sur Zoom.<\/li>\n<li style=\"text-align: justify\">La date d&rsquo;oral sera fix\u00e9e en concertation avec les d\u00e9l\u00e9gu\u00e9s de promotion.<\/li>\n<li class=\"first-child\" style=\"text-align: justify\">Le d\u00e9p\u00f4t du dossier au format \u00e9lectronique se fait le jour m\u00eame de l\u2019oral (pas avant) <strong>sur le google drive du dipl\u00f4me (acc\u00e8s par la partie membres du Blog) et par email \u00e0 l\u2019enseignant\u00a0au format PDF uniquement.<\/strong><\/li>\n<li style=\"text-align: justify\">L\u2019oral dure 15 minutes au total (pr\u00e9sentation + discussion).<\/li>\n<\/ul>\n","protected":false},"excerpt":{"rendered":"<p>Cours pr\u00e9sentiel : PIARULLI \/WOLFE Cours SED : BASTIANI Volume horaire du cours pr\u00e9sentiel : 24h =&gt; Au pr\u00e9sentiel, Ce cours sera compos\u00e9 de deux parties. L&rsquo;une consacr\u00e9e \u00e0 l&rsquo;approche des textes orient\u00e9s sur la r\u00e9flexion sur la m\u00e9decine, l&rsquo;autre orient\u00e9e sur la philosophie de la biologie.\u00a0L&rsquo;ensemble du cours consistera dans des \u00e9tudes d&rsquo;articles et &hellip; <\/p>\n<p class=\"link-more\"><a href=\"https:\/\/blogs.univ-tlse2.fr\/master-ethiquedusoin\/methodologie-appliquee-medecine-et-biologie-ph40704v\/\" class=\"more-link\">Continuer la lecture<span class=\"screen-reader-text\"> de &laquo;&nbsp;Initiation \u00e0 la recherche (UT2) UE705&nbsp;&raquo;<\/span><\/a><\/p>\n","protected":false},"author":405,"featured_media":0,"parent":0,"menu_order":0,"comment_status":"closed","ping_status":"closed","template":"","meta":{"footnotes":"","_links_to":"","_links_to_target":""},"class_list":["post-479","page","type-page","status-publish","hentry"],"_links":{"self":[{"href":"https:\/\/blogs.univ-tlse2.fr\/master-ethiquedusoin\/wp-json\/wp\/v2\/pages\/479","targetHints":{"allow":["GET"]}}],"collection":[{"href":"https:\/\/blogs.univ-tlse2.fr\/master-ethiquedusoin\/wp-json\/wp\/v2\/pages"}],"about":[{"href":"https:\/\/blogs.univ-tlse2.fr\/master-ethiquedusoin\/wp-json\/wp\/v2\/types\/page"}],"author":[{"embeddable":true,"href":"https:\/\/blogs.univ-tlse2.fr\/master-ethiquedusoin\/wp-json\/wp\/v2\/users\/405"}],"replies":[{"embeddable":true,"href":"https:\/\/blogs.univ-tlse2.fr\/master-ethiquedusoin\/wp-json\/wp\/v2\/comments?post=479"}],"version-history":[{"count":19,"href":"https:\/\/blogs.univ-tlse2.fr\/master-ethiquedusoin\/wp-json\/wp\/v2\/pages\/479\/revisions"}],"predecessor-version":[{"id":2576,"href":"https:\/\/blogs.univ-tlse2.fr\/master-ethiquedusoin\/wp-json\/wp\/v2\/pages\/479\/revisions\/2576"}],"wp:attachment":[{"href":"https:\/\/blogs.univ-tlse2.fr\/master-ethiquedusoin\/wp-json\/wp\/v2\/media?parent=479"}],"curies":[{"name":"wp","href":"https:\/\/api.w.org\/{rel}","templated":true}]}}