 {"id":543,"date":"2017-06-24T14:44:39","date_gmt":"2017-06-24T12:44:39","guid":{"rendered":"https:\/\/blogs.univ-tlse2.fr\/master-ethiquedusoin\/?page_id=543"},"modified":"2024-08-26T10:12:14","modified_gmt":"2024-08-26T08:12:14","slug":"droit-de-la-sante-ph40902v","status":"publish","type":"page","link":"https:\/\/blogs.univ-tlse2.fr\/master-ethiquedusoin\/droit-de-la-sante-ph40902v\/","title":{"rendered":"Droit de la sant\u00e9 UE902"},"content":{"rendered":"<p>THERON<\/p>\n<p>Volume horaire de cours pr\u00e9sentiel : 30h<\/p>\n<p>Ce cours est mutualis\u00e9 avec le M1 Master de Droit mention Droit public.<\/p>\n<p style=\"text-align: justify\"><strong>* Objectif du cours\u00a0:<\/strong><\/p>\n<p style=\"text-align: justify\">Pr\u00e9senter les grands axes des politiques publiques de sant\u00e9 et les cadres g\u00e9n\u00e9raux du droit de la sant\u00e9, et singuli\u00e8rement livrer une premi\u00e8re approche du syst\u00e8me hospitalier comme des droits des patients et des usagers.<\/p>\n<p style=\"text-align: justify\"><strong>* Pr\u00e9-requis\u00a0:<\/strong><\/p>\n<p style=\"text-align: justify\">Connaissances en droit public g\u00e9n\u00e9ral, qu\u2019elles visent le syst\u00e8me normatif, les personnes publiques, les actes ou les missions (police, service public) ou la responsabilit\u00e9.<\/p>\n<p style=\"text-align: justify\"><strong>* Plan sommaire du cours\u00a0:<\/strong><\/p>\n<p style=\"text-align: justify\">Introduction<\/p>\n<p style=\"text-align: justify\"><strong>Partie 1. Structuration de la sant\u00e9 publique<\/strong><\/p>\n<p style=\"text-align: justify\">Ch.1- Pluralit\u00e9 des autorit\u00e9s et institutions de sant\u00e9<\/p>\n<p style=\"text-align: justify\">Section 1-Organisations internationales et europ\u00e9ennes<\/p>\n<p style=\"text-align: justify\">Section 2. L\u2019administration fran\u00e7aise de la sant\u00e9 publique<\/p>\n<p style=\"text-align: justify\">Ch.2- Diversit\u00e9 des politiques de sant\u00e9<\/p>\n<p style=\"text-align: justify\">Section 1- La protection de la sant\u00e9<\/p>\n<p style=\"text-align: justify\">Protection g\u00e9n\u00e9rale de la sant\u00e9\u00a0;<\/p>\n<p style=\"text-align: justify\">Actions sp\u00e9cifiques\u00a0: sant\u00e9 sexuelle et reproductive, de la famille, de la m\u00e8re et de l\u2019enfant.<\/p>\n<p style=\"text-align: justify\">Section 2- La lutte contre les maladies et les d\u00e9pendances<\/p>\n<p style=\"text-align: justify\">Lutte contre les maladies transmissibles et les affections mentales<\/p>\n<p style=\"text-align: justify\">Lutte contre les d\u00e9pendances et comportements probl\u00e9matiques<\/p>\n<p style=\"text-align: justify\"><strong>Partie II. Les activit\u00e9s de soins en \u00e9tablissement hospitalier<\/strong><\/p>\n<p style=\"text-align: justify\">Ch.1- Le cadre institutionnel de la prise en charge \u00a0du patient<\/p>\n<p style=\"text-align: justify\">Section 1- Le syst\u00e8me hospitalier<\/p>\n<p style=\"text-align: justify\">Section 2- La gestion des \u00e9tablissements de sant\u00e9<\/p>\n<p style=\"text-align: justify\">Ch.2- Les modalit\u00e9s de la prise en charge du patient<\/p>\n<p style=\"text-align: justify\">Section 1- Le r\u00e9gime juridique des soins<\/p>\n<p style=\"text-align: justify\">Section 2- Les droits du patient<\/p>\n<p style=\"text-align: justify\"><strong>* Br\u00e8ve bibliographie :<\/strong><\/p>\n<ul>\n<li style=\"text-align: justify\">Didier Truchet, <em>Le droit de la sant\u00e9 publique<\/em>, Dalloz-Sirey M\u00e9mento<\/li>\n<li style=\"text-align: justify\">Marie-Laure Moquet-Anger, <em>Droit hospitalier<\/em>, LGDJ Montchrestien<\/li>\n<li style=\"text-align: justify\">Marc Dupont, Claudine Esper et Christian Paire, <em>Droit hospitalier,<\/em> Cours Dalloz<\/li>\n<li style=\"text-align: justify\">Anne Laude, Bertrand Mathieu et Didier Tabuteau, <em>Droit de la sant\u00e9<\/em>, PUF Th\u00e9mis<\/li>\n<\/ul>\n<p><strong>Modalit\u00e9s d&rsquo;\u00e9valuation :\u00a0<\/strong><\/p>\n<p>Oral terminal sur un sujet de cours (30 minutes au total).<\/p>\n","protected":false},"excerpt":{"rendered":"<p>THERON Volume horaire de cours pr\u00e9sentiel : 30h Ce cours est mutualis\u00e9 avec le M1 Master de Droit mention Droit public. * Objectif du cours\u00a0: Pr\u00e9senter les grands axes des politiques publiques de sant\u00e9 et les cadres g\u00e9n\u00e9raux du droit de la sant\u00e9, et singuli\u00e8rement livrer une premi\u00e8re approche du syst\u00e8me hospitalier comme des droits &hellip; <\/p>\n<p class=\"link-more\"><a href=\"https:\/\/blogs.univ-tlse2.fr\/master-ethiquedusoin\/droit-de-la-sante-ph40902v\/\" class=\"more-link\">Continuer la lecture<span class=\"screen-reader-text\"> de &laquo;&nbsp;Droit de la sant\u00e9 UE902&nbsp;&raquo;<\/span><\/a><\/p>\n","protected":false},"author":405,"featured_media":0,"parent":0,"menu_order":0,"comment_status":"closed","ping_status":"closed","template":"","meta":{"footnotes":"","_links_to":"","_links_to_target":""},"class_list":["post-543","page","type-page","status-publish","hentry"],"_links":{"self":[{"href":"https:\/\/blogs.univ-tlse2.fr\/master-ethiquedusoin\/wp-json\/wp\/v2\/pages\/543","targetHints":{"allow":["GET"]}}],"collection":[{"href":"https:\/\/blogs.univ-tlse2.fr\/master-ethiquedusoin\/wp-json\/wp\/v2\/pages"}],"about":[{"href":"https:\/\/blogs.univ-tlse2.fr\/master-ethiquedusoin\/wp-json\/wp\/v2\/types\/page"}],"author":[{"embeddable":true,"href":"https:\/\/blogs.univ-tlse2.fr\/master-ethiquedusoin\/wp-json\/wp\/v2\/users\/405"}],"replies":[{"embeddable":true,"href":"https:\/\/blogs.univ-tlse2.fr\/master-ethiquedusoin\/wp-json\/wp\/v2\/comments?post=543"}],"version-history":[{"count":8,"href":"https:\/\/blogs.univ-tlse2.fr\/master-ethiquedusoin\/wp-json\/wp\/v2\/pages\/543\/revisions"}],"predecessor-version":[{"id":2445,"href":"https:\/\/blogs.univ-tlse2.fr\/master-ethiquedusoin\/wp-json\/wp\/v2\/pages\/543\/revisions\/2445"}],"wp:attachment":[{"href":"https:\/\/blogs.univ-tlse2.fr\/master-ethiquedusoin\/wp-json\/wp\/v2\/media?parent=543"}],"curies":[{"name":"wp","href":"https:\/\/api.w.org\/{rel}","templated":true}]}}