 {"id":557,"date":"2017-06-24T14:50:54","date_gmt":"2017-06-24T12:50:54","guid":{"rendered":"https:\/\/blogs.univ-tlse2.fr\/master-ethiquedusoin\/?page_id=557"},"modified":"2024-08-25T18:45:06","modified_gmt":"2024-08-25T16:45:06","slug":"philosophie-de-la-sante-ph40905v","status":"publish","type":"page","link":"https:\/\/blogs.univ-tlse2.fr\/master-ethiquedusoin\/philosophie-de-la-sante-ph40905v\/","title":{"rendered":"Histoire de la notion d&rsquo;\u00e9thique 2 (UT2) UE904"},"content":{"rendered":"<p style=\"text-align: justify\">Cours pr\u00e9sentiel : KUNSTLER\/BASTIANI<\/p>\n<p>Cours SED : BASTIANI<\/p>\n<p>Volume de cours pr\u00e9sentiel : 24h<\/p>\n<p><strong>Descriptif<\/strong><\/p>\n<p style=\"text-align: justify\">Ce cours (pr\u00e9sentiel et SED) vise \u00e0 aborder chronologiquement la place et les particularit\u00e9s de la notion d\u2019\u00e9thique dans la tradition philosophique. Dans ce deuxi\u00e8me volet sera abord\u00e9e \u00a0la p\u00e9riode contemporaine.<\/p>\n<p style=\"text-align: justify\">Une premi\u00e8re partie du cours abordera la philosophie analytique et une deuxi\u00e8me partie sera consacr\u00e9e \u00e0 la philosophie continentale.<\/p>\n<div>\n<ol>\n<li><strong>Cours de Rapha\u00ebl Kunstler :<\/strong><\/li>\n<\/ol>\n<div><span style=\"font-family: HelveticaNeue\">L\u2019objectif de ce cours sera d\u2019examiner les diff\u00e9rents approches de l\u2019\u00e9thique distingu\u00e9es par la th\u00e9orie morale analytique : expressivisme, approche d\u00e9ontologique, utilitariste, th\u00e9orie de la vertu, simulationnisme. Cet examen s\u2019appuiera sur une exp\u00e9rience de pens\u00e9e (la question de savoir s\u2019il peut-\u00eatre l\u00e9gitime de torturer un terroriste qui saurait o\u00f9 se trouve une bombe qui va exploser dans une heure) et une exp\u00e9rimentation en psychologie sociale (les exp\u00e9riences de Stanley Milgram).<\/span><\/div>\n<\/div>\n<div><\/div>\n<div>Bibliographie :<\/div>\n<div>\n<div><span style=\"font-family: HelveticaNeue\">\u00a0<\/span><\/div>\n<ul>\n<li><span style=\"font-family: HelveticaNeue\">Desmond, Oph\u00e9lie, Lemaire, St\u00e9phane &amp; Turmel, Patrick (2019)\u00a0<i>Manuel de m\u00e9ta\u00e9thique<\/i>, Hermann.<\/span><\/li>\n<li><span style=\"font-family: HelveticaNeue\">Goffi, Jean-Yves (2022), \u00abVertu (GP)\u00bb,\u00a0<a href=\"https:\/\/encyclo-philo.fr\/item\/1713\">https:\/\/encyclo-philo.fr\/item\/1713<\/a><\/span><span style=\"font-family: HelveticaNeue\"><br \/>\n<\/span><\/li>\n<li><span style=\"font-family: HelveticaNeue\">Jacquet, Fran\u00e7ois (2016) \u00ab\u00a0L\u2019utilitarisme\u00a0\u00bb,\u00a0<i>Encyclop\u00e9die philosophique<\/i><\/span><\/li>\n<li><span style=\"font-family: HelveticaNeue\">K\u00fcnstler, Rapha\u00ebl (2016) \u00ab\u00a0Le pouvoir d\u00e9t\u00e9riorant de la fiction\u00a0\u00bb, <i>Nouvelle revue d\u2019esth\u00e9tique<\/i><\/span><\/li>\n<li><span style=\"font-family: HelveticaNeue\">L\u00e9pine, Samuel (2017) \u00ab Le sentimentalisme\u00a0\u00bb, <i>Encyclop\u00e9die Philosophique<\/i>,\u00a0https:\/\/encyclo-philo.fr\/item\/135<\/span><\/li>\n<li><span style=\"font-family: HelveticaNeue\">Milgram, Stanley (1973\/2017) <i>La soumission \u00e0 l\u2019autorit\u00e9<\/i>, Pluriel.\u00a0<\/span><\/li>\n<li><span style=\"font-family: HelveticaNeue\">Rochelaud-Houle (2017) \u00ab\u00a0Le r\u00e9alisme moral\u00a0\u00bb\u00a0<i>Encyclop\u00e9die philosophique,\u00a0<\/i>https:\/\/encyclo-philo.fr\/item\/97<\/span><\/li>\n<\/ul>\n<p><strong>2. Cours de Flora Bastiani :<\/strong><\/p>\n<p>Bibliographie :<\/p>\n<ul>\n<li style=\"text-align: justify\">Paul Ricoeur,<em> Soi-M\u00eame comme un autre<\/em><\/li>\n<li>Vladimir Jak\u00e9l\u00e9vitch,<em> Penser la mort ?\u00a0<\/em><\/li>\n<li>Emmanuel Levinas,<em> Autrement qu&rsquo;\u00eatre ou au-del\u00e0 de l&rsquo;essence<\/em><\/li>\n<\/ul>\n<p><em>Pour approfondir :<\/em><\/p>\n<ul>\n<li>Jean-Marie Vaysse, <em>Totalit\u00e9 et subjectivit\u00e9<\/em><\/li>\n<li>Jean-Michel Salanskis,\u00a0<em>L&rsquo;humanit\u00e9 de l&rsquo;homme<\/em><\/li>\n<li>Flora Bastiani (dir.),\u00a0<em>Bergson Jank\u00e9l\u00e9vitch Levinas<\/em><\/li>\n<\/ul>\n<h1 style=\"text-align: justify\"><strong>Modalit\u00e9s d&rsquo;\u00e9valuation\u00a0<\/strong><\/h1>\n<p><strong>Pr\u00e9sentiel :<\/strong> Possibilit\u00e9 d&rsquo;obtenir une note de cours en rendant un travail en concertation avec l&rsquo;enseignant (modalit\u00e9s et d\u00e9lais fix\u00e9s par l&rsquo;enseignant). Le rendu est volontaire et non obligatoire. L&rsquo;ensemble des \u00e9tudiants pr\u00e9sentiels doit obligatoirement pr\u00e9senter l&rsquo;\u00e9preuve terminale (voir ci-dessous).<\/p>\n<p>M\u00eame \u00e9preuve terminale pour<strong> le pr\u00e9sentiel et le distanciel<\/strong> :<\/p>\n<p style=\"text-align: justify\">Oral pr\u00e9par\u00e9 : pour chaque \u00e9tudiant.e, un tirage au sort est effectu\u00e9 entre les deux parties du cours. Lors de l&rsquo;oral, un texte (environ 20 lignes) est impos\u00e9. Apr\u00e8s un temps de pr\u00e9paration de 15 minutes, l\u2019oral durera <strong>15 minutes <\/strong>(10 minutes de pr\u00e9sentation et 5 minutes de discussion).<\/p>\n<p style=\"text-align: justify\"><strong>La date et l\u2019ordre de passage seront fix\u00e9s en concertation avec les d\u00e9l\u00e9gu\u00e9s de promotion. <\/strong>Il est \u00e0 noter qu\u2019aucun retard ne sera admis et vaudra pour une absence.<\/p>\n<\/div>\n","protected":false},"excerpt":{"rendered":"<p>Cours pr\u00e9sentiel : KUNSTLER\/BASTIANI Cours SED : BASTIANI Volume de cours pr\u00e9sentiel : 24h Descriptif Ce cours (pr\u00e9sentiel et SED) vise \u00e0 aborder chronologiquement la place et les particularit\u00e9s de la notion d\u2019\u00e9thique dans la tradition philosophique. Dans ce deuxi\u00e8me volet sera abord\u00e9e \u00a0la p\u00e9riode contemporaine. Une premi\u00e8re partie du cours abordera la philosophie analytique &hellip; <\/p>\n<p class=\"link-more\"><a href=\"https:\/\/blogs.univ-tlse2.fr\/master-ethiquedusoin\/philosophie-de-la-sante-ph40905v\/\" class=\"more-link\">Continuer la lecture<span class=\"screen-reader-text\"> de &laquo;&nbsp;Histoire de la notion d&rsquo;\u00e9thique 2 (UT2) UE904&nbsp;&raquo;<\/span><\/a><\/p>\n","protected":false},"author":405,"featured_media":0,"parent":0,"menu_order":0,"comment_status":"closed","ping_status":"closed","template":"","meta":{"footnotes":"","_links_to":"","_links_to_target":""},"class_list":["post-557","page","type-page","status-publish","hentry"],"_links":{"self":[{"href":"https:\/\/blogs.univ-tlse2.fr\/master-ethiquedusoin\/wp-json\/wp\/v2\/pages\/557","targetHints":{"allow":["GET"]}}],"collection":[{"href":"https:\/\/blogs.univ-tlse2.fr\/master-ethiquedusoin\/wp-json\/wp\/v2\/pages"}],"about":[{"href":"https:\/\/blogs.univ-tlse2.fr\/master-ethiquedusoin\/wp-json\/wp\/v2\/types\/page"}],"author":[{"embeddable":true,"href":"https:\/\/blogs.univ-tlse2.fr\/master-ethiquedusoin\/wp-json\/wp\/v2\/users\/405"}],"replies":[{"embeddable":true,"href":"https:\/\/blogs.univ-tlse2.fr\/master-ethiquedusoin\/wp-json\/wp\/v2\/comments?post=557"}],"version-history":[{"count":17,"href":"https:\/\/blogs.univ-tlse2.fr\/master-ethiquedusoin\/wp-json\/wp\/v2\/pages\/557\/revisions"}],"predecessor-version":[{"id":2434,"href":"https:\/\/blogs.univ-tlse2.fr\/master-ethiquedusoin\/wp-json\/wp\/v2\/pages\/557\/revisions\/2434"}],"wp:attachment":[{"href":"https:\/\/blogs.univ-tlse2.fr\/master-ethiquedusoin\/wp-json\/wp\/v2\/media?parent=557"}],"curies":[{"name":"wp","href":"https:\/\/api.w.org\/{rel}","templated":true}]}}