 {"id":110,"date":"2020-05-04T13:36:58","date_gmt":"2020-05-04T11:36:58","guid":{"rendered":"https:\/\/blogs.univ-tlse2.fr\/master-gaed\/?page_id=110"},"modified":"2026-03-31T15:43:18","modified_gmt":"2026-03-31T13:43:18","slug":"actus","status":"publish","type":"page","link":"https:\/\/blogs.univ-tlse2.fr\/master-gaed\/","title":{"rendered":"\/\/\/ ACTUS \/\/\/"},"content":{"rendered":"\n<h2 class=\"wp-block-heading\"><strong>Table ronde sur les esp\u00e8ces sentinelles face au changement climatique<\/strong><\/h2>\n\n\n\n<p>Le 11\/03\/2026, dans le cadre d&rsquo;un s\u00e9minaire du<strong> projet Inbiopyr<\/strong>, le<strong> M1 GEMO<\/strong> a organis\u00e9 au Centre universitaire de Foix, \u00e0 la demande de l&rsquo;Office pyr\u00e9n\u00e9en du changement climatique, une table ronde sur les esp\u00e8ces sentinelles face au changement climatique.<\/p>\n\n\n\n<figure class=\"wp-block-gallery has-nested-images columns-default is-cropped wp-block-gallery-1 is-layout-flex wp-block-gallery-is-layout-flex\">\n<figure class=\"wp-block-image size-large\"><img loading=\"lazy\" decoding=\"async\" width=\"1024\" height=\"768\" data-id=\"726\" src=\"https:\/\/blogs.univ-tlse2.fr\/master-gaed\/files\/2026\/03\/20260311_141930-2-1024x768.jpg\" alt=\"\" class=\"wp-image-726\" srcset=\"https:\/\/blogs.univ-tlse2.fr\/master-gaed\/files\/2026\/03\/20260311_141930-2-1024x768.jpg 1024w, https:\/\/blogs.univ-tlse2.fr\/master-gaed\/files\/2026\/03\/20260311_141930-2-300x225.jpg 300w, https:\/\/blogs.univ-tlse2.fr\/master-gaed\/files\/2026\/03\/20260311_141930-2-768x576.jpg 768w, https:\/\/blogs.univ-tlse2.fr\/master-gaed\/files\/2026\/03\/20260311_141930-2-1536x1152.jpg 1536w, https:\/\/blogs.univ-tlse2.fr\/master-gaed\/files\/2026\/03\/20260311_141930-2-2048x1536.jpg 2048w\" sizes=\"auto, (max-width: 1024px) 100vw, 1024px\" \/><\/figure>\n\n\n\n<figure class=\"wp-block-image size-large\"><img loading=\"lazy\" decoding=\"async\" width=\"1024\" height=\"768\" data-id=\"727\" src=\"https:\/\/blogs.univ-tlse2.fr\/master-gaed\/files\/2026\/03\/20260311_120809-2-1024x768.jpg\" alt=\"\" class=\"wp-image-727\" srcset=\"https:\/\/blogs.univ-tlse2.fr\/master-gaed\/files\/2026\/03\/20260311_120809-2-1024x768.jpg 1024w, https:\/\/blogs.univ-tlse2.fr\/master-gaed\/files\/2026\/03\/20260311_120809-2-300x225.jpg 300w, https:\/\/blogs.univ-tlse2.fr\/master-gaed\/files\/2026\/03\/20260311_120809-2-768x576.jpg 768w, https:\/\/blogs.univ-tlse2.fr\/master-gaed\/files\/2026\/03\/20260311_120809-2-1536x1152.jpg 1536w, https:\/\/blogs.univ-tlse2.fr\/master-gaed\/files\/2026\/03\/20260311_120809-2-2048x1536.jpg 2048w\" sizes=\"auto, (max-width: 1024px) 100vw, 1024px\" \/><\/figure>\n<\/figure>\n\n\n\n<hr class=\"wp-block-separator has-alpha-channel-opacity\" \/>\n\n\n\n<blockquote class=\"wp-block-quote is-layout-flow wp-block-quote-is-layout-flow\">\n<p class=\"has-text-align-center\"><a href=\"https:\/\/www.univ-tlse2.fr\/accueil\/agenda\/journees-portes-ouvertes-ut2j\"><strong>JOURN\u00c9ES PORTES OUVERTES<\/strong> <strong>UT2J<\/strong> <\/a>\/ <strong>Samedi 08 f\u00e9vrier \/ 09h30-16h<\/strong><\/p>\n<\/blockquote>\n\n\n<div class=\"wp-block-image\">\n<figure class=\"aligncenter size-full is-resized\"><img loading=\"lazy\" decoding=\"async\" width=\"463\" height=\"412\" src=\"https:\/\/blogs.univ-tlse2.fr\/master-gaed\/files\/2025\/01\/vignette-jpo-2.png\" alt=\"\" class=\"wp-image-710\" style=\"width:211px;height:auto\" srcset=\"https:\/\/blogs.univ-tlse2.fr\/master-gaed\/files\/2025\/01\/vignette-jpo-2.png 463w, https:\/\/blogs.univ-tlse2.fr\/master-gaed\/files\/2025\/01\/vignette-jpo-2-300x267.png 300w\" sizes=\"auto, (max-width: 463px) 100vw, 463px\" \/><\/figure>\n<\/div>\n\n\n<p class=\"has-text-align-center\">Le <strong>Master GAED<\/strong> sera pr\u00e9sent \u00e0 cette journ\u00e9e  !!!<\/p>\n\n\n\n<hr class=\"wp-block-separator has-alpha-channel-opacity\" \/>\n\n\n\n<figure class=\"wp-block-image size-large\"><img loading=\"lazy\" decoding=\"async\" width=\"1024\" height=\"576\" src=\"https:\/\/blogs.univ-tlse2.fr\/master-gaed\/files\/2024\/11\/sortie_barousse1-1024x576.png\" alt=\"\" class=\"wp-image-704\" srcset=\"https:\/\/blogs.univ-tlse2.fr\/master-gaed\/files\/2024\/11\/sortie_barousse1-1024x576.png 1024w, https:\/\/blogs.univ-tlse2.fr\/master-gaed\/files\/2024\/11\/sortie_barousse1-300x169.png 300w, https:\/\/blogs.univ-tlse2.fr\/master-gaed\/files\/2024\/11\/sortie_barousse1-768x432.png 768w, https:\/\/blogs.univ-tlse2.fr\/master-gaed\/files\/2024\/11\/sortie_barousse1.png 1280w\" sizes=\"auto, (max-width: 1024px) 100vw, 1024px\" \/><\/figure>\n\n\n\n<figure class=\"wp-block-image size-large\"><img loading=\"lazy\" decoding=\"async\" width=\"1024\" height=\"576\" src=\"https:\/\/blogs.univ-tlse2.fr\/master-gaed\/files\/2024\/11\/sortie_barousse2-1024x576.png\" alt=\"\" class=\"wp-image-706\" srcset=\"https:\/\/blogs.univ-tlse2.fr\/master-gaed\/files\/2024\/11\/sortie_barousse2-1024x576.png 1024w, https:\/\/blogs.univ-tlse2.fr\/master-gaed\/files\/2024\/11\/sortie_barousse2-300x169.png 300w, https:\/\/blogs.univ-tlse2.fr\/master-gaed\/files\/2024\/11\/sortie_barousse2-768x432.png 768w, https:\/\/blogs.univ-tlse2.fr\/master-gaed\/files\/2024\/11\/sortie_barousse2.png 1280w\" sizes=\"auto, (max-width: 1024px) 100vw, 1024px\" \/><\/figure>\n\n\n\n<hr class=\"wp-block-separator has-alpha-channel-opacity\" \/>\n\n\n\n<figure class=\"wp-block-image size-large\"><img loading=\"lazy\" decoding=\"async\" width=\"724\" height=\"1024\" src=\"https:\/\/blogs.univ-tlse2.fr\/master-gaed\/files\/2024\/10\/Futurs-proches-3-10-24-programme-dept-GAE-vf-1-724x1024.png\" alt=\"\" class=\"wp-image-694\" srcset=\"https:\/\/blogs.univ-tlse2.fr\/master-gaed\/files\/2024\/10\/Futurs-proches-3-10-24-programme-dept-GAE-vf-1-724x1024.png 724w, https:\/\/blogs.univ-tlse2.fr\/master-gaed\/files\/2024\/10\/Futurs-proches-3-10-24-programme-dept-GAE-vf-1-212x300.png 212w, https:\/\/blogs.univ-tlse2.fr\/master-gaed\/files\/2024\/10\/Futurs-proches-3-10-24-programme-dept-GAE-vf-1-768x1086.png 768w, https:\/\/blogs.univ-tlse2.fr\/master-gaed\/files\/2024\/10\/Futurs-proches-3-10-24-programme-dept-GAE-vf-1-1086x1536.png 1086w, https:\/\/blogs.univ-tlse2.fr\/master-gaed\/files\/2024\/10\/Futurs-proches-3-10-24-programme-dept-GAE-vf-1-1449x2048.png 1449w\" sizes=\"auto, (max-width: 724px) 100vw, 724px\" \/><\/figure>\n\n\n\n<figure class=\"wp-block-image size-large\"><img decoding=\"async\" src=\"https:\/\/blogs.univ-tlse2.fr\/master-gaed\/files\/2024\/09\/gaussen.png\" alt=\"\" \/><\/figure>\n\n\n<div class=\"wp-block-image\">\n<figure class=\"aligncenter size-large\"><img loading=\"lazy\" decoding=\"async\" width=\"725\" height=\"1024\" src=\"https:\/\/blogs.univ-tlse2.fr\/master-gaed\/files\/2023\/12\/Plan-de-travail-1_page-0001-725x1024.jpg\" alt=\"\" class=\"wp-image-673\" srcset=\"https:\/\/blogs.univ-tlse2.fr\/master-gaed\/files\/2023\/12\/Plan-de-travail-1_page-0001-725x1024.jpg 725w, https:\/\/blogs.univ-tlse2.fr\/master-gaed\/files\/2023\/12\/Plan-de-travail-1_page-0001-212x300.jpg 212w, https:\/\/blogs.univ-tlse2.fr\/master-gaed\/files\/2023\/12\/Plan-de-travail-1_page-0001-768x1085.jpg 768w, https:\/\/blogs.univ-tlse2.fr\/master-gaed\/files\/2023\/12\/Plan-de-travail-1_page-0001-1087x1536.jpg 1087w, https:\/\/blogs.univ-tlse2.fr\/master-gaed\/files\/2023\/12\/Plan-de-travail-1_page-0001.jpg 1241w\" sizes=\"auto, (max-width: 725px) 100vw, 725px\" \/><\/figure>\n<\/div>\n\n\n<hr class=\"wp-block-separator has-alpha-channel-opacity\" \/>\n\n\n\n<p class=\"has-text-align-center\"><strong>\u2014 CANDIDATURES 2023-2024 \u2014<\/strong><\/p>\n\n\n\n<p class=\"has-text-align-center\"><strong>UNE <\/strong><strong class=\"\">NOUVELLE SESSION DE CANDIDATURES POUR LES MASTERS \u00a02 GEMO et TRENT SERA OUVERTE DU 26 JUIN AU 5 JUILLET 2023 SUR LA <a href=\"https:\/\/www.monmaster.gouv.fr\/master\/universite-toulouse-ii\/geographie-amenagement-environnement-et-developpement-1?nomenclature=geographie%2C%20amenagement%2C%20environnement%20et%20developpement&amp;course=Gestion%20et%20%C3%A9valuation%20des%20environnements%20montagnards&amp;institution=universite%20toulouse%202%20-%20jean%20jaures&amp;position=0&amp;layout=1\" target=\"_blank\" rel=\"noreferrer noopener\">PLATEFORME MON MASTER<\/a><\/strong><\/p>\n\n\n\n<hr class=\"wp-block-separator has-alpha-channel-opacity\" \/>\n\n\n<div class=\"wp-block-image\">\n<figure class=\"aligncenter size-large is-resized\"><img loading=\"lazy\" decoding=\"async\" width=\"724\" height=\"1024\" src=\"https:\/\/blogs.univ-tlse2.fr\/master-gaed\/files\/2023\/02\/Affiche_table-ronde_Tourbiere-Ech-V3_page-0001-1-724x1024.jpg\" alt=\"\" class=\"wp-image-662\" style=\"width:543px;height:768px\" srcset=\"https:\/\/blogs.univ-tlse2.fr\/master-gaed\/files\/2023\/02\/Affiche_table-ronde_Tourbiere-Ech-V3_page-0001-1-724x1024.jpg 724w, https:\/\/blogs.univ-tlse2.fr\/master-gaed\/files\/2023\/02\/Affiche_table-ronde_Tourbiere-Ech-V3_page-0001-1-212x300.jpg 212w, https:\/\/blogs.univ-tlse2.fr\/master-gaed\/files\/2023\/02\/Affiche_table-ronde_Tourbiere-Ech-V3_page-0001-1-768x1086.jpg 768w, https:\/\/blogs.univ-tlse2.fr\/master-gaed\/files\/2023\/02\/Affiche_table-ronde_Tourbiere-Ech-V3_page-0001-1-1086x1536.jpg 1086w, https:\/\/blogs.univ-tlse2.fr\/master-gaed\/files\/2023\/02\/Affiche_table-ronde_Tourbiere-Ech-V3_page-0001-1.jpg 1241w\" sizes=\"auto, (max-width: 724px) 100vw, 724px\" \/><figcaption class=\"wp-element-caption\">&#8212; S\u00e9minaire GAED &#8212;<\/figcaption><\/figure>\n<\/div>\n\n<div class=\"wp-block-image\">\n<figure class=\"aligncenter size-large is-resized\"><img loading=\"lazy\" decoding=\"async\" width=\"724\" height=\"1024\" src=\"https:\/\/blogs.univ-tlse2.fr\/master-gaed\/files\/2023\/02\/M1_GEMO_Affiche_seminaire_Retour_du_naturel_page-00011-724x1024.jpg\" alt=\"\" class=\"wp-image-663\" style=\"width:543px;height:768px\" srcset=\"https:\/\/blogs.univ-tlse2.fr\/master-gaed\/files\/2023\/02\/M1_GEMO_Affiche_seminaire_Retour_du_naturel_page-00011-724x1024.jpg 724w, https:\/\/blogs.univ-tlse2.fr\/master-gaed\/files\/2023\/02\/M1_GEMO_Affiche_seminaire_Retour_du_naturel_page-00011-212x300.jpg 212w, https:\/\/blogs.univ-tlse2.fr\/master-gaed\/files\/2023\/02\/M1_GEMO_Affiche_seminaire_Retour_du_naturel_page-00011-768x1086.jpg 768w, https:\/\/blogs.univ-tlse2.fr\/master-gaed\/files\/2023\/02\/M1_GEMO_Affiche_seminaire_Retour_du_naturel_page-00011-1086x1536.jpg 1086w, https:\/\/blogs.univ-tlse2.fr\/master-gaed\/files\/2023\/02\/M1_GEMO_Affiche_seminaire_Retour_du_naturel_page-00011-1448x2048.jpg 1448w, https:\/\/blogs.univ-tlse2.fr\/master-gaed\/files\/2023\/02\/M1_GEMO_Affiche_seminaire_Retour_du_naturel_page-00011-scaled.jpg 1810w\" sizes=\"auto, (max-width: 724px) 100vw, 724px\" \/><figcaption class=\"wp-element-caption\"> &#8212; S\u00e9minaire GAED &#8212;<\/figcaption><\/figure>\n<\/div>\n\n<div class=\"wp-block-image\">\n<figure class=\"aligncenter size-full is-resized\"><img loading=\"lazy\" decoding=\"async\" width=\"960\" height=\"720\" src=\"https:\/\/blogs.univ-tlse2.fr\/master-gaed\/files\/2022\/10\/M1terrain.jpg\" alt=\"\" class=\"wp-image-652\" style=\"width:529px;height:397px\" srcset=\"https:\/\/blogs.univ-tlse2.fr\/master-gaed\/files\/2022\/10\/M1terrain.jpg 960w, https:\/\/blogs.univ-tlse2.fr\/master-gaed\/files\/2022\/10\/M1terrain-300x225.jpg 300w, https:\/\/blogs.univ-tlse2.fr\/master-gaed\/files\/2022\/10\/M1terrain-768x576.jpg 768w\" sizes=\"auto, (max-width: 960px) 100vw, 960px\" \/><\/figure>\n<\/div>\n\n\n<p class=\"has-text-align-center\">&#8212; SOUTENANCES  2021\/2022 &#8212;<\/p>\n\n\n\n<p class=\"has-text-align-center\"><strong>M2 GEMO et TRENT les 08 et 09 septembre 2022<\/strong> en salle G 117 &#8211; D\u00e9partement de G\u00e9ographie &#8211; Universit\u00e9 de Toulouse Jean Jaur\u00e8s<\/p>\n\n\n\n<p class=\"has-text-align-center\">*****<\/p>\n\n\n\n<p class=\"has-text-align-center\"><\/p>\n\n\n<div class=\"wp-block-image\">\n<figure class=\"aligncenter size-large is-resized\"><img loading=\"lazy\" decoding=\"async\" width=\"724\" height=\"1024\" src=\"https:\/\/blogs.univ-tlse2.fr\/master-gaed\/files\/2021\/12\/Seminaire-GEMO-version-16-12-21_page-0001-724x1024.jpg\" alt=\"\" class=\"wp-image-603\" style=\"width:724px;height:1024px\" srcset=\"https:\/\/blogs.univ-tlse2.fr\/master-gaed\/files\/2021\/12\/Seminaire-GEMO-version-16-12-21_page-0001-724x1024.jpg 724w, https:\/\/blogs.univ-tlse2.fr\/master-gaed\/files\/2021\/12\/Seminaire-GEMO-version-16-12-21_page-0001-212x300.jpg 212w, https:\/\/blogs.univ-tlse2.fr\/master-gaed\/files\/2021\/12\/Seminaire-GEMO-version-16-12-21_page-0001-768x1087.jpg 768w, https:\/\/blogs.univ-tlse2.fr\/master-gaed\/files\/2021\/12\/Seminaire-GEMO-version-16-12-21_page-0001-1085x1536.jpg 1085w, https:\/\/blogs.univ-tlse2.fr\/master-gaed\/files\/2021\/12\/Seminaire-GEMO-version-16-12-21_page-0001.jpg 1240w\" sizes=\"auto, (max-width: 724px) 100vw, 724px\" \/><figcaption class=\"wp-element-caption\">*****<\/figcaption><\/figure>\n<\/div>\n\n<div class=\"wp-block-image\">\n<figure class=\"aligncenter size-large is-resized\"><img decoding=\"async\" src=\"https:\/\/blogs.univ-tlse2.fr\/master-gaed\/files\/2021\/11\/IMG-20211023-WA0014.jpg\" alt=\"\" style=\"width:308px;height:411px\" \/><figcaption class=\"wp-element-caption\">Un tr\u00e8s grand bravo \u00e0 <strong>Antoine Chabas<\/strong>, \u00e9tudiant du M1 GEMO, qui vient de faire une remarquable performance au trail de la R\u00e9union !!!<\/figcaption><\/figure>\n<\/div>\n\n\n<p class=\"has-text-align-center\">***<\/p>\n\n\n\n<p class=\"has-text-align-center\" style=\"font-size:18px\"> &#8212; <strong>Informations rentr\u00e9e 2021 master GAED<\/strong> &#8212;<\/p>\n\n\n\n<p class=\"has-text-align-center has-normal-font-size\"><br><strong>Master 1 GEMO \/\/ Pr\u00e9 rentr\u00e9e<\/strong> (avec parcours TRENT) : vendredi 10 septembre 14h salle GS057 du b\u00e2timent Olympe de Gouges &#8211; Pr\u00e9-rentr\u00e9e (parcours GEMO seul) : vendredi 10 septembre 15h, salle GS054 du b\u00e2timent Olympe de Gouges &#8211; <strong>Rentr\u00e9e : lundi 13 septembre, 14h10<\/strong> (la salle sera pr\u00e9cis\u00e9e lors de la pr\u00e9-rentr\u00e9e)<\/p>\n\n\n\n<p class=\"has-text-align-center\"><strong>Master 1 TRENT \/\/ Pr\u00e9 rentr\u00e9e<\/strong> (avec parcours GEMO) : vendredi 10 septembre 14h, salle GS057 du b\u00e2timent Olympe de Gouges &#8211; Pr\u00e9-rentr\u00e9e (parcours TRENT seul) : vendredi 10 septembre 15h, salle GS057 du b\u00e2timent Olympe de Gouges &#8211; <strong>Rentr\u00e9e : lundi 13 septembre, 10h50<\/strong> (la salle sera pr\u00e9cis\u00e9e lors de la pr\u00e9-rentr\u00e9e)<\/p>\n\n\n\n<p class=\"has-text-align-center\"><strong>Master 2 GEMO \/\/ Pr\u00e9 rentr\u00e9e <\/strong>: vendredi 10 septembre 9h, salle GS054 du b\u00e2timent Olympe de Gouges &#8211; <strong>Rentr\u00e9e : mardi 14 septembre, 10h50<\/strong> (la salle sera pr\u00e9cis\u00e9e lors de la pr\u00e9-rentr\u00e9e)<\/p>\n\n\n\n<p class=\"has-text-align-center\"><br><strong>Master 2 TRENT \/\/ Pr\u00e9 rentr\u00e9e<\/strong> : vendredi 10 septembre 9h, salle GS057 du b\u00e2timent Olympe de Gouges &#8211; <strong>Rentr\u00e9e : mardi 14 septembre, 10h50<\/strong> (la salle sera pr\u00e9cis\u00e9e lors de la pr\u00e9-rentr\u00e9e)<\/p>\n\n\n\n<p class=\"has-text-align-center\">***<\/p>\n\n\n<div class=\"wp-block-image\">\n<figure class=\"aligncenter size-large is-resized\"><img loading=\"lazy\" decoding=\"async\" width=\"714\" height=\"1024\" src=\"https:\/\/blogs.univ-tlse2.fr\/master-gaed\/files\/2021\/08\/Se-me-col-2021.09.30_Nos-forets-et-la-transition-714x1024.jpg\" alt=\"\" class=\"wp-image-587\" style=\"width:536px;height:768px\" srcset=\"https:\/\/blogs.univ-tlse2.fr\/master-gaed\/files\/2021\/08\/Se-me-col-2021.09.30_Nos-forets-et-la-transition-714x1024.jpg 714w, https:\/\/blogs.univ-tlse2.fr\/master-gaed\/files\/2021\/08\/Se-me-col-2021.09.30_Nos-forets-et-la-transition-209x300.jpg 209w, https:\/\/blogs.univ-tlse2.fr\/master-gaed\/files\/2021\/08\/Se-me-col-2021.09.30_Nos-forets-et-la-transition-768x1101.jpg 768w, https:\/\/blogs.univ-tlse2.fr\/master-gaed\/files\/2021\/08\/Se-me-col-2021.09.30_Nos-forets-et-la-transition-1072x1536.jpg 1072w, https:\/\/blogs.univ-tlse2.fr\/master-gaed\/files\/2021\/08\/Se-me-col-2021.09.30_Nos-forets-et-la-transition-1429x2048.jpg 1429w, https:\/\/blogs.univ-tlse2.fr\/master-gaed\/files\/2021\/08\/Se-me-col-2021.09.30_Nos-forets-et-la-transition.jpg 1754w\" sizes=\"auto, (max-width: 714px) 100vw, 714px\" \/><\/figure>\n<\/div>\n\n\n<p class=\"has-text-align-center\"> ***<\/p>\n\n\n\n<p class=\"has-text-align-center has-medium-font-size\"><strong>UNE SECONDE SESSION DE CANDIDATURES POUR LE MASTER 1 ET 2 TRENT, Transitions environnementales dans les territoires SERA OUVERTE DU 24 AU 31 AO\u00dbT 2021 SUR <a rel=\"noreferrer noopener\" href=\"https:\/\/ecandidat.univ-tlse2.fr\/#!accueilView\" target=\"_blank\">eCandidat<\/a><\/strong><\/p>\n\n\n\n<p class=\"has-text-align-center\">***<\/p>\n\n\n\n<p class=\"has-text-align-center\"><strong>COLLOQUE <\/strong>(en distanciel) du 06 au 08 juillet 2021 : <strong>\u00ab\u00a0Les territoires de montagne face aux risques et aux  changements climatiques\u00a0\u00bb<\/strong> : <a rel=\"noreferrer noopener\" href=\"https:\/\/www.corestart.org\/valoriser\" target=\"_blank\">https:\/\/www.corestart.org\/valoriser<\/a><\/p>\n\n\n\n<p class=\"has-text-align-center\">***<\/p>\n\n\n\n<p class=\"has-text-align-center\" style=\"font-size:24px\">  <strong>OUVERTURE DES <a rel=\"noreferrer noopener\" href=\"https:\/\/blogs.univ-tlse2.fr\/master-gaed\/candidatures\/\" data-type=\"page\" data-id=\"43\" target=\"_blank\">CANDIDATURES<\/a><a href=\"https:\/\/blogs.univ-tlse2.fr\/master-gaed\/candidatures\/\" data-type=\"page\" data-id=\"43\"> <\/a>2021\/2022 <\/strong><\/p>\n\n\n\n<p class=\"has-text-align-center\" style=\"font-size:24px\"><strong>DU 29 MARS AU 21 MAI 2021<\/strong><\/p>\n\n\n\n<p class=\"has-text-align-center\">***<\/p>\n\n\n\n<p class=\"has-text-align-center\">Dans le cadre des \u00ab\u00a0<strong>Grands s\u00e9minaires de l&rsquo;Observatoire Midi-Pyr\u00e9n\u00e9es<\/strong>\u00ab\u00a0, le prochain S\u00e9minaire en visioconf\u00e9rence sera donn\u00e9 par Dirk Schmeller du laboratoire <strong>ECOLAB-OMP Toulouse  &#8211; Mardi 13 avril 2021 \u00e0 18h00<\/strong> : <a rel=\"noreferrer noopener\" class=\"\" target=\"_blank\" href=\"http:\/\/www.news.obs-mip.fr\/events\/les-montagnes-sentinelles-du-changement-climatique\/\">Les montagnes, sentinelles du changement climatique<\/a><br><strong class=\"\">Inscription obligatoire sur :<\/strong><\/p>\n\n\n\n<p class=\"has-text-align-center\"><a href=\"https:\/\/inp-toulouse-fr.zoom.us\/webinar\/register\/WN_25zs5ziLTdqV7EdH1zeBrQ\">https:\/\/inp-toulouse-fr.zoom.us\/webinar\/register\/WN_25zs5ziLTdqV7EdH1zeBrQ<\/a><\/p>\n\n\n\n<p class=\"has-text-align-center\">***<\/p>\n\n\n\n<p class=\"has-text-align-center\">Le laboratoire GEODE (associ\u00e9 au Master GAED) est coorganisateur de <strong>l&rsquo;\u00c9cole Th\u00e9matique PLURIBOIS 2021<\/strong> (Les bois et leurs usages : approches pluridisciplinaires des d\u00e9gradations et des empreintes) qui se tiendra \u00e0 <strong>Aspet du 07 au 11 juin<\/strong>. Cl\u00f4ture des inscriptions au 15 mars. Merci de relayer au maximum. En savoir plus : <a rel=\"noreferrer noopener\" href=\"https:\/\/l.facebook.com\/l.php?u=https%3A%2F%2Fwww6.inrae.fr%2Fgdr-sciences-du-bois%2FManifestations%2FLes-manifestations-du-GDR-bois%2F2021%2FPLURIBOIS-2021%3Ffbclid%3DIwAR0tqeWDH68KMUQpdL7D6-4-8QR97MGrbZwFpkHJ-6xR35X3wvaFNPu_H74&amp;h=AT2ShSKZ7BM0BrQFCynscktDJqnRQyJi36R8A7qH3tHEG7fY__XO7ruQhePS3BoxVhO-WJEDJyfp2yQkeeoSjXFcphUVwrs_LLlVlUmJLNaKZRcC-SdVvgSa7Ud1ZmRxVj8&amp;__tn__=-UK-R&amp;c[0]=AT1Y3p_hd-pDtnyJDZrkyO7g-vuzQETkY7D95kb2xmVmjcr5pELvofbjy0GRbLNzoF5F7oiiCoOExq9tMRO5WpJHoXl4NSJNEE6fCK-Gk34J2By_ZLniSEZcJEqaDL8HQntlD9p2m6Qh0xJEvwaPpReGAi35rdpbqK0\" target=\"_blank\">https:\/\/www6.inrae.fr\/&#8230;\/Les&#8230;\/2021\/PLURIBOIS-2021<\/a><\/p>\n\n\n\n<p class=\"has-text-align-center\">***<\/p>\n\n\n\n<figure class=\"wp-block-image size-large\"><img loading=\"lazy\" decoding=\"async\" width=\"1024\" height=\"308\" src=\"https:\/\/blogs.univ-tlse2.fr\/master-gaed\/files\/2021\/02\/changement_nom-1024x308.jpg\" alt=\"\" class=\"wp-image-377\" srcset=\"https:\/\/blogs.univ-tlse2.fr\/master-gaed\/files\/2021\/02\/changement_nom-1024x308.jpg 1024w, https:\/\/blogs.univ-tlse2.fr\/master-gaed\/files\/2021\/02\/changement_nom-300x90.jpg 300w, https:\/\/blogs.univ-tlse2.fr\/master-gaed\/files\/2021\/02\/changement_nom-768x231.jpg 768w, https:\/\/blogs.univ-tlse2.fr\/master-gaed\/files\/2021\/02\/changement_nom.jpg 1270w\" sizes=\"auto, (max-width: 1024px) 100vw, 1024px\" \/><\/figure>\n\n\n\n<p>Romain MEJEAN, doctorant au GEODE, organise des visioconf\u00e9rences \u00ab\u00a0pand\u00e9mico-p\u00e9riodiques\u00a0\u00bb avec l&rsquo;aide d&rsquo;autres doctorant.e.s, Les Reclus aux confins, \u00e0 destination des \u00e9tudiant.e.s (licence, master). La premi\u00e8re visioconf\u00e9rence aura lieu le 26 janvier, de 19h \u00e0 20h, \u00e0 rejoindre sur la webtv : <a rel=\"noreferrer noopener\" href=\"https:\/\/l.facebook.com\/l.php?u=https%3A%2F%2Fwww.twitch.tv%2Fconfins%3Ffbclid%3DIwAR2lq2YdQoBo2z8XcsPbH8302GH2pZPrwugUnWWEKxdMPw_XzDI4qoqppAM&amp;h=AT3zrZpGV3daOXc9FhOUQvaBTq_tLxAUIcQnxpSs-HOT7ZFnc7n0EWVJpkNvJISUKjK3oLnjwgCuGelxlWrM8-M-uvcz0WJJ926-4ls-oJ9ApLLZ7z8WcR7W1ODvFqdveTA&amp;__tn__=-UK-R&amp;c[0]=AT1RelPMxwWYAVPe3S1XwFKQIRvBhrE9RdeiSSxn7EfA2yCUbTMdOQEOx-bAfhyi5lC8Sd9UsFITbrP5oYBD82TG3EIcjhRmFjgmyShu_fM_VsnSOoZ_74W5z78etBUEKQM1wdcKjKBz_Fb66zQfjoS_hYRPRRRkcbMlpHBS5k5JXvojyBli5-vPPOrAFZut7NpKb9L7\" target=\"_blank\">https:\/\/www.twitch.tv\/confins<\/a><\/p>\n\n\n<div class=\"wp-block-image\">\n<figure class=\"aligncenter size-large is-resized\"><img loading=\"lazy\" decoding=\"async\" width=\"400\" height=\"386\" src=\"https:\/\/blogs.univ-tlse2.fr\/master-gaed\/files\/2021\/01\/les-reclus-e1611294863781.jpg\" alt=\"\" class=\"wp-image-369\" style=\"width:269px;height:260px\" \/><\/figure>\n<\/div>\n\n\n<p><\/p>\n\n\n\n<p>Cette ann\u00e9e les \u00e9tudiants en deuxi\u00e8me ann\u00e9e du master GAED font partie d&rsquo;un atelier participatif organis\u00e9 par le d\u00e9partement de g\u00e9ographie de l&rsquo;Universit\u00e9 Jean Jaur\u00e8s de Toulouse portant sur la r\u00e9silience territoriale du Couserans. Cet atelier a pour objectif de collaborer avec tous les habitant.es du Couserans afin de saisir le regard que vous portez sur votre territoire et ainsi appr\u00e9hender ses forces et faiblesses et de proposer des pistes pour le Couserans de demain. <a href=\"https:\/\/blogs.univ-tlse2.fr\/master-gaed\/files\/2020\/12\/Presentation_du_projet_et_activites-1.pdf\">Vous trouverez en pi\u00e8ce jointe au format pdf un descriptif plus d\u00e9taill\u00e9 de l&rsquo;atelier<\/a>. <\/p>\n\n\n\n<p>Comment vous pouvez y contribuer ?<br><a href=\"https:\/\/blogs.univ-tlse2.fr\/master-gaed\/files\/2020\/12\/questionnaire_et_activites_habCouserans.docx\">En effet, 4 activit\u00e9s vous sont propos\u00e9es au format docx<\/a>. Vous pouvez contribuer \u00e0 une seule ou \u00e0 toutes \ud83d\ude42 selon vos envies.<\/p>\n\n\n\n<p>Merci beaucoup de votre participation ! <\/p>\n\n\n\n<p>Les \u00e9tudiants en Master2 du d\u00e9partement de g\u00e9ographie, UT2J<\/p>\n\n\n<div class=\"wp-block-image\">\n<figure class=\"aligncenter size-large is-resized\"><img loading=\"lazy\" decoding=\"async\" width=\"1024\" height=\"1024\" src=\"https:\/\/blogs.univ-tlse2.fr\/master-gaed\/files\/2020\/11\/montagnes-1024x1024.jpg\" alt=\"\" class=\"wp-image-358\" style=\"width:512px;height:512px\" srcset=\"https:\/\/blogs.univ-tlse2.fr\/master-gaed\/files\/2020\/11\/montagnes-1024x1024.jpg 1024w, https:\/\/blogs.univ-tlse2.fr\/master-gaed\/files\/2020\/11\/montagnes-300x300.jpg 300w, https:\/\/blogs.univ-tlse2.fr\/master-gaed\/files\/2020\/11\/montagnes-150x150.jpg 150w, https:\/\/blogs.univ-tlse2.fr\/master-gaed\/files\/2020\/11\/montagnes-768x768.jpg 768w, https:\/\/blogs.univ-tlse2.fr\/master-gaed\/files\/2020\/11\/montagnes.jpg 1080w\" sizes=\"auto, (max-width: 1024px) 100vw, 1024px\" \/><\/figure>\n<\/div>\n\n\n<figure class=\"wp-block-embed is-type-video is-provider-youtube wp-block-embed-youtube wp-embed-aspect-16-9 wp-has-aspect-ratio\"><div class=\"wp-block-embed__wrapper\">\n<iframe loading=\"lazy\" title=\"Bande-annonce FIFNE 2020 - Grenoble\" width=\"630\" height=\"354\" src=\"https:\/\/www.youtube.com\/embed\/k9m-AMU5RoM?feature=oembed\" frameborder=\"0\" allow=\"accelerometer; autoplay; clipboard-write; encrypted-media; gyroscope; picture-in-picture; web-share\" referrerpolicy=\"strict-origin-when-cross-origin\" allowfullscreen><\/iframe>\n<\/div><\/figure>\n\n\n\n<p class=\"has-text-align-center\"><\/p>\n\n\n\n<p class=\"has-text-align-center\"><\/p>\n\n\n\n<h3 class=\"wp-block-heading has-text-align-center\" id=\"29-08-poste-de-charge-de-mission-a-pourvoir-animation-du-papi-du-bassin-de-loing\">### 29\/08 : Poste de Charg\u00e9 de Mission \u00e0 pourvoir : <a href=\"https:\/\/blogs.univ-tlse2.fr\/master-gaed\/files\/2020\/08\/2020-9-Charg\u00e9-mission-PAPI-bassin-Loing-aout-2020.pdf\" target=\"_blank\" rel=\"noreferrer noopener\">Animation du PAPI du Bassin de Loing<\/a><\/h3>\n\n\n","protected":false},"excerpt":{"rendered":"<p>Table ronde sur les esp\u00e8ces sentinelles face au changement climatique Le 11\/03\/2026, dans le cadre d&rsquo;un s\u00e9minaire du projet Inbiopyr, le M1 GEMO a organis\u00e9 au Centre universitaire de Foix, \u00e0 la demande de l&rsquo;Office pyr\u00e9n\u00e9en du changement climatique, une table ronde sur les esp\u00e8ces sentinelles face au changement climatique. JOURN\u00c9ES PORTES OUVERTES UT2J \/ [&hellip;]<\/p>\n","protected":false},"author":840,"featured_media":0,"parent":0,"menu_order":0,"comment_status":"closed","ping_status":"closed","template":"","meta":{"footnotes":""},"class_list":["post-110","page","type-page","status-publish","hentry"],"_links":{"self":[{"href":"https:\/\/blogs.univ-tlse2.fr\/master-gaed\/wp-json\/wp\/v2\/pages\/110","targetHints":{"allow":["GET"]}}],"collection":[{"href":"https:\/\/blogs.univ-tlse2.fr\/master-gaed\/wp-json\/wp\/v2\/pages"}],"about":[{"href":"https:\/\/blogs.univ-tlse2.fr\/master-gaed\/wp-json\/wp\/v2\/types\/page"}],"author":[{"embeddable":true,"href":"https:\/\/blogs.univ-tlse2.fr\/master-gaed\/wp-json\/wp\/v2\/users\/840"}],"replies":[{"embeddable":true,"href":"https:\/\/blogs.univ-tlse2.fr\/master-gaed\/wp-json\/wp\/v2\/comments?post=110"}],"version-history":[{"count":77,"href":"https:\/\/blogs.univ-tlse2.fr\/master-gaed\/wp-json\/wp\/v2\/pages\/110\/revisions"}],"predecessor-version":[{"id":731,"href":"https:\/\/blogs.univ-tlse2.fr\/master-gaed\/wp-json\/wp\/v2\/pages\/110\/revisions\/731"}],"wp:attachment":[{"href":"https:\/\/blogs.univ-tlse2.fr\/master-gaed\/wp-json\/wp\/v2\/media?parent=110"}],"curies":[{"name":"wp","href":"https:\/\/api.w.org\/{rel}","templated":true}]}}