 {"id":21,"date":"2016-02-04T18:47:46","date_gmt":"2016-02-04T17:47:46","guid":{"rendered":"https:\/\/blogs.univ-tlse2.fr\/master-psyphiecopolis\/?page_id=21"},"modified":"2016-07-10T11:50:57","modified_gmt":"2016-07-10T09:50:57","slug":"liste-des-intervenants","status":"publish","type":"page","link":"https:\/\/blogs.univ-tlse2.fr\/master-psyphiecopolis\/liste-des-intervenants\/","title":{"rendered":"Intervenants"},"content":{"rendered":"<p style=\"text-align: justify\"><u>Mireille Bruy\u00e8re<\/u>: Ma\u00eetre de conf\u00e9rence en Sciences Economiques \u00e0 l&rsquo;UTJJ depuis 2006. Apr\u00e8s l&rsquo;obtention de son doctorat en 1998 en \u00e9conomie publique locale, elle est charg\u00e9e d&rsquo;\u00e9tudes \u00e0 l&rsquo;Observatoire Fran\u00e7ais des Conjonctures Economiques \u00e0 Paris puis \u00e0 l&rsquo;Observatoire R\u00e9gional de l&rsquo;Emploi et de la Formation Midi-Pyr\u00e9n\u00e9es \u00e0 Toulouse. Elle travaille particuli\u00e8rement sur les enjeux de l&#8217;emploi et du travail au sein de Laboratoire CERTOP-CNRS\u00a0 (Centre d&rsquo;Etudes et de REcherche, TRavail, Organisations et Pouvoirs). Elle est \u00e9galement membre du collectifs des Economistes Att\u00e9rr\u00e9s avec lequel elle a publi\u00e9 avec d&rsquo;autres plusieurs ouvrage (Changer D&rsquo;\u00e9conomie, Ed LLL 2012 ou encore Le Nouveau Manifeste des Economistes Att\u00e9rr\u00e9s, Ed LLL 2015) et du Conseil Scientifique d&rsquo;ATTAC.<\/p>\n<p style=\"text-align: justify\"><u>Pascale Macary-Garipuy<\/u> : Professeur de Psychologie clinique. Psychanalyste. Apr\u00e8s avoir \u00e9t\u00e9 MCF \u00e0 l\u2019universit\u00e9 de Rennes II de 1991 \u00e0 2007, \u00a0elle enseigne aujourd\u2019hui \u00e0 l\u2019universit\u00e9 Toulouse 2 Jean-Jaur\u00e8s. Ses th\u00e9matiques de recherche concernent l\u2019articulation du sujet et du lien social et \u00a0le f\u00e9minin. Elle fait partie de l\u2019\u00e9quipe de recherches \u00ab\u00a0Clinique psychanalytique du sujet et du lien social\u00a0\u00bb<\/p>\n<p style=\"text-align: justify\"><u>Guillaume Sibertin-Blanc<\/u> : Ma\u00eetre de conf\u00e9rence habilit\u00e9 \u00e0 diriger des recherches, il enseigne la philosophie politique et la philosophie contemporaine \u00e0 l\u2019Universit\u00e9 Toulouse Jean-Jaur\u00e8s depuis 2009. Ses travaux portent sur la philosophie fran\u00e7aise du second XXe si\u00e8cle, sur les transferts conceptuels qu\u2019elle a invent\u00e9s entre sciences humaines, marxismes, arts et psychanalyse, et sur les transformations dont elle a \u00e9t\u00e9 le lieu pour la pens\u00e9e politique contemporaine, au contact des luttes de d\u00e9colonisation, des conqu\u00eates et des crises du mouvement communiste, de l\u2019essor des luttes de minorit\u00e9 et de la recherche de nouvelles grammaires th\u00e9orico-politiques \u00ab\u00a0post-marxistes\u00a0\u00bb. Membre de l\u2019Institut Universitaire de France depuis 2014, il est \u00e9galement directeur du laboratoire Equipe de Recherche sur les Rationalit\u00e9s Philosophiques et les Savoirs (EA 3051 ERRAPHIS), et depuis 2015 co-directeur de la revue <em>Actuel Marx<\/em>\u00a0aux Presses Universitaires de France. Il est l\u2019auteur notamment de\u00a0<em>Deleuze et l\u2019Anti-\u0152dipe. La production du d\u00e9sir<\/em>, Paris,\u00a0Puf, 2009 \/ trad. <em>Deleuze y el Antiedipo<\/em>, Buenos Aires, Nueva Vision, 2009\u00a0; et de\u00a0<em>Politique et \u00c9tat chez Deleuze et Guattari. Essai sur le mat\u00e9rialisme historico-machinique<\/em>, Paris, Puf, 2013 \/ transl. <em>State and Politics, Deleuze and Guattari on Marx<\/em>, Semiotext(e)\/MIT Press, 2016.<\/p>\n<p style=\"text-align: justify\"><span style=\"text-decoration: underline\">Hourya Bentouhami<\/span> est ma\u00eetre de conf\u00e9rence en philosophie \u00e0 l\u2019Universit\u00e9 Toulouse II-Jean Jaur\u00e8s. Ses travaux portent sur la pens\u00e9e politique contemporaine, notamment sur le renouvellement de la th\u00e9orie critique \u00e0 partir des approches mat\u00e9rialistes, f\u00e9ministes et postcoloniales. Elle est l\u2019auteure de <em>Race, cultures, identit\u00e9s. Une approche f\u00e9ministe et postcoloniale<\/em> (PUF, 2015) et <em>Le d\u00e9p\u00f4t des armes. Non-violence et d\u00e9sob\u00e9issance civile<\/em> (PUF, 2015).<\/p>\n<p style=\"text-align: justify\"><span style=\"text-decoration: underline\">Emmanuel Barot\u00a0<\/span>est ma\u00eetre de conf\u00e9rence habilit\u00e9 \u00e0 diriger des recherches en philosophie\u00a0\u00e0 l\u2019Universit\u00e9 Toulouse II-Jean Jaur\u00e8s, o\u00f9 il enseigne la logique math\u00e9matique, la philosophie des sciences, les philosophies et th\u00e9ories sociales et politiques modernes et contemporaines. Ses\u00a0travaux porte sur les sciences (de la \u00ab\u00a0coupure \u00e9pist\u00e9mologique\u00a0\u00bb aux formalisations de la dialectique), le mat\u00e9rialisme, la dialectique et la question sociale et politique dans la diversit\u00e9 de ses dimensions (en particulier les concepts et les exp\u00e9riences historiques de la \u00ab\u00a0r\u00e9volution\u00a0\u00bb) depuis Machiavel. L&rsquo;ensemble de ces travaux est li\u00e9 organiquement au marxisme, de Marx-Engels aux courants contemporains. Il est l\u2019auteur notamment de\u00a0<em>Marx au pays des soviets ou les deux visages du communisme<\/em>\u00a0(La Ville Br\u00fble, 2011),\u00a0<em>R\u00e9volution dans l\u2019Universit\u00e9. Quelques le\u00e7ons th\u00e9oriques et lignes tactiques tir\u00e9es de l\u2019\u00e9chec du printemps 2009<\/em>\u00a0(La Ville Br\u00fble, 2010),\u00a0<em>Camera Politica. Dialectique du r\u00e9alisme dans le cin\u00e9ma politique et militant<\/em>\u00a0(Paris, Vrin, 2009),\u00a0<em>Lautman <\/em>(Paris, Les Belles-Lettres, 2009).<\/p>\n","protected":false},"excerpt":{"rendered":"<p>Mireille Bruy\u00e8re: Ma\u00eetre de conf\u00e9rence en Sciences Economiques \u00e0 l&rsquo;UTJJ depuis 2006. Apr\u00e8s l&rsquo;obtention de son doctorat en 1998 en \u00e9conomie publique locale, elle est charg\u00e9e d&rsquo;\u00e9tudes \u00e0 l&rsquo;Observatoire Fran\u00e7ais des Conjonctures Economiques \u00e0 Paris puis \u00e0 l&rsquo;Observatoire R\u00e9gional de&hellip;<\/p>\n<p class=\"more-link-p\"><a class=\"more-link\" href=\"https:\/\/blogs.univ-tlse2.fr\/master-psyphiecopolis\/liste-des-intervenants\/\">Read more &rarr;<\/a><\/p>\n","protected":false},"author":298,"featured_media":0,"parent":0,"menu_order":0,"comment_status":"closed","ping_status":"closed","template":"","meta":{"footnotes":""},"class_list":["post-21","page","type-page","status-publish","hentry"],"_links":{"self":[{"href":"https:\/\/blogs.univ-tlse2.fr\/master-psyphiecopolis\/wp-json\/wp\/v2\/pages\/21","targetHints":{"allow":["GET"]}}],"collection":[{"href":"https:\/\/blogs.univ-tlse2.fr\/master-psyphiecopolis\/wp-json\/wp\/v2\/pages"}],"about":[{"href":"https:\/\/blogs.univ-tlse2.fr\/master-psyphiecopolis\/wp-json\/wp\/v2\/types\/page"}],"author":[{"embeddable":true,"href":"https:\/\/blogs.univ-tlse2.fr\/master-psyphiecopolis\/wp-json\/wp\/v2\/users\/298"}],"replies":[{"embeddable":true,"href":"https:\/\/blogs.univ-tlse2.fr\/master-psyphiecopolis\/wp-json\/wp\/v2\/comments?post=21"}],"version-history":[{"count":11,"href":"https:\/\/blogs.univ-tlse2.fr\/master-psyphiecopolis\/wp-json\/wp\/v2\/pages\/21\/revisions"}],"predecessor-version":[{"id":156,"href":"https:\/\/blogs.univ-tlse2.fr\/master-psyphiecopolis\/wp-json\/wp\/v2\/pages\/21\/revisions\/156"}],"wp:attachment":[{"href":"https:\/\/blogs.univ-tlse2.fr\/master-psyphiecopolis\/wp-json\/wp\/v2\/media?parent=21"}],"curies":[{"name":"wp","href":"https:\/\/api.w.org\/{rel}","templated":true}]}}