 {"id":103,"date":"2022-06-10T10:28:04","date_gmt":"2022-06-10T08:28:04","guid":{"rendered":"https:\/\/blogs.univ-tlse2.fr\/mes-premiers-pas\/?page_id=103"},"modified":"2025-07-16T10:25:21","modified_gmt":"2025-07-16T08:25:21","slug":"etre-accompagne%c2%b7e-les-dispositifs-particuliers","status":"publish","type":"page","link":"https:\/\/blogs.univ-tlse2.fr\/mes-premiers-pas\/etre-accompagne%c2%b7e-les-dispositifs-particuliers\/","title":{"rendered":"\u00catre accompagn\u00e9\u00b7e, les dispositifs particuliers"},"content":{"rendered":"\n<div style=\"background-color:#2d9f7b;padding-bottom:1%;padding-top:2%\" class=\"wp-block-atomic-blocks-ab-container ab-block-container\"><div class=\"ab-container-inside\"><div class=\"ab-container-content\">\n<div class=\"wp-block-atomic-blocks-ab-columns ab-layout-columns-1 one-column ab-has-custom-background-color\" style=\"background-color:#2d9f7b\"><div class=\"ab-layout-column-wrap ab-block-layout-column-gap-2 ab-is-responsive-column\">\n<div class=\"wp-block-atomic-blocks-ab-column ab-block-layout-column\"><div class=\"ab-block-layout-column-inner\">\n<h1 class=\"wp-block-heading has-text-align-center has-white-color has-text-color\">\u00caTRE ACCOMPAGN\u00c9\u00b7E, LES DISPOSITIFS PARTICULIERS<\/h1>\n<\/div><\/div>\n<\/div><\/div>\n<\/div><\/div><\/div>\n\n\n\n<div style=\"height:15px\" aria-hidden=\"true\" class=\"wp-block-spacer\"><\/div>\n\n\n\n<p class=\"has-medium-font-size\">L\u2019UT2J accompagne le parcours de tou\u00b7te\u00b7s les \u00e9tudiant\u00b7e\u00b7s \u00e0 l\u2019aide de diff\u00e9rents dispositifs et d\u2019interlocuteurs privil\u00e9gi\u00e9s afin de r\u00e9pondre aux particularit\u00e9s de chaque \u00e9tudiant\u00b7e.<\/p>\n\n\n\n<div class=\"wp-block-atomic-blocks-ab-accordion ab-block-accordion ab-font-size-24\"><details><summary class=\"ab-accordion-title\"><img loading=\"lazy\" decoding=\"async\" width=\"2864\" height=\"2033\" class=\"wp-image-2083\" style=\"width: 30px\" src=\"https:\/\/blogs.univ-tlse2.fr\/mes-premiers-pas\/files\/2023\/08\/Puce-Accordeon-Rouge.png\" alt=\"\" srcset=\"https:\/\/blogs.univ-tlse2.fr\/mes-premiers-pas\/files\/2023\/08\/Puce-Accordeon-Rouge.png 2864w, https:\/\/blogs.univ-tlse2.fr\/mes-premiers-pas\/files\/2023\/08\/Puce-Accordeon-Rouge-300x213.png 300w, https:\/\/blogs.univ-tlse2.fr\/mes-premiers-pas\/files\/2023\/08\/Puce-Accordeon-Rouge-1024x727.png 1024w, https:\/\/blogs.univ-tlse2.fr\/mes-premiers-pas\/files\/2023\/08\/Puce-Accordeon-Rouge-768x545.png 768w, https:\/\/blogs.univ-tlse2.fr\/mes-premiers-pas\/files\/2023\/08\/Puce-Accordeon-Rouge-1536x1090.png 1536w, https:\/\/blogs.univ-tlse2.fr\/mes-premiers-pas\/files\/2023\/08\/Puce-Accordeon-Rouge-2048x1454.png 2048w, https:\/\/blogs.univ-tlse2.fr\/mes-premiers-pas\/files\/2023\/08\/Puce-Accordeon-Rouge-500x355.png 500w, https:\/\/blogs.univ-tlse2.fr\/mes-premiers-pas\/files\/2023\/08\/Puce-Accordeon-Rouge-800x568.png 800w, https:\/\/blogs.univ-tlse2.fr\/mes-premiers-pas\/files\/2023\/08\/Puce-Accordeon-Rouge-1280x909.png 1280w, https:\/\/blogs.univ-tlse2.fr\/mes-premiers-pas\/files\/2023\/08\/Puce-Accordeon-Rouge-1920x1363.png 1920w\" sizes=\"auto, (max-width: 2864px) 100vw, 2864px\" \/><strong><mark style=\"background-color:#f2f2f2;color:#2d9f7b\" class=\"has-inline-color\">\u00c9tudiant\u00b7e\u00b7s \u00e9tranger\u00b7\u00e8re\u00b7s<\/mark><\/strong><\/summary><div class=\"ab-accordion-text\">\n<p class=\"has-medium-font-size\">De nombreux \u00e9tudiant\u00b7e\u00b7s \u00e9tranger\u00b7e\u00b7s sont accueilli\u00b7e\u00b7s chaque ann\u00e9e \u00e0 l\u2019UT2J. Qu\u2019elles ou qu\u2019ils viennent \u00e9tudier par leurs propres moyens ou dans le cadre d\u2019un programme d\u2019\u00e9change, l\u2019universit\u00e9 met tout en oeuvre pour les accompagner tout au long de leur parcours. Selon la situation, deux services sont \u00e0 leur disposition : le p\u00f4le des \u00e9tudiants \u00e9trangers, s\u2019il s\u2019agit d\u2019une inscription \u00e0 titre individuel, le service des relations internationales, pour les \u00e9tudiant\u00b7e\u00b7s en \u00e9change.<\/p>\n\n\n\n<div class=\"wp-block-atomic-blocks-ab-accordion ab-block-accordion\"><details open><summary class=\"ab-accordion-title\"><sup><img loading=\"lazy\" decoding=\"async\" width=\"4231\" height=\"3401\" class=\"wp-image-2269\" style=\"width: 30px\" src=\"https:\/\/blogs.univ-tlse2.fr\/mes-premiers-pas\/files\/2023\/09\/Contact-service-Rouge.png\" alt=\"\" srcset=\"https:\/\/blogs.univ-tlse2.fr\/mes-premiers-pas\/files\/2023\/09\/Contact-service-Rouge.png 4231w, https:\/\/blogs.univ-tlse2.fr\/mes-premiers-pas\/files\/2023\/09\/Contact-service-Rouge-300x241.png 300w, https:\/\/blogs.univ-tlse2.fr\/mes-premiers-pas\/files\/2023\/09\/Contact-service-Rouge-1024x823.png 1024w, https:\/\/blogs.univ-tlse2.fr\/mes-premiers-pas\/files\/2023\/09\/Contact-service-Rouge-768x617.png 768w, https:\/\/blogs.univ-tlse2.fr\/mes-premiers-pas\/files\/2023\/09\/Contact-service-Rouge-1536x1235.png 1536w, https:\/\/blogs.univ-tlse2.fr\/mes-premiers-pas\/files\/2023\/09\/Contact-service-Rouge-2048x1646.png 2048w, https:\/\/blogs.univ-tlse2.fr\/mes-premiers-pas\/files\/2023\/09\/Contact-service-Rouge-500x402.png 500w, https:\/\/blogs.univ-tlse2.fr\/mes-premiers-pas\/files\/2023\/09\/Contact-service-Rouge-800x643.png 800w, https:\/\/blogs.univ-tlse2.fr\/mes-premiers-pas\/files\/2023\/09\/Contact-service-Rouge-1280x1029.png 1280w, https:\/\/blogs.univ-tlse2.fr\/mes-premiers-pas\/files\/2023\/09\/Contact-service-Rouge-1920x1543.png 1920w\" sizes=\"auto, (max-width: 4231px) 100vw, 4231px\" \/><\/sup> <strong>Division de la vie \u00e9tudiante (Dive)<\/strong><\/summary><div class=\"ab-accordion-text\">\n<p class=\"has-medium-font-size\"><strong>P\u00f4le des \u00e9tudiants \u00e9trangers<\/strong><br><sup><a href=\"https:\/\/blogs.univ-tlse2.fr\/mes-premiers-pas\/localisation-larche\/\"><img loading=\"lazy\" decoding=\"async\" width=\"5336\" height=\"5719\" class=\"wp-image-2252\" style=\"width: 20px\" src=\"https:\/\/blogs.univ-tlse2.fr\/mes-premiers-pas\/files\/2023\/09\/pointeur-VERT-1.png\" alt=\"\" srcset=\"https:\/\/blogs.univ-tlse2.fr\/mes-premiers-pas\/files\/2023\/09\/pointeur-VERT-1.png 5336w, https:\/\/blogs.univ-tlse2.fr\/mes-premiers-pas\/files\/2023\/09\/pointeur-VERT-1-280x300.png 280w, https:\/\/blogs.univ-tlse2.fr\/mes-premiers-pas\/files\/2023\/09\/pointeur-VERT-1-955x1024.png 955w, https:\/\/blogs.univ-tlse2.fr\/mes-premiers-pas\/files\/2023\/09\/pointeur-VERT-1-768x823.png 768w, https:\/\/blogs.univ-tlse2.fr\/mes-premiers-pas\/files\/2023\/09\/pointeur-VERT-1-1433x1536.png 1433w, https:\/\/blogs.univ-tlse2.fr\/mes-premiers-pas\/files\/2023\/09\/pointeur-VERT-1-1911x2048.png 1911w, https:\/\/blogs.univ-tlse2.fr\/mes-premiers-pas\/files\/2023\/09\/pointeur-VERT-1-500x536.png 500w, https:\/\/blogs.univ-tlse2.fr\/mes-premiers-pas\/files\/2023\/09\/pointeur-VERT-1-800x857.png 800w, https:\/\/blogs.univ-tlse2.fr\/mes-premiers-pas\/files\/2023\/09\/pointeur-VERT-1-1280x1372.png 1280w, https:\/\/blogs.univ-tlse2.fr\/mes-premiers-pas\/files\/2023\/09\/pointeur-VERT-1-1920x2058.png 1920w\" sizes=\"auto, (max-width: 5336px) 100vw, 5336px\" \/><\/a><\/sup><strong><a href=\"https:\/\/blogs.univ-tlse2.fr\/mes-premiers-pas\/localisation-larche\/\">Campus Mirail, b\u00e2t. L\u2019Arche<\/a>, bureau AR 108<\/strong><br>Du lundi au vendredi de 9h \u00e0 11h45 et de 13h30 \u00e0 16h<br><a href=\"&#109;a&#105;l&#116;o&#x3a;p&#x61;s&#x63;a&#x6c;&#46;&#x62;e&#x6e;a&#x7a;e&#x74;h&#x40;u&#x6e;i&#x76;-&#x74;l&#x73;e&#x32;&#46;&#x66;r\" target=\"_blank\" rel=\"noreferrer noopener\">&#x70;&#x61;&#x73;&#x63;&#97;l&#46;be&#x6e;&#x61;&#x7a;&#x65;&#116;h&#64;un&#x69;&#x76;&#x2d;&#x74;&#108;se2&#46;&#x66;&#x72;<\/a> ou <a href=\"ma&#105;&#x6c;&#x74;&#x6f;:k&#104;&#x69;&#x65;&#x72;a&#46;&#115;&#x61;&#x6d;&#x6d;ito&#64;&#x75;&#x6e;&#x69;v-&#116;&#x6c;&#x73;&#x65;2&#46;&#102;&#x72;\" target=\"_blank\" rel=\"noreferrer noopener\">&#x6b;&#104;i&#x65;&#x72;&#97;&#46;&#x73;&#x61;&#109;m&#x69;&#x74;&#111;&#64;&#x75;&#x6e;&#105;v&#x2d;&#x74;&#108;s&#x65;&#x32;&#46;f&#x72;<\/a><br>05 61 50 37 55 ou 44 47<\/p>\n<\/div><\/details><\/div>\n\n\n\n<p><strong>OU<\/strong><\/p>\n\n\n\n<div class=\"wp-block-atomic-blocks-ab-accordion ab-block-accordion\"><details open><summary class=\"ab-accordion-title\"><sup><img loading=\"lazy\" decoding=\"async\" width=\"4231\" height=\"3401\" class=\"wp-image-2269\" style=\"width: 30px\" src=\"https:\/\/blogs.univ-tlse2.fr\/mes-premiers-pas\/files\/2023\/09\/Contact-service-Rouge.png\" alt=\"\" srcset=\"https:\/\/blogs.univ-tlse2.fr\/mes-premiers-pas\/files\/2023\/09\/Contact-service-Rouge.png 4231w, https:\/\/blogs.univ-tlse2.fr\/mes-premiers-pas\/files\/2023\/09\/Contact-service-Rouge-300x241.png 300w, https:\/\/blogs.univ-tlse2.fr\/mes-premiers-pas\/files\/2023\/09\/Contact-service-Rouge-1024x823.png 1024w, https:\/\/blogs.univ-tlse2.fr\/mes-premiers-pas\/files\/2023\/09\/Contact-service-Rouge-768x617.png 768w, https:\/\/blogs.univ-tlse2.fr\/mes-premiers-pas\/files\/2023\/09\/Contact-service-Rouge-1536x1235.png 1536w, https:\/\/blogs.univ-tlse2.fr\/mes-premiers-pas\/files\/2023\/09\/Contact-service-Rouge-2048x1646.png 2048w, https:\/\/blogs.univ-tlse2.fr\/mes-premiers-pas\/files\/2023\/09\/Contact-service-Rouge-500x402.png 500w, https:\/\/blogs.univ-tlse2.fr\/mes-premiers-pas\/files\/2023\/09\/Contact-service-Rouge-800x643.png 800w, https:\/\/blogs.univ-tlse2.fr\/mes-premiers-pas\/files\/2023\/09\/Contact-service-Rouge-1280x1029.png 1280w, https:\/\/blogs.univ-tlse2.fr\/mes-premiers-pas\/files\/2023\/09\/Contact-service-Rouge-1920x1543.png 1920w\" sizes=\"auto, (max-width: 4231px) 100vw, 4231px\" \/><\/sup> <strong>Service des relations internationales (RI)<\/strong><\/summary><div class=\"ab-accordion-text\">\n<p class=\"has-medium-font-size\"><sup><a href=\"https:\/\/blogs.univ-tlse2.fr\/mes-premiers-pas\/localisation-relations-internationales\/\"><img loading=\"lazy\" decoding=\"async\" width=\"5336\" height=\"5719\" class=\"wp-image-2252\" style=\"width: 20px\" src=\"https:\/\/blogs.univ-tlse2.fr\/mes-premiers-pas\/files\/2023\/09\/pointeur-VERT-1.png\" alt=\"\" srcset=\"https:\/\/blogs.univ-tlse2.fr\/mes-premiers-pas\/files\/2023\/09\/pointeur-VERT-1.png 5336w, https:\/\/blogs.univ-tlse2.fr\/mes-premiers-pas\/files\/2023\/09\/pointeur-VERT-1-280x300.png 280w, https:\/\/blogs.univ-tlse2.fr\/mes-premiers-pas\/files\/2023\/09\/pointeur-VERT-1-955x1024.png 955w, https:\/\/blogs.univ-tlse2.fr\/mes-premiers-pas\/files\/2023\/09\/pointeur-VERT-1-768x823.png 768w, https:\/\/blogs.univ-tlse2.fr\/mes-premiers-pas\/files\/2023\/09\/pointeur-VERT-1-1433x1536.png 1433w, https:\/\/blogs.univ-tlse2.fr\/mes-premiers-pas\/files\/2023\/09\/pointeur-VERT-1-1911x2048.png 1911w, https:\/\/blogs.univ-tlse2.fr\/mes-premiers-pas\/files\/2023\/09\/pointeur-VERT-1-500x536.png 500w, https:\/\/blogs.univ-tlse2.fr\/mes-premiers-pas\/files\/2023\/09\/pointeur-VERT-1-800x857.png 800w, https:\/\/blogs.univ-tlse2.fr\/mes-premiers-pas\/files\/2023\/09\/pointeur-VERT-1-1280x1372.png 1280w, https:\/\/blogs.univ-tlse2.fr\/mes-premiers-pas\/files\/2023\/09\/pointeur-VERT-1-1920x2058.png 1920w\" sizes=\"auto, (max-width: 5336px) 100vw, 5336px\" \/><\/a><\/sup><strong><a href=\"https:\/\/blogs.univ-tlse2.fr\/mes-premiers-pas\/localisation-relations-internationales\/\">Campus Mirail, b\u00e2t. L\u2019Arche<\/a><\/strong>, <strong>bureau AR 104<\/strong><br>Du lundi au jeudi de 8h30 \u00e0 12h30 et de 13h30 \u00e0 16h30, le vendredi par t\u00e9l\u00e9phone ou mail uniquement.<br><a href=\"&#109;&#x61;i&#x6c;t&#x6f;:&#105;&#x6e;t&#x65;r&#x6e;a&#116;&#x69;o&#x6e;a&#x6c;&#64;&#117;&#x6e;i&#x76;-&#x74;l&#115;&#x65;2&#x2e;f&#x72;\" target=\"_blank\" rel=\"noreferrer noopener\">i&#x6e;t&#101;&#x72;n&#x61;t&#105;&#x6f;n&#x61;&#x6c;&#64;&#x75;n&#105;&#x76;-&#x74;&#x6c;s&#x65;2&#46;&#x66;r<\/a><br>05 61 50 36 46<\/p>\n<\/div><\/details><\/div>\n\n\n\n<div class=\"wp-block-buttons is-content-justification-right is-layout-flex wp-container-core-buttons-is-layout-765c4724 wp-block-buttons-is-layout-flex\">\n<div class=\"wp-block-button is-style-outline is-style-outline--1\"><a class=\"wp-block-button__link wp-element-button\" href=\"https:\/\/www.univ-tlse2.fr\/accueil\/international\/venir-a-lut2j\" style=\"border-radius:0px\" target=\"_blank\" rel=\"noreferrer noopener\">www.univ-tlse2.fr<br>Venir \u00e0 l&rsquo;UT2J<\/a><\/div>\n<\/div>\n\n\n\n<hr class=\"wp-block-separator aligncenter has-text-color has-black-color has-alpha-channel-opacity has-black-background-color has-background is-style-default\" \/>\n\n\n\n<div class=\"wp-block-atomic-blocks-ab-columns ab-layout-columns-1 one-column\"><div class=\"ab-layout-column-wrap ab-block-layout-column-gap-2 ab-is-responsive-column\">\n<div class=\"wp-block-atomic-blocks-ab-column ab-block-layout-column\"><div class=\"ab-block-layout-column-inner\">\n<div class=\"wp-block-atomic-blocks-ab-columns ab-layout-columns-1 ab-1-col-equal ab-has-custom-background-color\" style=\"background-color:#f1dfba\"><div class=\"ab-layout-column-wrap ab-block-layout-column-gap-2 ab-is-responsive-column\">\n<div class=\"wp-block-atomic-blocks-ab-column ab-block-layout-column\"><div class=\"ab-block-layout-column-inner ab-has-custom-background-color\" style=\"margin-top:19px;margin-bottom:19px;padding:12px;background-color:#f1dfba\">\n<h1 class=\"wp-block-heading has-text-align-center has-text-color\" style=\"color:#2d9f7b\">L&rsquo;association Eima<\/h1>\n\n\n\n<p class=\"has-medium-font-size\"><img loading=\"lazy\" decoding=\"async\" width=\"5636\" height=\"5719\" class=\"wp-image-2212\" style=\"width: 20px\" src=\"https:\/\/blogs.univ-tlse2.fr\/mes-premiers-pas\/files\/2023\/09\/Double-fleche-Vert.png\" alt=\"\" srcset=\"https:\/\/blogs.univ-tlse2.fr\/mes-premiers-pas\/files\/2023\/09\/Double-fleche-Vert.png 5636w, https:\/\/blogs.univ-tlse2.fr\/mes-premiers-pas\/files\/2023\/09\/Double-fleche-Vert-296x300.png 296w, https:\/\/blogs.univ-tlse2.fr\/mes-premiers-pas\/files\/2023\/09\/Double-fleche-Vert-1009x1024.png 1009w, https:\/\/blogs.univ-tlse2.fr\/mes-premiers-pas\/files\/2023\/09\/Double-fleche-Vert-768x779.png 768w, https:\/\/blogs.univ-tlse2.fr\/mes-premiers-pas\/files\/2023\/09\/Double-fleche-Vert-1514x1536.png 1514w, https:\/\/blogs.univ-tlse2.fr\/mes-premiers-pas\/files\/2023\/09\/Double-fleche-Vert-2018x2048.png 2018w, https:\/\/blogs.univ-tlse2.fr\/mes-premiers-pas\/files\/2023\/09\/Double-fleche-Vert-500x507.png 500w, https:\/\/blogs.univ-tlse2.fr\/mes-premiers-pas\/files\/2023\/09\/Double-fleche-Vert-800x812.png 800w, https:\/\/blogs.univ-tlse2.fr\/mes-premiers-pas\/files\/2023\/09\/Double-fleche-Vert-1280x1299.png 1280w, https:\/\/blogs.univ-tlse2.fr\/mes-premiers-pas\/files\/2023\/09\/Double-fleche-Vert-1920x1948.png 1920w\" sizes=\"auto, (max-width: 5636px) 100vw, 5636px\" \/> Erasmus International Mirail association, association \u00e9tudiante de l&rsquo;UT2J, a pour but d&rsquo;accueillir les \u00e9tudiants \u00e9trangers et Erasmus, de r\u00e9pondre \u00e0 leurs questions et de les accompagner tout au long de l&rsquo;ann\u00e9e universitaire.<br>Elle organise r\u00e9guli\u00e8rement diverses activit\u00e9s au sein de l&rsquo;universit\u00e9 : jeux, d\u00e9gustations, repas, ainsi que des visites culturelles \u00e0 Toulouse et dans la r\u00e9gion.<\/p>\n<\/div><\/div>\n<\/div><\/div>\n\n\n\n<div style=\"height:32px\" aria-hidden=\"true\" class=\"wp-block-spacer\"><\/div>\n\n\n\n<div class=\"wp-block-atomic-blocks-ab-accordion ab-block-accordion ab-font-size-24\"><details><summary class=\"ab-accordion-title\"><sup><img loading=\"lazy\" decoding=\"async\" width=\"4231\" height=\"3401\" class=\"wp-image-2269\" style=\"width: 30px\" src=\"https:\/\/blogs.univ-tlse2.fr\/mes-premiers-pas\/files\/2023\/09\/Contact-service-Rouge.png\" alt=\"\" srcset=\"https:\/\/blogs.univ-tlse2.fr\/mes-premiers-pas\/files\/2023\/09\/Contact-service-Rouge.png 4231w, https:\/\/blogs.univ-tlse2.fr\/mes-premiers-pas\/files\/2023\/09\/Contact-service-Rouge-300x241.png 300w, https:\/\/blogs.univ-tlse2.fr\/mes-premiers-pas\/files\/2023\/09\/Contact-service-Rouge-1024x823.png 1024w, https:\/\/blogs.univ-tlse2.fr\/mes-premiers-pas\/files\/2023\/09\/Contact-service-Rouge-768x617.png 768w, https:\/\/blogs.univ-tlse2.fr\/mes-premiers-pas\/files\/2023\/09\/Contact-service-Rouge-1536x1235.png 1536w, https:\/\/blogs.univ-tlse2.fr\/mes-premiers-pas\/files\/2023\/09\/Contact-service-Rouge-2048x1646.png 2048w, https:\/\/blogs.univ-tlse2.fr\/mes-premiers-pas\/files\/2023\/09\/Contact-service-Rouge-500x402.png 500w, https:\/\/blogs.univ-tlse2.fr\/mes-premiers-pas\/files\/2023\/09\/Contact-service-Rouge-800x643.png 800w, https:\/\/blogs.univ-tlse2.fr\/mes-premiers-pas\/files\/2023\/09\/Contact-service-Rouge-1280x1029.png 1280w, https:\/\/blogs.univ-tlse2.fr\/mes-premiers-pas\/files\/2023\/09\/Contact-service-Rouge-1920x1543.png 1920w\" sizes=\"auto, (max-width: 4231px) 100vw, 4231px\" \/><\/sup><strong> Eima<\/strong> <strong>Association<\/strong><\/summary><div class=\"ab-accordion-text\">\n<p class=\"has-medium-font-size\"><a href=\"https:\/\/blogs.univ-tlse2.fr\/mes-premiers-pas\/localisation-relations-internationales\/\"><sup><img loading=\"lazy\" decoding=\"async\" width=\"5336\" height=\"5719\" class=\"wp-image-2252\" style=\"width: 20px\" src=\"https:\/\/blogs.univ-tlse2.fr\/mes-premiers-pas\/files\/2023\/09\/pointeur-VERT-1.png\" alt=\"\" srcset=\"https:\/\/blogs.univ-tlse2.fr\/mes-premiers-pas\/files\/2023\/09\/pointeur-VERT-1.png 5336w, https:\/\/blogs.univ-tlse2.fr\/mes-premiers-pas\/files\/2023\/09\/pointeur-VERT-1-280x300.png 280w, https:\/\/blogs.univ-tlse2.fr\/mes-premiers-pas\/files\/2023\/09\/pointeur-VERT-1-955x1024.png 955w, https:\/\/blogs.univ-tlse2.fr\/mes-premiers-pas\/files\/2023\/09\/pointeur-VERT-1-768x823.png 768w, https:\/\/blogs.univ-tlse2.fr\/mes-premiers-pas\/files\/2023\/09\/pointeur-VERT-1-1433x1536.png 1433w, https:\/\/blogs.univ-tlse2.fr\/mes-premiers-pas\/files\/2023\/09\/pointeur-VERT-1-1911x2048.png 1911w, https:\/\/blogs.univ-tlse2.fr\/mes-premiers-pas\/files\/2023\/09\/pointeur-VERT-1-500x536.png 500w, https:\/\/blogs.univ-tlse2.fr\/mes-premiers-pas\/files\/2023\/09\/pointeur-VERT-1-800x857.png 800w, https:\/\/blogs.univ-tlse2.fr\/mes-premiers-pas\/files\/2023\/09\/pointeur-VERT-1-1280x1372.png 1280w, https:\/\/blogs.univ-tlse2.fr\/mes-premiers-pas\/files\/2023\/09\/pointeur-VERT-1-1920x2058.png 1920w\" sizes=\"auto, (max-width: 5336px) 100vw, 5336px\" \/><\/sup><strong>Campus Mirail, L\u2019Arche<\/strong> <strong>building<\/strong><\/a> &#8211; <strong>Office AR101<\/strong><br>Monday to Friday, 10:30 a.m. to 4 p.m.<br><a href=\"&#x6d;&#97;i&#x6c;&#116;o&#x3a;&#x65;i&#x6d;&#x61;&#46;t&#x6c;&#115;e&#x32;&#x40;g&#x6d;&#x61;&#105;l&#x2e;&#99;o&#x6d;\" target=\"_blank\" rel=\"noreferrer noopener\">&#x65;i&#x6d;&#97;&#x2e;&#x74;l&#x73;&#101;&#x32;&#x40;g&#x6d;&#97;&#x69;&#x6c;&#46;&#x63;&#111;&#x6d;<\/a> <br><br>On the networks (Instagram &amp; Linktr.ee) :<\/p>\n\n\n\n<ul class=\"wp-block-social-links has-large-icon-size has-visible-labels has-icon-color is-style-logos-only is-layout-flex wp-block-social-links-is-layout-flex\"><li style=\"color:#ffffff;\" class=\"wp-social-link wp-social-link-instagram  wp-block-social-link\"><a rel=\"noopener nofollow\" target=\"_blank\" href=\"https:\/\/www.instagram.com\/eimatoulouse\/?hl=fr\" class=\"wp-block-social-link-anchor\"><svg width=\"24\" height=\"24\" viewBox=\"0 0 24 24\" version=\"1.1\" xmlns=\"http:\/\/www.w3.org\/2000\/svg\" aria-hidden=\"true\" focusable=\"false\"><path d=\"M12,4.622c2.403,0,2.688,0.009,3.637,0.052c0.877,0.04,1.354,0.187,1.671,0.31c0.42,0.163,0.72,0.358,1.035,0.673 c0.315,0.315,0.51,0.615,0.673,1.035c0.123,0.317,0.27,0.794,0.31,1.671c0.043,0.949,0.052,1.234,0.052,3.637 s-0.009,2.688-0.052,3.637c-0.04,0.877-0.187,1.354-0.31,1.671c-0.163,0.42-0.358,0.72-0.673,1.035 c-0.315,0.315-0.615,0.51-1.035,0.673c-0.317,0.123-0.794,0.27-1.671,0.31c-0.949,0.043-1.233,0.052-3.637,0.052 s-2.688-0.009-3.637-0.052c-0.877-0.04-1.354-0.187-1.671-0.31c-0.42-0.163-0.72-0.358-1.035-0.673 c-0.315-0.315-0.51-0.615-0.673-1.035c-0.123-0.317-0.27-0.794-0.31-1.671C4.631,14.688,4.622,14.403,4.622,12 s0.009-2.688,0.052-3.637c0.04-0.877,0.187-1.354,0.31-1.671c0.163-0.42,0.358-0.72,0.673-1.035 c0.315-0.315,0.615-0.51,1.035-0.673c0.317-0.123,0.794-0.27,1.671-0.31C9.312,4.631,9.597,4.622,12,4.622 M12,3 C9.556,3,9.249,3.01,8.289,3.054C7.331,3.098,6.677,3.25,6.105,3.472C5.513,3.702,5.011,4.01,4.511,4.511 c-0.5,0.5-0.808,1.002-1.038,1.594C3.25,6.677,3.098,7.331,3.054,8.289C3.01,9.249,3,9.556,3,12c0,2.444,0.01,2.751,0.054,3.711 c0.044,0.958,0.196,1.612,0.418,2.185c0.23,0.592,0.538,1.094,1.038,1.594c0.5,0.5,1.002,0.808,1.594,1.038 c0.572,0.222,1.227,0.375,2.185,0.418C9.249,20.99,9.556,21,12,21s2.751-0.01,3.711-0.054c0.958-0.044,1.612-0.196,2.185-0.418 c0.592-0.23,1.094-0.538,1.594-1.038c0.5-0.5,0.808-1.002,1.038-1.594c0.222-0.572,0.375-1.227,0.418-2.185 C20.99,14.751,21,14.444,21,12s-0.01-2.751-0.054-3.711c-0.044-0.958-0.196-1.612-0.418-2.185c-0.23-0.592-0.538-1.094-1.038-1.594 c-0.5-0.5-1.002-0.808-1.594-1.038c-0.572-0.222-1.227-0.375-2.185-0.418C14.751,3.01,14.444,3,12,3L12,3z M12,7.378 c-2.552,0-4.622,2.069-4.622,4.622S9.448,16.622,12,16.622s4.622-2.069,4.622-4.622S14.552,7.378,12,7.378z M12,15 c-1.657,0-3-1.343-3-3s1.343-3,3-3s3,1.343,3,3S13.657,15,12,15z M16.804,6.116c-0.596,0-1.08,0.484-1.08,1.08 s0.484,1.08,1.08,1.08c0.596,0,1.08-0.484,1.08-1.08S17.401,6.116,16.804,6.116z\"><\/path><\/svg><span class=\"wp-block-social-link-label\">Instagram<\/span><\/a><\/li>\n\n<li style=\"color:#ffffff;\" class=\"wp-social-link wp-social-link-chain  wp-block-social-link\"><a rel=\"noopener nofollow\" target=\"_blank\" href=\"https:\/\/linktr.ee\/eimatoulouse\" class=\"wp-block-social-link-anchor\"><svg width=\"24\" height=\"24\" viewBox=\"0 0 24 24\" version=\"1.1\" xmlns=\"http:\/\/www.w3.org\/2000\/svg\" aria-hidden=\"true\" focusable=\"false\"><path d=\"M15.6,7.2H14v1.5h1.6c2,0,3.7,1.7,3.7,3.7s-1.7,3.7-3.7,3.7H14v1.5h1.6c2.8,0,5.2-2.3,5.2-5.2,0-2.9-2.3-5.2-5.2-5.2zM4.7,12.4c0-2,1.7-3.7,3.7-3.7H10V7.2H8.4c-2.9,0-5.2,2.3-5.2,5.2,0,2.9,2.3,5.2,5.2,5.2H10v-1.5H8.4c-2,0-3.7-1.7-3.7-3.7zm4.6.9h5.3v-1.5H9.3v1.5z\"><\/path><\/svg><span class=\"wp-block-social-link-label\">Lien<\/span><\/a><\/li><\/ul>\n<\/div><\/details><\/div>\n<\/div><\/div>\n<\/div><\/div>\n<\/div><\/details><\/div>\n\n\n\n<div class=\"wp-block-atomic-blocks-ab-accordion ab-block-accordion ab-font-size-24\"><details><summary class=\"ab-accordion-title\"><img loading=\"lazy\" decoding=\"async\" width=\"2864\" height=\"2033\" class=\"wp-image-2083\" style=\"width: 30px\" src=\"https:\/\/blogs.univ-tlse2.fr\/mes-premiers-pas\/files\/2023\/08\/Puce-Accordeon-Rouge.png\" alt=\"\" srcset=\"https:\/\/blogs.univ-tlse2.fr\/mes-premiers-pas\/files\/2023\/08\/Puce-Accordeon-Rouge.png 2864w, https:\/\/blogs.univ-tlse2.fr\/mes-premiers-pas\/files\/2023\/08\/Puce-Accordeon-Rouge-300x213.png 300w, https:\/\/blogs.univ-tlse2.fr\/mes-premiers-pas\/files\/2023\/08\/Puce-Accordeon-Rouge-1024x727.png 1024w, https:\/\/blogs.univ-tlse2.fr\/mes-premiers-pas\/files\/2023\/08\/Puce-Accordeon-Rouge-768x545.png 768w, https:\/\/blogs.univ-tlse2.fr\/mes-premiers-pas\/files\/2023\/08\/Puce-Accordeon-Rouge-1536x1090.png 1536w, https:\/\/blogs.univ-tlse2.fr\/mes-premiers-pas\/files\/2023\/08\/Puce-Accordeon-Rouge-2048x1454.png 2048w, https:\/\/blogs.univ-tlse2.fr\/mes-premiers-pas\/files\/2023\/08\/Puce-Accordeon-Rouge-500x355.png 500w, https:\/\/blogs.univ-tlse2.fr\/mes-premiers-pas\/files\/2023\/08\/Puce-Accordeon-Rouge-800x568.png 800w, https:\/\/blogs.univ-tlse2.fr\/mes-premiers-pas\/files\/2023\/08\/Puce-Accordeon-Rouge-1280x909.png 1280w, https:\/\/blogs.univ-tlse2.fr\/mes-premiers-pas\/files\/2023\/08\/Puce-Accordeon-Rouge-1920x1363.png 1920w\" sizes=\"auto, (max-width: 2864px) 100vw, 2864px\" \/><strong><mark style=\"background-color:#f2f2f2;color:#2d9f7b\" class=\"has-inline-color\">Etudiantes et \u00e9tudiants en situation de handicap<\/mark><\/strong><\/summary><div class=\"ab-accordion-text\">\n<p class=\"has-medium-font-size\"><a href=\"https:\/\/www.univ-tlse2.fr\/accueil\/etudiant-handicap\"><strong>Situation&nbsp;de handicap&nbsp;durable ou temporaire<\/strong><\/a><strong><\/strong><\/p>\n\n\n\n<p class=\"has-medium-font-size\"><strong><img loading=\"lazy\" decoding=\"async\" width=\"2668\" height=\"2861\" class=\"wp-image-2305\" style=\"width: 15px\" src=\"https:\/\/blogs.univ-tlse2.fr\/mes-premiers-pas\/files\/2023\/09\/Double-fleche-Noir.png\" alt=\"\" srcset=\"https:\/\/blogs.univ-tlse2.fr\/mes-premiers-pas\/files\/2023\/09\/Double-fleche-Noir.png 2668w, https:\/\/blogs.univ-tlse2.fr\/mes-premiers-pas\/files\/2023\/09\/Double-fleche-Noir-280x300.png 280w, https:\/\/blogs.univ-tlse2.fr\/mes-premiers-pas\/files\/2023\/09\/Double-fleche-Noir-955x1024.png 955w, https:\/\/blogs.univ-tlse2.fr\/mes-premiers-pas\/files\/2023\/09\/Double-fleche-Noir-768x824.png 768w, https:\/\/blogs.univ-tlse2.fr\/mes-premiers-pas\/files\/2023\/09\/Double-fleche-Noir-1432x1536.png 1432w, https:\/\/blogs.univ-tlse2.fr\/mes-premiers-pas\/files\/2023\/09\/Double-fleche-Noir-1910x2048.png 1910w, https:\/\/blogs.univ-tlse2.fr\/mes-premiers-pas\/files\/2023\/09\/Double-fleche-Noir-500x536.png 500w, https:\/\/blogs.univ-tlse2.fr\/mes-premiers-pas\/files\/2023\/09\/Double-fleche-Noir-800x858.png 800w, https:\/\/blogs.univ-tlse2.fr\/mes-premiers-pas\/files\/2023\/09\/Double-fleche-Noir-1280x1373.png 1280w, https:\/\/blogs.univ-tlse2.fr\/mes-premiers-pas\/files\/2023\/09\/Double-fleche-Noir-1920x2059.png 1920w\" sizes=\"auto, (max-width: 2668px) 100vw, 2668px\" \/>\u00a0Etudiantes et \u00e9tudiants, alternantes et alternants, stagiaires de la formation continue ou doctorantes et doctorants<\/strong><\/p>\n\n\n\n<p class=\"has-medium-font-size\">Le&nbsp;<a href=\"https:\/\/www.univ-tlse2.fr\/accueil\/vie-campus\/handicaps\/pole-des-etudiants-en-situation-de-handicap\"><strong>P\u00f4le des \u00e9tudiants en situation de handicap (PESH)<\/strong><\/a>&nbsp;est le service principal concernant les questions relatives \u00e0&nbsp;<strong>l\u2019accueil, l\u2019accompagnement et les am\u00e9nagements tout au long de votre parcours \u00e0 l\u2019universit\u00e9<\/strong>.&nbsp;<\/p>\n\n\n\n<p class=\"has-medium-font-size\">Pour toutes questions et\/ou remarques, il est possible de&nbsp;s\u2019adresser au PESH&nbsp;:<\/p>\n\n\n\n<ul class=\"wp-block-list\">\n<li class=\"has-medium-font-size\">En se rendant dans les bureaux du PESH situ\u00e9s au rez-de-chauss\u00e9e du b\u00e2timent de l\u2019Arche sur le Campus du Mirail. Du lundi au vendredi de 08h30 \u00e0 12h et de 13h30 \u00e0 16h.<\/li>\n\n\n\n<li class=\"has-medium-font-size\">En \u00e9crivant au PESH \u00e0 l\u2019adresse\u00a0mail :\u00a0<a href=\"&#109;a&#105;l&#116;o&#x3a;d&#x69;v&#x65;-&#x70;e&#x68;&#64;&#x75;n&#x69;v&#x2d;t&#x6c;s&#x65;2&#x2e;f&#x72;\">&#x64;i&#x76;&#x65;-&#x70;&#101;h&#x40;&#117;n&#x69;v&#x2d;&#x74;l&#x73;&#101;2&#x2e;&#102;r<\/a>.<\/li>\n\n\n\n<li class=\"has-medium-font-size\">Par t\u00e9l\u00e9phone au : 05 61 50 45 80 ou 05 61 50 40 68 ou 05 61 50 46 86 ou 05 61 50 41 62<\/li>\n<\/ul>\n\n\n\n<p class=\"has-medium-font-size\"><strong>Quelles d\u00e9marches pour faire reconna\u00eetre votre situation de handicap&nbsp;?<\/strong><\/p>\n\n\n\n<p class=\"has-medium-font-size\">Vous devez prendre contact avec le&nbsp;<strong>Service de sant\u00e9 \u00e9tudiante &#8211; SSE<\/strong>&nbsp;(anciennement nomm\u00e9 SIMPPS) pour prendre rendez-vous avec un m\u00e9decin. Lors de ce rendez-vous, il vous sera demand\u00e9 votre dossier m\u00e9dical.<\/p>\n\n\n\n<p class=\"has-medium-font-size\">Ce rendez-vous avec le m\u00e9decin du SSE doit \u00eatre effectu\u00e9 le plus t\u00f4t possible en d\u00e9but d\u2019ann\u00e9e universitaire pour que les am\u00e9nagements soient pris en compte d\u00e8s les premi\u00e8res \u00e9valuations du contr\u00f4le continu. Un calendrier fixe les dates limites pour effectuer ce rendez-vous\u00a0:<\/p>\n\n\n\n<ul class=\"wp-block-list\">\n<li class=\"has-medium-font-size\">Au plus tard le 14 novembre 2025, pour que les am\u00e9nagements d\u00e9butent \u00e0 partir du 1<sup>er<\/sup>\u00a0semestre\u00a0;<\/li>\n\n\n\n<li class=\"has-medium-font-size\">Au plus tard le 13 mars 2026, pour que les am\u00e9nagements d\u00e9butent \u00e0 partir du 2<sup>nd<\/sup>\u00a0semestre\u00a0;<\/li>\n\n\n\n<li class=\"has-medium-font-size\">Au plus tard le 13 mai 2026, pour que les am\u00e9nagements d\u00e9butent pour la Seconde chance du SED<\/li>\n<\/ul>\n\n\n\n<p class=\"has-medium-font-size\">Des\u00a0<strong>pr\u00e9conisations<\/strong>\u00a0seront \u00e9tablies par le m\u00e9decin du SSE et ensuite traduites par un<strong>\u00a0arr\u00eat\u00e9<\/strong>, document officiel actant les am\u00e9nagements pour les \u00e9valuations. Les am\u00e9nagements sont valables pour l\u2019ann\u00e9e universitaire ou pour l\u2019ensemble du cycle de formation selon la situation de handicap.\u00a0<\/p>\n\n\n\n<p class=\"has-medium-font-size\"><strong>Quels sont les am\u00e9nagements possibles&nbsp;?<\/strong><\/p>\n\n\n\n<p class=\"has-medium-font-size\">Les am\u00e9nagements peuvent concerner&nbsp;:<\/p>\n\n\n\n<ul class=\"wp-block-list\">\n<li class=\"has-medium-font-size\">Les \u00e9tudes\u00a0: aides humaines, aides techniques comme l\u2019adaptation de documents, am\u00e9nagement du cursus sur deux ans\u2026<\/li>\n\n\n\n<li class=\"has-medium-font-size\">Les examens\u00a0: temps major\u00e9, r\u00e9gime sp\u00e9cial d\u2019\u00e9tudes, composition sur ordinateurs\u2026<\/li>\n\n\n\n<li class=\"has-medium-font-size\">La vie \u00e9tudiante\u00a0: carte coupe file, salles de repos\u2026<\/li>\n<\/ul>\n\n\n\n<p class=\"has-medium-font-size\"><strong>Ressource<\/strong><\/p>\n\n\n\n<p class=\"has-medium-font-size\"><a href=\"https:\/\/www.univ-tlse2.fr\/medias\/fichier\/guide-handicap-peh2024-num-maj161224v2_1734367298313-pdf?ID_FICHE=464176&amp;INLINE=FALSE\">Le guide de la communaut\u00e9 \u00e9tudiante en situation de handicap<\/a><\/p>\n\n\n\n<p class=\"has-medium-font-size\"><\/p>\n\n\n\n<p><\/p>\n\n\n\n<div class=\"wp-block-atomic-blocks-ab-accordion ab-block-accordion ab-font-size-24\"><details open><summary class=\"ab-accordion-title\"><sup><img loading=\"lazy\" decoding=\"async\" width=\"4231\" height=\"3401\" class=\"wp-image-2269\" style=\"width: 30px\" src=\"https:\/\/blogs.univ-tlse2.fr\/mes-premiers-pas\/files\/2023\/09\/Contact-service-Rouge.png\" alt=\"\" srcset=\"https:\/\/blogs.univ-tlse2.fr\/mes-premiers-pas\/files\/2023\/09\/Contact-service-Rouge.png 4231w, https:\/\/blogs.univ-tlse2.fr\/mes-premiers-pas\/files\/2023\/09\/Contact-service-Rouge-300x241.png 300w, https:\/\/blogs.univ-tlse2.fr\/mes-premiers-pas\/files\/2023\/09\/Contact-service-Rouge-1024x823.png 1024w, https:\/\/blogs.univ-tlse2.fr\/mes-premiers-pas\/files\/2023\/09\/Contact-service-Rouge-768x617.png 768w, https:\/\/blogs.univ-tlse2.fr\/mes-premiers-pas\/files\/2023\/09\/Contact-service-Rouge-1536x1235.png 1536w, https:\/\/blogs.univ-tlse2.fr\/mes-premiers-pas\/files\/2023\/09\/Contact-service-Rouge-2048x1646.png 2048w, https:\/\/blogs.univ-tlse2.fr\/mes-premiers-pas\/files\/2023\/09\/Contact-service-Rouge-500x402.png 500w, https:\/\/blogs.univ-tlse2.fr\/mes-premiers-pas\/files\/2023\/09\/Contact-service-Rouge-800x643.png 800w, https:\/\/blogs.univ-tlse2.fr\/mes-premiers-pas\/files\/2023\/09\/Contact-service-Rouge-1280x1029.png 1280w, https:\/\/blogs.univ-tlse2.fr\/mes-premiers-pas\/files\/2023\/09\/Contact-service-Rouge-1920x1543.png 1920w\" sizes=\"auto, (max-width: 4231px) 100vw, 4231px\" \/><\/sup><strong> <\/strong><strong>Division de la vie \u00e9tudiante (Dive)<\/strong><\/summary><div class=\"ab-accordion-text\">\n<p class=\"has-medium-font-size\"><strong>P\u00f4le des \u00e9tudiants en situation de handicap (PEH)<\/strong><br><sup><a href=\"https:\/\/blogs.univ-tlse2.fr\/mes-premiers-pas\/localisation-larche\/\"><img loading=\"lazy\" decoding=\"async\" width=\"5336\" height=\"5719\" class=\"wp-image-2252\" style=\"width: 20px\" src=\"https:\/\/blogs.univ-tlse2.fr\/mes-premiers-pas\/files\/2023\/09\/pointeur-VERT-1.png\" alt=\"\" srcset=\"https:\/\/blogs.univ-tlse2.fr\/mes-premiers-pas\/files\/2023\/09\/pointeur-VERT-1.png 5336w, https:\/\/blogs.univ-tlse2.fr\/mes-premiers-pas\/files\/2023\/09\/pointeur-VERT-1-280x300.png 280w, https:\/\/blogs.univ-tlse2.fr\/mes-premiers-pas\/files\/2023\/09\/pointeur-VERT-1-955x1024.png 955w, https:\/\/blogs.univ-tlse2.fr\/mes-premiers-pas\/files\/2023\/09\/pointeur-VERT-1-768x823.png 768w, https:\/\/blogs.univ-tlse2.fr\/mes-premiers-pas\/files\/2023\/09\/pointeur-VERT-1-1433x1536.png 1433w, https:\/\/blogs.univ-tlse2.fr\/mes-premiers-pas\/files\/2023\/09\/pointeur-VERT-1-1911x2048.png 1911w, https:\/\/blogs.univ-tlse2.fr\/mes-premiers-pas\/files\/2023\/09\/pointeur-VERT-1-500x536.png 500w, https:\/\/blogs.univ-tlse2.fr\/mes-premiers-pas\/files\/2023\/09\/pointeur-VERT-1-800x857.png 800w, https:\/\/blogs.univ-tlse2.fr\/mes-premiers-pas\/files\/2023\/09\/pointeur-VERT-1-1280x1372.png 1280w, https:\/\/blogs.univ-tlse2.fr\/mes-premiers-pas\/files\/2023\/09\/pointeur-VERT-1-1920x2058.png 1920w\" sizes=\"auto, (max-width: 5336px) 100vw, 5336px\" \/><\/a><\/sup><strong><a href=\"https:\/\/blogs.univ-tlse2.fr\/mes-premiers-pas\/localisation-larche\/\">Campus Mirail, b\u00e2t. L\u2019Arche<\/a>, bureaux AR 104,<\/strong> <strong>AR 015, AR 016, AR 018<\/strong><br>Du lundi au vendredi de 8h30 \u00e0 12h et de 13h30 \u00e0 16h<br><a href=\"&#x6d;&#x61;&#105;l&#x74;&#x6f;&#x3a;&#100;i&#x76;&#x65;&#x2d;&#112;e&#x68;&#x40;&#x75;&#110;i&#x76;&#x2d;&#x74;&#108;s&#x65;&#x32;&#x2e;&#102;r\" target=\"_blank\" rel=\"noreferrer noopener\">d&#105;&#x76;&#x65;-p&#x65;&#x68;&#64;u&#110;&#x69;&#x76;-&#116;&#x6c;&#x73;e2&#x2e;&#x66;r<\/a> &#8211; 05 61 50 40 68 ou 41 62 ou 45 80<\/p>\n<\/div><\/details><\/div>\n\n\n\n<div class=\"wp-block-buttons is-content-justification-right is-layout-flex wp-container-core-buttons-is-layout-765c4724 wp-block-buttons-is-layout-flex\">\n<div class=\"wp-block-button is-style-outline is-style-outline--2\"><a class=\"wp-block-button__link wp-element-button\" href=\"https:\/\/www.univ-tlse2.fr\/accueil\/etudiant-en-situation-de-handicap\" style=\"border-radius:0px\" target=\"_blank\" rel=\"noreferrer noopener\">www.univ-tlse2.fr<br>\u00c9tudiants en situation de handicap<\/a><\/div>\n<\/div>\n<\/div><\/details><\/div>\n\n\n\n<div class=\"wp-block-atomic-blocks-ab-accordion ab-block-accordion ab-font-size-24\"><details><summary class=\"ab-accordion-title\"><img loading=\"lazy\" decoding=\"async\" width=\"2864\" height=\"2033\" class=\"wp-image-2083\" style=\"width: 30px\" src=\"https:\/\/blogs.univ-tlse2.fr\/mes-premiers-pas\/files\/2023\/08\/Puce-Accordeon-Rouge.png\" alt=\"\" srcset=\"https:\/\/blogs.univ-tlse2.fr\/mes-premiers-pas\/files\/2023\/08\/Puce-Accordeon-Rouge.png 2864w, https:\/\/blogs.univ-tlse2.fr\/mes-premiers-pas\/files\/2023\/08\/Puce-Accordeon-Rouge-300x213.png 300w, https:\/\/blogs.univ-tlse2.fr\/mes-premiers-pas\/files\/2023\/08\/Puce-Accordeon-Rouge-1024x727.png 1024w, https:\/\/blogs.univ-tlse2.fr\/mes-premiers-pas\/files\/2023\/08\/Puce-Accordeon-Rouge-768x545.png 768w, https:\/\/blogs.univ-tlse2.fr\/mes-premiers-pas\/files\/2023\/08\/Puce-Accordeon-Rouge-1536x1090.png 1536w, https:\/\/blogs.univ-tlse2.fr\/mes-premiers-pas\/files\/2023\/08\/Puce-Accordeon-Rouge-2048x1454.png 2048w, https:\/\/blogs.univ-tlse2.fr\/mes-premiers-pas\/files\/2023\/08\/Puce-Accordeon-Rouge-500x355.png 500w, https:\/\/blogs.univ-tlse2.fr\/mes-premiers-pas\/files\/2023\/08\/Puce-Accordeon-Rouge-800x568.png 800w, https:\/\/blogs.univ-tlse2.fr\/mes-premiers-pas\/files\/2023\/08\/Puce-Accordeon-Rouge-1280x909.png 1280w, https:\/\/blogs.univ-tlse2.fr\/mes-premiers-pas\/files\/2023\/08\/Puce-Accordeon-Rouge-1920x1363.png 1920w\" sizes=\"auto, (max-width: 2864px) 100vw, 2864px\" \/><strong><mark style=\"background-color:#f2f2f2;color:#2d9f7b\" class=\"has-inline-color\">\u00c9tudiant\u00b7e\u00b7s sportif\u00b7ve\u00b7s de haut niveau<\/mark><\/strong><\/summary><div class=\"ab-accordion-text\">\n<p class=\"has-medium-font-size\">Les \u00e9tudiant\u00b7e\u00b7s souhaitant concilier leur pratique du sport de haut niveau et la poursuite d\u2019\u00e9tudes sup\u00e9rieures peuvent souscrire au statut d\u00e9di\u00e9. Il s\u2019agit d\u2019un contrat entre l\u2019universit\u00e9 et l\u2019\u00e9tudiant\u00b7e permettant l\u2019acc\u00e8s \u00e0 certaines modalit\u00e9s en r\u00e9ponse aux absences justifi\u00e9es par des comp\u00e9titions ou des stages officiels :<br><img loading=\"lazy\" decoding=\"async\" width=\"2668\" height=\"2861\" class=\"wp-image-2305\" style=\"width: 15px\" src=\"https:\/\/blogs.univ-tlse2.fr\/mes-premiers-pas\/files\/2023\/09\/Double-fleche-Noir.png\" alt=\"\" srcset=\"https:\/\/blogs.univ-tlse2.fr\/mes-premiers-pas\/files\/2023\/09\/Double-fleche-Noir.png 2668w, https:\/\/blogs.univ-tlse2.fr\/mes-premiers-pas\/files\/2023\/09\/Double-fleche-Noir-280x300.png 280w, https:\/\/blogs.univ-tlse2.fr\/mes-premiers-pas\/files\/2023\/09\/Double-fleche-Noir-955x1024.png 955w, https:\/\/blogs.univ-tlse2.fr\/mes-premiers-pas\/files\/2023\/09\/Double-fleche-Noir-768x824.png 768w, https:\/\/blogs.univ-tlse2.fr\/mes-premiers-pas\/files\/2023\/09\/Double-fleche-Noir-1432x1536.png 1432w, https:\/\/blogs.univ-tlse2.fr\/mes-premiers-pas\/files\/2023\/09\/Double-fleche-Noir-1910x2048.png 1910w, https:\/\/blogs.univ-tlse2.fr\/mes-premiers-pas\/files\/2023\/09\/Double-fleche-Noir-500x536.png 500w, https:\/\/blogs.univ-tlse2.fr\/mes-premiers-pas\/files\/2023\/09\/Double-fleche-Noir-800x858.png 800w, https:\/\/blogs.univ-tlse2.fr\/mes-premiers-pas\/files\/2023\/09\/Double-fleche-Noir-1280x1373.png 1280w, https:\/\/blogs.univ-tlse2.fr\/mes-premiers-pas\/files\/2023\/09\/Double-fleche-Noir-1920x2059.png 1920w\" sizes=\"auto, (max-width: 2668px) 100vw, 2668px\" \/> am\u00e9nagement de cursus (ESBNN \/ESHN)<br><img loading=\"lazy\" decoding=\"async\" width=\"2668\" height=\"2861\" class=\"wp-image-2305\" style=\"width: 15px\" src=\"https:\/\/blogs.univ-tlse2.fr\/mes-premiers-pas\/files\/2023\/09\/Double-fleche-Noir.png\" alt=\"\" srcset=\"https:\/\/blogs.univ-tlse2.fr\/mes-premiers-pas\/files\/2023\/09\/Double-fleche-Noir.png 2668w, https:\/\/blogs.univ-tlse2.fr\/mes-premiers-pas\/files\/2023\/09\/Double-fleche-Noir-280x300.png 280w, https:\/\/blogs.univ-tlse2.fr\/mes-premiers-pas\/files\/2023\/09\/Double-fleche-Noir-955x1024.png 955w, https:\/\/blogs.univ-tlse2.fr\/mes-premiers-pas\/files\/2023\/09\/Double-fleche-Noir-768x824.png 768w, https:\/\/blogs.univ-tlse2.fr\/mes-premiers-pas\/files\/2023\/09\/Double-fleche-Noir-1432x1536.png 1432w, https:\/\/blogs.univ-tlse2.fr\/mes-premiers-pas\/files\/2023\/09\/Double-fleche-Noir-1910x2048.png 1910w, https:\/\/blogs.univ-tlse2.fr\/mes-premiers-pas\/files\/2023\/09\/Double-fleche-Noir-500x536.png 500w, https:\/\/blogs.univ-tlse2.fr\/mes-premiers-pas\/files\/2023\/09\/Double-fleche-Noir-800x858.png 800w, https:\/\/blogs.univ-tlse2.fr\/mes-premiers-pas\/files\/2023\/09\/Double-fleche-Noir-1280x1373.png 1280w, https:\/\/blogs.univ-tlse2.fr\/mes-premiers-pas\/files\/2023\/09\/Double-fleche-Noir-1920x2059.png 1920w\" sizes=\"auto, (max-width: 2668px) 100vw, 2668px\" \/> enseignement \u00e0 distance gratuit (via le service d\u2019enseignement \u00e0 distance)<br><img loading=\"lazy\" decoding=\"async\" width=\"2668\" height=\"2861\" class=\"wp-image-2305\" style=\"width: 15px\" src=\"https:\/\/blogs.univ-tlse2.fr\/mes-premiers-pas\/files\/2023\/09\/Double-fleche-Noir.png\" alt=\"\" srcset=\"https:\/\/blogs.univ-tlse2.fr\/mes-premiers-pas\/files\/2023\/09\/Double-fleche-Noir.png 2668w, https:\/\/blogs.univ-tlse2.fr\/mes-premiers-pas\/files\/2023\/09\/Double-fleche-Noir-280x300.png 280w, https:\/\/blogs.univ-tlse2.fr\/mes-premiers-pas\/files\/2023\/09\/Double-fleche-Noir-955x1024.png 955w, https:\/\/blogs.univ-tlse2.fr\/mes-premiers-pas\/files\/2023\/09\/Double-fleche-Noir-768x824.png 768w, https:\/\/blogs.univ-tlse2.fr\/mes-premiers-pas\/files\/2023\/09\/Double-fleche-Noir-1432x1536.png 1432w, https:\/\/blogs.univ-tlse2.fr\/mes-premiers-pas\/files\/2023\/09\/Double-fleche-Noir-1910x2048.png 1910w, https:\/\/blogs.univ-tlse2.fr\/mes-premiers-pas\/files\/2023\/09\/Double-fleche-Noir-500x536.png 500w, https:\/\/blogs.univ-tlse2.fr\/mes-premiers-pas\/files\/2023\/09\/Double-fleche-Noir-800x858.png 800w, https:\/\/blogs.univ-tlse2.fr\/mes-premiers-pas\/files\/2023\/09\/Double-fleche-Noir-1280x1373.png 1280w, https:\/\/blogs.univ-tlse2.fr\/mes-premiers-pas\/files\/2023\/09\/Double-fleche-Noir-1920x2059.png 1920w\" sizes=\"auto, (max-width: 2668px) 100vw, 2668px\" \/> cours de rattrapage et reports d\u2019examens (ESBNN \/ESHN)<\/p>\n\n\n\n<p class=\"has-medium-font-size\"><img loading=\"lazy\" decoding=\"async\" width=\"5636\" height=\"5719\" class=\"wp-image-2212\" style=\"width: 20px\" src=\"https:\/\/blogs.univ-tlse2.fr\/mes-premiers-pas\/files\/2023\/09\/Double-fleche-Vert.png\" alt=\"\" srcset=\"https:\/\/blogs.univ-tlse2.fr\/mes-premiers-pas\/files\/2023\/09\/Double-fleche-Vert.png 5636w, https:\/\/blogs.univ-tlse2.fr\/mes-premiers-pas\/files\/2023\/09\/Double-fleche-Vert-296x300.png 296w, https:\/\/blogs.univ-tlse2.fr\/mes-premiers-pas\/files\/2023\/09\/Double-fleche-Vert-1009x1024.png 1009w, https:\/\/blogs.univ-tlse2.fr\/mes-premiers-pas\/files\/2023\/09\/Double-fleche-Vert-768x779.png 768w, https:\/\/blogs.univ-tlse2.fr\/mes-premiers-pas\/files\/2023\/09\/Double-fleche-Vert-1514x1536.png 1514w, https:\/\/blogs.univ-tlse2.fr\/mes-premiers-pas\/files\/2023\/09\/Double-fleche-Vert-2018x2048.png 2018w, https:\/\/blogs.univ-tlse2.fr\/mes-premiers-pas\/files\/2023\/09\/Double-fleche-Vert-500x507.png 500w, https:\/\/blogs.univ-tlse2.fr\/mes-premiers-pas\/files\/2023\/09\/Double-fleche-Vert-800x812.png 800w, https:\/\/blogs.univ-tlse2.fr\/mes-premiers-pas\/files\/2023\/09\/Double-fleche-Vert-1280x1299.png 1280w, https:\/\/blogs.univ-tlse2.fr\/mes-premiers-pas\/files\/2023\/09\/Double-fleche-Vert-1920x1948.png 1920w\" sizes=\"auto, (max-width: 5636px) 100vw, 5636px\" \/> La mise en place de ces modalit\u00e9s se fait gr\u00e2ce \u00e0 la collaboration d\u2019un\u00b7e tuteur ou tutrice p\u00e9dagogique sp\u00e9cifique \u00e0 chaque fili\u00e8re d\u2019\u00e9tude et permet de faciliter le cursus universitaire des \u00e9tudiant\u00b7e\u00b7s sportif\u00b7ve\u00b7s de bon niveau r\u00e9gional (ESBNR), national (ESBNN) ou sur liste minist\u00e9rielle (ESHN).<\/p>\n\n\n\n<p class=\"has-text-color has-medium-font-size\" style=\"color:#eb3a29\"><strong><sup><img loading=\"lazy\" decoding=\"async\" width=\"3524\" height=\"5719\" class=\"wp-image-2216\" style=\"width: 25px\" src=\"https:\/\/blogs.univ-tlse2.fr\/mes-premiers-pas\/files\/2023\/09\/A-Noter3.png\" alt=\"\" srcset=\"https:\/\/blogs.univ-tlse2.fr\/mes-premiers-pas\/files\/2023\/09\/A-Noter3.png 3524w, https:\/\/blogs.univ-tlse2.fr\/mes-premiers-pas\/files\/2023\/09\/A-Noter3-185x300.png 185w, https:\/\/blogs.univ-tlse2.fr\/mes-premiers-pas\/files\/2023\/09\/A-Noter3-631x1024.png 631w, https:\/\/blogs.univ-tlse2.fr\/mes-premiers-pas\/files\/2023\/09\/A-Noter3-768x1246.png 768w, https:\/\/blogs.univ-tlse2.fr\/mes-premiers-pas\/files\/2023\/09\/A-Noter3-946x1536.png 946w, https:\/\/blogs.univ-tlse2.fr\/mes-premiers-pas\/files\/2023\/09\/A-Noter3-1262x2048.png 1262w, https:\/\/blogs.univ-tlse2.fr\/mes-premiers-pas\/files\/2023\/09\/A-Noter3-500x811.png 500w, https:\/\/blogs.univ-tlse2.fr\/mes-premiers-pas\/files\/2023\/09\/A-Noter3-800x1298.png 800w, https:\/\/blogs.univ-tlse2.fr\/mes-premiers-pas\/files\/2023\/09\/A-Noter3-1280x2077.png 1280w, https:\/\/blogs.univ-tlse2.fr\/mes-premiers-pas\/files\/2023\/09\/A-Noter3-1920x3116.png 1920w\" sizes=\"auto, (max-width: 3524px) 100vw, 3524px\" \/><\/sup> Pour b\u00e9n\u00e9ficier de ce contrat, l\u2019\u00e9tudiant\u00b7e doit d\u00e9poser une candidature aupr\u00e8s du service universitaire d\u2019activit\u00e9s physiques et sportives (Suaps) en t\u00e9l\u00e9chargeant la fiche d\u00e9di\u00e9e sur le site internet du Suaps<\/strong> <strong>et l\u2019indiquer lors de la finalisation de son inscription (<a rel=\"noreferrer noopener\" href=\"https:\/\/blogs.univ-tlse2.fr\/mes-premiers-pas\/sinscrire-se-reinscrire\/\" data-type=\"page\" data-id=\"79\" target=\"_blank\">voir S\u2019inscrire, se r\u00e9inscrire<\/a>). Bien que valid\u00e9 automatiquement, si l\u2019\u00e9tudiant\u00b7e est inscrit\u00b7e sur les listes minist\u00e9rielles, le statut n\u2019est accord\u00e9 qu\u2019apr\u00e8s \u00e9tude de la candidature par une commission se r\u00e9unissant 3 fois au cours de l&rsquo;ann\u00e9e universitaire.<\/strong><\/p>\n\n\n\n<div class=\"wp-block-atomic-blocks-ab-accordion ab-block-accordion ab-font-size-24\"><details open><summary class=\"ab-accordion-title\"><sup><img loading=\"lazy\" decoding=\"async\" width=\"4231\" height=\"3401\" class=\"wp-image-2269\" style=\"width: 30px\" src=\"https:\/\/blogs.univ-tlse2.fr\/mes-premiers-pas\/files\/2023\/09\/Contact-service-Rouge.png\" alt=\"\" srcset=\"https:\/\/blogs.univ-tlse2.fr\/mes-premiers-pas\/files\/2023\/09\/Contact-service-Rouge.png 4231w, https:\/\/blogs.univ-tlse2.fr\/mes-premiers-pas\/files\/2023\/09\/Contact-service-Rouge-300x241.png 300w, https:\/\/blogs.univ-tlse2.fr\/mes-premiers-pas\/files\/2023\/09\/Contact-service-Rouge-1024x823.png 1024w, https:\/\/blogs.univ-tlse2.fr\/mes-premiers-pas\/files\/2023\/09\/Contact-service-Rouge-768x617.png 768w, https:\/\/blogs.univ-tlse2.fr\/mes-premiers-pas\/files\/2023\/09\/Contact-service-Rouge-1536x1235.png 1536w, https:\/\/blogs.univ-tlse2.fr\/mes-premiers-pas\/files\/2023\/09\/Contact-service-Rouge-2048x1646.png 2048w, https:\/\/blogs.univ-tlse2.fr\/mes-premiers-pas\/files\/2023\/09\/Contact-service-Rouge-500x402.png 500w, https:\/\/blogs.univ-tlse2.fr\/mes-premiers-pas\/files\/2023\/09\/Contact-service-Rouge-800x643.png 800w, https:\/\/blogs.univ-tlse2.fr\/mes-premiers-pas\/files\/2023\/09\/Contact-service-Rouge-1280x1029.png 1280w, https:\/\/blogs.univ-tlse2.fr\/mes-premiers-pas\/files\/2023\/09\/Contact-service-Rouge-1920x1543.png 1920w\" sizes=\"auto, (max-width: 4231px) 100vw, 4231px\" \/><\/sup> <strong>Service universitaire d\u2019activit\u00e9s physiques et sportives (Suaps)<\/strong><\/summary><div class=\"ab-accordion-text\">\n<p class=\"has-medium-font-size\"><sup><a href=\"https:\/\/blogs.univ-tlse2.fr\/mes-premiers-pas\/localisation-le-gymnase\/\"><img loading=\"lazy\" decoding=\"async\" width=\"5336\" height=\"5719\" class=\"wp-image-2252\" style=\"width: 20px\" src=\"https:\/\/blogs.univ-tlse2.fr\/mes-premiers-pas\/files\/2023\/09\/pointeur-VERT-1.png\" alt=\"\" srcset=\"https:\/\/blogs.univ-tlse2.fr\/mes-premiers-pas\/files\/2023\/09\/pointeur-VERT-1.png 5336w, https:\/\/blogs.univ-tlse2.fr\/mes-premiers-pas\/files\/2023\/09\/pointeur-VERT-1-280x300.png 280w, https:\/\/blogs.univ-tlse2.fr\/mes-premiers-pas\/files\/2023\/09\/pointeur-VERT-1-955x1024.png 955w, https:\/\/blogs.univ-tlse2.fr\/mes-premiers-pas\/files\/2023\/09\/pointeur-VERT-1-768x823.png 768w, https:\/\/blogs.univ-tlse2.fr\/mes-premiers-pas\/files\/2023\/09\/pointeur-VERT-1-1433x1536.png 1433w, https:\/\/blogs.univ-tlse2.fr\/mes-premiers-pas\/files\/2023\/09\/pointeur-VERT-1-1911x2048.png 1911w, https:\/\/blogs.univ-tlse2.fr\/mes-premiers-pas\/files\/2023\/09\/pointeur-VERT-1-500x536.png 500w, https:\/\/blogs.univ-tlse2.fr\/mes-premiers-pas\/files\/2023\/09\/pointeur-VERT-1-800x857.png 800w, https:\/\/blogs.univ-tlse2.fr\/mes-premiers-pas\/files\/2023\/09\/pointeur-VERT-1-1280x1372.png 1280w, https:\/\/blogs.univ-tlse2.fr\/mes-premiers-pas\/files\/2023\/09\/pointeur-VERT-1-1920x2058.png 1920w\" sizes=\"auto, (max-width: 5336px) 100vw, 5336px\" \/><\/a><\/sup><strong><a href=\"https:\/\/blogs.univ-tlse2.fr\/mes-premiers-pas\/localisation-le-gymnase\/\">Campus Mirail, b\u00e2t. Le Gymnase<\/a><\/strong><br>Du lundi au jeudi de 9h30 \u00e0 11h30 et de 13h \u00e0 16h. Le vendredi de 9h30 \u00e0 11h30<br><a href=\"&#x6d;a&#x69;&#108;t&#x6f;:&#x73;&#104;n&#x40;u&#x6e;&#105;v&#x2d;t&#x6c;&#x73;e&#x32;&#46;f&#x72;\" target=\"_blank\" rel=\"noreferrer noopener\">&#115;&#x68;n&#x40;&#x75;&#110;&#x69;v&#x2d;&#x74;&#108;&#x73;e&#x32;&#x2e;&#102;&#x72;<\/a> &#8211; 05 61 50 41 14<\/p>\n<\/div><\/details><\/div>\n\n\n\n<div class=\"wp-block-buttons is-content-justification-right is-layout-flex wp-container-core-buttons-is-layout-765c4724 wp-block-buttons-is-layout-flex\">\n<div class=\"wp-block-button is-style-outline is-style-outline--3\"><a class=\"wp-block-button__link wp-element-button\" href=\"https:\/\/www.univ-tlse2.fr\/accueil\/vie-des-campus\/sport\/les-sportifs-de-haut-niveau\" style=\"border-radius:0px\" target=\"_blank\" rel=\"noreferrer noopener\">www.univ-tlse2.fr<br>Les sportifs de haut niveau<\/a><\/div>\n<\/div>\n<\/div><\/details><\/div>\n\n\n\n<div class=\"wp-block-atomic-blocks-ab-accordion ab-block-accordion ab-font-size-24\"><details><summary class=\"ab-accordion-title\"><img loading=\"lazy\" decoding=\"async\" width=\"2864\" height=\"2033\" class=\"wp-image-2083\" style=\"width: 30px\" src=\"https:\/\/blogs.univ-tlse2.fr\/mes-premiers-pas\/files\/2023\/08\/Puce-Accordeon-Rouge.png\" alt=\"\" srcset=\"https:\/\/blogs.univ-tlse2.fr\/mes-premiers-pas\/files\/2023\/08\/Puce-Accordeon-Rouge.png 2864w, https:\/\/blogs.univ-tlse2.fr\/mes-premiers-pas\/files\/2023\/08\/Puce-Accordeon-Rouge-300x213.png 300w, https:\/\/blogs.univ-tlse2.fr\/mes-premiers-pas\/files\/2023\/08\/Puce-Accordeon-Rouge-1024x727.png 1024w, https:\/\/blogs.univ-tlse2.fr\/mes-premiers-pas\/files\/2023\/08\/Puce-Accordeon-Rouge-768x545.png 768w, https:\/\/blogs.univ-tlse2.fr\/mes-premiers-pas\/files\/2023\/08\/Puce-Accordeon-Rouge-1536x1090.png 1536w, https:\/\/blogs.univ-tlse2.fr\/mes-premiers-pas\/files\/2023\/08\/Puce-Accordeon-Rouge-2048x1454.png 2048w, https:\/\/blogs.univ-tlse2.fr\/mes-premiers-pas\/files\/2023\/08\/Puce-Accordeon-Rouge-500x355.png 500w, https:\/\/blogs.univ-tlse2.fr\/mes-premiers-pas\/files\/2023\/08\/Puce-Accordeon-Rouge-800x568.png 800w, https:\/\/blogs.univ-tlse2.fr\/mes-premiers-pas\/files\/2023\/08\/Puce-Accordeon-Rouge-1280x909.png 1280w, https:\/\/blogs.univ-tlse2.fr\/mes-premiers-pas\/files\/2023\/08\/Puce-Accordeon-Rouge-1920x1363.png 1920w\" sizes=\"auto, (max-width: 2864px) 100vw, 2864px\" \/><strong><mark style=\"background-color:#f2f2f2;color:#2d9f7b\" class=\"has-inline-color\">\u00c9tudiant\u00b7e\u00b7s entrepreneur\u00b7e\u00b7s<\/mark><\/strong><\/summary><div class=\"ab-accordion-text\">\n<p class=\"has-medium-font-size\">L\u2019Universit\u00e9 Toulouse &#8211; Jean Jaur\u00e8s soutient et accompagne les \u00e9tudiant\u00b7e\u00b7s et les jeunes dipl\u00f4m\u00e9\u00b7e\u00b7s qui souhaitent d\u00e9velopper un projet de cr\u00e9ation d\u2019entreprise, quels que soient leur parcours et sp\u00e9cialisation. <br>Elle est engag\u00e9e dans diff\u00e9rents dispositifs dont le Pepite (p\u00f4le \u00e9tudiant pour l\u2019innovation, le transfert et l\u2019entrepreneuriat) de l&rsquo;universit\u00e9 de Toulouse.<br><br><strong>Ce dernier permet d\u2019acc\u00e9der :<\/strong><br><img loading=\"lazy\" decoding=\"async\" width=\"2668\" height=\"2861\" class=\"wp-image-2305\" style=\"width: 15px\" src=\"https:\/\/blogs.univ-tlse2.fr\/mes-premiers-pas\/files\/2023\/09\/Double-fleche-Noir.png\" alt=\"\" srcset=\"https:\/\/blogs.univ-tlse2.fr\/mes-premiers-pas\/files\/2023\/09\/Double-fleche-Noir.png 2668w, https:\/\/blogs.univ-tlse2.fr\/mes-premiers-pas\/files\/2023\/09\/Double-fleche-Noir-280x300.png 280w, https:\/\/blogs.univ-tlse2.fr\/mes-premiers-pas\/files\/2023\/09\/Double-fleche-Noir-955x1024.png 955w, https:\/\/blogs.univ-tlse2.fr\/mes-premiers-pas\/files\/2023\/09\/Double-fleche-Noir-768x824.png 768w, https:\/\/blogs.univ-tlse2.fr\/mes-premiers-pas\/files\/2023\/09\/Double-fleche-Noir-1432x1536.png 1432w, https:\/\/blogs.univ-tlse2.fr\/mes-premiers-pas\/files\/2023\/09\/Double-fleche-Noir-1910x2048.png 1910w, https:\/\/blogs.univ-tlse2.fr\/mes-premiers-pas\/files\/2023\/09\/Double-fleche-Noir-500x536.png 500w, https:\/\/blogs.univ-tlse2.fr\/mes-premiers-pas\/files\/2023\/09\/Double-fleche-Noir-800x858.png 800w, https:\/\/blogs.univ-tlse2.fr\/mes-premiers-pas\/files\/2023\/09\/Double-fleche-Noir-1280x1373.png 1280w, https:\/\/blogs.univ-tlse2.fr\/mes-premiers-pas\/files\/2023\/09\/Double-fleche-Noir-1920x2059.png 1920w\" sizes=\"auto, (max-width: 2668px) 100vw, 2668px\" \/> au statut national d\u2019\u00e9tudiant-entrepreneur (<a href=\"https:\/\/pepite-ecrin.pepitizy.fr\/fr\">SNEE<\/a>),<br><img loading=\"lazy\" decoding=\"async\" width=\"2668\" height=\"2861\" class=\"wp-image-2305\" style=\"width: 15px\" src=\"https:\/\/blogs.univ-tlse2.fr\/mes-premiers-pas\/files\/2023\/09\/Double-fleche-Noir.png\" alt=\"\" srcset=\"https:\/\/blogs.univ-tlse2.fr\/mes-premiers-pas\/files\/2023\/09\/Double-fleche-Noir.png 2668w, https:\/\/blogs.univ-tlse2.fr\/mes-premiers-pas\/files\/2023\/09\/Double-fleche-Noir-280x300.png 280w, https:\/\/blogs.univ-tlse2.fr\/mes-premiers-pas\/files\/2023\/09\/Double-fleche-Noir-955x1024.png 955w, https:\/\/blogs.univ-tlse2.fr\/mes-premiers-pas\/files\/2023\/09\/Double-fleche-Noir-768x824.png 768w, https:\/\/blogs.univ-tlse2.fr\/mes-premiers-pas\/files\/2023\/09\/Double-fleche-Noir-1432x1536.png 1432w, https:\/\/blogs.univ-tlse2.fr\/mes-premiers-pas\/files\/2023\/09\/Double-fleche-Noir-1910x2048.png 1910w, https:\/\/blogs.univ-tlse2.fr\/mes-premiers-pas\/files\/2023\/09\/Double-fleche-Noir-500x536.png 500w, https:\/\/blogs.univ-tlse2.fr\/mes-premiers-pas\/files\/2023\/09\/Double-fleche-Noir-800x858.png 800w, https:\/\/blogs.univ-tlse2.fr\/mes-premiers-pas\/files\/2023\/09\/Double-fleche-Noir-1280x1373.png 1280w, https:\/\/blogs.univ-tlse2.fr\/mes-premiers-pas\/files\/2023\/09\/Double-fleche-Noir-1920x2059.png 1920w\" sizes=\"auto, (max-width: 2668px) 100vw, 2668px\" \/> au dipl\u00f4me universitaire d\u2019\u00e9tudiant entrepreneur (<a href=\"https:\/\/pepite-ecrin.pepitizy.fr\/fr\">D2E<\/a>)<\/p>\n\n\n\n<p class=\"has-text-color has-medium-font-size\" style=\"color:#eb3a29\"><strong><sup><img loading=\"lazy\" decoding=\"async\" width=\"3524\" height=\"5719\" class=\"wp-image-2216\" style=\"width: 25px\" src=\"https:\/\/blogs.univ-tlse2.fr\/mes-premiers-pas\/files\/2023\/09\/A-Noter3.png\" alt=\"\" srcset=\"https:\/\/blogs.univ-tlse2.fr\/mes-premiers-pas\/files\/2023\/09\/A-Noter3.png 3524w, https:\/\/blogs.univ-tlse2.fr\/mes-premiers-pas\/files\/2023\/09\/A-Noter3-185x300.png 185w, https:\/\/blogs.univ-tlse2.fr\/mes-premiers-pas\/files\/2023\/09\/A-Noter3-631x1024.png 631w, https:\/\/blogs.univ-tlse2.fr\/mes-premiers-pas\/files\/2023\/09\/A-Noter3-768x1246.png 768w, https:\/\/blogs.univ-tlse2.fr\/mes-premiers-pas\/files\/2023\/09\/A-Noter3-946x1536.png 946w, https:\/\/blogs.univ-tlse2.fr\/mes-premiers-pas\/files\/2023\/09\/A-Noter3-1262x2048.png 1262w, https:\/\/blogs.univ-tlse2.fr\/mes-premiers-pas\/files\/2023\/09\/A-Noter3-500x811.png 500w, https:\/\/blogs.univ-tlse2.fr\/mes-premiers-pas\/files\/2023\/09\/A-Noter3-800x1298.png 800w, https:\/\/blogs.univ-tlse2.fr\/mes-premiers-pas\/files\/2023\/09\/A-Noter3-1280x2077.png 1280w, https:\/\/blogs.univ-tlse2.fr\/mes-premiers-pas\/files\/2023\/09\/A-Noter3-1920x3116.png 1920w\" sizes=\"auto, (max-width: 3524px) 100vw, 3524px\" \/><\/sup><\/strong> <strong>En amont, l\u2019UT2J propose des actions de sensibilisation \u00e0 tou\u00b7te\u00b7s les \u00e9tudiant\u00b7e\u00b7s et jeunes dipl\u00f4m\u00e9\u00b7e\u00b7s de l\u2019universit\u00e9, sur le campus Mirail, Figeac, Foix, Montauban et Blagnac : <br><img loading=\"lazy\" decoding=\"async\" width=\"2668\" height=\"2861\" class=\"wp-image-2305\" style=\"width: 15px\" src=\"https:\/\/blogs.univ-tlse2.fr\/mes-premiers-pas\/files\/2023\/09\/Double-fleche-Noir.png\" alt=\"\" srcset=\"https:\/\/blogs.univ-tlse2.fr\/mes-premiers-pas\/files\/2023\/09\/Double-fleche-Noir.png 2668w, https:\/\/blogs.univ-tlse2.fr\/mes-premiers-pas\/files\/2023\/09\/Double-fleche-Noir-280x300.png 280w, https:\/\/blogs.univ-tlse2.fr\/mes-premiers-pas\/files\/2023\/09\/Double-fleche-Noir-955x1024.png 955w, https:\/\/blogs.univ-tlse2.fr\/mes-premiers-pas\/files\/2023\/09\/Double-fleche-Noir-768x824.png 768w, https:\/\/blogs.univ-tlse2.fr\/mes-premiers-pas\/files\/2023\/09\/Double-fleche-Noir-1432x1536.png 1432w, https:\/\/blogs.univ-tlse2.fr\/mes-premiers-pas\/files\/2023\/09\/Double-fleche-Noir-1910x2048.png 1910w, https:\/\/blogs.univ-tlse2.fr\/mes-premiers-pas\/files\/2023\/09\/Double-fleche-Noir-500x536.png 500w, https:\/\/blogs.univ-tlse2.fr\/mes-premiers-pas\/files\/2023\/09\/Double-fleche-Noir-800x858.png 800w, https:\/\/blogs.univ-tlse2.fr\/mes-premiers-pas\/files\/2023\/09\/Double-fleche-Noir-1280x1373.png 1280w, https:\/\/blogs.univ-tlse2.fr\/mes-premiers-pas\/files\/2023\/09\/Double-fleche-Noir-1920x2059.png 1920w\" sizes=\"auto, (max-width: 2668px) 100vw, 2668px\" \/> des rendez-vous individuels avec les r\u00e9f\u00e9rentes UT2J<br><img loading=\"lazy\" decoding=\"async\" width=\"2668\" height=\"2861\" class=\"wp-image-2305\" style=\"width: 15px\" src=\"https:\/\/blogs.univ-tlse2.fr\/mes-premiers-pas\/files\/2023\/09\/Double-fleche-Noir.png\" alt=\"\" srcset=\"https:\/\/blogs.univ-tlse2.fr\/mes-premiers-pas\/files\/2023\/09\/Double-fleche-Noir.png 2668w, https:\/\/blogs.univ-tlse2.fr\/mes-premiers-pas\/files\/2023\/09\/Double-fleche-Noir-280x300.png 280w, https:\/\/blogs.univ-tlse2.fr\/mes-premiers-pas\/files\/2023\/09\/Double-fleche-Noir-955x1024.png 955w, https:\/\/blogs.univ-tlse2.fr\/mes-premiers-pas\/files\/2023\/09\/Double-fleche-Noir-768x824.png 768w, https:\/\/blogs.univ-tlse2.fr\/mes-premiers-pas\/files\/2023\/09\/Double-fleche-Noir-1432x1536.png 1432w, https:\/\/blogs.univ-tlse2.fr\/mes-premiers-pas\/files\/2023\/09\/Double-fleche-Noir-1910x2048.png 1910w, https:\/\/blogs.univ-tlse2.fr\/mes-premiers-pas\/files\/2023\/09\/Double-fleche-Noir-500x536.png 500w, https:\/\/blogs.univ-tlse2.fr\/mes-premiers-pas\/files\/2023\/09\/Double-fleche-Noir-800x858.png 800w, https:\/\/blogs.univ-tlse2.fr\/mes-premiers-pas\/files\/2023\/09\/Double-fleche-Noir-1280x1373.png 1280w, https:\/\/blogs.univ-tlse2.fr\/mes-premiers-pas\/files\/2023\/09\/Double-fleche-Noir-1920x2059.png 1920w\" sizes=\"auto, (max-width: 2668px) 100vw, 2668px\" \/> des rencontres et interventions anim\u00e9es par des professionnels ext\u00e9rieurs et porteurs de projet<br><img loading=\"lazy\" decoding=\"async\" width=\"2668\" height=\"2861\" class=\"wp-image-2305\" style=\"width: 15px\" src=\"https:\/\/blogs.univ-tlse2.fr\/mes-premiers-pas\/files\/2023\/09\/Double-fleche-Noir.png\" alt=\"\" srcset=\"https:\/\/blogs.univ-tlse2.fr\/mes-premiers-pas\/files\/2023\/09\/Double-fleche-Noir.png 2668w, https:\/\/blogs.univ-tlse2.fr\/mes-premiers-pas\/files\/2023\/09\/Double-fleche-Noir-280x300.png 280w, https:\/\/blogs.univ-tlse2.fr\/mes-premiers-pas\/files\/2023\/09\/Double-fleche-Noir-955x1024.png 955w, https:\/\/blogs.univ-tlse2.fr\/mes-premiers-pas\/files\/2023\/09\/Double-fleche-Noir-768x824.png 768w, https:\/\/blogs.univ-tlse2.fr\/mes-premiers-pas\/files\/2023\/09\/Double-fleche-Noir-1432x1536.png 1432w, https:\/\/blogs.univ-tlse2.fr\/mes-premiers-pas\/files\/2023\/09\/Double-fleche-Noir-1910x2048.png 1910w, https:\/\/blogs.univ-tlse2.fr\/mes-premiers-pas\/files\/2023\/09\/Double-fleche-Noir-500x536.png 500w, https:\/\/blogs.univ-tlse2.fr\/mes-premiers-pas\/files\/2023\/09\/Double-fleche-Noir-800x858.png 800w, https:\/\/blogs.univ-tlse2.fr\/mes-premiers-pas\/files\/2023\/09\/Double-fleche-Noir-1280x1373.png 1280w, https:\/\/blogs.univ-tlse2.fr\/mes-premiers-pas\/files\/2023\/09\/Double-fleche-Noir-1920x2059.png 1920w\" sizes=\"auto, (max-width: 2668px) 100vw, 2668px\" \/> des concours pour tester leur projet de cr\u00e9ation d\u2019activit\u00e9<br><br><img loading=\"lazy\" decoding=\"async\" width=\"5636\" height=\"5719\" class=\"wp-image-2212\" style=\"width: 20px\" src=\"https:\/\/blogs.univ-tlse2.fr\/mes-premiers-pas\/files\/2023\/09\/Double-fleche-Vert.png\" alt=\"\" srcset=\"https:\/\/blogs.univ-tlse2.fr\/mes-premiers-pas\/files\/2023\/09\/Double-fleche-Vert.png 5636w, https:\/\/blogs.univ-tlse2.fr\/mes-premiers-pas\/files\/2023\/09\/Double-fleche-Vert-296x300.png 296w, https:\/\/blogs.univ-tlse2.fr\/mes-premiers-pas\/files\/2023\/09\/Double-fleche-Vert-1009x1024.png 1009w, https:\/\/blogs.univ-tlse2.fr\/mes-premiers-pas\/files\/2023\/09\/Double-fleche-Vert-768x779.png 768w, https:\/\/blogs.univ-tlse2.fr\/mes-premiers-pas\/files\/2023\/09\/Double-fleche-Vert-1514x1536.png 1514w, https:\/\/blogs.univ-tlse2.fr\/mes-premiers-pas\/files\/2023\/09\/Double-fleche-Vert-2018x2048.png 2018w, https:\/\/blogs.univ-tlse2.fr\/mes-premiers-pas\/files\/2023\/09\/Double-fleche-Vert-500x507.png 500w, https:\/\/blogs.univ-tlse2.fr\/mes-premiers-pas\/files\/2023\/09\/Double-fleche-Vert-800x812.png 800w, https:\/\/blogs.univ-tlse2.fr\/mes-premiers-pas\/files\/2023\/09\/Double-fleche-Vert-1280x1299.png 1280w, https:\/\/blogs.univ-tlse2.fr\/mes-premiers-pas\/files\/2023\/09\/Double-fleche-Vert-1920x1948.png 1920w\" sizes=\"auto, (max-width: 5636px) 100vw, 5636px\" \/> Toutes les actualit\u00e9s du dispositif sont disponibles sur le portail <a href=\"https:\/\/www.boussole.univ-tlse2.fr\/index.php?lvl=cmspage&amp;pageid=13&amp;id_rubrique=175\">La Boussole<\/a><\/strong><\/p>\n\n\n\n<div class=\"wp-block-atomic-blocks-ab-accordion ab-block-accordion ab-font-size-24\"><details open><summary class=\"ab-accordion-title\"><sup><img loading=\"lazy\" decoding=\"async\" width=\"4231\" height=\"3401\" class=\"wp-image-2269\" style=\"width: 30px\" src=\"https:\/\/blogs.univ-tlse2.fr\/mes-premiers-pas\/files\/2023\/09\/Contact-service-Rouge.png\" alt=\"\" srcset=\"https:\/\/blogs.univ-tlse2.fr\/mes-premiers-pas\/files\/2023\/09\/Contact-service-Rouge.png 4231w, https:\/\/blogs.univ-tlse2.fr\/mes-premiers-pas\/files\/2023\/09\/Contact-service-Rouge-300x241.png 300w, https:\/\/blogs.univ-tlse2.fr\/mes-premiers-pas\/files\/2023\/09\/Contact-service-Rouge-1024x823.png 1024w, https:\/\/blogs.univ-tlse2.fr\/mes-premiers-pas\/files\/2023\/09\/Contact-service-Rouge-768x617.png 768w, https:\/\/blogs.univ-tlse2.fr\/mes-premiers-pas\/files\/2023\/09\/Contact-service-Rouge-1536x1235.png 1536w, https:\/\/blogs.univ-tlse2.fr\/mes-premiers-pas\/files\/2023\/09\/Contact-service-Rouge-2048x1646.png 2048w, https:\/\/blogs.univ-tlse2.fr\/mes-premiers-pas\/files\/2023\/09\/Contact-service-Rouge-500x402.png 500w, https:\/\/blogs.univ-tlse2.fr\/mes-premiers-pas\/files\/2023\/09\/Contact-service-Rouge-800x643.png 800w, https:\/\/blogs.univ-tlse2.fr\/mes-premiers-pas\/files\/2023\/09\/Contact-service-Rouge-1280x1029.png 1280w, https:\/\/blogs.univ-tlse2.fr\/mes-premiers-pas\/files\/2023\/09\/Contact-service-Rouge-1920x1543.png 1920w\" sizes=\"auto, (max-width: 4231px) 100vw, 4231px\" \/><\/sup> <strong>Service commun universitaire d\u2019information, d\u2019orientation et d\u2019insertion professionnelle (Scuio-IP)<\/strong><\/summary><div class=\"ab-accordion-text\">\n<p class=\"has-medium-font-size\"><a href=\"https:\/\/blogs.univ-tlse2.fr\/mes-premiers-pas\/localisation-universite-ouverte\/\"><sup><img loading=\"lazy\" decoding=\"async\" width=\"5336\" height=\"5719\" class=\"wp-image-2252\" style=\"width: 20px\" src=\"https:\/\/blogs.univ-tlse2.fr\/mes-premiers-pas\/files\/2023\/09\/pointeur-VERT-1.png\" alt=\"\" srcset=\"https:\/\/blogs.univ-tlse2.fr\/mes-premiers-pas\/files\/2023\/09\/pointeur-VERT-1.png 5336w, https:\/\/blogs.univ-tlse2.fr\/mes-premiers-pas\/files\/2023\/09\/pointeur-VERT-1-280x300.png 280w, https:\/\/blogs.univ-tlse2.fr\/mes-premiers-pas\/files\/2023\/09\/pointeur-VERT-1-955x1024.png 955w, https:\/\/blogs.univ-tlse2.fr\/mes-premiers-pas\/files\/2023\/09\/pointeur-VERT-1-768x823.png 768w, https:\/\/blogs.univ-tlse2.fr\/mes-premiers-pas\/files\/2023\/09\/pointeur-VERT-1-1433x1536.png 1433w, https:\/\/blogs.univ-tlse2.fr\/mes-premiers-pas\/files\/2023\/09\/pointeur-VERT-1-1911x2048.png 1911w, https:\/\/blogs.univ-tlse2.fr\/mes-premiers-pas\/files\/2023\/09\/pointeur-VERT-1-500x536.png 500w, https:\/\/blogs.univ-tlse2.fr\/mes-premiers-pas\/files\/2023\/09\/pointeur-VERT-1-800x857.png 800w, https:\/\/blogs.univ-tlse2.fr\/mes-premiers-pas\/files\/2023\/09\/pointeur-VERT-1-1280x1372.png 1280w, https:\/\/blogs.univ-tlse2.fr\/mes-premiers-pas\/files\/2023\/09\/pointeur-VERT-1-1920x2058.png 1920w\" sizes=\"auto, (max-width: 5336px) 100vw, 5336px\" \/><\/sup> <strong>Campus Mirail, b\u00e2t. Universit\u00e9 Ouverte<\/strong><\/a><br>R\u00e9f\u00e9rentes entrepreneuriat :<br>Danielle Deymier &#8211; 06 32 10 45 57<br>Samantha Jacquet &#8211; 05 61 50 38 64<\/p>\n\n\n\n<p class=\"has-medium-font-size\"><a href=\"m&#97;&#x69;&#x6c;t&#111;&#x3a;&#x65;n&#116;&#x72;&#x65;p&#114;&#x65;&#x6e;e&#117;&#x72;&#x69;a&#116;&#x40;&#x75;n&#105;&#x76;&#x2d;t&#108;&#x73;&#x65;2&#46;&#x66;&#x72;\">e&#x6e;t&#114;&#x65;p&#x72;e&#110;&#x65;u&#x72;&#x69;a&#x74;&#64;&#117;&#x6e;i&#x76;&#x2d;t&#x6c;s&#101;&#x32;&#46;&#x66;r<\/a><\/p>\n<\/div><\/details><\/div>\n<\/div><\/details><\/div>\n","protected":false},"excerpt":{"rendered":"<p>L\u2019UT2J accompagne le parcours de tou\u00b7te\u00b7s les \u00e9tudiant\u00b7e\u00b7s \u00e0 l\u2019aide de diff\u00e9rents dispositifs et d\u2019interlocuteurs privil\u00e9gi\u00e9s afin de r\u00e9pondre aux particularit\u00e9s de chaque \u00e9tudiant\u00b7e.<\/p>\n","protected":false},"author":1145,"featured_media":0,"parent":0,"menu_order":0,"comment_status":"closed","ping_status":"closed","template":"","meta":{"_vp_format_video_url":"","_vp_image_focal_point":[],"footnotes":"","_links_to":"","_links_to_target":""},"class_list":["post-103","page","type-page","status-publish","hentry","entry"],"featured_image_src":null,"featured_image_src_square":null,"_links":{"self":[{"href":"https:\/\/blogs.univ-tlse2.fr\/mes-premiers-pas\/wp-json\/wp\/v2\/pages\/103","targetHints":{"allow":["GET"]}}],"collection":[{"href":"https:\/\/blogs.univ-tlse2.fr\/mes-premiers-pas\/wp-json\/wp\/v2\/pages"}],"about":[{"href":"https:\/\/blogs.univ-tlse2.fr\/mes-premiers-pas\/wp-json\/wp\/v2\/types\/page"}],"author":[{"embeddable":true,"href":"https:\/\/blogs.univ-tlse2.fr\/mes-premiers-pas\/wp-json\/wp\/v2\/users\/1145"}],"replies":[{"embeddable":true,"href":"https:\/\/blogs.univ-tlse2.fr\/mes-premiers-pas\/wp-json\/wp\/v2\/comments?post=103"}],"version-history":[{"count":60,"href":"https:\/\/blogs.univ-tlse2.fr\/mes-premiers-pas\/wp-json\/wp\/v2\/pages\/103\/revisions"}],"predecessor-version":[{"id":3719,"href":"https:\/\/blogs.univ-tlse2.fr\/mes-premiers-pas\/wp-json\/wp\/v2\/pages\/103\/revisions\/3719"}],"wp:attachment":[{"href":"https:\/\/blogs.univ-tlse2.fr\/mes-premiers-pas\/wp-json\/wp\/v2\/media?parent=103"}],"curies":[{"name":"wp","href":"https:\/\/api.w.org\/{rel}","templated":true}]}}