 {"id":1313,"date":"2022-08-22T16:40:11","date_gmt":"2022-08-22T14:40:11","guid":{"rendered":"https:\/\/blogs.univ-tlse2.fr\/mes-premiers-pas\/?page_id=1313"},"modified":"2023-12-18T16:58:02","modified_gmt":"2023-12-18T15:58:02","slug":"les-ecoles-doctorales","status":"publish","type":"page","link":"https:\/\/blogs.univ-tlse2.fr\/mes-premiers-pas\/les-ecoles-doctorales\/","title":{"rendered":"Les \u00e9coles doctorales"},"content":{"rendered":"\n<h1 class=\"wp-block-heading has-text-align-center has-white-color has-text-color has-background\" style=\"background-color:#497db7;text-transform:uppercase\">Les \u00e9coles doctorales<\/h1>\n\n\n\n<p class=\"has-medium-font-size\">Les \u00e9coles doctorales organisent la formation doctorale. Cette derni\u00e8re conduit, apr\u00e8s soutenance de th\u00e8se, \u00e0 l&rsquo;obtention du grade de docteur d\u00e9livr\u00e9 par l&rsquo;UT2J. L&rsquo;universit\u00e9 compte :<\/p>\n\n\n\n<h4 class=\"wp-block-heading has-text-color\" style=\"color:#497db7;font-size:23px\"><strong>3 \u00e9coles doctorales :<\/strong><\/h4>\n\n\n\n<ul class=\"has-medium-font-size wp-block-list\">\n<li class=\"has-medium-font-size\"><a rel=\"noreferrer noopener\" href=\"https:\/\/allpha.univ-tlse2.fr\/\" target=\"_blank\">Allph@<\/a> (Arts, lettres, langues, philosophie, communication)<\/li>\n\n\n\n<li class=\"has-medium-font-size\"><a href=\"https:\/\/clesco.univ-tlse2.fr\/\" target=\"_blank\" rel=\"noreferrer noopener\">Clesco<\/a> (Comportement, langage, \u00e9ducation, socialisation, cognition)<\/li>\n\n\n\n<li class=\"has-medium-font-size\"><a href=\"https:\/\/tesc.univ-tlse2.fr\/\" target=\"_blank\" rel=\"noreferrer noopener\">Tesc<\/a> (Temps, espaces, soci\u00e9t\u00e9s, cultures)<\/li>\n<\/ul>\n\n\n\n<h4 class=\"wp-block-heading has-text-color\" style=\"color:#497db7;font-size:23px\"><strong>L&rsquo;UT2J est \u00e9galement l&rsquo;\u00e9tablissement de tutelle de 2 autres \u00e9coles doctorales \u00e0 titre secondaire :<\/strong><\/h4>\n\n\n\n<ul class=\"has-medium-font-size wp-block-list\">\n<li class=\"has-medium-font-size\"><a href=\"https:\/\/www.adum.fr\/as\/ed\/page.pl?site=edsys&amp;page=presentation\" target=\"_blank\" rel=\"noreferrer noopener\">EDSys<\/a> (\u00c9cole Doctorale Syst\u00e8mes)<\/li>\n\n\n\n<li class=\"has-medium-font-size\"><a href=\"https:\/\/www.adum.fr\/as\/ed\/page.pl?site=edmitt&amp;page=presentation\" target=\"_blank\" rel=\"noreferrer noopener\">MITT<\/a> (Math\u00e9matiques, Informatique, T\u00e9l\u00e9communications de Toulouse)<\/li>\n<\/ul>\n\n\n\n<h4 class=\"wp-block-heading has-text-color\" style=\"color:#497db7;font-size:23px\"><strong>1 service des \u00e9tudes doctorales :<\/strong><\/h4>\n\n\n\n<p class=\"has-medium-font-size\">Il g\u00e8re la scolarit\u00e9 des doctorant\u00b7es, la mise en place et le suivi des conventions de co-tutelles de th\u00e8se, l&rsquo;organisation de la formation doctorale, l&rsquo;aide \u00e0 l&rsquo;insertion professionnelle des docteur\u00b7e\u00b7s et coordonne le suivi des missions des \u00e9coles doctorales.<\/p>\n\n\n\n<div class=\"wp-block-atomic-blocks-ab-columns ab-layout-columns-1 one-column ab-has-custom-background-color\" style=\"background-color:#edb612\"><div class=\"ab-layout-column-wrap ab-block-layout-column-gap-2 ab-is-responsive-column\">\n<div class=\"wp-block-atomic-blocks-ab-column ab-block-layout-column\"><div class=\"ab-block-layout-column-inner\" style=\"padding-top:18px;padding-right:30px;padding-bottom:12px;padding-left:28px\">\n<h1 class=\"wp-block-heading has-text-align-center has-text-color\" style=\"color:#497db7\"><strong>Les<strong> missions d&rsquo;une \u00e9cole doctorale<\/strong><\/strong><\/h1>\n\n\n\n<p class=\"has-medium-font-size\"><img loading=\"lazy\" decoding=\"async\" width=\"5636\" height=\"5719\" class=\"wp-image-2211\" style=\"width: 20px\" src=\"https:\/\/blogs.univ-tlse2.fr\/mes-premiers-pas\/files\/2023\/09\/Double-fleche-Bleu.png\" alt=\"\" srcset=\"https:\/\/blogs.univ-tlse2.fr\/mes-premiers-pas\/files\/2023\/09\/Double-fleche-Bleu.png 5636w, https:\/\/blogs.univ-tlse2.fr\/mes-premiers-pas\/files\/2023\/09\/Double-fleche-Bleu-296x300.png 296w, https:\/\/blogs.univ-tlse2.fr\/mes-premiers-pas\/files\/2023\/09\/Double-fleche-Bleu-1009x1024.png 1009w, https:\/\/blogs.univ-tlse2.fr\/mes-premiers-pas\/files\/2023\/09\/Double-fleche-Bleu-768x779.png 768w, https:\/\/blogs.univ-tlse2.fr\/mes-premiers-pas\/files\/2023\/09\/Double-fleche-Bleu-1514x1536.png 1514w, https:\/\/blogs.univ-tlse2.fr\/mes-premiers-pas\/files\/2023\/09\/Double-fleche-Bleu-2018x2048.png 2018w, https:\/\/blogs.univ-tlse2.fr\/mes-premiers-pas\/files\/2023\/09\/Double-fleche-Bleu-500x507.png 500w, https:\/\/blogs.univ-tlse2.fr\/mes-premiers-pas\/files\/2023\/09\/Double-fleche-Bleu-800x812.png 800w, https:\/\/blogs.univ-tlse2.fr\/mes-premiers-pas\/files\/2023\/09\/Double-fleche-Bleu-1280x1299.png 1280w, https:\/\/blogs.univ-tlse2.fr\/mes-premiers-pas\/files\/2023\/09\/Double-fleche-Bleu-1920x1948.png 1920w\" sizes=\"auto, (max-width: 5636px) 100vw, 5636px\" \/> Elle propose aux doctorant\u00b7es les formations utiles \u00e0 leur projet de recherche, leur projet professionnel et celles n\u00e9cessaires \u00e0 l&rsquo;acquisition d&rsquo;une culture scientifique \u00e9largie.<\/p>\n\n\n\n<p class=\"has-medium-font-size\"><img loading=\"lazy\" decoding=\"async\" width=\"5636\" height=\"5719\" class=\"wp-image-2211\" style=\"width: 20px\" src=\"https:\/\/blogs.univ-tlse2.fr\/mes-premiers-pas\/files\/2023\/09\/Double-fleche-Bleu.png\" alt=\"\" srcset=\"https:\/\/blogs.univ-tlse2.fr\/mes-premiers-pas\/files\/2023\/09\/Double-fleche-Bleu.png 5636w, https:\/\/blogs.univ-tlse2.fr\/mes-premiers-pas\/files\/2023\/09\/Double-fleche-Bleu-296x300.png 296w, https:\/\/blogs.univ-tlse2.fr\/mes-premiers-pas\/files\/2023\/09\/Double-fleche-Bleu-1009x1024.png 1009w, https:\/\/blogs.univ-tlse2.fr\/mes-premiers-pas\/files\/2023\/09\/Double-fleche-Bleu-768x779.png 768w, https:\/\/blogs.univ-tlse2.fr\/mes-premiers-pas\/files\/2023\/09\/Double-fleche-Bleu-1514x1536.png 1514w, https:\/\/blogs.univ-tlse2.fr\/mes-premiers-pas\/files\/2023\/09\/Double-fleche-Bleu-2018x2048.png 2018w, https:\/\/blogs.univ-tlse2.fr\/mes-premiers-pas\/files\/2023\/09\/Double-fleche-Bleu-500x507.png 500w, https:\/\/blogs.univ-tlse2.fr\/mes-premiers-pas\/files\/2023\/09\/Double-fleche-Bleu-800x812.png 800w, https:\/\/blogs.univ-tlse2.fr\/mes-premiers-pas\/files\/2023\/09\/Double-fleche-Bleu-1280x1299.png 1280w, https:\/\/blogs.univ-tlse2.fr\/mes-premiers-pas\/files\/2023\/09\/Double-fleche-Bleu-1920x1948.png 1920w\" sizes=\"auto, (max-width: 5636px) 100vw, 5636px\" \/> Elle met en \u0153uvre une politique de recrutement de doctorant\u00b7es de haut niveau<\/p>\n\n\n\n<p class=\"has-medium-font-size\"><img loading=\"lazy\" decoding=\"async\" width=\"5636\" height=\"5719\" class=\"wp-image-2211\" style=\"width: 20px\" src=\"https:\/\/blogs.univ-tlse2.fr\/mes-premiers-pas\/files\/2023\/09\/Double-fleche-Bleu.png\" alt=\"\" srcset=\"https:\/\/blogs.univ-tlse2.fr\/mes-premiers-pas\/files\/2023\/09\/Double-fleche-Bleu.png 5636w, https:\/\/blogs.univ-tlse2.fr\/mes-premiers-pas\/files\/2023\/09\/Double-fleche-Bleu-296x300.png 296w, https:\/\/blogs.univ-tlse2.fr\/mes-premiers-pas\/files\/2023\/09\/Double-fleche-Bleu-1009x1024.png 1009w, https:\/\/blogs.univ-tlse2.fr\/mes-premiers-pas\/files\/2023\/09\/Double-fleche-Bleu-768x779.png 768w, https:\/\/blogs.univ-tlse2.fr\/mes-premiers-pas\/files\/2023\/09\/Double-fleche-Bleu-1514x1536.png 1514w, https:\/\/blogs.univ-tlse2.fr\/mes-premiers-pas\/files\/2023\/09\/Double-fleche-Bleu-2018x2048.png 2018w, https:\/\/blogs.univ-tlse2.fr\/mes-premiers-pas\/files\/2023\/09\/Double-fleche-Bleu-500x507.png 500w, https:\/\/blogs.univ-tlse2.fr\/mes-premiers-pas\/files\/2023\/09\/Double-fleche-Bleu-800x812.png 800w, https:\/\/blogs.univ-tlse2.fr\/mes-premiers-pas\/files\/2023\/09\/Double-fleche-Bleu-1280x1299.png 1280w, https:\/\/blogs.univ-tlse2.fr\/mes-premiers-pas\/files\/2023\/09\/Double-fleche-Bleu-1920x1948.png 1920w\" sizes=\"auto, (max-width: 5636px) 100vw, 5636px\" \/> Elle s&rsquo;assure de la qualit\u00e9 de l&rsquo;encadrement des doctorant\u00b7es par les laboratoires et \u00e9quipes de recherche, et veille au respect de <a href=\"https:\/\/www.univ-toulouse.fr\/sites\/default\/files\/chartedudoctorat.pdf\" target=\"_blank\" rel=\"noreferrer noopener\">la charte des th\u00e8ses de l&rsquo;Universit\u00e9 de Toulouse<\/a><\/p>\n\n\n\n<p class=\"has-medium-font-size\"><img loading=\"lazy\" decoding=\"async\" width=\"5636\" height=\"5719\" class=\"wp-image-2211\" style=\"width: 20px\" src=\"https:\/\/blogs.univ-tlse2.fr\/mes-premiers-pas\/files\/2023\/09\/Double-fleche-Bleu.png\" alt=\"\" srcset=\"https:\/\/blogs.univ-tlse2.fr\/mes-premiers-pas\/files\/2023\/09\/Double-fleche-Bleu.png 5636w, https:\/\/blogs.univ-tlse2.fr\/mes-premiers-pas\/files\/2023\/09\/Double-fleche-Bleu-296x300.png 296w, https:\/\/blogs.univ-tlse2.fr\/mes-premiers-pas\/files\/2023\/09\/Double-fleche-Bleu-1009x1024.png 1009w, https:\/\/blogs.univ-tlse2.fr\/mes-premiers-pas\/files\/2023\/09\/Double-fleche-Bleu-768x779.png 768w, https:\/\/blogs.univ-tlse2.fr\/mes-premiers-pas\/files\/2023\/09\/Double-fleche-Bleu-1514x1536.png 1514w, https:\/\/blogs.univ-tlse2.fr\/mes-premiers-pas\/files\/2023\/09\/Double-fleche-Bleu-2018x2048.png 2018w, https:\/\/blogs.univ-tlse2.fr\/mes-premiers-pas\/files\/2023\/09\/Double-fleche-Bleu-500x507.png 500w, https:\/\/blogs.univ-tlse2.fr\/mes-premiers-pas\/files\/2023\/09\/Double-fleche-Bleu-800x812.png 800w, https:\/\/blogs.univ-tlse2.fr\/mes-premiers-pas\/files\/2023\/09\/Double-fleche-Bleu-1280x1299.png 1280w, https:\/\/blogs.univ-tlse2.fr\/mes-premiers-pas\/files\/2023\/09\/Double-fleche-Bleu-1920x1948.png 1920w\" sizes=\"auto, (max-width: 5636px) 100vw, 5636px\" \/> Elle organise le suivi de l&rsquo;insertion professionnelle des doctorant\u00b7es qu&rsquo;elle a accueilli\u00b7es<\/p>\n\n\n\n<p class=\"has-text-align-left has-medium-font-size\"><img loading=\"lazy\" decoding=\"async\" width=\"5636\" height=\"5719\" class=\"wp-image-2211\" style=\"width: 20px\" src=\"https:\/\/blogs.univ-tlse2.fr\/mes-premiers-pas\/files\/2023\/09\/Double-fleche-Bleu.png\" alt=\"\" srcset=\"https:\/\/blogs.univ-tlse2.fr\/mes-premiers-pas\/files\/2023\/09\/Double-fleche-Bleu.png 5636w, https:\/\/blogs.univ-tlse2.fr\/mes-premiers-pas\/files\/2023\/09\/Double-fleche-Bleu-296x300.png 296w, https:\/\/blogs.univ-tlse2.fr\/mes-premiers-pas\/files\/2023\/09\/Double-fleche-Bleu-1009x1024.png 1009w, https:\/\/blogs.univ-tlse2.fr\/mes-premiers-pas\/files\/2023\/09\/Double-fleche-Bleu-768x779.png 768w, https:\/\/blogs.univ-tlse2.fr\/mes-premiers-pas\/files\/2023\/09\/Double-fleche-Bleu-1514x1536.png 1514w, https:\/\/blogs.univ-tlse2.fr\/mes-premiers-pas\/files\/2023\/09\/Double-fleche-Bleu-2018x2048.png 2018w, https:\/\/blogs.univ-tlse2.fr\/mes-premiers-pas\/files\/2023\/09\/Double-fleche-Bleu-500x507.png 500w, https:\/\/blogs.univ-tlse2.fr\/mes-premiers-pas\/files\/2023\/09\/Double-fleche-Bleu-800x812.png 800w, https:\/\/blogs.univ-tlse2.fr\/mes-premiers-pas\/files\/2023\/09\/Double-fleche-Bleu-1280x1299.png 1280w, https:\/\/blogs.univ-tlse2.fr\/mes-premiers-pas\/files\/2023\/09\/Double-fleche-Bleu-1920x1948.png 1920w\" sizes=\"auto, (max-width: 5636px) 100vw, 5636px\" \/> Elle participe \u00e0 l&rsquo;ouverture europ\u00e9enne et internationale par la promotion des co-tutelles internationales de th\u00e8se.<\/p>\n<\/div><\/div>\n<\/div><\/div>\n\n\n\n<div style=\"height:17px\" aria-hidden=\"true\" class=\"wp-block-spacer\"><\/div>\n\n\n\n<div class=\"wp-block-buttons is-content-justification-right is-layout-flex wp-container-core-buttons-is-layout-765c4724 wp-block-buttons-is-layout-flex\">\n<div class=\"wp-block-button is-style-outline is-style-outline--1\"><a class=\"wp-block-button__link wp-element-button\" href=\"https:\/\/www.univ-tlse2.fr\/accueil\/universite\/organisation\/les-ecoles-doctorales\" style=\"border-radius:0px\" target=\"_blank\" rel=\"noreferrer noopener\">www.univ-tlse2.fr<br>\u00c9coles doctorales<\/a><\/div>\n<\/div>\n","protected":false},"excerpt":{"rendered":"<p>Les \u00e9coles doctorales Les \u00e9coles doctorales organisent la formation doctorale. Cette derni\u00e8re conduit, apr\u00e8s soutenance de th\u00e8se, \u00e0 l&rsquo;obtention du grade de docteur d\u00e9livr\u00e9 par l&rsquo;UT2J. L&rsquo;universit\u00e9 compte : 3 \u00e9coles doctorales : L&rsquo;UT2J est \u00e9galement l&rsquo;\u00e9tablissement de tutelle de 2 autres \u00e9coles doctorales \u00e0 titre secondaire : 1 service des \u00e9tudes doctorales : Il [&hellip;]<\/p>\n","protected":false},"author":1145,"featured_media":0,"parent":0,"menu_order":0,"comment_status":"closed","ping_status":"closed","template":"","meta":{"_vp_format_video_url":"","_vp_image_focal_point":[],"footnotes":"","_links_to":"","_links_to_target":""},"class_list":["post-1313","page","type-page","status-publish","hentry","entry"],"featured_image_src":null,"featured_image_src_square":null,"_links":{"self":[{"href":"https:\/\/blogs.univ-tlse2.fr\/mes-premiers-pas\/wp-json\/wp\/v2\/pages\/1313","targetHints":{"allow":["GET"]}}],"collection":[{"href":"https:\/\/blogs.univ-tlse2.fr\/mes-premiers-pas\/wp-json\/wp\/v2\/pages"}],"about":[{"href":"https:\/\/blogs.univ-tlse2.fr\/mes-premiers-pas\/wp-json\/wp\/v2\/types\/page"}],"author":[{"embeddable":true,"href":"https:\/\/blogs.univ-tlse2.fr\/mes-premiers-pas\/wp-json\/wp\/v2\/users\/1145"}],"replies":[{"embeddable":true,"href":"https:\/\/blogs.univ-tlse2.fr\/mes-premiers-pas\/wp-json\/wp\/v2\/comments?post=1313"}],"version-history":[{"count":22,"href":"https:\/\/blogs.univ-tlse2.fr\/mes-premiers-pas\/wp-json\/wp\/v2\/pages\/1313\/revisions"}],"predecessor-version":[{"id":3004,"href":"https:\/\/blogs.univ-tlse2.fr\/mes-premiers-pas\/wp-json\/wp\/v2\/pages\/1313\/revisions\/3004"}],"wp:attachment":[{"href":"https:\/\/blogs.univ-tlse2.fr\/mes-premiers-pas\/wp-json\/wp\/v2\/media?parent=1313"}],"curies":[{"name":"wp","href":"https:\/\/api.w.org\/{rel}","templated":true}]}}