 {"id":164,"date":"2022-06-10T13:55:24","date_gmt":"2022-06-10T11:55:24","guid":{"rendered":"https:\/\/blogs.univ-tlse2.fr\/mes-premiers-pas\/?page_id=164"},"modified":"2025-06-26T12:13:04","modified_gmt":"2025-06-26T10:13:04","slug":"se-loger","status":"publish","type":"page","link":"https:\/\/blogs.univ-tlse2.fr\/mes-premiers-pas\/se-loger\/","title":{"rendered":"Se loger"},"content":{"rendered":"\n<h1 class=\"wp-block-heading has-text-align-center has-black-color has-text-color has-background\" style=\"background-color:#edb612;text-transform:uppercase\">Se loger<\/h1>\n\n\n\n<blockquote class=\"wp-block-quote is-layout-flow wp-block-quote-is-layout-flow\"><\/blockquote>\n\n\n\n<p class=\"has-text-color has-link-color has-medium-font-size wp-elements-5c2f8d35eb8612ee86e9f66a7c20bb75\" style=\"color:#eb3a29\"><sup><img loading=\"lazy\" decoding=\"async\" width=\"3524\" height=\"5719\" class=\"wp-image-2216\" style=\"width: 25px\" src=\"https:\/\/blogs.univ-tlse2.fr\/mes-premiers-pas\/files\/2023\/09\/A-Noter3.png\" alt=\"\" srcset=\"https:\/\/blogs.univ-tlse2.fr\/mes-premiers-pas\/files\/2023\/09\/A-Noter3.png 3524w, https:\/\/blogs.univ-tlse2.fr\/mes-premiers-pas\/files\/2023\/09\/A-Noter3-185x300.png 185w, https:\/\/blogs.univ-tlse2.fr\/mes-premiers-pas\/files\/2023\/09\/A-Noter3-631x1024.png 631w, https:\/\/blogs.univ-tlse2.fr\/mes-premiers-pas\/files\/2023\/09\/A-Noter3-768x1246.png 768w, https:\/\/blogs.univ-tlse2.fr\/mes-premiers-pas\/files\/2023\/09\/A-Noter3-946x1536.png 946w, https:\/\/blogs.univ-tlse2.fr\/mes-premiers-pas\/files\/2023\/09\/A-Noter3-1262x2048.png 1262w, https:\/\/blogs.univ-tlse2.fr\/mes-premiers-pas\/files\/2023\/09\/A-Noter3-500x811.png 500w, https:\/\/blogs.univ-tlse2.fr\/mes-premiers-pas\/files\/2023\/09\/A-Noter3-800x1298.png 800w, https:\/\/blogs.univ-tlse2.fr\/mes-premiers-pas\/files\/2023\/09\/A-Noter3-1280x2077.png 1280w, https:\/\/blogs.univ-tlse2.fr\/mes-premiers-pas\/files\/2023\/09\/A-Noter3-1920x3116.png 1920w\" sizes=\"auto, (max-width: 3524px) 100vw, 3524px\" \/><\/sup><strong> Les services de l&rsquo;universit\u00e9 n&rsquo;ont pas de logements disponibles ou vacants \u00e0 proposer<\/strong><\/p>\n\n\n\n<p class=\"has-medium-font-size\">Sur le campus Mirail, plusieurs possibilit\u00e9s de logements sont disponibles.<\/p>\n\n\n\n<div class=\"wp-block-atomic-blocks-ab-accordion ab-block-accordion ab-font-size-24\"><details><summary class=\"ab-accordion-title\"><img loading=\"lazy\" decoding=\"async\" width=\"2864\" height=\"2033\" class=\"wp-image-2079\" style=\"width: 30px\" src=\"https:\/\/blogs.univ-tlse2.fr\/mes-premiers-pas\/files\/2023\/08\/Puce-Accordeon-Bleu.png\" alt=\"\" srcset=\"https:\/\/blogs.univ-tlse2.fr\/mes-premiers-pas\/files\/2023\/08\/Puce-Accordeon-Bleu.png 2864w, https:\/\/blogs.univ-tlse2.fr\/mes-premiers-pas\/files\/2023\/08\/Puce-Accordeon-Bleu-300x213.png 300w, https:\/\/blogs.univ-tlse2.fr\/mes-premiers-pas\/files\/2023\/08\/Puce-Accordeon-Bleu-1024x727.png 1024w, https:\/\/blogs.univ-tlse2.fr\/mes-premiers-pas\/files\/2023\/08\/Puce-Accordeon-Bleu-768x545.png 768w, https:\/\/blogs.univ-tlse2.fr\/mes-premiers-pas\/files\/2023\/08\/Puce-Accordeon-Bleu-1536x1090.png 1536w, https:\/\/blogs.univ-tlse2.fr\/mes-premiers-pas\/files\/2023\/08\/Puce-Accordeon-Bleu-2048x1454.png 2048w, https:\/\/blogs.univ-tlse2.fr\/mes-premiers-pas\/files\/2023\/08\/Puce-Accordeon-Bleu-500x355.png 500w, https:\/\/blogs.univ-tlse2.fr\/mes-premiers-pas\/files\/2023\/08\/Puce-Accordeon-Bleu-800x568.png 800w, https:\/\/blogs.univ-tlse2.fr\/mes-premiers-pas\/files\/2023\/08\/Puce-Accordeon-Bleu-1280x909.png 1280w, https:\/\/blogs.univ-tlse2.fr\/mes-premiers-pas\/files\/2023\/08\/Puce-Accordeon-Bleu-1920x1363.png 1920w\" sizes=\"auto, (max-width: 2864px) 100vw, 2864px\" \/><strong><a href=\"https:\/\/blogs.univ-tlse2.fr\/mes-premiers-pas\/localisation-les-residences-universitaires-du-crous\/\">Les r\u00e9sidences universitaires<\/a> du Crous<\/strong><\/summary><div class=\"ab-accordion-text\">\n<p class=\"has-medium-font-size\">Tout comme pour les bourses sur crit\u00e8res sociaux, les demandes de logement pour l\u2019ann\u00e9e universitaire se font via le dossier social \u00e9tudiant (DSE). Il doit \u00eatre compl\u00e9t\u00e9 chaque ann\u00e9e en d\u00e9but d&rsquo;ann\u00e9e civile sur <a rel=\"noreferrer noopener\" href=\"http:\/\/messervices.etudiant.gouv.fr\" target=\"_blank\">messervices.etudiant.gouv.fr<\/a>.<\/p>\n\n\n\n<p class=\"has-medium-font-size\"><strong>Les r\u00e9sidences Les Humanit\u00e9s<\/strong> <strong>1 et 2<\/strong> proposent plusieurs types de logements du T1 jusqu\u2019au T3, accessibles \u00e0 tous les \u00e9tudiant\u00b7e\u00b7s, aux familles, colocations, \u00e9tudiant\u00b7e\u00b7s en situation de handicap.<\/p>\n\n\n\n<p class=\"has-medium-font-size\"><strong>La r\u00e9sidence Petit Var\u00e8se<\/strong> dispose de 32 appartements meubl\u00e9s en colocation du T3 au T6. L\u2019Afev en partenariat avec le Crous propose aux \u00e9tudiant\u00b7e\u00b7s de b\u00e9n\u00e9ficier d\u2019un logement en colocation \u00e0 tarif mod\u00e9r\u00e9 tout en menant un projet social avec les habitant\u00b7e\u00b7s du quartier. La demande doit \u00eatre faite aupr\u00e8s de l\u2019Afev sur <a rel=\"noreferrer noopener\" href=\"http:\/\/rejoins.afev.org\/kaps\/toulouse\" target=\"_blank\">rejoins.afev.org\/kaps\/toulouse<\/a>.<\/p>\n\n\n\n<p class=\"has-medium-font-size\"><strong>La r\u00e9sidence \u00c9ole<\/strong> est constitu\u00e9e de 48 logements r\u00e9habilit\u00e9s avec sanitaires individuels et cuisine collective. Elle est situ\u00e9e dans le quartier de Basso Cambo en proximit\u00e9 de la ligne A.<\/p>\n\n\n\n<p class=\"has-text-color has-medium-font-size\" style=\"color:#eb3a29\"><sup><img loading=\"lazy\" decoding=\"async\" width=\"3524\" height=\"5719\" class=\"wp-image-2216\" style=\"width: 25px\" src=\"https:\/\/blogs.univ-tlse2.fr\/mes-premiers-pas\/files\/2023\/09\/A-Noter3.png\" alt=\"\" srcset=\"https:\/\/blogs.univ-tlse2.fr\/mes-premiers-pas\/files\/2023\/09\/A-Noter3.png 3524w, https:\/\/blogs.univ-tlse2.fr\/mes-premiers-pas\/files\/2023\/09\/A-Noter3-185x300.png 185w, https:\/\/blogs.univ-tlse2.fr\/mes-premiers-pas\/files\/2023\/09\/A-Noter3-631x1024.png 631w, https:\/\/blogs.univ-tlse2.fr\/mes-premiers-pas\/files\/2023\/09\/A-Noter3-768x1246.png 768w, https:\/\/blogs.univ-tlse2.fr\/mes-premiers-pas\/files\/2023\/09\/A-Noter3-946x1536.png 946w, https:\/\/blogs.univ-tlse2.fr\/mes-premiers-pas\/files\/2023\/09\/A-Noter3-1262x2048.png 1262w, https:\/\/blogs.univ-tlse2.fr\/mes-premiers-pas\/files\/2023\/09\/A-Noter3-500x811.png 500w, https:\/\/blogs.univ-tlse2.fr\/mes-premiers-pas\/files\/2023\/09\/A-Noter3-800x1298.png 800w, https:\/\/blogs.univ-tlse2.fr\/mes-premiers-pas\/files\/2023\/09\/A-Noter3-1280x2077.png 1280w, https:\/\/blogs.univ-tlse2.fr\/mes-premiers-pas\/files\/2023\/09\/A-Noter3-1920x3116.png 1920w\" sizes=\"auto, (max-width: 3524px) 100vw, 3524px\" \/><\/sup><strong> <\/strong><strong>Des solutions de logement en r\u00e9sidence universitaire Crous sont \u00e9galement possibles \u00e0 proximit\u00e9 des campus Blagnac, Figeac, Toulouse Saint-Agne et Toulouse centre.<\/strong><\/p>\n\n\n\n<div class=\"wp-block-buttons is-content-justification-right is-layout-flex wp-container-core-buttons-is-layout-765c4724 wp-block-buttons-is-layout-flex\">\n<div class=\"wp-block-button is-style-outline is-style-outline--1\"><a class=\"wp-block-button__link wp-element-button\" href=\"https:\/\/www.crous-toulouse.fr\/logements\/\" style=\"border-radius:0px\" target=\"_blank\" rel=\"noreferrer noopener\">www.crous-toulouse.fr<br>Logement<\/a><\/div>\n<\/div>\n<\/div><\/details><\/div>\n\n\n\n<div class=\"wp-block-atomic-blocks-ab-accordion ab-block-accordion ab-font-size-24\"><details><summary class=\"ab-accordion-title\"><img loading=\"lazy\" decoding=\"async\" width=\"2864\" height=\"2033\" class=\"wp-image-2079\" style=\"width: 30px\" src=\"https:\/\/blogs.univ-tlse2.fr\/mes-premiers-pas\/files\/2023\/08\/Puce-Accordeon-Bleu.png\" alt=\"\" srcset=\"https:\/\/blogs.univ-tlse2.fr\/mes-premiers-pas\/files\/2023\/08\/Puce-Accordeon-Bleu.png 2864w, https:\/\/blogs.univ-tlse2.fr\/mes-premiers-pas\/files\/2023\/08\/Puce-Accordeon-Bleu-300x213.png 300w, https:\/\/blogs.univ-tlse2.fr\/mes-premiers-pas\/files\/2023\/08\/Puce-Accordeon-Bleu-1024x727.png 1024w, https:\/\/blogs.univ-tlse2.fr\/mes-premiers-pas\/files\/2023\/08\/Puce-Accordeon-Bleu-768x545.png 768w, https:\/\/blogs.univ-tlse2.fr\/mes-premiers-pas\/files\/2023\/08\/Puce-Accordeon-Bleu-1536x1090.png 1536w, https:\/\/blogs.univ-tlse2.fr\/mes-premiers-pas\/files\/2023\/08\/Puce-Accordeon-Bleu-2048x1454.png 2048w, https:\/\/blogs.univ-tlse2.fr\/mes-premiers-pas\/files\/2023\/08\/Puce-Accordeon-Bleu-500x355.png 500w, https:\/\/blogs.univ-tlse2.fr\/mes-premiers-pas\/files\/2023\/08\/Puce-Accordeon-Bleu-800x568.png 800w, https:\/\/blogs.univ-tlse2.fr\/mes-premiers-pas\/files\/2023\/08\/Puce-Accordeon-Bleu-1280x909.png 1280w, https:\/\/blogs.univ-tlse2.fr\/mes-premiers-pas\/files\/2023\/08\/Puce-Accordeon-Bleu-1920x1363.png 1920w\" sizes=\"auto, (max-width: 2864px) 100vw, 2864px\" \/><strong><a href=\"https:\/\/blogs.univ-tlse2.fr\/mes-premiers-pas\/localisation-residences-privees\/\">Les r\u00e9sidences priv\u00e9es<\/a>, Constantinople<\/strong><\/summary><div class=\"ab-accordion-text\">\n<p class=\"has-medium-font-size\">\u00c9galement pr\u00e9sente sur le campus Mirail et g\u00e9r\u00e9e par le Groupe des Chalets, elle propose 426 appartements du T1 au T3 \u00e0 loyer mod\u00e9r\u00e9, dont 6 logements adapt\u00e9s aux personnes \u00e0 mobilit\u00e9 r\u00e9duite, avec services multiples (laverie sur place, parking s\u00e9curis\u00e9, lieux de vie en commun, etc.).<\/p>\n<\/div><\/details><\/div>\n\n\n\n<div class=\"wp-block-atomic-blocks-ab-accordion ab-block-accordion ab-font-size-24\"><details><summary class=\"ab-accordion-title\"><img loading=\"lazy\" decoding=\"async\" width=\"2864\" height=\"2033\" class=\"wp-image-2079\" style=\"width: 30px\" src=\"https:\/\/blogs.univ-tlse2.fr\/mes-premiers-pas\/files\/2023\/08\/Puce-Accordeon-Bleu.png\" alt=\"\" srcset=\"https:\/\/blogs.univ-tlse2.fr\/mes-premiers-pas\/files\/2023\/08\/Puce-Accordeon-Bleu.png 2864w, https:\/\/blogs.univ-tlse2.fr\/mes-premiers-pas\/files\/2023\/08\/Puce-Accordeon-Bleu-300x213.png 300w, https:\/\/blogs.univ-tlse2.fr\/mes-premiers-pas\/files\/2023\/08\/Puce-Accordeon-Bleu-1024x727.png 1024w, https:\/\/blogs.univ-tlse2.fr\/mes-premiers-pas\/files\/2023\/08\/Puce-Accordeon-Bleu-768x545.png 768w, https:\/\/blogs.univ-tlse2.fr\/mes-premiers-pas\/files\/2023\/08\/Puce-Accordeon-Bleu-1536x1090.png 1536w, https:\/\/blogs.univ-tlse2.fr\/mes-premiers-pas\/files\/2023\/08\/Puce-Accordeon-Bleu-2048x1454.png 2048w, https:\/\/blogs.univ-tlse2.fr\/mes-premiers-pas\/files\/2023\/08\/Puce-Accordeon-Bleu-500x355.png 500w, https:\/\/blogs.univ-tlse2.fr\/mes-premiers-pas\/files\/2023\/08\/Puce-Accordeon-Bleu-800x568.png 800w, https:\/\/blogs.univ-tlse2.fr\/mes-premiers-pas\/files\/2023\/08\/Puce-Accordeon-Bleu-1280x909.png 1280w, https:\/\/blogs.univ-tlse2.fr\/mes-premiers-pas\/files\/2023\/08\/Puce-Accordeon-Bleu-1920x1363.png 1920w\" sizes=\"auto, (max-width: 2864px) 100vw, 2864px\" \/><strong>Les autres solutions d&rsquo;h\u00e9bergement<\/strong><\/summary><div class=\"ab-accordion-text\">\n<p class=\"has-medium-font-size\"><strong>Les logements labellis\u00e9s chez les particuliers<\/strong> assurent une offre r\u00e9pondant \u00e0 des crit\u00e8res de prix, de situation et de salubrit\u00e9. Le nombre de places en r\u00e9sidence universitaire \u00e9tant limit\u00e9, le Crous propose un autre plan logement avec son site du logement \u00e9tudiant chez les particuliers : <a rel=\"noreferrer noopener\" href=\"https:\/\/www.lokaviz.fr\/\" target=\"_blank\">Lokaviz.fr<\/a>.<\/p>\n\n\n\n<p class=\"has-medium-font-size\"><strong>Les courts s\u00e9jours<\/strong> est une offre de logement pratique, \u00e9galement propos\u00e9 par le Crous, \u00e0 prix comp\u00e9titif pour \u00eatre accueilli partout en France, seul, en couple ou en groupe, pour 1 nuit, 1 semaine ou plus. Week-end, stage, job d\u2019\u00e9t\u00e9\u2026 Pour s\u00e9journer partout en France dans l\u2019une des r\u00e9sidences universitaires des 26 Crous ! Plus d\u2019infos sur <a rel=\"noreferrer noopener\" href=\"http:\/\/courts-sejours.lescrous.fr\" target=\"_blank\">courts-sejours.lescrous.fr<\/a><\/p>\n\n\n\n<p class=\"has-black-color has-text-color has-background has-medium-font-size\" style=\"background-color:#497db7\"><sup><img loading=\"lazy\" decoding=\"async\" width=\"4855\" height=\"5032\" class=\"wp-image-2398\" style=\"width: 30px\" src=\"https:\/\/blogs.univ-tlse2.fr\/mes-premiers-pas\/files\/2023\/09\/Bon-a-savoir-jaune.png\" alt=\"\" srcset=\"https:\/\/blogs.univ-tlse2.fr\/mes-premiers-pas\/files\/2023\/09\/Bon-a-savoir-jaune.png 4855w, https:\/\/blogs.univ-tlse2.fr\/mes-premiers-pas\/files\/2023\/09\/Bon-a-savoir-jaune-289x300.png 289w, https:\/\/blogs.univ-tlse2.fr\/mes-premiers-pas\/files\/2023\/09\/Bon-a-savoir-jaune-988x1024.png 988w, https:\/\/blogs.univ-tlse2.fr\/mes-premiers-pas\/files\/2023\/09\/Bon-a-savoir-jaune-768x796.png 768w, https:\/\/blogs.univ-tlse2.fr\/mes-premiers-pas\/files\/2023\/09\/Bon-a-savoir-jaune-1482x1536.png 1482w, https:\/\/blogs.univ-tlse2.fr\/mes-premiers-pas\/files\/2023\/09\/Bon-a-savoir-jaune-1976x2048.png 1976w, https:\/\/blogs.univ-tlse2.fr\/mes-premiers-pas\/files\/2023\/09\/Bon-a-savoir-jaune-500x518.png 500w, https:\/\/blogs.univ-tlse2.fr\/mes-premiers-pas\/files\/2023\/09\/Bon-a-savoir-jaune-800x829.png 800w, https:\/\/blogs.univ-tlse2.fr\/mes-premiers-pas\/files\/2023\/09\/Bon-a-savoir-jaune-1280x1327.png 1280w, https:\/\/blogs.univ-tlse2.fr\/mes-premiers-pas\/files\/2023\/09\/Bon-a-savoir-jaune-1920x1990.png 1920w\" sizes=\"auto, (max-width: 4855px) 100vw, 4855px\" \/><\/sup> La plateforme <a rel=\"noreferrer noopener\" href=\"https:\/\/univ-tlse2.studapart.com\/fr\/\" target=\"_blank\">Studapart<\/a> propose aux \u00e9tudiant\u00b7e\u00b7s UT2J des offres v\u00e9rifi\u00e9es de logement \u00e0 Toulouse. Elle peut \u00e9galement se porter garante pour les \u00e9tudiant\u00b7e\u00b7s ne pouvant b\u00e9n\u00e9ficier d\u2019une autre solution de garantie.<\/p>\n<\/div><\/details><\/div>\n\n\n\n<div style=\"background-color:#f1dfba;padding-left:4%;padding-right:3%;padding-bottom:0.5%;padding-top:1.5%;margin-top:2%\" class=\"wp-block-atomic-blocks-ab-container ab-block-container\"><div class=\"ab-container-inside\"><div class=\"ab-container-content\">\n<h1 class=\"wp-block-heading has-text-align-center has-text-color has-background\" style=\"color:#497db7;background-color:#f1dfba\">Le Tri sera top, la ressourcerie du campus Mirail<\/h1>\n\n\n\n<p class=\"has-black-color has-text-color has-medium-font-size\">Elle collecte, r\u00e9pare et revend des objets et v\u00eatements \u00e0 petits prix pour \u00e9quiper son logement, s\u2019habiller et rouler \u00e0 v\u00e9lo. Elle propose \u00e9galement des ateliers de cr\u00e9ation et de r\u00e9paration \u00e0 base de r\u00e9cup\u2019.<\/p>\n\n\n\n<p class=\"has-black-color has-text-color has-medium-font-size\"><sup><img loading=\"lazy\" decoding=\"async\" width=\"5336\" height=\"5719\" class=\"wp-image-2177\" style=\"width: 20px\" src=\"https:\/\/blogs.univ-tlse2.fr\/mes-premiers-pas\/files\/2023\/09\/pointeur-bleu.png\" alt=\"\" srcset=\"https:\/\/blogs.univ-tlse2.fr\/mes-premiers-pas\/files\/2023\/09\/pointeur-bleu.png 5336w, https:\/\/blogs.univ-tlse2.fr\/mes-premiers-pas\/files\/2023\/09\/pointeur-bleu-280x300.png 280w, https:\/\/blogs.univ-tlse2.fr\/mes-premiers-pas\/files\/2023\/09\/pointeur-bleu-955x1024.png 955w, https:\/\/blogs.univ-tlse2.fr\/mes-premiers-pas\/files\/2023\/09\/pointeur-bleu-768x823.png 768w, https:\/\/blogs.univ-tlse2.fr\/mes-premiers-pas\/files\/2023\/09\/pointeur-bleu-1433x1536.png 1433w, https:\/\/blogs.univ-tlse2.fr\/mes-premiers-pas\/files\/2023\/09\/pointeur-bleu-1911x2048.png 1911w, https:\/\/blogs.univ-tlse2.fr\/mes-premiers-pas\/files\/2023\/09\/pointeur-bleu-500x536.png 500w, https:\/\/blogs.univ-tlse2.fr\/mes-premiers-pas\/files\/2023\/09\/pointeur-bleu-800x857.png 800w, https:\/\/blogs.univ-tlse2.fr\/mes-premiers-pas\/files\/2023\/09\/pointeur-bleu-1280x1372.png 1280w, https:\/\/blogs.univ-tlse2.fr\/mes-premiers-pas\/files\/2023\/09\/pointeur-bleu-1920x2058.png 1920w\" sizes=\"auto, (max-width: 5336px) 100vw, 5336px\" \/><\/sup>Campus Mirail, 95 rue Vauquelin<br>@ letriseratop<\/p>\n<\/div><\/div><\/div>\n\n\n\n<div style=\"height:50px\" aria-hidden=\"true\" class=\"wp-block-spacer\"><\/div>\n\n\n\n<div class=\"wp-block-buttons is-content-justification-right is-layout-flex wp-container-core-buttons-is-layout-765c4724 wp-block-buttons-is-layout-flex\">\n<div class=\"wp-block-button is-style-outline is-style-outline--2\"><a class=\"wp-block-button__link wp-element-button\" href=\"https:\/\/www.univ-tlse2.fr\/accueil\/vie-des-campus\/vie-pratique\/se-loger\" style=\"border-radius:0px\">www.univ-tlse2.fr<br>Se loger<\/a><\/div>\n<\/div>\n","protected":false},"excerpt":{"rendered":"<p>Se loger Les services de l&rsquo;universit\u00e9 n&rsquo;ont pas de logements disponibles ou vacants \u00e0 proposer Sur le campus Mirail, plusieurs possibilit\u00e9s de logements sont disponibles.<\/p>\n","protected":false},"author":1145,"featured_media":0,"parent":0,"menu_order":0,"comment_status":"closed","ping_status":"closed","template":"","meta":{"_vp_format_video_url":"","_vp_image_focal_point":[],"footnotes":"","_links_to":"","_links_to_target":""},"class_list":["post-164","page","type-page","status-publish","hentry","entry"],"featured_image_src":null,"featured_image_src_square":null,"_links":{"self":[{"href":"https:\/\/blogs.univ-tlse2.fr\/mes-premiers-pas\/wp-json\/wp\/v2\/pages\/164","targetHints":{"allow":["GET"]}}],"collection":[{"href":"https:\/\/blogs.univ-tlse2.fr\/mes-premiers-pas\/wp-json\/wp\/v2\/pages"}],"about":[{"href":"https:\/\/blogs.univ-tlse2.fr\/mes-premiers-pas\/wp-json\/wp\/v2\/types\/page"}],"author":[{"embeddable":true,"href":"https:\/\/blogs.univ-tlse2.fr\/mes-premiers-pas\/wp-json\/wp\/v2\/users\/1145"}],"replies":[{"embeddable":true,"href":"https:\/\/blogs.univ-tlse2.fr\/mes-premiers-pas\/wp-json\/wp\/v2\/comments?post=164"}],"version-history":[{"count":26,"href":"https:\/\/blogs.univ-tlse2.fr\/mes-premiers-pas\/wp-json\/wp\/v2\/pages\/164\/revisions"}],"predecessor-version":[{"id":3667,"href":"https:\/\/blogs.univ-tlse2.fr\/mes-premiers-pas\/wp-json\/wp\/v2\/pages\/164\/revisions\/3667"}],"wp:attachment":[{"href":"https:\/\/blogs.univ-tlse2.fr\/mes-premiers-pas\/wp-json\/wp\/v2\/media?parent=164"}],"curies":[{"name":"wp","href":"https:\/\/api.w.org\/{rel}","templated":true}]}}