 {"id":95,"date":"2022-06-10T10:26:35","date_gmt":"2022-06-10T08:26:35","guid":{"rendered":"https:\/\/blogs.univ-tlse2.fr\/mes-premiers-pas\/?page_id=95"},"modified":"2025-08-28T11:04:38","modified_gmt":"2025-08-28T09:04:38","slug":"se-documenter-reviser-travailler-en-groupe","status":"publish","type":"page","link":"https:\/\/blogs.univ-tlse2.fr\/mes-premiers-pas\/se-documenter-reviser-travailler-en-groupe\/","title":{"rendered":"Se documenter, r\u00e9viser, travailler en groupe"},"content":{"rendered":"\n<div class=\"wp-block-atomic-blocks-ab-columns ab-layout-columns-1 one-column\"><div class=\"ab-layout-column-wrap ab-block-layout-column-gap-2 ab-is-responsive-column\">\n<div class=\"wp-block-atomic-blocks-ab-column ab-block-layout-column\"><div class=\"ab-block-layout-column-inner has-vivid-cyan-blue-background-color\">\n<h1 class=\"wp-block-heading has-text-align-center has-white-color has-text-color has-background\" style=\"background-color:#2d9f7b\">SE DOCUMENTER, R\u00c9VISER, TRAVAILLER EN GROUPE<\/h1>\n<\/div><\/div>\n<\/div><\/div>\n\n\n\n<div class=\"wp-block-atomic-blocks-ab-accordion ab-block-accordion ab-font-size-24\"><details><summary class=\"ab-accordion-title\"><img loading=\"lazy\" decoding=\"async\" width=\"2864\" height=\"2033\" class=\"wp-image-2083\" style=\"width: 35px\" src=\"https:\/\/blogs.univ-tlse2.fr\/mes-premiers-pas\/files\/2023\/08\/Puce-Accordeon-Rouge.png\" alt=\"\" srcset=\"https:\/\/blogs.univ-tlse2.fr\/mes-premiers-pas\/files\/2023\/08\/Puce-Accordeon-Rouge.png 2864w, https:\/\/blogs.univ-tlse2.fr\/mes-premiers-pas\/files\/2023\/08\/Puce-Accordeon-Rouge-300x213.png 300w, https:\/\/blogs.univ-tlse2.fr\/mes-premiers-pas\/files\/2023\/08\/Puce-Accordeon-Rouge-1024x727.png 1024w, https:\/\/blogs.univ-tlse2.fr\/mes-premiers-pas\/files\/2023\/08\/Puce-Accordeon-Rouge-768x545.png 768w, https:\/\/blogs.univ-tlse2.fr\/mes-premiers-pas\/files\/2023\/08\/Puce-Accordeon-Rouge-1536x1090.png 1536w, https:\/\/blogs.univ-tlse2.fr\/mes-premiers-pas\/files\/2023\/08\/Puce-Accordeon-Rouge-2048x1454.png 2048w, https:\/\/blogs.univ-tlse2.fr\/mes-premiers-pas\/files\/2023\/08\/Puce-Accordeon-Rouge-500x355.png 500w, https:\/\/blogs.univ-tlse2.fr\/mes-premiers-pas\/files\/2023\/08\/Puce-Accordeon-Rouge-800x568.png 800w, https:\/\/blogs.univ-tlse2.fr\/mes-premiers-pas\/files\/2023\/08\/Puce-Accordeon-Rouge-1280x909.png 1280w, https:\/\/blogs.univ-tlse2.fr\/mes-premiers-pas\/files\/2023\/08\/Puce-Accordeon-Rouge-1920x1363.png 1920w\" sizes=\"auto, (max-width: 2864px) 100vw, 2864px\" \/><strong><mark style=\"background-color:#f2f2f2;color:#2d9f7b\" class=\"has-inline-color\">Les biblioth\u00e8ques de l&rsquo;universit\u00e9<\/mark><\/strong><\/summary><div class=\"ab-accordion-text\">\n<p class=\"has-medium-font-size\"><strong>Lieux privil\u00e9gi\u00e9s d\u00e9di\u00e9s \u00e0 la documentation, aux r\u00e9visions et au travail en groupe, elles offrent de multiples services accessibles par tout\u00b7es les \u00e9tudiant\u00b7es.<\/strong><br><\/p>\n\n\n\n<p class=\"has-medium-font-size\"><img loading=\"lazy\" decoding=\"async\" width=\"2668\" height=\"2861\" class=\"wp-image-2305\" style=\"width: 20px\" src=\"https:\/\/blogs.univ-tlse2.fr\/mes-premiers-pas\/files\/2023\/09\/Double-fleche-Noir.png\" alt=\"\" srcset=\"https:\/\/blogs.univ-tlse2.fr\/mes-premiers-pas\/files\/2023\/09\/Double-fleche-Noir.png 2668w, https:\/\/blogs.univ-tlse2.fr\/mes-premiers-pas\/files\/2023\/09\/Double-fleche-Noir-280x300.png 280w, https:\/\/blogs.univ-tlse2.fr\/mes-premiers-pas\/files\/2023\/09\/Double-fleche-Noir-955x1024.png 955w, https:\/\/blogs.univ-tlse2.fr\/mes-premiers-pas\/files\/2023\/09\/Double-fleche-Noir-768x824.png 768w, https:\/\/blogs.univ-tlse2.fr\/mes-premiers-pas\/files\/2023\/09\/Double-fleche-Noir-1432x1536.png 1432w, https:\/\/blogs.univ-tlse2.fr\/mes-premiers-pas\/files\/2023\/09\/Double-fleche-Noir-1910x2048.png 1910w, https:\/\/blogs.univ-tlse2.fr\/mes-premiers-pas\/files\/2023\/09\/Double-fleche-Noir-500x536.png 500w, https:\/\/blogs.univ-tlse2.fr\/mes-premiers-pas\/files\/2023\/09\/Double-fleche-Noir-800x858.png 800w, https:\/\/blogs.univ-tlse2.fr\/mes-premiers-pas\/files\/2023\/09\/Double-fleche-Noir-1280x1373.png 1280w, https:\/\/blogs.univ-tlse2.fr\/mes-premiers-pas\/files\/2023\/09\/Double-fleche-Noir-1920x2059.png 1920w\" sizes=\"auto, (max-width: 2668px) 100vw, 2668px\" \/> des livres, des revues, des liseuses, des tablettes, des th\u00e8ses et m\u00e9moires, des films DVD et en streaming, des m\u00e9thodes de langues, des partitions de musique, des cartes g\u00e9ographiques, des CD audio, etc. \u00e0 consulter sur place et \u00e0 emprunter avec sa carte d\u2019\u00e9tudiant\u00b7e <br><br><img loading=\"lazy\" decoding=\"async\" width=\"2668\" height=\"2861\" class=\"wp-image-2305\" style=\"width: 20px\" src=\"https:\/\/blogs.univ-tlse2.fr\/mes-premiers-pas\/files\/2023\/09\/Double-fleche-Noir.png\" alt=\"\" srcset=\"https:\/\/blogs.univ-tlse2.fr\/mes-premiers-pas\/files\/2023\/09\/Double-fleche-Noir.png 2668w, https:\/\/blogs.univ-tlse2.fr\/mes-premiers-pas\/files\/2023\/09\/Double-fleche-Noir-280x300.png 280w, https:\/\/blogs.univ-tlse2.fr\/mes-premiers-pas\/files\/2023\/09\/Double-fleche-Noir-955x1024.png 955w, https:\/\/blogs.univ-tlse2.fr\/mes-premiers-pas\/files\/2023\/09\/Double-fleche-Noir-768x824.png 768w, https:\/\/blogs.univ-tlse2.fr\/mes-premiers-pas\/files\/2023\/09\/Double-fleche-Noir-1432x1536.png 1432w, https:\/\/blogs.univ-tlse2.fr\/mes-premiers-pas\/files\/2023\/09\/Double-fleche-Noir-1910x2048.png 1910w, https:\/\/blogs.univ-tlse2.fr\/mes-premiers-pas\/files\/2023\/09\/Double-fleche-Noir-500x536.png 500w, https:\/\/blogs.univ-tlse2.fr\/mes-premiers-pas\/files\/2023\/09\/Double-fleche-Noir-800x858.png 800w, https:\/\/blogs.univ-tlse2.fr\/mes-premiers-pas\/files\/2023\/09\/Double-fleche-Noir-1280x1373.png 1280w, https:\/\/blogs.univ-tlse2.fr\/mes-premiers-pas\/files\/2023\/09\/Double-fleche-Noir-1920x2059.png 1920w\" sizes=\"auto, (max-width: 2668px) 100vw, 2668px\" \/> des ressources num\u00e9riques multiples (e-books, bases de donn\u00e9es, revues, dictionnaires en ligne, th\u00e8ses, etc.) \u00e0 consulter sur place ou \u00e0 distance, 24h\/24<br><br><img loading=\"lazy\" decoding=\"async\" width=\"2668\" height=\"2861\" class=\"wp-image-2305\" style=\"width: 20px\" src=\"https:\/\/blogs.univ-tlse2.fr\/mes-premiers-pas\/files\/2023\/09\/Double-fleche-Noir.png\" alt=\"\" srcset=\"https:\/\/blogs.univ-tlse2.fr\/mes-premiers-pas\/files\/2023\/09\/Double-fleche-Noir.png 2668w, https:\/\/blogs.univ-tlse2.fr\/mes-premiers-pas\/files\/2023\/09\/Double-fleche-Noir-280x300.png 280w, https:\/\/blogs.univ-tlse2.fr\/mes-premiers-pas\/files\/2023\/09\/Double-fleche-Noir-955x1024.png 955w, https:\/\/blogs.univ-tlse2.fr\/mes-premiers-pas\/files\/2023\/09\/Double-fleche-Noir-768x824.png 768w, https:\/\/blogs.univ-tlse2.fr\/mes-premiers-pas\/files\/2023\/09\/Double-fleche-Noir-1432x1536.png 1432w, https:\/\/blogs.univ-tlse2.fr\/mes-premiers-pas\/files\/2023\/09\/Double-fleche-Noir-1910x2048.png 1910w, https:\/\/blogs.univ-tlse2.fr\/mes-premiers-pas\/files\/2023\/09\/Double-fleche-Noir-500x536.png 500w, https:\/\/blogs.univ-tlse2.fr\/mes-premiers-pas\/files\/2023\/09\/Double-fleche-Noir-800x858.png 800w, https:\/\/blogs.univ-tlse2.fr\/mes-premiers-pas\/files\/2023\/09\/Double-fleche-Noir-1280x1373.png 1280w, https:\/\/blogs.univ-tlse2.fr\/mes-premiers-pas\/files\/2023\/09\/Double-fleche-Noir-1920x2059.png 1920w\" sizes=\"auto, (max-width: 2668px) 100vw, 2668px\" \/> des espaces divers : salles de lecture, salles de travail en groupe, espaces silencieux, espaces de d\u00e9tente, espaces presse et actualit\u00e9s, espaces informatiques, salles de formation, espaces d\u2019auto-apprentissage en langues des postes informatiques prioritaires, des postes \u00e9quip\u00e9s de la synth\u00e8se vocale NVDA, des films DVD signal\u00e9s en audiodescription, rayon sp\u00e9cialis\u00e9 langue fran\u00e7aise des signes<br><br><img loading=\"lazy\" decoding=\"async\" width=\"2668\" height=\"2861\" class=\"wp-image-2305\" style=\"width: 20px\" src=\"https:\/\/blogs.univ-tlse2.fr\/mes-premiers-pas\/files\/2023\/09\/Double-fleche-Noir.png\" alt=\"\" srcset=\"https:\/\/blogs.univ-tlse2.fr\/mes-premiers-pas\/files\/2023\/09\/Double-fleche-Noir.png 2668w, https:\/\/blogs.univ-tlse2.fr\/mes-premiers-pas\/files\/2023\/09\/Double-fleche-Noir-280x300.png 280w, https:\/\/blogs.univ-tlse2.fr\/mes-premiers-pas\/files\/2023\/09\/Double-fleche-Noir-955x1024.png 955w, https:\/\/blogs.univ-tlse2.fr\/mes-premiers-pas\/files\/2023\/09\/Double-fleche-Noir-768x824.png 768w, https:\/\/blogs.univ-tlse2.fr\/mes-premiers-pas\/files\/2023\/09\/Double-fleche-Noir-1432x1536.png 1432w, https:\/\/blogs.univ-tlse2.fr\/mes-premiers-pas\/files\/2023\/09\/Double-fleche-Noir-1910x2048.png 1910w, https:\/\/blogs.univ-tlse2.fr\/mes-premiers-pas\/files\/2023\/09\/Double-fleche-Noir-500x536.png 500w, https:\/\/blogs.univ-tlse2.fr\/mes-premiers-pas\/files\/2023\/09\/Double-fleche-Noir-800x858.png 800w, https:\/\/blogs.univ-tlse2.fr\/mes-premiers-pas\/files\/2023\/09\/Double-fleche-Noir-1280x1373.png 1280w, https:\/\/blogs.univ-tlse2.fr\/mes-premiers-pas\/files\/2023\/09\/Double-fleche-Noir-1920x2059.png 1920w\" sizes=\"auto, (max-width: 2668px) 100vw, 2668px\" \/> des ateliers et formations pour apprendre \u00e0 utiliser les outils propos\u00e9s par les biblioth\u00e8ques<\/p>\n\n\n\n<p class=\"has-medium-font-size\">Les biblioth\u00e8ques proposent \u00e9galement une programmation culturelle riche et vari\u00e9e : expositions, conf\u00e9rences, caf\u00e9s langues, ateliers d&rsquo;\u00e9criture, etc.<br><\/p>\n\n\n\n<p class=\"has-text-color has-medium-font-size\" style=\"color:#eb3a29\"><sup><img loading=\"lazy\" decoding=\"async\" width=\"3524\" height=\"5719\" class=\"wp-image-2216\" style=\"width: 25px\" src=\"https:\/\/blogs.univ-tlse2.fr\/mes-premiers-pas\/files\/2023\/09\/A-Noter3.png\" alt=\"\" srcset=\"https:\/\/blogs.univ-tlse2.fr\/mes-premiers-pas\/files\/2023\/09\/A-Noter3.png 3524w, https:\/\/blogs.univ-tlse2.fr\/mes-premiers-pas\/files\/2023\/09\/A-Noter3-185x300.png 185w, https:\/\/blogs.univ-tlse2.fr\/mes-premiers-pas\/files\/2023\/09\/A-Noter3-631x1024.png 631w, https:\/\/blogs.univ-tlse2.fr\/mes-premiers-pas\/files\/2023\/09\/A-Noter3-768x1246.png 768w, https:\/\/blogs.univ-tlse2.fr\/mes-premiers-pas\/files\/2023\/09\/A-Noter3-946x1536.png 946w, https:\/\/blogs.univ-tlse2.fr\/mes-premiers-pas\/files\/2023\/09\/A-Noter3-1262x2048.png 1262w, https:\/\/blogs.univ-tlse2.fr\/mes-premiers-pas\/files\/2023\/09\/A-Noter3-500x811.png 500w, https:\/\/blogs.univ-tlse2.fr\/mes-premiers-pas\/files\/2023\/09\/A-Noter3-800x1298.png 800w, https:\/\/blogs.univ-tlse2.fr\/mes-premiers-pas\/files\/2023\/09\/A-Noter3-1280x2077.png 1280w, https:\/\/blogs.univ-tlse2.fr\/mes-premiers-pas\/files\/2023\/09\/A-Noter3-1920x3116.png 1920w\" sizes=\"auto, (max-width: 3524px) 100vw, 3524px\" \/><\/sup><strong> La carte d&rsquo;\u00e9tudiant\u00b7e permet l&rsquo;acc\u00e8s \u00e0 l&rsquo;ensemble des biblioth\u00e8ques des universit\u00e9s de Toulouse<\/strong><\/p>\n\n\n\n<div class=\"wp-block-atomic-blocks-ab-columns ab-layout-columns-1 one-column ab-has-custom-background-color\" style=\"background-color:#2d9f7b\"><div class=\"ab-layout-column-wrap ab-block-layout-column-gap-2 ab-is-responsive-column\">\n<div class=\"wp-block-atomic-blocks-ab-column ab-block-layout-column\"><div class=\"ab-block-layout-column-inner ab-has-custom-background-color\" style=\"padding:27px;background-color:#2d9f7b\">\n<h2 class=\"wp-block-heading\"><sup><a href=\"https:\/\/catalogue-archipel.univ-toulouse.fr\/primo-explore\/search?vid=33UT2_VU1\" target=\"_blank\" rel=\"noreferrer noopener\"><img loading=\"lazy\" decoding=\"async\" width=\"4952\" height=\"5102\" class=\"wp-image-2234\" style=\"width: 45px\" src=\"https:\/\/blogs.univ-tlse2.fr\/mes-premiers-pas\/files\/2023\/09\/Bon-a-savoir3.png\" alt=\"\" srcset=\"https:\/\/blogs.univ-tlse2.fr\/mes-premiers-pas\/files\/2023\/09\/Bon-a-savoir3.png 4952w, https:\/\/blogs.univ-tlse2.fr\/mes-premiers-pas\/files\/2023\/09\/Bon-a-savoir3-291x300.png 291w, https:\/\/blogs.univ-tlse2.fr\/mes-premiers-pas\/files\/2023\/09\/Bon-a-savoir3-994x1024.png 994w, https:\/\/blogs.univ-tlse2.fr\/mes-premiers-pas\/files\/2023\/09\/Bon-a-savoir3-768x791.png 768w, https:\/\/blogs.univ-tlse2.fr\/mes-premiers-pas\/files\/2023\/09\/Bon-a-savoir3-1491x1536.png 1491w, https:\/\/blogs.univ-tlse2.fr\/mes-premiers-pas\/files\/2023\/09\/Bon-a-savoir3-1988x2048.png 1988w, https:\/\/blogs.univ-tlse2.fr\/mes-premiers-pas\/files\/2023\/09\/Bon-a-savoir3-500x515.png 500w, https:\/\/blogs.univ-tlse2.fr\/mes-premiers-pas\/files\/2023\/09\/Bon-a-savoir3-800x824.png 800w, https:\/\/blogs.univ-tlse2.fr\/mes-premiers-pas\/files\/2023\/09\/Bon-a-savoir3-1280x1319.png 1280w, https:\/\/blogs.univ-tlse2.fr\/mes-premiers-pas\/files\/2023\/09\/Bon-a-savoir3-1920x1978.png 1920w\" sizes=\"auto, (max-width: 4952px) 100vw, 4952px\" \/><\/a><\/sup> <a href=\"https:\/\/catalogue-archipel.univ-toulouse.fr\/primo-explore\/search?vid=33UT2_VU1\" target=\"_blank\" rel=\"noreferrer noopener\">Archipel<\/a><\/h2>\n\n\n\n<p class=\"has-black-color has-text-color has-medium-font-size\">Un seul outil de recherche pour acc\u00e9der \u00e0 toute la documentation propos\u00e9e par les biblioth\u00e8ques, papier et num\u00e9rique.<br><a href=\"https:\/\/catalogue-archipel.univ-toulouse.fr\/primo-explore\/search?vid=33UT2_VU1\" target=\"_blank\" rel=\"noreferrer noopener\">Archipel<\/a>, c\u2019est une interface de recherche simple, adapt\u00e9e aux supports mobiles, des r\u00e9sultats instantan\u00e9s et pertinents, un acc\u00e8s direct aux ressources en ligne (articles de revues, livres num\u00e9riques, th\u00e8ses, etc.).<\/p>\n<\/div><\/div>\n<\/div><\/div>\n\n\n\n<div style=\"height:24px\" aria-hidden=\"true\" class=\"wp-block-spacer\"><\/div>\n\n\n\n\n\n<div style=\"height:26px\" aria-hidden=\"true\" class=\"wp-block-spacer\"><\/div>\n\n\n\n<p class=\"has-medium-font-size\"><img loading=\"lazy\" decoding=\"async\" width=\"5636\" height=\"5719\" class=\"wp-image-2237\" style=\"width: 20px\" src=\"https:\/\/blogs.univ-tlse2.fr\/mes-premiers-pas\/files\/2023\/09\/Double-fleche-Rouge.png\" alt=\"\" srcset=\"https:\/\/blogs.univ-tlse2.fr\/mes-premiers-pas\/files\/2023\/09\/Double-fleche-Rouge.png 5636w, https:\/\/blogs.univ-tlse2.fr\/mes-premiers-pas\/files\/2023\/09\/Double-fleche-Rouge-296x300.png 296w, https:\/\/blogs.univ-tlse2.fr\/mes-premiers-pas\/files\/2023\/09\/Double-fleche-Rouge-1009x1024.png 1009w, https:\/\/blogs.univ-tlse2.fr\/mes-premiers-pas\/files\/2023\/09\/Double-fleche-Rouge-768x779.png 768w, https:\/\/blogs.univ-tlse2.fr\/mes-premiers-pas\/files\/2023\/09\/Double-fleche-Rouge-1514x1536.png 1514w, https:\/\/blogs.univ-tlse2.fr\/mes-premiers-pas\/files\/2023\/09\/Double-fleche-Rouge-2018x2048.png 2018w, https:\/\/blogs.univ-tlse2.fr\/mes-premiers-pas\/files\/2023\/09\/Double-fleche-Rouge-500x507.png 500w, https:\/\/blogs.univ-tlse2.fr\/mes-premiers-pas\/files\/2023\/09\/Double-fleche-Rouge-800x812.png 800w, https:\/\/blogs.univ-tlse2.fr\/mes-premiers-pas\/files\/2023\/09\/Double-fleche-Rouge-1280x1299.png 1280w, https:\/\/blogs.univ-tlse2.fr\/mes-premiers-pas\/files\/2023\/09\/Double-fleche-Rouge-1920x1948.png 1920w\" sizes=\"auto, (max-width: 5636px) 100vw, 5636px\" \/> La Biblioth\u00e8que universitaire centrale (BUC) a une vocation encyclop\u00e9dique et pluridisciplinaire tandis que les centres de ressources et autres biblioth\u00e8ques de proximit\u00e9 sont sp\u00e9cialis\u00e9s dans des domaines disciplinaires sp\u00e9cifiques. L\u2019ensemble des biblioth\u00e8ques est ouvert \u00e0 toutes et tous, quel que soit le cursus suivi.<\/p>\n\n\n\n<p class=\"has-medium-font-size\"><strong><a href=\"https:\/\/bibliotheques.univ-tlse2.fr\" target=\"_blank\" rel=\"noreferrer noopener\">Plus d&rsquo;informations<\/a> sur le site web des biblioth\u00e8ques<\/strong><\/p>\n\n\n\n<div style=\"height:22px\" aria-hidden=\"true\" class=\"wp-block-spacer\"><\/div>\n\n\n\n<div class=\"wp-block-atomic-blocks-ab-accordion ab-block-accordion\"><details><summary class=\"ab-accordion-title\"><img loading=\"lazy\" decoding=\"async\" width=\"5725\" height=\"4063\" class=\"wp-image-2227\" style=\"width: 30px\" src=\"https:\/\/blogs.univ-tlse2.fr\/mes-premiers-pas\/files\/2023\/09\/Puce-Sous-Accordeon-VERT.png\" alt=\"\" srcset=\"https:\/\/blogs.univ-tlse2.fr\/mes-premiers-pas\/files\/2023\/09\/Puce-Sous-Accordeon-VERT.png 5725w, https:\/\/blogs.univ-tlse2.fr\/mes-premiers-pas\/files\/2023\/09\/Puce-Sous-Accordeon-VERT-300x213.png 300w, https:\/\/blogs.univ-tlse2.fr\/mes-premiers-pas\/files\/2023\/09\/Puce-Sous-Accordeon-VERT-1024x727.png 1024w, https:\/\/blogs.univ-tlse2.fr\/mes-premiers-pas\/files\/2023\/09\/Puce-Sous-Accordeon-VERT-768x545.png 768w, https:\/\/blogs.univ-tlse2.fr\/mes-premiers-pas\/files\/2023\/09\/Puce-Sous-Accordeon-VERT-1536x1090.png 1536w, https:\/\/blogs.univ-tlse2.fr\/mes-premiers-pas\/files\/2023\/09\/Puce-Sous-Accordeon-VERT-2048x1453.png 2048w, https:\/\/blogs.univ-tlse2.fr\/mes-premiers-pas\/files\/2023\/09\/Puce-Sous-Accordeon-VERT-500x355.png 500w, https:\/\/blogs.univ-tlse2.fr\/mes-premiers-pas\/files\/2023\/09\/Puce-Sous-Accordeon-VERT-800x568.png 800w, https:\/\/blogs.univ-tlse2.fr\/mes-premiers-pas\/files\/2023\/09\/Puce-Sous-Accordeon-VERT-1280x908.png 1280w, https:\/\/blogs.univ-tlse2.fr\/mes-premiers-pas\/files\/2023\/09\/Puce-Sous-Accordeon-VERT-1920x1363.png 1920w\" sizes=\"auto, (max-width: 5725px) 100vw, 5725px\" \/>Biblioth\u00e8que universitaire centrale (BUC)<\/summary><div class=\"ab-accordion-text\">\n<p class=\"has-medium-font-size\"><sup><a href=\"https:\/\/blogs.univ-tlse2.fr\/mes-premiers-pas\/localisation-buc\/\"><img loading=\"lazy\" decoding=\"async\" width=\"5336\" height=\"5719\" class=\"wp-image-2252\" style=\"width: 25px\" src=\"https:\/\/blogs.univ-tlse2.fr\/mes-premiers-pas\/files\/2023\/09\/pointeur-VERT-1.png\" alt=\"\" srcset=\"https:\/\/blogs.univ-tlse2.fr\/mes-premiers-pas\/files\/2023\/09\/pointeur-VERT-1.png 5336w, https:\/\/blogs.univ-tlse2.fr\/mes-premiers-pas\/files\/2023\/09\/pointeur-VERT-1-280x300.png 280w, https:\/\/blogs.univ-tlse2.fr\/mes-premiers-pas\/files\/2023\/09\/pointeur-VERT-1-955x1024.png 955w, https:\/\/blogs.univ-tlse2.fr\/mes-premiers-pas\/files\/2023\/09\/pointeur-VERT-1-768x823.png 768w, https:\/\/blogs.univ-tlse2.fr\/mes-premiers-pas\/files\/2023\/09\/pointeur-VERT-1-1433x1536.png 1433w, https:\/\/blogs.univ-tlse2.fr\/mes-premiers-pas\/files\/2023\/09\/pointeur-VERT-1-1911x2048.png 1911w, https:\/\/blogs.univ-tlse2.fr\/mes-premiers-pas\/files\/2023\/09\/pointeur-VERT-1-500x536.png 500w, https:\/\/blogs.univ-tlse2.fr\/mes-premiers-pas\/files\/2023\/09\/pointeur-VERT-1-800x857.png 800w, https:\/\/blogs.univ-tlse2.fr\/mes-premiers-pas\/files\/2023\/09\/pointeur-VERT-1-1280x1372.png 1280w, https:\/\/blogs.univ-tlse2.fr\/mes-premiers-pas\/files\/2023\/09\/pointeur-VERT-1-1920x2058.png 1920w\" sizes=\"auto, (max-width: 5336px) 100vw, 5336px\" \/><\/a><\/sup><strong><a href=\"https:\/\/blogs.univ-tlse2.fr\/mes-premiers-pas\/localisation-buc\/\">Campus Mirail<\/a><\/strong><br>Du lundi au vendredi de 8h30 \u00e0 19h<br>05 61 50 39 60<br><a href=\"m&#x61;il&#x74;o:&#x62;u&#109;&#x69;r&#97;&#x69;l&#64;&#x75;n&#105;&#x76;-&#116;&#x6c;s&#101;&#x32;&#46;&#102;&#x72;\" target=\"_blank\" rel=\"noreferrer noopener\">&#x62;&#x75;&#x6d;&#x69;&#114;&#97;il&#64;un&#x69;&#x76;&#x2d;&#x74;&#x6c;&#115;e2&#46;fr<\/a><\/p>\n\n\n\n<p class=\"has-black-color has-text-color has-medium-font-size\"><img loading=\"lazy\" decoding=\"async\" width=\"5636\" height=\"5719\" class=\"wp-image-2212\" style=\"width: 20px\" src=\"https:\/\/blogs.univ-tlse2.fr\/mes-premiers-pas\/files\/2023\/09\/Double-fleche-Vert.png\" alt=\"\" srcset=\"https:\/\/blogs.univ-tlse2.fr\/mes-premiers-pas\/files\/2023\/09\/Double-fleche-Vert.png 5636w, https:\/\/blogs.univ-tlse2.fr\/mes-premiers-pas\/files\/2023\/09\/Double-fleche-Vert-296x300.png 296w, https:\/\/blogs.univ-tlse2.fr\/mes-premiers-pas\/files\/2023\/09\/Double-fleche-Vert-1009x1024.png 1009w, https:\/\/blogs.univ-tlse2.fr\/mes-premiers-pas\/files\/2023\/09\/Double-fleche-Vert-768x779.png 768w, https:\/\/blogs.univ-tlse2.fr\/mes-premiers-pas\/files\/2023\/09\/Double-fleche-Vert-1514x1536.png 1514w, https:\/\/blogs.univ-tlse2.fr\/mes-premiers-pas\/files\/2023\/09\/Double-fleche-Vert-2018x2048.png 2018w, https:\/\/blogs.univ-tlse2.fr\/mes-premiers-pas\/files\/2023\/09\/Double-fleche-Vert-500x507.png 500w, https:\/\/blogs.univ-tlse2.fr\/mes-premiers-pas\/files\/2023\/09\/Double-fleche-Vert-800x812.png 800w, https:\/\/blogs.univ-tlse2.fr\/mes-premiers-pas\/files\/2023\/09\/Double-fleche-Vert-1280x1299.png 1280w, https:\/\/blogs.univ-tlse2.fr\/mes-premiers-pas\/files\/2023\/09\/Double-fleche-Vert-1920x1948.png 1920w\" sizes=\"auto, (max-width: 5636px) 100vw, 5636px\" \/> <strong>Collections encyclop\u00e9diques et pluridisciplinaires<\/strong><br>Collections + : int\u00e9gralit\u00e9 des th\u00e8ses imprim\u00e9es soutenues \u00e0 l\u2019UT2J et une collection d&rsquo;excellence sur l&rsquo;Espagne et le Portugal unique en France: CollEx \u00e9tudes ib\u00e9riques.<\/p>\n<\/div><\/details><\/div>\n\n\n\n<div style=\"background-color:#2d9f7b;padding-left:3.5%;padding-bottom:1.5%;padding-top:1.5%;margin-bottom:2%\" class=\"wp-block-atomic-blocks-ab-container ab-block-container\"><div class=\"ab-container-inside\"><div class=\"ab-container-content\" style=\"max-width:1600px\">\n<div class=\"wp-block-atomic-blocks-ab-columns ab-layout-columns-1 one-column ab-has-custom-background-color\" style=\"background-color:#2d9f7b\"><div class=\"ab-layout-column-wrap ab-block-layout-column-gap-2 ab-is-responsive-column\">\n<div class=\"wp-block-atomic-blocks-ab-column ab-block-layout-column\"><div class=\"ab-block-layout-column-inner ab-has-custom-background-color\" style=\"background-color:#2d9f7b\">\n<h2 class=\"wp-block-heading has-black-color has-text-color\"><sup><img loading=\"lazy\" decoding=\"async\" width=\"4952\" height=\"5102\" class=\"wp-image-2234\" style=\"width: 45px\" src=\"https:\/\/blogs.univ-tlse2.fr\/mes-premiers-pas\/files\/2023\/09\/Bon-a-savoir3.png\" alt=\"\" srcset=\"https:\/\/blogs.univ-tlse2.fr\/mes-premiers-pas\/files\/2023\/09\/Bon-a-savoir3.png 4952w, https:\/\/blogs.univ-tlse2.fr\/mes-premiers-pas\/files\/2023\/09\/Bon-a-savoir3-291x300.png 291w, https:\/\/blogs.univ-tlse2.fr\/mes-premiers-pas\/files\/2023\/09\/Bon-a-savoir3-994x1024.png 994w, https:\/\/blogs.univ-tlse2.fr\/mes-premiers-pas\/files\/2023\/09\/Bon-a-savoir3-768x791.png 768w, https:\/\/blogs.univ-tlse2.fr\/mes-premiers-pas\/files\/2023\/09\/Bon-a-savoir3-1491x1536.png 1491w, https:\/\/blogs.univ-tlse2.fr\/mes-premiers-pas\/files\/2023\/09\/Bon-a-savoir3-1988x2048.png 1988w, https:\/\/blogs.univ-tlse2.fr\/mes-premiers-pas\/files\/2023\/09\/Bon-a-savoir3-500x515.png 500w, https:\/\/blogs.univ-tlse2.fr\/mes-premiers-pas\/files\/2023\/09\/Bon-a-savoir3-800x824.png 800w, https:\/\/blogs.univ-tlse2.fr\/mes-premiers-pas\/files\/2023\/09\/Bon-a-savoir3-1280x1319.png 1280w, https:\/\/blogs.univ-tlse2.fr\/mes-premiers-pas\/files\/2023\/09\/Bon-a-savoir3-1920x1978.png 1920w\" sizes=\"auto, (max-width: 4952px) 100vw, 4952px\" \/><\/sup> Le pr\u00eat entre biblioth\u00e8ques<\/h2>\n\n\n\n<p class=\"has-black-color has-text-color has-medium-font-size\">Service permettant l\u2019acc\u00e8s \u00e0 des documents d\u2019autres biblioth\u00e8ques, en France ou \u00e0 l\u2019\u00e9tranger, qui ne se trouvent pas dans les biblioth\u00e8ques toulousaines ni en acc\u00e8s libre en ligne.<\/p>\n<\/div><\/div>\n<\/div><\/div>\n<\/div><\/div><\/div>\n\n\n\n<div class=\"wp-block-atomic-blocks-ab-accordion ab-block-accordion\"><details><summary class=\"ab-accordion-title\"><img loading=\"lazy\" decoding=\"async\" width=\"5725\" height=\"4063\" class=\"wp-image-2227\" style=\"width: 30px\" src=\"https:\/\/blogs.univ-tlse2.fr\/mes-premiers-pas\/files\/2023\/09\/Puce-Sous-Accordeon-VERT.png\" alt=\"\" srcset=\"https:\/\/blogs.univ-tlse2.fr\/mes-premiers-pas\/files\/2023\/09\/Puce-Sous-Accordeon-VERT.png 5725w, https:\/\/blogs.univ-tlse2.fr\/mes-premiers-pas\/files\/2023\/09\/Puce-Sous-Accordeon-VERT-300x213.png 300w, https:\/\/blogs.univ-tlse2.fr\/mes-premiers-pas\/files\/2023\/09\/Puce-Sous-Accordeon-VERT-1024x727.png 1024w, https:\/\/blogs.univ-tlse2.fr\/mes-premiers-pas\/files\/2023\/09\/Puce-Sous-Accordeon-VERT-768x545.png 768w, https:\/\/blogs.univ-tlse2.fr\/mes-premiers-pas\/files\/2023\/09\/Puce-Sous-Accordeon-VERT-1536x1090.png 1536w, https:\/\/blogs.univ-tlse2.fr\/mes-premiers-pas\/files\/2023\/09\/Puce-Sous-Accordeon-VERT-2048x1453.png 2048w, https:\/\/blogs.univ-tlse2.fr\/mes-premiers-pas\/files\/2023\/09\/Puce-Sous-Accordeon-VERT-500x355.png 500w, https:\/\/blogs.univ-tlse2.fr\/mes-premiers-pas\/files\/2023\/09\/Puce-Sous-Accordeon-VERT-800x568.png 800w, https:\/\/blogs.univ-tlse2.fr\/mes-premiers-pas\/files\/2023\/09\/Puce-Sous-Accordeon-VERT-1280x908.png 1280w, https:\/\/blogs.univ-tlse2.fr\/mes-premiers-pas\/files\/2023\/09\/Puce-Sous-Accordeon-VERT-1920x1363.png 1920w\" sizes=\"auto, (max-width: 5725px) 100vw, 5725px\" \/>Centre de ressources de psychologie Louise Michel (CRPLM)<\/summary><div class=\"ab-accordion-text\">\n<p class=\"has-medium-font-size\"><sup><a href=\"https:\/\/blogs.univ-tlse2.fr\/mes-premiers-pas\/localisation-ufr-psychologie\/\"><img loading=\"lazy\" decoding=\"async\" width=\"5336\" height=\"5719\" class=\"wp-image-2252\" style=\"width: 25px\" src=\"https:\/\/blogs.univ-tlse2.fr\/mes-premiers-pas\/files\/2023\/09\/pointeur-VERT-1.png\" alt=\"\" srcset=\"https:\/\/blogs.univ-tlse2.fr\/mes-premiers-pas\/files\/2023\/09\/pointeur-VERT-1.png 5336w, https:\/\/blogs.univ-tlse2.fr\/mes-premiers-pas\/files\/2023\/09\/pointeur-VERT-1-280x300.png 280w, https:\/\/blogs.univ-tlse2.fr\/mes-premiers-pas\/files\/2023\/09\/pointeur-VERT-1-955x1024.png 955w, https:\/\/blogs.univ-tlse2.fr\/mes-premiers-pas\/files\/2023\/09\/pointeur-VERT-1-768x823.png 768w, https:\/\/blogs.univ-tlse2.fr\/mes-premiers-pas\/files\/2023\/09\/pointeur-VERT-1-1433x1536.png 1433w, https:\/\/blogs.univ-tlse2.fr\/mes-premiers-pas\/files\/2023\/09\/pointeur-VERT-1-1911x2048.png 1911w, https:\/\/blogs.univ-tlse2.fr\/mes-premiers-pas\/files\/2023\/09\/pointeur-VERT-1-500x536.png 500w, https:\/\/blogs.univ-tlse2.fr\/mes-premiers-pas\/files\/2023\/09\/pointeur-VERT-1-800x857.png 800w, https:\/\/blogs.univ-tlse2.fr\/mes-premiers-pas\/files\/2023\/09\/pointeur-VERT-1-1280x1372.png 1280w, https:\/\/blogs.univ-tlse2.fr\/mes-premiers-pas\/files\/2023\/09\/pointeur-VERT-1-1920x2058.png 1920w\" sizes=\"auto, (max-width: 5336px) 100vw, 5336px\" \/><\/a><\/sup><strong><a href=\"https:\/\/blogs.univ-tlse2.fr\/mes-premiers-pas\/localisation-ufr-psychologie\/\">Campus Mirail, b\u00e2t. Philippe Malrieu<\/a><\/strong><br>Du lundi au jeudi de 9h \u00e0 17h et le vendredi de 13h30 \u00e0 16h30<br>05 61 50 48 42<\/p>\n\n\n\n<p class=\"has-medium-font-size\"><img loading=\"lazy\" decoding=\"async\" width=\"5636\" height=\"5719\" class=\"wp-image-2212\" style=\"width: 20px\" src=\"https:\/\/blogs.univ-tlse2.fr\/mes-premiers-pas\/files\/2023\/09\/Double-fleche-Vert.png\" alt=\"\" srcset=\"https:\/\/blogs.univ-tlse2.fr\/mes-premiers-pas\/files\/2023\/09\/Double-fleche-Vert.png 5636w, https:\/\/blogs.univ-tlse2.fr\/mes-premiers-pas\/files\/2023\/09\/Double-fleche-Vert-296x300.png 296w, https:\/\/blogs.univ-tlse2.fr\/mes-premiers-pas\/files\/2023\/09\/Double-fleche-Vert-1009x1024.png 1009w, https:\/\/blogs.univ-tlse2.fr\/mes-premiers-pas\/files\/2023\/09\/Double-fleche-Vert-768x779.png 768w, https:\/\/blogs.univ-tlse2.fr\/mes-premiers-pas\/files\/2023\/09\/Double-fleche-Vert-1514x1536.png 1514w, https:\/\/blogs.univ-tlse2.fr\/mes-premiers-pas\/files\/2023\/09\/Double-fleche-Vert-2018x2048.png 2018w, https:\/\/blogs.univ-tlse2.fr\/mes-premiers-pas\/files\/2023\/09\/Double-fleche-Vert-500x507.png 500w, https:\/\/blogs.univ-tlse2.fr\/mes-premiers-pas\/files\/2023\/09\/Double-fleche-Vert-800x812.png 800w, https:\/\/blogs.univ-tlse2.fr\/mes-premiers-pas\/files\/2023\/09\/Double-fleche-Vert-1280x1299.png 1280w, https:\/\/blogs.univ-tlse2.fr\/mes-premiers-pas\/files\/2023\/09\/Double-fleche-Vert-1920x1948.png 1920w\" sizes=\"auto, (max-width: 5636px) 100vw, 5636px\" \/> <strong>Psychologie<\/strong><br>Collections + : Testoth\u00e8que<\/p>\n<\/div><\/details><\/div>\n\n\n\n<div class=\"wp-block-atomic-blocks-ab-accordion ab-block-accordion\"><details><summary class=\"ab-accordion-title\"><img loading=\"lazy\" decoding=\"async\" width=\"5725\" height=\"4063\" class=\"wp-image-2227\" style=\"width: 30px\" src=\"https:\/\/blogs.univ-tlse2.fr\/mes-premiers-pas\/files\/2023\/09\/Puce-Sous-Accordeon-VERT.png\" alt=\"\" srcset=\"https:\/\/blogs.univ-tlse2.fr\/mes-premiers-pas\/files\/2023\/09\/Puce-Sous-Accordeon-VERT.png 5725w, https:\/\/blogs.univ-tlse2.fr\/mes-premiers-pas\/files\/2023\/09\/Puce-Sous-Accordeon-VERT-300x213.png 300w, https:\/\/blogs.univ-tlse2.fr\/mes-premiers-pas\/files\/2023\/09\/Puce-Sous-Accordeon-VERT-1024x727.png 1024w, https:\/\/blogs.univ-tlse2.fr\/mes-premiers-pas\/files\/2023\/09\/Puce-Sous-Accordeon-VERT-768x545.png 768w, https:\/\/blogs.univ-tlse2.fr\/mes-premiers-pas\/files\/2023\/09\/Puce-Sous-Accordeon-VERT-1536x1090.png 1536w, https:\/\/blogs.univ-tlse2.fr\/mes-premiers-pas\/files\/2023\/09\/Puce-Sous-Accordeon-VERT-2048x1453.png 2048w, https:\/\/blogs.univ-tlse2.fr\/mes-premiers-pas\/files\/2023\/09\/Puce-Sous-Accordeon-VERT-500x355.png 500w, https:\/\/blogs.univ-tlse2.fr\/mes-premiers-pas\/files\/2023\/09\/Puce-Sous-Accordeon-VERT-800x568.png 800w, https:\/\/blogs.univ-tlse2.fr\/mes-premiers-pas\/files\/2023\/09\/Puce-Sous-Accordeon-VERT-1280x908.png 1280w, https:\/\/blogs.univ-tlse2.fr\/mes-premiers-pas\/files\/2023\/09\/Puce-Sous-Accordeon-VERT-1920x1363.png 1920w\" sizes=\"auto, (max-width: 5725px) 100vw, 5725px\" \/>Centre de ressources des langues (CRL)<\/summary><div class=\"ab-accordion-text\">\n<p class=\"has-medium-font-size\"><sup><a href=\"https:\/\/blogs.univ-tlse2.fr\/mes-premiers-pas\/localisation-ufr-langues-litteratures-et-civilisations-etrangeres\/\"><img loading=\"lazy\" decoding=\"async\" width=\"5336\" height=\"5719\" class=\"wp-image-2252\" style=\"width: 25px\" src=\"https:\/\/blogs.univ-tlse2.fr\/mes-premiers-pas\/files\/2023\/09\/pointeur-VERT-1.png\" alt=\"\" srcset=\"https:\/\/blogs.univ-tlse2.fr\/mes-premiers-pas\/files\/2023\/09\/pointeur-VERT-1.png 5336w, https:\/\/blogs.univ-tlse2.fr\/mes-premiers-pas\/files\/2023\/09\/pointeur-VERT-1-280x300.png 280w, https:\/\/blogs.univ-tlse2.fr\/mes-premiers-pas\/files\/2023\/09\/pointeur-VERT-1-955x1024.png 955w, https:\/\/blogs.univ-tlse2.fr\/mes-premiers-pas\/files\/2023\/09\/pointeur-VERT-1-768x823.png 768w, https:\/\/blogs.univ-tlse2.fr\/mes-premiers-pas\/files\/2023\/09\/pointeur-VERT-1-1433x1536.png 1433w, https:\/\/blogs.univ-tlse2.fr\/mes-premiers-pas\/files\/2023\/09\/pointeur-VERT-1-1911x2048.png 1911w, https:\/\/blogs.univ-tlse2.fr\/mes-premiers-pas\/files\/2023\/09\/pointeur-VERT-1-500x536.png 500w, https:\/\/blogs.univ-tlse2.fr\/mes-premiers-pas\/files\/2023\/09\/pointeur-VERT-1-800x857.png 800w, https:\/\/blogs.univ-tlse2.fr\/mes-premiers-pas\/files\/2023\/09\/pointeur-VERT-1-1280x1372.png 1280w, https:\/\/blogs.univ-tlse2.fr\/mes-premiers-pas\/files\/2023\/09\/pointeur-VERT-1-1920x2058.png 1920w\" sizes=\"auto, (max-width: 5336px) 100vw, 5336px\" \/><\/a><\/sup><strong><a href=\"https:\/\/blogs.univ-tlse2.fr\/mes-premiers-pas\/localisation-ufr-langues-litteratures-et-civilisations-etrangeres\/\">Campus Mirail, b\u00e2t. \u00c9rasme<\/a><\/strong><br>Du lundi au vendredi de 8h15 \u00e0 19h <br><a href=\"m&#97;&#x69;&#x6c;t&#111;&#x3a;&#x63;r&#108;&#x40;&#x75;ni&#x76;&#x2d;tl&#x73;&#x65;2&#46;&#102;&#x72;\" target=\"_blank\" rel=\"noreferrer noopener\">c&#114;&#x6c;&#x40;un&#105;&#x76;&#x2d;t&#108;&#x73;&#x65;2&#46;&#102;&#x72;<\/a><\/p>\n\n\n\n<p class=\"has-medium-font-size\"><img loading=\"lazy\" decoding=\"async\" width=\"5636\" height=\"5719\" class=\"wp-image-2212\" style=\"width: 20px\" src=\"https:\/\/blogs.univ-tlse2.fr\/mes-premiers-pas\/files\/2023\/09\/Double-fleche-Vert.png\" alt=\"\" srcset=\"https:\/\/blogs.univ-tlse2.fr\/mes-premiers-pas\/files\/2023\/09\/Double-fleche-Vert.png 5636w, https:\/\/blogs.univ-tlse2.fr\/mes-premiers-pas\/files\/2023\/09\/Double-fleche-Vert-296x300.png 296w, https:\/\/blogs.univ-tlse2.fr\/mes-premiers-pas\/files\/2023\/09\/Double-fleche-Vert-1009x1024.png 1009w, https:\/\/blogs.univ-tlse2.fr\/mes-premiers-pas\/files\/2023\/09\/Double-fleche-Vert-768x779.png 768w, https:\/\/blogs.univ-tlse2.fr\/mes-premiers-pas\/files\/2023\/09\/Double-fleche-Vert-1514x1536.png 1514w, https:\/\/blogs.univ-tlse2.fr\/mes-premiers-pas\/files\/2023\/09\/Double-fleche-Vert-2018x2048.png 2018w, https:\/\/blogs.univ-tlse2.fr\/mes-premiers-pas\/files\/2023\/09\/Double-fleche-Vert-500x507.png 500w, https:\/\/blogs.univ-tlse2.fr\/mes-premiers-pas\/files\/2023\/09\/Double-fleche-Vert-800x812.png 800w, https:\/\/blogs.univ-tlse2.fr\/mes-premiers-pas\/files\/2023\/09\/Double-fleche-Vert-1280x1299.png 1280w, https:\/\/blogs.univ-tlse2.fr\/mes-premiers-pas\/files\/2023\/09\/Double-fleche-Vert-1920x1948.png 1920w\" sizes=\"auto, (max-width: 5636px) 100vw, 5636px\" \/> <strong>Documents tous supports sp\u00e9cialis\u00e9s en langues \u00e9trang\u00e8res, fran\u00e7ais langue \u00e9trang\u00e8re, langue des signes et sciences du langage. Collections de presse \u00e9trang\u00e8re, bandes dessin\u00e9es, guides de voyages.<\/strong><br>Collections + : ressources num\u00e9riques d&rsquo;auto-apprentissage des langues, tests de niveaux.<\/p>\n<\/div><\/details><\/div>\n\n\n\n<div class=\"wp-block-atomic-blocks-ab-accordion ab-block-accordion\"><details><summary class=\"ab-accordion-title\"><img loading=\"lazy\" decoding=\"async\" width=\"5725\" height=\"4063\" class=\"wp-image-2227\" style=\"width: 30px\" src=\"https:\/\/blogs.univ-tlse2.fr\/mes-premiers-pas\/files\/2023\/09\/Puce-Sous-Accordeon-VERT.png\" alt=\"\" srcset=\"https:\/\/blogs.univ-tlse2.fr\/mes-premiers-pas\/files\/2023\/09\/Puce-Sous-Accordeon-VERT.png 5725w, https:\/\/blogs.univ-tlse2.fr\/mes-premiers-pas\/files\/2023\/09\/Puce-Sous-Accordeon-VERT-300x213.png 300w, https:\/\/blogs.univ-tlse2.fr\/mes-premiers-pas\/files\/2023\/09\/Puce-Sous-Accordeon-VERT-1024x727.png 1024w, https:\/\/blogs.univ-tlse2.fr\/mes-premiers-pas\/files\/2023\/09\/Puce-Sous-Accordeon-VERT-768x545.png 768w, https:\/\/blogs.univ-tlse2.fr\/mes-premiers-pas\/files\/2023\/09\/Puce-Sous-Accordeon-VERT-1536x1090.png 1536w, https:\/\/blogs.univ-tlse2.fr\/mes-premiers-pas\/files\/2023\/09\/Puce-Sous-Accordeon-VERT-2048x1453.png 2048w, https:\/\/blogs.univ-tlse2.fr\/mes-premiers-pas\/files\/2023\/09\/Puce-Sous-Accordeon-VERT-500x355.png 500w, https:\/\/blogs.univ-tlse2.fr\/mes-premiers-pas\/files\/2023\/09\/Puce-Sous-Accordeon-VERT-800x568.png 800w, https:\/\/blogs.univ-tlse2.fr\/mes-premiers-pas\/files\/2023\/09\/Puce-Sous-Accordeon-VERT-1280x908.png 1280w, https:\/\/blogs.univ-tlse2.fr\/mes-premiers-pas\/files\/2023\/09\/Puce-Sous-Accordeon-VERT-1920x1363.png 1920w\" sizes=\"auto, (max-width: 5725px) 100vw, 5725px\" \/>Centre de ressources lettres, arts, philosophie (CLAP)<\/summary><div class=\"ab-accordion-text\">\n<p class=\"has-medium-font-size\"><sup><a href=\"https:\/\/blogs.univ-tlse2.fr\/mes-premiers-pas\/localisation-le-gai-savoir\/\"><img loading=\"lazy\" decoding=\"async\" width=\"5336\" height=\"5719\" class=\"wp-image-2252\" style=\"width: 25px\" src=\"https:\/\/blogs.univ-tlse2.fr\/mes-premiers-pas\/files\/2023\/09\/pointeur-VERT-1.png\" alt=\"\" srcset=\"https:\/\/blogs.univ-tlse2.fr\/mes-premiers-pas\/files\/2023\/09\/pointeur-VERT-1.png 5336w, https:\/\/blogs.univ-tlse2.fr\/mes-premiers-pas\/files\/2023\/09\/pointeur-VERT-1-280x300.png 280w, https:\/\/blogs.univ-tlse2.fr\/mes-premiers-pas\/files\/2023\/09\/pointeur-VERT-1-955x1024.png 955w, https:\/\/blogs.univ-tlse2.fr\/mes-premiers-pas\/files\/2023\/09\/pointeur-VERT-1-768x823.png 768w, https:\/\/blogs.univ-tlse2.fr\/mes-premiers-pas\/files\/2023\/09\/pointeur-VERT-1-1433x1536.png 1433w, https:\/\/blogs.univ-tlse2.fr\/mes-premiers-pas\/files\/2023\/09\/pointeur-VERT-1-1911x2048.png 1911w, https:\/\/blogs.univ-tlse2.fr\/mes-premiers-pas\/files\/2023\/09\/pointeur-VERT-1-500x536.png 500w, https:\/\/blogs.univ-tlse2.fr\/mes-premiers-pas\/files\/2023\/09\/pointeur-VERT-1-800x857.png 800w, https:\/\/blogs.univ-tlse2.fr\/mes-premiers-pas\/files\/2023\/09\/pointeur-VERT-1-1280x1372.png 1280w, https:\/\/blogs.univ-tlse2.fr\/mes-premiers-pas\/files\/2023\/09\/pointeur-VERT-1-1920x2058.png 1920w\" sizes=\"auto, (max-width: 5336px) 100vw, 5336px\" \/><\/a><\/sup><strong><a href=\"https:\/\/blogs.univ-tlse2.fr\/mes-premiers-pas\/localisation-le-gai-savoir\/\">Campus Mirail, b\u00e2t. Le Gai Savoir<\/a><\/strong><br>Du lundi au vendredi de 8h \u00e0 18h<br>05 61 50 48 00<br><a href=\"m&#x61;i&#108;&#x74;o&#58;&#x63;l&#97;&#x70;&#64;&#117;&#x6e;i&#x76;&#x2d;t&#x6c;&#x73;e&#x32;&#46;&#102;&#x72;\" target=\"_blank\" rel=\"noreferrer noopener\">cl&#x61;&#x70;&#x40;un&#105;&#x76;&#x2d;tl&#115;&#x65;&#x32;&#46;f&#114;<\/a><\/p>\n\n\n\n<p class=\"has-medium-font-size\"><img loading=\"lazy\" decoding=\"async\" width=\"5636\" height=\"5719\" class=\"wp-image-2212\" style=\"width: 20px\" src=\"https:\/\/blogs.univ-tlse2.fr\/mes-premiers-pas\/files\/2023\/09\/Double-fleche-Vert.png\" alt=\"\" srcset=\"https:\/\/blogs.univ-tlse2.fr\/mes-premiers-pas\/files\/2023\/09\/Double-fleche-Vert.png 5636w, https:\/\/blogs.univ-tlse2.fr\/mes-premiers-pas\/files\/2023\/09\/Double-fleche-Vert-296x300.png 296w, https:\/\/blogs.univ-tlse2.fr\/mes-premiers-pas\/files\/2023\/09\/Double-fleche-Vert-1009x1024.png 1009w, https:\/\/blogs.univ-tlse2.fr\/mes-premiers-pas\/files\/2023\/09\/Double-fleche-Vert-768x779.png 768w, https:\/\/blogs.univ-tlse2.fr\/mes-premiers-pas\/files\/2023\/09\/Double-fleche-Vert-1514x1536.png 1514w, https:\/\/blogs.univ-tlse2.fr\/mes-premiers-pas\/files\/2023\/09\/Double-fleche-Vert-2018x2048.png 2018w, https:\/\/blogs.univ-tlse2.fr\/mes-premiers-pas\/files\/2023\/09\/Double-fleche-Vert-500x507.png 500w, https:\/\/blogs.univ-tlse2.fr\/mes-premiers-pas\/files\/2023\/09\/Double-fleche-Vert-800x812.png 800w, https:\/\/blogs.univ-tlse2.fr\/mes-premiers-pas\/files\/2023\/09\/Double-fleche-Vert-1280x1299.png 1280w, https:\/\/blogs.univ-tlse2.fr\/mes-premiers-pas\/files\/2023\/09\/Double-fleche-Vert-1920x1948.png 1920w\" sizes=\"auto, (max-width: 5636px) 100vw, 5636px\" \/> <strong>Lettres modernes, lettres classiques (latin, grec), linguistique, occitan, philosophie, musique, cin\u00e9ma, th\u00e9\u00e2tre, danse, arts du spectacle, communication.<\/strong><br>Collections + : CD audio et partitions<\/p>\n<\/div><\/details><\/div>\n\n\n\n<div class=\"wp-block-atomic-blocks-ab-accordion ab-block-accordion\"><details><summary class=\"ab-accordion-title\"><img loading=\"lazy\" decoding=\"async\" width=\"5725\" height=\"4063\" class=\"wp-image-2227\" style=\"width: 30px\" src=\"https:\/\/blogs.univ-tlse2.fr\/mes-premiers-pas\/files\/2023\/09\/Puce-Sous-Accordeon-VERT.png\" alt=\"\" srcset=\"https:\/\/blogs.univ-tlse2.fr\/mes-premiers-pas\/files\/2023\/09\/Puce-Sous-Accordeon-VERT.png 5725w, https:\/\/blogs.univ-tlse2.fr\/mes-premiers-pas\/files\/2023\/09\/Puce-Sous-Accordeon-VERT-300x213.png 300w, https:\/\/blogs.univ-tlse2.fr\/mes-premiers-pas\/files\/2023\/09\/Puce-Sous-Accordeon-VERT-1024x727.png 1024w, https:\/\/blogs.univ-tlse2.fr\/mes-premiers-pas\/files\/2023\/09\/Puce-Sous-Accordeon-VERT-768x545.png 768w, https:\/\/blogs.univ-tlse2.fr\/mes-premiers-pas\/files\/2023\/09\/Puce-Sous-Accordeon-VERT-1536x1090.png 1536w, https:\/\/blogs.univ-tlse2.fr\/mes-premiers-pas\/files\/2023\/09\/Puce-Sous-Accordeon-VERT-2048x1453.png 2048w, https:\/\/blogs.univ-tlse2.fr\/mes-premiers-pas\/files\/2023\/09\/Puce-Sous-Accordeon-VERT-500x355.png 500w, https:\/\/blogs.univ-tlse2.fr\/mes-premiers-pas\/files\/2023\/09\/Puce-Sous-Accordeon-VERT-800x568.png 800w, https:\/\/blogs.univ-tlse2.fr\/mes-premiers-pas\/files\/2023\/09\/Puce-Sous-Accordeon-VERT-1280x908.png 1280w, https:\/\/blogs.univ-tlse2.fr\/mes-premiers-pas\/files\/2023\/09\/Puce-Sous-Accordeon-VERT-1920x1363.png 1920w\" sizes=\"auto, (max-width: 5725px) 100vw, 5725px\" \/>Centre de ressources Olympe de Gouges (CROG)<\/summary><div class=\"ab-accordion-text\">\n<p class=\"has-medium-font-size\"><sup><a href=\"https:\/\/blogs.univ-tlse2.fr\/mes-premiers-pas\/localisation-olympe-de-gouges\/\"><img loading=\"lazy\" decoding=\"async\" width=\"5336\" height=\"5719\" class=\"wp-image-2252\" style=\"width: 25px\" src=\"https:\/\/blogs.univ-tlse2.fr\/mes-premiers-pas\/files\/2023\/09\/pointeur-VERT-1.png\" alt=\"\" srcset=\"https:\/\/blogs.univ-tlse2.fr\/mes-premiers-pas\/files\/2023\/09\/pointeur-VERT-1.png 5336w, https:\/\/blogs.univ-tlse2.fr\/mes-premiers-pas\/files\/2023\/09\/pointeur-VERT-1-280x300.png 280w, https:\/\/blogs.univ-tlse2.fr\/mes-premiers-pas\/files\/2023\/09\/pointeur-VERT-1-955x1024.png 955w, https:\/\/blogs.univ-tlse2.fr\/mes-premiers-pas\/files\/2023\/09\/pointeur-VERT-1-768x823.png 768w, https:\/\/blogs.univ-tlse2.fr\/mes-premiers-pas\/files\/2023\/09\/pointeur-VERT-1-1433x1536.png 1433w, https:\/\/blogs.univ-tlse2.fr\/mes-premiers-pas\/files\/2023\/09\/pointeur-VERT-1-1911x2048.png 1911w, https:\/\/blogs.univ-tlse2.fr\/mes-premiers-pas\/files\/2023\/09\/pointeur-VERT-1-500x536.png 500w, https:\/\/blogs.univ-tlse2.fr\/mes-premiers-pas\/files\/2023\/09\/pointeur-VERT-1-800x857.png 800w, https:\/\/blogs.univ-tlse2.fr\/mes-premiers-pas\/files\/2023\/09\/pointeur-VERT-1-1280x1372.png 1280w, https:\/\/blogs.univ-tlse2.fr\/mes-premiers-pas\/files\/2023\/09\/pointeur-VERT-1-1920x2058.png 1920w\" sizes=\"auto, (max-width: 5336px) 100vw, 5336px\" \/><\/a><\/sup><strong><a href=\"https:\/\/blogs.univ-tlse2.fr\/mes-premiers-pas\/localisation-olympe-de-gouges\/\">Campus Mirail, b\u00e2t. Olympe de Gouges<\/a><\/strong><br>Du lundi au vendredi de 8h30 \u00e0 19h<br>05 61 50 46 22<br><a href=\"m&#x61;&#x69;l&#x74;&#x6f;:&#x63;&#x72;o&#103;&#x40;u&#110;&#x69;v&#45;&#x74;l&#115;&#x65;2&#46;&#x66;&#x72;\" target=\"_blank\" rel=\"noreferrer noopener\">crog&#64;univ-tlse2&#46;fr<\/a><\/p>\n\n\n\n<p class=\"has-medium-font-size\"><img loading=\"lazy\" decoding=\"async\" width=\"5636\" height=\"5719\" class=\"wp-image-2212\" style=\"width: 20px\" src=\"https:\/\/blogs.univ-tlse2.fr\/mes-premiers-pas\/files\/2023\/09\/Double-fleche-Vert.png\" alt=\"\" srcset=\"https:\/\/blogs.univ-tlse2.fr\/mes-premiers-pas\/files\/2023\/09\/Double-fleche-Vert.png 5636w, https:\/\/blogs.univ-tlse2.fr\/mes-premiers-pas\/files\/2023\/09\/Double-fleche-Vert-296x300.png 296w, https:\/\/blogs.univ-tlse2.fr\/mes-premiers-pas\/files\/2023\/09\/Double-fleche-Vert-1009x1024.png 1009w, https:\/\/blogs.univ-tlse2.fr\/mes-premiers-pas\/files\/2023\/09\/Double-fleche-Vert-768x779.png 768w, https:\/\/blogs.univ-tlse2.fr\/mes-premiers-pas\/files\/2023\/09\/Double-fleche-Vert-1514x1536.png 1514w, https:\/\/blogs.univ-tlse2.fr\/mes-premiers-pas\/files\/2023\/09\/Double-fleche-Vert-2018x2048.png 2018w, https:\/\/blogs.univ-tlse2.fr\/mes-premiers-pas\/files\/2023\/09\/Double-fleche-Vert-500x507.png 500w, https:\/\/blogs.univ-tlse2.fr\/mes-premiers-pas\/files\/2023\/09\/Double-fleche-Vert-800x812.png 800w, https:\/\/blogs.univ-tlse2.fr\/mes-premiers-pas\/files\/2023\/09\/Double-fleche-Vert-1280x1299.png 1280w, https:\/\/blogs.univ-tlse2.fr\/mes-premiers-pas\/files\/2023\/09\/Double-fleche-Vert-1920x1948.png 1920w\" sizes=\"auto, (max-width: 5636px) 100vw, 5636px\" \/> <strong>Histoire, histoire de l\u2019art, arts plastiques, arts appliqu\u00e9s, arch\u00e9ologie, sciences de l\u2019information et de la communication, g\u00e9ographie, sociologie, anthropologie, sciences de l\u2019\u00e9ducation, sciences \u00e9conomiques et de gestion, math\u00e9matiques et informatique.<\/strong><br>Collections + : Cartoth\u00e8que et photographies a\u00e9riennes<\/p>\n<\/div><\/details><\/div>\n\n\n\n<p class=\"has-text-color has-medium-font-size\" style=\"color:#eb3a29\"><sup><img loading=\"lazy\" decoding=\"async\" width=\"3524\" height=\"5719\" class=\"wp-image-2216\" style=\"width: 25px\" src=\"https:\/\/blogs.univ-tlse2.fr\/mes-premiers-pas\/files\/2023\/09\/A-Noter3.png\" alt=\"\" srcset=\"https:\/\/blogs.univ-tlse2.fr\/mes-premiers-pas\/files\/2023\/09\/A-Noter3.png 3524w, https:\/\/blogs.univ-tlse2.fr\/mes-premiers-pas\/files\/2023\/09\/A-Noter3-185x300.png 185w, https:\/\/blogs.univ-tlse2.fr\/mes-premiers-pas\/files\/2023\/09\/A-Noter3-631x1024.png 631w, https:\/\/blogs.univ-tlse2.fr\/mes-premiers-pas\/files\/2023\/09\/A-Noter3-768x1246.png 768w, https:\/\/blogs.univ-tlse2.fr\/mes-premiers-pas\/files\/2023\/09\/A-Noter3-946x1536.png 946w, https:\/\/blogs.univ-tlse2.fr\/mes-premiers-pas\/files\/2023\/09\/A-Noter3-1262x2048.png 1262w, https:\/\/blogs.univ-tlse2.fr\/mes-premiers-pas\/files\/2023\/09\/A-Noter3-500x811.png 500w, https:\/\/blogs.univ-tlse2.fr\/mes-premiers-pas\/files\/2023\/09\/A-Noter3-800x1298.png 800w, https:\/\/blogs.univ-tlse2.fr\/mes-premiers-pas\/files\/2023\/09\/A-Noter3-1280x2077.png 1280w, https:\/\/blogs.univ-tlse2.fr\/mes-premiers-pas\/files\/2023\/09\/A-Noter3-1920x3116.png 1920w\" sizes=\"auto, (max-width: 3524px) 100vw, 3524px\" \/><\/sup><strong> L\u2019UT2J propose \u00e9galement des m\u00e9diath\u00e8ques et des biblioth\u00e8ques de proximit\u00e9 sur les autres campus et sur les sites de l\u2019Insp\u00e9.<\/strong><\/p>\n\n\n\n<div style=\"height:16px\" aria-hidden=\"true\" class=\"wp-block-spacer\"><\/div>\n\n\n\n<div class=\"wp-block-atomic-blocks-ab-container ab-block-container\"><div class=\"ab-container-inside\"><div class=\"ab-container-content\">\n<div class=\"wp-block-columns is-layout-flex wp-container-core-columns-is-layout-9d6595d7 wp-block-columns-is-layout-flex\">\n<div class=\"wp-block-column has-background is-layout-flow wp-block-column-is-layout-flow\" style=\"background-color:#f1dfb1\">\n<div style=\"padding-left:4%;padding-right:4%;padding-bottom:1.5%;padding-top:1.5%;margin-bottom:2%\" class=\"wp-block-atomic-blocks-ab-container ab-block-container\"><div class=\"ab-container-inside\"><div class=\"ab-container-content\" style=\"max-width:1600px\">\n<p class=\"has-text-align-center has-large-font-size\"><strong>Une Question<\/strong><\/p>\n\n\n\n<p class=\"has-black-color has-text-color has-medium-font-size\"><img loading=\"lazy\" decoding=\"async\" width=\"5636\" height=\"5719\" class=\"wp-image-2212\" style=\"width: 20px\" src=\"https:\/\/blogs.univ-tlse2.fr\/mes-premiers-pas\/files\/2023\/09\/Double-fleche-Vert.png\" alt=\"\" srcset=\"https:\/\/blogs.univ-tlse2.fr\/mes-premiers-pas\/files\/2023\/09\/Double-fleche-Vert.png 5636w, https:\/\/blogs.univ-tlse2.fr\/mes-premiers-pas\/files\/2023\/09\/Double-fleche-Vert-296x300.png 296w, https:\/\/blogs.univ-tlse2.fr\/mes-premiers-pas\/files\/2023\/09\/Double-fleche-Vert-1009x1024.png 1009w, https:\/\/blogs.univ-tlse2.fr\/mes-premiers-pas\/files\/2023\/09\/Double-fleche-Vert-768x779.png 768w, https:\/\/blogs.univ-tlse2.fr\/mes-premiers-pas\/files\/2023\/09\/Double-fleche-Vert-1514x1536.png 1514w, https:\/\/blogs.univ-tlse2.fr\/mes-premiers-pas\/files\/2023\/09\/Double-fleche-Vert-2018x2048.png 2018w, https:\/\/blogs.univ-tlse2.fr\/mes-premiers-pas\/files\/2023\/09\/Double-fleche-Vert-500x507.png 500w, https:\/\/blogs.univ-tlse2.fr\/mes-premiers-pas\/files\/2023\/09\/Double-fleche-Vert-800x812.png 800w, https:\/\/blogs.univ-tlse2.fr\/mes-premiers-pas\/files\/2023\/09\/Double-fleche-Vert-1280x1299.png 1280w, https:\/\/blogs.univ-tlse2.fr\/mes-premiers-pas\/files\/2023\/09\/Double-fleche-Vert-1920x1948.png 1920w\" sizes=\"auto, (max-width: 5636px) 100vw, 5636px\" \/> Pour toutes questions relatives aux biblioth\u00e8ques et aux recherches documentaires, le service <a href=\"https:\/\/bibliotheques.univ-tlse2.fr\/accueil-bibliotheques\/a-votre-service\/nous-contacter\" target=\"_blank\" rel=\"noreferrer noopener\">Une Question<\/a> propose un contact par chat ou SMS au 06.44.60.42.22 du lundi au vendredi, ou par mail 24h\/24 avec r\u00e9ponse sous 48h maximum.<br> <br><strong>En savoir + :<\/strong> <a href=\"https:\/\/bibliotheques.univ-tlse2.fr\/accueil-bibliotheques\/actualites\" target=\"_blank\" rel=\"noreferrer noopener\">l&rsquo;actualit\u00e9 des biblioth\u00e8ques de l&rsquo;UT2J<\/a><br><br>Sur les r\u00e9seaux : @bibut2j<\/p>\n\n\n\n<ul class=\"wp-block-social-links has-large-icon-size is-content-justification-center is-layout-flex wp-container-core-social-links-is-layout-16018d1d wp-block-social-links-is-layout-flex\"><li class=\"wp-social-link wp-social-link-instagram  wp-block-social-link\"><a href=\"https:\/\/bibliotheques.univ-tlse2.fr\/accueil-bibliotheques\/instagram\" class=\"wp-block-social-link-anchor\"><svg width=\"24\" height=\"24\" viewBox=\"0 0 24 24\" version=\"1.1\" xmlns=\"http:\/\/www.w3.org\/2000\/svg\" aria-hidden=\"true\" focusable=\"false\"><path d=\"M12,4.622c2.403,0,2.688,0.009,3.637,0.052c0.877,0.04,1.354,0.187,1.671,0.31c0.42,0.163,0.72,0.358,1.035,0.673 c0.315,0.315,0.51,0.615,0.673,1.035c0.123,0.317,0.27,0.794,0.31,1.671c0.043,0.949,0.052,1.234,0.052,3.637 s-0.009,2.688-0.052,3.637c-0.04,0.877-0.187,1.354-0.31,1.671c-0.163,0.42-0.358,0.72-0.673,1.035 c-0.315,0.315-0.615,0.51-1.035,0.673c-0.317,0.123-0.794,0.27-1.671,0.31c-0.949,0.043-1.233,0.052-3.637,0.052 s-2.688-0.009-3.637-0.052c-0.877-0.04-1.354-0.187-1.671-0.31c-0.42-0.163-0.72-0.358-1.035-0.673 c-0.315-0.315-0.51-0.615-0.673-1.035c-0.123-0.317-0.27-0.794-0.31-1.671C4.631,14.688,4.622,14.403,4.622,12 s0.009-2.688,0.052-3.637c0.04-0.877,0.187-1.354,0.31-1.671c0.163-0.42,0.358-0.72,0.673-1.035 c0.315-0.315,0.615-0.51,1.035-0.673c0.317-0.123,0.794-0.27,1.671-0.31C9.312,4.631,9.597,4.622,12,4.622 M12,3 C9.556,3,9.249,3.01,8.289,3.054C7.331,3.098,6.677,3.25,6.105,3.472C5.513,3.702,5.011,4.01,4.511,4.511 c-0.5,0.5-0.808,1.002-1.038,1.594C3.25,6.677,3.098,7.331,3.054,8.289C3.01,9.249,3,9.556,3,12c0,2.444,0.01,2.751,0.054,3.711 c0.044,0.958,0.196,1.612,0.418,2.185c0.23,0.592,0.538,1.094,1.038,1.594c0.5,0.5,1.002,0.808,1.594,1.038 c0.572,0.222,1.227,0.375,2.185,0.418C9.249,20.99,9.556,21,12,21s2.751-0.01,3.711-0.054c0.958-0.044,1.612-0.196,2.185-0.418 c0.592-0.23,1.094-0.538,1.594-1.038c0.5-0.5,0.808-1.002,1.038-1.594c0.222-0.572,0.375-1.227,0.418-2.185 C20.99,14.751,21,14.444,21,12s-0.01-2.751-0.054-3.711c-0.044-0.958-0.196-1.612-0.418-2.185c-0.23-0.592-0.538-1.094-1.038-1.594 c-0.5-0.5-1.002-0.808-1.594-1.038c-0.572-0.222-1.227-0.375-2.185-0.418C14.751,3.01,14.444,3,12,3L12,3z M12,7.378 c-2.552,0-4.622,2.069-4.622,4.622S9.448,16.622,12,16.622s4.622-2.069,4.622-4.622S14.552,7.378,12,7.378z M12,15 c-1.657,0-3-1.343-3-3s1.343-3,3-3s3,1.343,3,3S13.657,15,12,15z M16.804,6.116c-0.596,0-1.08,0.484-1.08,1.08 s0.484,1.08,1.08,1.08c0.596,0,1.08-0.484,1.08-1.08S17.401,6.116,16.804,6.116z\"><\/path><\/svg><span class=\"wp-block-social-link-label screen-reader-text\">Instagram<\/span><\/a><\/li><\/ul>\n<\/div><\/div><\/div>\n<\/div>\n<\/div>\n<\/div><\/div><\/div>\n<\/div><\/details><\/div>\n\n\n\n<div style=\"background-color:#2d9f7b;padding-left:1%;padding-right:1%;padding-bottom:1.5%;padding-top:1.5%;margin-bottom:2%\" class=\"wp-block-atomic-blocks-ab-container ab-block-container\"><div class=\"ab-container-inside\"><div class=\"ab-container-content\" style=\"max-width:1600px\">\n<div class=\"wp-block-atomic-blocks-ab-columns ab-layout-columns-1 one-column ab-has-custom-background-color\" style=\"padding-top:2px;padding-right:17px;padding-bottom:2px;padding-left:17px;background-color:#2d9f7b\"><div class=\"ab-layout-column-wrap ab-block-layout-column-gap-2 ab-is-responsive-column\">\n<div class=\"wp-block-atomic-blocks-ab-column ab-block-layout-column\"><div class=\"ab-block-layout-column-inner\" style=\"margin-top:26px\">\n<h2 class=\"wp-block-heading has-black-color has-text-color\"><sup><sup><img loading=\"lazy\" decoding=\"async\" width=\"4952\" height=\"5102\" class=\"wp-image-2234\" style=\"width: 45px\" src=\"https:\/\/blogs.univ-tlse2.fr\/mes-premiers-pas\/files\/2023\/09\/Bon-a-savoir3.png\" alt=\"\" srcset=\"https:\/\/blogs.univ-tlse2.fr\/mes-premiers-pas\/files\/2023\/09\/Bon-a-savoir3.png 4952w, https:\/\/blogs.univ-tlse2.fr\/mes-premiers-pas\/files\/2023\/09\/Bon-a-savoir3-291x300.png 291w, https:\/\/blogs.univ-tlse2.fr\/mes-premiers-pas\/files\/2023\/09\/Bon-a-savoir3-994x1024.png 994w, https:\/\/blogs.univ-tlse2.fr\/mes-premiers-pas\/files\/2023\/09\/Bon-a-savoir3-768x791.png 768w, https:\/\/blogs.univ-tlse2.fr\/mes-premiers-pas\/files\/2023\/09\/Bon-a-savoir3-1491x1536.png 1491w, https:\/\/blogs.univ-tlse2.fr\/mes-premiers-pas\/files\/2023\/09\/Bon-a-savoir3-1988x2048.png 1988w, https:\/\/blogs.univ-tlse2.fr\/mes-premiers-pas\/files\/2023\/09\/Bon-a-savoir3-500x515.png 500w, https:\/\/blogs.univ-tlse2.fr\/mes-premiers-pas\/files\/2023\/09\/Bon-a-savoir3-800x824.png 800w, https:\/\/blogs.univ-tlse2.fr\/mes-premiers-pas\/files\/2023\/09\/Bon-a-savoir3-1280x1319.png 1280w, https:\/\/blogs.univ-tlse2.fr\/mes-premiers-pas\/files\/2023\/09\/Bon-a-savoir3-1920x1978.png 1920w\" sizes=\"auto, (max-width: 4952px) 100vw, 4952px\" \/><\/sup><\/sup> Exception handicap : la documentation accessible par tout\u00b7es !<\/h2>\n\n\n\n<p class=\"has-black-color has-text-color has-medium-font-size\">Litt\u00e9rature, p\u00e9riodiques, manuels et bien plus encore sont d\u00e9sormais disponibles au format num\u00e9rique. Service r\u00e9serv\u00e9 aux \u00e9tudiant\u00b7es en situation de handicap y compris aux publics \u00ab dys \u00bb de l\u2019UT2J, il est accessible, sur simple d\u00e9claration sur l&rsquo;honneur, via une demande en ligne.<\/p>\n\n\n\n<p class=\"has-black-color has-text-color has-medium-font-size\"><strong>En savoir + :<\/strong> <a rel=\"noreferrer noopener\" href=\"https:\/\/bibliotheques.univ-tlse2.fr\/accueil-bibliotheques\/a-votre-service\/handicap-et-accessibilite\" data-type=\"URL\" data-id=\"https:\/\/bibliotheques.univ-tlse2.fr\/accueil-bibliotheques\/a-votre-service\/handicap-et-accessibilite\" target=\"_blank\">Acc\u00e8s facilit\u00e9 \u00e0 la documentation &#8211; Exception handicap<\/a><\/p>\n<\/div><\/div>\n<\/div><\/div>\n<\/div><\/div><\/div>\n\n\n\n<div class=\"wp-block-atomic-blocks-ab-accordion ab-block-accordion ab-font-size-24\"><details><summary class=\"ab-accordion-title\"><img loading=\"lazy\" decoding=\"async\" width=\"2864\" height=\"2033\" class=\"wp-image-2083\" style=\"width: 35px\" src=\"https:\/\/blogs.univ-tlse2.fr\/mes-premiers-pas\/files\/2023\/08\/Puce-Accordeon-Rouge.png\" alt=\"\" srcset=\"https:\/\/blogs.univ-tlse2.fr\/mes-premiers-pas\/files\/2023\/08\/Puce-Accordeon-Rouge.png 2864w, https:\/\/blogs.univ-tlse2.fr\/mes-premiers-pas\/files\/2023\/08\/Puce-Accordeon-Rouge-300x213.png 300w, https:\/\/blogs.univ-tlse2.fr\/mes-premiers-pas\/files\/2023\/08\/Puce-Accordeon-Rouge-1024x727.png 1024w, https:\/\/blogs.univ-tlse2.fr\/mes-premiers-pas\/files\/2023\/08\/Puce-Accordeon-Rouge-768x545.png 768w, https:\/\/blogs.univ-tlse2.fr\/mes-premiers-pas\/files\/2023\/08\/Puce-Accordeon-Rouge-1536x1090.png 1536w, https:\/\/blogs.univ-tlse2.fr\/mes-premiers-pas\/files\/2023\/08\/Puce-Accordeon-Rouge-2048x1454.png 2048w, https:\/\/blogs.univ-tlse2.fr\/mes-premiers-pas\/files\/2023\/08\/Puce-Accordeon-Rouge-500x355.png 500w, https:\/\/blogs.univ-tlse2.fr\/mes-premiers-pas\/files\/2023\/08\/Puce-Accordeon-Rouge-800x568.png 800w, https:\/\/blogs.univ-tlse2.fr\/mes-premiers-pas\/files\/2023\/08\/Puce-Accordeon-Rouge-1280x909.png 1280w, https:\/\/blogs.univ-tlse2.fr\/mes-premiers-pas\/files\/2023\/08\/Puce-Accordeon-Rouge-1920x1363.png 1920w\" sizes=\"auto, (max-width: 2864px) 100vw, 2864px\" \/><strong><mark style=\"background-color:#f2f2f2;color:#2d9f7b\" class=\"has-inline-color\">Les centres de documentation<\/mark><\/strong><\/summary><div class=\"ab-accordion-text\">\n<p class=\"has-medium-font-size\">L\u2019UT2J dispose \u00e9galement de centres de documentation sp\u00e9cialis\u00e9s, et en particulier le centre de ressources du Scuio-IP, La Boussole (<a rel=\"noreferrer noopener\" href=\"https:\/\/blogs.univ-tlse2.fr\/mes-premiers-pas\/construire-son-parcours-faire-un-stage\/\" data-type=\"page\" data-id=\"97\" target=\"_blank\">voir Construire son parcours, faire un stage<\/a>) o\u00f9 vous trouverez un fonds documentaire riche et de nombreuses ressources num\u00e9riques d\u00e9di\u00e9es \u00e0 l\u2019orientation et \u00e0 l\u2019insertion professionnelle.<\/p>\n\n\n\n<div style=\"background-color:#2d9f7b;padding-left:2%;padding-right:2%;padding-bottom:1%;padding-top:0.5%;margin-top:3%\" class=\"wp-block-atomic-blocks-ab-container ab-block-container\"><div class=\"ab-container-inside\"><div class=\"ab-container-content\">\n<div class=\"wp-block-atomic-blocks-ab-columns ab-layout-columns-1 one-column ab-has-custom-background-color\" style=\"background-color:#2d9f7b\"><div class=\"ab-layout-column-wrap ab-block-layout-column-gap-2 ab-is-responsive-column\">\n<div class=\"wp-block-atomic-blocks-ab-column ab-block-layout-column\"><div class=\"ab-block-layout-column-inner\" style=\"padding:12px\">\n<h2 class=\"wp-block-heading has-black-color has-text-color\"><sup><sup><img loading=\"lazy\" decoding=\"async\" width=\"4952\" height=\"5102\" class=\"wp-image-2234\" style=\"width: 45px\" src=\"https:\/\/blogs.univ-tlse2.fr\/mes-premiers-pas\/files\/2023\/09\/Bon-a-savoir3.png\" alt=\"\" srcset=\"https:\/\/blogs.univ-tlse2.fr\/mes-premiers-pas\/files\/2023\/09\/Bon-a-savoir3.png 4952w, https:\/\/blogs.univ-tlse2.fr\/mes-premiers-pas\/files\/2023\/09\/Bon-a-savoir3-291x300.png 291w, https:\/\/blogs.univ-tlse2.fr\/mes-premiers-pas\/files\/2023\/09\/Bon-a-savoir3-994x1024.png 994w, https:\/\/blogs.univ-tlse2.fr\/mes-premiers-pas\/files\/2023\/09\/Bon-a-savoir3-768x791.png 768w, https:\/\/blogs.univ-tlse2.fr\/mes-premiers-pas\/files\/2023\/09\/Bon-a-savoir3-1491x1536.png 1491w, https:\/\/blogs.univ-tlse2.fr\/mes-premiers-pas\/files\/2023\/09\/Bon-a-savoir3-1988x2048.png 1988w, https:\/\/blogs.univ-tlse2.fr\/mes-premiers-pas\/files\/2023\/09\/Bon-a-savoir3-500x515.png 500w, https:\/\/blogs.univ-tlse2.fr\/mes-premiers-pas\/files\/2023\/09\/Bon-a-savoir3-800x824.png 800w, https:\/\/blogs.univ-tlse2.fr\/mes-premiers-pas\/files\/2023\/09\/Bon-a-savoir3-1280x1319.png 1280w, https:\/\/blogs.univ-tlse2.fr\/mes-premiers-pas\/files\/2023\/09\/Bon-a-savoir3-1920x1978.png 1920w\" sizes=\"auto, (max-width: 4952px) 100vw, 4952px\" \/><\/sup><\/sup> Le prix \u00e9crire la ville<\/h2>\n\n\n\n<p class=\"has-black-color has-text-color has-medium-font-size\">Le prix litt\u00e9raire toulousain consacr\u00e9 aux \u00e9tudes urbaines et \u00e0 la litt\u00e9rature. <br>L\u2019originalit\u00e9 du prix ? Un comit\u00e9 de lecture, compos\u00e9 entre autres de membres de l\u2019universit\u00e9 (personnels et \u00e9tudiant\u00b7e\u00b7s), et un jury choisissent la.le laur\u00e9at\u00b7e.<\/p>\n\n\n\n<p class=\"has-black-color has-text-color has-medium-font-size\"><strong>Tout savoir sur<\/strong> <a rel=\"noreferrer noopener\" href=\"https:\/\/prixecrirelaville.wordpress.com\/\" data-type=\"URL\" data-id=\"https:\/\/prixecrirelaville.wordpress.com\/\" target=\"_blank\">le prix \u00e9crire la ville<\/a><\/p>\n\n\n\n<p class=\"has-black-color has-text-color has-medium-font-size\"><strong>Contact : <\/strong><a rel=\"noreferrer noopener\" href=\"ma&#105;&#x6c;&#x74;&#x6f;:a&#115;&#x73;&#x6f;&#x63;ia&#116;&#x69;&#x6f;&#x6e;&#46;ec&#114;&#x69;&#x72;&#x65;la&#118;&#x69;&#x6c;&#x6c;e&#64;&#103;&#x6d;&#x61;&#x69;l&#46;&#99;&#x6f;&#x6d;\" target=\"_blank\">&#x61;&#x73;so&#x63;&#x69;&#97;ti&#x6f;&#x6e;&#46;e&#x63;&#x72;&#105;re&#x6c;&#x61;vi&#x6c;&#x6c;&#101;&#64;g&#x6d;&#x61;&#105;l&#x2e;&#x63;&#111;m<\/a><\/p>\n<\/div><\/div>\n<\/div><\/div>\n<\/div><\/div><\/div>\n\n\n\n<div style=\"height:6px\" aria-hidden=\"true\" class=\"wp-block-spacer\"><\/div>\n<\/div><\/details><\/div>\n\n\n\n<div style=\"background-color:#2d9f7b;padding-left:2%;padding-right:2%;padding-bottom:1%;padding-top:0.5%;margin-top:3%\" class=\"wp-block-atomic-blocks-ab-container ab-block-container\"><div class=\"ab-container-inside\"><div class=\"ab-container-content\">\n<div class=\"wp-block-atomic-blocks-ab-columns ab-layout-columns-1 one-column ab-has-custom-background-color\" style=\"background-color:#2d9f7b\"><div class=\"ab-layout-column-wrap ab-block-layout-column-gap-2 ab-is-responsive-column\">\n<div class=\"wp-block-atomic-blocks-ab-column ab-block-layout-column\"><div class=\"ab-block-layout-column-inner\" style=\"padding:12px\">\n<h2 class=\"wp-block-heading has-black-color has-text-color\"><sup><sup><img loading=\"lazy\" decoding=\"async\" width=\"4952\" height=\"5102\" class=\"wp-image-2234\" style=\"width: 45px\" src=\"https:\/\/blogs.univ-tlse2.fr\/mes-premiers-pas\/files\/2023\/09\/Bon-a-savoir3.png\" alt=\"\" srcset=\"https:\/\/blogs.univ-tlse2.fr\/mes-premiers-pas\/files\/2023\/09\/Bon-a-savoir3.png 4952w, https:\/\/blogs.univ-tlse2.fr\/mes-premiers-pas\/files\/2023\/09\/Bon-a-savoir3-291x300.png 291w, https:\/\/blogs.univ-tlse2.fr\/mes-premiers-pas\/files\/2023\/09\/Bon-a-savoir3-994x1024.png 994w, https:\/\/blogs.univ-tlse2.fr\/mes-premiers-pas\/files\/2023\/09\/Bon-a-savoir3-768x791.png 768w, https:\/\/blogs.univ-tlse2.fr\/mes-premiers-pas\/files\/2023\/09\/Bon-a-savoir3-1491x1536.png 1491w, https:\/\/blogs.univ-tlse2.fr\/mes-premiers-pas\/files\/2023\/09\/Bon-a-savoir3-1988x2048.png 1988w, https:\/\/blogs.univ-tlse2.fr\/mes-premiers-pas\/files\/2023\/09\/Bon-a-savoir3-500x515.png 500w, https:\/\/blogs.univ-tlse2.fr\/mes-premiers-pas\/files\/2023\/09\/Bon-a-savoir3-800x824.png 800w, https:\/\/blogs.univ-tlse2.fr\/mes-premiers-pas\/files\/2023\/09\/Bon-a-savoir3-1280x1319.png 1280w, https:\/\/blogs.univ-tlse2.fr\/mes-premiers-pas\/files\/2023\/09\/Bon-a-savoir3-1920x1978.png 1920w\" sizes=\"auto, (max-width: 4952px) 100vw, 4952px\" \/><\/sup><\/sup> <a href=\"https:\/\/miroir.univ-tlse2.fr\">Miroir, le reflet des savoirs de l&rsquo;UT2J<\/a><\/h2>\n\n\n\n<p class=\"has-black-color has-text-color has-medium-font-size\">MIROIR est le m\u00e9dia num\u00e9rique d\u00e9di\u00e9 \u00e0 la diffusion des productions audiovisuelles de l\u2019universit\u00e9. Chaque semaine, de nouveaux podcasts, conf\u00e9rences, entretiens et ressources p\u00e9dagogiques sont publi\u00e9s en libre acc\u00e8s, offrant des contenus documentaires pour prolonger les enseignements universitaires.<\/p>\n\n\n\n<p class=\"has-black-color has-text-color has-medium-font-size\">Ils permettent \u00e9galement de d\u00e9couvrir la richesse de la vie scientifique et culturelle de notre universit\u00e9.<\/p>\n<\/div><\/div>\n<\/div><\/div>\n<\/div><\/div><\/div>\n\n\n\n<div class=\"wp-block-atomic-blocks-ab-accordion ab-block-accordion ab-font-size-24\"><details><summary class=\"ab-accordion-title\"><img loading=\"lazy\" decoding=\"async\" width=\"2864\" height=\"2033\" class=\"wp-image-2083\" style=\"width: 35px\" src=\"https:\/\/blogs.univ-tlse2.fr\/mes-premiers-pas\/files\/2023\/08\/Puce-Accordeon-Rouge.png\" alt=\"\" srcset=\"https:\/\/blogs.univ-tlse2.fr\/mes-premiers-pas\/files\/2023\/08\/Puce-Accordeon-Rouge.png 2864w, https:\/\/blogs.univ-tlse2.fr\/mes-premiers-pas\/files\/2023\/08\/Puce-Accordeon-Rouge-300x213.png 300w, https:\/\/blogs.univ-tlse2.fr\/mes-premiers-pas\/files\/2023\/08\/Puce-Accordeon-Rouge-1024x727.png 1024w, https:\/\/blogs.univ-tlse2.fr\/mes-premiers-pas\/files\/2023\/08\/Puce-Accordeon-Rouge-768x545.png 768w, https:\/\/blogs.univ-tlse2.fr\/mes-premiers-pas\/files\/2023\/08\/Puce-Accordeon-Rouge-1536x1090.png 1536w, https:\/\/blogs.univ-tlse2.fr\/mes-premiers-pas\/files\/2023\/08\/Puce-Accordeon-Rouge-2048x1454.png 2048w, https:\/\/blogs.univ-tlse2.fr\/mes-premiers-pas\/files\/2023\/08\/Puce-Accordeon-Rouge-500x355.png 500w, https:\/\/blogs.univ-tlse2.fr\/mes-premiers-pas\/files\/2023\/08\/Puce-Accordeon-Rouge-800x568.png 800w, https:\/\/blogs.univ-tlse2.fr\/mes-premiers-pas\/files\/2023\/08\/Puce-Accordeon-Rouge-1280x909.png 1280w, https:\/\/blogs.univ-tlse2.fr\/mes-premiers-pas\/files\/2023\/08\/Puce-Accordeon-Rouge-1920x1363.png 1920w\" sizes=\"auto, (max-width: 2864px) 100vw, 2864px\" \/><strong><mark style=\"background-color:#f2f2f2;color:#2d9f7b\" class=\"has-inline-color\">Le pr\u00eat de mat\u00e9riel informatique et audiovisuel<\/mark><\/strong><\/summary><div class=\"ab-accordion-text\">\n<p class=\"has-medium-font-size\">Un pr\u00eat d&rsquo;ordinateur portable et de mat\u00e9riel audiovisuel est possible \u00e0 l&rsquo;universit\u00e9 sous certaines conditions.<\/p>\n\n\n\n<div class=\"wp-block-atomic-blocks-ab-accordion ab-block-accordion\"><details><summary class=\"ab-accordion-title\"><img loading=\"lazy\" decoding=\"async\" width=\"3950\" height=\"3950\" class=\"wp-image-2224\" style=\"width: 20px\" src=\"https:\/\/blogs.univ-tlse2.fr\/mes-premiers-pas\/files\/2023\/09\/Puce-Sous-Accordeon-rouge.png\" alt=\"\" srcset=\"https:\/\/blogs.univ-tlse2.fr\/mes-premiers-pas\/files\/2023\/09\/Puce-Sous-Accordeon-rouge.png 3950w, https:\/\/blogs.univ-tlse2.fr\/mes-premiers-pas\/files\/2023\/09\/Puce-Sous-Accordeon-rouge-300x300.png 300w, https:\/\/blogs.univ-tlse2.fr\/mes-premiers-pas\/files\/2023\/09\/Puce-Sous-Accordeon-rouge-1024x1024.png 1024w, https:\/\/blogs.univ-tlse2.fr\/mes-premiers-pas\/files\/2023\/09\/Puce-Sous-Accordeon-rouge-150x150.png 150w, https:\/\/blogs.univ-tlse2.fr\/mes-premiers-pas\/files\/2023\/09\/Puce-Sous-Accordeon-rouge-768x768.png 768w, https:\/\/blogs.univ-tlse2.fr\/mes-premiers-pas\/files\/2023\/09\/Puce-Sous-Accordeon-rouge-1536x1536.png 1536w, https:\/\/blogs.univ-tlse2.fr\/mes-premiers-pas\/files\/2023\/09\/Puce-Sous-Accordeon-rouge-2048x2048.png 2048w, https:\/\/blogs.univ-tlse2.fr\/mes-premiers-pas\/files\/2023\/09\/Puce-Sous-Accordeon-rouge-600x600.png 600w, https:\/\/blogs.univ-tlse2.fr\/mes-premiers-pas\/files\/2023\/09\/Puce-Sous-Accordeon-rouge-500x500.png 500w, https:\/\/blogs.univ-tlse2.fr\/mes-premiers-pas\/files\/2023\/09\/Puce-Sous-Accordeon-rouge-800x800.png 800w, https:\/\/blogs.univ-tlse2.fr\/mes-premiers-pas\/files\/2023\/09\/Puce-Sous-Accordeon-rouge-1280x1280.png 1280w, https:\/\/blogs.univ-tlse2.fr\/mes-premiers-pas\/files\/2023\/09\/Puce-Sous-Accordeon-rouge-1920x1920.png 1920w\" sizes=\"auto, (max-width: 3950px) 100vw, 3950px\" \/> Mat\u00e9riel informatique<\/summary><div class=\"ab-accordion-text\">\n<p class=\"has-medium-font-size\"><strong>Direction du syst\u00e8me d&rsquo;information (DSI)<\/strong><br><a href=\"https:\/\/blogs.univ-tlse2.fr\/mes-premiers-pas\/localisation-dsi\/\"><sup><img loading=\"lazy\" decoding=\"async\" width=\"5336\" height=\"5719\" class=\"wp-image-2252\" style=\"width: 25px\" src=\"https:\/\/blogs.univ-tlse2.fr\/mes-premiers-pas\/files\/2023\/09\/pointeur-VERT-1.png\" alt=\"\" srcset=\"https:\/\/blogs.univ-tlse2.fr\/mes-premiers-pas\/files\/2023\/09\/pointeur-VERT-1.png 5336w, https:\/\/blogs.univ-tlse2.fr\/mes-premiers-pas\/files\/2023\/09\/pointeur-VERT-1-280x300.png 280w, https:\/\/blogs.univ-tlse2.fr\/mes-premiers-pas\/files\/2023\/09\/pointeur-VERT-1-955x1024.png 955w, https:\/\/blogs.univ-tlse2.fr\/mes-premiers-pas\/files\/2023\/09\/pointeur-VERT-1-768x823.png 768w, https:\/\/blogs.univ-tlse2.fr\/mes-premiers-pas\/files\/2023\/09\/pointeur-VERT-1-1433x1536.png 1433w, https:\/\/blogs.univ-tlse2.fr\/mes-premiers-pas\/files\/2023\/09\/pointeur-VERT-1-1911x2048.png 1911w, https:\/\/blogs.univ-tlse2.fr\/mes-premiers-pas\/files\/2023\/09\/pointeur-VERT-1-500x536.png 500w, https:\/\/blogs.univ-tlse2.fr\/mes-premiers-pas\/files\/2023\/09\/pointeur-VERT-1-800x857.png 800w, https:\/\/blogs.univ-tlse2.fr\/mes-premiers-pas\/files\/2023\/09\/pointeur-VERT-1-1280x1372.png 1280w, https:\/\/blogs.univ-tlse2.fr\/mes-premiers-pas\/files\/2023\/09\/pointeur-VERT-1-1920x2058.png 1920w\" sizes=\"auto, (max-width: 5336px) 100vw, 5336px\" \/><\/sup>Campus Mirail, b\u00e2t. La Pr\u00e9sidence<\/a><\/p>\n\n\n\n<p class=\"has-medium-font-size\"><img loading=\"lazy\" decoding=\"async\" width=\"2668\" height=\"2861\" class=\"wp-image-2305\" style=\"width: 20px\" src=\"https:\/\/blogs.univ-tlse2.fr\/mes-premiers-pas\/files\/2023\/09\/Double-fleche-Noir.png\" alt=\"\" srcset=\"https:\/\/blogs.univ-tlse2.fr\/mes-premiers-pas\/files\/2023\/09\/Double-fleche-Noir.png 2668w, https:\/\/blogs.univ-tlse2.fr\/mes-premiers-pas\/files\/2023\/09\/Double-fleche-Noir-280x300.png 280w, https:\/\/blogs.univ-tlse2.fr\/mes-premiers-pas\/files\/2023\/09\/Double-fleche-Noir-955x1024.png 955w, https:\/\/blogs.univ-tlse2.fr\/mes-premiers-pas\/files\/2023\/09\/Double-fleche-Noir-768x824.png 768w, https:\/\/blogs.univ-tlse2.fr\/mes-premiers-pas\/files\/2023\/09\/Double-fleche-Noir-1432x1536.png 1432w, https:\/\/blogs.univ-tlse2.fr\/mes-premiers-pas\/files\/2023\/09\/Double-fleche-Noir-1910x2048.png 1910w, https:\/\/blogs.univ-tlse2.fr\/mes-premiers-pas\/files\/2023\/09\/Double-fleche-Noir-500x536.png 500w, https:\/\/blogs.univ-tlse2.fr\/mes-premiers-pas\/files\/2023\/09\/Double-fleche-Noir-800x858.png 800w, https:\/\/blogs.univ-tlse2.fr\/mes-premiers-pas\/files\/2023\/09\/Double-fleche-Noir-1280x1373.png 1280w, https:\/\/blogs.univ-tlse2.fr\/mes-premiers-pas\/files\/2023\/09\/Double-fleche-Noir-1920x2059.png 1920w\" sizes=\"auto, (max-width: 2668px) 100vw, 2668px\" \/> R\u00e9f\u00e9rent\u00b7e pr\u00eat mat\u00e9riel informatique (Jean-Christophe Vera)<br><a rel=\"noreferrer noopener\" href=\"&#x6d;&#x61;&#105;&#108;to&#x3a;&#x61;&#x6c;&#97;din&#x40;&#x75;&#x6e;&#105;v-&#x74;&#x6c;&#x73;&#101;&#50;&#46;f&#x72;\" data-type=\"mailto\" data-id=\"&#x6d;&#x61;&#x69;&#x6c;&#x74;&#x6f;&#x3a;&#97;&#108;&#97;din&#64;un&#x69;&#x76;&#x2d;&#x74;&#x6c;&#x73;&#x65;&#x32;&#46;&#102;r\" target=\"_blank\">&#x61;&#x6c;&#x61;&#100;in&#64;&#x75;&#x6e;&#x69;&#118;-tl&#x73;&#x65;&#x32;&#46;fr<\/a><br>05 61 50 38 32<\/p>\n<\/div><\/details><\/div>\n\n\n\n<div class=\"wp-block-atomic-blocks-ab-accordion ab-block-accordion\"><details><summary class=\"ab-accordion-title\"><img loading=\"lazy\" decoding=\"async\" width=\"3950\" height=\"3950\" class=\"wp-image-2224\" style=\"width: 20px\" src=\"https:\/\/blogs.univ-tlse2.fr\/mes-premiers-pas\/files\/2023\/09\/Puce-Sous-Accordeon-rouge.png\" alt=\"\" srcset=\"https:\/\/blogs.univ-tlse2.fr\/mes-premiers-pas\/files\/2023\/09\/Puce-Sous-Accordeon-rouge.png 3950w, https:\/\/blogs.univ-tlse2.fr\/mes-premiers-pas\/files\/2023\/09\/Puce-Sous-Accordeon-rouge-300x300.png 300w, https:\/\/blogs.univ-tlse2.fr\/mes-premiers-pas\/files\/2023\/09\/Puce-Sous-Accordeon-rouge-1024x1024.png 1024w, https:\/\/blogs.univ-tlse2.fr\/mes-premiers-pas\/files\/2023\/09\/Puce-Sous-Accordeon-rouge-150x150.png 150w, https:\/\/blogs.univ-tlse2.fr\/mes-premiers-pas\/files\/2023\/09\/Puce-Sous-Accordeon-rouge-768x768.png 768w, https:\/\/blogs.univ-tlse2.fr\/mes-premiers-pas\/files\/2023\/09\/Puce-Sous-Accordeon-rouge-1536x1536.png 1536w, https:\/\/blogs.univ-tlse2.fr\/mes-premiers-pas\/files\/2023\/09\/Puce-Sous-Accordeon-rouge-2048x2048.png 2048w, https:\/\/blogs.univ-tlse2.fr\/mes-premiers-pas\/files\/2023\/09\/Puce-Sous-Accordeon-rouge-600x600.png 600w, https:\/\/blogs.univ-tlse2.fr\/mes-premiers-pas\/files\/2023\/09\/Puce-Sous-Accordeon-rouge-500x500.png 500w, https:\/\/blogs.univ-tlse2.fr\/mes-premiers-pas\/files\/2023\/09\/Puce-Sous-Accordeon-rouge-800x800.png 800w, https:\/\/blogs.univ-tlse2.fr\/mes-premiers-pas\/files\/2023\/09\/Puce-Sous-Accordeon-rouge-1280x1280.png 1280w, https:\/\/blogs.univ-tlse2.fr\/mes-premiers-pas\/files\/2023\/09\/Puce-Sous-Accordeon-rouge-1920x1920.png 1920w\" sizes=\"auto, (max-width: 3950px) 100vw, 3950px\" \/> Mat\u00e9riel audiovisuel<\/summary><div class=\"ab-accordion-text\">\n<p class=\"has-medium-font-size\"><strong>Maison de l\u2019image et du num\u00e9rique \u2013 p\u00f4le infrastructures et services audiovisuels (ISA)<br><\/strong><a href=\"https:\/\/blogs.univ-tlse2.fr\/mes-premiers-pas\/localisation-universite-ouverte\/\"><sup><img loading=\"lazy\" decoding=\"async\" width=\"5336\" height=\"5719\" class=\"wp-image-2252\" style=\"width: 25px\" src=\"https:\/\/blogs.univ-tlse2.fr\/mes-premiers-pas\/files\/2023\/09\/pointeur-VERT-1.png\" alt=\"\" srcset=\"https:\/\/blogs.univ-tlse2.fr\/mes-premiers-pas\/files\/2023\/09\/pointeur-VERT-1.png 5336w, https:\/\/blogs.univ-tlse2.fr\/mes-premiers-pas\/files\/2023\/09\/pointeur-VERT-1-280x300.png 280w, https:\/\/blogs.univ-tlse2.fr\/mes-premiers-pas\/files\/2023\/09\/pointeur-VERT-1-955x1024.png 955w, https:\/\/blogs.univ-tlse2.fr\/mes-premiers-pas\/files\/2023\/09\/pointeur-VERT-1-768x823.png 768w, https:\/\/blogs.univ-tlse2.fr\/mes-premiers-pas\/files\/2023\/09\/pointeur-VERT-1-1433x1536.png 1433w, https:\/\/blogs.univ-tlse2.fr\/mes-premiers-pas\/files\/2023\/09\/pointeur-VERT-1-1911x2048.png 1911w, https:\/\/blogs.univ-tlse2.fr\/mes-premiers-pas\/files\/2023\/09\/pointeur-VERT-1-500x536.png 500w, https:\/\/blogs.univ-tlse2.fr\/mes-premiers-pas\/files\/2023\/09\/pointeur-VERT-1-800x857.png 800w, https:\/\/blogs.univ-tlse2.fr\/mes-premiers-pas\/files\/2023\/09\/pointeur-VERT-1-1280x1372.png 1280w, https:\/\/blogs.univ-tlse2.fr\/mes-premiers-pas\/files\/2023\/09\/pointeur-VERT-1-1920x2058.png 1920w\" sizes=\"auto, (max-width: 5336px) 100vw, 5336px\" \/><\/sup>Campus Mirail, b\u00e2t. Universit\u00e9 Ouverte<\/a><br><a href=\"&#x6d;a&#x69;&#x6c;t&#x6f;&#x3a;m&#x69;&#x6e;&#64;&#x75;&#x6e;i&#x76;&#x2d;t&#x6c;&#115;e&#x32;&#46;f&#x72;\" target=\"_blank\" rel=\"noreferrer noopener\">m&#x69;n&#64;&#x75;n&#x69;&#x76;-&#x74;l&#115;&#x65;2&#46;&#x66;r<\/a><br>05 61 50 44 49<\/p>\n<\/div><\/details><\/div>\n<\/div><\/details><\/div>\n\n\n\n<div class=\"wp-block-atomic-blocks-ab-accordion ab-block-accordion ab-font-size-24\"><details><summary class=\"ab-accordion-title\"><img loading=\"lazy\" decoding=\"async\" width=\"2864\" height=\"2033\" class=\"wp-image-2083\" style=\"width: 35px\" src=\"https:\/\/blogs.univ-tlse2.fr\/mes-premiers-pas\/files\/2023\/08\/Puce-Accordeon-Rouge.png\" alt=\"\" srcset=\"https:\/\/blogs.univ-tlse2.fr\/mes-premiers-pas\/files\/2023\/08\/Puce-Accordeon-Rouge.png 2864w, https:\/\/blogs.univ-tlse2.fr\/mes-premiers-pas\/files\/2023\/08\/Puce-Accordeon-Rouge-300x213.png 300w, https:\/\/blogs.univ-tlse2.fr\/mes-premiers-pas\/files\/2023\/08\/Puce-Accordeon-Rouge-1024x727.png 1024w, https:\/\/blogs.univ-tlse2.fr\/mes-premiers-pas\/files\/2023\/08\/Puce-Accordeon-Rouge-768x545.png 768w, https:\/\/blogs.univ-tlse2.fr\/mes-premiers-pas\/files\/2023\/08\/Puce-Accordeon-Rouge-1536x1090.png 1536w, https:\/\/blogs.univ-tlse2.fr\/mes-premiers-pas\/files\/2023\/08\/Puce-Accordeon-Rouge-2048x1454.png 2048w, https:\/\/blogs.univ-tlse2.fr\/mes-premiers-pas\/files\/2023\/08\/Puce-Accordeon-Rouge-500x355.png 500w, https:\/\/blogs.univ-tlse2.fr\/mes-premiers-pas\/files\/2023\/08\/Puce-Accordeon-Rouge-800x568.png 800w, https:\/\/blogs.univ-tlse2.fr\/mes-premiers-pas\/files\/2023\/08\/Puce-Accordeon-Rouge-1280x909.png 1280w, https:\/\/blogs.univ-tlse2.fr\/mes-premiers-pas\/files\/2023\/08\/Puce-Accordeon-Rouge-1920x1363.png 1920w\" sizes=\"auto, (max-width: 2864px) 100vw, 2864px\" \/><strong><mark style=\"background-color:#f2f2f2;color:#2d9f7b\" class=\"has-inline-color\">Les salles en libre-service<\/mark><\/strong><\/summary><div class=\"ab-accordion-text\">\n<p class=\"has-medium-font-size\">Des salles informatiques sont ouvertes dans les diff\u00e9rentes UFR sur pr\u00e9sentation de la carte d\u2019\u00e9tudiant\u00b7e, se renseigner aupr\u00e8s de son UFR ou de son d\u00e9partement. <br>\u00c0 disposition : micro-ordinateurs \u00e9quip\u00e9s de logiciels de bureautique (Word, Excel, etc.), logiciels de statistiques (SPSS-SDT) et acc\u00e8s internet. <br>Un\u00b7e moniteur ou monitrice informatique est pr\u00e9sent\u00b7e en permanence aux heures d\u2019ouverture.<\/p>\n<\/div><\/details><\/div>\n","protected":false},"excerpt":{"rendered":"","protected":false},"author":1145,"featured_media":0,"parent":0,"menu_order":0,"comment_status":"closed","ping_status":"closed","template":"","meta":{"_vp_format_video_url":"","_vp_image_focal_point":[],"footnotes":"","_links_to":"","_links_to_target":""},"class_list":["post-95","page","type-page","status-publish","hentry","entry"],"featured_image_src":null,"featured_image_src_square":null,"_links":{"self":[{"href":"https:\/\/blogs.univ-tlse2.fr\/mes-premiers-pas\/wp-json\/wp\/v2\/pages\/95","targetHints":{"allow":["GET"]}}],"collection":[{"href":"https:\/\/blogs.univ-tlse2.fr\/mes-premiers-pas\/wp-json\/wp\/v2\/pages"}],"about":[{"href":"https:\/\/blogs.univ-tlse2.fr\/mes-premiers-pas\/wp-json\/wp\/v2\/types\/page"}],"author":[{"embeddable":true,"href":"https:\/\/blogs.univ-tlse2.fr\/mes-premiers-pas\/wp-json\/wp\/v2\/users\/1145"}],"replies":[{"embeddable":true,"href":"https:\/\/blogs.univ-tlse2.fr\/mes-premiers-pas\/wp-json\/wp\/v2\/comments?post=95"}],"version-history":[{"count":97,"href":"https:\/\/blogs.univ-tlse2.fr\/mes-premiers-pas\/wp-json\/wp\/v2\/pages\/95\/revisions"}],"predecessor-version":[{"id":3747,"href":"https:\/\/blogs.univ-tlse2.fr\/mes-premiers-pas\/wp-json\/wp\/v2\/pages\/95\/revisions\/3747"}],"wp:attachment":[{"href":"https:\/\/blogs.univ-tlse2.fr\/mes-premiers-pas\/wp-json\/wp\/v2\/media?parent=95"}],"curies":[{"name":"wp","href":"https:\/\/api.w.org\/{rel}","templated":true}]}}