 {"id":97,"date":"2022-06-10T10:26:53","date_gmt":"2022-06-10T08:26:53","guid":{"rendered":"https:\/\/blogs.univ-tlse2.fr\/mes-premiers-pas\/?page_id=97"},"modified":"2025-06-24T11:21:26","modified_gmt":"2025-06-24T09:21:26","slug":"construire-son-parcours-faire-un-stage","status":"publish","type":"page","link":"https:\/\/blogs.univ-tlse2.fr\/mes-premiers-pas\/construire-son-parcours-faire-un-stage\/","title":{"rendered":"Construire son parcours, faire un stage"},"content":{"rendered":"\n<div style=\"background-color:#2d9f7b;padding-bottom:0.5%;padding-top:0.5%\" class=\"wp-block-atomic-blocks-ab-container ab-block-container\"><div class=\"ab-container-inside\"><div class=\"ab-container-content\">\n<div class=\"wp-block-atomic-blocks-ab-columns ab-layout-columns-1 one-column ab-has-custom-background-color\" style=\"margin-top:24px;background-color:#2d9f7b\"><div class=\"ab-layout-column-wrap ab-block-layout-column-gap-2 ab-is-responsive-column\">\n<div class=\"wp-block-atomic-blocks-ab-column ab-block-layout-column\"><div class=\"ab-block-layout-column-inner\">\n<h1 class=\"wp-block-heading has-text-align-center has-white-color has-text-color\">CONSTRUIRE SON PARCOURS, FAIRE UN STAGE<\/h1>\n<\/div><\/div>\n<\/div><\/div>\n<\/div><\/div><\/div>\n\n\n\n<div style=\"height:15px\" aria-hidden=\"true\" class=\"wp-block-spacer\"><\/div>\n\n\n\n<p class=\"has-medium-font-size\">Tout au long de son cursus, l\u2019universit\u00e9 accompagne l\u2019\u00e9tudiant\u00b7e dans la construction de son parcours de formation et dans la r\u00e9flexion sur son projet professionnel.<\/p>\n\n\n\n<div style=\"height:20px\" aria-hidden=\"true\" class=\"wp-block-spacer\"><\/div>\n\n\n\n<div class=\"wp-block-atomic-blocks-ab-accordion ab-block-accordion ab-font-size-24\"><details><summary class=\"ab-accordion-title\"><img loading=\"lazy\" decoding=\"async\" width=\"2864\" height=\"2033\" class=\"wp-image-2083\" style=\"width: 30px\" src=\"https:\/\/blogs.univ-tlse2.fr\/mes-premiers-pas\/files\/2023\/08\/Puce-Accordeon-Rouge.png\" alt=\"\" srcset=\"https:\/\/blogs.univ-tlse2.fr\/mes-premiers-pas\/files\/2023\/08\/Puce-Accordeon-Rouge.png 2864w, https:\/\/blogs.univ-tlse2.fr\/mes-premiers-pas\/files\/2023\/08\/Puce-Accordeon-Rouge-300x213.png 300w, https:\/\/blogs.univ-tlse2.fr\/mes-premiers-pas\/files\/2023\/08\/Puce-Accordeon-Rouge-1024x727.png 1024w, https:\/\/blogs.univ-tlse2.fr\/mes-premiers-pas\/files\/2023\/08\/Puce-Accordeon-Rouge-768x545.png 768w, https:\/\/blogs.univ-tlse2.fr\/mes-premiers-pas\/files\/2023\/08\/Puce-Accordeon-Rouge-1536x1090.png 1536w, https:\/\/blogs.univ-tlse2.fr\/mes-premiers-pas\/files\/2023\/08\/Puce-Accordeon-Rouge-2048x1454.png 2048w, https:\/\/blogs.univ-tlse2.fr\/mes-premiers-pas\/files\/2023\/08\/Puce-Accordeon-Rouge-500x355.png 500w, https:\/\/blogs.univ-tlse2.fr\/mes-premiers-pas\/files\/2023\/08\/Puce-Accordeon-Rouge-800x568.png 800w, https:\/\/blogs.univ-tlse2.fr\/mes-premiers-pas\/files\/2023\/08\/Puce-Accordeon-Rouge-1280x909.png 1280w, https:\/\/blogs.univ-tlse2.fr\/mes-premiers-pas\/files\/2023\/08\/Puce-Accordeon-Rouge-1920x1363.png 1920w\" sizes=\"auto, (max-width: 2864px) 100vw, 2864px\" \/><strong><mark style=\"background-color:#f2f2f2;color:#2d9f7b\" class=\"has-inline-color\">S&rsquo;informer<\/mark><\/strong><\/summary><div class=\"ab-accordion-text\">\n<p class=\"has-medium-font-size\">Un fonds documentaire sp\u00e9cialis\u00e9 sur les formations, les m\u00e9tiers, le march\u00e9 de l\u2019emploi, les concours, la mobilit\u00e9 internationale et des ressources num\u00e9riques (fiches m\u00e9tiers-formations en ligne, logiciels sp\u00e9cialis\u00e9s) sont \u00e0 la disposition des \u00e9tudiant\u00b7e\u00b7s.<\/p>\n\n\n\n<div class=\"wp-block-atomic-blocks-ab-columns ab-layout-columns-1 one-column\"><div class=\"ab-layout-column-wrap ab-block-layout-column-gap-2 ab-is-responsive-column\">\n<div class=\"wp-block-atomic-blocks-ab-column ab-block-layout-column\"><div class=\"ab-block-layout-column-inner ab-has-custom-background-color\" style=\"padding:25px;background-color:#f1dfba\">\n<h2 class=\"wp-block-heading has-text-align-center has-text-color\" style=\"color:#2d9f7b\">Nouveau !<\/h2>\n\n\n\n<p class=\"has-black-color has-text-color has-medium-font-size\">D\u00e9couvrez les deux outils num\u00e9riques du Scuio-IP de l&rsquo;UT2J :<\/p>\n\n\n\n<p class=\"has-medium-font-size\"><img loading=\"lazy\" decoding=\"async\" width=\"5636\" height=\"5719\" class=\"wp-image-2212\" style=\"width: 20px\" src=\"https:\/\/blogs.univ-tlse2.fr\/mes-premiers-pas\/files\/2023\/09\/Double-fleche-Vert.png\" alt=\"\" srcset=\"https:\/\/blogs.univ-tlse2.fr\/mes-premiers-pas\/files\/2023\/09\/Double-fleche-Vert.png 5636w, https:\/\/blogs.univ-tlse2.fr\/mes-premiers-pas\/files\/2023\/09\/Double-fleche-Vert-296x300.png 296w, https:\/\/blogs.univ-tlse2.fr\/mes-premiers-pas\/files\/2023\/09\/Double-fleche-Vert-1009x1024.png 1009w, https:\/\/blogs.univ-tlse2.fr\/mes-premiers-pas\/files\/2023\/09\/Double-fleche-Vert-768x779.png 768w, https:\/\/blogs.univ-tlse2.fr\/mes-premiers-pas\/files\/2023\/09\/Double-fleche-Vert-1514x1536.png 1514w, https:\/\/blogs.univ-tlse2.fr\/mes-premiers-pas\/files\/2023\/09\/Double-fleche-Vert-2018x2048.png 2018w, https:\/\/blogs.univ-tlse2.fr\/mes-premiers-pas\/files\/2023\/09\/Double-fleche-Vert-500x507.png 500w, https:\/\/blogs.univ-tlse2.fr\/mes-premiers-pas\/files\/2023\/09\/Double-fleche-Vert-800x812.png 800w, https:\/\/blogs.univ-tlse2.fr\/mes-premiers-pas\/files\/2023\/09\/Double-fleche-Vert-1280x1299.png 1280w, https:\/\/blogs.univ-tlse2.fr\/mes-premiers-pas\/files\/2023\/09\/Double-fleche-Vert-1920x1948.png 1920w\" sizes=\"auto, (max-width: 5636px) 100vw, 5636px\" \/> le portail de l&rsquo;orientation et l&rsquo;insertion professionnelle, La Boussole&nbsp;<a href=\"https:\/\/www.boussole.univ-tlse2.fr\/index.php\">https:\/\/www.boussole.univ-tlse2.fr\/index.php<\/a><\/p>\n\n\n\n<p class=\"has-medium-font-size\"><img loading=\"lazy\" decoding=\"async\" width=\"5636\" height=\"5719\" class=\"wp-image-2212\" style=\"width: 20px\" src=\"https:\/\/blogs.univ-tlse2.fr\/mes-premiers-pas\/files\/2023\/09\/Double-fleche-Vert.png\" alt=\"\" srcset=\"https:\/\/blogs.univ-tlse2.fr\/mes-premiers-pas\/files\/2023\/09\/Double-fleche-Vert.png 5636w, https:\/\/blogs.univ-tlse2.fr\/mes-premiers-pas\/files\/2023\/09\/Double-fleche-Vert-296x300.png 296w, https:\/\/blogs.univ-tlse2.fr\/mes-premiers-pas\/files\/2023\/09\/Double-fleche-Vert-1009x1024.png 1009w, https:\/\/blogs.univ-tlse2.fr\/mes-premiers-pas\/files\/2023\/09\/Double-fleche-Vert-768x779.png 768w, https:\/\/blogs.univ-tlse2.fr\/mes-premiers-pas\/files\/2023\/09\/Double-fleche-Vert-1514x1536.png 1514w, https:\/\/blogs.univ-tlse2.fr\/mes-premiers-pas\/files\/2023\/09\/Double-fleche-Vert-2018x2048.png 2018w, https:\/\/blogs.univ-tlse2.fr\/mes-premiers-pas\/files\/2023\/09\/Double-fleche-Vert-500x507.png 500w, https:\/\/blogs.univ-tlse2.fr\/mes-premiers-pas\/files\/2023\/09\/Double-fleche-Vert-800x812.png 800w, https:\/\/blogs.univ-tlse2.fr\/mes-premiers-pas\/files\/2023\/09\/Double-fleche-Vert-1280x1299.png 1280w, https:\/\/blogs.univ-tlse2.fr\/mes-premiers-pas\/files\/2023\/09\/Double-fleche-Vert-1920x1948.png 1920w\" sizes=\"auto, (max-width: 5636px) 100vw, 5636px\" \/> la plateforme de stage et d&rsquo;insertion professionnelle Horizon Pro. <a href=\"https:\/\/horizonpro.univ-tlse2.fr\/fr\/\">https:\/\/horizonpro.univ-tlse2.fr\/fr\/<\/a><\/p>\n<\/div><\/div>\n<\/div><\/div>\n<\/div><\/details><\/div>\n\n\n\n<div class=\"wp-block-atomic-blocks-ab-accordion ab-block-accordion ab-font-size-24\"><details><summary class=\"ab-accordion-title\"><img loading=\"lazy\" decoding=\"async\" width=\"2864\" height=\"2033\" class=\"wp-image-2083\" style=\"width: 30px\" src=\"https:\/\/blogs.univ-tlse2.fr\/mes-premiers-pas\/files\/2023\/08\/Puce-Accordeon-Rouge.png\" alt=\"\" srcset=\"https:\/\/blogs.univ-tlse2.fr\/mes-premiers-pas\/files\/2023\/08\/Puce-Accordeon-Rouge.png 2864w, https:\/\/blogs.univ-tlse2.fr\/mes-premiers-pas\/files\/2023\/08\/Puce-Accordeon-Rouge-300x213.png 300w, https:\/\/blogs.univ-tlse2.fr\/mes-premiers-pas\/files\/2023\/08\/Puce-Accordeon-Rouge-1024x727.png 1024w, https:\/\/blogs.univ-tlse2.fr\/mes-premiers-pas\/files\/2023\/08\/Puce-Accordeon-Rouge-768x545.png 768w, https:\/\/blogs.univ-tlse2.fr\/mes-premiers-pas\/files\/2023\/08\/Puce-Accordeon-Rouge-1536x1090.png 1536w, https:\/\/blogs.univ-tlse2.fr\/mes-premiers-pas\/files\/2023\/08\/Puce-Accordeon-Rouge-2048x1454.png 2048w, https:\/\/blogs.univ-tlse2.fr\/mes-premiers-pas\/files\/2023\/08\/Puce-Accordeon-Rouge-500x355.png 500w, https:\/\/blogs.univ-tlse2.fr\/mes-premiers-pas\/files\/2023\/08\/Puce-Accordeon-Rouge-800x568.png 800w, https:\/\/blogs.univ-tlse2.fr\/mes-premiers-pas\/files\/2023\/08\/Puce-Accordeon-Rouge-1280x909.png 1280w, https:\/\/blogs.univ-tlse2.fr\/mes-premiers-pas\/files\/2023\/08\/Puce-Accordeon-Rouge-1920x1363.png 1920w\" sizes=\"auto, (max-width: 2864px) 100vw, 2864px\" \/><strong><mark style=\"background-color:#f2f2f2;color:#2d9f7b\" class=\"has-inline-color\">\u00catre conseill\u00e9\u00b7e<\/mark><\/strong><\/summary><div class=\"ab-accordion-text\">\n<p class=\"has-medium-font-size\">Un charg\u00e9 d\u2019orientation et d\u2019insertion professionnelle vous re\u00e7oit sans rendez-vous pour :<\/p>\n\n\n\n<p class=\"has-medium-font-size\"> <strong>. <\/strong>faire le point avec vous,<br> <strong>. <\/strong>clarifier vos questions \/ vos projets,<br> <strong>. <\/strong>explorer des pistes,<br> <strong>. <\/strong>identifier des ressources et des informations pertinentes<\/p>\n\n\n\n<p class=\"has-medium-font-size\">Une psychologue de l\u2019orientation vous re\u00e7oit en entretien sur rendez-vous (pr\u00e9alablement donn\u00e9 par un\u00b7e charg\u00e9\u00b7e d&rsquo;orientation) pour vous aider \u00e0 :<\/p>\n\n\n\n<p class=\"has-medium-font-size\"> <strong>. <\/strong>mieux vous conna\u00eetre et reprendre confiance,<br> <strong>. <\/strong>questionner les enjeux li\u00e9s \u00e0 vos choix d\u2019orientation et s&rsquo;engager vers un changement,<br> <strong>. <\/strong>mener un travail r\u00e9flexif favorable \u00e0 la prise de d\u00e9cision.<\/p>\n<\/div><\/details><\/div>\n\n\n\n<div class=\"wp-block-atomic-blocks-ab-accordion ab-block-accordion ab-font-size-24\"><details><summary class=\"ab-accordion-title\"><img loading=\"lazy\" decoding=\"async\" width=\"2864\" height=\"2033\" class=\"wp-image-2083\" style=\"width: 30px\" src=\"https:\/\/blogs.univ-tlse2.fr\/mes-premiers-pas\/files\/2023\/08\/Puce-Accordeon-Rouge.png\" alt=\"\" srcset=\"https:\/\/blogs.univ-tlse2.fr\/mes-premiers-pas\/files\/2023\/08\/Puce-Accordeon-Rouge.png 2864w, https:\/\/blogs.univ-tlse2.fr\/mes-premiers-pas\/files\/2023\/08\/Puce-Accordeon-Rouge-300x213.png 300w, https:\/\/blogs.univ-tlse2.fr\/mes-premiers-pas\/files\/2023\/08\/Puce-Accordeon-Rouge-1024x727.png 1024w, https:\/\/blogs.univ-tlse2.fr\/mes-premiers-pas\/files\/2023\/08\/Puce-Accordeon-Rouge-768x545.png 768w, https:\/\/blogs.univ-tlse2.fr\/mes-premiers-pas\/files\/2023\/08\/Puce-Accordeon-Rouge-1536x1090.png 1536w, https:\/\/blogs.univ-tlse2.fr\/mes-premiers-pas\/files\/2023\/08\/Puce-Accordeon-Rouge-2048x1454.png 2048w, https:\/\/blogs.univ-tlse2.fr\/mes-premiers-pas\/files\/2023\/08\/Puce-Accordeon-Rouge-500x355.png 500w, https:\/\/blogs.univ-tlse2.fr\/mes-premiers-pas\/files\/2023\/08\/Puce-Accordeon-Rouge-800x568.png 800w, https:\/\/blogs.univ-tlse2.fr\/mes-premiers-pas\/files\/2023\/08\/Puce-Accordeon-Rouge-1280x909.png 1280w, https:\/\/blogs.univ-tlse2.fr\/mes-premiers-pas\/files\/2023\/08\/Puce-Accordeon-Rouge-1920x1363.png 1920w\" sizes=\"auto, (max-width: 2864px) 100vw, 2864px\" \/><strong><mark style=\"background-color:#f2f2f2;color:#2d9f7b\" class=\"has-inline-color\">Participer aux rencontres collectives<\/mark><\/strong><\/summary><div class=\"ab-accordion-text\">\n<p class=\"has-medium-font-size\">Tout au long de l\u2019ann\u00e9e des r\u00e9unions d\u2019information et des rencontres \u00e9tudiant\u00b7e\u00b7s-professionnels sont organis\u00e9es. Sous la forme de points infos\/conseils, d\u2019ateliers ou de forums, elles traitent de sujets li\u00e9s \u00e0 l\u2019orientation et \u00e0 l\u2019insertion professionnelle : concours, pr\u00e9paration candidature (CV, lettre de motivation, entretien), entrepreneuriat, stage, r\u00e9orientation, entr\u00e9e en formation s\u00e9lective, c\u00e9sure, mobilit\u00e9 internationale, etc.<\/p>\n\n\n\n<p class=\"has-medium-font-size\">Le Scuio-IP organise plusieurs semaines \u00e9v\u00e9nementielles li\u00e9es \u00e0 l&rsquo;orientation et l&rsquo;insertion professionnelle (se r\u00e9orienter, candidater en formation, diversifier ses exp\u00e9riences, etc.).<\/p>\n\n\n\n<p class=\"has-medium-font-size\"><a href=\"https:\/\/www.boussole.univ-tlse2.fr\/index.php?lvl=cmspage&amp;pageid=6&amp;id_rubrique=131\">Suivez l&rsquo;info !<\/a><\/p>\n<\/div><\/details><\/div>\n\n\n\n<div class=\"wp-block-atomic-blocks-ab-accordion ab-block-accordion ab-font-size-24\"><details><summary class=\"ab-accordion-title\"><img loading=\"lazy\" decoding=\"async\" width=\"2864\" height=\"2033\" class=\"wp-image-2083\" style=\"width: 30px\" src=\"https:\/\/blogs.univ-tlse2.fr\/mes-premiers-pas\/files\/2023\/08\/Puce-Accordeon-Rouge.png\" alt=\"\" srcset=\"https:\/\/blogs.univ-tlse2.fr\/mes-premiers-pas\/files\/2023\/08\/Puce-Accordeon-Rouge.png 2864w, https:\/\/blogs.univ-tlse2.fr\/mes-premiers-pas\/files\/2023\/08\/Puce-Accordeon-Rouge-300x213.png 300w, https:\/\/blogs.univ-tlse2.fr\/mes-premiers-pas\/files\/2023\/08\/Puce-Accordeon-Rouge-1024x727.png 1024w, https:\/\/blogs.univ-tlse2.fr\/mes-premiers-pas\/files\/2023\/08\/Puce-Accordeon-Rouge-768x545.png 768w, https:\/\/blogs.univ-tlse2.fr\/mes-premiers-pas\/files\/2023\/08\/Puce-Accordeon-Rouge-1536x1090.png 1536w, https:\/\/blogs.univ-tlse2.fr\/mes-premiers-pas\/files\/2023\/08\/Puce-Accordeon-Rouge-2048x1454.png 2048w, https:\/\/blogs.univ-tlse2.fr\/mes-premiers-pas\/files\/2023\/08\/Puce-Accordeon-Rouge-500x355.png 500w, https:\/\/blogs.univ-tlse2.fr\/mes-premiers-pas\/files\/2023\/08\/Puce-Accordeon-Rouge-800x568.png 800w, https:\/\/blogs.univ-tlse2.fr\/mes-premiers-pas\/files\/2023\/08\/Puce-Accordeon-Rouge-1280x909.png 1280w, https:\/\/blogs.univ-tlse2.fr\/mes-premiers-pas\/files\/2023\/08\/Puce-Accordeon-Rouge-1920x1363.png 1920w\" sizes=\"auto, (max-width: 2864px) 100vw, 2864px\" \/><strong><mark style=\"background-color:#f2f2f2;color:#2d9f7b\" class=\"has-inline-color\">Faire un stage<\/mark><\/strong><\/summary><div class=\"ab-accordion-text\">\n<p class=\"has-medium-font-size\">Que ce soit dans ou hors cursus, chaque \u00e9tudiant peut renforcer son projet professionnel en r\u00e9alisant un stage. L\u2019universit\u00e9 propose plusieurs outils et dispositifs d\u2019aide \u00e0 la recherche et \u00e0 la r\u00e9alisation de stages.<br>Conventions, proc\u00e9dures et offres de stages sont disponibles dans l&rsquo;<a href=\"https:\/\/ent.univ-tlse2.fr\/accueil-personnel\/mon-orientation-stage-insertion\/faire-un-stage\">onglet Faire un stage de l&rsquo;ENT<\/a> et sur la plateforme <a href=\"https:\/\/horizonpro.univ-tlse2.fr\/fr\/\">Horizon Pro<\/a><\/p>\n\n\n\n<div style=\"background-color:#2d9f7b;padding-left:1%;padding-right:1%;padding-bottom:1%;padding-top:1%\" class=\"wp-block-atomic-blocks-ab-container ab-block-container\"><div class=\"ab-container-inside\"><div class=\"ab-container-content\">\n<div class=\"wp-block-atomic-blocks-ab-columns ab-layout-columns-1 one-column\"><div class=\"ab-layout-column-wrap ab-block-layout-column-gap-2 ab-is-responsive-column\">\n<div class=\"wp-block-atomic-blocks-ab-column ab-block-layout-column\"><div class=\"ab-block-layout-column-inner\" style=\"padding:12px\">\n<p class=\"has-text-align-left has-medium-font-size\"><sup><img loading=\"lazy\" decoding=\"async\" width=\"4952\" height=\"5102\" class=\"wp-image-2234\" style=\"width: 35px\" src=\"https:\/\/blogs.univ-tlse2.fr\/mes-premiers-pas\/files\/2023\/09\/Bon-a-savoir3.png\" alt=\"\" srcset=\"https:\/\/blogs.univ-tlse2.fr\/mes-premiers-pas\/files\/2023\/09\/Bon-a-savoir3.png 4952w, https:\/\/blogs.univ-tlse2.fr\/mes-premiers-pas\/files\/2023\/09\/Bon-a-savoir3-291x300.png 291w, https:\/\/blogs.univ-tlse2.fr\/mes-premiers-pas\/files\/2023\/09\/Bon-a-savoir3-994x1024.png 994w, https:\/\/blogs.univ-tlse2.fr\/mes-premiers-pas\/files\/2023\/09\/Bon-a-savoir3-768x791.png 768w, https:\/\/blogs.univ-tlse2.fr\/mes-premiers-pas\/files\/2023\/09\/Bon-a-savoir3-1491x1536.png 1491w, https:\/\/blogs.univ-tlse2.fr\/mes-premiers-pas\/files\/2023\/09\/Bon-a-savoir3-1988x2048.png 1988w, https:\/\/blogs.univ-tlse2.fr\/mes-premiers-pas\/files\/2023\/09\/Bon-a-savoir3-500x515.png 500w, https:\/\/blogs.univ-tlse2.fr\/mes-premiers-pas\/files\/2023\/09\/Bon-a-savoir3-800x824.png 800w, https:\/\/blogs.univ-tlse2.fr\/mes-premiers-pas\/files\/2023\/09\/Bon-a-savoir3-1280x1319.png 1280w, https:\/\/blogs.univ-tlse2.fr\/mes-premiers-pas\/files\/2023\/09\/Bon-a-savoir3-1920x1978.png 1920w\" sizes=\"auto, (max-width: 4952px) 100vw, 4952px\" \/><\/sup> <strong>L\u2019UT2J offre des possibilit\u00e9s de financement aux \u00e9tudiant\u00b7e\u00b7s r\u00e9alisant leur stage \u00e0 l\u2019\u00e9tranger (<a rel=\"noreferrer noopener\" href=\"https:\/\/blogs.univ-tlse2.fr\/mes-premiers-pas\/partir-a-letranger\/\" target=\"_blank\">voir Partir \u00e0 l\u2019\u00e9tranger<\/a>).<\/strong><\/p>\n<\/div><\/div>\n<\/div><\/div>\n<\/div><\/div><\/div>\n<\/div><\/details><\/div>\n\n\n\n<div style=\"background-color:#2d9f7b;padding-left:1%;padding-right:1%;padding-bottom:1%;padding-top:1%\" class=\"wp-block-atomic-blocks-ab-container aligncenter ab-block-container\"><div class=\"ab-container-inside\"><div class=\"ab-container-content\">\n<div class=\"wp-block-atomic-blocks-ab-columns ab-layout-columns-1 one-column has-cyan-bluish-gray-background-color\"><div class=\"ab-layout-column-wrap ab-block-layout-column-gap-2 ab-is-responsive-column\">\n<div class=\"wp-block-atomic-blocks-ab-column ab-block-layout-column\"><div class=\"ab-block-layout-column-inner ab-has-custom-background-color\" style=\"padding:12px;background-color:#2d9f7b;text-align:center\">\n<p class=\"has-text-align-left has-medium-font-size\"><strong> <sup><img loading=\"lazy\" decoding=\"async\" width=\"4952\" height=\"5102\" class=\"wp-image-2234\" style=\"width: 35px\" src=\"https:\/\/blogs.univ-tlse2.fr\/mes-premiers-pas\/files\/2023\/09\/Bon-a-savoir3.png\" alt=\"\" srcset=\"https:\/\/blogs.univ-tlse2.fr\/mes-premiers-pas\/files\/2023\/09\/Bon-a-savoir3.png 4952w, https:\/\/blogs.univ-tlse2.fr\/mes-premiers-pas\/files\/2023\/09\/Bon-a-savoir3-291x300.png 291w, https:\/\/blogs.univ-tlse2.fr\/mes-premiers-pas\/files\/2023\/09\/Bon-a-savoir3-994x1024.png 994w, https:\/\/blogs.univ-tlse2.fr\/mes-premiers-pas\/files\/2023\/09\/Bon-a-savoir3-768x791.png 768w, https:\/\/blogs.univ-tlse2.fr\/mes-premiers-pas\/files\/2023\/09\/Bon-a-savoir3-1491x1536.png 1491w, https:\/\/blogs.univ-tlse2.fr\/mes-premiers-pas\/files\/2023\/09\/Bon-a-savoir3-1988x2048.png 1988w, https:\/\/blogs.univ-tlse2.fr\/mes-premiers-pas\/files\/2023\/09\/Bon-a-savoir3-500x515.png 500w, https:\/\/blogs.univ-tlse2.fr\/mes-premiers-pas\/files\/2023\/09\/Bon-a-savoir3-800x824.png 800w, https:\/\/blogs.univ-tlse2.fr\/mes-premiers-pas\/files\/2023\/09\/Bon-a-savoir3-1280x1319.png 1280w, https:\/\/blogs.univ-tlse2.fr\/mes-premiers-pas\/files\/2023\/09\/Bon-a-savoir3-1920x1978.png 1920w\" sizes=\"auto, (max-width: 4952px) 100vw, 4952px\" \/><\/sup><\/strong> <strong>L&rsquo;UT2J donne la possibilit\u00e9 \u00e0 ses \u00e9tudiant\u00b7e\u00b7s de poursuivre une formation et de construire en parall\u00e8le un projet de cr\u00e9ation d&rsquo;entreprise (voir <a rel=\"noreferrer noopener\" href=\"https:\/\/blogs.univ-tlse2.fr\/mes-premiers-pas\/etre-accompagne%c2%b7e-les-dispositifs-particuliers\/\" target=\"_blank\">\u00c9tudiant\u00b7e\u00b7s entrepreneur\u00b7e\u00b7s<\/a>)<\/strong><\/p>\n<\/div><\/div>\n<\/div><\/div>\n<\/div><\/div><\/div>\n\n\n\n<div style=\"height:16px\" aria-hidden=\"true\" class=\"wp-block-spacer\"><\/div>\n\n\n\n<div style=\"background-color:#2d9f7b;padding-left:1%;padding-right:1%;padding-bottom:1%;padding-top:1%\" class=\"wp-block-atomic-blocks-ab-container ab-block-container\"><div class=\"ab-container-inside\"><div class=\"ab-container-content\">\n<div class=\"wp-block-atomic-blocks-ab-columns ab-layout-columns-1 one-column has-black-background-color\"><div class=\"ab-layout-column-wrap ab-block-layout-column-gap-2 ab-is-responsive-column\">\n<div class=\"wp-block-atomic-blocks-ab-column ab-block-layout-column\"><div class=\"ab-block-layout-column-inner ab-has-custom-background-color\" style=\"padding:12px;background-color:#2d9f7b\">\n<p class=\"has-black-color has-text-color has-medium-font-size\"><strong> <sup><img loading=\"lazy\" decoding=\"async\" width=\"4952\" height=\"5102\" class=\"wp-image-2234\" style=\"width: 35px\" src=\"https:\/\/blogs.univ-tlse2.fr\/mes-premiers-pas\/files\/2023\/09\/Bon-a-savoir3.png\" alt=\"\" srcset=\"https:\/\/blogs.univ-tlse2.fr\/mes-premiers-pas\/files\/2023\/09\/Bon-a-savoir3.png 4952w, https:\/\/blogs.univ-tlse2.fr\/mes-premiers-pas\/files\/2023\/09\/Bon-a-savoir3-291x300.png 291w, https:\/\/blogs.univ-tlse2.fr\/mes-premiers-pas\/files\/2023\/09\/Bon-a-savoir3-994x1024.png 994w, https:\/\/blogs.univ-tlse2.fr\/mes-premiers-pas\/files\/2023\/09\/Bon-a-savoir3-768x791.png 768w, https:\/\/blogs.univ-tlse2.fr\/mes-premiers-pas\/files\/2023\/09\/Bon-a-savoir3-1491x1536.png 1491w, https:\/\/blogs.univ-tlse2.fr\/mes-premiers-pas\/files\/2023\/09\/Bon-a-savoir3-1988x2048.png 1988w, https:\/\/blogs.univ-tlse2.fr\/mes-premiers-pas\/files\/2023\/09\/Bon-a-savoir3-500x515.png 500w, https:\/\/blogs.univ-tlse2.fr\/mes-premiers-pas\/files\/2023\/09\/Bon-a-savoir3-800x824.png 800w, https:\/\/blogs.univ-tlse2.fr\/mes-premiers-pas\/files\/2023\/09\/Bon-a-savoir3-1280x1319.png 1280w, https:\/\/blogs.univ-tlse2.fr\/mes-premiers-pas\/files\/2023\/09\/Bon-a-savoir3-1920x1978.png 1920w\" sizes=\"auto, (max-width: 4952px) 100vw, 4952px\" \/><\/sup> L\u2019ensemble des activit\u00e9s sur l\u2019orientation et l\u2019insertion professionnelle sont disponibles via l\u2019espace num\u00e9riqe de travail (ENT) : rubrique Mon orientation, stage, insertion<\/strong>.<\/p>\n<\/div><\/div>\n<\/div><\/div>\n<\/div><\/div><\/div>\n\n\n\n<div style=\"height:20px\" aria-hidden=\"true\" class=\"wp-block-spacer\"><\/div>\n\n\n\n<div style=\"height:30px\" aria-hidden=\"true\" class=\"wp-block-spacer\"><\/div>\n\n\n\n<div class=\"wp-block-atomic-blocks-ab-accordion ab-block-accordion ab-font-size-24\"><details open><summary class=\"ab-accordion-title\"><sup><img loading=\"lazy\" decoding=\"async\" width=\"4231\" height=\"3401\" class=\"wp-image-2269\" style=\"width: 30px\" src=\"https:\/\/blogs.univ-tlse2.fr\/mes-premiers-pas\/files\/2023\/09\/Contact-service-Rouge.png\" alt=\"\" srcset=\"https:\/\/blogs.univ-tlse2.fr\/mes-premiers-pas\/files\/2023\/09\/Contact-service-Rouge.png 4231w, https:\/\/blogs.univ-tlse2.fr\/mes-premiers-pas\/files\/2023\/09\/Contact-service-Rouge-300x241.png 300w, https:\/\/blogs.univ-tlse2.fr\/mes-premiers-pas\/files\/2023\/09\/Contact-service-Rouge-1024x823.png 1024w, https:\/\/blogs.univ-tlse2.fr\/mes-premiers-pas\/files\/2023\/09\/Contact-service-Rouge-768x617.png 768w, https:\/\/blogs.univ-tlse2.fr\/mes-premiers-pas\/files\/2023\/09\/Contact-service-Rouge-1536x1235.png 1536w, https:\/\/blogs.univ-tlse2.fr\/mes-premiers-pas\/files\/2023\/09\/Contact-service-Rouge-2048x1646.png 2048w, https:\/\/blogs.univ-tlse2.fr\/mes-premiers-pas\/files\/2023\/09\/Contact-service-Rouge-500x402.png 500w, https:\/\/blogs.univ-tlse2.fr\/mes-premiers-pas\/files\/2023\/09\/Contact-service-Rouge-800x643.png 800w, https:\/\/blogs.univ-tlse2.fr\/mes-premiers-pas\/files\/2023\/09\/Contact-service-Rouge-1280x1029.png 1280w, https:\/\/blogs.univ-tlse2.fr\/mes-premiers-pas\/files\/2023\/09\/Contact-service-Rouge-1920x1543.png 1920w\" sizes=\"auto, (max-width: 4231px) 100vw, 4231px\" \/><\/sup><strong> <\/strong><strong>Service commun universitaire d&rsquo;information, d&rsquo;orientation et d&rsquo;insertion professionnelle (Scuio-IP)<\/strong><\/summary><div class=\"ab-accordion-text\">\n<p class=\"has-medium-font-size\"><sup><a href=\"https:\/\/blogs.univ-tlse2.fr\/mes-premiers-pas\/localisation-scuio-ip\/\"><img loading=\"lazy\" decoding=\"async\" width=\"5336\" height=\"5719\" class=\"wp-image-2252\" style=\"width: 25px\" src=\"https:\/\/blogs.univ-tlse2.fr\/mes-premiers-pas\/files\/2023\/09\/pointeur-VERT-1.png\" alt=\"\" srcset=\"https:\/\/blogs.univ-tlse2.fr\/mes-premiers-pas\/files\/2023\/09\/pointeur-VERT-1.png 5336w, https:\/\/blogs.univ-tlse2.fr\/mes-premiers-pas\/files\/2023\/09\/pointeur-VERT-1-280x300.png 280w, https:\/\/blogs.univ-tlse2.fr\/mes-premiers-pas\/files\/2023\/09\/pointeur-VERT-1-955x1024.png 955w, https:\/\/blogs.univ-tlse2.fr\/mes-premiers-pas\/files\/2023\/09\/pointeur-VERT-1-768x823.png 768w, https:\/\/blogs.univ-tlse2.fr\/mes-premiers-pas\/files\/2023\/09\/pointeur-VERT-1-1433x1536.png 1433w, https:\/\/blogs.univ-tlse2.fr\/mes-premiers-pas\/files\/2023\/09\/pointeur-VERT-1-1911x2048.png 1911w, https:\/\/blogs.univ-tlse2.fr\/mes-premiers-pas\/files\/2023\/09\/pointeur-VERT-1-500x536.png 500w, https:\/\/blogs.univ-tlse2.fr\/mes-premiers-pas\/files\/2023\/09\/pointeur-VERT-1-800x857.png 800w, https:\/\/blogs.univ-tlse2.fr\/mes-premiers-pas\/files\/2023\/09\/pointeur-VERT-1-1280x1372.png 1280w, https:\/\/blogs.univ-tlse2.fr\/mes-premiers-pas\/files\/2023\/09\/pointeur-VERT-1-1920x2058.png 1920w\" sizes=\"auto, (max-width: 5336px) 100vw, 5336px\" \/><\/a><\/sup><strong><a href=\"https:\/\/blogs.univ-tlse2.fr\/mes-premiers-pas\/localisation-scuio-ip\/\">Campus Mirail, b\u00e2t. Universit\u00e9 Ouverte<\/a><\/strong><br><strong>Centre de ressource La Boussole <\/strong>(RDC du b\u00e2timent)<br>Du lundi au jeudi de 9h30 \u00e0 17h<br><a href=\"ma&#105;&#x6c;&#x74;&#x6f;:sc&#117;&#x69;&#x6f;&#x2d;ip&#64;&#117;&#x6e;&#x69;&#x76;-t&#108;&#x73;&#x65;&#x32;&#46;fr\" target=\"_blank\" rel=\"noreferrer noopener\">scuio-ip&#64;&#117;&#110;&#105;&#118;&#x2d;&#x74;&#x6c;&#x73;&#x65;&#x32;&#x2e;&#x66;&#x72;<\/a><br><\/p>\n<\/div><\/details><\/div>\n\n\n\n<div class=\"wp-block-buttons is-content-justification-right is-layout-flex wp-container-core-buttons-is-layout-765c4724 wp-block-buttons-is-layout-flex\">\n<div class=\"wp-block-button is-style-outline is-style-outline--1\"><a class=\"wp-block-button__link wp-element-button\" href=\"https:\/\/www.univ-tlse2.fr\/accueil\/formation-insertion\/orientation-insertion\" style=\"border-radius:0px\" target=\"_blank\" rel=\"noreferrer noopener\">www.univ-tlse2.fr<br>Orientation \/ Insertion<\/a><\/div>\n<\/div>\n","protected":false},"excerpt":{"rendered":"<p>Tout au long de son cursus, l\u2019universit\u00e9 accompagne l\u2019\u00e9tudiant\u00b7e dans la construction de son parcours de formation et dans la r\u00e9flexion sur son projet professionnel.<\/p>\n","protected":false},"author":1145,"featured_media":0,"parent":0,"menu_order":0,"comment_status":"closed","ping_status":"closed","template":"","meta":{"_vp_format_video_url":"","_vp_image_focal_point":[],"footnotes":"","_links_to":"","_links_to_target":""},"class_list":["post-97","page","type-page","status-publish","hentry","entry"],"featured_image_src":null,"featured_image_src_square":null,"_links":{"self":[{"href":"https:\/\/blogs.univ-tlse2.fr\/mes-premiers-pas\/wp-json\/wp\/v2\/pages\/97","targetHints":{"allow":["GET"]}}],"collection":[{"href":"https:\/\/blogs.univ-tlse2.fr\/mes-premiers-pas\/wp-json\/wp\/v2\/pages"}],"about":[{"href":"https:\/\/blogs.univ-tlse2.fr\/mes-premiers-pas\/wp-json\/wp\/v2\/types\/page"}],"author":[{"embeddable":true,"href":"https:\/\/blogs.univ-tlse2.fr\/mes-premiers-pas\/wp-json\/wp\/v2\/users\/1145"}],"replies":[{"embeddable":true,"href":"https:\/\/blogs.univ-tlse2.fr\/mes-premiers-pas\/wp-json\/wp\/v2\/comments?post=97"}],"version-history":[{"count":97,"href":"https:\/\/blogs.univ-tlse2.fr\/mes-premiers-pas\/wp-json\/wp\/v2\/pages\/97\/revisions"}],"predecessor-version":[{"id":3573,"href":"https:\/\/blogs.univ-tlse2.fr\/mes-premiers-pas\/wp-json\/wp\/v2\/pages\/97\/revisions\/3573"}],"wp:attachment":[{"href":"https:\/\/blogs.univ-tlse2.fr\/mes-premiers-pas\/wp-json\/wp\/v2\/media?parent=97"}],"curies":[{"name":"wp","href":"https:\/\/api.w.org\/{rel}","templated":true}]}}