 {"id":99,"date":"2022-06-10T10:27:03","date_gmt":"2022-06-10T08:27:03","guid":{"rendered":"https:\/\/blogs.univ-tlse2.fr\/mes-premiers-pas\/?page_id=99"},"modified":"2025-08-28T10:55:45","modified_gmt":"2025-08-28T08:55:45","slug":"se-former-autrement","status":"publish","type":"page","link":"https:\/\/blogs.univ-tlse2.fr\/mes-premiers-pas\/se-former-autrement\/","title":{"rendered":"Se former autrement"},"content":{"rendered":"\n<div style=\"background-color:#2d9f7b;padding-bottom:0.5%;padding-top:0.5%;margin-bottom:0.5%\" class=\"wp-block-atomic-blocks-ab-container ab-block-container\"><div class=\"ab-container-inside\"><div class=\"ab-container-content\" style=\"max-width:1600px\">\n<div class=\"wp-block-atomic-blocks-ab-columns ab-layout-columns-1 one-column ab-has-custom-background-color\" style=\"margin-top:16px;margin-bottom:5px;background-color:#2d9f7b\"><div class=\"ab-layout-column-wrap ab-block-layout-column-gap-2 ab-is-responsive-column\">\n<div class=\"wp-block-atomic-blocks-ab-column ab-block-layout-column\"><div class=\"ab-block-layout-column-inner\">\n<h1 class=\"wp-block-heading has-text-align-center has-white-color has-text-color\">\u00c9TUDIER \u00e0 distance, se former tout au long de la vie<\/h1>\n<\/div><\/div>\n<\/div><\/div>\n<\/div><\/div><\/div>\n\n\n\n<div style=\"height:15px\" aria-hidden=\"true\" class=\"wp-block-spacer\"><\/div>\n\n\n\n<div class=\"wp-block-atomic-blocks-ab-accordion ab-block-accordion ab-font-size-24\"><details><summary class=\"ab-accordion-title\"><img loading=\"lazy\" decoding=\"async\" width=\"2864\" height=\"2033\" class=\"wp-image-2083\" style=\"width: 35px\" src=\"https:\/\/blogs.univ-tlse2.fr\/mes-premiers-pas\/files\/2023\/08\/Puce-Accordeon-Rouge.png\" alt=\"\" srcset=\"https:\/\/blogs.univ-tlse2.fr\/mes-premiers-pas\/files\/2023\/08\/Puce-Accordeon-Rouge.png 2864w, https:\/\/blogs.univ-tlse2.fr\/mes-premiers-pas\/files\/2023\/08\/Puce-Accordeon-Rouge-300x213.png 300w, https:\/\/blogs.univ-tlse2.fr\/mes-premiers-pas\/files\/2023\/08\/Puce-Accordeon-Rouge-1024x727.png 1024w, https:\/\/blogs.univ-tlse2.fr\/mes-premiers-pas\/files\/2023\/08\/Puce-Accordeon-Rouge-768x545.png 768w, https:\/\/blogs.univ-tlse2.fr\/mes-premiers-pas\/files\/2023\/08\/Puce-Accordeon-Rouge-1536x1090.png 1536w, https:\/\/blogs.univ-tlse2.fr\/mes-premiers-pas\/files\/2023\/08\/Puce-Accordeon-Rouge-2048x1454.png 2048w, https:\/\/blogs.univ-tlse2.fr\/mes-premiers-pas\/files\/2023\/08\/Puce-Accordeon-Rouge-500x355.png 500w, https:\/\/blogs.univ-tlse2.fr\/mes-premiers-pas\/files\/2023\/08\/Puce-Accordeon-Rouge-800x568.png 800w, https:\/\/blogs.univ-tlse2.fr\/mes-premiers-pas\/files\/2023\/08\/Puce-Accordeon-Rouge-1280x909.png 1280w, https:\/\/blogs.univ-tlse2.fr\/mes-premiers-pas\/files\/2023\/08\/Puce-Accordeon-Rouge-1920x1363.png 1920w\" sizes=\"auto, (max-width: 2864px) 100vw, 2864px\" \/><strong><mark style=\"background-color:#f2f2f2;color:#2d9f7b\" class=\"has-inline-color\">\u00c9tudier \u00e0 distance<\/mark><\/strong><\/summary><div class=\"ab-accordion-text\">\n<p class=\"has-medium-font-size\">L\u2019universit\u00e9 offre la possibilit\u00e9, aux \u00e9tudiants ne pouvant se d\u00e9placer chaque jour sur le campus, de pr\u00e9parer \u00e0 distance un dipl\u00f4me complet ou une partie des enseignements le composant.<br><strong>Pour y acc\u00e9der, la proc\u00e9dure est simple<\/strong> :<br><img loading=\"lazy\" decoding=\"async\" width=\"2668\" height=\"2861\" class=\"wp-image-2305\" style=\"width: 15px\" src=\"https:\/\/blogs.univ-tlse2.fr\/mes-premiers-pas\/files\/2023\/09\/Double-fleche-Noir.png\" alt=\"\" srcset=\"https:\/\/blogs.univ-tlse2.fr\/mes-premiers-pas\/files\/2023\/09\/Double-fleche-Noir.png 2668w, https:\/\/blogs.univ-tlse2.fr\/mes-premiers-pas\/files\/2023\/09\/Double-fleche-Noir-280x300.png 280w, https:\/\/blogs.univ-tlse2.fr\/mes-premiers-pas\/files\/2023\/09\/Double-fleche-Noir-955x1024.png 955w, https:\/\/blogs.univ-tlse2.fr\/mes-premiers-pas\/files\/2023\/09\/Double-fleche-Noir-768x824.png 768w, https:\/\/blogs.univ-tlse2.fr\/mes-premiers-pas\/files\/2023\/09\/Double-fleche-Noir-1432x1536.png 1432w, https:\/\/blogs.univ-tlse2.fr\/mes-premiers-pas\/files\/2023\/09\/Double-fleche-Noir-1910x2048.png 1910w, https:\/\/blogs.univ-tlse2.fr\/mes-premiers-pas\/files\/2023\/09\/Double-fleche-Noir-500x536.png 500w, https:\/\/blogs.univ-tlse2.fr\/mes-premiers-pas\/files\/2023\/09\/Double-fleche-Noir-800x858.png 800w, https:\/\/blogs.univ-tlse2.fr\/mes-premiers-pas\/files\/2023\/09\/Double-fleche-Noir-1280x1373.png 1280w, https:\/\/blogs.univ-tlse2.fr\/mes-premiers-pas\/files\/2023\/09\/Double-fleche-Noir-1920x2059.png 1920w\" sizes=\"auto, (max-width: 2668px) 100vw, 2668px\" \/> proc\u00e9der \u00e0 son inscription administrative et p\u00e9dagogique et choisir de suivre sa formation \u00e0 distance (<a href=\"https:\/\/blogs.univ-tlse2.fr\/mes-premiers-pas\/sinscrire-se-reinscrire\/\" data-type=\"page\" data-id=\"79\" target=\"_blank\" rel=\"noreferrer noopener\">voir S\u2019inscrire, se r\u00e9inscrire<\/a>)<br><img loading=\"lazy\" decoding=\"async\" width=\"2668\" height=\"2861\" class=\"wp-image-2305\" style=\"width: 15px\" src=\"https:\/\/blogs.univ-tlse2.fr\/mes-premiers-pas\/files\/2023\/09\/Double-fleche-Noir.png\" alt=\"\" srcset=\"https:\/\/blogs.univ-tlse2.fr\/mes-premiers-pas\/files\/2023\/09\/Double-fleche-Noir.png 2668w, https:\/\/blogs.univ-tlse2.fr\/mes-premiers-pas\/files\/2023\/09\/Double-fleche-Noir-280x300.png 280w, https:\/\/blogs.univ-tlse2.fr\/mes-premiers-pas\/files\/2023\/09\/Double-fleche-Noir-955x1024.png 955w, https:\/\/blogs.univ-tlse2.fr\/mes-premiers-pas\/files\/2023\/09\/Double-fleche-Noir-768x824.png 768w, https:\/\/blogs.univ-tlse2.fr\/mes-premiers-pas\/files\/2023\/09\/Double-fleche-Noir-1432x1536.png 1432w, https:\/\/blogs.univ-tlse2.fr\/mes-premiers-pas\/files\/2023\/09\/Double-fleche-Noir-1910x2048.png 1910w, https:\/\/blogs.univ-tlse2.fr\/mes-premiers-pas\/files\/2023\/09\/Double-fleche-Noir-500x536.png 500w, https:\/\/blogs.univ-tlse2.fr\/mes-premiers-pas\/files\/2023\/09\/Double-fleche-Noir-800x858.png 800w, https:\/\/blogs.univ-tlse2.fr\/mes-premiers-pas\/files\/2023\/09\/Double-fleche-Noir-1280x1373.png 1280w, https:\/\/blogs.univ-tlse2.fr\/mes-premiers-pas\/files\/2023\/09\/Double-fleche-Noir-1920x2059.png 1920w\" sizes=\"auto, (max-width: 2668px) 100vw, 2668px\" \/> s\u2019inscrire en ligne au SED (Service d\u2019Enseignement \u00e0 Distance) \u00e0 l\u2019issue de l&rsquo;inscription p\u00e9dagogique sur <a href=\"http:\/\/pandore.univ-tlse2.fr\">Pandore<\/a> <br><img loading=\"lazy\" decoding=\"async\" width=\"5636\" height=\"5719\" class=\"wp-image-2212\" style=\"width: 15px\" src=\"https:\/\/blogs.univ-tlse2.fr\/mes-premiers-pas\/files\/2023\/09\/Double-fleche-Vert.png\" alt=\"\" srcset=\"https:\/\/blogs.univ-tlse2.fr\/mes-premiers-pas\/files\/2023\/09\/Double-fleche-Vert.png 5636w, https:\/\/blogs.univ-tlse2.fr\/mes-premiers-pas\/files\/2023\/09\/Double-fleche-Vert-296x300.png 296w, https:\/\/blogs.univ-tlse2.fr\/mes-premiers-pas\/files\/2023\/09\/Double-fleche-Vert-1009x1024.png 1009w, https:\/\/blogs.univ-tlse2.fr\/mes-premiers-pas\/files\/2023\/09\/Double-fleche-Vert-768x779.png 768w, https:\/\/blogs.univ-tlse2.fr\/mes-premiers-pas\/files\/2023\/09\/Double-fleche-Vert-1514x1536.png 1514w, https:\/\/blogs.univ-tlse2.fr\/mes-premiers-pas\/files\/2023\/09\/Double-fleche-Vert-2018x2048.png 2018w, https:\/\/blogs.univ-tlse2.fr\/mes-premiers-pas\/files\/2023\/09\/Double-fleche-Vert-500x507.png 500w, https:\/\/blogs.univ-tlse2.fr\/mes-premiers-pas\/files\/2023\/09\/Double-fleche-Vert-800x812.png 800w, https:\/\/blogs.univ-tlse2.fr\/mes-premiers-pas\/files\/2023\/09\/Double-fleche-Vert-1280x1299.png 1280w, https:\/\/blogs.univ-tlse2.fr\/mes-premiers-pas\/files\/2023\/09\/Double-fleche-Vert-1920x1948.png 1920w\" sizes=\"auto, (max-width: 5636px) 100vw, 5636px\" \/> G\u00e9n\u00e9ralement en juillet pour les \u00e9tudiants effectuant l\u2019inscription p\u00e9dagogique en ligne,<br><img loading=\"lazy\" decoding=\"async\" width=\"5636\" height=\"5719\" class=\"wp-image-2212\" style=\"width: 15px\" src=\"https:\/\/blogs.univ-tlse2.fr\/mes-premiers-pas\/files\/2023\/09\/Double-fleche-Vert.png\" alt=\"\" srcset=\"https:\/\/blogs.univ-tlse2.fr\/mes-premiers-pas\/files\/2023\/09\/Double-fleche-Vert.png 5636w, https:\/\/blogs.univ-tlse2.fr\/mes-premiers-pas\/files\/2023\/09\/Double-fleche-Vert-296x300.png 296w, https:\/\/blogs.univ-tlse2.fr\/mes-premiers-pas\/files\/2023\/09\/Double-fleche-Vert-1009x1024.png 1009w, https:\/\/blogs.univ-tlse2.fr\/mes-premiers-pas\/files\/2023\/09\/Double-fleche-Vert-768x779.png 768w, https:\/\/blogs.univ-tlse2.fr\/mes-premiers-pas\/files\/2023\/09\/Double-fleche-Vert-1514x1536.png 1514w, https:\/\/blogs.univ-tlse2.fr\/mes-premiers-pas\/files\/2023\/09\/Double-fleche-Vert-2018x2048.png 2018w, https:\/\/blogs.univ-tlse2.fr\/mes-premiers-pas\/files\/2023\/09\/Double-fleche-Vert-500x507.png 500w, https:\/\/blogs.univ-tlse2.fr\/mes-premiers-pas\/files\/2023\/09\/Double-fleche-Vert-800x812.png 800w, https:\/\/blogs.univ-tlse2.fr\/mes-premiers-pas\/files\/2023\/09\/Double-fleche-Vert-1280x1299.png 1280w, https:\/\/blogs.univ-tlse2.fr\/mes-premiers-pas\/files\/2023\/09\/Double-fleche-Vert-1920x1948.png 1920w\" sizes=\"auto, (max-width: 5636px) 100vw, 5636px\" \/> En septembre pour les \u00e9tudiants admis en session 2 ou effectuant l\u2019inscription p\u00e9dagogique sur rendez-vous<br><img loading=\"lazy\" decoding=\"async\" width=\"5636\" height=\"5719\" class=\"wp-image-2212\" style=\"width: 15px\" src=\"https:\/\/blogs.univ-tlse2.fr\/mes-premiers-pas\/files\/2023\/09\/Double-fleche-Vert.png\" alt=\"\" srcset=\"https:\/\/blogs.univ-tlse2.fr\/mes-premiers-pas\/files\/2023\/09\/Double-fleche-Vert.png 5636w, https:\/\/blogs.univ-tlse2.fr\/mes-premiers-pas\/files\/2023\/09\/Double-fleche-Vert-296x300.png 296w, https:\/\/blogs.univ-tlse2.fr\/mes-premiers-pas\/files\/2023\/09\/Double-fleche-Vert-1009x1024.png 1009w, https:\/\/blogs.univ-tlse2.fr\/mes-premiers-pas\/files\/2023\/09\/Double-fleche-Vert-768x779.png 768w, https:\/\/blogs.univ-tlse2.fr\/mes-premiers-pas\/files\/2023\/09\/Double-fleche-Vert-1514x1536.png 1514w, https:\/\/blogs.univ-tlse2.fr\/mes-premiers-pas\/files\/2023\/09\/Double-fleche-Vert-2018x2048.png 2018w, https:\/\/blogs.univ-tlse2.fr\/mes-premiers-pas\/files\/2023\/09\/Double-fleche-Vert-500x507.png 500w, https:\/\/blogs.univ-tlse2.fr\/mes-premiers-pas\/files\/2023\/09\/Double-fleche-Vert-800x812.png 800w, https:\/\/blogs.univ-tlse2.fr\/mes-premiers-pas\/files\/2023\/09\/Double-fleche-Vert-1280x1299.png 1280w, https:\/\/blogs.univ-tlse2.fr\/mes-premiers-pas\/files\/2023\/09\/Double-fleche-Vert-1920x1948.png 1920w\" sizes=\"auto, (max-width: 5636px) 100vw, 5636px\" \/> L\u2019inscription au SED permet d\u2019acc\u00e9der aux ressources num\u00e9riques et \u00e0 l\u2019accompagnement des enseignants d\u00e8s le jour de la rentr\u00e9e universitaire<\/p>\n\n\n\n<p class=\"has-text-color has-medium-font-size\" style=\"color:#eb3a29\"><sup><img loading=\"lazy\" decoding=\"async\" width=\"3524\" height=\"5719\" class=\"wp-image-2216\" style=\"width: 30px\" src=\"https:\/\/blogs.univ-tlse2.fr\/mes-premiers-pas\/files\/2023\/09\/A-Noter3.png\" alt=\"\" srcset=\"https:\/\/blogs.univ-tlse2.fr\/mes-premiers-pas\/files\/2023\/09\/A-Noter3.png 3524w, https:\/\/blogs.univ-tlse2.fr\/mes-premiers-pas\/files\/2023\/09\/A-Noter3-185x300.png 185w, https:\/\/blogs.univ-tlse2.fr\/mes-premiers-pas\/files\/2023\/09\/A-Noter3-631x1024.png 631w, https:\/\/blogs.univ-tlse2.fr\/mes-premiers-pas\/files\/2023\/09\/A-Noter3-768x1246.png 768w, https:\/\/blogs.univ-tlse2.fr\/mes-premiers-pas\/files\/2023\/09\/A-Noter3-946x1536.png 946w, https:\/\/blogs.univ-tlse2.fr\/mes-premiers-pas\/files\/2023\/09\/A-Noter3-1262x2048.png 1262w, https:\/\/blogs.univ-tlse2.fr\/mes-premiers-pas\/files\/2023\/09\/A-Noter3-500x811.png 500w, https:\/\/blogs.univ-tlse2.fr\/mes-premiers-pas\/files\/2023\/09\/A-Noter3-800x1298.png 800w, https:\/\/blogs.univ-tlse2.fr\/mes-premiers-pas\/files\/2023\/09\/A-Noter3-1280x2077.png 1280w, https:\/\/blogs.univ-tlse2.fr\/mes-premiers-pas\/files\/2023\/09\/A-Noter3-1920x3116.png 1920w\" sizes=\"auto, (max-width: 3524px) 100vw, 3524px\" \/><\/sup><strong> <\/strong><strong>L&rsquo;enseignement \u00e0 distance est un service payant. Des frais suppl\u00e9mentaires, en plus des droits d&rsquo;inscriptions, seront donc demand\u00e9s.<\/strong><\/p>\n\n\n\n<div class=\"wp-block-atomic-blocks-ab-accordion ab-block-accordion ab-font-size-24\"><details open><summary class=\"ab-accordion-title\"><sup><img loading=\"lazy\" decoding=\"async\" width=\"4231\" height=\"3401\" class=\"wp-image-2269\" style=\"width: 25px\" src=\"https:\/\/blogs.univ-tlse2.fr\/mes-premiers-pas\/files\/2023\/09\/Contact-service-Rouge.png\" alt=\"\" srcset=\"https:\/\/blogs.univ-tlse2.fr\/mes-premiers-pas\/files\/2023\/09\/Contact-service-Rouge.png 4231w, https:\/\/blogs.univ-tlse2.fr\/mes-premiers-pas\/files\/2023\/09\/Contact-service-Rouge-300x241.png 300w, https:\/\/blogs.univ-tlse2.fr\/mes-premiers-pas\/files\/2023\/09\/Contact-service-Rouge-1024x823.png 1024w, https:\/\/blogs.univ-tlse2.fr\/mes-premiers-pas\/files\/2023\/09\/Contact-service-Rouge-768x617.png 768w, https:\/\/blogs.univ-tlse2.fr\/mes-premiers-pas\/files\/2023\/09\/Contact-service-Rouge-1536x1235.png 1536w, https:\/\/blogs.univ-tlse2.fr\/mes-premiers-pas\/files\/2023\/09\/Contact-service-Rouge-2048x1646.png 2048w, https:\/\/blogs.univ-tlse2.fr\/mes-premiers-pas\/files\/2023\/09\/Contact-service-Rouge-500x402.png 500w, https:\/\/blogs.univ-tlse2.fr\/mes-premiers-pas\/files\/2023\/09\/Contact-service-Rouge-800x643.png 800w, https:\/\/blogs.univ-tlse2.fr\/mes-premiers-pas\/files\/2023\/09\/Contact-service-Rouge-1280x1029.png 1280w, https:\/\/blogs.univ-tlse2.fr\/mes-premiers-pas\/files\/2023\/09\/Contact-service-Rouge-1920x1543.png 1920w\" sizes=\"auto, (max-width: 4231px) 100vw, 4231px\" \/><\/sup> <strong>Service d&rsquo;enseignement \u00e0 distance<\/strong><\/summary><div class=\"ab-accordion-text\">\n<p class=\"has-medium-font-size\"><sup><a href=\"https:\/\/blogs.univ-tlse2.fr\/mes-premiers-pas\/plan-sed\/\"><img loading=\"lazy\" decoding=\"async\" width=\"5336\" height=\"5719\" class=\"wp-image-2252\" style=\"width: 25px\" src=\"https:\/\/blogs.univ-tlse2.fr\/mes-premiers-pas\/files\/2023\/09\/pointeur-VERT-1.png\" alt=\"\" srcset=\"https:\/\/blogs.univ-tlse2.fr\/mes-premiers-pas\/files\/2023\/09\/pointeur-VERT-1.png 5336w, https:\/\/blogs.univ-tlse2.fr\/mes-premiers-pas\/files\/2023\/09\/pointeur-VERT-1-280x300.png 280w, https:\/\/blogs.univ-tlse2.fr\/mes-premiers-pas\/files\/2023\/09\/pointeur-VERT-1-955x1024.png 955w, https:\/\/blogs.univ-tlse2.fr\/mes-premiers-pas\/files\/2023\/09\/pointeur-VERT-1-768x823.png 768w, https:\/\/blogs.univ-tlse2.fr\/mes-premiers-pas\/files\/2023\/09\/pointeur-VERT-1-1433x1536.png 1433w, https:\/\/blogs.univ-tlse2.fr\/mes-premiers-pas\/files\/2023\/09\/pointeur-VERT-1-1911x2048.png 1911w, https:\/\/blogs.univ-tlse2.fr\/mes-premiers-pas\/files\/2023\/09\/pointeur-VERT-1-500x536.png 500w, https:\/\/blogs.univ-tlse2.fr\/mes-premiers-pas\/files\/2023\/09\/pointeur-VERT-1-800x857.png 800w, https:\/\/blogs.univ-tlse2.fr\/mes-premiers-pas\/files\/2023\/09\/pointeur-VERT-1-1280x1372.png 1280w, https:\/\/blogs.univ-tlse2.fr\/mes-premiers-pas\/files\/2023\/09\/pointeur-VERT-1-1920x2058.png 1920w\" sizes=\"auto, (max-width: 5336px) 100vw, 5336px\" \/><\/a><\/sup><strong><a href=\"https:\/\/blogs.univ-tlse2.fr\/mes-premiers-pas\/plan-sed\/\">Campus Mirail, b\u00e2t. Henri Mayer<\/a><\/strong><br>Du lundi au vendredi de 8h \u00e0 16h<br>05 61 50 37 99<br><a href=\"&#x6d;&#x61;&#x69;&#x6c;&#x74;&#x6f;&#58;&#99;ontact&#x2e;&#x73;&#x65;&#x64;&#x40;&#x75;&#110;&#105;v-tlse&#x32;&#x2e;&#x66;&#x72;\" target=\"_blank\" rel=\"noreferrer noopener\">&#99;&#x6f;n&#x74;a&#99;&#x74;&#46;&#x73;e&#100;&#x40;u&#x6e;i&#x76;&#x2d;t&#x6c;s&#x65;2&#46;&#x66;r<\/a><br><\/p>\n<\/div><\/details><\/div>\n\n\n\n<div class=\"wp-block-buttons is-content-justification-right is-layout-flex wp-container-core-buttons-is-layout-765c4724 wp-block-buttons-is-layout-flex\">\n<div class=\"wp-block-button is-style-outline is-style-outline--1\"><a class=\"wp-block-button__link wp-element-button\" href=\"https:\/\/www.univ-tlse2.fr\/accueil\/formation-insertion\/formation-a-distance\" style=\"border-radius:0px\" target=\"_blank\" rel=\"noreferrer noopener\">www.univ-tlse2.fr<br>Formation \u00e0 distance<\/a><\/div>\n<\/div>\n<\/div><\/details><\/div>\n\n\n\n<div class=\"wp-block-atomic-blocks-ab-accordion ab-block-accordion ab-font-size-24\"><details><summary class=\"ab-accordion-title\"><img loading=\"lazy\" decoding=\"async\" width=\"2864\" height=\"2033\" class=\"wp-image-2083\" style=\"width: 35px\" src=\"https:\/\/blogs.univ-tlse2.fr\/mes-premiers-pas\/files\/2023\/08\/Puce-Accordeon-Rouge.png\" alt=\"\" srcset=\"https:\/\/blogs.univ-tlse2.fr\/mes-premiers-pas\/files\/2023\/08\/Puce-Accordeon-Rouge.png 2864w, https:\/\/blogs.univ-tlse2.fr\/mes-premiers-pas\/files\/2023\/08\/Puce-Accordeon-Rouge-300x213.png 300w, https:\/\/blogs.univ-tlse2.fr\/mes-premiers-pas\/files\/2023\/08\/Puce-Accordeon-Rouge-1024x727.png 1024w, https:\/\/blogs.univ-tlse2.fr\/mes-premiers-pas\/files\/2023\/08\/Puce-Accordeon-Rouge-768x545.png 768w, https:\/\/blogs.univ-tlse2.fr\/mes-premiers-pas\/files\/2023\/08\/Puce-Accordeon-Rouge-1536x1090.png 1536w, https:\/\/blogs.univ-tlse2.fr\/mes-premiers-pas\/files\/2023\/08\/Puce-Accordeon-Rouge-2048x1454.png 2048w, https:\/\/blogs.univ-tlse2.fr\/mes-premiers-pas\/files\/2023\/08\/Puce-Accordeon-Rouge-500x355.png 500w, https:\/\/blogs.univ-tlse2.fr\/mes-premiers-pas\/files\/2023\/08\/Puce-Accordeon-Rouge-800x568.png 800w, https:\/\/blogs.univ-tlse2.fr\/mes-premiers-pas\/files\/2023\/08\/Puce-Accordeon-Rouge-1280x909.png 1280w, https:\/\/blogs.univ-tlse2.fr\/mes-premiers-pas\/files\/2023\/08\/Puce-Accordeon-Rouge-1920x1363.png 1920w\" sizes=\"auto, (max-width: 2864px) 100vw, 2864px\" \/><strong><mark style=\"background-color:#f2f2f2;color:#2d9f7b\" class=\"has-inline-color\">\u00c9tudier en alternance et en formation continue<\/mark><\/strong><\/summary><div class=\"ab-accordion-text\">\n<p class=\"has-medium-font-size\">L\u2019universit\u00e9 propose une offre de formations en alternance : BUT, licences g\u00e9n\u00e9rales et professionnelles et master.<br>Elle offre \u00e9galement un large panel de prestations \u00e0 tou\u00b7te\u00b7s celles et ceux qui souhaitent perfectionner leur pratique professionnelle, acqu\u00e9rir de nouvelles comp\u00e9tences, r\u00e9orienter leur carri\u00e8re, pr\u00e9parer un dipl\u00f4me ou simplement approfondir leur culture g\u00e9n\u00e9rale.<br>Quel que soit son projet, une \u00e9quipe d\u00e9di\u00e9e se mobilise et apporte son aide aux int\u00e9ress\u00e9\u00b7e\u00b7s dans les d\u00e9marches d\u2019orientation, de positionnement, de recherche de financement et d\u2019instruction des dossiers.<\/p>\n\n\n\n<div class=\"wp-block-atomic-blocks-ab-accordion ab-block-accordion\"><details><summary class=\"ab-accordion-title\"><sup><img loading=\"lazy\" decoding=\"async\" width=\"4231\" height=\"3401\" class=\"wp-image-2269\" style=\"width: 25px\" src=\"https:\/\/blogs.univ-tlse2.fr\/mes-premiers-pas\/files\/2023\/09\/Contact-service-Rouge.png\" alt=\"\" srcset=\"https:\/\/blogs.univ-tlse2.fr\/mes-premiers-pas\/files\/2023\/09\/Contact-service-Rouge.png 4231w, https:\/\/blogs.univ-tlse2.fr\/mes-premiers-pas\/files\/2023\/09\/Contact-service-Rouge-300x241.png 300w, https:\/\/blogs.univ-tlse2.fr\/mes-premiers-pas\/files\/2023\/09\/Contact-service-Rouge-1024x823.png 1024w, https:\/\/blogs.univ-tlse2.fr\/mes-premiers-pas\/files\/2023\/09\/Contact-service-Rouge-768x617.png 768w, https:\/\/blogs.univ-tlse2.fr\/mes-premiers-pas\/files\/2023\/09\/Contact-service-Rouge-1536x1235.png 1536w, https:\/\/blogs.univ-tlse2.fr\/mes-premiers-pas\/files\/2023\/09\/Contact-service-Rouge-2048x1646.png 2048w, https:\/\/blogs.univ-tlse2.fr\/mes-premiers-pas\/files\/2023\/09\/Contact-service-Rouge-500x402.png 500w, https:\/\/blogs.univ-tlse2.fr\/mes-premiers-pas\/files\/2023\/09\/Contact-service-Rouge-800x643.png 800w, https:\/\/blogs.univ-tlse2.fr\/mes-premiers-pas\/files\/2023\/09\/Contact-service-Rouge-1280x1029.png 1280w, https:\/\/blogs.univ-tlse2.fr\/mes-premiers-pas\/files\/2023\/09\/Contact-service-Rouge-1920x1543.png 1920w\" sizes=\"auto, (max-width: 4231px) 100vw, 4231px\" \/><\/sup> <strong>Service de la formation continue et de l&rsquo;apprentissage<\/strong><\/summary><div class=\"ab-accordion-text\">\n<p class=\"has-medium-font-size\"><sup><a href=\"https:\/\/blogs.univ-tlse2.fr\/mes-premiers-pas\/localisation-universite-ouverte\/\"><img loading=\"lazy\" decoding=\"async\" width=\"5336\" height=\"5719\" class=\"wp-image-2252\" style=\"width: 25px\" src=\"https:\/\/blogs.univ-tlse2.fr\/mes-premiers-pas\/files\/2023\/09\/pointeur-VERT-1.png\" alt=\"\" srcset=\"https:\/\/blogs.univ-tlse2.fr\/mes-premiers-pas\/files\/2023\/09\/pointeur-VERT-1.png 5336w, https:\/\/blogs.univ-tlse2.fr\/mes-premiers-pas\/files\/2023\/09\/pointeur-VERT-1-280x300.png 280w, https:\/\/blogs.univ-tlse2.fr\/mes-premiers-pas\/files\/2023\/09\/pointeur-VERT-1-955x1024.png 955w, https:\/\/blogs.univ-tlse2.fr\/mes-premiers-pas\/files\/2023\/09\/pointeur-VERT-1-768x823.png 768w, https:\/\/blogs.univ-tlse2.fr\/mes-premiers-pas\/files\/2023\/09\/pointeur-VERT-1-1433x1536.png 1433w, https:\/\/blogs.univ-tlse2.fr\/mes-premiers-pas\/files\/2023\/09\/pointeur-VERT-1-1911x2048.png 1911w, https:\/\/blogs.univ-tlse2.fr\/mes-premiers-pas\/files\/2023\/09\/pointeur-VERT-1-500x536.png 500w, https:\/\/blogs.univ-tlse2.fr\/mes-premiers-pas\/files\/2023\/09\/pointeur-VERT-1-800x857.png 800w, https:\/\/blogs.univ-tlse2.fr\/mes-premiers-pas\/files\/2023\/09\/pointeur-VERT-1-1280x1372.png 1280w, https:\/\/blogs.univ-tlse2.fr\/mes-premiers-pas\/files\/2023\/09\/pointeur-VERT-1-1920x2058.png 1920w\" sizes=\"auto, (max-width: 5336px) 100vw, 5336px\" \/><\/a><\/sup><strong><a href=\"https:\/\/blogs.univ-tlse2.fr\/mes-premiers-pas\/localisation-universite-ouverte\/\">Campus Mirail, b\u00e2t. Universit\u00e9 Ouverte<\/a><\/strong><br>Du lundi au vendredi de 8h30 \u00e0 12h30 et de 13h30 \u00e0 16h30<br><a href=\"&#109;&#x61;i&#x6c;t&#x6f;:&#x73;f&#x63;a&#64;&#x75;&#110;&#x69;v&#x2d;t&#x6c;s&#x65;2&#x2e;f&#114;\" target=\"_blank\" rel=\"noreferrer noopener\">&#115;&#x66;&#99;&#x61;&#64;&#x75;&#110;&#x69;&#118;&#x2d;t&#x6c;s&#x65;2&#x2e;f&#x72;<\/a><br><\/p>\n<\/div><\/details><\/div>\n\n\n\n<div class=\"wp-block-buttons is-content-justification-right is-layout-flex wp-container-core-buttons-is-layout-765c4724 wp-block-buttons-is-layout-flex\">\n<div class=\"wp-block-button is-style-outline is-style-outline--2\"><a class=\"wp-block-button__link wp-element-button\" href=\"https:\/\/www.univ-tlse2.fr\/accueil\/formation-insertion\/formation-continue\" style=\"border-radius:0px\" target=\"_blank\" rel=\"noreferrer noopener\">www.univ-tlse2.fr<br>Formation continue<\/a><\/div>\n\n\n\n<div class=\"wp-block-button is-style-outline is-style-outline--3\"><a class=\"wp-block-button__link wp-element-button\" href=\"https:\/\/www.univ-tlse2.fr\/accueil\/formation-insertion\/formation-en-alternance\" style=\"border-radius:0px\" target=\"_blank\" rel=\"noreferrer noopener\">www.univ-tlse2.fr<br>Formation en alternance<\/a><\/div>\n<\/div>\n<\/div><\/details><\/div>\n\n\n\n<div style=\"background-color:#2d9f7b;padding-left:1%;padding-right:1%;padding-bottom:1%;padding-top:1%\" class=\"wp-block-atomic-blocks-ab-container ab-block-container\"><div class=\"ab-container-inside\"><div class=\"ab-container-content\">\n<div class=\"wp-block-atomic-blocks-ab-columns ab-layout-columns-1 one-column ab-has-custom-background-color\" style=\"background-color:#2d9f7b\"><div class=\"ab-layout-column-wrap ab-block-layout-column-gap-2 ab-is-responsive-column\">\n<div class=\"wp-block-atomic-blocks-ab-column ab-block-layout-column\"><div class=\"ab-block-layout-column-inner\" style=\"padding:12px\">\n<h2 class=\"wp-block-heading has-black-color has-text-color\"><sup><img loading=\"lazy\" decoding=\"async\" width=\"4952\" height=\"5102\" class=\"wp-image-2234\" style=\"width: 40px\" src=\"https:\/\/blogs.univ-tlse2.fr\/mes-premiers-pas\/files\/2023\/09\/Bon-a-savoir3.png\" alt=\"\" srcset=\"https:\/\/blogs.univ-tlse2.fr\/mes-premiers-pas\/files\/2023\/09\/Bon-a-savoir3.png 4952w, https:\/\/blogs.univ-tlse2.fr\/mes-premiers-pas\/files\/2023\/09\/Bon-a-savoir3-291x300.png 291w, https:\/\/blogs.univ-tlse2.fr\/mes-premiers-pas\/files\/2023\/09\/Bon-a-savoir3-994x1024.png 994w, https:\/\/blogs.univ-tlse2.fr\/mes-premiers-pas\/files\/2023\/09\/Bon-a-savoir3-768x791.png 768w, https:\/\/blogs.univ-tlse2.fr\/mes-premiers-pas\/files\/2023\/09\/Bon-a-savoir3-1491x1536.png 1491w, https:\/\/blogs.univ-tlse2.fr\/mes-premiers-pas\/files\/2023\/09\/Bon-a-savoir3-1988x2048.png 1988w, https:\/\/blogs.univ-tlse2.fr\/mes-premiers-pas\/files\/2023\/09\/Bon-a-savoir3-500x515.png 500w, https:\/\/blogs.univ-tlse2.fr\/mes-premiers-pas\/files\/2023\/09\/Bon-a-savoir3-800x824.png 800w, https:\/\/blogs.univ-tlse2.fr\/mes-premiers-pas\/files\/2023\/09\/Bon-a-savoir3-1280x1319.png 1280w, https:\/\/blogs.univ-tlse2.fr\/mes-premiers-pas\/files\/2023\/09\/Bon-a-savoir3-1920x1978.png 1920w\" sizes=\"auto, (max-width: 4952px) 100vw, 4952px\" \/><\/sup> Mes services num\u00e9riques<\/h2>\n\n\n\n<p class=\"has-medium-font-size\">L\u2019UT2J met \u00e0 disposition des \u00e9tudiant\u00b7e\u00b7s des outils essentiels pour accompagner leurs \u00e9tudes : plateforme de cours en ligne IRIS, outils collaboratifs, Wi-Fi, stockage, pr\u00eat d\u2019ordinateurs et support technique.<\/p>\n\n\n\n<div class=\"wp-block-buttons is-content-justification-right is-layout-flex wp-container-core-buttons-is-layout-765c4724 wp-block-buttons-is-layout-flex\">\n<div class=\"wp-block-button is-style-outline is-style-outline--4\"><a class=\"wp-block-button__link has-white-color has-text-color wp-element-button\" href=\"https:\/\/www.univ-tlse2.fr\/accueil\/vie-des-campus\/services-numeriques\" style=\"border-radius:0px\" target=\"_blank\" rel=\"noreferrer noopener\">www.univ-tlse2.fr<br>Services num\u00e9riques<\/a><\/div>\n<\/div>\n<\/div><\/div>\n<\/div><\/div>\n<\/div><\/div><\/div>\n\n\n\n<p><\/p>\n","protected":false},"excerpt":{"rendered":"","protected":false},"author":1145,"featured_media":0,"parent":0,"menu_order":0,"comment_status":"closed","ping_status":"closed","template":"","meta":{"_vp_format_video_url":"","_vp_image_focal_point":[],"footnotes":"","_links_to":"","_links_to_target":""},"class_list":["post-99","page","type-page","status-publish","hentry","entry"],"featured_image_src":null,"featured_image_src_square":null,"_links":{"self":[{"href":"https:\/\/blogs.univ-tlse2.fr\/mes-premiers-pas\/wp-json\/wp\/v2\/pages\/99","targetHints":{"allow":["GET"]}}],"collection":[{"href":"https:\/\/blogs.univ-tlse2.fr\/mes-premiers-pas\/wp-json\/wp\/v2\/pages"}],"about":[{"href":"https:\/\/blogs.univ-tlse2.fr\/mes-premiers-pas\/wp-json\/wp\/v2\/types\/page"}],"author":[{"embeddable":true,"href":"https:\/\/blogs.univ-tlse2.fr\/mes-premiers-pas\/wp-json\/wp\/v2\/users\/1145"}],"replies":[{"embeddable":true,"href":"https:\/\/blogs.univ-tlse2.fr\/mes-premiers-pas\/wp-json\/wp\/v2\/comments?post=99"}],"version-history":[{"count":51,"href":"https:\/\/blogs.univ-tlse2.fr\/mes-premiers-pas\/wp-json\/wp\/v2\/pages\/99\/revisions"}],"predecessor-version":[{"id":3744,"href":"https:\/\/blogs.univ-tlse2.fr\/mes-premiers-pas\/wp-json\/wp\/v2\/pages\/99\/revisions\/3744"}],"wp:attachment":[{"href":"https:\/\/blogs.univ-tlse2.fr\/mes-premiers-pas\/wp-json\/wp\/v2\/media?parent=99"}],"curies":[{"name":"wp","href":"https:\/\/api.w.org\/{rel}","templated":true}]}}