 {"id":13,"date":"2017-07-04T19:22:27","date_gmt":"2017-07-04T17:22:27","guid":{"rendered":"https:\/\/blogs.univ-tlse2.fr\/olga-spevak\/?page_id=13"},"modified":"2025-03-15T19:38:12","modified_gmt":"2025-03-15T18:38:12","slug":"articles","status":"publish","type":"page","link":"https:\/\/blogs.univ-tlse2.fr\/olga-spevak\/articles\/","title":{"rendered":"Articles"},"content":{"rendered":"<p>\u2018L\u2019Emploi de <em>licet<\/em> en latin tardif. Remarques sur sa grammaticalisation\u2019, <em>Acta Universitatis Carolinae \u2013 Philologica 3, Graecolatina Pragensia<\/em> 16-17, 1998, 91-110.<\/p>\n<p>\u2018Distribution des mots concessifs en latin tardif\u2019, <em>Glotta <\/em>76, 1-2, 2000, p. 113-132.<\/p>\n<p>\u2018L\u2019emploi des conjonctions concessives dans la prose technique latine des IV<sup>e <\/sup>et V<sup>e <\/sup>si\u00e8cles\u2019, in H. Solin et al. (\u00e9d.), <em>Latin vulgaire, latin tardif, VI. Actes du VI<sup>e<\/sup> colloque international sur le latin vulgaire et tardif, <\/em>Helsinki, 29 ao\u00fbt \u2013 2 septembre 2000<em>, <\/em>Hildesheim, Olms\/Weidmann, 2003, 569-576.<\/p>\n<p>\u2018La concessive en <em>quamquam<\/em>, <em>quamuis<\/em> et <em>licet<\/em>: subjonctive ou indicative\u00a0?\u2019, in A.\u00a0M. Bolkestein et al. (\u00e9d.), <em>Theory and Description in Latin Linguistics. Selected Papers from the XI<sup>th<\/sup> International Colloquium on Latin Linguistics, <\/em>Amsterdam, June 24-29, 2001<em>, <\/em>Amsterdam, Gieben, 2002, 347-359.<\/p>\n<p>\u2018Isidore de S\u00e9ville, <em>Etymologies<\/em>, livre 10\u00a0: analyse morphologique\u2019,<em> Acta Universitatis Carolinae \u2013 Philologica 2, Graecolatina Pragensia<\/em> 20, 2004, 217-228. <a href=\"https:\/\/blogs.univ-tlse2.fr\/olga-spevak\/files\/2017\/11\/Etymologies-2004.pdf\">Etymologies 2004<\/a><\/p>\n<p>\u2018Verb-subject order in Latin. The case of existential and locative sentences\u2019, <em>Classica et Mediaevalia. <\/em><em>Revue danoise de philologie et d\u2019histoire<\/em> 55, 2004, 381-396. <a href=\"https:\/\/blogs.univ-tlse2.fr\/olga-spevak\/files\/2023\/09\/VS-order.pdf\">VS order<\/a><\/p>\n<p>\u2018La concession et la corr\u00e9lation\u2019, in P. de Carvalho et F. Lambert (\u00e9ds.), <em>Structures parall\u00e8les et corr\u00e9latives en grec et en latin\u00a0: Actes du colloque de Bordeaux (Septembre 2002)<\/em>, Universit\u00e9 de Saint-\u00c9tienne, 2005, 141-157.<\/p>\n<p>\u2018A propos de \u2018<em>uerbum primo loco<\/em>\u2019\u00a0: essai de synth\u00e8se\u2019, in G. Calboli (\u00e9d.), <em>Papers on Grammar IX, 2, Latina Lingua\u00a0: Proceedings of the Twelfth International Colloquium on Latin Linguistics <\/em>(Bologna, 9-14 June 2003), Roma, Herder, 2005, 731-740. <a href=\"https:\/\/blogs.univ-tlse2.fr\/olga-spevak\/files\/2019\/11\/Verbum-2007.pdf\">Verbum 2007<\/a><\/p>\n<p>\u2018<em>Itinerarium Egeriae\u00a0<\/em>: L\u2019ordre des constituants obligatoires\u2019, <em>Mnemosyne<\/em> 58, 2, 2005, 235-261.<\/p>\n<p>\u2018<em>Tamen. <\/em>Essai d\u2019une description syntaxique\u2019, <em>Glotta<\/em> 82, 2006, 221-248. <a href=\"https:\/\/blogs.univ-tlse2.fr\/olga-spevak\/files\/2020\/03\/Tamen-2006.pdf\">Tamen 2006<\/a><\/p>\n<p>\u2018<em>Quod, quia <\/em>et les locutions conjonctives (Isidore de S\u00e9ville, <em>\u00e9tymologies <\/em>10)\u2019, in C.\u00a0Arias Abell\u00e1n (\u00e9d.), <em>Latin vulgaire \u2013 Latin tardif, VII<\/em>,Actes du VII<sup>e<\/sup> Colloque international sur le latin vulgaire et le latin tardif, S\u00e9ville, 2-6 septembre 2003, Sevilla, 2006, 535-547. <a href=\"https:\/\/blogs.univ-tlse2.fr\/olga-spevak\/files\/2017\/11\/Quod-quia-2006.pdf\">Quod, quia 2006<\/a><\/p>\n<p>\u2018Recent studies on word order in Latin : A review article (N. Lis\u00f3n Huguet, <em>El orden de palabras en los grupos nominales en lat\u00edn<\/em>. Universidad de Zaragoza, 2001; Ch. Polo, <em>Word Order between Morphology and Syntax<\/em>. Padova, 2004; G. Salvi, <em>La formazione della struttura di frase romanza. Ordine delle parole e clitici dal latino alle lingue romanze antiche<\/em>. T\u00fcbingen, 2004)\u2019, <em>Mnemosyne<\/em> 59, 3, 2006, 434-453.<\/p>\n<p>\u2018Les enclitiques en latin\u2019,<em> Indogermanische Forschungen<\/em> 111, 2006, p. 249-274. <a href=\"https:\/\/blogs.univ-tlse2.fr\/olga-spevak\/files\/2018\/10\/Enclitiques-2006.pdf\">Enclitiques 2006<\/a><\/p>\n<p>\u2018La place du focus en latin\u00a0: quelques observations\u2019, in G. Purnelle (\u00e9d.), <em>Coh\u00e9rence textuelle et ordre des syntagmes (13<sup>e<\/sup> Colloque international de Linguistique latine, Bruxelles, 4-9 avril 2005<\/em>), Facult\u00e9 de Philosophie et Lettres de l\u2019Universit\u00e9 de Li\u00e8ge, 2007, 191-201.<\/p>\n<p>\u2018Le placement de<em> is, hic <\/em>et<em> ille <\/em>chez Gr\u00e9goire de Tours\u2019, in R. Wright (\u00e9d.) <em>Latin vulgaire &#8211; latin tardif VIII<\/em>, Actes du VIII<sup>e<\/sup> Colloque international sur le latin vulgaire et le latin tardif, Oxford, 6-9 septembre 2006, Olms-Weidmann, 2007, 361-370.<\/p>\n<p>\u2018L\u2019anaphore, la deixis et l\u2019ordre des constituants en latin\u2019,<em> Latomus<\/em> 66 (4), 2007, 853-870.\u00a0<a href=\"https:\/\/blogs.univ-tlse2.fr\/olga-spevak\/files\/2018\/10\/Latomus-2007.pdf\">Latomus 2007<\/a><\/p>\n<p>\u2018The position of Focus constituents in Latin. A comparison between Latin and Czech\u2019, <em>Journal of Pragmatics<\/em>, 40 (1), 2008, 114-126.<\/p>\n<p>\u2018Isidore de S\u00e9ville\u00a0: le livre XIV des <em>\u00c9tymologies<\/em> et la tradition \u00e9tymologique\u2019, <em>Revue des \u00c9tudes latines <\/em>87, 2009, 231-248. <a href=\"https:\/\/blogs.univ-tlse2.fr\/olga-spevak\/files\/2020\/03\/Etymologies-2009.pdf\">Etymologies 2009<\/a><\/p>\n<p>\u2018Le temps et l\u2019espace dans la correspondance de Cic\u00e9ron. Le concept de \u2018cadre\u2019\u00a0et de \u2018sp\u00e9cification\u2019\u2019,<em> De lingua Latina <\/em>4 (revue \u00e9lectronique sur le site de l\u2019Universit\u00e9 de Paris IV-Sorbonne et celui du Centre Alfred Ernout lien), 2010, 16 p. <a href=\"https:\/\/blogs.univ-tlse2.fr\/olga-spevak\/files\/2017\/07\/Temps-espace-2010.pdf\">Temps espace 2010<\/a><\/p>\n<p>\u2018La flexibilit\u00e9 du syntagme nominal en latin\u2019,\u00a0in P. Anreiter et M.\u00a0Kienpointner (\u00e9ds.), <em>Latin Linguistics Today: Akten des 15. Internationalen Kolloquiums zur Lateinischen Linguistik, Innsbruck, 4.-9. April 2009<\/em>, Innsbruck, Innsbrucker Beitr\u00e4ge zur Sprachwissenschaft, 2010, 327-339. <a href=\"https:\/\/blogs.univ-tlse2.fr\/olga-spevak\/files\/2017\/11\/Flexibilite-2010.pdf\">Flexibilite 2010<\/a><\/p>\n<p>\u2018Le syntagme nominal en latin\u00a0: les travaux des trente derni\u00e8res ann\u00e9es\u2019, in O.\u00a0Spevak (\u00e9d.), <em>Le syntagme nominal en latin, <\/em>coll. Kubaba, Paris, Harmattan, 2010, 23-40. <a href=\"https:\/\/blogs.univ-tlse2.fr\/olga-spevak\/files\/2017\/07\/SN-en-latin-2010.pdf\">SN en latin 2010<\/a><\/p>\n<p>&lsquo;La place des d\u00e9terminants et leurs combinaisons&rsquo;, in O. Spevak (\u00e9d.), <em>Le syntagme nominal en latin<\/em>, coll. Kubaba, Paris, Harmattan, 2010, 57-75. <a href=\"https:\/\/blogs.univ-tlse2.fr\/olga-spevak\/files\/2022\/11\/Place-des-determinants.pdf\">Place des d\u00e9terminants<\/a><\/p>\n<p>\u2018Les enclitiques <em>enim<\/em> et <em>autem <\/em>dans la diachronie du latin\u2019, in A. Christol et O.\u00a0Spevak, <em>Les \u00e9volutions du latin<\/em>, Paris\u00a0: l\u2019Harmattan, 2012, 335-352. <a href=\"https:\/\/blogs.univ-tlse2.fr\/olga-spevak\/files\/2017\/07\/Enclitiques-diachronie-2011.pdf\">Enclitiques diachronie 2011<\/a><\/p>\n<p>\u2018La disjonction en latin tardif\u2019, in F. Biville, M.-K. Lhomm\u00e9 et D. Vallat, <em>Latin vulgaire, latin tardif : actes du IX<sup>e<\/sup> Colloque international sur le latin vulgaire et tardif, Lyon, 2-6 septembre 2009<\/em>, Lyon : Maison de l\u2019Orient et de la M\u00e9diterran\u00e9e, 2012, 253-269.\u00a0\u00a0<a href=\"https:\/\/blogs.univ-tlse2.fr\/olga-spevak\/files\/2019\/01\/Disjonction-2012.pdf\">Disjonction 2012<\/a><\/p>\n<p>\u2018La dislocation \u00e0 droite en latin\u2019, <em>Glotta <\/em>89, 2013, 195-221. <a href=\"https:\/\/blogs.univ-tlse2.fr\/olga-spevak\/files\/2020\/03\/Dislocation-2013.pdf\">Dislocation 2013<\/a><\/p>\n<p>&lsquo;L\u2019ordre des\u00a0mots dans la <em>Vie de Saint Beno\u00eet <\/em>de Gr\u00e9goire le Grand\u00a0: une comparaison de l\u2019original latin avec sa traduction en ancien fran\u00e7ais&rsquo;, A. Carlier (\u00e9d.), <em>Latin tardif &gt;&lt; Ancien francais<\/em>, 2018, Berlin, De Gruyter, 299-317.\u00a0<a href=\"https:\/\/blogs.univ-tlse2.fr\/olga-spevak\/files\/2019\/01\/Gregoire-2018.pdf\">Gregoire 2018<\/a><\/p>\n<p>\u2018Noun valency in Latin\u2019, in Olga Spevak (\u00e9d.), <em>Noun Valency<\/em>, Amsterdam, J. Benjamins, 2014, 183-210.<\/p>\n<p>\u2018<em>Causa <\/em>et ses compl\u00e9ments\u2019, in Aude Morel-Alizon et Jean-Fran\u00e7ois Thomas, <em>La causalit\u00e9 en latin<\/em>, Paris, L\u2019Harmattan, 2014, 17-29. <a href=\"https:\/\/blogs.univ-tlse2.fr\/olga-spevak\/files\/2017\/11\/Causa-2014.pdf\">Causa 2014<\/a><\/p>\n<p>\u2018L\u2019apposition \u00e9troite en latin\u2019, in Gerd Haverling (\u00e9d.), <em>Latin Linguistics in the Early 21<sup>st<\/sup> Century. Acts of the 16<sup>th<\/sup> International Colloquium on Latin Linguistics, Uppsala, June 6<sup>th<\/sup> \u2013 11<sup>th<\/sup>, 2011<\/em>, Uppsala 2015, 225-236.\u00a0<a href=\"https:\/\/blogs.univ-tlse2.fr\/olga-spevak\/files\/2019\/01\/Apposition-etroite-2015.pdf\">Apposition etroite 2015<\/a><\/p>\n<p>\u2018Appositional construction or noun phrase? On the status of postnominal modifiers in Latin and Ancient Greek\u2019, <em>Journal of Latin Linguistics <\/em>14 (2), 2015, 307-323<em>. <a href=\"https:\/\/blogs.univ-tlse2.fr\/olga-spevak\/files\/2020\/03\/Appositional-NP-2015.pdf\">Appositional NP 2015<\/a><\/em><\/p>\n<p>\u2018La place des g\u00e9nitifs chez Vitruve et Pline l\u2019Ancien\u2019, in P. Poccetti (\u00e9d.), <em>Latinitatis rationes\u00a0: Descriptive and Historical Accounts for the Latin Language<\/em>, 2016, Berlin, De Gruyter, 731-747.\u00a0<a href=\"https:\/\/blogs.univ-tlse2.fr\/olga-spevak\/files\/2018\/10\/G\u00e9nitifs-2016.pdf\">G\u00e9nitifs 2016<\/a><\/p>\n<p>\u2018Les noms verbaux chez Gr\u00e9goire le Grand\u2019, in A. Garc\u00eda Leal (\u00e9d.), <em>Latin vulgaire \u2013 latin tardif <\/em>XI, 2017, Hildesheim : Olms-Weidmann, 609-619.\u00a0<a style=\"color: #ff4b33\" href=\"https:\/\/blogs.univ-tlse2.fr\/olga-spevak\/files\/2018\/10\/Spevak-LVLT11.pdf\">Spevak LVLT11<\/a><\/p>\n<p>\u2018Les noms verbaux en latin\u2019, <em>Bulletin de la Soci\u00e9t\u00e9 de linguistique de Paris <\/em>110 (1), 2015, 289-321. <a href=\"https:\/\/blogs.univ-tlse2.fr\/olga-spevak\/files\/2020\/01\/Noms-verbaux-2015.pdf\">Noms verbaux 2015<\/a><\/p>\n<p>&lsquo;L\u2019ordre des mots en latin\u00a0: apr\u00e8s J. Marouzeau&rsquo;, <em>Les Etudes Latines <\/em>93, 2015, 107-128. <a href=\"https:\/\/blogs.univ-tlse2.fr\/olga-spevak\/files\/2017\/11\/Ordre-des-mots-2015.pdf\">Ordre des mots 2015<\/a><\/p>\n<p>\u2018<em>Ex Anniana Milonis<\/em> <em>domo<\/em>: les syntagmes nominaux avec deux compl\u00e9ments de possession\u2019, <em>Pallas <\/em>102, 2016, 35-43.\u00a0<a href=\"https:\/\/blogs.univ-tlse2.fr\/olga-spevak\/files\/2018\/10\/Pallas-2016.pdf\">Pallas 2016<\/a><\/p>\n<p>\u2018\u00c0 propos de l\u2019aspect verbal en grec ancien, en slave, et en latin\u2019, <em>Bulletin de la Soci\u00e9t\u00e9 de linguistique de Paris<\/em> 110 (1), 2016, 243-275. <a href=\"https:\/\/blogs.univ-tlse2.fr\/olga-spevak\/files\/2020\/03\/Aspect-2016.pdf\">Aspect 2016<\/a><\/p>\n<p>\u2018La construction &#8211;<em>tio<\/em> + <em>esse<\/em> dans les textes normatifs de l\u2019\u00e9poque pr\u00e9classique\u2019, in P. Duarte, F. Fleck, P. Lecaud\u00e9 et A. Morel (\u00e9ds.), <em>Histoires de mots\u00a0: <\/em><em>\u00c9tudes de linguistique latine et de linguistique g\u00e9n\u00e9rale offertes en hommage \u00e0 Mich\u00e8le Fruyt<\/em>, 2017, Paris, PUPS. <a href=\"https:\/\/blogs.univ-tlse2.fr\/olga-spevak\/files\/2017\/07\/Construction-tio-esse-2017.pdf\">Construction -tio + esse 2017<\/a><\/p>\n<p>&lsquo;Some remarks on grammatical aspect in Latin&rsquo;, <em>Philologia Classica<\/em>, 2016, 11 (2), 104-110.<\/p>\n<p>\u2018L\u2019apport des textes \u00e9pigraphiques normatifs \u00e0 la syntaxe latine\u2019, <em>Les \u00c9tudes classiques <\/em>85, 2017, 45-64. <a href=\"https:\/\/blogs.univ-tlse2.fr\/olga-spevak\/files\/2020\/03\/Apport.pdf\">Apport<\/a><\/p>\n<p>\u2018Pragmatics in Latin and Ancient Greek: An introduction\u2019, O. Spevak et C. Denizot (\u00e9ds.), in C. Denizot et O. Spevak, <em>Pragmatic Approaches to Ancient Greek<\/em>, 2017, Amsterdam, J. Benjamins, 1-13.<\/p>\n<p>\u2018Les constructions \u00e0 verbes supports dans les textes normatifs\u2019, in C. Bodelot et O. Spevak (\u00e9ds.), <em>Les constructions \u00e0 verbe support en latin (Cahiers du LRL 7), <\/em>2018, Clermont-Ferrand, Presses universitaires Blaise-Pascal, 207-218. <a href=\"https:\/\/blogs.univ-tlse2.fr\/olga-spevak\/files\/2022\/11\/Verbes-supports-2018.pdf\">Verbes supports 2018<\/a><\/p>\n<p>&lsquo;Les additions dans Isid. <em>Etym<\/em>. I\u00a0: t\u00e9moins d\u2019un travail r\u00e9dactionnel&rsquo;, <em>ALMA <\/em>75, 2017, 59-88. <a href=\"https:\/\/blogs.univ-tlse2.fr\/olga-spevak\/files\/2020\/03\/ALMA-2017.pdf\">ALMA 2017<\/a><\/p>\n<p>&lsquo;La construction \u00e0 participe dominant (<em>ab urbe condita<\/em>)<em>\u00a0<\/em>: emplois pr\u00e9positionnels&rsquo;,\u00a0 <em>Listy filologick\u00e9 \/ Folia philologica<\/em> 142 (3-4), 2019, 283-306. <a href=\"https:\/\/blogs.univ-tlse2.fr\/olga-spevak\/files\/2023\/07\/AUC-Prepositionnels.pdf\">AUC Prepositionnels<\/a><\/p>\n<p>&lsquo;La construction \u00e0 participe dominant vs. le nom verbal chez Cic\u00e9ron&rsquo;, <em>Revue de Philologie<\/em>, 92 (1), 2018, 63-84. <a href=\"https:\/\/blogs.univ-tlse2.fr\/olga-spevak\/files\/2022\/11\/Participe-vs.-nom.pdf\">Participe vs. nom<\/a><\/p>\n<p>&lsquo;Some syntactic features of Latin legal texts&rsquo;, in J. N. Adams, Anna Chahoud, Giuseppe Pezzini (eds), <em>Early Latin: Constructs, Diversity, Reception<\/em>, Cambridge, Cambridge University Press, 2023, 311\u2013326.<\/p>\n<p>&lsquo;Towards a unified account of the <em>ab urbe condita <\/em>construction in Latin and Ancient Greek&rsquo;, in <em>Classical Philology and Linguistics: Old Themes and New Perspectives<\/em>, edited by Georgios K. Giannakis, Panagiotis Filos, Emilio Crespo G\u00fcemes and Jes\u00fas de la Villa, Berlin, De Gruyter, 2023, 557\u2013572. <a href=\"https:\/\/blogs.univ-tlse2.fr\/olga-spevak\/files\/2024\/06\/Ab-urbe-condita-2023.pdf\">Ab urbe condita 2023<\/a><\/p>\n<p>\u2018Latin Particles and Word Order.\u2019 In <em>Oxford Bibliographies in Classics<\/em>. Ed. Ruth Scodel. New York: <a href=\"https:\/\/www.oxfordbibliographies.com\/display\/document\/obo-9780195389661\/obo-9780195389661-0421.xml\">Oxford University Press<\/a>, 2024.<\/p>\n<p>&lsquo;Discontinuity of the noun phrase in Roman statutes from the Republican period&rsquo;, <em>Journal of Latin Linguistics <\/em>23, 197-211, <a href=\"https:\/\/doi.org\/10.1515\/joll-2024-2001\">lien<\/a>. <\/p>\n<p><em>Audivi Memnonem<\/em> \u2018I Heard Memnon\u2019: Word Order in the Latin Inscription on the Colossus of Memnon (sous presse).<\/p>\n<p>&nbsp;<\/p>\n<h1 class=\"ds-work-card--work-title ds2-5-heading-sans-serif-md\">\u00a0<\/h1>\n<h2><strong>Comptes-rendus<\/strong><\/h2>\n<p>A. M. Devine et L. D. Stephens, <em>Latin Word Order\u00a0: Structured Meaning and Information<\/em>, Oxford University Press, 2005 \u2013 paru dans <em>Mnemosyne<\/em>, 60, 2007, p. 497-501.<\/p>\n<p>T. Reinhardt, M. Lapidge et J. N. Adams (\u00e9ds.), <em>Aspects of the Language of Latin Prose<\/em>, The British Academy, Oxford University Press, 2006 \u2013 paru dans <em>Latomus<\/em>, 67, 2008, 1119-1120.<\/p>\n<p>R. Kiesler, <em>Einf\u00fchrung in die Problematik des Vulg\u00e4rlateins<\/em>, T\u00fcbingen, M. Niemeyer, 2006 \u2013 paru dans <em>Mnemosyne<\/em><em>, <\/em>61, 3, 2008, p. 510-512<\/p>\n<p>D. Panhuis, Latin Grammar, The University of Michigan Press, Ann Arbor, 2006 (\u00e0 para\u00eetre dans <em>Latomus<\/em>).<\/p>\n<p>J. Henderson, <em>The Medieval World of Isidore of Seville. Truth from Words<\/em>, Cambridge University Press, 2007 \u2013 paru dans <em>Mnemosyne<\/em>, 62, 1, 2009, p. 149-150.<\/p>\n<p>W. D. C. de Melo, <em>The Early Latin Verb System. Archaic Forms in Plautus, Terence, and Beyond<\/em>, Oxford University Press, 2007 \u2013 paru dans <em>Gymnasium<\/em>, 116, 1, 2009, p. 96-97<\/p>\n<p>A. Moure Casas, <em>Sobre el orden de palabras en lat\u00edn. Syntaxis opaca y OP, <\/em>Madrid, Universidad Complutense, 2007, <em>Latomus<\/em> 69 (1), 2010, 222-23<\/p>\n<p>E. Dickey, A. Chahoud (eds.) <em>Colloquial and Literary Latin<\/em>. Cambridge, Cambridge University Press. 2010 \u2013 paru dans <em>Mnemosyne<\/em>, 65 (3), 2012, 505-508.<\/p>\n<p>Th. F\u00f6gen, <em>Wissen, Kommunikation und Selbstdarstellung. Zur Struktur und Charakteristik r\u00f6mischer Fachtexte der fr\u00fchen Kaiserzeit\u00a0<\/em>: M\u00fcnchen, C. H. Beck, 2009 \u2013 paru dans la <em>Revue des Etudes latines<\/em>)<\/p>\n<p>J. M. Ba\u00f1os Ba\u00f1os (coordinator), <em>Sintaxis del lat\u00edn cl\u00e1sico<\/em>. Liceus, Madrid, 2009 ) paru <em>Latomus<\/em> 2010<\/p>\n<p>L. Danckaert, <em>Latin Embedded Clauses. The Left Periphery<\/em>. Amsterdam\/ Philadelphia, J. Benjamins [Linguistik Aktuell\/Linguistics Today 184], 2012 \u2013 paru dans\u00a0<em>Mnemosyne <\/em>67 (2), 2014, 162-164.<\/p>\n<p>L. Unceta G\u00f3mez, <em>La Petici\u00f3n verbal en lat\u00edn. Studio l<\/em><em>\u00e9xico, sem\u00e1ntico y pragm\u00e1tico<\/em>. Madrid, Ediciones Cl\u00e1sicas, 2009 \u2013 paru dans <em>Latomus <\/em>72(2), 2013, 577-578.<\/p>\n<p>J. Schrickx, <em>Lateinische Modalpartikeln: Nempe, Quippe, Scilicet, Videlicet und Nimirum. Amsterdam studies in classical philology, 19<\/em>. \u2013 paru dans Bryn\u00a0Mawr Classical Review 2012 (<a href=\"http:\/\/bmcr.brynmawr.edu\">http:\/\/bmcr.brynmawr.edu<\/a>, <a href=\"http:\/\/bmcr.brynmawr.edu\/2012\/2012-06-13.html\">2012.06.13<\/a>)<\/p>\n<p>D. Muchnov\u00e1, <em>Entre conjonction, connecteur et particule: le cas de \u03b5\u03c0\u03b5\u03b9 en grec ancien. \u00c9tude syntaxique, s\u00e9mantique et pragmatique<\/em>. Acta Universitatis Carolinae: Philologica monographia, 163 \u2013 paru dans Bryn\u00a0Mawr Classical Review 2012 (<a href=\"http:\/\/bmcr.brynmawr.edu\">http:\/\/bmcr.brynmawr.edu<\/a>, <a href=\"http:\/\/bmcr.brynmawr.edu\/2012\/2012-12-57.html\">2012.12.57<\/a>)<\/p>\n<p>F. Scheppers, <em>The Colon Hypothesis : Word Order, Discourse Segmentation and Discourse Coherence in Ancient Greek<\/em>. Bruxelles, VUBPRESS, 2011 \u2013 paru dans le <em>Bulletin de la Soci\u00e9t\u00e9 de linguistique de Paris<\/em>, 2013.<\/p>\n<p>J. J. Vega y Vega, <em>Qu\u2019est-ce que le verbe \u00eatre ? \u00c9l\u00e9ments de morphologie, de syntaxe et de s\u00e9mantique<\/em>. Paris, H. Champion, 2011 \u2013 paru dans le <em>Bulletin de la Soci\u00e9t\u00e9 de linguistique de Paris<\/em>, 2013.<\/p>\n<p>Oniga (R.) <em>Latin: A Linguistic Introduction<\/em>. Edited and translated by Norma Schifano. Pp. xviii + 345. Oxford: Oxford University Press, 2014 \u2013 \u00e0 para\u00eetre dans le Classical review.<\/p>\n\n\n<p><\/p>\n\n\n\n<p><\/p>\n","protected":false},"excerpt":{"rendered":"<p>\u2018L\u2019Emploi de licet en latin tardif. Remarques sur sa grammaticalisation\u2019, Acta Universitatis Carolinae \u2013 Philologica 3, Graecolatina Pragensia 16-17, 1998, 91-110. \u2018Distribution des mots concessifs en latin tardif\u2019, Glotta 76, 1-2, 2000, p. 113-132. \u2018L\u2019emploi des conjonctions concessives dans la &hellip; <a href=\"https:\/\/blogs.univ-tlse2.fr\/olga-spevak\/articles\/\">Continuer la lecture <span class=\"meta-nav\">&rarr;<\/span><\/a><\/p>\n","protected":false},"author":417,"featured_media":0,"parent":0,"menu_order":1,"comment_status":"closed","ping_status":"closed","template":"","meta":{"footnotes":""},"class_list":["post-13","page","type-page","status-publish","hentry"],"_links":{"self":[{"href":"https:\/\/blogs.univ-tlse2.fr\/olga-spevak\/wp-json\/wp\/v2\/pages\/13","targetHints":{"allow":["GET"]}}],"collection":[{"href":"https:\/\/blogs.univ-tlse2.fr\/olga-spevak\/wp-json\/wp\/v2\/pages"}],"about":[{"href":"https:\/\/blogs.univ-tlse2.fr\/olga-spevak\/wp-json\/wp\/v2\/types\/page"}],"author":[{"embeddable":true,"href":"https:\/\/blogs.univ-tlse2.fr\/olga-spevak\/wp-json\/wp\/v2\/users\/417"}],"replies":[{"embeddable":true,"href":"https:\/\/blogs.univ-tlse2.fr\/olga-spevak\/wp-json\/wp\/v2\/comments?post=13"}],"version-history":[{"count":65,"href":"https:\/\/blogs.univ-tlse2.fr\/olga-spevak\/wp-json\/wp\/v2\/pages\/13\/revisions"}],"predecessor-version":[{"id":447,"href":"https:\/\/blogs.univ-tlse2.fr\/olga-spevak\/wp-json\/wp\/v2\/pages\/13\/revisions\/447"}],"wp:attachment":[{"href":"https:\/\/blogs.univ-tlse2.fr\/olga-spevak\/wp-json\/wp\/v2\/media?parent=13"}],"curies":[{"name":"wp","href":"https:\/\/api.w.org\/{rel}","templated":true}]}}