 {"id":126,"date":"2023-03-29T17:25:13","date_gmt":"2023-03-29T15:25:13","guid":{"rendered":"https:\/\/blogs.univ-tlse2.fr\/paacte-filiere-pastorale-occitanie\/?page_id=126"},"modified":"2024-06-03T10:36:13","modified_gmt":"2024-06-03T08:36:13","slug":"lequipe-du-projet","status":"publish","type":"page","link":"https:\/\/blogs.univ-tlse2.fr\/paacte-filiere-pastorale-occitanie\/lequipe-du-projet\/","title":{"rendered":"L&rsquo;\u00e9quipe"},"content":{"rendered":"\n<p class=\"has-regular-font-size\"><\/p>\n\n\n\n<div class=\"wp-block-columns is-layout-flex wp-container-core-columns-is-layout-9d6595d7 wp-block-columns-is-layout-flex\">\n<div class=\"wp-block-column is-layout-flow wp-block-column-is-layout-flow\">\n<div style=\"background-color:#f2f2f2;color:#32373c\" class=\"wp-block-atomic-blocks-ab-profile-box round ab-has-avatar ab-font-size-14 ab-block-profile ab-profile-columns\"><div class=\"ab-profile-column ab-profile-avatar-wrap\"><div class=\"ab-profile-image-wrap\"><figure class=\"ab-profile-image-square\"><img loading=\"lazy\" decoding=\"async\" width=\"266\" height=\"267\" class=\"ab-profile-avatar wp-image-120\" src=\"https:\/\/blogs.univ-tlse2.fr\/paacte-filiere-pastorale-occitanie\/files\/2023\/03\/Marie-Claude-BAL-Geode-Geographie-de-lenvironnement.png\" alt=\"\" srcset=\"https:\/\/blogs.univ-tlse2.fr\/paacte-filiere-pastorale-occitanie\/files\/2023\/03\/Marie-Claude-BAL-Geode-Geographie-de-lenvironnement.png 266w, https:\/\/blogs.univ-tlse2.fr\/paacte-filiere-pastorale-occitanie\/files\/2023\/03\/Marie-Claude-BAL-Geode-Geographie-de-lenvironnement-150x150.png 150w\" sizes=\"auto, (max-width: 266px) 100vw, 266px\" \/><\/figure><\/div><\/div><div class=\"ab-profile-column ab-profile-content-wrap\"><h2 class=\"ab-profile-name\" style=\"color:#32373c\">Marie-Claude BAL<\/h2><p class=\"ab-profile-title\" style=\"color:#32373c\">Responsable projet \/ Enseignante chercheuse <br \/>G\u00e9ographe<br \/>GEODE UMR 5602<br \/>mail : &#x6d;a&#x72;&#105;&#x65;&#x2e;b&#x61;&#108;&#x40;&#x75;n&#x69;&#118;&#x2d;&#x74;l&#x73;&#101;&#x32;&#x2e;f&#x72;<br \/><a href=\"https:\/\/geode.univ-tlse2.fr\/accueil\/personnel\/marie-claude-bal#\/\">Page personnelle labo<\/a><\/p><div class=\"ab-profile-text\"><\/div><ul class=\"ab-social-links\"><\/ul><\/div><\/div>\n\n\n\n<div style=\"background-color:#f2f2f2;color:#32373c\" class=\"wp-block-atomic-blocks-ab-profile-box square ab-font-size-14 ab-block-profile ab-profile-columns\"><div class=\"ab-profile-column ab-profile-content-wrap\"><h2 class=\"ab-profile-name\" style=\"color:#32373c\">Jean-Michel MINOVEZ<\/h2><p class=\"ab-profile-title\" style=\"color:#32373c\">Co &#8211; responsable projet<br \/>Professeur d\u2019histoire \u00e9conomique &#8211; UT2J<br \/>GEODE UMR 5602<br \/>mail : &#x6d;i&#x6e;&#x6f;v&#x65;&#122;&#64;&#x75;&#110;i&#x76;&#45;t&#x6c;&#115;e&#x32;&#46;&#x66;&#x72;<\/p><div class=\"ab-profile-text\"><p><\/p><\/div><ul class=\"ab-social-links\"><\/ul><\/div><\/div>\n\n\n\n<div style=\"background-color:#f2f2f2;color:#32373c\" class=\"wp-block-atomic-blocks-ab-profile-box square ab-has-avatar ab-font-size-14 ab-block-profile ab-profile-columns\"><div class=\"ab-profile-column ab-profile-avatar-wrap\"><div class=\"ab-profile-image-wrap\"><figure class=\"ab-profile-image-square\"><img loading=\"lazy\" decoding=\"async\" width=\"150\" height=\"251\" class=\"ab-profile-avatar wp-image-276\" src=\"https:\/\/blogs.univ-tlse2.fr\/paacte-filiere-pastorale-occitanie\/files\/2023\/03\/hbarcet.jpg\" alt=\"\" \/><\/figure><\/div><\/div><div class=\"ab-profile-column ab-profile-content-wrap\"><h2 class=\"ab-profile-name\" style=\"color:#32373c\">Hugues BARCET<\/h2><p class=\"ab-profile-title\" style=\"color:#32373c\">Ing\u00e9nieur d&rsquo;\u00e9tudes HC<br \/>G\u00e9omaticien \/ cartographe<br \/>GEODE UMR 5602<br \/>mail : h&#117;&#x67;ue&#x73;&#x2e;ba&#x72;&#x63;et&#x40;&#x75;n&#105;&#x76;&#x2d;t&#108;&#x73;&#x65;2&#46;&#x66;r<\/p><div class=\"ab-profile-text\"><p><a href=\"https:\/\/geode.univ-tlse2.fr\/accueil\/personnel\/hugues-barcet#\/\">Page personnelle labo<\/a><\/p><\/div><ul class=\"ab-social-links\"><\/ul><\/div><\/div>\n\n\n\n<div style=\"background-color:#f2f2f2;color:#32373c\" class=\"wp-block-atomic-blocks-ab-profile-box square ab-has-avatar ab-font-size-14 ab-block-profile ab-profile-columns\"><div class=\"ab-profile-column ab-profile-avatar-wrap\"><div class=\"ab-profile-image-wrap\"><figure class=\"ab-profile-image-square\"><img loading=\"lazy\" decoding=\"async\" width=\"150\" height=\"150\" class=\"ab-profile-avatar wp-image-272\" src=\"https:\/\/blogs.univ-tlse2.fr\/paacte-filiere-pastorale-occitanie\/files\/2023\/03\/olivier-barriere.jpg\" alt=\"\" \/><\/figure><\/div><\/div><div class=\"ab-profile-column ab-profile-content-wrap\"><h2 class=\"ab-profile-name\" style=\"color:#32373c\">Olivier BARRIERE<\/h2><p class=\"ab-profile-title\" style=\"color:#32373c\">Charg\u00e9 de recherche<br \/>IRD \/ espace dev<br \/>Juriste de l\u2019environnement<br \/>mail : &#111;&#x6c;i&#x76;i&#x65;r&#x2e;b&#97;&#x72;&#114;&#x69;e&#x72;e&#x40;i&#114;&#x64;&#46;&#x66;r<\/p><div class=\"ab-profile-text\"><p><a href=\"https:\/\/www.espace-dev.fr\/annuaire\/name\/olivier-barriere\/\">Page personnelle labo<\/a><\/p><\/div><ul class=\"ab-social-links\"><\/ul><\/div><\/div>\n\n\n\n<div style=\"background-color:#f2f2f2;color:#32373c\" class=\"wp-block-atomic-blocks-ab-profile-box square ab-font-size-14 ab-block-profile ab-profile-columns\"><div class=\"ab-profile-column ab-profile-content-wrap\"><h2 class=\"ab-profile-name\" style=\"color:#32373c\">Marie Blaise<\/h2><p class=\"ab-profile-title\" style=\"color:#32373c\">Ma\u00eetre de conf\u00e9rence<br \/>Litt\u00e9ratures compar\u00e9es<br \/>CRISES EA 4424<br \/>mail : &#109;&#x61;r&#x69;e&#x2e;b&#108;&#x61;&#105;&#x73;e&#x40;u&#x6e;i&#118;&#x2d;m&#x6f;n&#x74;p&#x33;&#x2e;&#102;&#x72;<\/p><div class=\"ab-profile-text\"><p><\/p><\/div><ul class=\"ab-social-links\"><\/ul><\/div><\/div>\n\n\n\n<div style=\"background-color:#f2f2f2;color:#32373c\" class=\"wp-block-atomic-blocks-ab-profile-box square ab-font-size-14 ab-block-profile ab-profile-columns\"><div class=\"ab-profile-column ab-profile-content-wrap\"><h2 class=\"ab-profile-name\" style=\"color:#32373c\">Fr\u00e9d\u00e9ric BLANC<\/h2><p class=\"ab-profile-title\" style=\"color:#32373c\">Chef de projets<br \/>g\u00e9ographie de l\u2019environnement<br \/>Conservatoire d&rsquo;Espaces Naturels<br \/>mail : &#x66;&#x72;&#101;&#100;er&#x69;&#x63;&#x2e;&#98;lan&#x63;&#x40;&#x63;&#101;n-&#x6f;&#x63;&#x63;&#105;&#116;an&#x69;&#x65;&#x2e;&#111;rg<\/p><div class=\"ab-profile-text\"><p><\/p><\/div><ul class=\"ab-social-links\"><\/ul><\/div><\/div>\n\n\n\n<div style=\"background-color:#f2f2f2;color:#32373c\" class=\"wp-block-atomic-blocks-ab-profile-box square ab-has-avatar ab-font-size-14 ab-block-profile ab-profile-columns\"><div class=\"ab-profile-column ab-profile-avatar-wrap\"><div class=\"ab-profile-image-wrap\"><figure class=\"ab-profile-image-square\"><img loading=\"lazy\" decoding=\"async\" width=\"353\" height=\"353\" class=\"ab-profile-avatar wp-image-269\" src=\"https:\/\/blogs.univ-tlse2.fr\/paacte-filiere-pastorale-occitanie\/files\/2023\/03\/Sylvain-BURRI-TRACES-UMR-5608.png\" alt=\"\" srcset=\"https:\/\/blogs.univ-tlse2.fr\/paacte-filiere-pastorale-occitanie\/files\/2023\/03\/Sylvain-BURRI-TRACES-UMR-5608.png 353w, https:\/\/blogs.univ-tlse2.fr\/paacte-filiere-pastorale-occitanie\/files\/2023\/03\/Sylvain-BURRI-TRACES-UMR-5608-300x300.png 300w, https:\/\/blogs.univ-tlse2.fr\/paacte-filiere-pastorale-occitanie\/files\/2023\/03\/Sylvain-BURRI-TRACES-UMR-5608-150x150.png 150w\" sizes=\"auto, (max-width: 353px) 100vw, 353px\" \/><\/figure><\/div><\/div><div class=\"ab-profile-column ab-profile-content-wrap\"><h2 class=\"ab-profile-name\" style=\"color:#32373c\">Sylvain Burri<\/h2><p class=\"ab-profile-title\" style=\"color:#32373c\">Ma\u00eetre de conf\u00e9rences HDR<br \/>TRACES UMR 5608<br \/>Arch\u00e9ologie, histoire, civilisation<br \/>mail : &#x73;&#x79;&#108;va&#x69;&#x6e;&#46;bu&#x72;&#x72;&#105;&#64;u&#x6e;&#x69;&#x76;-tl&#x73;&#x65;&#50;&#46;f&#x72;<\/p><div class=\"ab-profile-text\"><p><a href=\"https:\/\/traces.univ-tlse2.fr\/accueil\/equipes-et-ateliers\/terrae-archeologie-et-histoire-des-societes-medievales-meridionales\/m-sylvain-burri#\/\">Page personnelle labo<\/a><\/p><\/div><ul class=\"ab-social-links\"><\/ul><\/div><\/div>\n\n\n\n<div style=\"background-color:#f2f2f2;color:#32373c\" class=\"wp-block-atomic-blocks-ab-profile-box square ab-has-avatar ab-font-size-14 ab-block-profile ab-profile-columns\"><div class=\"ab-profile-column ab-profile-avatar-wrap\"><div class=\"ab-profile-image-wrap\"><figure class=\"ab-profile-image-square\"><img loading=\"lazy\" decoding=\"async\" width=\"200\" height=\"222\" class=\"ab-profile-avatar wp-image-275\" src=\"https:\/\/blogs.univ-tlse2.fr\/paacte-filiere-pastorale-occitanie\/files\/2023\/03\/Sandrine.jpg\" alt=\"\" \/><\/figure><\/div><\/div><div class=\"ab-profile-column ab-profile-content-wrap\"><h2 class=\"ab-profile-name\" style=\"color:#32373c\">Sandrine BUSCAINO<\/h2><p class=\"ab-profile-title\" style=\"color:#32373c\">Technicienne de laboratoire<br \/>GEODE UMR 5602<br \/>mail : <a href=\"m&#x61;i&#x6c;&#x74;o&#x3a;s&#97;&#x6e;d&#x72;i&#110;&#x65;&#46;&#x62;u&#115;&#x63;a&#x69;&#x6e;o&#x40;u&#110;&#x69;v&#x2d;t&#108;&#x73;e&#x32;&#46;&#102;&#x72;\">&#x73;a&#x6e;&#x64;r&#x69;&#x6e;e&#x2e;&#x62;u&#x73;&#x63;a&#x69;&#x6e;o&#x40;&#117;n&#x69;&#118;-&#x74;&#108;s&#x65;&#50;&#46;&#x66;&#114;<\/a><\/p><div class=\"ab-profile-text\"><p><a href=\"https:\/\/geode.univ-tlse2.fr\/accueil\/personnel\/sandrine-buscaino#\/\">Page personnelle labo<\/a><\/p><\/div><ul class=\"ab-social-links\"><\/ul><\/div><\/div>\n\n\n\n<div style=\"background-color:#f2f2f2;color:#32373c\" class=\"wp-block-atomic-blocks-ab-profile-box square ab-font-size-14 ab-block-profile ab-profile-columns\"><div class=\"ab-profile-column ab-profile-content-wrap\"><h2 class=\"ab-profile-name\" style=\"color:#32373c\">No\u00e9mie Cabannes<\/h2><p class=\"ab-profile-title\" style=\"color:#32373c\">Animatrice Pacte Pastoral Intercommunal<br \/>Communaut\u00e9 de Communes\u00a0Causses\u00a0Aigoual\u00a0C\u00e9vennes\u00a0\u2013 \u00ab\u00a0Terres Solidaires\u00a0\u00bb<br \/><br \/>mail :  <a rel=\"noreferrer noopener\" href=\"m&#x61;&#x69;l&#x74;&#x6f;:&#x70;&#x61;c&#116;&#x65;p&#97;&#x73;t&#111;&#x72;a&#108;&#x40;ca&#x63;&#x2d;t&#x73;&#x2e;f&#x72;\" target=\"_blank\">&#x70;a&#x63;&#116;e&#x70;a&#x73;&#x74;o&#x72;&#97;l&#x40;c&#x61;&#99;-&#x74;&#115;&#46;&#x66;r<\/a><\/p><div class=\"ab-profile-text\"><p><a href=\"https:\/\/valdaigoual.fr\/le-pacte-pastoral-intercommunal\/\" target=\"_blank\" rel=\"noreferrer noopener\">Site web<\/a><\/p><\/div><ul class=\"ab-social-links\"><\/ul><\/div><\/div>\n\n\n\n<div style=\"background-color:#f2f2f2;color:#32373c\" class=\"wp-block-atomic-blocks-ab-profile-box square ab-font-size-14 ab-block-profile ab-profile-columns\"><div class=\"ab-profile-column ab-profile-content-wrap\"><h2 class=\"ab-profile-name\" style=\"color:#32373c\">Gilles Casonato<\/h2><p class=\"ab-profile-title\" style=\"color:#32373c\">Assistant Ing\u00e9nieur en communication<br \/>Site web \/ vid\u00e9o<br \/>GEODE UMR 5602<br \/>mail : gille&#115;&#46;&#x63;&#x61;&#x73;&#x6f;&#x6e;&#x61;&#x74;o&#64;uni&#118;&#45;&#116;&#x6c;&#x73;&#x65;&#x32;&#x2e;&#x66;r<\/p><div class=\"ab-profile-text\"><p><\/p><\/div><ul class=\"ab-social-links\"><\/ul><\/div><\/div>\n\n\n\n<div style=\"background-color:#f2f2f2;color:#32373c\" class=\"wp-block-atomic-blocks-ab-profile-box square ab-has-avatar ab-font-size-14 ab-block-profile ab-profile-columns\"><div class=\"ab-profile-column ab-profile-avatar-wrap\"><div class=\"ab-profile-image-wrap\"><figure class=\"ab-profile-image-square\"><img loading=\"lazy\" decoding=\"async\" width=\"353\" height=\"303\" class=\"ab-profile-avatar wp-image-395\" src=\"https:\/\/blogs.univ-tlse2.fr\/paacte-filiere-pastorale-occitanie\/files\/2023\/04\/Screenshot-2023-04-28-at-10-50-33-Carine-CALASTRENC-FRAMESPA.png\" alt=\"\" srcset=\"https:\/\/blogs.univ-tlse2.fr\/paacte-filiere-pastorale-occitanie\/files\/2023\/04\/Screenshot-2023-04-28-at-10-50-33-Carine-CALASTRENC-FRAMESPA.png 353w, https:\/\/blogs.univ-tlse2.fr\/paacte-filiere-pastorale-occitanie\/files\/2023\/04\/Screenshot-2023-04-28-at-10-50-33-Carine-CALASTRENC-FRAMESPA-300x258.png 300w\" sizes=\"auto, (max-width: 353px) 100vw, 353px\" \/><\/figure><\/div><\/div><div class=\"ab-profile-column ab-profile-content-wrap\"><h2 class=\"ab-profile-name\" style=\"color:#32373c\">Carine Calastrenc<\/h2><p class=\"ab-profile-title\" style=\"color:#32373c\">Ing\u00e9nieure de recherche<br \/>FRAMESPA &#8211; TRACES<br \/>Arch\u00e9ologie agro-pastorale et de l&rsquo;insertion des nouvelles technologies<br \/>mail :  <a href=\"melA('carine.calastrenc','','','cnrs.fr');\" target=\"_blank\" rel=\"noreferrer noopener\">&#99;a&#114;i&#110;e&#x2e;c&#x61;l&#x61;s&#x74;r&#x65;n&#x63;&#64;&#x63;n&#x72;s&#x2e;f&#x72;<\/a><\/p><div class=\"ab-profile-text\"><p><a href=\"https:\/\/framespa.univ-tlse2.fr\/accueil\/annuaire\/annuaire-des-chercheurs\/mlle-carine-calastrenc#\/\" target=\"_blank\" rel=\"noreferrer noopener\">Page personnelle labo<\/a><\/p><\/div><ul class=\"ab-social-links\"><\/ul><\/div><\/div>\n\n\n\n<div style=\"background-color:#f2f2f2;color:#32373c\" class=\"wp-block-atomic-blocks-ab-profile-box square ab-has-avatar ab-font-size-14 ab-block-profile ab-profile-columns\"><div class=\"ab-profile-column ab-profile-avatar-wrap\"><div class=\"ab-profile-image-wrap\"><figure class=\"ab-profile-image-square\"><img loading=\"lazy\" decoding=\"async\" width=\"200\" height=\"200\" class=\"ab-profile-avatar wp-image-270\" src=\"https:\/\/blogs.univ-tlse2.fr\/paacte-filiere-pastorale-occitanie\/files\/2023\/03\/conesa.marc_.jpg\" alt=\"\" srcset=\"https:\/\/blogs.univ-tlse2.fr\/paacte-filiere-pastorale-occitanie\/files\/2023\/03\/conesa.marc_.jpg 200w, https:\/\/blogs.univ-tlse2.fr\/paacte-filiere-pastorale-occitanie\/files\/2023\/03\/conesa.marc_-150x150.jpg 150w\" sizes=\"auto, (max-width: 200px) 100vw, 200px\" \/><\/figure><\/div><\/div><div class=\"ab-profile-column ab-profile-content-wrap\"><h2 class=\"ab-profile-name\" style=\"color:#32373c\">Marc Conesa<\/h2><p class=\"ab-profile-title\" style=\"color:#32373c\">Ma\u00eetre de conf\u00e9rences \/ Enseignant chercheur<br \/>Facult\u00e9 Sciences Humaines &amp; Sciences de l&rsquo;Environnement<br \/>Universit\u00e9 Paul-Val\u00e9ry Montpellier 3<br \/>mail : m&#x61;r&#x63;&#x2e;c&#x6f;n&#101;&#x73;a&#x40;u&#110;&#x69;v&#x2d;m&#111;&#x6e;t&#x70;&#x33;&#46;&#x66;r<\/p><div class=\"ab-profile-text\"><p><a href=\"https:\/\/crises.www.univ-montp3.fr\/fr\/annuaire_recherche\/marc-conesa\">Page personnelle labo<\/a><\/p><\/div><ul class=\"ab-social-links\"><\/ul><\/div><\/div>\n\n\n\n<div style=\"background-color:#f2f2f2;color:#32373c\" class=\"wp-block-atomic-blocks-ab-profile-box square ab-has-avatar ab-font-size-14 ab-block-profile ab-profile-columns\"><div class=\"ab-profile-column ab-profile-avatar-wrap\"><div class=\"ab-profile-image-wrap\"><figure class=\"ab-profile-image-square\"><img loading=\"lazy\" decoding=\"async\" width=\"214\" height=\"300\" class=\"ab-profile-avatar wp-image-290\" src=\"https:\/\/blogs.univ-tlse2.fr\/paacte-filiere-pastorale-occitanie\/files\/2023\/03\/DORE-Antoine_inra_image.png\" alt=\"\" \/><\/figure><\/div><\/div><div class=\"ab-profile-column ab-profile-content-wrap\"><h2 class=\"ab-profile-name\" style=\"color:#32373c\">Antoine Dore<\/h2><p class=\"ab-profile-title\" style=\"color:#32373c\">Charg\u00e9 de recherche en Sociologie<br \/>INRAE<br \/>Etude des sciences et des techniques<br \/>mail : <a href=\"&#x6d;&#97;i&#x6c;&#x74;o:&#x61;&#x6e;to&#x69;&#110;e&#x2e;&#x64;&#111;r&#x65;&#x40;in&#x72;&#97;e&#x2e;&#x66;&#114;\">antoin&#101;&#46;&#100;&#x6f;&#x72;&#x65;&#x40;&#x69;&#x6e;&#x72;ae&#46;fr<\/a><\/p><div class=\"ab-profile-text\"><p><a href=\"https:\/\/www6.toulouse.inrae.fr\/agir\/Equipes\/ODYCEE\/Membres-ODYCEE\/DORE-Antoine\">Page personnelle labo<\/a><\/p><\/div><ul class=\"ab-social-links\"><\/ul><\/div><\/div>\n\n\n\n<div style=\"background-color:#f2f2f2;color:#32373c\" class=\"wp-block-atomic-blocks-ab-profile-box square ab-has-avatar ab-font-size-14 ab-block-profile ab-profile-columns\"><div class=\"ab-profile-column ab-profile-avatar-wrap\"><div class=\"ab-profile-image-wrap\"><figure class=\"ab-profile-image-square\"><img loading=\"lazy\" decoding=\"async\" width=\"150\" height=\"150\" class=\"ab-profile-avatar wp-image-271\" src=\"https:\/\/blogs.univ-tlse2.fr\/paacte-filiere-pastorale-occitanie\/files\/2023\/03\/c.eychenne-150x150-1.png\" alt=\"\" \/><\/figure><\/div><\/div><div class=\"ab-profile-column ab-profile-content-wrap\"><h2 class=\"ab-profile-name\" style=\"color:#32373c\">Corinne EYCHENNE<\/h2><p class=\"ab-profile-title\" style=\"color:#32373c\">Ma\u00eetre de conf\u00e9rences<br \/>LISST UMR 5193<br \/>G\u00e9ographie humaine, environnement<br \/>mail : corinne&#46;eychenne&#64;univ-tlse2&#46;fr<\/p><div class=\"ab-profile-text\"><p><a href=\"https:\/\/lisst.univ-tlse2.fr\/accueil\/hn-equipes-de-recherche\/dynamiques-rurales\/corinne-eychenne#\/\">Page personnelle labo<\/a><\/p><\/div><ul class=\"ab-social-links\"><\/ul><\/div><\/div>\n\n\n\n<div style=\"background-color:#f2f2f2;color:#32373c\" class=\"wp-block-atomic-blocks-ab-profile-box round ab-has-avatar ab-font-size-14 ab-block-profile ab-profile-columns\"><div class=\"ab-profile-column ab-profile-avatar-wrap\"><div class=\"ab-profile-image-wrap\"><figure class=\"ab-profile-image-square\"><img loading=\"lazy\" decoding=\"async\" width=\"303\" height=\"397\" class=\"ab-profile-avatar wp-image-77\" src=\"https:\/\/blogs.univ-tlse2.fr\/paacte-filiere-pastorale-occitanie\/files\/2023\/03\/guillerme.jpg\" alt=\"\" srcset=\"https:\/\/blogs.univ-tlse2.fr\/paacte-filiere-pastorale-occitanie\/files\/2023\/03\/guillerme.jpg 303w, https:\/\/blogs.univ-tlse2.fr\/paacte-filiere-pastorale-occitanie\/files\/2023\/03\/guillerme-229x300.jpg 229w\" sizes=\"auto, (max-width: 303px) 100vw, 303px\" \/><\/figure><\/div><\/div><div class=\"ab-profile-column ab-profile-content-wrap\"><h2 class=\"ab-profile-name\" style=\"color:#32373c\">Sylvie Guillerme<\/h2><p class=\"ab-profile-title\" style=\"color:#32373c\">Charg\u00e9e de recherche CNRS<br \/>GEODE UMR 5602<br \/>G\u00e9ographe<br \/>mail : s&#121;&#x6c;&#x76;&#x69;e&#46;&#x67;&#x75;&#x69;l&#108;&#x65;&#x72;&#x6d;e&#64;&#x75;&#x6e;&#x69;v&#45;&#x74;&#x6c;&#x73;e&#50;&#x2e;&#x66;&#x72;<\/p><div class=\"ab-profile-text\"><p><a href=\"https:\/\/geode.univ-tlse2.fr\/accueil\/personnel\/sylvie-guillerme#\/\">Page personnelle labo<\/a><\/p><\/div><ul class=\"ab-social-links\"><\/ul><\/div><\/div>\n\n\n\n<div style=\"background-color:#f2f2f2;color:#32373c\" class=\"wp-block-atomic-blocks-ab-profile-box square ab-has-avatar ab-font-size-14 ab-block-profile ab-profile-columns\"><div class=\"ab-profile-column ab-profile-avatar-wrap\"><div class=\"ab-profile-image-wrap\"><figure class=\"ab-profile-image-square\"><img decoding=\"async\" class=\"ab-profile-avatar wp-image-293\" src=\"https:\/\/blogs.univ-tlse2.fr\/paacte-filiere-pastorale-occitanie\/files\/2023\/03\/Solene-HAVARD.png\" alt=\"\" \/><\/figure><\/div><\/div><div class=\"ab-profile-column ab-profile-content-wrap\"><h2 class=\"ab-profile-name\" style=\"color:#32373c\">Sol\u00e8ne Havard<\/h2><p class=\"ab-profile-title\" style=\"color:#32373c\">Doctorante<br \/>GEODE UMR 5602<br \/>Anthropologie de la nature et des savoirs<br \/>mail : <a href=\"&#109;&#x61;&#105;&#x6c;&#116;&#x6f;:&#x73;o&#x6c;e&#x6e;e&#x2e;h&#x61;v&#x61;r&#x64;&#64;&#x75;n&#105;&#x76;&#45;&#x74;&#108;&#x73;&#101;&#x32;&#46;&#x66;r\">s&#111;&#x6c;&#x65;n&#101;&#x2e;&#x68;a&#118;&#x61;&#x72;d&#64;&#x75;&#x6e;iv&#x2d;&#x74;ls&#101;&#x32;&#x2e;f&#114;<\/a><\/p><div class=\"ab-profile-text\"><p><a href=\"https:\/\/geode.univ-tlse2.fr\/accueil\/personnel\/solene-havard#\/\">Page personnelle labo<\/a><\/p><\/div><ul class=\"ab-social-links\"><\/ul><\/div><\/div>\n\n\n\n<div style=\"background-color:#f2f2f2;color:#32373c\" class=\"wp-block-atomic-blocks-ab-profile-box square ab-has-avatar ab-font-size-14 ab-block-profile ab-profile-columns\"><div class=\"ab-profile-column ab-profile-avatar-wrap\"><div class=\"ab-profile-image-wrap\"><figure class=\"ab-profile-image-square\"><img loading=\"lazy\" decoding=\"async\" width=\"190\" height=\"256\" class=\"ab-profile-avatar wp-image-394\" src=\"https:\/\/blogs.univ-tlse2.fr\/paacte-filiere-pastorale-occitanie\/files\/2023\/04\/Screenshot-2023-04-28-at-10-29-04-Christine-HERVE-Geode-Geographie-de-lenvironnement.png\" alt=\"\" \/><\/figure><\/div><\/div><div class=\"ab-profile-column ab-profile-content-wrap\"><h2 class=\"ab-profile-name\" style=\"color:#32373c\">Christine Herv\u00e9<\/h2><p class=\"ab-profile-title\" style=\"color:#32373c\">Charg\u00e9 de recherche<br \/>GEODE UMR 5602<br \/>\u00c9conomie de l\u2019innovation<br \/>mail :  <a href=\"melA('christine.herve','','','univ-tlse2.fr');\">&#x63;&#x68;&#x72;&#x69;&#x73;&#x74;&#105;&#110;e&#46;herv&#x65;&#x40;&#x75;&#x6e;&#x69;&#x76;&#45;&#116;lse2&#46;f&#x72;<\/a><\/p><div class=\"ab-profile-text\"><p><a href=\"https:\/\/geode.univ-tlse2.fr\/accueil\/personnel\/mme-christine-herve#\/\" target=\"_blank\" rel=\"noreferrer noopener\">Page personnelle labo<\/a><\/p><\/div><ul class=\"ab-social-links\"><\/ul><\/div><\/div>\n\n\n\n<div style=\"background-color:#f2f2f2;color:#32373c\" class=\"wp-block-atomic-blocks-ab-profile-box square ab-has-avatar ab-font-size-14 ab-block-profile ab-profile-columns\"><div class=\"ab-profile-column ab-profile-avatar-wrap\"><div class=\"ab-profile-image-wrap\"><figure class=\"ab-profile-image-square\"><img loading=\"lazy\" decoding=\"async\" width=\"231\" height=\"300\" class=\"ab-profile-avatar wp-image-273\" src=\"https:\/\/blogs.univ-tlse2.fr\/paacte-filiere-pastorale-occitanie\/files\/2023\/03\/jacob-steffan.jpg\" alt=\"\" \/><\/figure><\/div><\/div><div class=\"ab-profile-column ab-profile-content-wrap\"><h2 class=\"ab-profile-name\" style=\"color:#32373c\">Staffan Jacob<\/h2><p class=\"ab-profile-title\" style=\"color:#32373c\">Charg\u00e9 de recherche<br \/>SETE UMR 5321<br \/>Chercheur<br \/>mail : ja&#99;&#x6f;&#x62;&#x73;&#x74;af&#102;&#97;&#x6e;&#x40;&#x67;mai&#108;&#x2e;&#x63;&#x6f;m<\/p><div class=\"ab-profile-text\"><p><a href=\"https:\/\/jacobstaffan.wordpress.com\/\" target=\"_blank\" rel=\"noreferrer noopener\">Site web<\/a><\/p><\/div><ul class=\"ab-social-links\"><\/ul><\/div><\/div>\n\n\n\n<div style=\"background-color:#f2f2f2;color:#32373c\" class=\"wp-block-atomic-blocks-ab-profile-box square ab-has-avatar ab-font-size-14 ab-block-profile ab-profile-columns\"><div class=\"ab-profile-column ab-profile-avatar-wrap\"><div class=\"ab-profile-image-wrap\"><figure class=\"ab-profile-image-square\"><img loading=\"lazy\" decoding=\"async\" width=\"150\" height=\"171\" class=\"ab-profile-avatar wp-image-277\" src=\"https:\/\/blogs.univ-tlse2.fr\/paacte-filiere-pastorale-occitanie\/files\/2023\/03\/lerigoleur.jpg\" alt=\"\" \/><\/figure><\/div><\/div><div class=\"ab-profile-column ab-profile-content-wrap\"><h2 class=\"ab-profile-name\" style=\"color:#32373c\">Emilie Lerigoleur<\/h2><p class=\"ab-profile-title\" style=\"color:#32373c\">Ing\u00e9nieur d&rsquo;\u00e9tudes<br \/>Base de donn\u00e9es \/ webmapping<br \/>GEODE UMR 5602<br \/>mail : emilie&#46;&#108;&#101;&#x72;&#x69;&#x67;&#x6f;&#x6c;&#x65;&#x75;r&#64;univ-&#116;&#108;&#x73;&#x65;&#x32;&#x2e;&#x66;&#x72;<\/p><div class=\"ab-profile-text\"><p><a href=\"https:\/\/geode.univ-tlse2.fr\/accueil\/personnel\/emilie-lerigoleur#\/\">Page personnelle labo<\/a><\/p><\/div><ul class=\"ab-social-links\"><\/ul><\/div><\/div>\n\n\n\n<div style=\"background-color:#f2f2f2;color:#32373c\" class=\"wp-block-atomic-blocks-ab-profile-box square ab-has-avatar ab-font-size-14 ab-block-profile ab-profile-columns\"><div class=\"ab-profile-column ab-profile-avatar-wrap\"><div class=\"ab-profile-image-wrap\"><figure class=\"ab-profile-image-square\"><img loading=\"lazy\" decoding=\"async\" width=\"150\" height=\"150\" class=\"ab-profile-avatar wp-image-393\" src=\"https:&#x2f;&#47;b&#x6c;&#x6f;gs&#x2e;&#117;n&#x69;&#x76;-t&#x6c;&#115;e&#x32;&#x2e;&#102;r&#x2f;&#x70;a&#x61;&#x63;&#116;e&#x2d;&#x66;il&#x69;&#101;r&#x65;&#x2d;pa&#x73;&#116;o&#x72;&#x61;&#108;e&#x2d;&#x6f;c&#x63;&#x69;&#116;a&#x6e;&#x69;e\/&#x66;&#105;l&#x65;&#x73;\/2&#x30;&#50;3&#x2f;&#x30;&#52;\/&#x72;&#x61;c&#x68;&#x65;&#108;&#46;&#x6c;&#x65;vy&#x40;&#101;n&#x73;&#x66;ea&#x2e;&#102;r_.jpg\" alt=\"\" \/><\/figure><\/div><\/div><div class=\"ab-profile-column ab-profile-content-wrap\"><h2 class=\"ab-profile-name\" style=\"color:#32373c\">Rachel Levy<\/h2><p class=\"ab-profile-title\" style=\"color:#32373c\">Ma\u00eetresse de conf\u00e9rences (HDR) en sciences \u00e9conomiques<br \/>LEREPS<br \/>\u00c9conomie de l\u2019innovation<br \/>mail : <a href=\"&#x6d;&#x61;&#x69;&#108;&#116;o:r&#x61;&#x63;&#x68;&#x65;&#108;&#46;le&#x76;&#x79;&#x40;&#x65;&#110;sfe&#x61;&#x2e;&#x66;&#x72;\">&#x72;&#x61;&#99;h&#x65;&#x6c;&#x2e;&#108;e&#x76;&#x79;&#x40;&#101;n&#x73;&#x66;&#x65;&#97;&#46;&#x66;&#x72;<\/a><\/p><div class=\"ab-profile-text\"><p><a href=\"https:\/\/www.ensfea.fr\/recherche\/unites-recherche\/umr-lereps\/rachel-levy\/\" data-type=\"URL\" data-id=\"https:\/\/www.ensfea.fr\/recherche\/unites-recherche\/umr-lereps\/rachel-levy\/\" target=\"_blank\" rel=\"noreferrer noopener\">Page personnelle labo<\/a><\/p><\/div><ul class=\"ab-social-links\"><\/ul><\/div><\/div>\n\n\n\n<div style=\"background-color:#f2f2f2;color:#32373c\" class=\"wp-block-atomic-blocks-ab-profile-box round ab-has-avatar ab-font-size-14 ab-block-profile ab-profile-columns\"><div class=\"ab-profile-column ab-profile-avatar-wrap\"><div class=\"ab-profile-image-wrap\"><figure class=\"ab-profile-image-square\"><img loading=\"lazy\" decoding=\"async\" width=\"260\" height=\"232\" class=\"ab-profile-avatar wp-image-75\" src=\"https:\/\/blogs.univ-tlse2.fr\/paacte-filiere-pastorale-occitanie\/files\/2023\/03\/mazier.jpg\" alt=\"\" \/><\/figure><\/div><\/div><div class=\"ab-profile-column ab-profile-content-wrap\"><h2 class=\"ab-profile-name\" style=\"color:#32373c\">Florence Mazier<\/h2><p class=\"ab-profile-title\" style=\"color:#32373c\">Charg\u00e9e de Recherche CNRS CR2<br \/>GEODE UMR 5602<br \/>Botanique et palynologie<br \/>mail : &#x66;&#x6c;or&#x65;&#x6e;&#99;e&#46;&#x6d;&#x61;zi&#x65;&#x72;&#64;un&#x69;&#x76;-t&#x6c;&#x73;&#101;2&#46;&#x66;&#x72;<\/p><div class=\"ab-profile-text\"><p><a href=\"https:\/\/geode.univ-tlse2.fr\/accueil\/personnel\/florence-mazier#\/\">Page personnelle labo<\/a><\/p><\/div><ul class=\"ab-social-links\"><\/ul><\/div><\/div>\n\n\n\n<div style=\"background-color:#f2f2f2;color:#32373c\" class=\"wp-block-atomic-blocks-ab-profile-box square ab-has-avatar ab-font-size-14 ab-block-profile ab-profile-columns\"><div class=\"ab-profile-column ab-profile-avatar-wrap\"><div class=\"ab-profile-image-wrap\"><figure class=\"ab-profile-image-square\"><img loading=\"lazy\" decoding=\"async\" width=\"589\" height=\"700\" class=\"ab-profile-avatar wp-image-289\" src=\"https:\/\/blogs.univ-tlse2.fr\/paacte-filiere-pastorale-occitanie\/files\/2023\/03\/Gabrielle-Martin-_Logo-B-1.jpg\" alt=\"\" srcset=\"https:\/\/blogs.univ-tlse2.fr\/paacte-filiere-pastorale-occitanie\/files\/2023\/03\/Gabrielle-Martin-_Logo-B-1.jpg 589w, https:\/\/blogs.univ-tlse2.fr\/paacte-filiere-pastorale-occitanie\/files\/2023\/03\/Gabrielle-Martin-_Logo-B-1-252x300.jpg 252w\" sizes=\"auto, (max-width: 589px) 100vw, 589px\" \/><\/figure><\/div><\/div><div class=\"ab-profile-column ab-profile-content-wrap\"><h2 class=\"ab-profile-name\" style=\"color:#32373c\">Gabrielle Martin<\/h2><p class=\"ab-profile-title\" style=\"color:#32373c\">Ma\u00eetre de conf\u00e9rence UT3<br \/>EDB UMR 5174<br \/>Botanique et biologie v\u00e9g\u00e9tale<br \/>mail : &#103;&#x61;&#98;&#x72;i&#x65;l&#x6c;e&#x2e;m&#x61;r&#x74;i&#110;&#x40;&#117;&#x6e;&#105;&#x76;-&#x74;l&#x73;e&#x33;&#46;&#x66;r<\/p><div class=\"ab-profile-text\"><p><a href=\"https:\/\/edb.cnrs.fr\/annuaire\/martin-gabrielle\/\">Page personnelle labo<\/a><\/p><\/div><ul class=\"ab-social-links\"><\/ul><\/div><\/div>\n\n\n\n<div style=\"background-color:#f2f2f2;color:#32373c\" class=\"wp-block-atomic-blocks-ab-profile-box round ab-has-avatar ab-font-size-14 ab-block-profile ab-profile-columns\"><div class=\"ab-profile-column ab-profile-avatar-wrap\"><div class=\"ab-profile-image-wrap\"><figure class=\"ab-profile-image-square\"><img loading=\"lazy\" decoding=\"async\" width=\"160\" height=\"169\" class=\"ab-profile-avatar wp-image-267\" src=\"https:\/\/blogs.univ-tlse2.fr\/paacte-filiere-pastorale-occitanie\/files\/2023\/03\/metailie.jpg\" alt=\"\" \/><\/figure><\/div><\/div><div class=\"ab-profile-column ab-profile-content-wrap\"><h2 class=\"ab-profile-name\" style=\"color:#32373c\">Jean-Paul M\u00e9tailie<\/h2><p class=\"ab-profile-title\" style=\"color:#32373c\">Directeur de Recherche CNRS (DR1) Em\u00e9rite<br \/>GEODE UMR 5602<br \/>Sp\u00e9cialiste des feux dirig\u00e9s<br \/>mail : &#x6a;&#101;a&#x6e;&#x2d;pa&#x75;&#x6c;&#46;m&#x65;&#116;a&#x69;&#x6c;&#105;e&#x40;&#x75;ni&#x76;&#45;t&#x6c;&#x73;&#101;2&#x2e;&#x66;r<\/p><div class=\"ab-profile-text\"><p><a href=\"https:\/\/geode.univ-tlse2.fr\/accueil\/personnel\/jean-paul-metailie#\/\">Page personnelle labo<\/a><\/p><\/div><ul class=\"ab-social-links\"><\/ul><\/div><\/div>\n\n\n\n<div style=\"background-color:#f2f2f2;color:#32373c\" class=\"wp-block-atomic-blocks-ab-profile-box square ab-has-avatar ab-font-size-14 ab-block-profile ab-profile-columns\"><div class=\"ab-profile-column ab-profile-avatar-wrap\"><div class=\"ab-profile-image-wrap\"><figure class=\"ab-profile-image-square\"><img loading=\"lazy\" decoding=\"async\" width=\"1067\" height=\"1600\" class=\"ab-profile-avatar wp-image-292\" src=\"https:\/\/blogs.univ-tlse2.fr\/paacte-filiere-pastorale-occitanie\/files\/2023\/03\/catherine-milou.jpg\" alt=\"\" srcset=\"https:\/\/blogs.univ-tlse2.fr\/paacte-filiere-pastorale-occitanie\/files\/2023\/03\/catherine-milou.jpg 1067w, https:\/\/blogs.univ-tlse2.fr\/paacte-filiere-pastorale-occitanie\/files\/2023\/03\/catherine-milou-200x300.jpg 200w, https:\/\/blogs.univ-tlse2.fr\/paacte-filiere-pastorale-occitanie\/files\/2023\/03\/catherine-milou-683x1024.jpg 683w, https:\/\/blogs.univ-tlse2.fr\/paacte-filiere-pastorale-occitanie\/files\/2023\/03\/catherine-milou-768x1152.jpg 768w, https:\/\/blogs.univ-tlse2.fr\/paacte-filiere-pastorale-occitanie\/files\/2023\/03\/catherine-milou-1024x1536.jpg 1024w, https:\/\/blogs.univ-tlse2.fr\/paacte-filiere-pastorale-occitanie\/files\/2023\/03\/catherine-milou-676x1014.jpg 676w\" sizes=\"auto, (max-width: 1067px) 100vw, 1067px\" \/><\/figure><\/div><\/div><div class=\"ab-profile-column ab-profile-content-wrap\"><h2 class=\"ab-profile-name\" style=\"color:#32373c\">Catherine Milou<\/h2><p class=\"ab-profile-title\" style=\"color:#32373c\">Charg\u00e9e de recherche<br \/>Lereps-Ensfea-G\u00e9ode<br \/>Sciences \u00e9conomiques<br \/>mail :  <a href=\"melA('christine.herve','','','univ-tlse2.fr');\"><\/a><a href=\"&#109;&#x61;i&#x6c;t&#x6f;:&#x63;a&#116;&#x68;&#101;&#x72;i&#x6e;e&#x2e;m&#105;&#x6c;&#111;&#x75;&#64;&#x75;n&#x69;v&#x2d;t&#108;&#x73;&#101;&#x32;&#46;&#x66;r\">c&#x61;t&#104;&#x65;r&#x69;n&#101;&#x2e;m&#x69;&#x6c;o&#x75;&#64;&#117;&#x6e;i&#x76;&#x2d;t&#x6c;s&#101;&#x32;&#46;&#x66;r<\/a><\/p><div class=\"ab-profile-text\"><p><a href=\"https:\/\/fr.linkedin.com\/in\/catherine-milou-25164589\" data-type=\"URL\" data-id=\"https:\/\/fr.linkedin.com\/in\/catherine-milou-25164589\" target=\"_blank\" rel=\"noreferrer noopener\">Page personnelle<\/a><\/p><\/div><ul class=\"ab-social-links\"><\/ul><\/div><\/div>\n\n\n\n<div style=\"background-color:#f2f2f2;color:#32373c\" class=\"wp-block-atomic-blocks-ab-profile-box square ab-font-size-14 ab-block-profile ab-profile-columns\"><div class=\"ab-profile-column ab-profile-content-wrap\"><h2 class=\"ab-profile-name\" style=\"color:#32373c\">sylvain morvan<\/h2><p class=\"ab-profile-title\" style=\"color:#32373c\">Ing\u00e9nieur d&rsquo;\u00e9tudes<br \/>Instrumentation et mesures physiques<br \/>GEODE UMR 5602<br \/>mail : &#x73;&#x79;&#108;v&#x61;&#x69;&#x6e;&#46;m&#x6f;&#x72;&#x76;&#97;n&#x40;&#x75;&#x6e;&#105;v&#x2d;&#x74;&#x6c;&#115;e&#x32;&#x2e;&#x66;&#114;<\/p><div class=\"ab-profile-text\"><p><\/p><\/div><ul class=\"ab-social-links\"><\/ul><\/div><\/div>\n\n\n\n<div style=\"background-color:#f2f2f2;color:#32373c\" class=\"wp-block-atomic-blocks-ab-profile-box square ab-has-avatar ab-font-size-14 ab-block-profile ab-profile-columns\"><div class=\"ab-profile-column ab-profile-avatar-wrap\"><div class=\"ab-profile-image-wrap\"><figure class=\"ab-profile-image-square\"><img loading=\"lazy\" decoding=\"async\" width=\"467\" height=\"700\" class=\"ab-profile-avatar wp-image-274\" src=\"https:\/\/blogs.univ-tlse2.fr\/paacte-filiere-pastorale-occitanie\/files\/2023\/03\/Jerome_Murienne.jpg\" alt=\"\" srcset=\"https:\/\/blogs.univ-tlse2.fr\/paacte-filiere-pastorale-occitanie\/files\/2023\/03\/Jerome_Murienne.jpg 467w, https:\/\/blogs.univ-tlse2.fr\/paacte-filiere-pastorale-occitanie\/files\/2023\/03\/Jerome_Murienne-200x300.jpg 200w\" sizes=\"auto, (max-width: 467px) 100vw, 467px\" \/><\/figure><\/div><\/div><div class=\"ab-profile-column ab-profile-content-wrap\"><h2 class=\"ab-profile-name\" style=\"color:#32373c\">J\u00e9r\u00f4me Murienne<\/h2><p class=\"ab-profile-title\" style=\"color:#32373c\">Charg\u00e9 de recherche<br \/>EDB UMR 5174<br \/>Chercheur en biodiversit\u00e9<br \/>mail : <a href=\"m&#x61;i&#108;&#x74;o&#x3a;j&#101;&#x72;o&#x6d;&#x65;&#46;&#x6d;u&#114;&#x69;e&#x6e;&#x6e;e&#x40;u&#110;&#x69;v&#x2d;t&#108;&#x73;e&#51;&#x2e;f&#x72;\">&#x6a;&#x65;&#x72;&#x6f;&#x6d;&#x65;&#x2e;&#x6d;&#117;&#114;&#105;&#101;nne&#64;uni&#x76;&#x2d;&#x74;&#x6c;&#x73;&#x65;&#x33;&#x2e;&#x66;&#114;<\/a><\/p><div class=\"ab-profile-text\"><p><a href=\"https:\/\/edb.cnrs.fr\/annuaire\/jerome-murienne\/\" target=\"_blank\" rel=\"noreferrer noopener\">Page personnelle labo<\/a><\/p><\/div><ul class=\"ab-social-links\"><\/ul><\/div><\/div>\n\n\n\n<div style=\"background-color:#f2f2f2;color:#32373c\" class=\"wp-block-atomic-blocks-ab-profile-box square ab-has-avatar ab-font-size-14 ab-block-profile ab-profile-columns\"><div class=\"ab-profile-column ab-profile-avatar-wrap\"><div class=\"ab-profile-image-wrap\"><figure class=\"ab-profile-image-square\"><img loading=\"lazy\" decoding=\"async\" width=\"128\" height=\"149\" class=\"ab-profile-avatar wp-image-281\" src=\"https:\/\/blogs.univ-tlse2.fr\/paacte-filiere-pastorale-occitanie\/files\/2023\/03\/Christine-RENDU-FRAMESPA.png\" alt=\"\" \/><\/figure><\/div><\/div><div class=\"ab-profile-column ab-profile-content-wrap\"><h2 class=\"ab-profile-name\" style=\"color:#32373c\">Christine Rendu<\/h2><p class=\"ab-profile-title\" style=\"color:#32373c\">Professeur d\u2019histoire \u00e9conomique &#8211; UT2J<br \/>FRAMESPA 5136<br \/>mail : <a href=\"&#x6d;a&#x69;l&#x74;&#111;:&#x63;h&#x72;&#105;s&#x74;i&#x6e;&#101;&#46;&#x72;e&#x6e;d&#x75;&#x40;u&#x6e;i&#x76;&#45;t&#x6c;s&#x65;&#50;&#46;&#x66;r\">&#x63;hr&#x69;st&#x69;ne&#x2e;re&#x6e;du&#x40;un&#x69;&#118;-&#x74;&#108;s&#x65;&#50;&#46;&#x66;&#114;<\/a><\/p><div class=\"ab-profile-text\"><p><a href=\"https:\/\/framespa.univ-tlse2.fr\/accueil\/annuaire\/annuaire-des-chercheurs\/christine-rendu#\/\" target=\"_blank\" rel=\"noreferrer noopener\">Page personnelle labo<\/a><\/p><\/div><ul class=\"ab-social-links\"><\/ul><\/div><\/div>\n\n\n\n<div style=\"background-color:#f2f2f2;color:#32373c\" class=\"wp-block-atomic-blocks-ab-profile-box square ab-has-avatar ab-font-size-14 ab-block-profile ab-profile-columns\"><div class=\"ab-profile-column ab-profile-avatar-wrap\"><div class=\"ab-profile-image-wrap\"><figure class=\"ab-profile-image-square\"><img loading=\"lazy\" decoding=\"async\" width=\"1111\" height=\"707\" class=\"ab-profile-avatar wp-image-291\" src=\"https:\/\/blogs.univ-tlse2.fr\/paacte-filiere-pastorale-occitanie\/files\/2023\/03\/Pascal-scheromm.png\" alt=\"\" srcset=\"https:\/\/blogs.univ-tlse2.fr\/paacte-filiere-pastorale-occitanie\/files\/2023\/03\/Pascal-scheromm.png 1111w, https:\/\/blogs.univ-tlse2.fr\/paacte-filiere-pastorale-occitanie\/files\/2023\/03\/Pascal-scheromm-300x191.png 300w, https:\/\/blogs.univ-tlse2.fr\/paacte-filiere-pastorale-occitanie\/files\/2023\/03\/Pascal-scheromm-1024x652.png 1024w, https:\/\/blogs.univ-tlse2.fr\/paacte-filiere-pastorale-occitanie\/files\/2023\/03\/Pascal-scheromm-768x489.png 768w, https:\/\/blogs.univ-tlse2.fr\/paacte-filiere-pastorale-occitanie\/files\/2023\/03\/Pascal-scheromm-676x430.png 676w\" sizes=\"auto, (max-width: 1111px) 100vw, 1111px\" \/><\/figure><\/div><\/div><div class=\"ab-profile-column ab-profile-content-wrap\"><h2 class=\"ab-profile-name\" style=\"color:#32373c\">Pascale Scheromm<\/h2><p class=\"ab-profile-title\" style=\"color:#32373c\">Ing\u00e9nieure de recherche<br \/>INRAE<br \/>Am\u00e9nagement du territoire, urbanisme<br \/>mail : <a href=\"m&#x61;il&#x74;o:&#x70;a&#115;&#x63;a&#108;&#x65;&#46;&#115;&#x63;h&#101;&#x72;o&#109;&#x6d;&#64;&#105;&#x6e;r&#97;&#x65;&#46;&#102;&#x72;\">&#x70;as&#x63;&#97;l&#x65;&#46;s&#x63;&#104;e&#x72;&#111;m&#x6d;&#x40;i&#x6e;&#x72;a&#x65;&#x2e;f&#x72;<\/a><\/p><div class=\"ab-profile-text\"><p><a href=\"https:\/\/www.researchgate.net\/profile\/Scheromm-Pascale\" target=\"_blank\" rel=\"noreferrer noopener\">Page Research gate<\/a><\/p><\/div><ul class=\"ab-social-links\"><\/ul><\/div><\/div>\n\n\n\n<div style=\"background-color:#f2f2f2;color:#32373c\" class=\"wp-block-atomic-blocks-ab-profile-box square ab-has-avatar ab-font-size-14 ab-block-profile ab-profile-columns\"><div class=\"ab-profile-column ab-profile-avatar-wrap\"><div class=\"ab-profile-image-wrap\"><figure class=\"ab-profile-image-square\"><img loading=\"lazy\" decoding=\"async\" width=\"150\" height=\"172\" class=\"ab-profile-avatar wp-image-279\" src=\"https:\/\/blogs.univ-tlse2.fr\/paacte-filiere-pastorale-occitanie\/files\/2023\/03\/lea_sebastien.jpg\" alt=\"\" \/><\/figure><\/div><\/div><div class=\"ab-profile-column ab-profile-content-wrap\"><h2 class=\"ab-profile-name\" style=\"color:#32373c\">Lea SEBASTIEN<\/h2><p class=\"ab-profile-title\" style=\"color:#32373c\">Ma\u00eetre de conf\u00e9rence UT2J<br \/>Gestion des espaces<br \/>GEODE UMR 5602<br \/>mail : &#x6c;&#x73;&#x65;&#x62;&#x61;&#x73;&#116;&#105;&#64;univ-&#x74;&#x6c;&#x73;&#x65;&#x32;&#x2e;&#102;&#114;<\/p><div class=\"ab-profile-text\"><p><a href=\"https:\/\/geode.univ-tlse2.fr\/accueil\/personnel\/lea-sebastien#\/\">Page personnelle labo<\/a><\/p><\/div><ul class=\"ab-social-links\"><\/ul><\/div><\/div>\n\n\n\n<div style=\"background-color:#f2f2f2;color:#32373c\" class=\"wp-block-atomic-blocks-ab-profile-box square ab-has-avatar ab-font-size-14 ab-block-profile ab-profile-columns\"><div class=\"ab-profile-column ab-profile-avatar-wrap\"><div class=\"ab-profile-image-wrap\"><figure class=\"ab-profile-image-square\"><img loading=\"lazy\" decoding=\"async\" width=\"120\" height=\"180\" class=\"ab-profile-avatar wp-image-278\" src=\"https:\/\/blogs.univ-tlse2.fr\/paacte-filiere-pastorale-occitanie\/files\/2023\/03\/vidal.jpg\" alt=\"\" \/><\/figure><\/div><\/div><div class=\"ab-profile-column ab-profile-content-wrap\"><h2 class=\"ab-profile-name\" style=\"color:#32373c\">Franck Vidal<\/h2><p class=\"ab-profile-title\" style=\"color:#32373c\">Ing\u00e9nieur de recherche en communication<br \/>M\u00e9diation scientifique<br \/>GEODE UMR 5602<br \/>mail : &#102;&#x72;&#97;&#x6e;c&#x6b;&#46;&#x76;i&#x64;a&#x6c;&#64;&#x75;n&#105;&#x76;&#45;&#x74;&#108;&#x73;e&#x32;&#46;&#x66;r<\/p><div class=\"ab-profile-text\"><p><\/p><\/div><ul class=\"ab-social-links\"><\/ul><\/div><\/div>\n\n\n\n<div style=\"background-color:#f2f2f2;color:#32373c\" class=\"wp-block-atomic-blocks-ab-profile-box square ab-has-avatar ab-font-size-14 ab-block-profile ab-profile-columns\"><div class=\"ab-profile-column ab-profile-avatar-wrap\"><div class=\"ab-profile-image-wrap\"><figure class=\"ab-profile-image-square\"><img loading=\"lazy\" decoding=\"async\" width=\"300\" height=\"451\" class=\"ab-profile-avatar wp-image-123\" src=\"https:\/\/blogs.univ-tlse2.fr\/paacte-filiere-pastorale-occitanie\/files\/2023\/03\/Ruppert2.jpg\" alt=\"\" srcset=\"https:\/\/blogs.univ-tlse2.fr\/paacte-filiere-pastorale-occitanie\/files\/2023\/03\/Ruppert2.jpg 300w, https:\/\/blogs.univ-tlse2.fr\/paacte-filiere-pastorale-occitanie\/files\/2023\/03\/Ruppert2-200x300.jpg 200w\" sizes=\"auto, (max-width: 300px) 100vw, 300px\" \/><\/figure><\/div><\/div><div class=\"ab-profile-column ab-profile-content-wrap\"><h2 class=\"ab-profile-name\" style=\"color:#32373c\">Ruppert Vimal <\/h2><p class=\"ab-profile-title\" style=\"color:#32373c\">Charg\u00e9e de recherche CNRS classe normale<br \/>GEODE UMR 5602<br \/>\u00c9cologue<br \/>mail : ruppert&#46;vimal&#64;univ-tlse2&#46;fr<\/p><div class=\"ab-profile-text\"><p><a href=\"https:\/\/geode.univ-tlse2.fr\/accueil\/personnel\/ruppert-vimal#\/\">Page personnelle labo<\/a><\/p><\/div><ul class=\"ab-social-links\"><\/ul><\/div><\/div>\n\n\n\n<div style=\"background-color:#f2f2f2;color:#32373c\" class=\"wp-block-atomic-blocks-ab-profile-box square ab-has-avatar ab-font-size-14 ab-block-profile ab-profile-columns\"><div class=\"ab-profile-column ab-profile-avatar-wrap\"><div class=\"ab-profile-image-wrap\"><figure class=\"ab-profile-image-square\"><img loading=\"lazy\" decoding=\"async\" width=\"960\" height=\"720\" class=\"ab-profile-avatar wp-image-473\" src=\"https:\/\/blogs.univ-tlse2.fr\/paacte-filiere-pastorale-occitanie\/files\/2024\/06\/maela_baty.jpg\" alt=\"\" srcset=\"https:\/\/blogs.univ-tlse2.fr\/paacte-filiere-pastorale-occitanie\/files\/2024\/06\/maela_baty.jpg 960w, https:\/\/blogs.univ-tlse2.fr\/paacte-filiere-pastorale-occitanie\/files\/2024\/06\/maela_baty-300x225.jpg 300w, https:\/\/blogs.univ-tlse2.fr\/paacte-filiere-pastorale-occitanie\/files\/2024\/06\/maela_baty-768x576.jpg 768w, https:\/\/blogs.univ-tlse2.fr\/paacte-filiere-pastorale-occitanie\/files\/2024\/06\/maela_baty-676x507.jpg 676w\" sizes=\"auto, (max-width: 960px) 100vw, 960px\" \/><\/figure><\/div><\/div><div class=\"ab-profile-column ab-profile-content-wrap\"><h2 class=\"ab-profile-name\" style=\"color:#32373c\">Maela Baty<\/h2><p class=\"ab-profile-title\" style=\"color:#32373c\">sont poste ? sa fonction ?<br \/>GEODE UMR 5602 ???<br \/><br \/>mail : &#8212;<\/p><div class=\"ab-profile-text\"><p><\/p><\/div><ul class=\"ab-social-links\"><\/ul><\/div><\/div>\n\n\n\n<div style=\"background-color:#f2f2f2;color:#32373c\" class=\"wp-block-atomic-blocks-ab-profile-box square ab-has-avatar ab-font-size-14 ab-block-profile ab-profile-columns\"><div class=\"ab-profile-column ab-profile-avatar-wrap\"><div class=\"ab-profile-image-wrap\"><figure class=\"ab-profile-image-square\"><img loading=\"lazy\" decoding=\"async\" width=\"960\" height=\"720\" class=\"ab-profile-avatar wp-image-474\" src=\"https:\/\/blogs.univ-tlse2.fr\/paacte-filiere-pastorale-occitanie\/files\/2024\/06\/zoe_heim.jpg\" alt=\"\" srcset=\"https:\/\/blogs.univ-tlse2.fr\/paacte-filiere-pastorale-occitanie\/files\/2024\/06\/zoe_heim.jpg 960w, https:\/\/blogs.univ-tlse2.fr\/paacte-filiere-pastorale-occitanie\/files\/2024\/06\/zoe_heim-300x225.jpg 300w, https:\/\/blogs.univ-tlse2.fr\/paacte-filiere-pastorale-occitanie\/files\/2024\/06\/zoe_heim-768x576.jpg 768w, https:\/\/blogs.univ-tlse2.fr\/paacte-filiere-pastorale-occitanie\/files\/2024\/06\/zoe_heim-676x507.jpg 676w\" sizes=\"auto, (max-width: 960px) 100vw, 960px\" \/><\/figure><\/div><\/div><div class=\"ab-profile-column ab-profile-content-wrap\"><h2 class=\"ab-profile-name\" style=\"color:#32373c\">Zo\u00e9 Heim<\/h2><p class=\"ab-profile-title\" style=\"color:#32373c\">&#8212;<br \/>GEODE UMR 5602 ???<br \/>&#8212;<br \/>mail : &#8212;<\/p><div class=\"ab-profile-text\"><p><\/p><\/div><ul class=\"ab-social-links\"><\/ul><\/div><\/div>\n\n\n\n<div style=\"background-color:#f2f2f2;color:#32373c\" class=\"wp-block-atomic-blocks-ab-profile-box square ab-has-avatar ab-font-size-14 ab-block-profile ab-profile-columns\"><div class=\"ab-profile-column ab-profile-avatar-wrap\"><div class=\"ab-profile-image-wrap\"><figure class=\"ab-profile-image-square\"><img loading=\"lazy\" decoding=\"async\" width=\"389\" height=\"426\" class=\"ab-profile-avatar wp-image-472\" src=\"https:\/\/blogs.univ-tlse2.fr\/paacte-filiere-pastorale-occitanie\/files\/2024\/06\/clara_lelay.jpg\" alt=\"\" srcset=\"https:\/\/blogs.univ-tlse2.fr\/paacte-filiere-pastorale-occitanie\/files\/2024\/06\/clara_lelay.jpg 389w, https:\/\/blogs.univ-tlse2.fr\/paacte-filiere-pastorale-occitanie\/files\/2024\/06\/clara_lelay-274x300.jpg 274w\" sizes=\"auto, (max-width: 389px) 100vw, 389px\" \/><\/figure><\/div><\/div><div class=\"ab-profile-column ab-profile-content-wrap\"><h2 class=\"ab-profile-name\" style=\"color:#32373c\">Clara Lelay<\/h2><p class=\"ab-profile-title\" style=\"color:#32373c\">&#8212;<br \/>GEODE UMR 5602 ???<br \/>&#8212;<br \/>mail : <\/p><div class=\"ab-profile-text\"><p><\/p><\/div><ul class=\"ab-social-links\"><\/ul><\/div><\/div>\n\n\n\n<div style=\"background-color:#f2f2f2;color:#32373c\" class=\"wp-block-atomic-blocks-ab-profile-box square ab-has-avatar ab-font-size-14 ab-block-profile ab-profile-columns\"><div class=\"ab-profile-column ab-profile-avatar-wrap\"><div class=\"ab-profile-image-wrap\"><figure class=\"ab-profile-image-square\"><img loading=\"lazy\" decoding=\"async\" width=\"1200\" height=\"1600\" class=\"ab-profile-avatar wp-image-471\" src=\"https:\/\/blogs.univ-tlse2.fr\/paacte-filiere-pastorale-occitanie\/files\/2024\/06\/lucie_catalano.jpg\" alt=\"\" srcset=\"https:\/\/blogs.univ-tlse2.fr\/paacte-filiere-pastorale-occitanie\/files\/2024\/06\/lucie_catalano.jpg 1200w, https:\/\/blogs.univ-tlse2.fr\/paacte-filiere-pastorale-occitanie\/files\/2024\/06\/lucie_catalano-225x300.jpg 225w, https:\/\/blogs.univ-tlse2.fr\/paacte-filiere-pastorale-occitanie\/files\/2024\/06\/lucie_catalano-768x1024.jpg 768w, https:\/\/blogs.univ-tlse2.fr\/paacte-filiere-pastorale-occitanie\/files\/2024\/06\/lucie_catalano-1152x1536.jpg 1152w, https:\/\/blogs.univ-tlse2.fr\/paacte-filiere-pastorale-occitanie\/files\/2024\/06\/lucie_catalano-676x901.jpg 676w\" sizes=\"auto, (max-width: 1200px) 100vw, 1200px\" \/><\/figure><\/div><\/div><div class=\"ab-profile-column ab-profile-content-wrap\"><h2 class=\"ab-profile-name\" style=\"color:#32373c\">Lucie Catalano<\/h2><p class=\"ab-profile-title\" style=\"color:#32373c\">&#8212;<br \/>GEODE UMR 5602 ???<br \/>&#8212;<br \/>mail : &#8212;<\/p><div class=\"ab-profile-text\"><p><\/p><\/div><ul class=\"ab-social-links\"><\/ul><\/div><\/div>\n<\/div>\n<\/div>\n","protected":false},"excerpt":{"rendered":"","protected":false},"author":968,"featured_media":0,"parent":0,"menu_order":0,"comment_status":"closed","ping_status":"closed","template":"","meta":{"footnotes":""},"class_list":["post-126","page","type-page","status-publish","hentry","post-preview"],"featured_image_src":null,"featured_image_src_square":null,"_links":{"self":[{"href":"https:\/\/blogs.univ-tlse2.fr\/paacte-filiere-pastorale-occitanie\/wp-json\/wp\/v2\/pages\/126","targetHints":{"allow":["GET"]}}],"collection":[{"href":"https:\/\/blogs.univ-tlse2.fr\/paacte-filiere-pastorale-occitanie\/wp-json\/wp\/v2\/pages"}],"about":[{"href":"https:\/\/blogs.univ-tlse2.fr\/paacte-filiere-pastorale-occitanie\/wp-json\/wp\/v2\/types\/page"}],"author":[{"embeddable":true,"href":"https:\/\/blogs.univ-tlse2.fr\/paacte-filiere-pastorale-occitanie\/wp-json\/wp\/v2\/users\/968"}],"replies":[{"embeddable":true,"href":"https:\/\/blogs.univ-tlse2.fr\/paacte-filiere-pastorale-occitanie\/wp-json\/wp\/v2\/comments?post=126"}],"version-history":[{"count":23,"href":"https:\/\/blogs.univ-tlse2.fr\/paacte-filiere-pastorale-occitanie\/wp-json\/wp\/v2\/pages\/126\/revisions"}],"predecessor-version":[{"id":477,"href":"https:\/\/blogs.univ-tlse2.fr\/paacte-filiere-pastorale-occitanie\/wp-json\/wp\/v2\/pages\/126\/revisions\/477"}],"wp:attachment":[{"href":"https:\/\/blogs.univ-tlse2.fr\/paacte-filiere-pastorale-occitanie\/wp-json\/wp\/v2\/media?parent=126"}],"curies":[{"name":"wp","href":"https:\/\/api.w.org\/{rel}","templated":true}]}}