 {"id":126,"date":"2023-03-29T17:25:13","date_gmt":"2023-03-29T15:25:13","guid":{"rendered":"https:\/\/blogs.univ-tlse2.fr\/paacte-filiere-pastorale-occitanie\/?page_id=126"},"modified":"2024-06-03T10:36:13","modified_gmt":"2024-06-03T08:36:13","slug":"lequipe-du-projet","status":"publish","type":"page","link":"https:\/\/blogs.univ-tlse2.fr\/paacte-filiere-pastorale-occitanie\/lequipe-du-projet\/","title":{"rendered":"L&rsquo;\u00e9quipe"},"content":{"rendered":"\n<p class=\"has-regular-font-size\"><\/p>\n\n\n\n<div class=\"wp-block-columns is-layout-flex wp-container-core-columns-is-layout-9d6595d7 wp-block-columns-is-layout-flex\">\n<div class=\"wp-block-column is-layout-flow wp-block-column-is-layout-flow\">\n<div style=\"background-color:#f2f2f2;color:#32373c\" class=\"wp-block-atomic-blocks-ab-profile-box round ab-has-avatar ab-font-size-14 ab-block-profile ab-profile-columns\"><div class=\"ab-profile-column ab-profile-avatar-wrap\"><div class=\"ab-profile-image-wrap\"><figure class=\"ab-profile-image-square\"><img loading=\"lazy\" decoding=\"async\" width=\"266\" height=\"267\" class=\"ab-profile-avatar wp-image-120\" src=\"https:\/\/blogs.univ-tlse2.fr\/paacte-filiere-pastorale-occitanie\/files\/2023\/03\/Marie-Claude-BAL-Geode-Geographie-de-lenvironnement.png\" alt=\"\" srcset=\"https:\/\/blogs.univ-tlse2.fr\/paacte-filiere-pastorale-occitanie\/files\/2023\/03\/Marie-Claude-BAL-Geode-Geographie-de-lenvironnement.png 266w, https:\/\/blogs.univ-tlse2.fr\/paacte-filiere-pastorale-occitanie\/files\/2023\/03\/Marie-Claude-BAL-Geode-Geographie-de-lenvironnement-150x150.png 150w\" sizes=\"auto, (max-width: 266px) 100vw, 266px\" \/><\/figure><\/div><\/div><div class=\"ab-profile-column ab-profile-content-wrap\"><h2 class=\"ab-profile-name\" style=\"color:#32373c\">Marie-Claude BAL<\/h2><p class=\"ab-profile-title\" style=\"color:#32373c\">Responsable projet \/ Enseignante chercheuse <br \/>G\u00e9ographe<br \/>GEODE UMR 5602<br \/>mail : &#109;a&#114;i&#101;&#46;&#x62;a&#x6c;&#64;&#x75;n&#x69;v&#x2d;t&#x6c;s&#x65;2&#x2e;f&#x72;<br \/><a href=\"https:\/\/geode.univ-tlse2.fr\/accueil\/personnel\/marie-claude-bal#\/\">Page personnelle labo<\/a><\/p><div class=\"ab-profile-text\"><\/div><ul class=\"ab-social-links\"><\/ul><\/div><\/div>\n\n\n\n<div style=\"background-color:#f2f2f2;color:#32373c\" class=\"wp-block-atomic-blocks-ab-profile-box square ab-font-size-14 ab-block-profile ab-profile-columns\"><div class=\"ab-profile-column ab-profile-content-wrap\"><h2 class=\"ab-profile-name\" style=\"color:#32373c\">Jean-Michel MINOVEZ<\/h2><p class=\"ab-profile-title\" style=\"color:#32373c\">Co &#8211; responsable projet<br \/>Professeur d\u2019histoire \u00e9conomique &#8211; UT2J<br \/>GEODE UMR 5602<br \/>mail : &#x6d;&#105;n&#x6f;&#x76;&#101;z&#x40;&#x75;&#110;i&#x76;&#x2d;tl&#x73;&#x65;2&#46;&#x66;&#114;<\/p><div class=\"ab-profile-text\"><p><\/p><\/div><ul class=\"ab-social-links\"><\/ul><\/div><\/div>\n\n\n\n<div style=\"background-color:#f2f2f2;color:#32373c\" class=\"wp-block-atomic-blocks-ab-profile-box square ab-has-avatar ab-font-size-14 ab-block-profile ab-profile-columns\"><div class=\"ab-profile-column ab-profile-avatar-wrap\"><div class=\"ab-profile-image-wrap\"><figure class=\"ab-profile-image-square\"><img loading=\"lazy\" decoding=\"async\" width=\"150\" height=\"251\" class=\"ab-profile-avatar wp-image-276\" src=\"https:\/\/blogs.univ-tlse2.fr\/paacte-filiere-pastorale-occitanie\/files\/2023\/03\/hbarcet.jpg\" alt=\"\" \/><\/figure><\/div><\/div><div class=\"ab-profile-column ab-profile-content-wrap\"><h2 class=\"ab-profile-name\" style=\"color:#32373c\">Hugues BARCET<\/h2><p class=\"ab-profile-title\" style=\"color:#32373c\">Ing\u00e9nieur d&rsquo;\u00e9tudes HC<br \/>G\u00e9omaticien \/ cartographe<br \/>GEODE UMR 5602<br \/>mail : &#x68;&#x75;&#x67;&#x75;&#x65;&#x73;&#x2e;&#x62;&#x61;&#x72;&#x63;&#101;&#116;&#64;&#117;niv-tlse2&#x2e;&#x66;&#x72;<\/p><div class=\"ab-profile-text\"><p><a href=\"https:\/\/geode.univ-tlse2.fr\/accueil\/personnel\/hugues-barcet#\/\">Page personnelle labo<\/a><\/p><\/div><ul class=\"ab-social-links\"><\/ul><\/div><\/div>\n\n\n\n<div style=\"background-color:#f2f2f2;color:#32373c\" class=\"wp-block-atomic-blocks-ab-profile-box square ab-has-avatar ab-font-size-14 ab-block-profile ab-profile-columns\"><div class=\"ab-profile-column ab-profile-avatar-wrap\"><div class=\"ab-profile-image-wrap\"><figure class=\"ab-profile-image-square\"><img loading=\"lazy\" decoding=\"async\" width=\"150\" height=\"150\" class=\"ab-profile-avatar wp-image-272\" src=\"https:\/\/blogs.univ-tlse2.fr\/paacte-filiere-pastorale-occitanie\/files\/2023\/03\/olivier-barriere.jpg\" alt=\"\" \/><\/figure><\/div><\/div><div class=\"ab-profile-column ab-profile-content-wrap\"><h2 class=\"ab-profile-name\" style=\"color:#32373c\">Olivier BARRIERE<\/h2><p class=\"ab-profile-title\" style=\"color:#32373c\">Charg\u00e9 de recherche<br \/>IRD \/ espace dev<br \/>Juriste de l\u2019environnement<br \/>mail : &#111;&#x6c;i&#x76;i&#x65;r&#x2e;b&#97;&#x72;&#114;&#x69;e&#x72;e&#x40;i&#114;&#x64;&#46;&#x66;r<\/p><div class=\"ab-profile-text\"><p><a href=\"https:\/\/www.espace-dev.fr\/annuaire\/name\/olivier-barriere\/\">Page personnelle labo<\/a><\/p><\/div><ul class=\"ab-social-links\"><\/ul><\/div><\/div>\n\n\n\n<div style=\"background-color:#f2f2f2;color:#32373c\" class=\"wp-block-atomic-blocks-ab-profile-box square ab-font-size-14 ab-block-profile ab-profile-columns\"><div class=\"ab-profile-column ab-profile-content-wrap\"><h2 class=\"ab-profile-name\" style=\"color:#32373c\">Marie Blaise<\/h2><p class=\"ab-profile-title\" style=\"color:#32373c\">Ma\u00eetre de conf\u00e9rence<br \/>Litt\u00e9ratures compar\u00e9es<br \/>CRISES EA 4424<br \/>mail : &#x6d;&#x61;&#x72;&#x69;&#x65;&#x2e;&#98;&#108;aise&#64;u&#x6e;&#x69;&#x76;&#x2d;&#x6d;&#x6f;&#110;&#116;p3&#46;fr<\/p><div class=\"ab-profile-text\"><p><\/p><\/div><ul class=\"ab-social-links\"><\/ul><\/div><\/div>\n\n\n\n<div style=\"background-color:#f2f2f2;color:#32373c\" class=\"wp-block-atomic-blocks-ab-profile-box square ab-font-size-14 ab-block-profile ab-profile-columns\"><div class=\"ab-profile-column ab-profile-content-wrap\"><h2 class=\"ab-profile-name\" style=\"color:#32373c\">Fr\u00e9d\u00e9ric BLANC<\/h2><p class=\"ab-profile-title\" style=\"color:#32373c\">Chef de projets<br \/>g\u00e9ographie de l\u2019environnement<br \/>Conservatoire d&rsquo;Espaces Naturels<br \/>mail : &#x66;re&#x64;&#101;r&#x69;&#99;&#46;&#x62;&#x6c;a&#x6e;&#x63;&#64;c&#x65;&#110;-&#x6f;&#99;c&#x69;&#x74;a&#x6e;&#x69;e&#46;&#x6f;rg<\/p><div class=\"ab-profile-text\"><p><\/p><\/div><ul class=\"ab-social-links\"><\/ul><\/div><\/div>\n\n\n\n<div style=\"background-color:#f2f2f2;color:#32373c\" class=\"wp-block-atomic-blocks-ab-profile-box square ab-has-avatar ab-font-size-14 ab-block-profile ab-profile-columns\"><div class=\"ab-profile-column ab-profile-avatar-wrap\"><div class=\"ab-profile-image-wrap\"><figure class=\"ab-profile-image-square\"><img loading=\"lazy\" decoding=\"async\" width=\"353\" height=\"353\" class=\"ab-profile-avatar wp-image-269\" src=\"https:\/\/blogs.univ-tlse2.fr\/paacte-filiere-pastorale-occitanie\/files\/2023\/03\/Sylvain-BURRI-TRACES-UMR-5608.png\" alt=\"\" srcset=\"https:\/\/blogs.univ-tlse2.fr\/paacte-filiere-pastorale-occitanie\/files\/2023\/03\/Sylvain-BURRI-TRACES-UMR-5608.png 353w, https:\/\/blogs.univ-tlse2.fr\/paacte-filiere-pastorale-occitanie\/files\/2023\/03\/Sylvain-BURRI-TRACES-UMR-5608-300x300.png 300w, https:\/\/blogs.univ-tlse2.fr\/paacte-filiere-pastorale-occitanie\/files\/2023\/03\/Sylvain-BURRI-TRACES-UMR-5608-150x150.png 150w\" sizes=\"auto, (max-width: 353px) 100vw, 353px\" \/><\/figure><\/div><\/div><div class=\"ab-profile-column ab-profile-content-wrap\"><h2 class=\"ab-profile-name\" style=\"color:#32373c\">Sylvain Burri<\/h2><p class=\"ab-profile-title\" style=\"color:#32373c\">Ma\u00eetre de conf\u00e9rences HDR<br \/>TRACES UMR 5608<br \/>Arch\u00e9ologie, histoire, civilisation<br \/>mail : sylv&#97;&#105;&#x6e;&#x2e;&#x62;&#x75;&#x72;ri&#64;u&#110;&#105;&#x76;&#x2d;&#x74;&#x6c;&#x73;e2&#46;f&#114;<\/p><div class=\"ab-profile-text\"><p><a href=\"https:\/\/traces.univ-tlse2.fr\/accueil\/equipes-et-ateliers\/terrae-archeologie-et-histoire-des-societes-medievales-meridionales\/m-sylvain-burri#\/\">Page personnelle labo<\/a><\/p><\/div><ul class=\"ab-social-links\"><\/ul><\/div><\/div>\n\n\n\n<div style=\"background-color:#f2f2f2;color:#32373c\" class=\"wp-block-atomic-blocks-ab-profile-box square ab-has-avatar ab-font-size-14 ab-block-profile ab-profile-columns\"><div class=\"ab-profile-column ab-profile-avatar-wrap\"><div class=\"ab-profile-image-wrap\"><figure class=\"ab-profile-image-square\"><img loading=\"lazy\" decoding=\"async\" width=\"200\" height=\"222\" class=\"ab-profile-avatar wp-image-275\" src=\"https:\/\/blogs.univ-tlse2.fr\/paacte-filiere-pastorale-occitanie\/files\/2023\/03\/Sandrine.jpg\" alt=\"\" \/><\/figure><\/div><\/div><div class=\"ab-profile-column ab-profile-content-wrap\"><h2 class=\"ab-profile-name\" style=\"color:#32373c\">Sandrine BUSCAINO<\/h2><p class=\"ab-profile-title\" style=\"color:#32373c\">Technicienne de laboratoire<br \/>GEODE UMR 5602<br \/>mail : <a href=\"&#x6d;&#x61;&#105;&#108;to&#x3a;&#x73;&#x61;&#110;dri&#x6e;&#x65;&#x2e;&#98;us&#x63;&#x61;&#x69;&#110;&#111;&#64;u&#x6e;&#x69;&#x76;&#45;tls&#x65;&#x32;&#x2e;&#102;r\">&#115;&#x61;n&#x64;r&#105;&#x6e;e&#x2e;b&#117;&#x73;c&#x61;i&#x6e;&#x6f;&#64;&#x75;n&#x69;v&#45;&#x74;l&#x73;e&#50;&#x2e;f&#x72;<\/a><\/p><div class=\"ab-profile-text\"><p><a href=\"https:\/\/geode.univ-tlse2.fr\/accueil\/personnel\/sandrine-buscaino#\/\">Page personnelle labo<\/a><\/p><\/div><ul class=\"ab-social-links\"><\/ul><\/div><\/div>\n\n\n\n<div style=\"background-color:#f2f2f2;color:#32373c\" class=\"wp-block-atomic-blocks-ab-profile-box square ab-font-size-14 ab-block-profile ab-profile-columns\"><div class=\"ab-profile-column ab-profile-content-wrap\"><h2 class=\"ab-profile-name\" style=\"color:#32373c\">No\u00e9mie Cabannes<\/h2><p class=\"ab-profile-title\" style=\"color:#32373c\">Animatrice Pacte Pastoral Intercommunal<br \/>Communaut\u00e9 de Communes\u00a0Causses\u00a0Aigoual\u00a0C\u00e9vennes\u00a0\u2013 \u00ab\u00a0Terres Solidaires\u00a0\u00bb<br \/><br \/>mail :  <a rel=\"noreferrer noopener\" href=\"&#x6d;&#x61;&#x69;&#x6c;&#x74;&#x6f;&#58;&#112;actepa&#x73;&#x74;&#x6f;&#x72;&#x61;&#x6c;&#64;&#99;ac-ts&#46;&#x66;&#x72;\" target=\"_blank\">&#x70;ac&#x74;&#101;p&#x61;&#115;t&#x6f;&#114;a&#x6c;&#64;c&#x61;&#x63;-&#x74;&#x73;&#46;&#x66;&#x72;<\/a><\/p><div class=\"ab-profile-text\"><p><a href=\"https:\/\/valdaigoual.fr\/le-pacte-pastoral-intercommunal\/\" target=\"_blank\" rel=\"noreferrer noopener\">Site web<\/a><\/p><\/div><ul class=\"ab-social-links\"><\/ul><\/div><\/div>\n\n\n\n<div style=\"background-color:#f2f2f2;color:#32373c\" class=\"wp-block-atomic-blocks-ab-profile-box square ab-font-size-14 ab-block-profile ab-profile-columns\"><div class=\"ab-profile-column ab-profile-content-wrap\"><h2 class=\"ab-profile-name\" style=\"color:#32373c\">Gilles Casonato<\/h2><p class=\"ab-profile-title\" style=\"color:#32373c\">Assistant Ing\u00e9nieur en communication<br \/>Site web \/ vid\u00e9o<br \/>GEODE UMR 5602<br \/>mail : &#x67;&#x69;ll&#x65;&#x73;&#46;ca&#x73;&#x6f;&#110;at&#x6f;&#x40;&#117;ni&#x76;&#x2d;tl&#x73;&#x65;&#50;&#46;f&#x72;<\/p><div class=\"ab-profile-text\"><p><\/p><\/div><ul class=\"ab-social-links\"><\/ul><\/div><\/div>\n\n\n\n<div style=\"background-color:#f2f2f2;color:#32373c\" class=\"wp-block-atomic-blocks-ab-profile-box square ab-has-avatar ab-font-size-14 ab-block-profile ab-profile-columns\"><div class=\"ab-profile-column ab-profile-avatar-wrap\"><div class=\"ab-profile-image-wrap\"><figure class=\"ab-profile-image-square\"><img loading=\"lazy\" decoding=\"async\" width=\"353\" height=\"303\" class=\"ab-profile-avatar wp-image-395\" src=\"https:\/\/blogs.univ-tlse2.fr\/paacte-filiere-pastorale-occitanie\/files\/2023\/04\/Screenshot-2023-04-28-at-10-50-33-Carine-CALASTRENC-FRAMESPA.png\" alt=\"\" srcset=\"https:\/\/blogs.univ-tlse2.fr\/paacte-filiere-pastorale-occitanie\/files\/2023\/04\/Screenshot-2023-04-28-at-10-50-33-Carine-CALASTRENC-FRAMESPA.png 353w, https:\/\/blogs.univ-tlse2.fr\/paacte-filiere-pastorale-occitanie\/files\/2023\/04\/Screenshot-2023-04-28-at-10-50-33-Carine-CALASTRENC-FRAMESPA-300x258.png 300w\" sizes=\"auto, (max-width: 353px) 100vw, 353px\" \/><\/figure><\/div><\/div><div class=\"ab-profile-column ab-profile-content-wrap\"><h2 class=\"ab-profile-name\" style=\"color:#32373c\">Carine Calastrenc<\/h2><p class=\"ab-profile-title\" style=\"color:#32373c\">Ing\u00e9nieure de recherche<br \/>FRAMESPA &#8211; TRACES<br \/>Arch\u00e9ologie agro-pastorale et de l&rsquo;insertion des nouvelles technologies<br \/>mail :  <a href=\"melA('carine.calastrenc','','','cnrs.fr');\" target=\"_blank\" rel=\"noreferrer noopener\">cari&#110;&#101;&#x2e;&#x63;&#x61;&#x6c;&#x61;&#x73;trenc&#64;&#99;&#x6e;&#x72;&#x73;&#x2e;&#x66;&#x72;<\/a><\/p><div class=\"ab-profile-text\"><p><a href=\"https:\/\/framespa.univ-tlse2.fr\/accueil\/annuaire\/annuaire-des-chercheurs\/mlle-carine-calastrenc#\/\" target=\"_blank\" rel=\"noreferrer noopener\">Page personnelle labo<\/a><\/p><\/div><ul class=\"ab-social-links\"><\/ul><\/div><\/div>\n\n\n\n<div style=\"background-color:#f2f2f2;color:#32373c\" class=\"wp-block-atomic-blocks-ab-profile-box square ab-has-avatar ab-font-size-14 ab-block-profile ab-profile-columns\"><div class=\"ab-profile-column ab-profile-avatar-wrap\"><div class=\"ab-profile-image-wrap\"><figure class=\"ab-profile-image-square\"><img loading=\"lazy\" decoding=\"async\" width=\"200\" height=\"200\" class=\"ab-profile-avatar wp-image-270\" src=\"https:\/\/blogs.univ-tlse2.fr\/paacte-filiere-pastorale-occitanie\/files\/2023\/03\/conesa.marc_.jpg\" alt=\"\" srcset=\"https:\/\/blogs.univ-tlse2.fr\/paacte-filiere-pastorale-occitanie\/files\/2023\/03\/conesa.marc_.jpg 200w, https:\/\/blogs.univ-tlse2.fr\/paacte-filiere-pastorale-occitanie\/files\/2023\/03\/conesa.marc_-150x150.jpg 150w\" sizes=\"auto, (max-width: 200px) 100vw, 200px\" \/><\/figure><\/div><\/div><div class=\"ab-profile-column ab-profile-content-wrap\"><h2 class=\"ab-profile-name\" style=\"color:#32373c\">Marc Conesa<\/h2><p class=\"ab-profile-title\" style=\"color:#32373c\">Ma\u00eetre de conf\u00e9rences \/ Enseignant chercheur<br \/>Facult\u00e9 Sciences Humaines &amp; Sciences de l&rsquo;Environnement<br \/>Universit\u00e9 Paul-Val\u00e9ry Montpellier 3<br \/>mail : ma&#114;&#x63;&#x2e;&#x63;&#x6f;ne&#115;&#97;&#x40;&#x75;&#x6e;iv-&#109;&#x6f;&#x6e;&#x74;p3&#46;&#102;&#x72;<\/p><div class=\"ab-profile-text\"><p><a href=\"https:\/\/crises.www.univ-montp3.fr\/fr\/annuaire_recherche\/marc-conesa\">Page personnelle labo<\/a><\/p><\/div><ul class=\"ab-social-links\"><\/ul><\/div><\/div>\n\n\n\n<div style=\"background-color:#f2f2f2;color:#32373c\" class=\"wp-block-atomic-blocks-ab-profile-box square ab-has-avatar ab-font-size-14 ab-block-profile ab-profile-columns\"><div class=\"ab-profile-column ab-profile-avatar-wrap\"><div class=\"ab-profile-image-wrap\"><figure class=\"ab-profile-image-square\"><img loading=\"lazy\" decoding=\"async\" width=\"214\" height=\"300\" class=\"ab-profile-avatar wp-image-290\" src=\"https:\/\/blogs.univ-tlse2.fr\/paacte-filiere-pastorale-occitanie\/files\/2023\/03\/DORE-Antoine_inra_image.png\" alt=\"\" \/><\/figure><\/div><\/div><div class=\"ab-profile-column ab-profile-content-wrap\"><h2 class=\"ab-profile-name\" style=\"color:#32373c\">Antoine Dore<\/h2><p class=\"ab-profile-title\" style=\"color:#32373c\">Charg\u00e9 de recherche en Sociologie<br \/>INRAE<br \/>Etude des sciences et des techniques<br \/>mail : <a href=\"&#x6d;ai&#x6c;to&#x3a;an&#x74;oi&#x6e;e&#46;&#x64;or&#x65;&#64;i&#x6e;&#114;a&#x65;&#46;f&#x72;\">a&#x6e;&#x74;o&#x69;&#x6e;e&#x2e;&#x64;o&#114;&#x65;&#64;&#105;&#x6e;r&#97;&#x65;&#46;&#102;&#x72;<\/a><\/p><div class=\"ab-profile-text\"><p><a href=\"https:\/\/www6.toulouse.inrae.fr\/agir\/Equipes\/ODYCEE\/Membres-ODYCEE\/DORE-Antoine\">Page personnelle labo<\/a><\/p><\/div><ul class=\"ab-social-links\"><\/ul><\/div><\/div>\n\n\n\n<div style=\"background-color:#f2f2f2;color:#32373c\" class=\"wp-block-atomic-blocks-ab-profile-box square ab-has-avatar ab-font-size-14 ab-block-profile ab-profile-columns\"><div class=\"ab-profile-column ab-profile-avatar-wrap\"><div class=\"ab-profile-image-wrap\"><figure class=\"ab-profile-image-square\"><img loading=\"lazy\" decoding=\"async\" width=\"150\" height=\"150\" class=\"ab-profile-avatar wp-image-271\" src=\"https:\/\/blogs.univ-tlse2.fr\/paacte-filiere-pastorale-occitanie\/files\/2023\/03\/c.eychenne-150x150-1.png\" alt=\"\" \/><\/figure><\/div><\/div><div class=\"ab-profile-column ab-profile-content-wrap\"><h2 class=\"ab-profile-name\" style=\"color:#32373c\">Corinne EYCHENNE<\/h2><p class=\"ab-profile-title\" style=\"color:#32373c\">Ma\u00eetre de conf\u00e9rences<br \/>LISST UMR 5193<br \/>G\u00e9ographie humaine, environnement<br \/>mail : c&#x6f;&#x72;i&#110;&#x6e;e&#46;&#x65;&#x79;c&#104;&#x65;nn&#x65;&#x40;u&#110;&#x69;v-&#x74;&#x6c;s&#101;&#x32;&#46;&#102;&#x72;<\/p><div class=\"ab-profile-text\"><p><a href=\"https:\/\/lisst.univ-tlse2.fr\/accueil\/hn-equipes-de-recherche\/dynamiques-rurales\/corinne-eychenne#\/\">Page personnelle labo<\/a><\/p><\/div><ul class=\"ab-social-links\"><\/ul><\/div><\/div>\n\n\n\n<div style=\"background-color:#f2f2f2;color:#32373c\" class=\"wp-block-atomic-blocks-ab-profile-box round ab-has-avatar ab-font-size-14 ab-block-profile ab-profile-columns\"><div class=\"ab-profile-column ab-profile-avatar-wrap\"><div class=\"ab-profile-image-wrap\"><figure class=\"ab-profile-image-square\"><img loading=\"lazy\" decoding=\"async\" width=\"303\" height=\"397\" class=\"ab-profile-avatar wp-image-77\" src=\"https:\/\/blogs.univ-tlse2.fr\/paacte-filiere-pastorale-occitanie\/files\/2023\/03\/guillerme.jpg\" alt=\"\" srcset=\"https:\/\/blogs.univ-tlse2.fr\/paacte-filiere-pastorale-occitanie\/files\/2023\/03\/guillerme.jpg 303w, https:\/\/blogs.univ-tlse2.fr\/paacte-filiere-pastorale-occitanie\/files\/2023\/03\/guillerme-229x300.jpg 229w\" sizes=\"auto, (max-width: 303px) 100vw, 303px\" \/><\/figure><\/div><\/div><div class=\"ab-profile-column ab-profile-content-wrap\"><h2 class=\"ab-profile-name\" style=\"color:#32373c\">Sylvie Guillerme<\/h2><p class=\"ab-profile-title\" style=\"color:#32373c\">Charg\u00e9e de recherche CNRS<br \/>GEODE UMR 5602<br \/>G\u00e9ographe<br \/>mail : &#x73;&#121;l&#x76;&#x69;e&#46;&#x67;&#x75;il&#x6c;&#101;r&#x6d;&#x65;&#64;u&#x6e;&#x69;v-&#x74;&#108;s&#x65;&#x32;&#46;f&#x72;<\/p><div class=\"ab-profile-text\"><p><a href=\"https:\/\/geode.univ-tlse2.fr\/accueil\/personnel\/sylvie-guillerme#\/\">Page personnelle labo<\/a><\/p><\/div><ul class=\"ab-social-links\"><\/ul><\/div><\/div>\n\n\n\n<div style=\"background-color:#f2f2f2;color:#32373c\" class=\"wp-block-atomic-blocks-ab-profile-box square ab-has-avatar ab-font-size-14 ab-block-profile ab-profile-columns\"><div class=\"ab-profile-column ab-profile-avatar-wrap\"><div class=\"ab-profile-image-wrap\"><figure class=\"ab-profile-image-square\"><img decoding=\"async\" class=\"ab-profile-avatar wp-image-293\" src=\"https:\/\/blogs.univ-tlse2.fr\/paacte-filiere-pastorale-occitanie\/files\/2023\/03\/Solene-HAVARD.png\" alt=\"\" \/><\/figure><\/div><\/div><div class=\"ab-profile-column ab-profile-content-wrap\"><h2 class=\"ab-profile-name\" style=\"color:#32373c\">Sol\u00e8ne Havard<\/h2><p class=\"ab-profile-title\" style=\"color:#32373c\">Doctorante<br \/>GEODE UMR 5602<br \/>Anthropologie de la nature et des savoirs<br \/>mail : <a href=\"&#x6d;&#x61;il&#x74;&#x6f;&#58;so&#x6c;&#x65;&#110;e&#46;&#x68;&#x61;&#118;ar&#x64;&#x40;un&#x69;&#x76;&#45;tl&#x73;&#x65;&#50;&#46;f&#x72;\">&#x73;o&#x6c;&#101;&#x6e;&#x65;&#46;&#x68;&#97;&#x76;&#x61;r&#x64;&#64;&#x75;&#x6e;i&#x76;&#45;&#x74;&#x6c;s&#x65;&#50;&#x2e;&#x66;r<\/a><\/p><div class=\"ab-profile-text\"><p><a href=\"https:\/\/geode.univ-tlse2.fr\/accueil\/personnel\/solene-havard#\/\">Page personnelle labo<\/a><\/p><\/div><ul class=\"ab-social-links\"><\/ul><\/div><\/div>\n\n\n\n<div style=\"background-color:#f2f2f2;color:#32373c\" class=\"wp-block-atomic-blocks-ab-profile-box square ab-has-avatar ab-font-size-14 ab-block-profile ab-profile-columns\"><div class=\"ab-profile-column ab-profile-avatar-wrap\"><div class=\"ab-profile-image-wrap\"><figure class=\"ab-profile-image-square\"><img loading=\"lazy\" decoding=\"async\" width=\"190\" height=\"256\" class=\"ab-profile-avatar wp-image-394\" src=\"https:\/\/blogs.univ-tlse2.fr\/paacte-filiere-pastorale-occitanie\/files\/2023\/04\/Screenshot-2023-04-28-at-10-29-04-Christine-HERVE-Geode-Geographie-de-lenvironnement.png\" alt=\"\" \/><\/figure><\/div><\/div><div class=\"ab-profile-column ab-profile-content-wrap\"><h2 class=\"ab-profile-name\" style=\"color:#32373c\">Christine Herv\u00e9<\/h2><p class=\"ab-profile-title\" style=\"color:#32373c\">Charg\u00e9 de recherche<br \/>GEODE UMR 5602<br \/>\u00c9conomie de l\u2019innovation<br \/>mail :  <a href=\"melA('christine.herve','','','univ-tlse2.fr');\">c&#x68;&#x72;i&#115;&#x74;i&#110;&#x65;&#46;&#104;&#x65;rv&#x65;&#x40;u&#x6e;&#x69;v&#45;&#x74;l&#115;&#x65;2&#46;&#x66;&#x72;<\/a><\/p><div class=\"ab-profile-text\"><p><a href=\"https:\/\/geode.univ-tlse2.fr\/accueil\/personnel\/mme-christine-herve#\/\" target=\"_blank\" rel=\"noreferrer noopener\">Page personnelle labo<\/a><\/p><\/div><ul class=\"ab-social-links\"><\/ul><\/div><\/div>\n\n\n\n<div style=\"background-color:#f2f2f2;color:#32373c\" class=\"wp-block-atomic-blocks-ab-profile-box square ab-has-avatar ab-font-size-14 ab-block-profile ab-profile-columns\"><div class=\"ab-profile-column ab-profile-avatar-wrap\"><div class=\"ab-profile-image-wrap\"><figure class=\"ab-profile-image-square\"><img loading=\"lazy\" decoding=\"async\" width=\"231\" height=\"300\" class=\"ab-profile-avatar wp-image-273\" src=\"https:\/\/blogs.univ-tlse2.fr\/paacte-filiere-pastorale-occitanie\/files\/2023\/03\/jacob-steffan.jpg\" alt=\"\" \/><\/figure><\/div><\/div><div class=\"ab-profile-column ab-profile-content-wrap\"><h2 class=\"ab-profile-name\" style=\"color:#32373c\">Staffan Jacob<\/h2><p class=\"ab-profile-title\" style=\"color:#32373c\">Charg\u00e9 de recherche<br \/>SETE UMR 5321<br \/>Chercheur<br \/>mail : &#106;&#x61;&#99;&#x6f;b&#x73;t&#x61;f&#x66;a&#x6e;&#64;&#x67;m&#97;&#x69;&#108;&#x2e;&#99;&#x6f;m<\/p><div class=\"ab-profile-text\"><p><a href=\"https:\/\/jacobstaffan.wordpress.com\/\" target=\"_blank\" rel=\"noreferrer noopener\">Site web<\/a><\/p><\/div><ul class=\"ab-social-links\"><\/ul><\/div><\/div>\n\n\n\n<div style=\"background-color:#f2f2f2;color:#32373c\" class=\"wp-block-atomic-blocks-ab-profile-box square ab-has-avatar ab-font-size-14 ab-block-profile ab-profile-columns\"><div class=\"ab-profile-column ab-profile-avatar-wrap\"><div class=\"ab-profile-image-wrap\"><figure class=\"ab-profile-image-square\"><img loading=\"lazy\" decoding=\"async\" width=\"150\" height=\"171\" class=\"ab-profile-avatar wp-image-277\" src=\"https:\/\/blogs.univ-tlse2.fr\/paacte-filiere-pastorale-occitanie\/files\/2023\/03\/lerigoleur.jpg\" alt=\"\" \/><\/figure><\/div><\/div><div class=\"ab-profile-column ab-profile-content-wrap\"><h2 class=\"ab-profile-name\" style=\"color:#32373c\">Emilie Lerigoleur<\/h2><p class=\"ab-profile-title\" style=\"color:#32373c\">Ing\u00e9nieur d&rsquo;\u00e9tudes<br \/>Base de donn\u00e9es \/ webmapping<br \/>GEODE UMR 5602<br \/>mail : &#101;&#x6d;i&#x6c;i&#x65;&#46;&#x6c;e&#114;&#x69;&#103;&#x6f;l&#x65;u&#x72;&#64;&#117;&#x6e;&#105;&#x76;-&#x74;l&#x73;e&#x32;&#46;&#102;&#x72;<\/p><div class=\"ab-profile-text\"><p><a href=\"https:\/\/geode.univ-tlse2.fr\/accueil\/personnel\/emilie-lerigoleur#\/\">Page personnelle labo<\/a><\/p><\/div><ul class=\"ab-social-links\"><\/ul><\/div><\/div>\n\n\n\n<div style=\"background-color:#f2f2f2;color:#32373c\" class=\"wp-block-atomic-blocks-ab-profile-box square ab-has-avatar ab-font-size-14 ab-block-profile ab-profile-columns\"><div class=\"ab-profile-column ab-profile-avatar-wrap\"><div class=\"ab-profile-image-wrap\"><figure class=\"ab-profile-image-square\"><img loading=\"lazy\" decoding=\"async\" width=\"150\" height=\"150\" class=\"ab-profile-avatar wp-image-393\" src=\"https:&#47;&#x2f;&#98;&#x6c;o&#x67;s&#x2e;u&#x6e;i&#x76;-&#x74;l&#115;&#x65;&#50;&#x2e;&#102;&#x72;\/&#x70;a&#x61;c&#x74;e&#x2d;f&#x69;l&#105;&#x65;&#114;&#x65;-&#x70;a&#x73;t&#x6f;r&#x61;l&#x65;-&#x6f;c&#99;&#x69;&#116;&#x61;n&#x69;e&#x2f;f&#x69;l&#x65;s&#x2f;2&#48;2&#51;&#x2f;&#48;&#x34;\/&#x72;a&#x63;h&#x65;l&#x2e;l&#x65;v&#121;&#64;&#101;&#x6e;&#115;&#x66;e&#x61;&#46;&#x66;r_.jpg\" alt=\"\" \/><\/figure><\/div><\/div><div class=\"ab-profile-column ab-profile-content-wrap\"><h2 class=\"ab-profile-name\" style=\"color:#32373c\">Rachel Levy<\/h2><p class=\"ab-profile-title\" style=\"color:#32373c\">Ma\u00eetresse de conf\u00e9rences (HDR) en sciences \u00e9conomiques<br \/>LEREPS<br \/>\u00c9conomie de l\u2019innovation<br \/>mail : <a href=\"&#x6d;&#x61;&#x69;&#108;&#116;o:r&#x61;&#x63;&#x68;&#x65;&#108;&#46;le&#x76;&#x79;&#x40;&#x65;&#110;sfe&#x61;&#x2e;&#x66;&#x72;\">&#114;a&#x63;h&#x65;l&#x2e;&#108;&#x65;&#118;y&#x40;e&#x6e;s&#x66;e&#x61;&#46;&#x66;&#114;<\/a><\/p><div class=\"ab-profile-text\"><p><a href=\"https:\/\/www.ensfea.fr\/recherche\/unites-recherche\/umr-lereps\/rachel-levy\/\" data-type=\"URL\" data-id=\"https:\/\/www.ensfea.fr\/recherche\/unites-recherche\/umr-lereps\/rachel-levy\/\" target=\"_blank\" rel=\"noreferrer noopener\">Page personnelle labo<\/a><\/p><\/div><ul class=\"ab-social-links\"><\/ul><\/div><\/div>\n\n\n\n<div style=\"background-color:#f2f2f2;color:#32373c\" class=\"wp-block-atomic-blocks-ab-profile-box round ab-has-avatar ab-font-size-14 ab-block-profile ab-profile-columns\"><div class=\"ab-profile-column ab-profile-avatar-wrap\"><div class=\"ab-profile-image-wrap\"><figure class=\"ab-profile-image-square\"><img loading=\"lazy\" decoding=\"async\" width=\"260\" height=\"232\" class=\"ab-profile-avatar wp-image-75\" src=\"https:\/\/blogs.univ-tlse2.fr\/paacte-filiere-pastorale-occitanie\/files\/2023\/03\/mazier.jpg\" alt=\"\" \/><\/figure><\/div><\/div><div class=\"ab-profile-column ab-profile-content-wrap\"><h2 class=\"ab-profile-name\" style=\"color:#32373c\">Florence Mazier<\/h2><p class=\"ab-profile-title\" style=\"color:#32373c\">Charg\u00e9e de Recherche CNRS CR2<br \/>GEODE UMR 5602<br \/>Botanique et palynologie<br \/>mail : &#x66;&#108;o&#x72;&#x65;&#110;c&#x65;&#x2e;&#109;a&#x7a;&#x69;&#101;r&#x40;&#x75;&#110;i&#x76;&#x2d;&#116;l&#x73;&#x65;&#50;&#46;&#x66;&#x72;<\/p><div class=\"ab-profile-text\"><p><a href=\"https:\/\/geode.univ-tlse2.fr\/accueil\/personnel\/florence-mazier#\/\">Page personnelle labo<\/a><\/p><\/div><ul class=\"ab-social-links\"><\/ul><\/div><\/div>\n\n\n\n<div style=\"background-color:#f2f2f2;color:#32373c\" class=\"wp-block-atomic-blocks-ab-profile-box square ab-has-avatar ab-font-size-14 ab-block-profile ab-profile-columns\"><div class=\"ab-profile-column ab-profile-avatar-wrap\"><div class=\"ab-profile-image-wrap\"><figure class=\"ab-profile-image-square\"><img loading=\"lazy\" decoding=\"async\" width=\"589\" height=\"700\" class=\"ab-profile-avatar wp-image-289\" src=\"https:\/\/blogs.univ-tlse2.fr\/paacte-filiere-pastorale-occitanie\/files\/2023\/03\/Gabrielle-Martin-_Logo-B-1.jpg\" alt=\"\" srcset=\"https:\/\/blogs.univ-tlse2.fr\/paacte-filiere-pastorale-occitanie\/files\/2023\/03\/Gabrielle-Martin-_Logo-B-1.jpg 589w, https:\/\/blogs.univ-tlse2.fr\/paacte-filiere-pastorale-occitanie\/files\/2023\/03\/Gabrielle-Martin-_Logo-B-1-252x300.jpg 252w\" sizes=\"auto, (max-width: 589px) 100vw, 589px\" \/><\/figure><\/div><\/div><div class=\"ab-profile-column ab-profile-content-wrap\"><h2 class=\"ab-profile-name\" style=\"color:#32373c\">Gabrielle Martin<\/h2><p class=\"ab-profile-title\" style=\"color:#32373c\">Ma\u00eetre de conf\u00e9rence UT3<br \/>EDB UMR 5174<br \/>Botanique et biologie v\u00e9g\u00e9tale<br \/>mail : &#x67;a&#x62;r&#x69;&#101;&#x6c;&#x6c;e&#x2e;m&#x61;&#114;&#x74;&#105;n&#x40;u&#x6e;&#105;&#x76;&#45;t&#x6c;s&#x65;3&#x2e;&#102;r<\/p><div class=\"ab-profile-text\"><p><a href=\"https:\/\/edb.cnrs.fr\/annuaire\/martin-gabrielle\/\">Page personnelle labo<\/a><\/p><\/div><ul class=\"ab-social-links\"><\/ul><\/div><\/div>\n\n\n\n<div style=\"background-color:#f2f2f2;color:#32373c\" class=\"wp-block-atomic-blocks-ab-profile-box round ab-has-avatar ab-font-size-14 ab-block-profile ab-profile-columns\"><div class=\"ab-profile-column ab-profile-avatar-wrap\"><div class=\"ab-profile-image-wrap\"><figure class=\"ab-profile-image-square\"><img loading=\"lazy\" decoding=\"async\" width=\"160\" height=\"169\" class=\"ab-profile-avatar wp-image-267\" src=\"https:\/\/blogs.univ-tlse2.fr\/paacte-filiere-pastorale-occitanie\/files\/2023\/03\/metailie.jpg\" alt=\"\" \/><\/figure><\/div><\/div><div class=\"ab-profile-column ab-profile-content-wrap\"><h2 class=\"ab-profile-name\" style=\"color:#32373c\">Jean-Paul M\u00e9tailie<\/h2><p class=\"ab-profile-title\" style=\"color:#32373c\">Directeur de Recherche CNRS (DR1) Em\u00e9rite<br \/>GEODE UMR 5602<br \/>Sp\u00e9cialiste des feux dirig\u00e9s<br \/>mail : je&#x61;&#x6e;&#x2d;pa&#117;&#x6c;&#x2e;me&#116;&#x61;&#x69;li&#101;&#x40;&#x75;&#x6e;iv&#x2d;&#x74;&#x6c;se&#50;&#x2e;&#x66;r<\/p><div class=\"ab-profile-text\"><p><a href=\"https:\/\/geode.univ-tlse2.fr\/accueil\/personnel\/jean-paul-metailie#\/\">Page personnelle labo<\/a><\/p><\/div><ul class=\"ab-social-links\"><\/ul><\/div><\/div>\n\n\n\n<div style=\"background-color:#f2f2f2;color:#32373c\" class=\"wp-block-atomic-blocks-ab-profile-box square ab-has-avatar ab-font-size-14 ab-block-profile ab-profile-columns\"><div class=\"ab-profile-column ab-profile-avatar-wrap\"><div class=\"ab-profile-image-wrap\"><figure class=\"ab-profile-image-square\"><img loading=\"lazy\" decoding=\"async\" width=\"1067\" height=\"1600\" class=\"ab-profile-avatar wp-image-292\" src=\"https:\/\/blogs.univ-tlse2.fr\/paacte-filiere-pastorale-occitanie\/files\/2023\/03\/catherine-milou.jpg\" alt=\"\" srcset=\"https:\/\/blogs.univ-tlse2.fr\/paacte-filiere-pastorale-occitanie\/files\/2023\/03\/catherine-milou.jpg 1067w, https:\/\/blogs.univ-tlse2.fr\/paacte-filiere-pastorale-occitanie\/files\/2023\/03\/catherine-milou-200x300.jpg 200w, https:\/\/blogs.univ-tlse2.fr\/paacte-filiere-pastorale-occitanie\/files\/2023\/03\/catherine-milou-683x1024.jpg 683w, https:\/\/blogs.univ-tlse2.fr\/paacte-filiere-pastorale-occitanie\/files\/2023\/03\/catherine-milou-768x1152.jpg 768w, https:\/\/blogs.univ-tlse2.fr\/paacte-filiere-pastorale-occitanie\/files\/2023\/03\/catherine-milou-1024x1536.jpg 1024w, https:\/\/blogs.univ-tlse2.fr\/paacte-filiere-pastorale-occitanie\/files\/2023\/03\/catherine-milou-676x1014.jpg 676w\" sizes=\"auto, (max-width: 1067px) 100vw, 1067px\" \/><\/figure><\/div><\/div><div class=\"ab-profile-column ab-profile-content-wrap\"><h2 class=\"ab-profile-name\" style=\"color:#32373c\">Catherine Milou<\/h2><p class=\"ab-profile-title\" style=\"color:#32373c\">Charg\u00e9e de recherche<br \/>Lereps-Ensfea-G\u00e9ode<br \/>Sciences \u00e9conomiques<br \/>mail :  <a href=\"melA('christine.herve','','','univ-tlse2.fr');\"><\/a><a href=\"&#x6d;&#x61;&#105;lt&#x6f;&#x3a;&#99;at&#x68;&#x65;&#114;in&#x65;&#x2e;&#x6d;ilo&#x75;&#x40;&#117;ni&#x76;&#x2d;&#116;ls&#x65;&#x32;&#46;fr\">&#x63;a&#x74;h&#x65;&#114;i&#x6e;e&#x2e;m&#x69;&#108;o&#x75;&#64;&#x75;&#110;i&#x76;-&#x74;l&#x73;&#101;2&#x2e;f&#x72;<\/a><\/p><div class=\"ab-profile-text\"><p><a href=\"https:\/\/fr.linkedin.com\/in\/catherine-milou-25164589\" data-type=\"URL\" data-id=\"https:\/\/fr.linkedin.com\/in\/catherine-milou-25164589\" target=\"_blank\" rel=\"noreferrer noopener\">Page personnelle<\/a><\/p><\/div><ul class=\"ab-social-links\"><\/ul><\/div><\/div>\n\n\n\n<div style=\"background-color:#f2f2f2;color:#32373c\" class=\"wp-block-atomic-blocks-ab-profile-box square ab-font-size-14 ab-block-profile ab-profile-columns\"><div class=\"ab-profile-column ab-profile-content-wrap\"><h2 class=\"ab-profile-name\" style=\"color:#32373c\">sylvain morvan<\/h2><p class=\"ab-profile-title\" style=\"color:#32373c\">Ing\u00e9nieur d&rsquo;\u00e9tudes<br \/>Instrumentation et mesures physiques<br \/>GEODE UMR 5602<br \/>mail : &#x73;y&#x6c;v&#x61;&#105;&#x6e;&#x2e;m&#x6f;r&#x76;&#97;&#x6e;&#64;u&#x6e;i&#x76;&#45;&#x74;&#108;s&#x65;2&#x2e;f&#x72;<\/p><div class=\"ab-profile-text\"><p><\/p><\/div><ul class=\"ab-social-links\"><\/ul><\/div><\/div>\n\n\n\n<div style=\"background-color:#f2f2f2;color:#32373c\" class=\"wp-block-atomic-blocks-ab-profile-box square ab-has-avatar ab-font-size-14 ab-block-profile ab-profile-columns\"><div class=\"ab-profile-column ab-profile-avatar-wrap\"><div class=\"ab-profile-image-wrap\"><figure class=\"ab-profile-image-square\"><img loading=\"lazy\" decoding=\"async\" width=\"467\" height=\"700\" class=\"ab-profile-avatar wp-image-274\" src=\"https:\/\/blogs.univ-tlse2.fr\/paacte-filiere-pastorale-occitanie\/files\/2023\/03\/Jerome_Murienne.jpg\" alt=\"\" srcset=\"https:\/\/blogs.univ-tlse2.fr\/paacte-filiere-pastorale-occitanie\/files\/2023\/03\/Jerome_Murienne.jpg 467w, https:\/\/blogs.univ-tlse2.fr\/paacte-filiere-pastorale-occitanie\/files\/2023\/03\/Jerome_Murienne-200x300.jpg 200w\" sizes=\"auto, (max-width: 467px) 100vw, 467px\" \/><\/figure><\/div><\/div><div class=\"ab-profile-column ab-profile-content-wrap\"><h2 class=\"ab-profile-name\" style=\"color:#32373c\">J\u00e9r\u00f4me Murienne<\/h2><p class=\"ab-profile-title\" style=\"color:#32373c\">Charg\u00e9 de recherche<br \/>EDB UMR 5174<br \/>Chercheur en biodiversit\u00e9<br \/>mail : <a href=\"&#109;&#x61;&#105;&#x6c;&#116;&#x6f;&#58;&#x6a;&#101;&#x72;&#111;&#x6d;&#101;&#x2e;&#109;&#x75;&#114;&#x69;&#101;&#x6e;&#110;&#x65;&#64;&#x75;&#110;&#x69;&#118;&#x2d;&#116;&#x6c;&#115;&#x65;&#51;&#x2e;&#102;&#x72;\">je&#114;&#x6f;&#x6d;e&#46;&#109;&#x75;&#x72;&#x69;en&#110;&#x65;&#x40;un&#105;&#x76;&#x2d;&#x74;ls&#101;&#x33;&#x2e;fr<\/a><\/p><div class=\"ab-profile-text\"><p><a href=\"https:\/\/edb.cnrs.fr\/annuaire\/jerome-murienne\/\" target=\"_blank\" rel=\"noreferrer noopener\">Page personnelle labo<\/a><\/p><\/div><ul class=\"ab-social-links\"><\/ul><\/div><\/div>\n\n\n\n<div style=\"background-color:#f2f2f2;color:#32373c\" class=\"wp-block-atomic-blocks-ab-profile-box square ab-has-avatar ab-font-size-14 ab-block-profile ab-profile-columns\"><div class=\"ab-profile-column ab-profile-avatar-wrap\"><div class=\"ab-profile-image-wrap\"><figure class=\"ab-profile-image-square\"><img loading=\"lazy\" decoding=\"async\" width=\"128\" height=\"149\" class=\"ab-profile-avatar wp-image-281\" src=\"https:\/\/blogs.univ-tlse2.fr\/paacte-filiere-pastorale-occitanie\/files\/2023\/03\/Christine-RENDU-FRAMESPA.png\" alt=\"\" \/><\/figure><\/div><\/div><div class=\"ab-profile-column ab-profile-content-wrap\"><h2 class=\"ab-profile-name\" style=\"color:#32373c\">Christine Rendu<\/h2><p class=\"ab-profile-title\" style=\"color:#32373c\">Professeur d\u2019histoire \u00e9conomique &#8211; UT2J<br \/>FRAMESPA 5136<br \/>mail : <a href=\"&#x6d;&#x61;&#x69;&#x6c;&#x74;&#x6f;&#x3a;&#x63;&#x68;&#x72;&#x69;&#x73;&#x74;&#x69;&#x6e;&#x65;&#x2e;&#x72;&#x65;&#x6e;&#x64;&#x75;&#64;&#117;&#110;&#105;&#118;&#45;&#116;&#108;se2&#46;fr\">c&#x68;ri&#x73;ti&#x6e;e&#46;&#x72;e&#110;&#x64;u&#64;&#x75;n&#105;&#x76;-&#116;&#x6c;s&#101;&#x32;&#46;&#102;&#x72;<\/a><\/p><div class=\"ab-profile-text\"><p><a href=\"https:\/\/framespa.univ-tlse2.fr\/accueil\/annuaire\/annuaire-des-chercheurs\/christine-rendu#\/\" target=\"_blank\" rel=\"noreferrer noopener\">Page personnelle labo<\/a><\/p><\/div><ul class=\"ab-social-links\"><\/ul><\/div><\/div>\n\n\n\n<div style=\"background-color:#f2f2f2;color:#32373c\" class=\"wp-block-atomic-blocks-ab-profile-box square ab-has-avatar ab-font-size-14 ab-block-profile ab-profile-columns\"><div class=\"ab-profile-column ab-profile-avatar-wrap\"><div class=\"ab-profile-image-wrap\"><figure class=\"ab-profile-image-square\"><img loading=\"lazy\" decoding=\"async\" width=\"1111\" height=\"707\" class=\"ab-profile-avatar wp-image-291\" src=\"https:\/\/blogs.univ-tlse2.fr\/paacte-filiere-pastorale-occitanie\/files\/2023\/03\/Pascal-scheromm.png\" alt=\"\" srcset=\"https:\/\/blogs.univ-tlse2.fr\/paacte-filiere-pastorale-occitanie\/files\/2023\/03\/Pascal-scheromm.png 1111w, https:\/\/blogs.univ-tlse2.fr\/paacte-filiere-pastorale-occitanie\/files\/2023\/03\/Pascal-scheromm-300x191.png 300w, https:\/\/blogs.univ-tlse2.fr\/paacte-filiere-pastorale-occitanie\/files\/2023\/03\/Pascal-scheromm-1024x652.png 1024w, https:\/\/blogs.univ-tlse2.fr\/paacte-filiere-pastorale-occitanie\/files\/2023\/03\/Pascal-scheromm-768x489.png 768w, https:\/\/blogs.univ-tlse2.fr\/paacte-filiere-pastorale-occitanie\/files\/2023\/03\/Pascal-scheromm-676x430.png 676w\" sizes=\"auto, (max-width: 1111px) 100vw, 1111px\" \/><\/figure><\/div><\/div><div class=\"ab-profile-column ab-profile-content-wrap\"><h2 class=\"ab-profile-name\" style=\"color:#32373c\">Pascale Scheromm<\/h2><p class=\"ab-profile-title\" style=\"color:#32373c\">Ing\u00e9nieure de recherche<br \/>INRAE<br \/>Am\u00e9nagement du territoire, urbanisme<br \/>mail : <a href=\"&#x6d;&#97;i&#x6c;&#x74;&#111;:&#x70;&#x61;&#115;c&#x61;&#x6c;e&#46;&#x73;&#x63;he&#x72;&#111;mm&#x40;&#105;n&#x72;&#x61;&#101;&#46;&#x66;&#x72;\">pas&#99;&#x61;&#x6c;&#x65;&#x2e;sch&#101;&#x72;&#x6f;&#x6d;&#x6d;&#64;in&#114;&#97;&#x65;&#x2e;&#x66;&#x72;<\/a><\/p><div class=\"ab-profile-text\"><p><a href=\"https:\/\/www.researchgate.net\/profile\/Scheromm-Pascale\" target=\"_blank\" rel=\"noreferrer noopener\">Page Research gate<\/a><\/p><\/div><ul class=\"ab-social-links\"><\/ul><\/div><\/div>\n\n\n\n<div style=\"background-color:#f2f2f2;color:#32373c\" class=\"wp-block-atomic-blocks-ab-profile-box square ab-has-avatar ab-font-size-14 ab-block-profile ab-profile-columns\"><div class=\"ab-profile-column ab-profile-avatar-wrap\"><div class=\"ab-profile-image-wrap\"><figure class=\"ab-profile-image-square\"><img loading=\"lazy\" decoding=\"async\" width=\"150\" height=\"172\" class=\"ab-profile-avatar wp-image-279\" src=\"https:\/\/blogs.univ-tlse2.fr\/paacte-filiere-pastorale-occitanie\/files\/2023\/03\/lea_sebastien.jpg\" alt=\"\" \/><\/figure><\/div><\/div><div class=\"ab-profile-column ab-profile-content-wrap\"><h2 class=\"ab-profile-name\" style=\"color:#32373c\">Lea SEBASTIEN<\/h2><p class=\"ab-profile-title\" style=\"color:#32373c\">Ma\u00eetre de conf\u00e9rence UT2J<br \/>Gestion des espaces<br \/>GEODE UMR 5602<br \/>mail : l&#115;&#x65;&#x62;as&#116;&#x69;&#x40;u&#110;&#x69;&#x76;-t&#108;&#x73;&#x65;2&#46;&#x66;&#x72;<\/p><div class=\"ab-profile-text\"><p><a href=\"https:\/\/geode.univ-tlse2.fr\/accueil\/personnel\/lea-sebastien#\/\">Page personnelle labo<\/a><\/p><\/div><ul class=\"ab-social-links\"><\/ul><\/div><\/div>\n\n\n\n<div style=\"background-color:#f2f2f2;color:#32373c\" class=\"wp-block-atomic-blocks-ab-profile-box square ab-has-avatar ab-font-size-14 ab-block-profile ab-profile-columns\"><div class=\"ab-profile-column ab-profile-avatar-wrap\"><div class=\"ab-profile-image-wrap\"><figure class=\"ab-profile-image-square\"><img loading=\"lazy\" decoding=\"async\" width=\"120\" height=\"180\" class=\"ab-profile-avatar wp-image-278\" src=\"https:\/\/blogs.univ-tlse2.fr\/paacte-filiere-pastorale-occitanie\/files\/2023\/03\/vidal.jpg\" alt=\"\" \/><\/figure><\/div><\/div><div class=\"ab-profile-column ab-profile-content-wrap\"><h2 class=\"ab-profile-name\" style=\"color:#32373c\">Franck Vidal<\/h2><p class=\"ab-profile-title\" style=\"color:#32373c\">Ing\u00e9nieur de recherche en communication<br \/>M\u00e9diation scientifique<br \/>GEODE UMR 5602<br \/>mail : &#102;r&#97;n&#99;k&#x2e;v&#x69;d&#x61;l&#x40;u&#x6e;i&#x76;-&#x74;l&#x73;e&#x32;&#46;&#x66;r<\/p><div class=\"ab-profile-text\"><p><\/p><\/div><ul class=\"ab-social-links\"><\/ul><\/div><\/div>\n\n\n\n<div style=\"background-color:#f2f2f2;color:#32373c\" class=\"wp-block-atomic-blocks-ab-profile-box square ab-has-avatar ab-font-size-14 ab-block-profile ab-profile-columns\"><div class=\"ab-profile-column ab-profile-avatar-wrap\"><div class=\"ab-profile-image-wrap\"><figure class=\"ab-profile-image-square\"><img loading=\"lazy\" decoding=\"async\" width=\"300\" height=\"451\" class=\"ab-profile-avatar wp-image-123\" src=\"https:\/\/blogs.univ-tlse2.fr\/paacte-filiere-pastorale-occitanie\/files\/2023\/03\/Ruppert2.jpg\" alt=\"\" srcset=\"https:\/\/blogs.univ-tlse2.fr\/paacte-filiere-pastorale-occitanie\/files\/2023\/03\/Ruppert2.jpg 300w, https:\/\/blogs.univ-tlse2.fr\/paacte-filiere-pastorale-occitanie\/files\/2023\/03\/Ruppert2-200x300.jpg 200w\" sizes=\"auto, (max-width: 300px) 100vw, 300px\" \/><\/figure><\/div><\/div><div class=\"ab-profile-column ab-profile-content-wrap\"><h2 class=\"ab-profile-name\" style=\"color:#32373c\">Ruppert Vimal <\/h2><p class=\"ab-profile-title\" style=\"color:#32373c\">Charg\u00e9e de recherche CNRS classe normale<br \/>GEODE UMR 5602<br \/>\u00c9cologue<br \/>mail : &#114;&#x75;&#112;&#x70;&#101;&#x72;&#116;&#x2e;&#118;&#x69;m&#x61;l&#x40;u&#x6e;i&#x76;-&#x74;l&#x73;e&#x32;&#46;&#x66;r<\/p><div class=\"ab-profile-text\"><p><a href=\"https:\/\/geode.univ-tlse2.fr\/accueil\/personnel\/ruppert-vimal#\/\">Page personnelle labo<\/a><\/p><\/div><ul class=\"ab-social-links\"><\/ul><\/div><\/div>\n\n\n\n<div style=\"background-color:#f2f2f2;color:#32373c\" class=\"wp-block-atomic-blocks-ab-profile-box square ab-has-avatar ab-font-size-14 ab-block-profile ab-profile-columns\"><div class=\"ab-profile-column ab-profile-avatar-wrap\"><div class=\"ab-profile-image-wrap\"><figure class=\"ab-profile-image-square\"><img loading=\"lazy\" decoding=\"async\" width=\"960\" height=\"720\" class=\"ab-profile-avatar wp-image-473\" src=\"https:\/\/blogs.univ-tlse2.fr\/paacte-filiere-pastorale-occitanie\/files\/2024\/06\/maela_baty.jpg\" alt=\"\" srcset=\"https:\/\/blogs.univ-tlse2.fr\/paacte-filiere-pastorale-occitanie\/files\/2024\/06\/maela_baty.jpg 960w, https:\/\/blogs.univ-tlse2.fr\/paacte-filiere-pastorale-occitanie\/files\/2024\/06\/maela_baty-300x225.jpg 300w, https:\/\/blogs.univ-tlse2.fr\/paacte-filiere-pastorale-occitanie\/files\/2024\/06\/maela_baty-768x576.jpg 768w, https:\/\/blogs.univ-tlse2.fr\/paacte-filiere-pastorale-occitanie\/files\/2024\/06\/maela_baty-676x507.jpg 676w\" sizes=\"auto, (max-width: 960px) 100vw, 960px\" \/><\/figure><\/div><\/div><div class=\"ab-profile-column ab-profile-content-wrap\"><h2 class=\"ab-profile-name\" style=\"color:#32373c\">Maela Baty<\/h2><p class=\"ab-profile-title\" style=\"color:#32373c\">sont poste ? sa fonction ?<br \/>GEODE UMR 5602 ???<br \/><br \/>mail : &#8212;<\/p><div class=\"ab-profile-text\"><p><\/p><\/div><ul class=\"ab-social-links\"><\/ul><\/div><\/div>\n\n\n\n<div style=\"background-color:#f2f2f2;color:#32373c\" class=\"wp-block-atomic-blocks-ab-profile-box square ab-has-avatar ab-font-size-14 ab-block-profile ab-profile-columns\"><div class=\"ab-profile-column ab-profile-avatar-wrap\"><div class=\"ab-profile-image-wrap\"><figure class=\"ab-profile-image-square\"><img loading=\"lazy\" decoding=\"async\" width=\"960\" height=\"720\" class=\"ab-profile-avatar wp-image-474\" src=\"https:\/\/blogs.univ-tlse2.fr\/paacte-filiere-pastorale-occitanie\/files\/2024\/06\/zoe_heim.jpg\" alt=\"\" srcset=\"https:\/\/blogs.univ-tlse2.fr\/paacte-filiere-pastorale-occitanie\/files\/2024\/06\/zoe_heim.jpg 960w, https:\/\/blogs.univ-tlse2.fr\/paacte-filiere-pastorale-occitanie\/files\/2024\/06\/zoe_heim-300x225.jpg 300w, https:\/\/blogs.univ-tlse2.fr\/paacte-filiere-pastorale-occitanie\/files\/2024\/06\/zoe_heim-768x576.jpg 768w, https:\/\/blogs.univ-tlse2.fr\/paacte-filiere-pastorale-occitanie\/files\/2024\/06\/zoe_heim-676x507.jpg 676w\" sizes=\"auto, (max-width: 960px) 100vw, 960px\" \/><\/figure><\/div><\/div><div class=\"ab-profile-column ab-profile-content-wrap\"><h2 class=\"ab-profile-name\" style=\"color:#32373c\">Zo\u00e9 Heim<\/h2><p class=\"ab-profile-title\" style=\"color:#32373c\">&#8212;<br \/>GEODE UMR 5602 ???<br \/>&#8212;<br \/>mail : &#8212;<\/p><div class=\"ab-profile-text\"><p><\/p><\/div><ul class=\"ab-social-links\"><\/ul><\/div><\/div>\n\n\n\n<div style=\"background-color:#f2f2f2;color:#32373c\" class=\"wp-block-atomic-blocks-ab-profile-box square ab-has-avatar ab-font-size-14 ab-block-profile ab-profile-columns\"><div class=\"ab-profile-column ab-profile-avatar-wrap\"><div class=\"ab-profile-image-wrap\"><figure class=\"ab-profile-image-square\"><img loading=\"lazy\" decoding=\"async\" width=\"389\" height=\"426\" class=\"ab-profile-avatar wp-image-472\" src=\"https:\/\/blogs.univ-tlse2.fr\/paacte-filiere-pastorale-occitanie\/files\/2024\/06\/clara_lelay.jpg\" alt=\"\" srcset=\"https:\/\/blogs.univ-tlse2.fr\/paacte-filiere-pastorale-occitanie\/files\/2024\/06\/clara_lelay.jpg 389w, https:\/\/blogs.univ-tlse2.fr\/paacte-filiere-pastorale-occitanie\/files\/2024\/06\/clara_lelay-274x300.jpg 274w\" sizes=\"auto, (max-width: 389px) 100vw, 389px\" \/><\/figure><\/div><\/div><div class=\"ab-profile-column ab-profile-content-wrap\"><h2 class=\"ab-profile-name\" style=\"color:#32373c\">Clara Lelay<\/h2><p class=\"ab-profile-title\" style=\"color:#32373c\">&#8212;<br \/>GEODE UMR 5602 ???<br \/>&#8212;<br \/>mail : <\/p><div class=\"ab-profile-text\"><p><\/p><\/div><ul class=\"ab-social-links\"><\/ul><\/div><\/div>\n\n\n\n<div style=\"background-color:#f2f2f2;color:#32373c\" class=\"wp-block-atomic-blocks-ab-profile-box square ab-has-avatar ab-font-size-14 ab-block-profile ab-profile-columns\"><div class=\"ab-profile-column ab-profile-avatar-wrap\"><div class=\"ab-profile-image-wrap\"><figure class=\"ab-profile-image-square\"><img loading=\"lazy\" decoding=\"async\" width=\"1200\" height=\"1600\" class=\"ab-profile-avatar wp-image-471\" src=\"https:\/\/blogs.univ-tlse2.fr\/paacte-filiere-pastorale-occitanie\/files\/2024\/06\/lucie_catalano.jpg\" alt=\"\" srcset=\"https:\/\/blogs.univ-tlse2.fr\/paacte-filiere-pastorale-occitanie\/files\/2024\/06\/lucie_catalano.jpg 1200w, https:\/\/blogs.univ-tlse2.fr\/paacte-filiere-pastorale-occitanie\/files\/2024\/06\/lucie_catalano-225x300.jpg 225w, https:\/\/blogs.univ-tlse2.fr\/paacte-filiere-pastorale-occitanie\/files\/2024\/06\/lucie_catalano-768x1024.jpg 768w, https:\/\/blogs.univ-tlse2.fr\/paacte-filiere-pastorale-occitanie\/files\/2024\/06\/lucie_catalano-1152x1536.jpg 1152w, https:\/\/blogs.univ-tlse2.fr\/paacte-filiere-pastorale-occitanie\/files\/2024\/06\/lucie_catalano-676x901.jpg 676w\" sizes=\"auto, (max-width: 1200px) 100vw, 1200px\" \/><\/figure><\/div><\/div><div class=\"ab-profile-column ab-profile-content-wrap\"><h2 class=\"ab-profile-name\" style=\"color:#32373c\">Lucie Catalano<\/h2><p class=\"ab-profile-title\" style=\"color:#32373c\">&#8212;<br \/>GEODE UMR 5602 ???<br \/>&#8212;<br \/>mail : &#8212;<\/p><div class=\"ab-profile-text\"><p><\/p><\/div><ul class=\"ab-social-links\"><\/ul><\/div><\/div>\n<\/div>\n<\/div>\n","protected":false},"excerpt":{"rendered":"","protected":false},"author":968,"featured_media":0,"parent":0,"menu_order":0,"comment_status":"closed","ping_status":"closed","template":"","meta":{"footnotes":""},"class_list":["post-126","page","type-page","status-publish","hentry","post-preview"],"featured_image_src":null,"featured_image_src_square":null,"_links":{"self":[{"href":"https:\/\/blogs.univ-tlse2.fr\/paacte-filiere-pastorale-occitanie\/wp-json\/wp\/v2\/pages\/126","targetHints":{"allow":["GET"]}}],"collection":[{"href":"https:\/\/blogs.univ-tlse2.fr\/paacte-filiere-pastorale-occitanie\/wp-json\/wp\/v2\/pages"}],"about":[{"href":"https:\/\/blogs.univ-tlse2.fr\/paacte-filiere-pastorale-occitanie\/wp-json\/wp\/v2\/types\/page"}],"author":[{"embeddable":true,"href":"https:\/\/blogs.univ-tlse2.fr\/paacte-filiere-pastorale-occitanie\/wp-json\/wp\/v2\/users\/968"}],"replies":[{"embeddable":true,"href":"https:\/\/blogs.univ-tlse2.fr\/paacte-filiere-pastorale-occitanie\/wp-json\/wp\/v2\/comments?post=126"}],"version-history":[{"count":23,"href":"https:\/\/blogs.univ-tlse2.fr\/paacte-filiere-pastorale-occitanie\/wp-json\/wp\/v2\/pages\/126\/revisions"}],"predecessor-version":[{"id":477,"href":"https:\/\/blogs.univ-tlse2.fr\/paacte-filiere-pastorale-occitanie\/wp-json\/wp\/v2\/pages\/126\/revisions\/477"}],"wp:attachment":[{"href":"https:\/\/blogs.univ-tlse2.fr\/paacte-filiere-pastorale-occitanie\/wp-json\/wp\/v2\/media?parent=126"}],"curies":[{"name":"wp","href":"https:\/\/api.w.org\/{rel}","templated":true}]}}