 {"id":530,"date":"2024-05-28T11:14:23","date_gmt":"2024-05-28T09:14:23","guid":{"rendered":"https:\/\/blogs.univ-tlse2.fr\/penserlasante\/?page_id=530"},"modified":"2026-04-14T13:16:54","modified_gmt":"2026-04-14T11:16:54","slug":"podcast-audio-penser-la-sante","status":"publish","type":"page","link":"https:\/\/blogs.univ-tlse2.fr\/penserlasante\/podcast-audio-penser-la-sante\/","title":{"rendered":"Podcast Penser la sant\u00e9"},"content":{"rendered":"\n<figure class=\"wp-block-gallery alignfull has-nested-images columns-4 is-cropped wp-block-gallery-1 is-layout-flex wp-block-gallery-is-layout-flex\">\n<figure class=\"wp-block-image size-large\"><img loading=\"lazy\" decoding=\"async\" width=\"1024\" height=\"576\" data-id=\"658\" src=\"https:\/\/blogs.univ-tlse2.fr\/penserlasante\/files\/2024\/09\/20240829_141535-1024x576.jpeg\" alt=\"\" class=\"wp-image-658\" srcset=\"https:\/\/blogs.univ-tlse2.fr\/penserlasante\/files\/2024\/09\/20240829_141535-1024x576.jpeg 1024w, https:\/\/blogs.univ-tlse2.fr\/penserlasante\/files\/2024\/09\/20240829_141535-300x169.jpeg 300w, https:\/\/blogs.univ-tlse2.fr\/penserlasante\/files\/2024\/09\/20240829_141535-768x432.jpeg 768w, https:\/\/blogs.univ-tlse2.fr\/penserlasante\/files\/2024\/09\/20240829_141535-600x338.jpeg 600w, https:\/\/blogs.univ-tlse2.fr\/penserlasante\/files\/2024\/09\/20240829_141535-1536x864.jpeg 1536w, https:\/\/blogs.univ-tlse2.fr\/penserlasante\/files\/2024\/09\/20240829_141535-2048x1152.jpeg 2048w\" sizes=\"auto, (max-width: 1024px) 100vw, 1024px\" \/><\/figure>\n\n\n\n<figure class=\"wp-block-image size-large\"><img loading=\"lazy\" decoding=\"async\" width=\"1024\" height=\"576\" data-id=\"656\" src=\"https:\/\/blogs.univ-tlse2.fr\/penserlasante\/files\/2024\/09\/20240607_151645-1024x576.jpeg\" alt=\"\" class=\"wp-image-656\" srcset=\"https:\/\/blogs.univ-tlse2.fr\/penserlasante\/files\/2024\/09\/20240607_151645-1024x576.jpeg 1024w, https:\/\/blogs.univ-tlse2.fr\/penserlasante\/files\/2024\/09\/20240607_151645-300x169.jpeg 300w, https:\/\/blogs.univ-tlse2.fr\/penserlasante\/files\/2024\/09\/20240607_151645-768x432.jpeg 768w, https:\/\/blogs.univ-tlse2.fr\/penserlasante\/files\/2024\/09\/20240607_151645-600x338.jpeg 600w, https:\/\/blogs.univ-tlse2.fr\/penserlasante\/files\/2024\/09\/20240607_151645-1536x864.jpeg 1536w, https:\/\/blogs.univ-tlse2.fr\/penserlasante\/files\/2024\/09\/20240607_151645-2048x1152.jpeg 2048w\" sizes=\"auto, (max-width: 1024px) 100vw, 1024px\" \/><\/figure>\n\n\n\n<figure class=\"wp-block-image size-large\"><img loading=\"lazy\" decoding=\"async\" width=\"1024\" height=\"681\" data-id=\"659\" src=\"https:\/\/blogs.univ-tlse2.fr\/penserlasante\/files\/2024\/09\/DSC_0009-1024x681.jpeg\" alt=\"\" class=\"wp-image-659\" srcset=\"https:\/\/blogs.univ-tlse2.fr\/penserlasante\/files\/2024\/09\/DSC_0009-1024x681.jpeg 1024w, https:\/\/blogs.univ-tlse2.fr\/penserlasante\/files\/2024\/09\/DSC_0009-300x199.jpeg 300w, https:\/\/blogs.univ-tlse2.fr\/penserlasante\/files\/2024\/09\/DSC_0009-768x511.jpeg 768w, https:\/\/blogs.univ-tlse2.fr\/penserlasante\/files\/2024\/09\/DSC_0009-600x399.jpeg 600w, https:\/\/blogs.univ-tlse2.fr\/penserlasante\/files\/2024\/09\/DSC_0009-1536x1021.jpeg 1536w, https:\/\/blogs.univ-tlse2.fr\/penserlasante\/files\/2024\/09\/DSC_0009-2048x1362.jpeg 2048w\" sizes=\"auto, (max-width: 1024px) 100vw, 1024px\" \/><\/figure>\n\n\n\n<figure class=\"wp-block-image size-large\"><img loading=\"lazy\" decoding=\"async\" width=\"1008\" height=\"567\" data-id=\"655\" src=\"https:\/\/blogs.univ-tlse2.fr\/penserlasante\/files\/2024\/09\/Penser-la-sante-3-Penser-la-simulation-en-sante-partie-1.jpeg\" alt=\"\" class=\"wp-image-655\" srcset=\"https:\/\/blogs.univ-tlse2.fr\/penserlasante\/files\/2024\/09\/Penser-la-sante-3-Penser-la-simulation-en-sante-partie-1.jpeg 1008w, https:\/\/blogs.univ-tlse2.fr\/penserlasante\/files\/2024\/09\/Penser-la-sante-3-Penser-la-simulation-en-sante-partie-1-300x169.jpeg 300w, https:\/\/blogs.univ-tlse2.fr\/penserlasante\/files\/2024\/09\/Penser-la-sante-3-Penser-la-simulation-en-sante-partie-1-768x432.jpeg 768w, https:\/\/blogs.univ-tlse2.fr\/penserlasante\/files\/2024\/09\/Penser-la-sante-3-Penser-la-simulation-en-sante-partie-1-600x338.jpeg 600w\" sizes=\"auto, (max-width: 1008px) 100vw, 1008px\" \/><\/figure>\n\n\n\n<figure class=\"wp-block-image size-large\"><img loading=\"lazy\" decoding=\"async\" width=\"1024\" height=\"576\" data-id=\"657\" src=\"https:\/\/blogs.univ-tlse2.fr\/penserlasante\/files\/2024\/09\/20240829_100313-1024x576.jpeg\" alt=\"\" class=\"wp-image-657\" srcset=\"https:\/\/blogs.univ-tlse2.fr\/penserlasante\/files\/2024\/09\/20240829_100313-1024x576.jpeg 1024w, https:\/\/blogs.univ-tlse2.fr\/penserlasante\/files\/2024\/09\/20240829_100313-300x169.jpeg 300w, https:\/\/blogs.univ-tlse2.fr\/penserlasante\/files\/2024\/09\/20240829_100313-768x432.jpeg 768w, https:\/\/blogs.univ-tlse2.fr\/penserlasante\/files\/2024\/09\/20240829_100313-600x338.jpeg 600w, https:\/\/blogs.univ-tlse2.fr\/penserlasante\/files\/2024\/09\/20240829_100313-1536x864.jpeg 1536w, https:\/\/blogs.univ-tlse2.fr\/penserlasante\/files\/2024\/09\/20240829_100313-2048x1152.jpeg 2048w\" sizes=\"auto, (max-width: 1024px) 100vw, 1024px\" \/><\/figure>\n\n\n\n<figure class=\"wp-block-image size-large\"><img loading=\"lazy\" decoding=\"async\" width=\"1024\" height=\"576\" data-id=\"678\" src=\"https:\/\/blogs.univ-tlse2.fr\/penserlasante\/files\/2024\/11\/20241021_101306-1024x576.jpeg\" alt=\"\" class=\"wp-image-678\" srcset=\"https:\/\/blogs.univ-tlse2.fr\/penserlasante\/files\/2024\/11\/20241021_101306-1024x576.jpeg 1024w, https:\/\/blogs.univ-tlse2.fr\/penserlasante\/files\/2024\/11\/20241021_101306-300x169.jpeg 300w, https:\/\/blogs.univ-tlse2.fr\/penserlasante\/files\/2024\/11\/20241021_101306-768x432.jpeg 768w, https:\/\/blogs.univ-tlse2.fr\/penserlasante\/files\/2024\/11\/20241021_101306-600x338.jpeg 600w, https:\/\/blogs.univ-tlse2.fr\/penserlasante\/files\/2024\/11\/20241021_101306-1536x864.jpeg 1536w, https:\/\/blogs.univ-tlse2.fr\/penserlasante\/files\/2024\/11\/20241021_101306-2048x1152.jpeg 2048w\" sizes=\"auto, (max-width: 1024px) 100vw, 1024px\" \/><\/figure>\n\n\n\n<figure class=\"wp-block-image size-large\"><img loading=\"lazy\" decoding=\"async\" width=\"1024\" height=\"576\" data-id=\"718\" src=\"https:\/\/blogs.univ-tlse2.fr\/penserlasante\/files\/2025\/01\/20241217_090657-1024x576.jpg\" alt=\"\" class=\"wp-image-718\" srcset=\"https:\/\/blogs.univ-tlse2.fr\/penserlasante\/files\/2025\/01\/20241217_090657-1024x576.jpg 1024w, https:\/\/blogs.univ-tlse2.fr\/penserlasante\/files\/2025\/01\/20241217_090657-300x169.jpg 300w, https:\/\/blogs.univ-tlse2.fr\/penserlasante\/files\/2025\/01\/20241217_090657-768x432.jpg 768w, https:\/\/blogs.univ-tlse2.fr\/penserlasante\/files\/2025\/01\/20241217_090657-600x338.jpg 600w, https:\/\/blogs.univ-tlse2.fr\/penserlasante\/files\/2025\/01\/20241217_090657-1536x864.jpg 1536w, https:\/\/blogs.univ-tlse2.fr\/penserlasante\/files\/2025\/01\/20241217_090657-2048x1152.jpg 2048w\" sizes=\"auto, (max-width: 1024px) 100vw, 1024px\" \/><\/figure>\n\n\n\n<figure class=\"wp-block-image size-large\"><img loading=\"lazy\" decoding=\"async\" width=\"1024\" height=\"576\" data-id=\"719\" src=\"https:\/\/blogs.univ-tlse2.fr\/penserlasante\/files\/2025\/01\/20241216_093028-1024x576.jpg\" alt=\"\" class=\"wp-image-719\" srcset=\"https:\/\/blogs.univ-tlse2.fr\/penserlasante\/files\/2025\/01\/20241216_093028-1024x576.jpg 1024w, https:\/\/blogs.univ-tlse2.fr\/penserlasante\/files\/2025\/01\/20241216_093028-300x169.jpg 300w, https:\/\/blogs.univ-tlse2.fr\/penserlasante\/files\/2025\/01\/20241216_093028-768x432.jpg 768w, https:\/\/blogs.univ-tlse2.fr\/penserlasante\/files\/2025\/01\/20241216_093028-600x338.jpg 600w, https:\/\/blogs.univ-tlse2.fr\/penserlasante\/files\/2025\/01\/20241216_093028-1536x864.jpg 1536w, https:\/\/blogs.univ-tlse2.fr\/penserlasante\/files\/2025\/01\/20241216_093028-2048x1152.jpg 2048w\" sizes=\"auto, (max-width: 1024px) 100vw, 1024px\" \/><\/figure>\n\n\n\n<figure class=\"wp-block-image size-large\"><img loading=\"lazy\" decoding=\"async\" width=\"1024\" height=\"576\" data-id=\"855\" src=\"https:\/\/blogs.univ-tlse2.fr\/penserlasante\/files\/2025\/05\/20250206_145805-1024x576.jpg\" alt=\"\" class=\"wp-image-855\" srcset=\"https:\/\/blogs.univ-tlse2.fr\/penserlasante\/files\/2025\/05\/20250206_145805-1024x576.jpg 1024w, https:\/\/blogs.univ-tlse2.fr\/penserlasante\/files\/2025\/05\/20250206_145805-300x169.jpg 300w, https:\/\/blogs.univ-tlse2.fr\/penserlasante\/files\/2025\/05\/20250206_145805-768x432.jpg 768w, https:\/\/blogs.univ-tlse2.fr\/penserlasante\/files\/2025\/05\/20250206_145805-600x338.jpg 600w, https:\/\/blogs.univ-tlse2.fr\/penserlasante\/files\/2025\/05\/20250206_145805-1536x864.jpg 1536w, https:\/\/blogs.univ-tlse2.fr\/penserlasante\/files\/2025\/05\/20250206_145805-2048x1152.jpg 2048w\" sizes=\"auto, (max-width: 1024px) 100vw, 1024px\" \/><\/figure>\n\n\n\n<figure class=\"wp-block-image size-large\"><img loading=\"lazy\" decoding=\"async\" width=\"1024\" height=\"576\" data-id=\"853\" src=\"https:\/\/blogs.univ-tlse2.fr\/penserlasante\/files\/2025\/05\/20250204_140056-1024x576.jpg\" alt=\"\" class=\"wp-image-853\" srcset=\"https:\/\/blogs.univ-tlse2.fr\/penserlasante\/files\/2025\/05\/20250204_140056-1024x576.jpg 1024w, https:\/\/blogs.univ-tlse2.fr\/penserlasante\/files\/2025\/05\/20250204_140056-300x169.jpg 300w, https:\/\/blogs.univ-tlse2.fr\/penserlasante\/files\/2025\/05\/20250204_140056-768x432.jpg 768w, https:\/\/blogs.univ-tlse2.fr\/penserlasante\/files\/2025\/05\/20250204_140056-600x338.jpg 600w, https:\/\/blogs.univ-tlse2.fr\/penserlasante\/files\/2025\/05\/20250204_140056-1536x864.jpg 1536w, https:\/\/blogs.univ-tlse2.fr\/penserlasante\/files\/2025\/05\/20250204_140056-2048x1152.jpg 2048w\" sizes=\"auto, (max-width: 1024px) 100vw, 1024px\" \/><\/figure>\n\n\n\n<figure class=\"wp-block-image size-large\"><img loading=\"lazy\" decoding=\"async\" width=\"1024\" height=\"576\" data-id=\"720\" src=\"https:\/\/blogs.univ-tlse2.fr\/penserlasante\/files\/2025\/01\/20241118_154021-1024x576.jpg\" alt=\"\" class=\"wp-image-720\" srcset=\"https:\/\/blogs.univ-tlse2.fr\/penserlasante\/files\/2025\/01\/20241118_154021-1024x576.jpg 1024w, https:\/\/blogs.univ-tlse2.fr\/penserlasante\/files\/2025\/01\/20241118_154021-300x169.jpg 300w, https:\/\/blogs.univ-tlse2.fr\/penserlasante\/files\/2025\/01\/20241118_154021-768x432.jpg 768w, https:\/\/blogs.univ-tlse2.fr\/penserlasante\/files\/2025\/01\/20241118_154021-600x338.jpg 600w, https:\/\/blogs.univ-tlse2.fr\/penserlasante\/files\/2025\/01\/20241118_154021-1536x864.jpg 1536w, https:\/\/blogs.univ-tlse2.fr\/penserlasante\/files\/2025\/01\/20241118_154021-2048x1152.jpg 2048w\" sizes=\"auto, (max-width: 1024px) 100vw, 1024px\" \/><\/figure>\n\n\n\n<figure class=\"wp-block-image size-large\"><img loading=\"lazy\" decoding=\"async\" width=\"1024\" height=\"576\" data-id=\"723\" src=\"https:\/\/blogs.univ-tlse2.fr\/penserlasante\/files\/2025\/01\/20241105_090241-1024x576.jpg\" alt=\"\" class=\"wp-image-723\" srcset=\"https:\/\/blogs.univ-tlse2.fr\/penserlasante\/files\/2025\/01\/20241105_090241-1024x576.jpg 1024w, https:\/\/blogs.univ-tlse2.fr\/penserlasante\/files\/2025\/01\/20241105_090241-300x169.jpg 300w, https:\/\/blogs.univ-tlse2.fr\/penserlasante\/files\/2025\/01\/20241105_090241-768x432.jpg 768w, https:\/\/blogs.univ-tlse2.fr\/penserlasante\/files\/2025\/01\/20241105_090241-600x338.jpg 600w, https:\/\/blogs.univ-tlse2.fr\/penserlasante\/files\/2025\/01\/20241105_090241-1536x864.jpg 1536w, https:\/\/blogs.univ-tlse2.fr\/penserlasante\/files\/2025\/01\/20241105_090241-2048x1152.jpg 2048w\" sizes=\"auto, (max-width: 1024px) 100vw, 1024px\" \/><\/figure>\n<\/figure>\n\n\n\n\n\n<p class=\"has-text-align-center\">Que se passe-t-il dans un service de r\u00e9animation ? Comment les soignants aident les malades chroniques ? \u00c0 quoi sert la simulation en sant\u00e9 ? Quelle est la place des familles dans les services de soins ? Est-il possible d\u2019avoir une intimit\u00e9, une vie affective et sexuelle \u00e0 l\u2019h\u00f4pital ?&nbsp;<\/p>\n\n\n\n<p class=\"has-text-align-center\">Penser la sant\u00e9 est le podcast du R\u00e9seau de recherche Penser la Sant\u00e9. Chaque \u00e9pisode vous propose d\u2019aborder un th\u00e8me issu de situations de soin pour explorer les enjeux des pratiques et de leurs \u00e9volutions.&nbsp;<\/p>\n\n\n\n<p class=\"has-text-align-center\">Pour penser la sant\u00e9, nous accueillons des sp\u00e9cialistes de ce domaine : des professionnels du monde de la sant\u00e9 (m\u00e9decins, infirmiers, psychologues\u2026), mais aussi des chercheurs universitaires qui consacrent leur travail \u00e0 la r\u00e9flexion sur la sant\u00e9.&nbsp;<\/p>\n\n\n\n<p class=\"has-text-align-center\">Animation : Flora Bastiani, \u00c9lisa Calvet et Charlotte Piarulli.&nbsp;<\/p>\n\n\n\n<h2 class=\"wp-block-heading has-text-align-center\" style=\"font-size:clamp(0.929rem, 0.929rem + ((1vw - 0.2rem) * 0.785), 1.4rem);\"><mark style=\"background-color:#111111\" class=\"has-inline-color has-base-2-color\">*Retrouver-nous chaque mardi en dehors des cong\u00e9s scolaires*<\/mark><\/h2>\n\n\n\n<div style=\"width: 560px;height: 315px;margin: auto\"><iframe loading=\"lazy\" width=\"560\" height=\"315\" src=\"https:\/\/prismes.univ-toulouse.fr\/player.php?code=BAwe3FYA&amp;width=100%&amp;height=100%\"><\/iframe><\/div>\n\n\n\n<div style=\"height:39px\" aria-hidden=\"true\" class=\"wp-block-spacer\"><\/div>\n\n\n\n<h2 class=\"wp-block-heading\">Episode 1 : Penser la fin de vie<\/h2>\n\n\n\n<h3 class=\"wp-block-heading\">Avec Brieuc HENRI et Anne-Marie SAVARD<\/h3>\n\n\n\n<div class=\"wp-block-group has-global-padding is-layout-constrained wp-block-group-is-layout-constrained\">\n<p>La loi sur l\u2019aide \u00e0 mourir suscite le d\u00e9bat en France, mais quels changements apportera-t-elle aux soins palliatifs ? Certains \u00c9tats, comme le Qu\u00e9bec, ont d\u00e9j\u00e0 l\u00e9gif\u00e9r\u00e9 sur l\u2019aide active \u00e0 mourir. Que pouvons-nous apprendre de leur exp\u00e9rience ?&nbsp;<\/p>\n\n\n\n<div class=\"wp-block-buttons is-content-justification-center is-layout-flex wp-container-core-buttons-is-layout-a89b3969 wp-block-buttons-is-layout-flex\">\n<div class=\"wp-block-button\"><a class=\"wp-block-button__link has-medium-font-size has-text-align-center has-custom-font-size wp-element-button\" href=\"https:\/\/app.wooclap.com\/HCLERN\/questionnaires\/6739c48194cdc98d1b39010e\"><strong>Testez-vous apr\u00e8s l&rsquo;\u00e9coute de l&rsquo;\u00e9pisode 1 !<\/strong><\/a><\/div>\n<\/div>\n\n\n\n<p>Partie 1 : \u00c9couter sur <strong><a href=\"https:\/\/miroir.univ-tlse2.fr\/2024\/05\/31\/penser-la-fin-de-vie-partie-1-penser-la-sante-1\/\" data-type=\"link\" data-id=\"https:\/\/miroir.univ-tlse2.fr\/2024\/05\/31\/penser-la-fin-de-vie-partie-1-penser-la-sante-1\/\">Miroir<\/a><\/strong> \/ sur <strong><a href=\"https:\/\/deezer.page.link\/SXVbaKcHGqFhnBtZ6\" data-type=\"link\" data-id=\"https:\/\/deezer.page.link\/SXVbaKcHGqFhnBtZ6\">Deezer<\/a><\/strong><\/p>\n\n\n\n<div style=\"height:15px\" aria-hidden=\"true\" class=\"wp-block-spacer\"><\/div>\n\n\n\n<div style=\"width: 560px;height: 315px;margin: auto\"><iframe loading=\"lazy\" width=\"560\" height=\"315\" src=\"https:\/\/www.canal-u.tv\/chaines\/ut2j\/embed\/154144?t=0\"><\/iframe><\/div>\n\n\n\n<div style=\"height:15px\" aria-hidden=\"true\" class=\"wp-block-spacer\"><\/div>\n\n\n\n<p>Partie 2 : \u00c9couter sur <strong><a href=\"https:\/\/miroir.univ-tlse2.fr\/2024\/06\/07\/penser-la-fin-de-vie-partie-2-penser-la-sante-1\/\" data-type=\"link\" data-id=\"https:\/\/miroir.univ-tlse2.fr\/2024\/06\/07\/penser-la-fin-de-vie-partie-2-penser-la-sante-1\/\">Miroir<\/a><\/strong> \/ sur <a href=\"https:\/\/deezer.page.link\/SGh4pGhJUXERshEa7\"><strong>Deezer<\/strong><\/a><\/p>\n<\/div>\n\n\n\n<div style=\"height:15px\" aria-hidden=\"true\" class=\"wp-block-spacer\"><\/div>\n\n\n\n<div style=\"width: 560px;height: 315px;margin: auto\"><iframe loading=\"lazy\" width=\"560\" height=\"315\" src=\"https:\/\/www.canal-u.tv\/chaines\/ut2j\/embed\/154322?t=0\"><\/iframe><\/div>\n\n\n\n<div style=\"height:15px\" aria-hidden=\"true\" class=\"wp-block-spacer\"><\/div>\n\n\n\n<h2 class=\"wp-block-heading\">Episode 2 : Penser la douleur chronique<\/h2>\n\n\n\n<p><\/p>\n\n\n\n<p><\/p>\n\n\n\n<h3 class=\"wp-block-heading\">Avec Antoine ELYN, Laura BONNOT, Mathilde BARET et Cyrille PLANQUOIS<\/h3>\n\n\n\n<p><\/p>\n\n\n\n<p><\/p>\n\n\n\n<p>Comment soulager la douleur lorsqu\u2019elle devient rebelle aux traitements ? Au-del\u00e0 de la maladie, certains patients sont confront\u00e9s \u00e0 la r\u00e9currence d\u2019une douleur qui ne trouve aucune r\u00e9ponse. La douleur fait partie de leur vie quotidienne. Nos invit\u00e9s sont sp\u00e9cialiste de la prise en charge de la douleur chronique et nous aident \u00e0 comprendre en quoi consiste leur accompagnement.<\/p>\n\n\n\n<p><\/p>\n\n\n\n<p><\/p>\n\n\n\n<p>Partie 1 : \u00c9couter sur <a href=\"https:\/\/blogs.univ-tlse2.fr\/miroir\/2024\/06\/17\/soigner-les-douleurs-chroniques-partie-1-penser-la-sante-2\/\" data-type=\"link\" data-id=\"https:\/\/blogs.univ-tlse2.fr\/miroir\/2024\/06\/17\/soigner-les-douleurs-chroniques-partie-1-penser-la-sante-2\/\"><strong>Miroir<\/strong><\/a> \/ sur <a href=\"https:\/\/deezer.page.link\/HkDDBEeNkXhcL5MW6\" data-type=\"link\" data-id=\"https:\/\/deezer.page.link\/HkDDBEeNkXhcL5MW6\"><strong>Deezer<\/strong><\/a><\/p>\n\n\n\n<div style=\"height:15px\" aria-hidden=\"true\" class=\"wp-block-spacer\"><\/div>\n\n\n\n<div style=\"width: 560px;height: 315px;margin: auto\"><iframe loading=\"lazy\" width=\"560\" height=\"315\" src=\"https:\/\/www.canal-u.tv\/chaines\/ut2j\/embed\/155282?t=0\"><\/iframe><\/div>\n\n\n\n<div style=\"height:15px\" aria-hidden=\"true\" class=\"wp-block-spacer\"><\/div>\n\n\n\n<p>Partie 2 : \u00c9couter sur <strong><a href=\"https:\/\/blogs.univ-tlse2.fr\/miroir\/2024\/06\/25\/penser-la-douleur-chronique-partie-2-penser-la-sante-2\/?doing_wp_cron=1719300111.6451759338378906250000\" data-type=\"link\" data-id=\"https:\/\/blogs.univ-tlse2.fr\/miroir\/2024\/06\/25\/penser-la-douleur-chronique-partie-2-penser-la-sante-2\/?doing_wp_cron=1719300111.6451759338378906250000\">Miroir<\/a><\/strong> \/ sur <strong><a href=\"https:\/\/deezer.page.link\/cb3sWkyjHHEaBFkp7\" data-type=\"link\" data-id=\"https:\/\/deezer.page.link\/cb3sWkyjHHEaBFkp7\">Deezer<\/a><\/strong><\/p>\n\n\n\n<div style=\"height:15px\" aria-hidden=\"true\" class=\"wp-block-spacer\"><\/div>\n\n\n\n<div style=\"width: 560px;height: 315px;margin: auto\"><iframe loading=\"lazy\" width=\"560\" height=\"315\" src=\"https:\/\/www.canal-u.tv\/chaines\/ut2j\/embed\/155293?t=0\"><\/iframe><\/div>\n\n\n\n<div style=\"height:15px\" aria-hidden=\"true\" class=\"wp-block-spacer\"><\/div>\n\n\n\n<h2 class=\"wp-block-heading\">Episode 3 : Penser la simulation<\/h2>\n\n\n\n<p><\/p>\n\n\n\n<p><\/p>\n\n\n\n<h3 class=\"wp-block-heading\">Avec Pierre RODA, Corinne GRUELLES et S\u00e9bastien COUARRAZE<\/h3>\n\n\n\n<p><\/p>\n\n\n\n<p><\/p>\n\n\n\n<p>Comment apprendre \u00e0 soigner, \u00e0 travailler en \u00e9quipe ou \u00e0 annoncer un d\u00e9c\u00e8s ? La simulation en sant\u00e9 cherche \u00e0 offrir aux soignants des occasions d\u2019apprendre sans exposer des patients \u00e0 devenir les cobayes des soignants en formation, mais aussi \u00e0 permettre un apprentissage des gestes de soin dans un environnement s\u00e9curisant.<\/p>\n\n\n\n<p><\/p>\n\n\n\n<p><\/p>\n\n\n\n<p>Partie 1 : \u00c9couter sur <strong><a href=\"https:\/\/miroir.univ-tlse2.fr\/2024\/09\/03\/penser-la-simulation-en-sante-partie-1-penser-la-sante-3\/\" data-type=\"link\" data-id=\"https:\/\/miroir.univ-tlse2.fr\/2024\/09\/03\/penser-la-simulation-en-sante-partie-1-penser-la-sante-3\/\">Miroir <\/a><\/strong>\/ sur <strong><a href=\"https:\/\/deezer.page.link\/JETMKBbov7JFPbJX6\" data-type=\"link\" data-id=\"https:\/\/deezer.page.link\/JETMKBbov7JFPbJX6\">Deezer<\/a><\/strong><\/p>\n\n\n\n<div style=\"height:15px\" aria-hidden=\"true\" class=\"wp-block-spacer\"><\/div>\n\n\n\n<div style=\"width: 560px;height: 315px;margin: auto\"><iframe loading=\"lazy\" width=\"560\" height=\"315\" src=\"https:\/\/www.canal-u.tv\/chaines\/ut2j\/embed\/156483?t=0\"><\/iframe><\/div>\n\n\n\n<div style=\"height:15px\" aria-hidden=\"true\" class=\"wp-block-spacer\"><\/div>\n\n\n\n<p><\/p>\n\n\n\n<p>Partie 2 : \u00c9couter sur <strong><a href=\"https:\/\/miroir.univ-tlse2.fr\/2024\/09\/10\/penser-la-simulation-en-sante-partie-2-penser-la-sante-3\/\" data-type=\"link\" data-id=\"https:\/\/miroir.univ-tlse2.fr\/2024\/09\/10\/penser-la-simulation-en-sante-partie-2-penser-la-sante-3\/\">Miroir<\/a><\/strong> \/ sur <strong><a href=\"https:\/\/deezer.page.link\/st4o7sWnNBtozjZS6\" data-type=\"link\" data-id=\"https:\/\/deezer.page.link\/st4o7sWnNBtozjZS6\">Deezer<\/a><\/strong><\/p>\n\n\n\n<div style=\"height:15px\" aria-hidden=\"true\" class=\"wp-block-spacer\"><\/div>\n\n\n\n<div style=\"width: 560px;height: 315px;margin: auto\"><iframe loading=\"lazy\" width=\"560\" height=\"315\" src=\"https:\/\/www.canal-u.tv\/chaines\/ut2j\/embed\/156489?t=0\"><\/iframe><\/div>\n\n\n\n<div style=\"height:15px\" aria-hidden=\"true\" class=\"wp-block-spacer\"><\/div>\n\n\n\n<p><\/p>\n\n\n\n<h2 class=\"wp-block-heading\">Episode 4 : Penser le soin carc\u00e9ral<\/h2>\n\n\n\n<p><\/p>\n\n\n\n<p><\/p>\n\n\n\n<h3 class=\"wp-block-heading\">Avec Aude LAGARRIGUE et Julia SCHMITZ<\/h3>\n\n\n\n<p><\/p>\n\n\n\n<p><\/p>\n\n\n\n<p class=\"has-medium-font-size\">Comment faire cohabiter incarc\u00e9ration et droit \u00e0 la sant\u00e9 ? Est-il moral de soigner des d\u00e9linquants ? Le droit fait cohabiter la privation de libert\u00e9 et la continuit\u00e9 des soins, mais n\u2019est-ce pas contradictoire ?<\/p>\n\n\n\n<p><\/p>\n\n\n\n<p><\/p>\n\n\n\n<p>Partie 1 : \u00c9couter sur <strong><a href=\"https:\/\/miroir.univ-tlse2.fr\/2024\/09\/17\/penser-le-soin-carceral-partie-1-penser-la-sante-4\/\" data-type=\"link\" data-id=\"https:\/\/miroir.univ-tlse2.fr\/2024\/09\/17\/penser-le-soin-carceral-partie-1-penser-la-sante-4\/\">Miroir<\/a><\/strong> \/ sur <strong><a href=\"https:\/\/deezer.page.link\/Zc7yBC1mrdnuxsgo9\" data-type=\"link\" data-id=\"https:\/\/deezer.page.link\/Zc7yBC1mrdnuxsgo9\">Deezer<\/a><\/strong><\/p>\n\n\n\n<div style=\"height:15px\" aria-hidden=\"true\" class=\"wp-block-spacer\"><\/div>\n\n\n\n<div style=\"width: 560px;height: 315px;margin: auto\"><iframe loading=\"lazy\" width=\"560\" height=\"315\" src=\"https:\/\/www.canal-u.tv\/chaines\/ut2j\/embed\/157039?t=0\"><\/iframe><\/div>\n\n\n\n<div style=\"height:15px\" aria-hidden=\"true\" class=\"wp-block-spacer\"><\/div>\n\n\n\n<p>Partie 2 : \u00c9couter sur <strong><a href=\"https:\/\/miroir.univ-tlse2.fr\/2024\/09\/24\/penser-le-soin-carceral-partie-2-penser-la-sante-4\/\" data-type=\"link\" data-id=\"https:\/\/miroir.univ-tlse2.fr\/2024\/09\/24\/penser-le-soin-carceral-partie-2-penser-la-sante-4\/\">Miroir<\/a><\/strong> \/ sur <strong><a href=\"https:\/\/deezer.page.link\/Xk4j1m86aD55b6hG9\" data-type=\"link\" data-id=\"https:\/\/deezer.page.link\/Xk4j1m86aD55b6hG9\">Deezer<\/a><\/strong><\/p>\n\n\n\n<div style=\"height:15px\" aria-hidden=\"true\" class=\"wp-block-spacer\"><\/div>\n\n\n\n<div style=\"width: 560px;height: 315px;margin: auto\"><iframe loading=\"lazy\" width=\"560\" height=\"315\" src=\"https:\/\/www.canal-u.tv\/chaines\/ut2j\/embed\/157040?t=0\"><\/iframe><\/div>\n\n\n\n<div style=\"height:15px\" aria-hidden=\"true\" class=\"wp-block-spacer\"><\/div>\n\n\n\n<h2 class=\"wp-block-heading\">Episode 5 : Penser la SLA<\/h2>\n\n\n\n<p><\/p>\n\n\n\n<p><\/p>\n\n\n\n<h3 class=\"wp-block-heading\">Avec Sophie DUFAU et Harmony LEFEVRE<\/h3>\n\n\n\n<p><\/p>\n\n\n\n<p><\/p>\n\n\n\n<p class=\"has-medium-font-size\">Que peut-on faire pour des patients sans espoir de gu\u00e9rison ? Souvent prise pour exemple pour soutenir une loi sur l\u2019euthanasie, la Scl\u00e9rose Lat\u00e9rale Amyotrophique (SLA) est une maladie neurod\u00e9g\u00e9n\u00e9rative mortelle et sans aucun traitement curatif \u00e0 ce jour. Comment accompagner les malades et leurs proches ?<\/p>\n\n\n\n<p><\/p>\n\n\n\n<p><\/p>\n\n\n\n<p>Partie 1 : \u00c9couter sur <strong><a href=\"https:\/\/miroir.univ-tlse2.fr\/2024\/10\/01\/penser-la-sla-partie-1-penser-la-sante-5\/\" data-type=\"link\" data-id=\"https:\/\/miroir.univ-tlse2.fr\/2024\/10\/01\/penser-la-sla-partie-1-penser-la-sante-5\/\">Miroir<\/a><\/strong> \/ sur <strong><a href=\"https:\/\/deezer.page.link\/v9FfcPrTMKrRrv8L8\" data-type=\"link\" data-id=\"https:\/\/deezer.page.link\/v9FfcPrTMKrRrv8L8\">Deezer<\/a><\/strong><\/p>\n\n\n\n<div style=\"height:15px\" aria-hidden=\"true\" class=\"wp-block-spacer\"><\/div>\n\n\n\n<div style=\"width: 560px;height: 315px;margin: auto\"><iframe loading=\"lazy\" width=\"560\" height=\"315\" src=\"https:\/\/www.canal-u.tv\/chaines\/ut2j\/embed\/157044?t=0\"><\/iframe><\/div>\n\n\n\n<div style=\"height:15px\" aria-hidden=\"true\" class=\"wp-block-spacer\"><\/div>\n\n\n\n<p>Partie 2 : \u00c9couter sur <strong><a href=\"https:\/\/miroir.univ-tlse2.fr\/2024\/10\/15\/penser-la-sclerose-laterale-amyotrophique-sla-partie-2-penser-la-sante-5\/\" data-type=\"link\" data-id=\"https:\/\/miroir.univ-tlse2.fr\/2024\/10\/15\/penser-la-sclerose-laterale-amyotrophique-sla-partie-2-penser-la-sante-5\/\">Miroir<\/a><\/strong> \/ <strong><a href=\"https:\/\/deezer.page.link\/oUyyu2RD6sg3X7Bg7\" data-type=\"link\" data-id=\"https:\/\/deezer.page.link\/oUyyu2RD6sg3X7Bg7\">Deezer<\/a><\/strong><\/p>\n\n\n\n<div style=\"height:15px\" aria-hidden=\"true\" class=\"wp-block-spacer\"><\/div>\n\n\n\n<div style=\"width: 560px;height: 315px;margin: auto\"><iframe loading=\"lazy\" width=\"560\" height=\"315\" src=\"https:\/\/www.canal-u.tv\/chaines\/ut2j\/embed\/157046?t=0\"><\/iframe><\/div>\n\n\n\n<div style=\"height:15px\" aria-hidden=\"true\" class=\"wp-block-spacer\"><\/div>\n\n\n\n<h2 class=\"wp-block-heading\">Episode 6 : Penser la coll\u00e9gialit\u00e9 en sant\u00e9<\/h2>\n\n\n\n<p><\/p>\n\n\n\n<p><\/p>\n\n\n\n<h3 class=\"wp-block-heading\">Avec Anne-S\u00e9verine PAILLET et \u00c9milie GILBERT-FONTAN<\/h3>\n\n\n\n<p><\/p>\n\n\n\n<p><\/p>\n\n\n\n<p>La proc\u00e9dure coll\u00e9giale est consid\u00e9r\u00e9e comme un moyen concret de faire entrer l\u2019\u00e9thique dans le quotidien des services de sant\u00e9 en prenant le temps de mener une discussion argument\u00e9e o\u00f9 chacun a la possibilit\u00e9 d\u2019exprimer ses doutes, ses certitudes ou son ressenti vis-\u00e0-vis d\u2019une situation de soin complexe. Mais est-ce qu\u2019on peut vraiment partager la d\u00e9lib\u00e9ration m\u00e9dicale ? Et comment les param\u00e9dicaux trouvent-t-ils leur place dans ces proc\u00e9dures ?<\/p>\n\n\n\n<p><\/p>\n\n\n\n<p><\/p>\n\n\n\n<p>Partie 1 : \u00c9couter sur <strong><a href=\"https:\/\/miroir.univ-tlse2.fr\/2024\/11\/05\/penser-la-collegialite-en-sante-partie-1-penser-la-sante-6\/\">Miroir<\/a><\/strong> \/ sur <a href=\"https:\/\/deezer.com\/show\/5973057\"><strong>Deezer<\/strong><\/a><\/p>\n\n\n\n<div style=\"height:15px\" aria-hidden=\"true\" class=\"wp-block-spacer\"><\/div>\n\n\n\n<div style=\"width: 560px;height: 315px;margin: auto\"><iframe loading=\"lazy\" width=\"560\" height=\"315\" src=\"https:\/\/www.canal-u.tv\/chaines\/ut2j\/embed\/158431?t=0\"><\/iframe><\/div>\n\n\n\n<p><\/p>\n\n\n\n<p>Partie 2 : \u00c9couter sur <strong><a href=\"https:\/\/miroir.univ-tlse2.fr\/2024\/11\/14\/penser-la-collegialite-en-sante-partie-2-penser-la-sante-6\/\">Miroir<\/a><\/strong> \/ sur <strong><a href=\"https:\/\/deezer.page.link\/RgC9j7SRZyeUyRmLA\">Deezer<\/a><\/strong><\/p>\n\n\n\n<div style=\"height:15px\" aria-hidden=\"true\" class=\"wp-block-spacer\"><\/div>\n\n\n\n<div style=\"width: 560px;height: 315px;margin: auto\"><iframe loading=\"lazy\" width=\"560\" height=\"315\" src=\"https:\/\/www.canal-u.tv\/chaines\/ut2j\/embed\/158433?t=0\"><\/iframe><\/div>\n\n\n\n<div style=\"height:15px\" aria-hidden=\"true\" class=\"wp-block-spacer\"><\/div>\n\n\n\n<p><\/p>\n\n\n\n<h2 class=\"wp-block-heading\">Episode 7 : Penser le pr\u00e9l\u00e8vement d&rsquo;organes<\/h2>\n\n\n\n<p><\/p>\n\n\n\n<p><\/p>\n\n\n\n<h3 class=\"wp-block-heading\">Avec Marie ANDR\u00c9, Xavier BIOY et Guillaume DUCOS<\/h3>\n\n\n\n<p><\/p>\n\n\n\n<p><\/p>\n\n\n\n<p>Comment le corps sera-t-il trait\u00e9 ? Pourra-t-on retrouver la d\u00e9pouille de son proche pour les rites fun\u00e9raires ?&nbsp;Le don d\u2019organes questionne notre mani\u00e8re de penser la vie et la mort.&nbsp;Plus profond\u00e9ment encore, cette pratique du pr\u00e9l\u00e8vement pose la question d\u2019un devenir qui para\u00eet tabou : celui du corps en tant que cadavre.<\/p>\n\n\n\n<p><\/p>\n\n\n\n<p><\/p>\n\n\n\n<p>Partie 1 : \u00c9couter sur <strong><a href=\"https:\/\/miroir.univ-tlse2.fr\/2024\/11\/26\/penser-le-prelevement-dorganes-partie-1-penser-la-sante-7\/\">Miroir<\/a><\/strong> \/ <strong><a href=\"https:\/\/www.deezer.com\/fr\/episode\/692266701?host=63397311&amp;utm_campaign=clipboard-generic&amp;utm_source=user_sharing&amp;utm_content=talk_episode-692266701&amp;deferredFl=1\">Deezer<\/a><\/strong><\/p>\n\n\n\n<div style=\"height:15px\" aria-hidden=\"true\" class=\"wp-block-spacer\"><\/div>\n\n\n\n<div style=\"width: 560px;height: 315px;margin: auto\"><iframe loading=\"lazy\" width=\"560\" height=\"315\" src=\"https:\/\/www.canal-u.tv\/chaines\/ut2j\/embed\/158773?t=0\"><\/iframe><\/div>\n\n\n\n<div style=\"height:15px\" aria-hidden=\"true\" class=\"wp-block-spacer\"><\/div>\n\n\n\n<p><\/p>\n\n\n\n<p>Partie 2 : \u00c9couter sur <strong><a href=\"https:\/\/miroir.univ-tlse2.fr\/2024\/12\/03\/penser-le-prelevement-dorganes-partie-2-penser-la-sante-7\/\">Miroir<\/a><\/strong> <strong>\/ <a href=\"https:\/\/deezer.page.link\/mkDZRX6QgPZs1yCLA\">Deezer<\/a><\/strong><\/p>\n\n\n\n<div style=\"height:15px\" aria-hidden=\"true\" class=\"wp-block-spacer\"><\/div>\n\n\n\n<div style=\"width: 560px;height: 315px;margin: auto\"><iframe loading=\"lazy\" width=\"560\" height=\"315\" src=\"https:\/\/www.canal-u.tv\/chaines\/ut2j\/embed\/158779?t=0\"><\/iframe><\/div>\n\n\n\n<div style=\"height:15px\" aria-hidden=\"true\" class=\"wp-block-spacer\"><\/div>\n\n\n\n<p><\/p>\n\n\n\n<p>Partie 3 : \u00c9couter sur <strong><a href=\"https:\/\/miroir.univ-tlse2.fr\/2024\/12\/10\/penser-le-prelevement-dorganes-partie-3-penser-la-sante-7\/\">Miroir<\/a> <\/strong>\/ sur<strong> <a href=\"https:\/\/deezer.page.link\/dh5jKGfaJSpB1S269\">Deezer<\/a><\/strong><\/p>\n\n\n\n<div style=\"height:15px\" aria-hidden=\"true\" class=\"wp-block-spacer\"><\/div>\n\n\n\n<div style=\"width: 560px;height: 315px;margin: auto\"><iframe loading=\"lazy\" width=\"560\" height=\"315\" src=\"https:\/\/www.canal-u.tv\/chaines\/ut2j\/embed\/158781?t=0\"><\/iframe><\/div>\n\n\n\n<div style=\"height:15px\" aria-hidden=\"true\" class=\"wp-block-spacer\"><\/div>\n\n\n\n<p><\/p>\n\n\n\n<h2 class=\"wp-block-heading\">Episode 8 : Penser l&rsquo;appel au 15<\/h2>\n\n\n\n<p><\/p>\n\n\n\n<p><\/p>\n\n\n\n<h3 class=\"wp-block-heading\">Avec Lolita BISQUERRA et Vincent BOUNES<\/h3>\n\n\n\n<p><\/p>\n\n\n\n<p><\/p>\n\n\n\n<p>La r\u00e9gulation m\u00e9dicale par t\u00e9l\u00e9phone assur\u00e9e par les professionnels du 15 est primordiale pour une prise en charge efficace des urgences. Ce maillon essentiel des Urgences en France a-t-il les moyens suffisants pour assurer sa mission ? Les situations d\u2019\u00e9chec du 15 sont-elles un sympt\u00f4me ou une exception ?<\/p>\n\n\n\n<p><\/p>\n\n\n\n<p><\/p>\n\n\n\n<p>Partie 1 : \u00c9couter sur <strong><a href=\"https:\/\/miroir.univ-tlse2.fr\/2025\/01\/07\/penser-lappel-de-detresse-au-15-partie-1-penser-la-sante-8\/\">Miroir<\/a><\/strong> \/ sur <strong><a href=\"https:\/\/deezer.page.link\/d72XAi1ST2qyPmVV9\">Deezer<\/a><\/strong><\/p>\n\n\n\n<div style=\"height:15px\" aria-hidden=\"true\" class=\"wp-block-spacer\"><\/div>\n\n\n\n<div style=\"width: 560px;height: 315px;margin: auto\"><iframe loading=\"lazy\" width=\"560\" height=\"315\" src=\"https:\/\/www.canal-u.tv\/chaines\/ut2j\/embed\/160077?t=0\"><\/iframe><\/div>\n\n\n\n<p><\/p>\n\n\n\n<p>Partie 2 : 14 janvier<\/p>\n\n\n\n<div style=\"height:27px\" aria-hidden=\"true\" class=\"wp-block-spacer\"><\/div>\n\n\n\n<div style=\"width: 560px;height: 315px;margin: auto\"><iframe loading=\"lazy\" width=\"560\" height=\"315\" src=\"https:\/\/www.canal-u.tv\/chaines\/ut2j\/embed\/160077?t=0\"><\/iframe><\/div>\n\n\n\n<h2 class=\"wp-block-heading\">Epiode 9 : Penser le refus de soin <\/h2>\n\n\n\n<h3 class=\"wp-block-heading\">Avec Sophie Th\u00e9ron, Gilles Bourgade et Sophie Guglielmoni<\/h3>\n\n\n\n<p>Partie 1 : \u00c9couter sur <a href=\"https:\/\/miroir.univ-tlse2.fr\/2025\/01\/28\/penser-le-refus-de-soin-partie-1-penser-la-sante-9\/\"><strong>Miroir<\/strong><\/a><\/p>\n\n\n\n<div style=\"height:15px\" aria-hidden=\"true\" class=\"wp-block-spacer\"><\/div>\n\n\n\n<div style=\"width: 560px;height: 315px;margin: auto\"><iframe loading=\"lazy\" width=\"560\" height=\"315\" src=\"https:\/\/www.canal-u.tv\/chaines\/ut2j\/embed\/161074?t=0\"><\/iframe><\/div>\n\n\n\n<div style=\"height:15px\" aria-hidden=\"true\" class=\"wp-block-spacer\"><\/div>\n\n\n\n<p>Partie 2 : \u00c9couter sur <strong><a href=\"https:\/\/miroir.univ-tlse2.fr\/2025\/02\/04\/penser-le-refus-de-soin-partie-2-penser-la-sante-9\/\">Miroir<\/a><\/strong><\/p>\n\n\n\n<div style=\"width: 560px;height: 315px;margin: auto\"><iframe loading=\"lazy\" width=\"560\" height=\"315\" src=\"https:\/\/www.canal-u.tv\/chaines\/ut2j\/embed\/161163?t=0\"><\/iframe><\/div>\n\n\n\n<div style=\"height:15px\" aria-hidden=\"true\" class=\"wp-block-spacer\"><\/div>\n\n\n\n<p>Partie 3 : \u00c9couter sur <strong><a href=\"https:\/\/miroir.univ-tlse2.fr\/2025\/02\/11\/penser-le-refus-de-soin-partie-3-penser-la-sante-9\/\">Miroir<\/a><\/strong><\/p>\n\n\n\n<div style=\"height:15px\" aria-hidden=\"true\" class=\"wp-block-spacer\"><\/div>\n\n\n\n<div style=\"width: 560px;height: 315px;margin: auto\"><iframe loading=\"lazy\" width=\"560\" height=\"315\" src=\"https:\/\/www.canal-u.tv\/chaines\/ut2j\/embed\/161164?t=0\"><\/iframe><\/div>\n\n\n\n<div style=\"height:15px\" aria-hidden=\"true\" class=\"wp-block-spacer\"><\/div>\n\n\n\n<h2 class=\"wp-block-heading\">Episode 10 : Penser le soin \u00e0 domicile <\/h2>\n\n\n\n<h3 class=\"wp-block-heading\">Avec Marie-Claude Dayd\u00e9 et Manuelo Turkiewicz<\/h3>\n\n\n\n<p>Partie 1 : \u00c9couter sur <strong><a href=\"https:\/\/miroir.univ-tlse2.fr\/2025\/03\/04\/penser-le-soin-a-domicile-partie-1-penser-la-sante-10\/\">Miroir<\/a><\/strong><\/p>\n\n\n\n<div style=\"width: 560px;height: 315px;margin: auto\"><iframe loading=\"lazy\" width=\"560\" height=\"315\" src=\"https:\/\/www.canal-u.tv\/chaines\/ut2j\/embed\/161978?t=0\"><\/iframe><\/div>\n\n\n\n<p>Partie 2 : \u00c9couter sur <strong><a href=\"https:\/\/miroir.univ-tlse2.fr\/2025\/03\/11\/penser-le-soin-a-domicile-partie-2-penser-la-sante-10\/\">M<\/a>iroir<\/strong><\/p>\n\n\n\n<div style=\"width: 560px;height: 315px;margin: auto\"><iframe loading=\"lazy\" width=\"560\" height=\"315\" src=\"https:\/\/www.canal-u.tv\/chaines\/ut2j\/embed\/161987?t=0\"><\/iframe><\/div>\n\n\n\n<p>Partie 3 : \u00c9couter sur <strong>Miroir<\/strong><\/p>\n\n\n\n<div style=\"width: 560px;height: 315px;margin: auto\"><iframe loading=\"lazy\" width=\"560\" height=\"315\" src=\"https:\/\/www.canal-u.tv\/chaines\/ut2j\/embed\/161988?t=0\"><\/iframe><\/div>\n\n\n\n<h2 class=\"wp-block-heading\">Episode 11 : Penser le m\u00e9dicament hospitalier<\/h2>\n\n\n\n<h3 class=\"wp-block-heading\">Avec Marion Boudoncle, Philippe Cestac et Fr\u00e9d\u00e9ric Eyvrard<\/h3>\n\n\n\n<p>Partie 1 : \u00c9couter sur <strong>Miroir<\/strong><\/p>\n\n\n\n<div style=\"width: 560px;height: 315px;margin: auto\"><iframe loading=\"lazy\" width=\"560\" height=\"315\" src=\"https:\/\/www.canal-u.tv\/chaines\/ut2j\/embed\/163233?t=0\"><\/iframe><\/div>\n\n\n\n<p>Partie 2 : \u00c9couter sur <strong>Miroir<\/strong><\/p>\n\n\n\n<div style=\"width: 560px;height: 315px;margin: auto\"><iframe loading=\"lazy\" width=\"560\" height=\"315\" src=\"https:\/\/www.canal-u.tv\/chaines\/ut2j\/embed\/163239?t=0\"><\/iframe><\/div>\n\n\n\n<p>Partie 3 : \u00c9couter sur <strong>Miroir<\/strong><\/p>\n\n\n\n<div style=\"width: 560px;height: 315px;margin: auto\"><iframe loading=\"lazy\" width=\"560\" height=\"315\" src=\"https:\/\/www.canal-u.tv\/chaines\/ut2j\/embed\/163240?t=0\"><\/iframe><\/div>\n\n\n\n<h2 class=\"wp-block-heading\">Episode 12 : Penser le partenariat patient<\/h2>\n\n\n\n<h3 class=\"wp-block-heading\">Avec Fabienne Ragain-Gire, Julie Abbal et Patrick Lartiguet<\/h3>\n\n\n\n<p>Partie 1 : \u00c9couter sur <strong><a href=\"https:\/\/miroir.univ-tlse2.fr\/2025\/05\/13\/penser-le-patient-partenaire-partie-1-penser-la-sante-12\/\">Miroir<\/a><\/strong><\/p>\n\n\n\n<div style=\"width: 560px;height: 315px;margin: auto\"><iframe loading=\"lazy\" width=\"560\" height=\"315\" src=\"https:\/\/www.canal-u.tv\/chaines\/ut2j\/embed\/164613?t=0\"><\/iframe><\/div>\n\n\n\n<p>Partie 2 : \u00c9couter sur <strong><a href=\"https:\/\/miroir.univ-tlse2.fr\/2025\/05\/20\/penser-le-patient-partenaire-partie-2-penser-la-sante-12\/\" data-type=\"link\" data-id=\"https:\/\/miroir.univ-tlse2.fr\/2025\/05\/20\/penser-le-patient-partenaire-partie-2-penser-la-sante-12\/\">Miroir<\/a><\/strong><\/p>\n\n\n\n<div style=\"width: 560px;height: 315px;margin: auto\"><iframe loading=\"lazy\" width=\"560\" height=\"315\" src=\"https:\/\/www.canal-u.tv\/chaines\/ut2j\/embed\/164626?t=0\"><\/iframe><\/div>\n\n\n\n<p>Partie 3 : \u00c9couter sur <strong><a href=\"https:\/\/miroir.univ-tlse2.fr\/2025\/05\/27\/penser-le-patient-partenaire-partie-3-penser-la-sante-12\/\">Miroir<\/a><\/strong><\/p>\n\n\n\n<div style=\"width: 560px;height: 315px;margin: auto\"><iframe loading=\"lazy\" width=\"560\" height=\"315\" src=\"https:\/\/www.canal-u.tv\/chaines\/ut2j\/embed\/164684?t=0\"><\/iframe><\/div>\n\n\n\n<h2 class=\"wp-block-heading\">Episode 13 : Penser les donn\u00e9es num\u00e9riques de sant\u00e9<\/h2>\n\n\n\n<h3 class=\"wp-block-heading\">Avec Fabrice Ferr\u00e9 et No\u00e9mie Dubruel<\/h3>\n\n\n\n<p>Partie 1 : \u00c9couter sur <strong><a href=\"https:\/\/miroir.univ-tlse2.fr\/2025\/06\/10\/penser-le-patient-partenaire-partie-1-penser-la-sante-13\/\">Miroir<\/a><\/strong><\/p>\n\n\n\n<div style=\"width: 560px;height: 315px;margin: auto\"><iframe loading=\"lazy\" width=\"560\" height=\"315\" src=\"https:\/\/www.canal-u.tv\/chaines\/ut2j\/embed\/164685?t=0\"><\/iframe><\/div>\n\n\n\n<p>Partie 2 : \u00c9couter sur <strong><a href=\"https:\/\/miroir.univ-tlse2.fr\/2025\/06\/17\/penser-les-donnees-numeriques-de-sante-partie-2-penser-la-sante-13\/\">Miroir<\/a><\/strong><\/p>\n\n\n\n<div style=\"width: 560px;height: 315px;margin: auto\"><iframe loading=\"lazy\" width=\"560\" height=\"315\" src=\"https:\/\/www.canal-u.tv\/chaines\/ut2j\/embed\/164686?t=0\"><\/iframe><\/div>\n\n\n\n<p>Partie 3 : \u00c9couter sur <strong><a href=\"https:\/\/miroir.univ-tlse2.fr\/2025\/06\/24\/penser-les-donnees-numeriques-de-sante-partie-3-penser-la-sante-13\/\">Miroir<\/a><\/strong><\/p>\n\n\n\n<div style=\"width: 560px;height: 315px;margin: auto\"><iframe loading=\"lazy\" width=\"560\" height=\"315\" src=\"https:\/\/www.canal-u.tv\/chaines\/ut2j\/embed\/164687?t=0\"><\/iframe><\/div>\n\n\n\n<h2 class=\"wp-block-heading\">Episode 14 : Penser le triage aux urgences<\/h2>\n\n\n\n<h3 class=\"wp-block-heading\">Avec Isabelle Claudet, Pauline Epitto et Victor Robert<\/h3>\n\n\n\n<p>Partie 1 : \u00c9couter sur <strong><a href=\"https:\/\/miroir.univ-tlse2.fr\/2026\/04\/07\/penser-le-tri-aux-urgences-partie-1-penser-la-sante-s02e01\/\" data-type=\"link\" data-id=\"https:\/\/miroir.univ-tlse2.fr\/2026\/04\/07\/penser-le-tri-aux-urgences-partie-1-penser-la-sante-s02e01\/\">Miroir<\/a><\/strong><\/p>\n\n\n\n<div style=\"width: 560px;height: 315px;margin: auto\"><iframe loading=\"lazy\" width=\"560\" height=\"315\" src=\"https:\/\/miroir.univ-tlse2.fr\/?powerpress_embed=16398-podcast&amp;powerpress_player=mediaelement-audio\"><\/iframe><\/div>\n\n\n\n<p>Partie 2 : \u00c9couter sur <strong><a href=\"https:\/\/miroir.univ-tlse2.fr\/2026\/04\/14\/penser-le-tri-aux-urgences-partie-2-penser-la-sante-s02e01\/\">Miroir<\/a><\/strong><\/p>\n\n\n\n<div style=\"width: 560px;height: 315px;margin: auto\"><iframe loading=\"lazy\" width=\"560\" height=\"315\" src=\"https:\/\/miroir.univ-tlse2.fr\/?powerpress_embed=16405-podcast&amp;powerpress_player=mediaelement-audio\"><\/iframe><\/div>\n","protected":false},"excerpt":{"rendered":"<p>Que se passe-t-il dans un service de r\u00e9animation ? Comment les soignants aident les malades chroniques ? \u00c0 quoi sert la simulation en sant\u00e9 ? Quelle est la place des familles dans les services de soins ? Est-il possible d\u2019avoir une intimit\u00e9, une vie affective et sexuelle \u00e0 l\u2019h\u00f4pital ?&nbsp; Penser la sant\u00e9 est le [&hellip;]<\/p>\n","protected":false},"author":405,"featured_media":0,"parent":0,"menu_order":0,"comment_status":"closed","ping_status":"closed","template":"","meta":{"footnotes":""},"class_list":["post-530","page","type-page","status-publish","hentry"],"_links":{"self":[{"href":"https:\/\/blogs.univ-tlse2.fr\/penserlasante\/wp-json\/wp\/v2\/pages\/530","targetHints":{"allow":["GET"]}}],"collection":[{"href":"https:\/\/blogs.univ-tlse2.fr\/penserlasante\/wp-json\/wp\/v2\/pages"}],"about":[{"href":"https:\/\/blogs.univ-tlse2.fr\/penserlasante\/wp-json\/wp\/v2\/types\/page"}],"author":[{"embeddable":true,"href":"https:\/\/blogs.univ-tlse2.fr\/penserlasante\/wp-json\/wp\/v2\/users\/405"}],"replies":[{"embeddable":true,"href":"https:\/\/blogs.univ-tlse2.fr\/penserlasante\/wp-json\/wp\/v2\/comments?post=530"}],"version-history":[{"count":137,"href":"https:\/\/blogs.univ-tlse2.fr\/penserlasante\/wp-json\/wp\/v2\/pages\/530\/revisions"}],"predecessor-version":[{"id":925,"href":"https:\/\/blogs.univ-tlse2.fr\/penserlasante\/wp-json\/wp\/v2\/pages\/530\/revisions\/925"}],"wp:attachment":[{"href":"https:\/\/blogs.univ-tlse2.fr\/penserlasante\/wp-json\/wp\/v2\/media?parent=530"}],"curies":[{"name":"wp","href":"https:\/\/api.w.org\/{rel}","templated":true}]}}