 {"id":13,"date":"2026-04-21T18:55:28","date_gmt":"2026-04-21T16:55:28","guid":{"rendered":"https:\/\/blogs.univ-tlse2.fr\/rmpr\/?page_id=13"},"modified":"2026-04-21T18:55:28","modified_gmt":"2026-04-21T16:55:28","slug":"lassociation","status":"publish","type":"page","link":"https:\/\/blogs.univ-tlse2.fr\/rmpr\/lassociation\/","title":{"rendered":"L\u2019association"},"content":{"rendered":"\n<p>L\u2019association <em>Rencontres M\u00e9ridionales de Pr\u00e9histoire R\u00e9cente<\/em>, cr\u00e9\u00e9e en 1994, a pour but de promouvoir la recherche arch\u00e9ologique sur la Pr\u00e9histoire r\u00e9cente de la France m\u00e9ridionale et des r\u00e9gions avoisinantes par l\u2019organisation de colloques, la publication des actes ou toute autre manifestation en d\u00e9coulant.<\/p>\n\n\n\n<p>Les colloques en constituent l\u2019activit\u00e9 principale. Ils ont lieu tous les deux ans, dans une ville toujours diff\u00e9rente, et rassemblent plus d\u2019une centaine de pr\u00e9historiens. Les actes en sont publi\u00e9s rapidement.<\/p>\n\n\n\n<ul class=\"wp-block-list\">\n<li><a href=\"\/Users\/tperrin\/Downloads\/RMPR\/rmpr.fr\/presentation\/index.html\">Pr\u00e9sentation<\/a><\/li>\n\n\n\n<li><a href=\"\/Users\/tperrin\/Downloads\/RMPR\/rmpr.fr\/ca\/index.html\">Conseil d\u2019Administration<\/a><\/li>\n\n\n\n<li><a href=\"\/Users\/tperrin\/Downloads\/RMPR\/rmpr.fr\/statuts\/index.html\">Statuts<\/a><\/li>\n<\/ul>\n\n\n\n<h2 class=\"wp-block-heading\">Contacts<\/h2>\n\n\n\n<p>Rencontres M\u00e9ridionales de Pr\u00e9histoire R\u00e9cente<br>La Chartreuse<br>15, rue Marengo<br>13006 Marseille<\/p>\n\n\n\n<p>mail : <a href=\"m&#x61;i&#108;&#x74;o&#58;&#x63;o&#110;&#x74;a&#99;&#x74;&#64;&#x72;&#x6d;p&#x72;&#x2e;f&#x72;\">con&#116;&#x61;&#x63;&#x74;&#x40;rmp&#114;&#x2e;&#x66;&#x72;<\/a><br>site web : <a href=\"https:\/\/blogs.univ-tlse2.fr\/\" target=\"_blank\" rel=\"noreferrer noopener\">https:\/\/blogs.univ-tlse2.fr\/<\/a><\/p>\n\n\n\n<p><\/p>\n","protected":false},"excerpt":{"rendered":"<p>L\u2019association Rencontres M\u00e9ridionales de Pr\u00e9histoire R\u00e9cente, cr\u00e9\u00e9e en 1994, a pour but de promouvoir la recherche arch\u00e9ologique sur la Pr\u00e9histoire r\u00e9cente de la France m\u00e9ridionale et des r\u00e9gions avoisinantes par l\u2019organisation de colloques, la publication des actes ou toute autre manifestation en d\u00e9coulant. Les colloques en constituent l\u2019activit\u00e9 principale. Ils ont lieu tous les deux [&hellip;]<\/p>\n","protected":false},"author":1421,"featured_media":0,"parent":0,"menu_order":0,"comment_status":"closed","ping_status":"closed","template":"","meta":{"footnotes":""},"class_list":["post-13","page","type-page","status-publish","hentry"],"_links":{"self":[{"href":"https:\/\/blogs.univ-tlse2.fr\/rmpr\/wp-json\/wp\/v2\/pages\/13","targetHints":{"allow":["GET"]}}],"collection":[{"href":"https:\/\/blogs.univ-tlse2.fr\/rmpr\/wp-json\/wp\/v2\/pages"}],"about":[{"href":"https:\/\/blogs.univ-tlse2.fr\/rmpr\/wp-json\/wp\/v2\/types\/page"}],"author":[{"embeddable":true,"href":"https:\/\/blogs.univ-tlse2.fr\/rmpr\/wp-json\/wp\/v2\/users\/1421"}],"replies":[{"embeddable":true,"href":"https:\/\/blogs.univ-tlse2.fr\/rmpr\/wp-json\/wp\/v2\/comments?post=13"}],"version-history":[{"count":1,"href":"https:\/\/blogs.univ-tlse2.fr\/rmpr\/wp-json\/wp\/v2\/pages\/13\/revisions"}],"predecessor-version":[{"id":14,"href":"https:\/\/blogs.univ-tlse2.fr\/rmpr\/wp-json\/wp\/v2\/pages\/13\/revisions\/14"}],"wp:attachment":[{"href":"https:\/\/blogs.univ-tlse2.fr\/rmpr\/wp-json\/wp\/v2\/media?parent=13"}],"curies":[{"name":"wp","href":"https:\/\/api.w.org\/{rel}","templated":true}]}}