 {"id":18,"date":"2026-04-21T19:00:12","date_gmt":"2026-04-21T17:00:12","guid":{"rendered":"https:\/\/blogs.univ-tlse2.fr\/rmpr\/?page_id=18"},"modified":"2026-04-21T22:50:40","modified_gmt":"2026-04-21T20:50:40","slug":"rencontres-nord-sud","status":"publish","type":"page","link":"https:\/\/blogs.univ-tlse2.fr\/rmpr\/rencontres-nord-sud\/","title":{"rendered":"Rencontres Nord-Sud"},"content":{"rendered":"\n<h2 class=\"wp-block-heading\">Les Rencontres Nord-Sud de Pr\u00e9histoire R\u00e9cente : un lieu de partage et de r\u00e9flexion pour le N\u00e9olithique et l\u2019\u00e2ge du Bronze<\/h2>\n\n\n\n<p>Les Rencontres Nord-Sud de Pr\u00e9histoire R\u00e9cente sont un colloque commun de :<\/p>\n\n\n\n<ul class=\"wp-block-list\">\n<li>l\u2019Association pour la promotion de la recherche sur l\u2019\u00e2ge du Bronze (APRAB),<\/li>\n\n\n\n<li>l\u2019Association pour les \u00c9tudes Interr\u00e9gionales sur le N\u00e9olithique (InterN\u00e9o),<\/li>\n\n\n\n<li>les Rencontres M\u00e9ridionales de Pr\u00e9histoire R\u00e9cente (RMPR).<\/li>\n<\/ul>\n\n\n\n<figure class=\"wp-block-table is-style-regular\"><table class=\"has-fixed-layout\" style=\"border-style:none;border-width:0px\"><tbody><tr><td><img decoding=\"async\" src=\"https:\/\/blogs.univ-tlse2.fr\/rmpr\/files\/2026\/04\/Logo_APRAB.jpg\" alt=\"logo APRAB\"><\/td><td><img decoding=\"async\" src=\"https:\/\/blogs.univ-tlse2.fr\/rmpr\/files\/2026\/04\/logo_Interneo.jpg\" alt=\"\"><\/td><td class=\"has-text-align-center\" data-align=\"center\"><img decoding=\"async\" src=\"https:\/\/blogs.univ-tlse2.fr\/rmpr\/files\/2026\/04\/Logo_RMPR_white.jpg\" alt=\"\"><\/td><\/tr><\/tbody><\/table><\/figure>\n\n\n\n<p>Les <a href=\"https:\/\/blogs.univ-tlse2.fr\/rmpr\/rencontres-nord-sud\/nord-sud-i\/\" target=\"_blank\" rel=\"noreferrer noopener\">premi\u00e8res \u00ab Rencontres Nord-Sud de Pr\u00e9histoire R\u00e9cente \u00bb<\/a> se sont tenues \u00e0 Marseille du 23 au 25 mai 2012 \u00e0 l\u2019instigation des associations des RMPR et InterN\u00e9o. Cette manifestation, intitul\u00e9e <em>\u00ab M\u00e9thodologie des recherches de terrain sur la Pr\u00e9histoire r\u00e9cente en France, Nouveaux acquis, nouveaux outils, 1987-2012 \u00bb<\/em>, a connu un vif succ\u00e8s. Plus de deux cents participants venus de France et des pays limitrophes ont partag\u00e9, \u00e0 cette occasion, leur exp\u00e9rience de terrain et d\u00e9battu de probl\u00e8mes m\u00e9thodologiques.<\/p>\n\n\n\n<p>Fort de ce premier succ\u00e8s et de l\u2019espace de dialogue g\u00e9n\u00e9r\u00e9 par cette rencontre, les deux associations ont choisi d\u2019un commun accord de poursuivre cette aventure en conviant l\u2019APRAB \u00e0 participer \u00e0 la <a href=\"\/Users\/tperrin\/Downloads\/RMPR\/rmpr.fr\/nord-sud-ii\/index.html\">seconde manifestation<\/a> qui s\u2019est tenue \u00e0 Dijon, au mois de novembre 2015 \u00e0 l\u2019Universit\u00e9 de Bourgogne en partenariat avec l\u2019UMR 6298 ArTeHiS, l\u2019Universit\u00e9 de Bourgogne, le SRA de Bourgogne et l\u2019Inrap, sur le th\u00e8me <em>\u00ab Habitations et habitat du N\u00e9olithique \u00e0 l\u2019\u00e2ge du Bronze en France et ses marges \u00bb<\/em>.<\/p>\n\n\n\n<p><a href=\"https:\/\/blogs.univ-tlse2.fr\/rmpr\/rencontres-nord-sud\/nord-sud-iii\/\" target=\"_blank\" rel=\"noreferrer noopener\">La troisi\u00e8me \u00e9dition de ces rencontres aura lieu en 2018<\/a>.<\/p>\n","protected":false},"excerpt":{"rendered":"<p>Les Rencontres Nord-Sud de Pr\u00e9histoire R\u00e9cente : un lieu de partage et de r\u00e9flexion pour le N\u00e9olithique et l\u2019\u00e2ge du Bronze Les Rencontres Nord-Sud de Pr\u00e9histoire R\u00e9cente sont un colloque commun de : Les premi\u00e8res \u00ab Rencontres Nord-Sud de Pr\u00e9histoire R\u00e9cente \u00bb se sont tenues \u00e0 Marseille du 23 au 25 mai 2012 \u00e0 l\u2019instigation [&hellip;]<\/p>\n","protected":false},"author":1421,"featured_media":0,"parent":0,"menu_order":0,"comment_status":"closed","ping_status":"closed","template":"","meta":{"footnotes":""},"class_list":["post-18","page","type-page","status-publish","hentry"],"_links":{"self":[{"href":"https:\/\/blogs.univ-tlse2.fr\/rmpr\/wp-json\/wp\/v2\/pages\/18","targetHints":{"allow":["GET"]}}],"collection":[{"href":"https:\/\/blogs.univ-tlse2.fr\/rmpr\/wp-json\/wp\/v2\/pages"}],"about":[{"href":"https:\/\/blogs.univ-tlse2.fr\/rmpr\/wp-json\/wp\/v2\/types\/page"}],"author":[{"embeddable":true,"href":"https:\/\/blogs.univ-tlse2.fr\/rmpr\/wp-json\/wp\/v2\/users\/1421"}],"replies":[{"embeddable":true,"href":"https:\/\/blogs.univ-tlse2.fr\/rmpr\/wp-json\/wp\/v2\/comments?post=18"}],"version-history":[{"count":5,"href":"https:\/\/blogs.univ-tlse2.fr\/rmpr\/wp-json\/wp\/v2\/pages\/18\/revisions"}],"predecessor-version":[{"id":138,"href":"https:\/\/blogs.univ-tlse2.fr\/rmpr\/wp-json\/wp\/v2\/pages\/18\/revisions\/138"}],"wp:attachment":[{"href":"https:\/\/blogs.univ-tlse2.fr\/rmpr\/wp-json\/wp\/v2\/media?parent=18"}],"curies":[{"name":"wp","href":"https:\/\/api.w.org\/{rel}","templated":true}]}}