 {"id":26,"date":"2026-04-21T19:09:42","date_gmt":"2026-04-21T17:09:42","guid":{"rendered":"https:\/\/blogs.univ-tlse2.fr\/rmpr\/?page_id=26"},"modified":"2026-04-21T19:09:42","modified_gmt":"2026-04-21T17:09:42","slug":"statuts","status":"publish","type":"page","link":"https:\/\/blogs.univ-tlse2.fr\/rmpr\/lassociation\/statuts\/","title":{"rendered":"Statuts"},"content":{"rendered":"\n<h1 class=\"wp-block-heading\">Statuts des Rencontres M\u00e9ridionales de Pr\u00e9histoire R\u00e9cente (RMPR)<\/h1>\n\n\n\n<h2 class=\"wp-block-heading\">Article 1er<\/h2>\n\n\n\n<p>Il est fond\u00e9 entre les adh\u00e9rents aux pr\u00e9sents statuts une association r\u00e9gie par la loi du 1er juillet 1901 et le d\u00e9cret du 16 ao\u00fbt 1901, ayant pour titre : \u00ab&nbsp;Rencontres M\u00e9ridionales de Pr\u00e9histoire R\u00e9cente&nbsp;\u00bb.<\/p>\n\n\n\n<h2 class=\"wp-block-heading\">Article 2 \u2013 But de l\u2019association<\/h2>\n\n\n\n<p>Cette association a pour but de promouvoir la recherche arch\u00e9ologique sur la Pr\u00e9histoire r\u00e9cente de la France m\u00e9ridionale et des r\u00e9gions avoisinantes par l\u2019organisation de colloques, la publication des actes, le suivi administratif et scientifique des manifestations organis\u00e9es sous l\u2019intitul\u00e9 \u00ab&nbsp;Rencontres M\u00e9ridionales de Pr\u00e9histoire R\u00e9cente&nbsp;\u00bb ou toute autre manifestation en d\u00e9coulant valid\u00e9e par le Conseil d\u2019administration ou le Bureau conform\u00e9ment aux statuts.<\/p>\n\n\n\n<h2 class=\"wp-block-heading\">Article 3 \u2013 Si\u00e8ge social<\/h2>\n\n\n\n<p>Le si\u00e8ge social est fix\u00e9 \u00e0 :<\/p>\n\n\n\n<p>Rencontres M\u00e9ridionales de Pr\u00e9histoire R\u00e9cente<br>La Chartreuse<br>15, rue Marengo<br>13006 Marseille<\/p>\n\n\n\n<p>Il pourra \u00eatre transf\u00e9r\u00e9 par simple d\u00e9cision du Conseil d\u2019administration.<\/p>\n\n\n\n<h2 class=\"wp-block-heading\">Article 4 \u2013 Dur\u00e9e<\/h2>\n\n\n\n<p>La dur\u00e9e de l\u2019association \u00ab&nbsp;Rencontres M\u00e9ridionales de Pr\u00e9histoire R\u00e9cente&nbsp;\u00bb est illimit\u00e9e.<\/p>\n\n\n\n<h2 class=\"wp-block-heading\">Article 5 \u2013 Composition<\/h2>\n\n\n\n<p>L\u2019association se compose de membres d\u2019honneur, de membres bienfaiteurs et de membres actifs (ou adh\u00e9rents) issus des diff\u00e9rentes composantes de l\u2019arch\u00e9ologie. Elle permet la libre expression de toutes les opinions sous la r\u00e9serve absolue que cette expression ne soit pas entach\u00e9e de tentative d\u2019endoctrinement et ne soit pas une entrave \u00e0 la libert\u00e9 individuelle.<\/p>\n\n\n\n<h2 class=\"wp-block-heading\">Article 6 \u2013 Les membres<\/h2>\n\n\n\n<p>Le statut de membre s\u2019acquiert \u00e0 la demande des int\u00e9ress\u00e9s par d\u00e9cision unanime du bureau qui statue, lors de chacune de ses r\u00e9unions, sur les demandes d\u2019admission pr\u00e9sent\u00e9es. Les membres peuvent \u00eatre des personnes physiques ou morales.<\/p>\n\n\n\n<p>Le titre de membre d\u2019honneur est d\u00e9cern\u00e9 par le Conseil d\u2019administration \u00e0 ceux qui ont rendu des services signal\u00e9s \u00e0 l\u2019association. Ils sont dispens\u00e9s de cotisations.<\/p>\n\n\n\n<p>Sont membres bienfaiteurs, les personnes agr\u00e9\u00e9es par le Conseil d\u2019administration et versant un minimum de 10 fois le montant de la cotisation.<\/p>\n\n\n\n<p>Pour \u00eatre membre actif (adh\u00e9rent), il faut :<\/p>\n\n\n\n<ul class=\"wp-block-list\">\n<li>\u00eatre majeur (ou fournir une autorisation \u00e9crite des parents pour les mineurs),<\/li>\n\n\n\n<li>\u00eatre agr\u00e9\u00e9 par le Bureau, conform\u00e9ment au r\u00e8glement int\u00e9rieur,<\/li>\n\n\n\n<li>s\u2019acquitter du montant de la cotisation fix\u00e9e par l\u2019assembl\u00e9e g\u00e9n\u00e9rale conform\u00e9ment aux modalit\u00e9s d\u00e9finies dans le r\u00e8glement int\u00e9rieur.<\/li>\n<\/ul>\n\n\n\n<h2 class=\"wp-block-heading\">Article 7 \u2013 Radiations<\/h2>\n\n\n\n<p>La qualit\u00e9 de membre se perd par :<\/p>\n\n\n\n<ul class=\"wp-block-list\">\n<li>la d\u00e9mission ;<\/li>\n\n\n\n<li>le d\u00e9c\u00e8s ;<\/li>\n\n\n\n<li>le non-paiement de la cotisation, un mois apr\u00e8s une mise en demeure infructueuse ;<\/li>\n\n\n\n<li>la radiation prononc\u00e9e par le Conseil d\u2019administration pour motif grave ou non respect des statuts, l\u2019int\u00e9ress\u00e9 ayant \u00e9t\u00e9 invit\u00e9 par lettre recommand\u00e9e \u00e0 s\u2019expliquer de fa\u00e7on orale ou \u00e9crite devant le bureau pour fournir des explications.<\/li>\n<\/ul>\n\n\n\n<h2 class=\"wp-block-heading\">Article 8 \u2013 Ressources<\/h2>\n\n\n\n<p>Les ressources de l\u2019association comprennent :<\/p>\n\n\n\n<ul class=\"wp-block-list\">\n<li>le montant des cotisations ;<\/li>\n\n\n\n<li>les subventions de l\u2019\u00c9tat, des R\u00e9gions, des D\u00e9partements, des Communes et de la Communaut\u00e9 Europ\u00e9enne ;<\/li>\n\n\n\n<li>les dons de particuliers et des entreprises ;<\/li>\n\n\n\n<li>le revenu de ses biens ;<\/li>\n\n\n\n<li>les sommes per\u00e7ues en contrepartie des prestations fournies par l\u2019association et plus largement de toute ressource provenant de ses activit\u00e9s, et notamment les droits d\u2019inscription aux manifestations organis\u00e9es ;<\/li>\n\n\n\n<li>toutes autres ressources autoris\u00e9es par les textes l\u00e9gislatifs et r\u00e9glementaires pr\u00e9sents ou \u00e0 venir.<\/li>\n<\/ul>\n\n\n\n<h2 class=\"wp-block-heading\">Article 9 \u2013 Conseil d\u2019administration<\/h2>\n\n\n\n<p>L\u2019association est dirig\u00e9e par un conseil de membres, \u00e9lus pour quatre ans par l\u2019assembl\u00e9e g\u00e9n\u00e9rale. Les membres du Conseil d\u2019administration sont renouvel\u00e9s tous les quatre ans par moiti\u00e9. Ils sont r\u00e9\u00e9ligibles \u00e0 limitation d\u2019une dur\u00e9e totale de deux mandats successifs.<\/p>\n\n\n\n<p>Seules des personnes majeures peuvent \u00eatre membres du Conseil d\u2019administration.<\/p>\n\n\n\n<p>Le Conseil d\u2019administration nomme pour quatre ans, parmi ses membres, un bureau compos\u00e9 de :<\/p>\n\n\n\n<ul class=\"wp-block-list\">\n<li>Un pr\u00e9sident;<\/li>\n\n\n\n<li>Un secr\u00e9taire;<\/li>\n\n\n\n<li>Un tr\u00e9sorier.<\/li>\n<\/ul>\n\n\n\n<p>En cas de vacances, le conseil pourvoit provisoirement au remplacement de ses membres. Il est proc\u00e9d\u00e9 \u00e0 leur remplacement d\u00e9finitif par la plus prochaine assembl\u00e9e g\u00e9n\u00e9rale. Les pouvoirs des membres ainsi \u00e9lus prennent fin \u00e0 l\u2019\u00e9poque o\u00f9 devrait normalement expirer le mandat des membres remplac\u00e9s.<\/p>\n\n\n\n<h2 class=\"wp-block-heading\">Article 10 \u2013 Candidature au Conseil d\u2019administration<\/h2>\n\n\n\n<p>Le Conseil d\u2019administration se compose de six membres.<\/p>\n\n\n\n<p>Tout membre titulaire a la possibilit\u00e9 de se pr\u00e9senter sur la liste de candidature au Conseil d\u2019administration. Il doit cependant remplir les conditions statutaires : \u00eatre majeur, avoir r\u00e9gl\u00e9 la cotisation de l\u2019ann\u00e9e en cours, ne pas \u00eatre sous le coup d\u2019une proc\u00e9dure de radiation.<\/p>\n\n\n\n<p>Le candidat doit s\u2019inscrire sur cette liste aupr\u00e8s du Secr\u00e9taire au plus tard la veille de l\u2019assembl\u00e9e g\u00e9n\u00e9rale.<\/p>\n\n\n\n<p>L\u2019appel \u00e0 candidature est une obligation incombant au Bureau. Il ne peut, en revanche, emp\u00eacher tout acte de candidature d\u2019un membre remplissant les conditions pr\u00e9cit\u00e9es, tant statutaires que de d\u00e9lais.<\/p>\n\n\n\n<p>Tout membre du Conseil d\u2019administration non d\u00e9missionnaire la veille de l\u2019assembl\u00e9e g\u00e9n\u00e9rale est consid\u00e9r\u00e9 comme repr\u00e9sentant sa candidature pour le mandat suivant, dans les limites stipul\u00e9es par l\u2019article 9.<\/p>\n\n\n\n<h2 class=\"wp-block-heading\">Article 11 \u2013 R\u00e9union du Conseil d\u2019administration<\/h2>\n\n\n\n<p>Le Conseil d\u2019administration se r\u00e9unit une fois au moins tous les six mois, sur convocation du pr\u00e9sident, ou sur la demande de l\u2019un de ces membres.<\/p>\n\n\n\n<p>Les d\u00e9cisions sont prises \u00e0 la majorit\u00e9 des voix. La voix du Pr\u00e9sident n\u2019est pas pr\u00e9pond\u00e9rante. En cas de partage, le vote est recommenc\u00e9 jusqu\u2019\u00e0 obtention d\u2019une majorit\u00e9.<\/p>\n\n\n\n<p>Tout membre du conseil qui, sans excuse, n\u2019aura pas assist\u00e9 \u00e0 trois r\u00e9unions cons\u00e9cutives, pourra \u00eatre consid\u00e9r\u00e9 comme d\u00e9missionnaire.<\/p>\n\n\n\n<p>Le Conseil Administration est habilit\u00e9 \u00e0 prendre des d\u00e9cisions en dehors de r\u00e9union physique, \u00e0 la condition que tous ses membres soient consult\u00e9s et aient confirm\u00e9 par \u00e9crit la d\u00e9cision prise.<\/p>\n\n\n\n<p>Il est tenu proc\u00e8s-verbal des s\u00e9ances par le Secr\u00e9taire ou \u00e0 d\u00e9faut par un membre du Conseil d\u2019administration.<\/p>\n\n\n\n<h2 class=\"wp-block-heading\">Article 12 \u2013 Pouvoirs du Conseil d\u2019administration<\/h2>\n\n\n\n<p>Le Conseil d\u2019administration est investi des pouvoirs les plus \u00e9tendus pour autoriser tous actes qui ne sont pas r\u00e9serv\u00e9s \u00e0 l\u2019assembl\u00e9e g\u00e9n\u00e9rale. Il surveille la gestion des membres du Bureau et a toujours droit de se faire rendre compte de leurs actes.<\/p>\n\n\n\n<p>Il peut interdire au Pr\u00e9sident ou au Tr\u00e9sorier d\u2019accomplir un acte qui rentre dans leurs attributions, d\u2019apr\u00e8s les statuts, et dont il contesterait l\u2019opportunit\u00e9.<\/p>\n\n\n\n<p>Il peut, \u00e0 la majorit\u00e9 de ses membres, en cas de faute grave, suspendre provisoirement les membres du Bureau en attendant la d\u00e9cision de l\u2019assembl\u00e9e g\u00e9n\u00e9rale qui doit, en ce cas, \u00eatre convoqu\u00e9e et r\u00e9unie dans le mois.<\/p>\n\n\n\n<p>Outre la gestion de l\u2019association, le Conseil d\u2019administration est charg\u00e9 d\u2019organiser les \u00ab&nbsp;Rencontres M\u00e9ridionales de Pr\u00e9histoire R\u00e9cente&nbsp;\u00bb ainsi que toute autre manifestation telle que d\u00e9finit dans l\u2019article 2 des pr\u00e9sents statuts dans un lieu de son choix, d\u2019en organiser le secr\u00e9tariat et la publication des actes.<\/p>\n\n\n\n<h2 class=\"wp-block-heading\">Article 13 \u2013 Assembl\u00e9e g\u00e9n\u00e9rale ordinaire<\/h2>\n\n\n\n<p>L\u2019assembl\u00e9e g\u00e9n\u00e9rale ordinaire comprend tous les membres de l\u2019association \u00e0 quelque titre qu\u2019ils y soient affili\u00e9s. L\u2019assembl\u00e9e g\u00e9n\u00e9rale ordinaire se r\u00e9unit chaque ann\u00e9e sur convocation du Pr\u00e9sident.<\/p>\n\n\n\n<p>Quinze jours au moins avant la date fix\u00e9e, les membres de l\u2019association sont convoqu\u00e9s par les soins du Secr\u00e9taire. L\u2019ordre du jour est indiqu\u00e9 sur les convocations. Tout membre de l\u2019association peut d\u00e9poser, aupr\u00e8s du Secr\u00e9taire, et huit jours au moins avant la date de l\u2019assembl\u00e9e g\u00e9n\u00e9rale, toute proposition qui pourra \u00eatre soumise \u00e0 l\u2019assembl\u00e9e.<\/p>\n\n\n\n<p>Le Pr\u00e9sident, assist\u00e9 des membres du Bureau, pr\u00e9side l\u2019assembl\u00e9e et expose la situation morale de l\u2019association.<\/p>\n\n\n\n<p>Le Tr\u00e9sorier rend compte de sa gestion et soumet le bilan \u00e0 l\u2019approbation de l\u2019assembl\u00e9e.<\/p>\n\n\n\n<p>Il est proc\u00e9d\u00e9, apr\u00e8s \u00e9puisement de l\u2019ordre du jour, au remplacement, le cas \u00e9ch\u00e9ant et au scrutin secret, des membres du conseil sortants.<\/p>\n\n\n\n<p>Ne devront \u00eatre trait\u00e9es, lors de l\u2019assembl\u00e9e g\u00e9n\u00e9rale, que les questions soumises \u00e0 l\u2019ordre du jour.<\/p>\n\n\n\n<h2 class=\"wp-block-heading\">Article 14 \u2013 Assembl\u00e9e g\u00e9n\u00e9rale extraordinaire<\/h2>\n\n\n\n<p>Si besoin est, ou la sur demande de la moiti\u00e9 plus un des membres inscrits, le Pr\u00e9sident peut convoquer une assembl\u00e9e g\u00e9n\u00e9rale extraordinaire, suivant les formalit\u00e9s pr\u00e9vues par l\u2019article 13. Elle statue sur toutes les questions urgentes qui lui sont soumises. Elle peut modifier les statuts de l\u2019association, ordonner la dissolution de l\u2019association, ou sa fusion avec d\u2019autres associations, ou son affiliation \u00e0 toute unit\u00e9 d\u2019association.<\/p>\n\n\n\n<h2 class=\"wp-block-heading\">Article 15 \u2013 R\u00e8glement int\u00e9rieur<\/h2>\n\n\n\n<p>Un r\u00e8glement int\u00e9rieur est \u00e9tabli par le Conseil d\u2019administration. Ce r\u00e8glement est destin\u00e9 \u00e0 fixer les divers points non pr\u00e9vus par les statuts, notamment ceux qui ont trait \u00e0 l\u2019administration interne de l\u2019association et \u00e0 la gestion de ses biens et de son personnel.<\/p>\n\n\n\n<p>Le r\u00e8glement int\u00e9rieur pr\u00e9voit \u00e9galement les modalit\u00e9s de partenariat entre l\u2019association Rencontres M\u00e9ridionales de Pr\u00e9histoire R\u00e9cente et les acteurs locaux pour l\u2019organisation des colloques et leur publication.<\/p>\n\n\n\n<h2 class=\"wp-block-heading\">Article 16 \u2013 Dissolution<\/h2>\n\n\n\n<p>En cas de dissolution prononc\u00e9e par les deux tiers au moins des membres pr\u00e9sents \u00e0 l\u2019assembl\u00e9e g\u00e9n\u00e9rale, un ou plusieurs liquidateurs sont nomm\u00e9s par celle-ci et l\u2019actif, s\u2019il y a lieu, est d\u00e9volu \u00e0 l\u2019association qui sera jug\u00e9e la plus proche des buts initialement poursuivis (conform\u00e9ment \u00e0 l\u2019article 9 de la loi du 1er juillet 1901 et au d\u00e9cret du 16 ao\u00fbt 1901).<\/p>\n\n\n\n<p><em>Fait \u00e0 Marseille, le 26 juin 2007<\/em><\/p>\n","protected":false},"excerpt":{"rendered":"<p>Statuts des Rencontres M\u00e9ridionales de Pr\u00e9histoire R\u00e9cente (RMPR) Article 1er Il est fond\u00e9 entre les adh\u00e9rents aux pr\u00e9sents statuts une association r\u00e9gie par la loi du 1er juillet 1901 et le d\u00e9cret du 16 ao\u00fbt 1901, ayant pour titre : \u00ab&nbsp;Rencontres M\u00e9ridionales de Pr\u00e9histoire R\u00e9cente&nbsp;\u00bb. Article 2 \u2013 But de l\u2019association Cette association a pour [&hellip;]<\/p>\n","protected":false},"author":1421,"featured_media":0,"parent":13,"menu_order":0,"comment_status":"closed","ping_status":"closed","template":"","meta":{"footnotes":""},"class_list":["post-26","page","type-page","status-publish","hentry"],"_links":{"self":[{"href":"https:\/\/blogs.univ-tlse2.fr\/rmpr\/wp-json\/wp\/v2\/pages\/26","targetHints":{"allow":["GET"]}}],"collection":[{"href":"https:\/\/blogs.univ-tlse2.fr\/rmpr\/wp-json\/wp\/v2\/pages"}],"about":[{"href":"https:\/\/blogs.univ-tlse2.fr\/rmpr\/wp-json\/wp\/v2\/types\/page"}],"author":[{"embeddable":true,"href":"https:\/\/blogs.univ-tlse2.fr\/rmpr\/wp-json\/wp\/v2\/users\/1421"}],"replies":[{"embeddable":true,"href":"https:\/\/blogs.univ-tlse2.fr\/rmpr\/wp-json\/wp\/v2\/comments?post=26"}],"version-history":[{"count":1,"href":"https:\/\/blogs.univ-tlse2.fr\/rmpr\/wp-json\/wp\/v2\/pages\/26\/revisions"}],"predecessor-version":[{"id":27,"href":"https:\/\/blogs.univ-tlse2.fr\/rmpr\/wp-json\/wp\/v2\/pages\/26\/revisions\/27"}],"up":[{"embeddable":true,"href":"https:\/\/blogs.univ-tlse2.fr\/rmpr\/wp-json\/wp\/v2\/pages\/13"}],"wp:attachment":[{"href":"https:\/\/blogs.univ-tlse2.fr\/rmpr\/wp-json\/wp\/v2\/media?parent=26"}],"curies":[{"name":"wp","href":"https:\/\/api.w.org\/{rel}","templated":true}]}}