 {"id":28,"date":"2026-04-21T19:10:32","date_gmt":"2026-04-21T17:10:32","guid":{"rendered":"https:\/\/blogs.univ-tlse2.fr\/rmpr\/?page_id=28"},"modified":"2026-04-21T19:10:33","modified_gmt":"2026-04-21T17:10:33","slug":"presentation","status":"publish","type":"page","link":"https:\/\/blogs.univ-tlse2.fr\/rmpr\/lassociation\/presentation\/","title":{"rendered":"Pr\u00e9sentation"},"content":{"rendered":"\n<p>L\u2019association des <strong><em>Rencontres M\u00e9ridionales de Pr\u00e9histoire R\u00e9cente<\/em><\/strong> a \u00e9t\u00e9 officiellement cr\u00e9\u00e9e en 1993 par A. Beeching et J. Vital, \u00e0 Valence, suite \u00e0 une r\u00e9flexion collective, afin de <strong>promouvoir la recherche arch\u00e9ologique sur la Pr\u00e9histoire r\u00e9cente de la France m\u00e9ridionale et dans les r\u00e9gions avoisinantes<\/strong>, notamment par l\u2019<strong>organisation de colloques<\/strong> et la <strong>publication rapide des actes<\/strong>.<\/p>\n\n\n\n<p>En 2006, \u00e0 la suite des 7es Rencontres tenues \u00e0 Lyon, l\u2019association a proc\u00e9d\u00e9 \u00e0 un profond remaniement, avec le renouvellement complet du <a href=\"\/Users\/tperrin\/Downloads\/RMPR\/rmpr.fr\/asso\/ca\/index.html\">Conseil d\u2019Administration<\/a>, la modification des <a href=\"\/Users\/tperrin\/Downloads\/RMPR\/rmpr.fr\/asso\/statuts\/index.html\">statuts<\/a>, l\u2019\u00e9laboration d\u2019un r\u00e8glement int\u00e9rieur et le changement de si\u00e8ge social, aujourd\u2019hui situ\u00e9 \u00e0 Marseille.<\/p>\n\n\n\n<h2 class=\"wp-block-heading\">Contacts<\/h2>\n\n\n\n<p>Rencontres M\u00e9ridionales de Pr\u00e9histoire R\u00e9cente<br>La Chartreuse<br>15, rue Marengo<br>13006 Marseille<\/p>\n\n\n\n<p>mail : &#x63;on&#x74;ac&#x74;&#64;r&#x6d;pr&#x2e;fr<br>site web : http:\/\/rmpr.fr<\/p>\n","protected":false},"excerpt":{"rendered":"<p>L\u2019association des Rencontres M\u00e9ridionales de Pr\u00e9histoire R\u00e9cente a \u00e9t\u00e9 officiellement cr\u00e9\u00e9e en 1993 par A. Beeching et J. Vital, \u00e0 Valence, suite \u00e0 une r\u00e9flexion collective, afin de promouvoir la recherche arch\u00e9ologique sur la Pr\u00e9histoire r\u00e9cente de la France m\u00e9ridionale et dans les r\u00e9gions avoisinantes, notamment par l\u2019organisation de colloques et la publication rapide des [&hellip;]<\/p>\n","protected":false},"author":1421,"featured_media":0,"parent":13,"menu_order":0,"comment_status":"closed","ping_status":"closed","template":"","meta":{"footnotes":""},"class_list":["post-28","page","type-page","status-publish","hentry"],"_links":{"self":[{"href":"https:\/\/blogs.univ-tlse2.fr\/rmpr\/wp-json\/wp\/v2\/pages\/28","targetHints":{"allow":["GET"]}}],"collection":[{"href":"https:\/\/blogs.univ-tlse2.fr\/rmpr\/wp-json\/wp\/v2\/pages"}],"about":[{"href":"https:\/\/blogs.univ-tlse2.fr\/rmpr\/wp-json\/wp\/v2\/types\/page"}],"author":[{"embeddable":true,"href":"https:\/\/blogs.univ-tlse2.fr\/rmpr\/wp-json\/wp\/v2\/users\/1421"}],"replies":[{"embeddable":true,"href":"https:\/\/blogs.univ-tlse2.fr\/rmpr\/wp-json\/wp\/v2\/comments?post=28"}],"version-history":[{"count":1,"href":"https:\/\/blogs.univ-tlse2.fr\/rmpr\/wp-json\/wp\/v2\/pages\/28\/revisions"}],"predecessor-version":[{"id":29,"href":"https:\/\/blogs.univ-tlse2.fr\/rmpr\/wp-json\/wp\/v2\/pages\/28\/revisions\/29"}],"up":[{"embeddable":true,"href":"https:\/\/blogs.univ-tlse2.fr\/rmpr\/wp-json\/wp\/v2\/pages\/13"}],"wp:attachment":[{"href":"https:\/\/blogs.univ-tlse2.fr\/rmpr\/wp-json\/wp\/v2\/media?parent=28"}],"curies":[{"name":"wp","href":"https:\/\/api.w.org\/{rel}","templated":true}]}}