 {"id":66,"date":"2026-04-21T21:22:20","date_gmt":"2026-04-21T19:22:20","guid":{"rendered":"https:\/\/blogs.univ-tlse2.fr\/rmpr\/?page_id=66"},"modified":"2026-04-21T23:00:43","modified_gmt":"2026-04-21T21:00:43","slug":"nord-sud-ii","status":"publish","type":"page","link":"https:\/\/blogs.univ-tlse2.fr\/rmpr\/rencontres-nord-sud\/nord-sud-ii\/","title":{"rendered":"Nord-Sud II"},"content":{"rendered":"\n<p><strong>Lieu :<\/strong> Dijon (21)<br><strong>Date :<\/strong> 19-21 novembre 2015<br><strong>Th\u00e8me :<\/strong> Habitations et habitat du N\u00e9olithique \u00e0 l\u2019\u00e2ge du Bronze en France et ses marges<\/p>\n\n\n\n<h2 class=\"wp-block-heading\">Annonce<\/h2>\n\n\n\n<p>Les secondes Rencontres Nord-Sud de Pr\u00e9histoire R\u00e9cente auront pour th\u00e8me \u00ab Habitations et Habitats du N\u00e9olithique \u00e0 l\u2019\u00e2ge du Bronze en France et ses marges&nbsp;\u00bb. \u00c0 l\u2019\u00e9chelle nationale et au-del\u00e0, ce th\u00e8me appara\u00eet f\u00e9d\u00e9rateur pour les arch\u00e9ologues int\u00e9ress\u00e9s par les questionnements g\u00e9n\u00e9r\u00e9s par la multiplication des d\u00e9couvertes de plans d\u2019habitations et de structures domestiques connexes, notamment, ces derni\u00e8res ann\u00e9es, \u00e0 l\u2019occasion d\u2019op\u00e9rations d\u2019arch\u00e9ologie pr\u00e9ventive. Un large renouvellement des connaissances acquises dans ce domaine a ainsi \u00e9t\u00e9 op\u00e9r\u00e9. Cependant, si plusieurs colloques r\u00e9cents comme celui du CTHS en 2002 sur l\u2019habitat de la fin du N\u00e9olithique et de la Protohistoire (Buchsenschutz, Mordant, 2005), celui de Marseille en 2003 sur l\u2019habitat du Sud de la France (Beeching, S\u00e9n\u00e9part, 2009), des Rencontres autour de la terre crue (de Chazelles et al.) et derni\u00e8rement ceux concernant les enceintes (CRABE N\u00e9o, 2012, Carcassonne, 2012) ont \u00e9t\u00e9 conduits, aucune manifestation d\u2019ampleur nationale voire internationale n\u2019a offert l\u2019opportunit\u00e9, \u00e0 ce jour, de faire un bilan g\u00e9n\u00e9ral trans-culturel sur l\u2019habitat n\u00e9olithique et de l\u2019\u00e2ge du Bronze en France dans son contexte europ\u00e9en. Dans le cadre de cette manifestation, ce bilan pourra s\u2019articuler \u00e0 partir de quatre th\u00e8mes :<\/p>\n\n\n\n<ul class=\"wp-block-list\">\n<li>Th\u00e8me 1 : Architectures compar\u00e9es<\/li>\n\n\n\n<li>Th\u00e8me 2 : Habitats fugaces, traces, fr\u00e9quentations\u2026<\/li>\n\n\n\n<li>Th\u00e8me 3 : L\u2019espace habit\u00e9 et ses corolaires<\/li>\n\n\n\n<li>Th\u00e8me 4 : Habitat group\u00e9 \/ habitat dispers\u00e9 \/ habitat contraint<\/li>\n<\/ul>\n\n\n\n<figure class=\"wp-block-table is-style-regular\"><table class=\"has-fixed-layout\" style=\"border-style:none;border-width:0px\"><tbody><tr><td><img decoding=\"async\" src=\"https:\/\/blogs.univ-tlse2.fr\/rmpr\/files\/2026\/04\/Logo_APRAB.jpg\" alt=\"logo APRAB\"><\/td><td><img decoding=\"async\" src=\"https:\/\/blogs.univ-tlse2.fr\/rmpr\/files\/2026\/04\/logo_Interneo.jpg\" alt=\"\"><\/td><td class=\"has-text-align-center\" data-align=\"center\"><img decoding=\"async\" src=\"https:\/\/blogs.univ-tlse2.fr\/rmpr\/files\/2026\/04\/Logo_RMPR_white.jpg\" alt=\"\"><\/td><\/tr><\/tbody><\/table><\/figure>\n\n\n\n<p><strong><a href=\"https:\/\/ns2.sciencesconf.org\/\" target=\"_blank\" rel=\"noreferrer noopener\">Voir le site web d\u00e9di\u00e9<\/a><\/strong>.<\/p>\n","protected":false},"excerpt":{"rendered":"<p>Lieu : Dijon (21)Date : 19-21 novembre 2015Th\u00e8me : Habitations et habitat du N\u00e9olithique \u00e0 l\u2019\u00e2ge du Bronze en France et ses marges Annonce Les secondes Rencontres Nord-Sud de Pr\u00e9histoire R\u00e9cente auront pour th\u00e8me \u00ab Habitations et Habitats du N\u00e9olithique \u00e0 l\u2019\u00e2ge du Bronze en France et ses marges&nbsp;\u00bb. \u00c0 l\u2019\u00e9chelle nationale et au-del\u00e0, ce [&hellip;]<\/p>\n","protected":false},"author":1421,"featured_media":0,"parent":18,"menu_order":0,"comment_status":"closed","ping_status":"closed","template":"","meta":{"footnotes":""},"class_list":["post-66","page","type-page","status-publish","hentry"],"_links":{"self":[{"href":"https:\/\/blogs.univ-tlse2.fr\/rmpr\/wp-json\/wp\/v2\/pages\/66","targetHints":{"allow":["GET"]}}],"collection":[{"href":"https:\/\/blogs.univ-tlse2.fr\/rmpr\/wp-json\/wp\/v2\/pages"}],"about":[{"href":"https:\/\/blogs.univ-tlse2.fr\/rmpr\/wp-json\/wp\/v2\/types\/page"}],"author":[{"embeddable":true,"href":"https:\/\/blogs.univ-tlse2.fr\/rmpr\/wp-json\/wp\/v2\/users\/1421"}],"replies":[{"embeddable":true,"href":"https:\/\/blogs.univ-tlse2.fr\/rmpr\/wp-json\/wp\/v2\/comments?post=66"}],"version-history":[{"count":2,"href":"https:\/\/blogs.univ-tlse2.fr\/rmpr\/wp-json\/wp\/v2\/pages\/66\/revisions"}],"predecessor-version":[{"id":145,"href":"https:\/\/blogs.univ-tlse2.fr\/rmpr\/wp-json\/wp\/v2\/pages\/66\/revisions\/145"}],"up":[{"embeddable":true,"href":"https:\/\/blogs.univ-tlse2.fr\/rmpr\/wp-json\/wp\/v2\/pages\/18"}],"wp:attachment":[{"href":"https:\/\/blogs.univ-tlse2.fr\/rmpr\/wp-json\/wp\/v2\/media?parent=66"}],"curies":[{"name":"wp","href":"https:\/\/api.w.org\/{rel}","templated":true}]}}