 {"id":72,"date":"2026-04-21T21:26:07","date_gmt":"2026-04-21T19:26:07","guid":{"rendered":"https:\/\/blogs.univ-tlse2.fr\/rmpr\/?page_id=72"},"modified":"2026-04-21T23:02:46","modified_gmt":"2026-04-21T21:02:46","slug":"rmpr-1-valence-1994","status":"publish","type":"page","link":"https:\/\/blogs.univ-tlse2.fr\/rmpr\/publications\/rmpr-1-valence-1994\/","title":{"rendered":"RMPR 1 \u2013 Valence 1994"},"content":{"rendered":"\n<figure class=\"wp-block-image size-full is-resized\"><img loading=\"lazy\" decoding=\"async\" width=\"100\" height=\"142\" src=\"https:\/\/blogs.univ-tlse2.fr\/rmpr\/files\/2026\/04\/RMPR_01.jpg\" alt=\"\" class=\"wp-image-122\" style=\"width:100px\" \/><\/figure>\n\n\n\n<h2 class=\"wp-block-heading\">BEECHING (A.) et VITAL (J.) dir., 1999. Pr\u00e9histoire de l\u2019espace habit\u00e9 en France du Sud et actualit\u00e9 de la recherche. Rencontres M\u00e9ridionales de Pr\u00e9histoire R\u00e9cente, actes de la premi\u00e8re session, Valence (Dr\u00f4me), 3 et 4 juin 1994, Travaux du Centre d\u2019Arch\u00e9ologie Pr\u00e9historique de Valence, n\u00b0 1, Valence, 293 p.<\/h2>\n\n\n\n<p><em>\u00c9puis\u00e9<\/em><\/p>\n\n\n\n<h3 class=\"wp-block-heading\">Sommaire<\/h3>\n\n\n\n<p>DETRAIN (L.) et TURQ (A.). <em>Structures de combustion des niveaux sauveterriens et m\u00e9solithiques ind\u00e9termin\u00e9s du Roc Allan, Sauveterre-la-L\u00e9mance (Lot-et-Garonne)<\/em>, p. 11-17.<\/p>\n\n\n\n<p>BROCHIER (J.-L.). <em>Taphonomie de sites : fossilisation et conservation de l\u2019espace habit\u00e9<\/em>, p. 19-28.<\/p>\n\n\n\n<p>BEECHING (A.). <em>Quelles maisons pour les N\u00e9olithiques m\u00e9ridionaux ? Les cas rhodaniens examin\u00e9s dans le contexte g\u00e9n\u00e9ral<\/em>, p. 29-61.<\/p>\n\n\n\n<p>M\u00dcLLER (A.). <em>Structures d\u2019habitat de la fin du N\u00e9olithique moyen \u00e0 la Ponchoni\u00e8re (Aubignosc, Alpes-de-Hautes-Provence)<\/em>, p. 63-70.<\/p>\n\n\n\n<p>GASSIN (B.). <em>La contribution de l\u2019analyse fonctionnelle des industries lithiques \u00e0 l\u2019interpr\u00e9tation du statut des sites n\u00e9olithiques. L\u2019exemple du Chass\u00e9en r\u00e9cent de la grotte de l\u2019Eglise sup\u00e9rieure<\/em>, p. 71-81.<\/p>\n\n\n\n<p>BOCQUET (A.). <em>Architecture du village n\u00e9olithique de Charavines (Is\u00e8re)<\/em>, p. 83-90.<\/p>\n\n\n\n<p>ESPEROU (J.-L.). <em>Les enceintes chalcolithiques du Languedoc central<\/em>, p. 91-100.<\/p>\n\n\n\n<p>BOCQUENET (J.-P.) et M\u00dcLLER (A.). <em>Structures d\u2019habitat \u00e9picampaniformes sur le site perch\u00e9 du Col Saint-Anne (Simiane-Collongue, Bouches-du-Rh\u00f4ne)<\/em>, p. 101-108.<\/p>\n\n\n\n<p>SORDOILLET (D.). <em>Fonction et am\u00e9nagement de la grotte du Gardon : approche micromorphologique<\/em>, p. 109-120.<\/p>\n\n\n\n<p>BILLAUD (Y.) et MARGUET (A.). <em>Mise en \u00e9vidence d\u2019une occupation littorale de l\u2019\u00e2ge du Bronze ancien dans les lacs alpins fran\u00e7ais : les Mongets (lac d\u2019Annecy, S\u00e9vrier, Haute-Savoie)<\/em>, p. 121-128.<\/p>\n\n\n\n<p>GASC\u00d3 (J.) et VIGNE (J.-D.). <em>Le Laouret (Floure, Aude), un hameau de la fin de l\u2019\u00e2ge du Bronze, et ses paysans chasseurs<\/em>, p. 129-140.<\/p>\n\n\n\n<p>BINTZ (P.) et ARGANT (J.). <em>Occupations territoriales du M\u00e9solithique au N\u00e9olithique ancien en Vercors et en Chartreuse (Is\u00e8re, Dr\u00f4me) : programme de prospection th\u00e9matique, de sondages palynologiques et premiers r\u00e9sultats<\/em>, p. 143-150.<\/p>\n\n\n\n<p>PELEGRIN (J.), RICHE (C.) et MALENFANT (M.). <em>Un projet collectif de recherche sur les ateliers n\u00e9olithiques du Vercors : premiers r\u00e9sultats<\/em>, p. 151-158.<\/p>\n\n\n\n<p>BRESSON (F.) et CRUB\u00c9ZY (E.). <em>Apport des chass\u00e9ens de Saint-Paul-Trois-Ch\u00e2teaux (Dr\u00f4me) et Mont\u00e9limar (site du Gournier, Dr\u00f4me) au probl\u00e8me de la caract\u00e9risation. Premiers r\u00e9sultats<\/em>, p. 159-166.<\/p>\n\n\n\n<p>LANFRANCHI (F. de). Le N\u00e9olithique moyen de la Corse : le Pr\u00e9sien, p. 167-176.<\/p>\n\n\n\n<p>LEMERCIER (O.) et M\u00dcLLER (A.). <em>Le site N\u00e9olithique final\/Chalcolithique de la Fare (Forcalquier, Alpes-de-Haute-Provence). Premiers r\u00e9sultats 1991-1993<\/em>, p. 177-183.<\/p>\n\n\n\n<p>RENAULT (S.). <em>L\u2019habitat en grotte du Mourre de la Barque (Jouques, Bouches-du-Rh\u00f4ne)<\/em>, p. 185-192.<\/p>\n\n\n\n<p>HAMEAU (P.) et DEGAUGUE (F.). <em>Le Plan Saint-Jean \u00e0 Brignoles (Var)<\/em>, p. 193-201.<\/p>\n\n\n\n<p>RIBE MONGE (G.), CLOP (X.), MOLIST MONTA\u00d1A (M.) et SA\u00d1A (M.). <em>Occupation et exploitation du territoire au N\u00e9olithique ancien et moyen en Catalogne (5500-3000 CAL BC)<\/em>, p. 203-212.<\/p>\n\n\n\n<p>DUMONTIER (P.). <em>Le dolmen sous tumulus n\u00b0 2 de Peyrecor \u00e0 Escout (Pyr\u00e9n\u00e9es-Atlantiques)<\/em>, p. 213-218.<\/p>\n\n\n\n<p>CONVERTINI (F.). <em>Cha\u00eenes op\u00e9ratoires et inclusions d\u2019origine anthropique de la c\u00e9ramique campaniforme des Calades (Orgon, Bouches-du-Rh\u00f4ne) : implications arch\u00e9ologiques<\/em>, p. 219-226.<\/p>\n\n\n\n<p>GAJ (G.). <em>Hypoth\u00e9tique four chalcolithique pour le grillage de minerais, dans les Alpes gr\u00e9es<\/em>, p. 227-230.<\/p>\n\n\n\n<p>FAGES (G.) et VACQUIER (J.). <em>Le tumulus de Devez Viel (Saint-Enimie, Loz\u00e8re)<\/em>, p. 231-236.<\/p>\n\n\n\n<p>COURTAUD (P.) et EBRARD (D.). <em>La grotte d\u2019Elzarreko Karbia (Pyr\u00e9n\u00e9es-Atlantiques) : un site fun\u00e9raire du Bronze ancien en Pays Basque<\/em>, p. 237-245.<\/p>\n\n\n\n<p>BERTONE (A.), CARANZANO (S.), MANO (L.) et ROSSI (P.). <em>R\u00e9vision du Bronze ancien dans le Pi\u00e9mont italien : influences du Bassin rhodanien<\/em>, p. 247-256.<\/p>\n\n\n\n<p>COURS (S.), DUDAY (H.) et VITAL (J.). <em>Une occupation du Bronze final 2 dans l\u2019Aven de la Boucle \u00e0 Corconne (Gard)<\/em>, p. 257-262.<\/p>\n\n\n\n<p>JANIN (T.), MARCHAND (G.) et POUPET (P.). <em>La n\u00e9cropole pr\u00e9historique du Moulin \u00e0 Mailhac (Aude) : acquis r\u00e9cents et perspectives nouvelles. Les fouilles de 1993<\/em>, p. 263-267.<\/p>\n\n\n\n<p>GUILLET (J.-P.), STAHL GRETSCH (L.I.), TREFFORT (J.-M.) et VORUZ (J.-L.). <em>Le site pr\u00e9historique de Saint-Alban \u00e0 Creys-Pusignieu (Is\u00e8re) : une belle stratigraphie du Bronze final IIIa au Halstatt ancien<\/em>, p. 269-286.<\/p>\n\n\n\n<p>CRUB\u00c9ZY (E.), LUDES (B.), MONTAGNON (D.) et MANGIN (P.). <em>ADN fossile, anthropologie et n\u00e9olithisation. Nouveaux programmes, nouveaux enjeux<\/em>, p. 287-293.<\/p>\n","protected":false},"excerpt":{"rendered":"<p>BEECHING (A.) et VITAL (J.) dir., 1999. Pr\u00e9histoire de l\u2019espace habit\u00e9 en France du Sud et actualit\u00e9 de la recherche. Rencontres M\u00e9ridionales de Pr\u00e9histoire R\u00e9cente, actes de la premi\u00e8re session, Valence (Dr\u00f4me), 3 et 4 juin 1994, Travaux du Centre d\u2019Arch\u00e9ologie Pr\u00e9historique de Valence, n\u00b0 1, Valence, 293 p. \u00c9puis\u00e9 Sommaire DETRAIN (L.) et TURQ [&hellip;]<\/p>\n","protected":false},"author":1421,"featured_media":0,"parent":20,"menu_order":0,"comment_status":"closed","ping_status":"closed","template":"","meta":{"footnotes":""},"class_list":["post-72","page","type-page","status-publish","hentry"],"_links":{"self":[{"href":"https:\/\/blogs.univ-tlse2.fr\/rmpr\/wp-json\/wp\/v2\/pages\/72","targetHints":{"allow":["GET"]}}],"collection":[{"href":"https:\/\/blogs.univ-tlse2.fr\/rmpr\/wp-json\/wp\/v2\/pages"}],"about":[{"href":"https:\/\/blogs.univ-tlse2.fr\/rmpr\/wp-json\/wp\/v2\/types\/page"}],"author":[{"embeddable":true,"href":"https:\/\/blogs.univ-tlse2.fr\/rmpr\/wp-json\/wp\/v2\/users\/1421"}],"replies":[{"embeddable":true,"href":"https:\/\/blogs.univ-tlse2.fr\/rmpr\/wp-json\/wp\/v2\/comments?post=72"}],"version-history":[{"count":2,"href":"https:\/\/blogs.univ-tlse2.fr\/rmpr\/wp-json\/wp\/v2\/pages\/72\/revisions"}],"predecessor-version":[{"id":147,"href":"https:\/\/blogs.univ-tlse2.fr\/rmpr\/wp-json\/wp\/v2\/pages\/72\/revisions\/147"}],"up":[{"embeddable":true,"href":"https:\/\/blogs.univ-tlse2.fr\/rmpr\/wp-json\/wp\/v2\/pages\/20"}],"wp:attachment":[{"href":"https:\/\/blogs.univ-tlse2.fr\/rmpr\/wp-json\/wp\/v2\/media?parent=72"}],"curies":[{"name":"wp","href":"https:\/\/api.w.org\/{rel}","templated":true}]}}