 {"id":78,"date":"2026-04-21T21:28:28","date_gmt":"2026-04-21T19:28:28","guid":{"rendered":"https:\/\/blogs.univ-tlse2.fr\/rmpr\/?page_id=78"},"modified":"2026-04-21T23:04:54","modified_gmt":"2026-04-21T21:04:54","slug":"rmpr-4-nimes-2000","status":"publish","type":"page","link":"https:\/\/blogs.univ-tlse2.fr\/rmpr\/publications\/rmpr-4-nimes-2000\/","title":{"rendered":"RMPR 4 \u2013 N\u00eemes 2000"},"content":{"rendered":"\n<figure class=\"wp-block-image size-full is-resized\"><img loading=\"lazy\" decoding=\"async\" width=\"100\" height=\"132\" src=\"https:\/\/blogs.univ-tlse2.fr\/rmpr\/files\/2026\/04\/RMPR_04.jpg\" alt=\"\" class=\"wp-image-119\" style=\"width:100px\" \/><\/figure>\n\n\n\n<h2 class=\"wp-block-heading\">GASC\u00d3 (J.), GUTHERZ (X.) &amp; de LABRIFFE (P.-A.) dir., 2003. Temps et espaces culturels du 6e au 2e mill\u00e9naire en France du Sud. Actualit\u00e9 de la recherche. Rencontres M\u00e9ridionales de Pr\u00e9histoire R\u00e9cente, actes de la quatri\u00e8me session, N\u00eemes (Gard), 28 et 29 octobre 2000. Monographie d\u2019Arch\u00e9ologie M\u00e9diterran\u00e9enne, n\u00b0 15, \u00e9d. Association pour le D\u00e9veloppement de l\u2019Arch\u00e9ologie en Languedoc-Roussillon, Lattes, 458 p.<\/h2>\n\n\n\n<p>\u00c9puis\u00e9<\/p>\n\n\n\n<h3 class=\"wp-block-heading\">Sommaire<\/h3>\n\n\n\n<p>KOWALEWSKA-MARSZALEK (H.). <em>La notion d\u2019espace et de territoire dans les soci\u00e9t\u00e9s nomades et agricoles du N\u00e9olithique europ\u00e9en : un exemple de l\u2019Europe Centrale<\/em>, p.11-20.<\/p>\n\n\n\n<p>BEECHING (A.) et BROCHIER (J.-L.). <em>Espace et temps de la Pr\u00e9histoire : biaisages et probl\u00e8mes de repr\u00e9sentation<\/em>, p.21-33.<\/p>\n\n\n\n<p>OBERLIN (C.). <em>Calibration des datations radiocarbone : le point sur la p\u00e9riode 6e-2e mill\u00e9naire avant J.C.<\/em>, p. 35-42.<\/p>\n\n\n\n<p>MANEN (C.). <em>Emergence, d\u00e9veloppement et \u00e9volution des styles c\u00e9ramiques du Languedoc-Roussillon au 6\u00e8me mill\u00e9naire avant notre \u00e8re<\/em>, p.43-42.<\/p>\n\n\n\n<p>PERRIN (T.). <em>Industries lithiques et groupes culturels dans le Haut bassin rhodanien au N\u00e9olithique ancien<\/em>, p.43-70.<\/p>\n\n\n\n<p>PAOLINI-SAEZ (H.) et TOZZI (C.). <em>La c\u00e9ramique du N\u00e9olithique ancien de la Corse et de la Toscane. Approche typo-chronologique<\/em>, p.71-82.<\/p>\n\n\n\n<p>S\u00c9N\u00c9PART (I.) et CONVERTINI (F.). <em>Essai de caract\u00e9risation des productions c\u00e9ramiques cardiales du Baratin \u00e0 Courth\u00e9zon (Vaucluse). Le r\u00f4le du d\u00e9graissant dans la d\u00e9finition temporelle et spatiale des groupes culturels<\/em>, p.83-97.<\/p>\n\n\n\n<p>GERNIGON (K.). <em>Dynamique culturelles au N\u00e9olithique moyen dans le Bassin aquitain : apport de la c\u00e9ramique de Roucadour<\/em>, p.99-104.<\/p>\n\n\n\n<p>FRAN\u00c7OIS (P.). <em>Le Bassin moyen de la Garonne et le \u201cmonde\u201d chass\u00e9en : identit\u00e9 et originalit\u00e9. Le cas de la c\u00e9ramique<\/em>, p.105-114.<\/p>\n\n\n\n<p>GEORJON (C.). <em>Chronologie, variabilit\u00e9 et ph\u00e9nom\u00e8nes de r\u00e9currence dans les corpus chass\u00e9ens de la basse vall\u00e9e du Lez (H\u00e9rault)<\/em>, p.115-134.<\/p>\n\n\n\n<p>BRIOIS (F.) et L\u00c9A (V.). <em>Productions lithiques autochtones et identit\u00e9 du Chass\u00e9en : l\u2019exemple de deux sites de la Vall\u00e9e du Lez (H\u00e9rault)<\/em>, p.135-142.<\/p>\n\n\n\n<p>BAILLY (M.). <em>Les industries lithiques taill\u00e9es en contexte domestique campaniforme : approche typologique entre Sa\u00f4ne et Rh\u00f4ne<\/em>, p.143-149.<\/p>\n\n\n\n<p>LEMERCIER (O.). <em>La p\u00e9riodisation du Campaniforme dans le Midi : Jean Guilaine avait raison<\/em>, p.151-160.<\/p>\n\n\n\n<p>FURESTIER (R.). <em>L\u2019industrie lithique campaniforme du Sud-Est de la France dans son contexte N\u00e9olithique final \/ Bronze ancien. Probl\u00e8mes d\u2019acculturation ?<\/em>, p.161-170.<\/p>\n\n\n\n<p>GUILAINE (J.), COULAROU (J.) et ESCALLON (G.). <em>Notions d\u2019espaces et questions de temps au Rocher-du-Causse (Claret, H\u00e9rault)<\/em>, p.171-177.<\/p>\n\n\n\n<p>GALANT (P.). <em>L\u2019aven de la Rouvi\u00e8re (Rogues, Gard) et les grottes citernes des Causses<\/em>, p.179-188.<\/p>\n\n\n\n<p>CARR\u00c8RE (I.) et FOREST (V.). <em>Les bovins du N\u00e9olithique moyen au Bronze ancien en Languedoc : \u00e9l\u00e9ments de r\u00e9flexion<\/em>, p.189-196.<\/p>\n\n\n\n<p>TCHEREMISSINOFF (Y.). <em>Modalit\u00e9s de \u00ab r\u00e9-individualisation \u00bb des s\u00e9pultures durant le Bronze ancien dans le bassin rhodanien<\/em>, p.197-203.<\/p>\n\n\n\n<p>GASC\u00d3 (J.). <em>Pavages spatiaux, finages et mod\u00e8les d\u2019acquisition du territoire<\/em>, p.204-216.<\/p>\n\n\n\n<p>PROD\u00c9O (F.). <em>La c\u00e9ramique des occupations du N\u00e9olithique final de \u00ab Combe N\u00e8gre \u00bb et \u00ab Combe Fages \u00bb \u00e0 Loupiac (Lot)<\/em>, p.219-234.<\/p>\n\n\n\n<p>VALDEYRON (N.), MARCHAIS (D.), P\u00c8NE (N.) et SERVELLE (C.). <em>Le gisement v\u00e9razien d\u2019En Guilhem \u00e0 Roquevidal (Tarn)<\/em>, p.235-242.<\/p>\n\n\n\n<p>BREUIL (J.-Y.), ESCALLON (G.), GEORJON (C.), GUTHERZ (X.), JALLOT (L.), LANCELOT (S.), LANDIER (G.) et L\u00c9A (V.). <em>Le territoire n\u00eemois au N\u00e9olithique. Premier bilan des travaux du groupe N\u00e9olithique au sein du PCR \u00ab Espace rural et occupation du sol de la r\u00e9gion n\u00eemoise de la Pr\u00e9histoire r\u00e9cente \u00e0 l\u2019Epoque moderne \u00bb<\/em>, p.243-262.<\/p>\n\n\n\n<p>DURRENMATH (G.). <em>Les occupations du Collet-Redon (Martigues, Bouches-du-Rh\u00f4ne) : l\u2019enceinte de l\u2019\u00e2ge du Bronze<\/em>, p.263-269.<\/p>\n\n\n\n<p>MARGARIT (X.), DURRENMATH (G.), LUZI (C.), FURESTIER (R.) et GILABERT (C.). <em>L\u2019habitat N\u00e9olithique final de Martigues \u00ab Ponteau-Gare \u00bb (Bouches-du-Rh\u00f4ne) : r\u00e9sultats pr\u00e9liminaires et perspectives d\u2019\u00e9tude<\/em>, p.271-278.<\/p>\n\n\n\n<p>HASLER (A.), FURESTIER (R.) et CHEVILLOT (P.). <em>Les occupations n\u00e9olithiques de la Petite Bastide \u00e0 Bouc-Bel-Air (Bouches-du-Rh\u00f4ne)<\/em>, p.279-292.<\/p>\n\n\n\n<p>BINDER (D.). <em>Consid\u00e9rations pr\u00e9liminaires sur le N\u00e9olithique final de l\u2019abri de Pendimoun (Castellar, Alpes Maritimes)<\/em>, p.293-298.<\/p>\n\n\n\n<p>MONTJARDIN (R.), ROUQUETTE (D.) et . Le site chalcolithique fossoy\u00e9 du Puech Badieu (M\u00e8ze, H\u00e9rault) et son \u00e9volution, p.298-310.<\/p>\n\n\n\n<p>CAROZZA (L.) et VIGNAUD (A.) et coll. Les enceintes du N\u00e9olithique final et du Chalcolithique du Puech-Haut (Paulhan, H\u00e9rault) : r\u00e9sultats pr\u00e9liminaires, p.311-318.<\/p>\n\n\n\n<p>VAQUER (J.), GANDELIN (M.) et MARSAC (R.). <em>L\u2019enceinte du N\u00e9olithique final de Mourral, Tr\u00e8bes (Aude)<\/em>, p.319-326.<\/p>\n\n\n\n<p>BAZILE (F.), ESCALLON (G.) et PISKORZ (M.) et coll. Pr\u00e9histoire r\u00e9cente de la Costi\u00e8re M\u00e9ridionale. Acquis r\u00e9cents, p.327-334.<\/p>\n\n\n\n<p>SAUZADE (G.), BUISSON-CATIL (J.) et BIZOT (B.). <em>Le dolmen de l\u2019Ubac et son environnement imm\u00e9diat (Goult, Vaucluse)<\/em>, p.335-346.<\/p>\n\n\n\n<p>COURTAUD (P.) et FAGES (G.). <em>La s\u00e9pulture collective sous-abri du Sot de la Lavogne (Causse M\u00e9jean, Loz\u00e8re)<\/em>, p.347-356.<\/p>\n\n\n\n<p>D\u2019ANNA (A.), MARCHESI (H.), PINET (L.), TRAMONI (P.) et GUENDON (J.-L.). <em>Les alignements m\u00e9galithiques de Renghju dans leur contexte du plateau de Cauria (Sart\u00e8ne, Corse-du-Sud)<\/em>, p.357-368.<\/p>\n\n\n\n<p>LEROY (F.), BOUBY (L.) et GUIBAL (F.). <em>Les gisements protohistoriques de l\u2019\u00e9tang de Thau (H\u00e9rault)<\/em>, p.369-376.<\/p>\n\n\n\n<p>MORIN (A.) et PELLETIER (D.) et coll. L\u2019abri n\u00b01 de l\u2019Aulp-du-Seuil (Saint-Bernard-du-Touvet, Is\u00e8re) : premi\u00e8res donn\u00e9es sur le N\u00e9olithique final \u2013 Campaniforme d\u2019un site d\u2019altitude, p.377-386.<\/p>\n\n\n\n<p>AMIEL (C.) et JEDIKIAN (G.). <em>Aspect de la c\u00e9ramique du Chass\u00e9en ancien en Languedoc Occidental : l\u2019exemple du site d\u2019Encombres \u00e0 Quarante (H\u00e9rault)<\/em>, p.389-392.<\/p>\n\n\n\n<p>GAILLARD (A.). <em>Le site d\u2019Auriac-Golf \u00e0 Carcassonne (Aude) : une aire d\u2019ensilage du Chass\u00e9en ancien<\/em>, p.393-396.<\/p>\n\n\n\n<p>VIGNAUD (A.). <em>Les Jardins de Vert Parc (Castelnau-le-Lez, H\u00e9rault) : un habitat n\u00e9olithique moyen de la culture chass\u00e9enne<\/em>, p.397-400.<\/p>\n\n\n\n<p>GASSIN (B.), LUZI (C.) et BEVILACQUA (R.). <em>Stratigraphie et datations des occupations n\u00e9olithiques du site de l\u2019usine Chiris (Grasse, 06) : une contribution \u00e0 la chronologie du Chass\u00e9en proven\u00e7al<\/em>, p.401-407.<\/p>\n\n\n\n<p>JALLOT (L.). <em>L\u2019architecture \u00e0 mottes de terre crue de l\u2019habitat n\u00e9olithique de la Capouli\u00e8re II (Mauguio, H\u00e9rault) \u2013 fouilles 2000<\/em>, p.408-423.<\/p>\n\n\n\n<p>JALLOT (L.), ALESSANDRI (P.) et HUSER (A.). <em>Les am\u00e9nagements souterrains fontbuxiens du site de plein air de la Baraquette (V\u00e9zenobres, Gard)<\/em>, p.424-442.<\/p>\n\n\n\n<p>MARTZLUFF (M.) et PEZIN (A.). <em>L\u2019occupation n\u00e9olithique de l\u2019Aspre del Paradis \u00e0 Corneilla-del-Vercol (Pyr\u00e9n\u00e9es-Orientales) dans son contexte arch\u00e9ologique<\/em>, p.443-442.<\/p>\n\n\n\n<p>LEMERCIER (O.), CONVERTINI (F.), D\u2019ANNA (A.), DURRENMATH (G.), GILABERT (C.), LAZARD (N.), MARGARIT (X.), PROVENZANO (N.), PELLISSIER (M.) et RENAULT (S.). <em>Le Courronnien en Basse-Provence occidentale. Etat des connaissances et nouvelles perspectives de recherches. Objectifs et premiers r\u00e9sultats 1998-2000 d\u2019un Projet Collectif de Recherche<\/em>, p.447-451.<\/p>\n\n\n\n<p>MILANINI (J.-L.). <em>Quelques exemples de d\u00e9pe\u00e7age du corps hum<\/em><\/p>\n","protected":false},"excerpt":{"rendered":"<p>GASC\u00d3 (J.), GUTHERZ (X.) &amp; de LABRIFFE (P.-A.) dir., 2003. Temps et espaces culturels du 6e au 2e mill\u00e9naire en France du Sud. Actualit\u00e9 de la recherche. Rencontres M\u00e9ridionales de Pr\u00e9histoire R\u00e9cente, actes de la quatri\u00e8me session, N\u00eemes (Gard), 28 et 29 octobre 2000. Monographie d\u2019Arch\u00e9ologie M\u00e9diterran\u00e9enne, n\u00b0 15, \u00e9d. Association pour le D\u00e9veloppement de [&hellip;]<\/p>\n","protected":false},"author":1421,"featured_media":0,"parent":20,"menu_order":0,"comment_status":"closed","ping_status":"closed","template":"","meta":{"footnotes":""},"class_list":["post-78","page","type-page","status-publish","hentry"],"_links":{"self":[{"href":"https:\/\/blogs.univ-tlse2.fr\/rmpr\/wp-json\/wp\/v2\/pages\/78","targetHints":{"allow":["GET"]}}],"collection":[{"href":"https:\/\/blogs.univ-tlse2.fr\/rmpr\/wp-json\/wp\/v2\/pages"}],"about":[{"href":"https:\/\/blogs.univ-tlse2.fr\/rmpr\/wp-json\/wp\/v2\/types\/page"}],"author":[{"embeddable":true,"href":"https:\/\/blogs.univ-tlse2.fr\/rmpr\/wp-json\/wp\/v2\/users\/1421"}],"replies":[{"embeddable":true,"href":"https:\/\/blogs.univ-tlse2.fr\/rmpr\/wp-json\/wp\/v2\/comments?post=78"}],"version-history":[{"count":2,"href":"https:\/\/blogs.univ-tlse2.fr\/rmpr\/wp-json\/wp\/v2\/pages\/78\/revisions"}],"predecessor-version":[{"id":150,"href":"https:\/\/blogs.univ-tlse2.fr\/rmpr\/wp-json\/wp\/v2\/pages\/78\/revisions\/150"}],"up":[{"embeddable":true,"href":"https:\/\/blogs.univ-tlse2.fr\/rmpr\/wp-json\/wp\/v2\/pages\/20"}],"wp:attachment":[{"href":"https:\/\/blogs.univ-tlse2.fr\/rmpr\/wp-json\/wp\/v2\/media?parent=78"}],"curies":[{"name":"wp","href":"https:\/\/api.w.org\/{rel}","templated":true}]}}