 {"id":82,"date":"2026-04-21T21:30:02","date_gmt":"2026-04-21T19:30:02","guid":{"rendered":"https:\/\/blogs.univ-tlse2.fr\/rmpr\/?page_id=82"},"modified":"2026-04-21T23:06:31","modified_gmt":"2026-04-21T21:06:31","slug":"rmpr-6-perigueux-2004","status":"publish","type":"page","link":"https:\/\/blogs.univ-tlse2.fr\/rmpr\/publications\/rmpr-6-perigueux-2004\/","title":{"rendered":"RMPR 6 \u2013 P\u00e9rigueux 2004"},"content":{"rendered":"\n<figure class=\"wp-block-image size-full is-resized\"><img loading=\"lazy\" decoding=\"async\" width=\"100\" height=\"144\" src=\"https:\/\/blogs.univ-tlse2.fr\/rmpr\/files\/2026\/04\/RMPR_06-2.jpg\" alt=\"\" class=\"wp-image-117\" style=\"width:100px\" \/><\/figure>\n\n\n\n<h2 class=\"wp-block-heading\">FOU\u00c9R\u00c9 (P.), CHEVILLOT (C.), COURTAUD (P.), FERULLO (O.) et LEROYER (C.) dir., 2007. Paysages et peuplement. Aspects culturels et chronologiques en France m\u00e9ridionale. Actualit\u00e9 de la recherche. Rencontres M\u00e9ridionales de Pr\u00e9histoire R\u00e9cente, actes de la sixi\u00e8me session, P\u00e9rigueux (Dordogne), 14 et 16 octobre 2004. ADRAHP et Pr\u00e9histoire du Sud-Ouest, P\u00e9rigueux, 568 p.<\/h2>\n\n\n\n<h3 class=\"wp-block-heading\">Sommaire<\/h3>\n\n\n\n<h4 class=\"wp-block-heading\">Pal\u00e9oenvironnements et implantations<\/h4>\n\n\n\n<p>TR\u00c9MENT (F.), LOISON (G.), ARGANT (J.), BR\u00c9H\u00c9RET (J.-G.), CABANIS (M.), DOUSTEYSSIER (B.), FOURMONT (A.), FOURNIER (G.), LIABEUF (R.) et L\u00d3PEZ S\u00c1EZ (J.A.) et al. <em>Interactions soci\u00e9t\u00e9s-milieux en Grande Limagne du N\u00e9olithique \u00e0 l\u2019\u00e9poque romaine. Apport des recherches interdisciplinaires conduites dans le bassin de Sarli\u00e8ve (Puy-de-D\u00f4me)<\/em>, p.11-32.<\/p>\n\n\n\n<p>LEROYER (C.), FOU\u00c9R\u00c9 (P.), REYNET (J.-M.), TIXIER (C.) et ALLENET (G.). <em>Evolution climatique et impact anthropique durant le Tardiglaciaire et l\u2019Holoc\u00e8ne dans le bassin de la Dronne (P\u00e9rigord)<\/em>, p.33-54.<\/p>\n\n\n\n<p>COQUILLAS (D.), DIOT (M.-F.), CLAV\u00c9 (B.) et TASTET (J.-P.). <em>L\u2019homme dans les paysages c\u00f4tiers du Nord M\u00e9doc (Gironde) entre N\u00e9olithique et \u00e2ge du Fer<\/em>, p.55-70.<\/p>\n\n\n\n<p>LEROYER (C.), ALLENET (G.), KONIK (S.), GUITTON (V.), CARBONEL (P.), CHUNIAUD (K.), CLAV\u00c9 (B.), GERBER (F.), GUIHOU (A.) et SIREIX (C.). <em>Environnement et anthropisation du site de Bordeaux durant la Pr\u00e9histoire r\u00e9cente et la Protohistoire : le sondage carott\u00e9 SC2 du \u201cCours du Chapeau Rouge\u201d<\/em>, p.71-82.<\/p>\n\n\n\n<p>WAINWRIGHT (J.), MULLER (C.) et GASC\u00d3 (J.). <em>Vers une compr\u00e9hension du paysage du Causse de Gramat (Lot) et du peuplement de Roucadour depuis le N\u00e9olithique<\/em>, p.83-98.<\/p>\n\n\n\n<p>BOB\u0152UF (M.). <em>Stations m\u00e9solithiques de plein air sur la \u201cmontagne\u201d d\u2019Aubrac (Aveyron). Implantation, insertion dans le contexte r\u00e9gional et exploitation des espaces r\u00e9gionaux<\/em>, p.99-112.<\/p>\n\n\n\n<p>DELAUNAY (G.), OLLIVIER (V.), M\u00dcLLER (A.), MARTIN (S.), GUENDON (J.-L.), BLAISE (E.), BOURNE (S.), GILABERT (C.) et PELLICIER (M.). <em>Le site N\u00e9olithique final du Verger (le Mirail, Peypn-d\u2019Aigues, Vaucluse) : une occupation en contexte travertineux. R\u00e9sultats des \u00e9tudes pal\u00e9oenvironnementales et du sondage arch\u00e9ologique 2003<\/em>, p.113-124.<\/p>\n\n\n\n<p>CAULIEZ (J.), BLAISE (E.), DESSE-BERSET (N.), DESSE (J.), CADE (C.), DURRENMATH (G.), GILABERT (C.), MARTIN (S.) et VELLA (C.). <em>Paysage et implantations du N\u00e9olithique final \u00e0 l\u2019\u00e2ge du Bronze ancien au Collet-Redon (Martigues, Bouches-du-Rh\u00f4ne)<\/em>, p.125-140.<\/p>\n\n\n\n<h4 class=\"wp-block-heading\">Traditions fun\u00e9raires<\/h4>\n\n\n\n<p>CHAMBON (P.), AUGEREAU (A.), BONNARDIN (S.), MEUNIER (K.) et THIOL (S.) et coll. Une n\u00e9cropole chass\u00e9enne \u00e0 Mon\u00e9teau (Yonne), p.143-162.<\/p>\n\n\n\n<p>SOURIS (L. de). Le Trou Amiault (Charente) : une s\u00e9pulture collective du N\u00e9olithique moyen en grotte. Premiers r\u00e9sultats, p.163-170.<\/p>\n\n\n\n<p>HASLER (A.) et NORET (C.). <em>Habitats et structures fun\u00e9raires n\u00e9olithiques sur le trac\u00e9 du cadereau d\u2019Al\u00e8s \u00e0 N\u00eemes (Gard) : premiers r\u00e9sultat<\/em>, p.171-190.<\/p>\n\n\n\n<p>COURTAUD (P.), DUMONTIER (P.), FERRIER (C.) et HILD (G.). <em>La grotte s\u00e9pulcrale de Droundak (Pyr\u00e9n\u00e9es-Atlantiques). Note pr\u00e9liminaire<\/em>, p.191-210.<\/p>\n\n\n\n<h4 class=\"wp-block-heading\">Identit\u00e9s culturelles<\/h4>\n\n\n\n<p>MARCHAND (G.) et MANEN (C.). <em>Le r\u00f4le du N\u00e9olithique ancien m\u00e9diterran\u00e9en dans la n\u00e9olithisation de l\u2019Europe atlantique<\/em>, p.213-232.<\/p>\n\n\n\n<p>MANEN (C.), CONVERTINI (F.), BINDER (D.), BEECHING (A.), BRIOIS (F.), BRUXELLES (L.), GUILAINE (J.) et S\u00c9N\u00c9PART (I.). <em>Premiers r\u00e9sultats du projet ACR \u00abProductions c\u00e9ramiques des premi\u00e8res soci\u00e9t\u00e9s paysannes\u00bb. L\u2019exemple des faci\u00e8s impressa du Sud de la France<\/em>, p.233-246.<\/p>\n\n\n\n<p>GERNIGON (K.). <em>Le Chass\u00e9en en Quercy : chronologie, style et taxonomie<\/em>, p.247-256.<\/p>\n\n\n\n<p>VITAL (J.). <em>Les fouilles 1981-1987 dans la grotte de la Chauve-Souris \u00e0 Donz\u00e8re (Dr\u00f4me) : vis\u00e9es initiales, probl\u00e9matiques actuelles, premi\u00e8res caract\u00e9risations chrono-culturelles, implications pour le Sud-Est de la France et le domaine circum-alpin<\/em>, p.257-292.<\/p>\n\n\n\n<p>GELLIBERT (B.) et MERLET (J.-C.). <em>La c\u00e9ramique des habitats du Campaniforme dans le bassin moyen de l\u2019Adour (Landes)<\/em>, p.293-304.<\/p>\n\n\n\n<p>RANCH\u00c9 (C.), GOMEZ DE SOTO (J.), MILLARD (N.), BOURGUEIL (B.), LOISELLIER (L.) et MIAILHE (V.). <em>Les Champs Battazards \u00e0 Jarnac (Charente). Apport \u00e0 la typo-chronologie c\u00e9ramique du Bronze ancien du Centre-Ouest<\/em>, p.305-318.<\/p>\n\n\n\n<p>LAGARDE (C.) et PERNOT (M.). <em>Etude de quelques objets en alliages \u00e0 base de cuivre du d\u00e9p\u00f4t du Bronze final de V\u00e9nat (Charente)<\/em>, p.319-328.<\/p>\n\n\n\n<h4 class=\"wp-block-heading\">\u00c9conomie des ressources naturelles et vivri\u00e8res<\/h4>\n\n\n\n<p>WELLER (O.). <em>Premi\u00e8re exploitation de sel minier en Europe : une montagne de sel en Catalogne au N\u00e9olithique moyen<\/em>, p.331-338.<\/p>\n\n\n\n<p>AMEZIANE-FEDERZONI (N.). <em>Diffusion de la rhyolite au N\u00e9olithique ancien et moyen dans le Nord de la Corse : premiers r\u00e9sultats<\/em>, p.339-346.<\/p>\n\n\n\n<p>VAQUER (J.), VERG\u00c9LY (H.), GANDELIN (M.), BRESSY (C.), BELLOT-GURLET (L.) et PLISSON (H.). <em>Place et r\u00f4le des composantes allochtones dans les industries lithiques taill\u00e9es du site de Mourral (Tr\u00e8bes, Aude)<\/em>, p.347-364.<\/p>\n\n\n\n<p>CASAGRANDE (F.), MALATRAY (M.) et PROD\u00c9O (F.). <em>L\u2019exploitation du silex bergeracois au N\u00e9olithique. Premiers r\u00e9sultats du PCR : modalit\u00e9s d\u2019acquisition de la roche<\/em>, p.365-382.<\/p>\n\n\n\n<p>FOU\u00c9R\u00c9 (P.). <em>La production des haches en silex bergeracois : exemples d\u2019une cha\u00eene de fa\u00e7onnage segment\u00e9e dans le temps et l\u2019espace pour le N\u00e9olithique r\u00e9cent-final<\/em>, p.383-392.<\/p>\n\n\n\n<p>GUYODO (J.-L.). <em>Pr\u00e9m\u00e9diter l\u2019accident Siret et provoquer le r\u00e9fl\u00e9chissement : une cha\u00eene op\u00e9ratoire sp\u00e9cifique pour la fabrication de per\u00e7oirs sur l\u2019atelier de production de parures en coquillage n\u00e9olithique final de Ponthezi\u00e8res (Saint-Georges-d\u2019Ol\u00e9ron, Charentes-Maritime)<\/em>, p.393-406.<\/p>\n\n\n\n<p>DIAS-MEIRINHO (M.-H.). <em>De l\u2019utilisation du silex de Chalosse (Landes) par les Campaniformes<\/em>, p.407-414.<\/p>\n\n\n\n<p>PAOLINI-SAEZ (H.), OTTAVIANI-SPELLA (M.-M.) et BERLINGHI (A.). <em>Utilisation de mati\u00e8re premi\u00e8re atypique pour certaines c\u00e9ramiques corses du Ve mill\u00e9naire<\/em>, p.415-432.<\/p>\n\n\n\n<p>BLAISE (E.). <em>La gestion des troupeaux au N\u00e9olithique final en Provence : l\u2019exemple du Couronnien<\/em>, p.433-442.<\/p>\n\n\n\n<h4 class=\"wp-block-heading\">Actualit\u00e9s<\/h4>\n\n\n\n<p>DETRAIN (L.), TURQ (A.) et VIGIER (S.). <em>Une occupation sauveterrienne en abri-sous-roche : le Roc Allan (Sauveterre-la-L\u00e9mance, Lot-et-Garonne)<\/em>, p.445-454.<\/p>\n\n\n\n<p>D\u2019ANNA (A.), GUENDON (J.-L.), ORSINI (J.-B.), PINET (L.) et TRAMONI (P.). <em>Nouvelles recherches sur les alignements m\u00e9galithiques d\u2019I Stantari (Sart\u00e8ne, Corse-du-Sud)<\/em>, p.455-472.<\/p>\n\n\n\n<p>LEMERCIER (O.), BLAISE (E.), CAULIEZ (J.), FURESTIER (R.), GALLIN (A.), GILABERT (C.), GUENDON (J.-L.), LAZARD (N.), PELLISSIER (M.) et PIATSCHECK (C.). <em>Le site N\u00e9olithique final de la Bastide Blanche (Peyrolles-en-Provence, Bouches-du-Rh\u00f4ne). Premiers r\u00e9sultats 2003-2004<\/em>, p.473-488.<\/p>\n\n\n\n<p>CAULIEZ (J.), MARTIN (L.), RODET-BELARBI (I.) et SARGIANO (J.-P.). <em>Une occupation du N\u00e9olithique final \u00e0 Saint-Maximin (Var), le site du Chemin d\u2019Aix<\/em>, p.489-498.<\/p>\n\n\n\n<p>CORDIER (F.), 2007. T\u00e9moignages extra-domestiques des implantations protohistoriques et n\u00e9olithiques de Sinard Blachette Nord (Is\u00e8re), p.499-520.<\/p>\n\n\n\n<p>VERGNAUD (L.) et FOU\u00c9R\u00c9 (P.). <em>Le site de \u00ab La Tuilerie Est \u00bb \u00e0 Cavignac (Gironde). T\u00e9moignage d\u2019un petit b\u00e2timent artenacien ?<\/em>, p.521-546.<\/p>\n\n\n\n<p>OZANNE (J.-C.). <em>Deux vastes habitats de plein air en contexte alpin du d\u00e9but du Bronze final \u00e0 Sinard (Is\u00e8re). Premiers r\u00e9sultats<\/em>, p.547-560.<\/p>\n","protected":false},"excerpt":{"rendered":"<p>FOU\u00c9R\u00c9 (P.), CHEVILLOT (C.), COURTAUD (P.), FERULLO (O.) et LEROYER (C.) dir., 2007. Paysages et peuplement. Aspects culturels et chronologiques en France m\u00e9ridionale. Actualit\u00e9 de la recherche. Rencontres M\u00e9ridionales de Pr\u00e9histoire R\u00e9cente, actes de la sixi\u00e8me session, P\u00e9rigueux (Dordogne), 14 et 16 octobre 2004. ADRAHP et Pr\u00e9histoire du Sud-Ouest, P\u00e9rigueux, 568 p. Sommaire Pal\u00e9oenvironnements et [&hellip;]<\/p>\n","protected":false},"author":1421,"featured_media":0,"parent":20,"menu_order":0,"comment_status":"closed","ping_status":"closed","template":"","meta":{"footnotes":""},"class_list":["post-82","page","type-page","status-publish","hentry"],"_links":{"self":[{"href":"https:\/\/blogs.univ-tlse2.fr\/rmpr\/wp-json\/wp\/v2\/pages\/82","targetHints":{"allow":["GET"]}}],"collection":[{"href":"https:\/\/blogs.univ-tlse2.fr\/rmpr\/wp-json\/wp\/v2\/pages"}],"about":[{"href":"https:\/\/blogs.univ-tlse2.fr\/rmpr\/wp-json\/wp\/v2\/types\/page"}],"author":[{"embeddable":true,"href":"https:\/\/blogs.univ-tlse2.fr\/rmpr\/wp-json\/wp\/v2\/users\/1421"}],"replies":[{"embeddable":true,"href":"https:\/\/blogs.univ-tlse2.fr\/rmpr\/wp-json\/wp\/v2\/comments?post=82"}],"version-history":[{"count":2,"href":"https:\/\/blogs.univ-tlse2.fr\/rmpr\/wp-json\/wp\/v2\/pages\/82\/revisions"}],"predecessor-version":[{"id":152,"href":"https:\/\/blogs.univ-tlse2.fr\/rmpr\/wp-json\/wp\/v2\/pages\/82\/revisions\/152"}],"up":[{"embeddable":true,"href":"https:\/\/blogs.univ-tlse2.fr\/rmpr\/wp-json\/wp\/v2\/pages\/20"}],"wp:attachment":[{"href":"https:\/\/blogs.univ-tlse2.fr\/rmpr\/wp-json\/wp\/v2\/media?parent=82"}],"curies":[{"name":"wp","href":"https:\/\/api.w.org\/{rel}","templated":true}]}}